{"id":7014,"date":"2024-08-13T10:50:09","date_gmt":"2024-08-13T08:50:09","guid":{"rendered":"https:\/\/camping-del-mar.com\/accueil\/"},"modified":"2025-01-13T15:00:06","modified_gmt":"2025-01-13T14:00:06","slug":"home","status":"publish","type":"page","link":"https:\/\/camping-del-mar.com\/nl\/","title":{"rendered":"Home"},"content":{"rendered":"\n<div class=\"wp-block-cover alignfull is-light gt-reveal gt-first-cover-video\" style=\"margin-top:0;margin-bottom:0;padding-right:0;padding-left:0;min-height:1206px;aspect-ratio:unset;\"><span aria-hidden=\"true\" class=\"wp-block-cover__background has-background-dim-0 has-background-dim\"><\/span><video class=\"wp-block-cover__video-background intrinsic-ignore\" playsInline autoPlay muted loop playsinline src=\"https:\/\/camping-del-mar.com\/wp-content\/uploads\/sites\/2\/2024\/11\/\ud83c\udfd5\ufe0f-bienvenue-sur-la-chaine-youtube-du-camping-del-mar-a-argeles-sur-mer-\ud83c\udf05.mp4\" data-object-fit=\"cover\"><\/video><div class=\"wp-block-cover__inner-container has-global-padding is-layout-constrained wp-container-core-cover-is-layout-1 wp-block-cover-is-layout-constrained\">\n<figure class=\"wp-block-image aligncenter size-full is-resized gt-logo wp-duotone-ffffff-ffffff-1\"><a href=\"https:\/\/camping-del-mar.com\/nl\/\"><img data-dominant-color=\"fffefe\" data-has-transparency=\"true\" decoding=\"async\" width=\"501\" height=\"500\" src=\"https:\/\/camping-del-mar.com\/wp-content\/uploads\/sites\/2\/2024\/11\/logosanschiffre.png\" alt=\"logo camping del mar\" class=\"wp-image-5619 has-transparency\" style=\"--dominant-color: #fffefe; width:250px\" srcset=\"https:\/\/camping-del-mar.com\/wp-content\/uploads\/sites\/2\/2024\/11\/logosanschiffre.png 501w, https:\/\/camping-del-mar.com\/wp-content\/uploads\/sites\/2\/2024\/11\/logosanschiffre-300x300.png 300w, https:\/\/camping-del-mar.com\/wp-content\/uploads\/sites\/2\/2024\/11\/logosanschiffre-150x150.png 150w, https:\/\/camping-del-mar.com\/wp-content\/uploads\/sites\/2\/2024\/11\/logosanschiffre-400x400.png 400w\" sizes=\"(max-width: 501px) 100vw, 501px\" \/><\/a><\/figure>\n\n\n\n<div class=\"wp-block-columns alignfull is-layout-flex wp-container-core-columns-is-layout-1 wp-block-columns-is-layout-flex\" style=\"margin-top:var(--wp--preset--spacing--60);margin-bottom:var(--wp--preset--spacing--60);padding-top:0;padding-bottom:0\">\n<div class=\"wp-block-column is-layout-flow wp-block-column-is-layout-flow\" style=\"padding-right:0;padding-left:0;flex-basis:490px\">\n<div class=\"wp-block-group gt-socials is-vertical is-content-justification-left is-layout-flex wp-container-core-group-is-layout-1 wp-block-group-is-layout-flex\" style=\"padding-right:var(--wp--preset--spacing--20);padding-left:var(--wp--preset--spacing--20)\">\n<figure class=\"wp-block-image size-full is-resized wp-duotone-rgb255255255-ccc-2\"><a href=\"tel:+33468811038\"><img decoding=\"async\" src=\"https:\/\/camping-del-mar.com\/wp-content\/uploads\/sites\/2\/2024\/08\/telephone-delmar.svg\" alt=\"telefoon delmar\" class=\"wp-image-74\" style=\"width:41px\"\/><\/a><\/figure>\n\n\n\n<figure class=\"wp-block-image size-full is-resized wp-duotone-rgb255255255-ccc-3\"><a href=\"https:\/\/camping-del-mar.com\/nl\/contact-en-toegang-argeles-sur-mer\/\"><img decoding=\"async\" width=\"512\" height=\"512\" src=\"https:\/\/camping-del-mar.com\/wp-content\/uploads\/sites\/2\/2024\/08\/email-delmar.svg\" alt=\"e-mail delmar\" class=\"wp-image-76\" style=\"width:41px\"\/><\/a><\/figure>\n\n\n\n<figure class=\"wp-block-image size-full is-resized wp-duotone-rgb255255255-ccc-4\"><a href=\"https:\/\/fr-fr.facebook.com\/Camping.VillageDelMar\/\" target=\"_blank\" rel=\"noreferrer noopener\"><img decoding=\"async\" width=\"512\" height=\"512\" src=\"https:\/\/camping-del-mar.com\/wp-content\/uploads\/sites\/2\/2024\/08\/facebook-delmar.svg\" alt=\"facebook delmar\" class=\"wp-image-78\" style=\"width:41px\"\/><\/a><\/figure>\n\n\n\n<figure class=\"wp-block-image size-full is-resized wp-duotone-rgb255255255-ccc-5\"><a href=\"https:\/\/www.instagram.com\/del_mar_village\/\" target=\"_blank\" rel=\"noreferrer noopener\"><img decoding=\"async\" width=\"512\" height=\"512\" src=\"https:\/\/camping-del-mar.com\/wp-content\/uploads\/sites\/2\/2024\/08\/instagram-delmar.svg\" alt=\"instagram delmar\" class=\"wp-image-80\" style=\"width:41px\"\/><\/a><\/figure>\n<\/div>\n<\/div>\n\n\n\n<div class=\"wp-block-column is-vertically-aligned-center is-layout-flow wp-block-column-is-layout-flow\" style=\"flex-basis:100%\">\n<div class=\"wp-block-group gt-fade-in gt-hide-mobile is-layout-flow wp-block-group-is-layout-flow\">\n<div class=\"wp-block-group gt-anim-split-parent has-base-color has-text-color has-link-color has-sogo-font-family wp-elements-3097749e6e1351ba847765d8ee2d40bc is-vertical is-content-justification-center is-layout-flex wp-container-core-group-is-layout-2 wp-block-group-is-layout-flex\" style=\"font-size:clamp(3.426rem, 3.426rem + ((1vw - 0.2rem) * 5.957), 7rem);\">\n<p class=\"has-text-align-center gt-anim-split-child\" style=\"line-height:1\">Vakantie in <\/p>\n\n\n\n<p class=\"has-text-align-center gt-anim-split-child has-sogo-font-family\" style=\"font-style:normal;font-weight:500;line-height:1\"><strong>kust<\/strong><\/p>\n<\/div>\n<\/div>\n<\/div>\n\n\n\n<div class=\"wp-block-column is-vertically-aligned-bottom is-layout-flow wp-block-column-is-layout-flow\" style=\"padding-top:0;flex-basis:490px\">\n<div class=\"wp-block-buttons is-content-justification-right is-layout-flex wp-container-core-buttons-is-layout-1 wp-block-buttons-is-layout-flex\" style=\"margin-top:0;margin-bottom:0;padding-bottom:10vh\">\n<div class=\"wp-block-button has-custom-font-size gt-resa-btn has-sogo-font-family\" style=\"font-size:clamp(0.875rem, 0.875rem + ((1vw - 0.2rem) * 0.708), 1.3rem);font-style:normal;font-weight:500;text-transform:uppercase\"><a class=\"wp-block-button__link has-accent-background-color has-background wp-element-button\" style=\"border-top-left-radius:2rem;border-bottom-left-radius:2rem;padding-top:1.2rem;padding-right:var(--wp--preset--spacing--40);padding-bottom:1.2rem;padding-left:var(--wp--preset--spacing--40)\">Reserveringen<\/a><\/div>\n<\/div>\n<\/div>\n<\/div>\n<\/div><\/div>\n\n<div style=\"height:4rem\" aria-hidden=\"true\" class=\"wp-block-spacer\"><\/div>\n\n<div class=\"wp-block-group alignfull gt-reveal has-global-padding is-layout-constrained wp-container-core-group-is-layout-9 wp-block-group-is-layout-constrained\">\n<div class=\"wp-block-group alignwide animated fadeIn slower is-layout-flow wp-block-group-is-layout-flow\" style=\"margin-top:0;margin-bottom:-33px;padding-right:0;padding-left:0\">\n<p class=\"gt-sliding-text has-contrast-3-color has-text-color has-link-color has-sogo-font-family wp-elements-fe5ef0b84e2de73969abb653c2f9e9fe\" style=\"margin-top:0;margin-right:0;margin-bottom:0;margin-left:0;font-size:7vw;font-style:normal;font-weight:300;line-height:1;text-transform:uppercase\">JE VERHAAL SCHRIJVEN<\/p>\n<\/div>\n\n\n\n<div class=\"wp-block-group alignwide gt-break-mobile is-nowrap is-layout-flex wp-container-core-group-is-layout-8 wp-block-group-is-layout-flex\">\n<div class=\"wp-block-group is-layout-flow wp-block-group-is-layout-flow\">\n<figure class=\"wp-block-image size-full gt-reveal\"><img data-dominant-color=\"797d3e\" data-has-transparency=\"false\" style=\"--dominant-color: #797d3e;\" decoding=\"async\" width=\"743\" height=\"856\" src=\"https:\/\/camping-del-mar.com\/wp-content\/uploads\/sites\/2\/2024\/11\/moments-uniques-dans-un-cadre-naturel.webp\" alt=\"unieke momenten in een natuurlijke omgeving\" class=\"wp-image-5403 not-transparent\" srcset=\"https:\/\/camping-del-mar.com\/wp-content\/uploads\/sites\/2\/2024\/11\/moments-uniques-dans-un-cadre-naturel.webp 743w, https:\/\/camping-del-mar.com\/wp-content\/uploads\/sites\/2\/2024\/11\/moments-uniques-dans-un-cadre-naturel-260x300.webp 260w\" sizes=\"(max-width: 743px) 100vw, 743px\" \/><\/figure>\n\n\n\n<div style=\"height:2rem\" aria-hidden=\"true\" class=\"wp-block-spacer\"><\/div>\n\n\n\n<div class=\"wp-block-buttons is-content-justification-center is-layout-flex wp-container-core-buttons-is-layout-2 wp-block-buttons-is-layout-flex\">\n<div class=\"wp-block-button has-custom-font-size is-style-gt-contour-small has-sogo-font-family has-large-font-size\" style=\"font-style:normal;font-weight:300\"><a class=\"wp-block-button__link has-accent-color has-text-color has-link-color wp-element-button\" href=\"https:\/\/camping-del-mar.com\/nl\/camping-geschiedenis-argeles-sur-mer\/\">Een familieverhaal<\/a><\/div>\n<\/div>\n<\/div>\n\n\n\n<div class=\"wp-block-group has-global-padding is-layout-constrained wp-block-group-is-layout-constrained\">\n<div class=\"wp-block-group is-layout-flow wp-block-group-is-layout-flow\" style=\"padding-right:var(--wp--preset--spacing--30);padding-left:var(--wp--preset--spacing--30)\">\n<div style=\"height:10rem\" aria-hidden=\"true\" class=\"wp-block-spacer gt-hide-mobile\"><\/div>\n\n\n\n<figure class=\"wp-block-image aligncenter size-full is-resized gt-reveal-down wp-duotone-rgb194768-rgb194768-6\"><img data-dominant-color=\"b15526\" data-has-transparency=\"true\" decoding=\"async\" width=\"43\" height=\"21\" src=\"https:\/\/campingclosduthym.com\/wp-content\/uploads\/sites\/5\/2024\/08\/separator.png\" alt=\"scheider\" class=\"wp-image-150 has-transparency\" style=\"--dominant-color: #b15526; width:43px;height:auto\"\/><\/figure>\n\n\n<h1 class=\"wp-block-heading has-text-align-center gt-reveal-down has-accent-color has-text-color has-link-color has-x-large-font-size wp-elements-4e5afee99fa3d9137d98bd03f0ad5fc9\" id=\"verblijf-op-500-mvan-het-strand-op-eengezinsvriendelijke-camping-in-argeles-sur-mer\">Verblijf op 500 m<br>van het strand op een<br>gezinsvriendelijke camping in Argel\u00e8s-sur-Mer<\/h1>\n\n\n<p class=\"has-text-align-center gt-reveal-down has-medium-font-size\">Ontdek camping Del Mar, een <a href=\"https:\/\/camping-del-mar.com\/nl\/camping-geschiedenis-argeles-sur-mer\/\">4-sterren familiecamping in Argel\u00e8s-sur-Mer<\/a>. Op slechts <strong>500 m van het strand<\/strong> kunt u genieten van een onvergetelijke vakantie <strong>met uw voeten in het water<\/strong>. Onze camping is ideaal voor <strong>gezinnen<\/strong> en biedt <strong>moderne voorzieningen<\/strong> en verschillende <strong>gezinsactiviteiten<\/strong> voor jong en oud. <br\/>Laat je verleiden door ons familiebedrijf voor een droomvakantie aan <strong>de oevers van de Middellandse Zee<\/strong> en geniet van unieke momenten in een natuurlijke, harmonieuze en <strong>gezellige<\/strong> <strong>omgeving<\/strong>.  <\/p>\n\n\n\n<div style=\"height:2rem\" aria-hidden=\"true\" class=\"wp-block-spacer is-style-gt-hide-mobile\"><\/div>\n<\/div>\n\n\n\n<figure class=\"wp-block-image size-full gt-reveal\"><img data-dominant-color=\"a89f81\" data-has-transparency=\"false\" decoding=\"async\" width=\"620\" height=\"465\" src=\"https:\/\/camping-del-mar.com\/wp-content\/uploads\/sites\/2\/2024\/11\/une-histoire-de-famille.webp\" alt=\"een familieverhaal\" class=\"wp-image-5405 not-transparent\" style=\"--dominant-color: #a89f81; aspect-ratio:4\/3;object-fit:cover\" srcset=\"https:\/\/camping-del-mar.com\/wp-content\/uploads\/sites\/2\/2024\/11\/une-histoire-de-famille.webp 620w, https:\/\/camping-del-mar.com\/wp-content\/uploads\/sites\/2\/2024\/11\/une-histoire-de-famille-300x225.webp 300w\" sizes=\"(max-width: 620px) 100vw, 620px\" \/><\/figure>\n<\/div>\n<\/div>\n<\/div>\n\n<div style=\"height:6rem\" aria-hidden=\"true\" class=\"wp-block-spacer\"><\/div>\n\n<div class=\"wp-block-group alignfull gt-reveal is-nowrap is-layout-flex wp-container-core-group-is-layout-12 wp-block-group-is-layout-flex\">\n<div class=\"wp-block-cover gt-hide-mobile wp-container-content-1\" style=\"min-height:100vh;aspect-ratio:unset;\"><span aria-hidden=\"true\" class=\"wp-block-cover__background has-background-dim-10 has-background-dim\"><\/span><img data-dominant-color=\"687d7f\" data-has-transparency=\"false\" style=\"--dominant-color: #687d7f;\" decoding=\"async\" width=\"381\" height=\"973\" class=\"wp-block-cover__image-background wp-image-4762 not-transparent\" alt=\"belle piscine californienne\" src=\"https:\/\/camping-del-mar.com\/wp-content\/uploads\/sites\/2\/2024\/10\/belle-piscine-californienne.webp\" data-object-fit=\"cover\" srcset=\"https:\/\/camping-del-mar.com\/wp-content\/uploads\/sites\/2\/2024\/10\/belle-piscine-californienne.webp 381w, https:\/\/camping-del-mar.com\/wp-content\/uploads\/sites\/2\/2024\/10\/belle-piscine-californienne-117x300.webp 117w\" sizes=\"(max-width: 381px) 100vw, 381px\" \/><div class=\"wp-block-cover__inner-container has-global-padding is-layout-constrained wp-block-cover-is-layout-constrained\">\n<p class=\"has-text-align-center has-large-font-size\"><\/p>\n<\/div><\/div>\n\n\n\n<div class=\"wp-block-cover has-custom-content-position is-position-top-center wp-container-content-2\" style=\"padding-top:0;padding-bottom:0;min-height:100vh;aspect-ratio:unset;\"><span aria-hidden=\"true\" class=\"wp-block-cover__background has-base-2-background-color has-background-dim-30 has-background-dim\"><\/span><img data-dominant-color=\"3a9da4\" data-has-transparency=\"false\" style=\"--dominant-color: #3a9da4;\" decoding=\"async\" width=\"1514\" height=\"973\" class=\"wp-block-cover__image-background wp-image-4764 not-transparent\" alt=\"farniente baignade et rires dans l espace aquatique du camping a argeles sur mer\" src=\"https:\/\/camping-del-mar.com\/wp-content\/uploads\/sites\/2\/2024\/10\/farniente-baignade-et-rires-dans-l-espace-aquatique-du-camping-a-argeles-sur-mer.webp\" data-object-fit=\"cover\" srcset=\"https:\/\/camping-del-mar.com\/wp-content\/uploads\/sites\/2\/2024\/10\/farniente-baignade-et-rires-dans-l-espace-aquatique-du-camping-a-argeles-sur-mer.webp 1514w, https:\/\/camping-del-mar.com\/wp-content\/uploads\/sites\/2\/2024\/10\/farniente-baignade-et-rires-dans-l-espace-aquatique-du-camping-a-argeles-sur-mer-300x193.webp 300w, https:\/\/camping-del-mar.com\/wp-content\/uploads\/sites\/2\/2024\/10\/farniente-baignade-et-rires-dans-l-espace-aquatique-du-camping-a-argeles-sur-mer-1024x658.webp 1024w, https:\/\/camping-del-mar.com\/wp-content\/uploads\/sites\/2\/2024\/10\/farniente-baignade-et-rires-dans-l-espace-aquatique-du-camping-a-argeles-sur-mer-768x494.webp 768w\" sizes=\"(max-width: 1514px) 100vw, 1514px\" \/><div class=\"wp-block-cover__inner-container has-global-padding is-layout-constrained wp-block-cover-is-layout-constrained\">\n<div class=\"wp-block-group gt-reveal-down has-global-padding is-layout-constrained wp-container-core-group-is-layout-11 wp-block-group-is-layout-constrained\">\n<div class=\"wp-block-group has-contrast-3-background-color has-background is-layout-flow wp-block-group-is-layout-flow\" style=\"min-height:12rem\"><\/div>\n<\/div>\n\n\n\n<figure class=\"wp-block-image aligncenter size-full gt-reveal-down wp-duotone-e5e0ce-ffffff-7\"><img data-dominant-color=\"b15526\" data-has-transparency=\"true\" style=\"--dominant-color: #b15526;\" decoding=\"async\" width=\"43\" height=\"21\" src=\"https:\/\/campingclosduthym.com\/wp-content\/uploads\/sites\/5\/2024\/08\/separator.png\" alt=\"scheider\" class=\"wp-image-150 has-transparency\"\/><\/figure>\n\n\n\n<div style=\"height:1rem\" aria-hidden=\"true\" class=\"wp-block-spacer\"><\/div>\n\n\n<h2 class=\"wp-block-heading has-text-align-center has-base-color has-text-color has-link-color has-large-font-size wp-elements-5a6dc4fc14abefdf10f6d8ea6d420b41\" id=\"ontspanning-zwemmen-en-lachen-in-het-zwemparadijs-van-de-camping-in-argeles-sur-mer\">Ontspanning, zwemmen en lachen in het zwemparadijs van de camping in Argel\u00e8s-sur-Mer<\/h2>\n\n\n<p class=\"has-text-align-center has-link-color has-medium-font-size wp-elements-609500b349dffb81c50736d3348fe437\">Kom <strong>ontspannen<\/strong> op camping Del Mar in Argel\u00e8s-sur-Mer. Ontspan in ons <strong>mooie Californische zwembad<\/strong> en geniet van de zon. Laat het lachen je vergallen in ons <a href=\"https:\/\/camping-del-mar.com\/nl\/camping-aquacentrum-argeles-sur-mer\/\">zwemparadijs<\/a> en <strong>onze nieuwe droge aqualudische zone<\/strong>, ideaal voor <strong>het hele gezin<\/strong>. Op slechts 500 m van het strand biedt onze 4-sterren familiecamping <strong>de perfecte vakantie om te zwemmen<\/strong> en <a href=\"https:\/\/camping-del-mar.com\/nl\/camping-aquacentrum-argeles-sur-mer\/#toboggans\">plezier te maken met onze waterglijbaan met drie banen<\/a> en <a href=\"https:\/\/camping-del-mar.com\/nl\/camping-aquacentrum-argeles-sur-mer\/#activites-aquatiques\">onze wateractiviteiten<\/a>. Geniet van onvergetelijke momenten onder de mediterrane zon met je gezin, partner of vrienden.    <\/p>\n\n\n\n<div style=\"height:1rem\" aria-hidden=\"true\" class=\"wp-block-spacer\"><\/div>\n\n\n\n<div class=\"wp-block-buttons alignwide is-content-justification-center is-layout-flex wp-container-core-buttons-is-layout-3 wp-block-buttons-is-layout-flex\">\n<div class=\"wp-block-button has-custom-font-size is-style-gt-contour-large has-sogo-font-family has-large-font-size\" style=\"font-style:normal;font-weight:300\"><a class=\"wp-block-button__link has-base-color has-text-color has-link-color wp-element-button\" href=\"https:\/\/camping-del-mar.com\/nl\/camping-aquacentrum-argeles-sur-mer\/#toboggans\" style=\"padding-right:var(--wp--preset--spacing--30);padding-left:var(--wp--preset--spacing--30)\">Dia&#8217;s<\/a><\/div>\n\n\n\n<div class=\"wp-block-button has-custom-font-size is-style-gt-contour-large has-sogo-font-family has-large-font-size\" style=\"font-style:normal;font-weight:300\"><a class=\"wp-block-button__link has-base-color has-text-color has-link-color wp-element-button\" href=\"https:\/\/camping-del-mar.com\/nl\/camping-aquacentrum-argeles-sur-mer\/\" style=\"padding-right:var(--wp--preset--spacing--30);padding-left:var(--wp--preset--spacing--30)\">Aquatisch gebied<\/a><\/div>\n\n\n\n<div class=\"wp-block-button has-custom-font-size is-style-gt-contour-large has-sogo-font-family has-large-font-size\" style=\"font-style:normal;font-weight:300\"><a class=\"wp-block-button__link has-base-color has-text-color has-link-color wp-element-button\" href=\"https:\/\/camping-del-mar.com\/nl\/camping-aquacentrum-argeles-sur-mer\/#activites-aquatiques\" style=\"padding-right:var(--wp--preset--spacing--30);padding-left:var(--wp--preset--spacing--30)\">Amusement<\/a><\/div>\n<\/div>\n\n\n\n<div style=\"height:var(--wp--preset--spacing--40)\" aria-hidden=\"true\" class=\"wp-block-spacer\"><\/div>\n\n\n\n<div style=\"height:var(--wp--preset--spacing--40)\" aria-hidden=\"true\" class=\"wp-block-spacer\"><\/div>\n<\/div><\/div>\n<\/div>\n\n<div class=\"wp-block-group alignwide animated fadeIn slower is-layout-flow wp-block-group-is-layout-flow\" style=\"margin-top:-7vw;margin-bottom:0;padding-right:0;padding-left:0\">\n<p class=\"gt-sliding-text has-base-color has-text-color has-link-color has-sogo-font-family wp-elements-ee36da24f046501f0dd596abf2deef16\" style=\"margin-top:0;margin-right:0;margin-bottom:0;margin-left:0;font-size:7vw;font-style:normal;font-weight:100;line-height:1.6;text-transform:uppercase\">Het grote bad<\/p>\n<\/div>\n\n<div style=\"height:4rem\" aria-hidden=\"true\" class=\"wp-block-spacer gt-hide-mobile\"><\/div>\n\n<div class=\"wp-block-group alignfull gt-break-mobile is-content-justification-right is-nowrap is-layout-flex wp-container-core-group-is-layout-46 wp-block-group-is-layout-flex\">\n<div class=\"wp-block-group alignwide gt-absolute-text gt-hide-mobile wp-container-content-3 is-content-justification-right is-nowrap is-layout-flex wp-container-core-group-is-layout-14 wp-block-group-is-layout-flex\" style=\"margin-top:0;margin-bottom:50rem;padding-right:0;padding-left:0\">\n<p class=\"gt-sliding-text-y has-contrast-3-color has-text-color has-link-color has-sogo-font-family wp-elements-a04985af7180b0400f24a85ea617f28c\" style=\"margin-top:0;margin-right:0px;margin-bottom:0;margin-left:0;font-size:7vw;font-style:normal;font-weight:300;line-height:1.25;text-transform:uppercase\">Veel plezier<\/p>\n<\/div>\n\n\n\n<div class=\"wp-block-group gt-hebergements-slider-2-wrap has-accent-2-background-color has-background wp-container-content-16 has-global-padding is-layout-constrained wp-block-group-is-layout-constrained\">\n<div class=\"wp-block-group alignfull has-global-padding is-layout-constrained wp-container-core-group-is-layout-18 wp-block-group-is-layout-constrained\" style=\"padding-top:0;padding-right:var(--wp--preset--spacing--60);padding-bottom:var(--wp--preset--spacing--30);padding-left:var(--wp--preset--spacing--60)\">\n<div class=\"wp-block-group gt-reveal-down has-global-padding is-layout-constrained wp-container-core-group-is-layout-16 wp-block-group-is-layout-constrained\" style=\"margin-top:-3rem\">\n<div class=\"wp-block-group has-contrast-3-background-color has-background is-layout-flow wp-block-group-is-layout-flow\" style=\"min-height:6rem\"><\/div>\n<\/div>\n\n\n\n<figure class=\"wp-block-image aligncenter size-full gt-reveal-down wp-duotone-rgb194768-rgb194768-8\"><img data-dominant-color=\"b15526\" data-has-transparency=\"true\" style=\"--dominant-color: #b15526;\" decoding=\"async\" width=\"43\" height=\"21\" src=\"https:\/\/campingclosduthym.com\/wp-content\/uploads\/sites\/5\/2024\/08\/separator.png\" alt=\"scheider\" class=\"wp-image-150 has-transparency\"\/><\/figure>\n\n\n<h2 class=\"wp-block-heading alignwide has-text-align-center gt-reveal-down has-accent-color has-text-color has-link-color wp-elements-32f791d4df66c8be23034a17022d7067\" id=\"4-sterrenservice-en-animatie-op-eencamping-in-het-hart-van-de-pyrenees-orientales\">4-sterrenservice en animatie op een<br>camping in het hart van de Pyr\u00e9n\u00e9es-Orientales<\/h2>\n\n\n<div class=\"wp-block-group alignwide is-layout-flow wp-block-group-is-layout-flow\">\n<p class=\"has-text-align-center gt-reveal-down has-medium-font-size\">Welkom op camping Del Mar, <a href=\"https:\/\/camping-del-mar.com\/nl\/familie-camping-argeles-sur-mer\/\">een oase van ontspanning met 4-sterrenservice<\/a> en <a href=\"https:\/\/camping-del-mar.com\/nl\/camping-kwaliteitslabels-labels-argeles-sur-mer\/\">kwaliteit in het hart van de Pyrenee\u00ebn<\/a>. Ontdek <a href=\"https:\/\/camping-del-mar.com\/nl\/camping-welzijn-argeles-sur-mer\/\">onze oase van welzijn<\/a>, waar <strong>aan elk detail is gedacht voor uw comfort<\/strong>. Haal de eerste levensbehoeften in onze <strong>kruidenierswinkel<\/strong> en geniet <strong>elke ochtend<\/strong> van <strong>versgebakken brood en gebak<\/strong>. <a href=\"https:\/\/camping-del-mar.com\/nl\/camping-fiets-argeles-sur-mer\/\">Huur fietsen bij onze partner<\/a> en geniet van een <strong>warm welkom<\/strong> bij de receptie. In juli en augustus <a href=\"https:\/\/camping-del-mar.com\/nl\/camping-activiteiten-animaties-argeles-sur-mer\/#animations\">wachten er leuke activiteiten op je kinderen van 6 tot 12 jaar<\/a>.    Ontdek <a href=\"https:\/\/camping-del-mar.com\/nl\/camping-activiteiten-animaties-argeles-sur-mer\/#activites\">onze gevarieerde buitenfaciliteiten<\/a>: <strong>padelbaan<\/strong>, <strong>jeu de boules<\/strong>, <strong>multisport<\/strong>, <strong>tafeltennis<\/strong>, <strong>kinderspeelplaatsen<\/strong> en onze gloednieuwe structuren: <a href=\"https:\/\/camping-del-mar.com\/nl\/camping-activiteiten-animaties-argeles-sur-mer\/#accrogames\">Accrogames<\/a>, <a href=\"https:\/\/camping-del-mar.com\/nl\/camping-activiteiten-animaties-argeles-sur-mer\/\" data-type=\"page\" data-id=\"2311\">Tiroler traverse, Chillzone voor tieners, outdoor fitnessruimte<\/a>. <br\/>Boek nu voor een onvergetelijke vakantie en ervaar onze gastvrijheid, geprezen door onze vele tevreden klanten.<\/p>\n<\/div>\n<\/div>\n\n\n\n<div class=\"wp-block-group alignfull gt-swiper-hebergements-2 has-global-padding is-layout-constrained wp-container-core-group-is-layout-44 wp-block-group-is-layout-constrained\" style=\"padding-right:0\">\n<div data-swiper=\"{&quot;speed&quot;:400,&quot;spaceBetween&quot;:16,&quot;slidesPerView&quot;:3,&quot;createElements&quot;:true,&quot;loop&quot;:true,&quot;freemode&quot;:true,&quot;navigation&quot;:{&quot;nextEl&quot;:&quot;buttonNext&quot;,&quot;prevEl&quot;:&quot;buttonPrev&quot;},&quot;pagination&quot;:{&quot;el&quot;:&quot;.swiper-pagination&quot;,&quot;dynamicBullets&quot;:true},&quot;breakpoints&quot;:{&quot;0&quot;:{&quot;slidesPerView&quot;:1},&quot;380&quot;:{&quot;slidesPerView&quot;:2},&quot;1024&quot;:{&quot;slidesPerView&quot;:3}}}\" class=\"wp-block-group alignfull gt-is-slider gt-is-slider-desktop is-nowrap is-layout-flex wp-container-core-group-is-layout-43 wp-block-group-is-layout-flex\"><a href=\"https:\/\/camping-del-mar.com\/camping-familial-argeles-sur-mer\/\"    class=\"wp-block-tiptip-hyperlink-group-block\" >\n<div class=\"wp-block-group has-global-padding is-layout-constrained wp-container-core-group-is-layout-22 wp-block-group-is-layout-constrained\" style=\"border-right-color:var(--wp--preset--color--accent);border-right-width:1px;padding-right:32px\">\n<figure class=\"wp-block-image size-full is-resized\"><img data-dominant-color=\"89674f\" data-has-transparency=\"false\" decoding=\"async\" width=\"480\" height=\"585\" src=\"https:\/\/camping-del-mar.com\/wp-content\/uploads\/sites\/2\/2024\/11\/profiter-des-services-du-camping-del-mar.webp\" alt=\"profiteren van de diensten op camping del mar\" class=\"wp-image-5408 not-transparent\" style=\"--dominant-color: #89674f; object-fit:cover;width:480px;height:585px\" srcset=\"https:\/\/camping-del-mar.com\/wp-content\/uploads\/sites\/2\/2024\/11\/profiter-des-services-du-camping-del-mar.webp 480w, https:\/\/camping-del-mar.com\/wp-content\/uploads\/sites\/2\/2024\/11\/profiter-des-services-du-camping-del-mar-246x300.webp 246w\" sizes=\"(max-width: 480px) 100vw, 480px\" \/><\/figure>\n\n\n\n<div class=\"wp-block-group is-layout-flow wp-block-group-is-layout-flow\" style=\"padding-right:var(--wp--preset--spacing--20);padding-left:var(--wp--preset--spacing--20)\">\n<p class=\"has-sogo-font-family\" style=\"font-size:clamp(0.984rem, 0.984rem + ((1vw - 0.2rem) * 0.86), 1.5rem);\"><mark class=\"has-inline-color has-accent-color\">01.<\/mark> Diensten<\/p>\n<\/div>\n<\/div>\n<\/a>\n\n<a href=\"https:\/\/camping-del-mar.com\/camping-activites-animations-argeles-sur-mer\/#activites\"    class=\"wp-block-tiptip-hyperlink-group-block\" >\n<div class=\"wp-block-group has-global-padding is-layout-constrained wp-container-core-group-is-layout-26 wp-block-group-is-layout-constrained\" style=\"border-right-color:var(--wp--preset--color--accent);border-right-width:1px;padding-right:32px\">\n<figure class=\"wp-block-image size-full is-resized\"><img data-dominant-color=\"677c71\" data-has-transparency=\"false\" decoding=\"async\" width=\"480\" height=\"585\" src=\"https:\/\/camping-del-mar.com\/wp-content\/uploads\/sites\/2\/2024\/11\/camping-del-mar-activites.webp\" alt=\"camping del mar activiteiten\" class=\"wp-image-5063 not-transparent\" style=\"--dominant-color: #677c71; object-fit:cover;width:480px;height:585px\" srcset=\"https:\/\/camping-del-mar.com\/wp-content\/uploads\/sites\/2\/2024\/11\/camping-del-mar-activites.webp 480w, https:\/\/camping-del-mar.com\/wp-content\/uploads\/sites\/2\/2024\/11\/camping-del-mar-activites-246x300.webp 246w\" sizes=\"(max-width: 480px) 100vw, 480px\" \/><\/figure>\n\n\n\n<div class=\"wp-block-group is-layout-flow wp-block-group-is-layout-flow\" style=\"padding-right:var(--wp--preset--spacing--20);padding-left:var(--wp--preset--spacing--20)\">\n<p class=\"has-sogo-font-family\" style=\"font-size:clamp(0.984rem, 0.984rem + ((1vw - 0.2rem) * 0.86), 1.5rem);\"><mark class=\"has-inline-color has-accent-color\">02.<\/mark> Genieten van activiteiten<\/p>\n<\/div>\n<\/div>\n<\/a>\n\n<a href=\"https:\/\/camping-del-mar.com\/camping-activites-animations-argeles-sur-mer\/#animations\"    class=\"wp-block-tiptip-hyperlink-group-block\" >\n<div class=\"wp-block-group has-global-padding is-layout-constrained wp-container-core-group-is-layout-30 wp-block-group-is-layout-constrained\" style=\"border-right-color:var(--wp--preset--color--accent);border-right-width:1px;padding-right:32px\">\n<figure class=\"wp-block-image size-full is-resized\"><img data-dominant-color=\"9f8f8f\" data-has-transparency=\"false\" decoding=\"async\" width=\"480\" height=\"585\" src=\"https:\/\/camping-del-mar.com\/wp-content\/uploads\/sites\/2\/2024\/11\/camping-del-mar-animations.webp\" alt=\"animaties camping del mar\" class=\"wp-image-5065 not-transparent\" style=\"--dominant-color: #9f8f8f; object-fit:cover;width:480px;height:585px\" srcset=\"https:\/\/camping-del-mar.com\/wp-content\/uploads\/sites\/2\/2024\/11\/camping-del-mar-animations.webp 480w, https:\/\/camping-del-mar.com\/wp-content\/uploads\/sites\/2\/2024\/11\/camping-del-mar-animations-246x300.webp 246w\" sizes=\"(max-width: 480px) 100vw, 480px\" \/><\/figure>\n\n\n\n<div class=\"wp-block-group is-layout-flow wp-block-group-is-layout-flow\" style=\"padding-right:var(--wp--preset--spacing--20);padding-left:var(--wp--preset--spacing--20)\">\n<p class=\"has-sogo-font-family\" style=\"font-size:clamp(0.984rem, 0.984rem + ((1vw - 0.2rem) * 0.86), 1.5rem);\"><mark class=\"has-inline-color has-accent-color\">03.<\/mark> Ga er even tussenuit met entertainment<\/p>\n<\/div>\n<\/div>\n<\/a>\n\n<a href=\"https:\/\/camping-del-mar.com\/camping-bien-etre-argeles-sur-mer\/\"    class=\"wp-block-tiptip-hyperlink-group-block\" >\n<div class=\"wp-block-group has-global-padding is-layout-constrained wp-container-core-group-is-layout-34 wp-block-group-is-layout-constrained\" style=\"border-right-color:var(--wp--preset--color--accent);border-right-width:1px;padding-right:32px\">\n<figure class=\"wp-block-image size-full is-resized\"><img data-dominant-color=\"a69d83\" data-has-transparency=\"false\" decoding=\"async\" width=\"480\" height=\"585\" src=\"https:\/\/camping-del-mar.com\/wp-content\/uploads\/sites\/2\/2024\/11\/camping-del-mar-relaxation.webp\" alt=\"camping del mar ontspanning\" class=\"wp-image-5067 not-transparent\" style=\"--dominant-color: #a69d83; object-fit:cover;width:480px;height:585px\" srcset=\"https:\/\/camping-del-mar.com\/wp-content\/uploads\/sites\/2\/2024\/11\/camping-del-mar-relaxation.webp 480w, https:\/\/camping-del-mar.com\/wp-content\/uploads\/sites\/2\/2024\/11\/camping-del-mar-relaxation-246x300.webp 246w\" sizes=\"(max-width: 480px) 100vw, 480px\" \/><\/figure>\n\n\n\n<div class=\"wp-block-group is-layout-flow wp-block-group-is-layout-flow\" style=\"padding-right:var(--wp--preset--spacing--20);padding-left:var(--wp--preset--spacing--20)\">\n<p class=\"has-sogo-font-family\" style=\"font-size:clamp(0.984rem, 0.984rem + ((1vw - 0.2rem) * 0.86), 1.5rem);\"><mark class=\"has-inline-color has-accent-color\">04.<\/mark> Ontspanningsruimte<\/p>\n<\/div>\n<\/div>\n<\/a>\n\n<a href=\"https:\/\/camping-del-mar.com\/camping-velo-argeles-sur-mer\/\"    class=\"wp-block-tiptip-hyperlink-group-block\" >\n<div class=\"wp-block-group has-global-padding is-layout-constrained wp-container-core-group-is-layout-38 wp-block-group-is-layout-constrained\" style=\"border-right-color:var(--wp--preset--color--accent);border-right-width:1px;padding-right:32px\">\n<figure class=\"wp-block-image size-full is-resized\"><img data-dominant-color=\"8b9285\" data-has-transparency=\"false\" decoding=\"async\" width=\"480\" height=\"585\" src=\"https:\/\/camping-del-mar.com\/wp-content\/uploads\/sites\/2\/2024\/11\/del-mar-location-de-velo.webp\" alt=\"del mar fietsverhuur\" class=\"wp-image-5411 not-transparent\" style=\"--dominant-color: #8b9285; object-fit:cover;width:480px;height:585px\" srcset=\"https:\/\/camping-del-mar.com\/wp-content\/uploads\/sites\/2\/2024\/11\/del-mar-location-de-velo.webp 480w, https:\/\/camping-del-mar.com\/wp-content\/uploads\/sites\/2\/2024\/11\/del-mar-location-de-velo-246x300.webp 246w\" sizes=\"(max-width: 480px) 100vw, 480px\" \/><\/figure>\n\n\n\n<div class=\"wp-block-group is-layout-flow wp-block-group-is-layout-flow\" style=\"padding-right:var(--wp--preset--spacing--20);padding-left:var(--wp--preset--spacing--20)\">\n<p class=\"has-sogo-font-family\" style=\"font-size:clamp(0.984rem, 0.984rem + ((1vw - 0.2rem) * 0.86), 1.5rem);\"><mark class=\"has-inline-color has-accent-color\">05.<\/mark> Fietsverhuur<\/p>\n<\/div>\n<\/div>\n<\/a>\n\n<a href=\"https:\/\/camping-del-mar.com\/camping-demarche-qualite-labels-argeles-sur-mer\/\"    class=\"wp-block-tiptip-hyperlink-group-block\" >\n<div class=\"wp-block-group has-global-padding is-layout-constrained wp-container-core-group-is-layout-42 wp-block-group-is-layout-constrained\" style=\"border-right-color:var(--wp--preset--color--accent);border-right-width:1px;padding-right:32px\">\n<figure class=\"wp-block-image size-full is-resized\"><img data-dominant-color=\"838372\" data-has-transparency=\"false\" decoding=\"async\" width=\"480\" height=\"585\" src=\"https:\/\/camping-del-mar.com\/wp-content\/uploads\/sites\/2\/2024\/11\/del-mar-demarche-qualite.webp\" alt=\"del mar kwaliteitsbenadering\" class=\"wp-image-5413 not-transparent\" style=\"--dominant-color: #838372; object-fit:cover;width:480px;height:585px\" srcset=\"https:\/\/camping-del-mar.com\/wp-content\/uploads\/sites\/2\/2024\/11\/del-mar-demarche-qualite.webp 480w, https:\/\/camping-del-mar.com\/wp-content\/uploads\/sites\/2\/2024\/11\/del-mar-demarche-qualite-246x300.webp 246w\" sizes=\"(max-width: 480px) 100vw, 480px\" \/><\/figure>\n\n\n\n<div class=\"wp-block-group is-layout-flow wp-block-group-is-layout-flow\" style=\"padding-right:var(--wp--preset--spacing--20);padding-left:var(--wp--preset--spacing--20)\">\n<p class=\"has-sogo-font-family\" style=\"font-size:clamp(0.984rem, 0.984rem + ((1vw - 0.2rem) * 0.86), 1.5rem);\"><mark class=\"has-inline-color has-accent-color\">06.<\/mark> Onze kwaliteitsaanpak<\/p>\n<\/div>\n<\/div>\n<\/a><\/div>\n<\/div>\n\n\n\n<div style=\"height:6rem;width:0px\" aria-hidden=\"true\" class=\"wp-block-spacer gt-hide-mobile\"><\/div>\n<\/div>\n<\/div>\n\n<div style=\"height:6rem\" aria-hidden=\"true\" class=\"wp-block-spacer\"><\/div>\n\n<div class=\"wp-block-group alignwide animated fadeIn slower is-layout-flow wp-block-group-is-layout-flow\" style=\"margin-top:0;margin-bottom:-7vw;padding-right:var(--wp--preset--spacing--40);padding-left:var(--wp--preset--spacing--40)\">\n<p class=\"gt-sliding-text has-contrast-3-color has-text-color has-link-color has-sogo-font-family wp-elements-684b372c9956d30dab09b3a7a0ced787\" style=\"margin-top:0;margin-right:0;margin-bottom:0;margin-left:0;font-size:7vw;font-style:normal;font-weight:300;line-height:2.1;text-transform:uppercase\">HET ONTWAKEN VAN DE SMAAKPAPILLEN<\/p>\n<\/div>\n\n<div class=\"wp-block-group alignfull has-global-padding is-layout-constrained wp-block-group-is-layout-constrained\">\n<div class=\"wp-block-group alignfull gt-swiper gt-swiper-1 is-layout-flow wp-block-group-is-layout-flow\">\n<div class=\"wp-block-group swiper-wrapper is-layout-flow wp-block-group-is-layout-flow\">\n<div class=\"wp-block-group swiper-slide has-global-padding is-layout-constrained wp-container-core-group-is-layout-58 wp-block-group-is-layout-constrained\" style=\"margin-top:0;margin-bottom:0\" data-hash=\"slide-restaurant\">\n\n<div class=\"wp-block-group alignfull gt-swiper-slide-thumb has-accent-2-color has-text-color has-link-color wp-elements-fcf09fd10d9d7b7f1149c58e56f1347b is-layout-flow wp-block-group-is-layout-flow\">\n\n<figure class=\"wp-block-image size-full\"><img data-dominant-color=\"a3a481\" data-has-transparency=\"false\" decoding=\"async\" width=\"1519\" height=\"945\" src=\"https:\/\/camping-del-mar.com\/wp-content\/uploads\/sites\/2\/2024\/11\/cuisine-mediterraneenne-dans-notre-restaurant.webp\" alt=\"Mediterrane keuken in ons restaurant\" class=\"wp-image-5416 not-transparent\" style=\"--dominant-color: #a3a481; aspect-ratio:16\/9;object-fit:cover\" srcset=\"https:\/\/camping-del-mar.com\/wp-content\/uploads\/sites\/2\/2024\/11\/cuisine-mediterraneenne-dans-notre-restaurant.webp 1519w, https:\/\/camping-del-mar.com\/wp-content\/uploads\/sites\/2\/2024\/11\/cuisine-mediterraneenne-dans-notre-restaurant-300x187.webp 300w, https:\/\/camping-del-mar.com\/wp-content\/uploads\/sites\/2\/2024\/11\/cuisine-mediterraneenne-dans-notre-restaurant-1024x637.webp 1024w, https:\/\/camping-del-mar.com\/wp-content\/uploads\/sites\/2\/2024\/11\/cuisine-mediterraneenne-dans-notre-restaurant-768x478.webp 768w\" sizes=\"(max-width: 1519px) 100vw, 1519px\" \/><\/figure>\n\n<\/div>\n\n\n<div class=\"wp-block-group alignwide gt-break-mobile is-nowrap is-layout-flex wp-container-core-group-is-layout-57 wp-block-group-is-layout-flex\" style=\"padding-right:var(--wp--preset--spacing--40);padding-left:var(--wp--preset--spacing--40)\" data-swiper-parallax-duration=\"800\" data-swiper-parallax-x=\"-300\">\n\n<div class=\"wp-block-group gt-hide-mobile has-global-padding is-layout-constrained wp-block-group-is-layout-constrained\" style=\"margin-top:-90px\">\n\n<div class=\"wp-block-group gt-reveal-down has-global-padding is-layout-constrained wp-container-core-group-is-layout-50 wp-block-group-is-layout-constrained\">\n\n<div class=\"wp-block-group has-contrast-3-background-color has-background is-layout-flow wp-block-group-is-layout-flow\" style=\"min-height:25rem\"><\/div>\n\n<\/div>\n\n\n<figure class=\"wp-block-image aligncenter size-full gt-reveal-down wp-duotone-132f44-132f44-9\"><img data-dominant-color=\"b15526\" data-has-transparency=\"true\" style=\"--dominant-color: #b15526;\" decoding=\"async\" width=\"43\" height=\"21\" src=\"https:\/\/campingclosduthym.com\/wp-content\/uploads\/sites\/5\/2024\/08\/separator.png\" alt=\"scheider\" class=\"wp-image-150 has-transparency\"\/><\/figure>\n\n<\/div>\n\n\n<div class=\"wp-block-group has-global-padding is-layout-constrained wp-block-group-is-layout-constrained\" style=\"padding-top:var(--wp--preset--spacing--40);padding-bottom:var(--wp--preset--spacing--40)\">\n<h2 class=\"wp-block-heading has-accent-color has-text-color has-link-color wp-elements-7690ecf3b318a0158e98a7b0ca1ee7a3\" id=\"geniet-van-de-authentieke-mediterrane-keuken-in-ons-restaurant-dat-voor-iedereen-toegankelijk-is\">Geniet van de authentieke mediterrane keuken in ons restaurant, dat voor iedereen toegankelijk is<\/h2>\n\n<p class=\"has-medium-font-size\">In een <strong>warme sfeer<\/strong> verwelkomt ons restaurant je met zijn <strong>terras onder eeuwenoude olijfbomen<\/strong>, <strong>met uitzicht op het zwembad vanaf de bar<\/strong>. Hier kun je genieten van heerlijke gerechten en<strong> authentieke mediterrane gerechten<\/strong>. Het terras is geopend in het seizoen (juni tot september).  <\/p>\n\n\n<div class=\"wp-block-buttons is-content-justification-center is-layout-flex wp-container-core-buttons-is-layout-4 wp-block-buttons-is-layout-flex\">\n\n<div class=\"wp-block-button has-custom-font-size is-style-gt-contour-small has-sogo-font-family has-large-font-size\" style=\"font-style:normal;font-weight:300\"><a class=\"wp-block-button__link has-accent-color has-text-color has-link-color wp-element-button\" href=\"https:\/\/camping-del-mar.com\/nl\/cafe-restaurant-argeles-sur-mer\/\">Het restaurant<\/a><\/div>\n\n<\/div>\n\n<\/div>\n\n\n<div class=\"wp-block-group gt-swiper-slide-nav is-vertical is-layout-flex wp-container-core-group-is-layout-56 wp-block-group-is-layout-flex\" style=\"border-left-width:1px;padding-right:0;padding-left:0\">\n<div class=\"wp-block-group has-global-padding is-layout-constrained wp-container-core-group-is-layout-53 wp-block-group-is-layout-constrained\" style=\"border-bottom-width:1px;padding-top:var(--wp--preset--spacing--10);padding-right:var(--wp--preset--spacing--20);padding-bottom:var(--wp--preset--spacing--10);padding-left:var(--wp--preset--spacing--20)\">\n<p class=\"gt-swiper-nav-slide-active has-contrast-color has-text-color has-link-color has-sogo-font-family has-large-font-size wp-elements-fdf2e4e21691f507aa6454cb8aaf61f8\"><a href=\"#slide-restaurant\" data-type=\"internal\" data-id=\"#slide-restaurant\">Le restaurant<\/a><\/p>\n<\/div>\n\n\n\n<div class=\"wp-block-group has-global-padding is-layout-constrained wp-container-core-group-is-layout-54 wp-block-group-is-layout-constrained\" style=\"padding-top:var(--wp--preset--spacing--10);padding-right:var(--wp--preset--spacing--20);padding-bottom:var(--wp--preset--spacing--10);padding-left:var(--wp--preset--spacing--20)\">\n<p class=\"has-contrast-color has-text-color has-link-color has-sogo-font-family has-large-font-size wp-elements-de8cfafa784ecbb562f0646b882ccd07\"><a href=\"#slide-snack\">Pause go\u00fbter<\/a><\/p>\n<\/div>\n\n\n\n<div class=\"wp-block-group has-global-padding is-layout-constrained wp-container-core-group-is-layout-55 wp-block-group-is-layout-constrained\" style=\"border-top-width:1px;padding-top:var(--wp--preset--spacing--10);padding-right:var(--wp--preset--spacing--20);padding-bottom:var(--wp--preset--spacing--10);padding-left:var(--wp--preset--spacing--20)\">\n<p class=\"has-contrast-color has-text-color has-link-color has-sogo-font-family has-large-font-size wp-elements-516180d0b96928fc59b1bad5922ea68f\"><a href=\"#slide-bar\">Le bar<\/a><\/p>\n<\/div>\n<\/div>\n\n<\/div>\n\n<\/div>\n\n\n\n<div class=\"wp-block-group swiper-slide has-global-padding is-layout-constrained wp-container-core-group-is-layout-69 wp-block-group-is-layout-constrained\" style=\"margin-top:0;margin-bottom:0\" data-hash=\"slide-snack\">\n\n<div class=\"wp-block-group alignfull gt-swiper-slide-thumb has-accent-2-color has-text-color has-link-color wp-elements-c78607eb0a1efd5671404478a43edc0d is-layout-flow wp-block-group-is-layout-flow\">\n\n<figure class=\"wp-block-image size-full\"><img data-dominant-color=\"9f9181\" data-has-transparency=\"false\" decoding=\"async\" width=\"1519\" height=\"945\" src=\"https:\/\/camping-del-mar.com\/wp-content\/uploads\/sites\/2\/2024\/11\/pause-gouter.webp\" alt=\"snackpauze\" class=\"wp-image-6078 not-transparent\" style=\"--dominant-color: #9f9181; aspect-ratio:16\/9;object-fit:cover\" srcset=\"https:\/\/camping-del-mar.com\/wp-content\/uploads\/sites\/2\/2024\/11\/pause-gouter.webp 1519w, https:\/\/camping-del-mar.com\/wp-content\/uploads\/sites\/2\/2024\/11\/pause-gouter-300x187.webp 300w, https:\/\/camping-del-mar.com\/wp-content\/uploads\/sites\/2\/2024\/11\/pause-gouter-1024x637.webp 1024w, https:\/\/camping-del-mar.com\/wp-content\/uploads\/sites\/2\/2024\/11\/pause-gouter-768x478.webp 768w\" sizes=\"(max-width: 1519px) 100vw, 1519px\" \/><\/figure>\n\n<\/div>\n\n\n<div class=\"wp-block-group alignwide gt-break-mobile is-nowrap is-layout-flex wp-container-core-group-is-layout-68 wp-block-group-is-layout-flex\" style=\"padding-right:var(--wp--preset--spacing--40);padding-left:var(--wp--preset--spacing--40)\" data-swiper-parallax-duration=\"800\" data-swiper-parallax-x=\"-300\">\n\n<div class=\"wp-block-group gt-hide-mobile has-global-padding is-layout-constrained wp-block-group-is-layout-constrained\" style=\"margin-top:-90px\">\n\n<div class=\"wp-block-group gt-reveal-down has-global-padding is-layout-constrained wp-container-core-group-is-layout-61 wp-block-group-is-layout-constrained\">\n\n<div class=\"wp-block-group has-contrast-3-background-color has-background is-layout-flow wp-block-group-is-layout-flow\" style=\"min-height:25rem\"><\/div>\n\n<\/div>\n\n\n<figure class=\"wp-block-image aligncenter size-full gt-reveal-down wp-duotone-132f44-132f44-10\"><img data-dominant-color=\"b15526\" data-has-transparency=\"true\" style=\"--dominant-color: #b15526;\" decoding=\"async\" width=\"43\" height=\"21\" src=\"https:\/\/campingclosduthym.com\/wp-content\/uploads\/sites\/5\/2024\/08\/separator.png\" alt=\"scheider\" class=\"wp-image-150 has-transparency\"\/><\/figure>\n\n<\/div>\n\n\n<div class=\"wp-block-group has-global-padding is-layout-constrained wp-block-group-is-layout-constrained\" style=\"padding-top:var(--wp--preset--spacing--40);padding-bottom:var(--wp--preset--spacing--40)\">\n\n<p class=\"has-medium-font-size\"><strong>Gastronomisch verblijf met uitzicht op het zwembad<\/strong><\/p>\n\n\n<p class=\"has-medium-font-size\">Trakteer jezelf op een uniek moment van ontspanning op ons terras, met een adembenemend uitzicht op ons prachtige Californische zwembad. Of je nu alleen bent, met je gezin of met vrienden, onze bar biedt een selectie voor fijnproevers om aan al je smaken te voldoen. <\/p>\n\n\n<p class=\"has-medium-font-size\">Haal het beste uit de middag met een luchtige cr\u00eape, een knapperige panini of verwen jezelf met onze impulsijsjes, perfect voor een vleugje frisheid. Een ideale plek om nieuwe energie op te doen en te genieten van eenvoudige momenten van plezier in de zon. <\/p>\n\n\n<div class=\"wp-block-buttons is-content-justification-center is-layout-flex wp-container-core-buttons-is-layout-5 wp-block-buttons-is-layout-flex\">\n\n<div class=\"wp-block-button has-custom-font-size is-style-gt-contour-small has-sogo-font-family has-large-font-size\" style=\"font-style:normal;font-weight:300\"><a class=\"wp-block-button__link has-accent-color has-text-color has-link-color wp-element-button\" href=\"https:\/\/camping-del-mar.com\/nl\/cafe-restaurant-argeles-sur-mer\/#snack\">Snackpauze<\/a><\/div>\n\n<\/div>\n\n<\/div>\n\n\n<div class=\"wp-block-group gt-swiper-slide-nav is-vertical is-layout-flex wp-container-core-group-is-layout-67 wp-block-group-is-layout-flex\" style=\"border-left-width:1px;padding-right:0;padding-left:0\">\n<div class=\"wp-block-group has-global-padding is-layout-constrained wp-container-core-group-is-layout-64 wp-block-group-is-layout-constrained\" style=\"border-bottom-width:1px;padding-top:var(--wp--preset--spacing--10);padding-right:var(--wp--preset--spacing--20);padding-bottom:var(--wp--preset--spacing--10);padding-left:var(--wp--preset--spacing--20)\">\n<p class=\"gt-swiper-nav-slide-active has-contrast-color has-text-color has-link-color has-sogo-font-family has-large-font-size wp-elements-fdf2e4e21691f507aa6454cb8aaf61f8\"><a href=\"#slide-restaurant\" data-type=\"internal\" data-id=\"#slide-restaurant\">Le restaurant<\/a><\/p>\n<\/div>\n\n\n\n<div class=\"wp-block-group has-global-padding is-layout-constrained wp-container-core-group-is-layout-65 wp-block-group-is-layout-constrained\" style=\"padding-top:var(--wp--preset--spacing--10);padding-right:var(--wp--preset--spacing--20);padding-bottom:var(--wp--preset--spacing--10);padding-left:var(--wp--preset--spacing--20)\">\n<p class=\"has-contrast-color has-text-color has-link-color has-sogo-font-family has-large-font-size wp-elements-de8cfafa784ecbb562f0646b882ccd07\"><a href=\"#slide-snack\">Pause go\u00fbter<\/a><\/p>\n<\/div>\n\n\n\n<div class=\"wp-block-group has-global-padding is-layout-constrained wp-container-core-group-is-layout-66 wp-block-group-is-layout-constrained\" style=\"border-top-width:1px;padding-top:var(--wp--preset--spacing--10);padding-right:var(--wp--preset--spacing--20);padding-bottom:var(--wp--preset--spacing--10);padding-left:var(--wp--preset--spacing--20)\">\n<p class=\"has-contrast-color has-text-color has-link-color has-sogo-font-family has-large-font-size wp-elements-516180d0b96928fc59b1bad5922ea68f\"><a href=\"#slide-bar\">Le bar<\/a><\/p>\n<\/div>\n<\/div>\n\n<\/div>\n\n<\/div>\n\n\n\n<div class=\"wp-block-group swiper-slide has-global-padding is-layout-constrained wp-container-core-group-is-layout-80 wp-block-group-is-layout-constrained\" style=\"margin-top:0;margin-bottom:0\" data-hash=\"slide-bar\">\n\n<div class=\"wp-block-group alignfull gt-swiper-slide-thumb has-accent-2-color has-text-color has-link-color wp-elements-3261a8c15ffc234c6659f7f466b9bd1b is-layout-flow wp-block-group-is-layout-flow\">\n\n<figure class=\"wp-block-image size-full\"><img data-dominant-color=\"baad92\" data-has-transparency=\"false\" decoding=\"async\" width=\"1519\" height=\"945\" src=\"https:\/\/camping-del-mar.com\/wp-content\/uploads\/sites\/2\/2024\/11\/le-bar-du-bistro.webp\" alt=\"de bistro bar\" class=\"wp-image-5420 not-transparent\" style=\"--dominant-color: #baad92; aspect-ratio:16\/9;object-fit:cover\" srcset=\"https:\/\/camping-del-mar.com\/wp-content\/uploads\/sites\/2\/2024\/11\/le-bar-du-bistro.webp 1519w, https:\/\/camping-del-mar.com\/wp-content\/uploads\/sites\/2\/2024\/11\/le-bar-du-bistro-300x187.webp 300w, https:\/\/camping-del-mar.com\/wp-content\/uploads\/sites\/2\/2024\/11\/le-bar-du-bistro-1024x637.webp 1024w, https:\/\/camping-del-mar.com\/wp-content\/uploads\/sites\/2\/2024\/11\/le-bar-du-bistro-768x478.webp 768w\" sizes=\"(max-width: 1519px) 100vw, 1519px\" \/><\/figure>\n\n<\/div>\n\n\n<div class=\"wp-block-group alignwide gt-break-mobile is-nowrap is-layout-flex wp-container-core-group-is-layout-79 wp-block-group-is-layout-flex\" style=\"padding-right:var(--wp--preset--spacing--40);padding-left:var(--wp--preset--spacing--40)\" data-swiper-parallax-duration=\"800\" data-swiper-parallax-x=\"-300\">\n\n<div class=\"wp-block-group gt-hide-mobile has-global-padding is-layout-constrained wp-block-group-is-layout-constrained\" style=\"margin-top:-90px\">\n\n<div class=\"wp-block-group gt-reveal-down has-global-padding is-layout-constrained wp-container-core-group-is-layout-72 wp-block-group-is-layout-constrained\">\n\n<div class=\"wp-block-group has-contrast-3-background-color has-background is-layout-flow wp-block-group-is-layout-flow\" style=\"min-height:25rem\"><\/div>\n\n<\/div>\n\n\n<figure class=\"wp-block-image aligncenter size-full gt-reveal-down wp-duotone-132f44-132f44-11\"><img data-dominant-color=\"b15526\" data-has-transparency=\"true\" style=\"--dominant-color: #b15526;\" decoding=\"async\" width=\"43\" height=\"21\" src=\"https:\/\/campingclosduthym.com\/wp-content\/uploads\/sites\/5\/2024\/08\/separator.png\" alt=\"scheider\" class=\"wp-image-150 has-transparency\"\/><\/figure>\n\n<\/div>\n\n\n<div class=\"wp-block-group has-global-padding is-layout-constrained wp-block-group-is-layout-constrained\" style=\"padding-top:var(--wp--preset--spacing--40);padding-bottom:var(--wp--preset--spacing--40)\">\n\n<p class=\"has-medium-font-size\">Als je zin hebt in een gastronomische pauze of een moment van ontspanning met een adembenemend uitzicht, dan verwelkomt onze <strong>bar Bistrot del Mar<\/strong> je de hele dag door. Kom genieten van een ruime keuze aan warme en <strong>koude<\/strong> <strong>dranken<\/strong>. Of je nu zin hebt in koffie, een verfrissend sapje of een cocktail aan het eind van de dag, ons team zal je met plezier bedienen in een ontspannende omgeving.  <\/p>\n\n    <div id=\"gt-fse-lire-plus-69f0a83357d74\" class=\"gt-fse-lire-plus\" data-min-height=\"130\" style=\"background-color: #fff;\">\n        <input id=\"gt-fse-lire-plus-69f0a83357d74-toggle\" type=\"checkbox\" class=\"gt-fse-lire-plus__toggle\" \/>\n        <label for=\"gt-fse-lire-plus-69f0a83357d74-toggle\" class=\"gt-fse-lire-plus__toggle-label\">\n            <span>Meer lezen<\/span>\n            <span>Minder lezen<\/span>\n        <\/label>\n        <div class=\"gt-fse-lire-plus__content\" style=\"height: 130px;\">\n            \n\n<p class=\"has-medium-font-size\">Of je nu op zoek bent naar een snack na het zwemmen of een ontspannen lunch, de Bistrot del Mar is er om je vakantie nog aangenamer te maken.<\/p>\n\n\n<p class=\"has-medium-font-size\"><strong>Ontspanning, verwennerij en gezelligheid<\/strong> wachten op je in de bar en snackbar <strong>Bistrot del<\/strong> Mar. Geniet optimaal van je vakantie door te genieten van heerlijke specialiteiten in een warme sfeer met uitzicht op ons Californische zwembad! <\/p>\n\n\n<div class=\"wp-block-buttons is-content-justification-center is-layout-flex wp-container-core-buttons-is-layout-6 wp-block-buttons-is-layout-flex\">\n\n<div class=\"wp-block-button has-custom-font-size is-style-gt-contour-small has-sogo-font-family has-large-font-size\" style=\"font-style:normal;font-weight:300\"><a class=\"wp-block-button__link has-accent-color has-text-color has-link-color wp-element-button\" href=\"https:\/\/camping-del-mar.com\/nl\/cafe-restaurant-argeles-sur-mer\/#bar\">De bar<\/a><\/div>\n\n<\/div>\n\n            <div class=\"gt-fse-lire-plus__gradient\" style=\"background: linear-gradient(to bottom,rgba(255,255,255,0) 0%,rgba(255,255,255,1) 100%);\"><\/div>\n        <\/div>\n    <\/div>\n    \n<\/div>\n\n\n<div class=\"wp-block-group gt-swiper-slide-nav is-vertical is-layout-flex wp-container-core-group-is-layout-78 wp-block-group-is-layout-flex\" style=\"border-left-width:1px;padding-right:0;padding-left:0\">\n<div class=\"wp-block-group has-global-padding is-layout-constrained wp-container-core-group-is-layout-75 wp-block-group-is-layout-constrained\" style=\"border-bottom-width:1px;padding-top:var(--wp--preset--spacing--10);padding-right:var(--wp--preset--spacing--20);padding-bottom:var(--wp--preset--spacing--10);padding-left:var(--wp--preset--spacing--20)\">\n<p class=\"gt-swiper-nav-slide-active has-contrast-color has-text-color has-link-color has-sogo-font-family has-large-font-size wp-elements-fdf2e4e21691f507aa6454cb8aaf61f8\"><a href=\"#slide-restaurant\" data-type=\"internal\" data-id=\"#slide-restaurant\">Le restaurant<\/a><\/p>\n<\/div>\n\n\n\n<div class=\"wp-block-group has-global-padding is-layout-constrained wp-container-core-group-is-layout-76 wp-block-group-is-layout-constrained\" style=\"padding-top:var(--wp--preset--spacing--10);padding-right:var(--wp--preset--spacing--20);padding-bottom:var(--wp--preset--spacing--10);padding-left:var(--wp--preset--spacing--20)\">\n<p class=\"has-contrast-color has-text-color has-link-color has-sogo-font-family has-large-font-size wp-elements-de8cfafa784ecbb562f0646b882ccd07\"><a href=\"#slide-snack\">Pause go\u00fbter<\/a><\/p>\n<\/div>\n\n\n\n<div class=\"wp-block-group has-global-padding is-layout-constrained wp-container-core-group-is-layout-77 wp-block-group-is-layout-constrained\" style=\"border-top-width:1px;padding-top:var(--wp--preset--spacing--10);padding-right:var(--wp--preset--spacing--20);padding-bottom:var(--wp--preset--spacing--10);padding-left:var(--wp--preset--spacing--20)\">\n<p class=\"has-contrast-color has-text-color has-link-color has-sogo-font-family has-large-font-size wp-elements-516180d0b96928fc59b1bad5922ea68f\"><a href=\"#slide-bar\">Le bar<\/a><\/p>\n<\/div>\n<\/div>\n\n<\/div>\n\n<\/div>\n<\/div>\n<\/div>\n<\/div>\n\n<div style=\"height:4rem\" aria-hidden=\"true\" class=\"wp-block-spacer gt-hide-mobile\"><\/div>\n\n<div class=\"wp-block-group alignfull gt-reveal has-global-padding is-layout-constrained wp-container-core-group-is-layout-91 wp-block-group-is-layout-constrained\">\n<div class=\"wp-block-group alignwide animated fadeIn slower is-layout-flow wp-block-group-is-layout-flow\" style=\"margin-top:0;margin-bottom:-7vw;padding-right:0;padding-left:0\">\n<p class=\"gt-sliding-text has-contrast-3-color has-text-color has-link-color has-sogo-font-family wp-elements-c8021389f4575c748a6a69fa788fb8ed\" style=\"margin-top:0;margin-right:0;margin-bottom:0;margin-left:0;font-size:7vw;font-style:normal;font-weight:100;line-height:2.45;text-transform:uppercase\">liefdesnest<\/p>\n<\/div>\n\n\n\n<div class=\"wp-block-group alignwide gt-break-mobile is-nowrap is-layout-flex wp-container-core-group-is-layout-90 wp-block-group-is-layout-flex\">\n<div class=\"wp-block-group is-layout-flow wp-block-group-is-layout-flow\">\n<figure class=\"wp-block-image size-full gt-reveal\"><img data-dominant-color=\"a69d7b\" data-has-transparency=\"false\" style=\"--dominant-color: #a69d7b;\" decoding=\"async\" width=\"746\" height=\"753\" src=\"https:\/\/camping-del-mar.com\/wp-content\/uploads\/sites\/2\/2024\/11\/sejour-tout-confort-dans-nos-hebergements-haut-de-gamme-a-louer-a-argeles-sur-mer.webp\" alt=\"een comfortabel verblijf in onze eersteklas accommodatie te huur in argeles sur mer\" class=\"wp-image-5566 not-transparent\" srcset=\"https:\/\/camping-del-mar.com\/wp-content\/uploads\/sites\/2\/2024\/11\/sejour-tout-confort-dans-nos-hebergements-haut-de-gamme-a-louer-a-argeles-sur-mer.webp 746w, https:\/\/camping-del-mar.com\/wp-content\/uploads\/sites\/2\/2024\/11\/sejour-tout-confort-dans-nos-hebergements-haut-de-gamme-a-louer-a-argeles-sur-mer-297x300.webp 297w, https:\/\/camping-del-mar.com\/wp-content\/uploads\/sites\/2\/2024\/11\/sejour-tout-confort-dans-nos-hebergements-haut-de-gamme-a-louer-a-argeles-sur-mer-150x150.webp 150w\" sizes=\"(max-width: 746px) 100vw, 746px\" \/><\/figure>\n\n\n\n<div style=\"height:2rem\" aria-hidden=\"true\" class=\"wp-block-spacer\"><\/div>\n\n\n\n<div class=\"wp-block-buttons is-content-justification-center is-layout-flex wp-container-core-buttons-is-layout-7 wp-block-buttons-is-layout-flex\">\n<div class=\"wp-block-button has-custom-font-size is-style-gt-contour-large has-sogo-font-family has-large-font-size\" style=\"font-style:normal;font-weight:300\"><a class=\"wp-block-button__link has-contrast-2-color has-text-color has-link-color wp-element-button\" href=\"https:\/\/camping-del-mar.com\/nl\/verhuur-stacaravans-argeles-sur-mer\/\" style=\"padding-right:var(--wp--preset--spacing--30);padding-left:var(--wp--preset--spacing--30)\">Onze stacaravans<\/a><\/div>\n\n\n\n<div class=\"wp-block-button has-custom-font-size is-style-gt-contour-large has-sogo-font-family has-large-font-size\" style=\"font-style:normal;font-weight:300\"><a class=\"wp-block-button__link has-contrast-2-color has-text-color has-link-color wp-element-button\" href=\"https:\/\/camping-del-mar.com\/nl\/goedkoop-camping-argeles-sur-mer\/\" style=\"padding-right:var(--wp--preset--spacing--30);padding-left:var(--wp--preset--spacing--30)\">Aanbiedingen &amp; prijzen<\/a><\/div>\n<\/div>\n<\/div>\n\n\n\n<div class=\"wp-block-group has-global-padding is-layout-constrained wp-block-group-is-layout-constrained\">\n<div class=\"wp-block-group is-layout-flow wp-block-group-is-layout-flow\" style=\"padding-right:var(--wp--preset--spacing--30);padding-left:var(--wp--preset--spacing--30)\">\n<div class=\"wp-block-group gt-reveal-down has-global-padding is-layout-constrained wp-container-core-group-is-layout-87 wp-block-group-is-layout-constrained\">\n<div class=\"wp-block-group has-contrast-3-background-color has-background is-layout-flow wp-block-group-is-layout-flow\" style=\"min-height:6rem\"><\/div>\n<\/div>\n\n\n\n<figure class=\"wp-block-image aligncenter size-full gt-reveal-down wp-duotone-e5e0ce-e5e0ce-12\"><img data-dominant-color=\"b15526\" data-has-transparency=\"true\" style=\"--dominant-color: #b15526;\" decoding=\"async\" width=\"43\" height=\"21\" src=\"https:\/\/campingclosduthym.com\/wp-content\/uploads\/sites\/5\/2024\/08\/separator.png\" alt=\"scheider\" class=\"wp-image-150 has-transparency\"\/><\/figure>\n\n\n<h2 class=\"wp-block-heading has-text-align-center gt-reveal-down has-accent-color has-text-color has-link-color wp-elements-7b17add2021a1dcc4a2d03fa0bda2aae\" id=\"geniet-van-een-comfortabel-verblijf-in-onze-eersteklas-accommodatie-te-huur-in-argeles-sur-mer\">Geniet van een comfortabel verblijf in onze eersteklas accommodatie te huur in Argel\u00e8s-sur-Mer<\/h2>\n\n\n<p class=\"has-text-align-center gt-reveal-down has-medium-font-size\">Ontdek een <strong>droomvakantie in Argel\u00e8s-sur-Mer<\/strong> met onze camping die accommodatie van topklasse biedt. Geniet van een <strong>comfortabel<\/strong> verblijf in onze <strong>nieuwe, eigentijdse accommodaties<\/strong>. Of je nu kiest voor <a href=\"https:\/\/camping-del-mar.com\/nl\/verhuur-stacaravans-argeles-sur-mer\/\">een ruime stacaravan of een gezellig chalet<\/a>, je zult verleid worden door de <strong>idyllische omgeving<\/strong> en <strong>de moderne faciliteiten<\/strong>. Boek nu voor een onvergetelijke ervaring die ontspanning en luxe combineert in het hart van de mediterrane natuur. Maak voor je volgende vakantie in de Pyr\u00e9n\u00e9es-Orientales snel je keuze uit onze <strong>eersteklas huuraccommodaties<\/strong> met de <a href=\"https:\/\/camping-del-mar.com\/nl\/goedkoop-camping-argeles-sur-mer\/\">beste prijs-kwaliteitverhouding in Argel\u00e8s-sur-Mer<\/a>.    <\/p>\n\n\n\n<div style=\"height:2rem\" aria-hidden=\"true\" class=\"wp-block-spacer\"><\/div>\n<\/div>\n\n\n\n<figure class=\"wp-block-image size-full gt-reveal\"><img data-dominant-color=\"a68d6b\" data-has-transparency=\"false\" decoding=\"async\" width=\"620\" height=\"620\" src=\"https:\/\/camping-del-mar.com\/wp-content\/uploads\/sites\/2\/2024\/11\/hebergements-recents.webp\" alt=\"recente accommodatie\" class=\"wp-image-5569 not-transparent\" style=\"--dominant-color: #a68d6b; aspect-ratio:1;object-fit:cover\" srcset=\"https:\/\/camping-del-mar.com\/wp-content\/uploads\/sites\/2\/2024\/11\/hebergements-recents.webp 620w, https:\/\/camping-del-mar.com\/wp-content\/uploads\/sites\/2\/2024\/11\/hebergements-recents-300x300.webp 300w, https:\/\/camping-del-mar.com\/wp-content\/uploads\/sites\/2\/2024\/11\/hebergements-recents-150x150.webp 150w, https:\/\/camping-del-mar.com\/wp-content\/uploads\/sites\/2\/2024\/11\/hebergements-recents-400x400.webp 400w, https:\/\/camping-del-mar.com\/wp-content\/uploads\/sites\/2\/2024\/11\/hebergements-recents-600x600.webp 600w\" sizes=\"(max-width: 620px) 100vw, 620px\" \/><\/figure>\n<\/div>\n<\/div>\n<\/div>\n\n<div style=\"height:6rem\" aria-hidden=\"true\" class=\"wp-block-spacer\"><\/div>\n\n<div class=\"wp-block-cover alignfull has-custom-content-position is-position-top-center gt-reveal gt-cover-parallax-down wp-container-content-17\" style=\"margin-top:0;margin-bottom:0;padding-top:0;padding-right:var(--wp--preset--spacing--40);padding-bottom:0;padding-left:var(--wp--preset--spacing--40);min-height:100vh;aspect-ratio:unset;\"><span aria-hidden=\"true\" class=\"wp-block-cover__background has-base-2-background-color has-background-dim-40 has-background-dim\"><\/span><img data-dominant-color=\"79744e\" data-has-transparency=\"false\" style=\"--dominant-color: #79744e;\" decoding=\"async\" width=\"1920\" height=\"862\" class=\"wp-block-cover__image-background wp-image-4829 not-transparent\" alt=\"goutez au plaisir d une residence secondaire a argeles sur mer\" src=\"https:\/\/camping-del-mar.com\/wp-content\/uploads\/sites\/2\/2024\/10\/goutez-au-plaisir-d-une-residence-secondaire-a-argeles-sur-mer.webp\" data-object-fit=\"cover\" srcset=\"https:\/\/camping-del-mar.com\/wp-content\/uploads\/sites\/2\/2024\/10\/goutez-au-plaisir-d-une-residence-secondaire-a-argeles-sur-mer.webp 1920w, https:\/\/camping-del-mar.com\/wp-content\/uploads\/sites\/2\/2024\/10\/goutez-au-plaisir-d-une-residence-secondaire-a-argeles-sur-mer-300x135.webp 300w, https:\/\/camping-del-mar.com\/wp-content\/uploads\/sites\/2\/2024\/10\/goutez-au-plaisir-d-une-residence-secondaire-a-argeles-sur-mer-1024x460.webp 1024w, https:\/\/camping-del-mar.com\/wp-content\/uploads\/sites\/2\/2024\/10\/goutez-au-plaisir-d-une-residence-secondaire-a-argeles-sur-mer-768x345.webp 768w, https:\/\/camping-del-mar.com\/wp-content\/uploads\/sites\/2\/2024\/10\/goutez-au-plaisir-d-une-residence-secondaire-a-argeles-sur-mer-1536x690.webp 1536w\" sizes=\"(max-width: 1920px) 100vw, 1920px\" \/><div class=\"wp-block-cover__inner-container has-global-padding is-layout-constrained wp-container-core-cover-is-layout-4 wp-block-cover-is-layout-constrained\">\n<div class=\"wp-block-group gt-reveal-down has-global-padding is-layout-constrained wp-container-core-group-is-layout-93 wp-block-group-is-layout-constrained\">\n<div class=\"wp-block-group has-contrast-3-background-color has-background is-layout-flow wp-block-group-is-layout-flow\" style=\"min-height:12rem\"><\/div>\n<\/div>\n\n\n\n<figure class=\"wp-block-image aligncenter size-full gt-reveal-down wp-duotone-e5e0ce-ffffff-13\"><img data-dominant-color=\"b15526\" data-has-transparency=\"true\" style=\"--dominant-color: #b15526;\" decoding=\"async\" width=\"43\" height=\"21\" src=\"https:\/\/campingclosduthym.com\/wp-content\/uploads\/sites\/5\/2024\/08\/separator.png\" alt=\"scheider\" class=\"wp-image-150 has-transparency\"\/><\/figure>\n\n\n\n<div style=\"height:1rem\" aria-hidden=\"true\" class=\"wp-block-spacer\"><\/div>\n\n\n<h2 class=\"wp-block-heading has-text-align-center has-base-color has-text-color has-link-color has-large-font-size wp-elements-43f42156232a0d4f60fa1758c4c07500\" id=\"geniet-van-de-geneugten-van-een-tweede-huis-in-argeles-sur-mer\">Geniet van de geneugten van een tweede huis in Argel\u00e8s-sur-Mer<\/h2>\n\n\n<p class=\"has-text-align-center has-link-color has-medium-font-size wp-elements-9dba9d5246a3b67e0faf6735fd90bf19\">Ontdek de geneugten van het <a href=\"https:\/\/camping-del-mar.com\/nl\/eigenaar-worden-argeles-sur-mer\/\">kopen van een tweede huis in Argel\u00e8s-sur-Mer<\/a> door eigenaar te worden <strong>van een stacaravan op Camping Del Mar<\/strong>. Deze familiecamping met een rijke 50-jarige geschiedenis werd in 1970 opgericht door Ghislaine en Alain Quillevere en wordt nu gerund door hun kleinkinderen Benjamin, Nicolas en Emma. Met meer dan twee decennia ervaring zijn we <strong>experts in de verkoop van stacaravans<\/strong> in de regio. <br\/>Kom genieten van een <strong>onvergetelijke ervaring aan de Middellandse Zee<\/strong>!  <\/p>\n\n\n\n<div class=\"wp-block-buttons is-content-justification-center is-layout-flex wp-container-core-buttons-is-layout-8 wp-block-buttons-is-layout-flex\">\n<div class=\"wp-block-button has-custom-font-size is-style-gt-contour-large has-sogo-font-family has-large-font-size\" style=\"font-style:normal;font-weight:300\"><a class=\"wp-block-button__link has-base-color has-text-color has-link-color wp-element-button\" href=\"https:\/\/camping-del-mar.com\/nl\/eigenaar-worden-argeles-sur-mer\/\" style=\"padding-right:var(--wp--preset--spacing--30);padding-left:var(--wp--preset--spacing--30)\">Eigenaar worden<\/a><\/div>\n<\/div>\n\n\n\n<div style=\"height:6rem\" aria-hidden=\"true\" class=\"wp-block-spacer\"><\/div>\n<\/div><\/div>\n\n<div class=\"wp-block-group alignfull animated fadeIn slower is-layout-flow wp-block-group-is-layout-flow\" style=\"margin-top:-7vw;padding-right:0;padding-left:0\">\n<p class=\"has-text-align-right gt-sliding-text has-base-color has-text-color has-link-color has-sogo-font-family wp-elements-e8eae1c3307a520f0987e79e645c7d2c\" style=\"margin-top:0;margin-right:0;margin-bottom:0;margin-left:0;font-size:7vw;font-style:normal;font-weight:100;line-height:1.6;text-transform:uppercase\">Mooie droom<\/p>\n<\/div>\n\n<div style=\"height:6rem\" aria-hidden=\"true\" class=\"wp-block-spacer\"><\/div>\n\n<div class=\"wp-block-group alignfull animated fadeIn slower is-layout-flow wp-block-group-is-layout-flow\" style=\"margin-top:0;margin-bottom:-30px;padding-right:0;padding-left:0\">\n<p class=\"gt-sliding-text has-contrast-3-color has-text-color has-link-color has-sogo-font-family wp-elements-c21c5d2046e9960144eb0ced03fc857e\" style=\"margin-top:0;margin-right:0;margin-bottom:0;margin-left:0;font-size:7vw;font-style:normal;font-weight:100;line-height:1;text-transform:uppercase\">Het land in kaart brengen<\/p>\n<\/div>\n\n<div class=\"wp-block-group alignfull has-global-padding is-layout-constrained wp-block-group-is-layout-constrained\" style=\"margin-top:0;margin-bottom:0\">\n<div class=\"wp-block-group alignfull gt-gallerie-accordeon-section has-accent-2-background-color has-background has-global-padding is-layout-constrained wp-block-group-is-layout-constrained\">\n<figure class=\"wp-block-gallery alignfull has-nested-images columns-default is-cropped gt-gallerie-accordeon wp-block-gallery-14 is-layout-flex wp-block-gallery-is-layout-flex\">\n<figure class=\"wp-block-image size-full\"><img data-dominant-color=\"6896aa\" data-has-transparency=\"false\" style=\"--dominant-color: #6896aa;\" decoding=\"async\" width=\"1326\" height=\"884\" src=\"https:\/\/camping-del-mar.com\/wp-content\/uploads\/sites\/2\/2024\/10\/a-voir-a-faire-dans-les-pyrenees-orientales.webp\" alt=\"dingen om te zien dingen om te doen in de oostelijke pyrenee&#xEB;n\" class=\"wp-image-4848 not-transparent\" srcset=\"https:\/\/camping-del-mar.com\/wp-content\/uploads\/sites\/2\/2024\/10\/a-voir-a-faire-dans-les-pyrenees-orientales.webp 1326w, https:\/\/camping-del-mar.com\/wp-content\/uploads\/sites\/2\/2024\/10\/a-voir-a-faire-dans-les-pyrenees-orientales-300x200.webp 300w, https:\/\/camping-del-mar.com\/wp-content\/uploads\/sites\/2\/2024\/10\/a-voir-a-faire-dans-les-pyrenees-orientales-1024x683.webp 1024w, https:\/\/camping-del-mar.com\/wp-content\/uploads\/sites\/2\/2024\/10\/a-voir-a-faire-dans-les-pyrenees-orientales-768x512.webp 768w\" sizes=\"(max-width: 1326px) 100vw, 1326px\" \/><figcaption class=\"wp-element-caption\">zien \/ doen<\/figcaption><\/figure>\n\n\n\n<figure class=\"wp-block-image size-full\"><img data-dominant-color=\"507086\" data-has-transparency=\"false\" style=\"--dominant-color: #507086;\" decoding=\"async\" width=\"1326\" height=\"884\" src=\"https:\/\/camping-del-mar.com\/wp-content\/uploads\/sites\/2\/2024\/10\/visitez-collioure.webp\" alt=\"bezoek collioure\" class=\"wp-image-4846 not-transparent\" srcset=\"https:\/\/camping-del-mar.com\/wp-content\/uploads\/sites\/2\/2024\/10\/visitez-collioure.webp 1326w, https:\/\/camping-del-mar.com\/wp-content\/uploads\/sites\/2\/2024\/10\/visitez-collioure-300x200.webp 300w, https:\/\/camping-del-mar.com\/wp-content\/uploads\/sites\/2\/2024\/10\/visitez-collioure-1024x683.webp 1024w, https:\/\/camping-del-mar.com\/wp-content\/uploads\/sites\/2\/2024\/10\/visitez-collioure-768x512.webp 768w\" sizes=\"(max-width: 1326px) 100vw, 1326px\" \/><figcaption class=\"wp-element-caption\">Collioure<\/figcaption><\/figure>\n\n\n\n<figure class=\"wp-block-image size-full\"><img data-dominant-color=\"5581b2\" data-has-transparency=\"false\" style=\"--dominant-color: #5581b2;\" decoding=\"async\" width=\"1326\" height=\"884\" src=\"https:\/\/camping-del-mar.com\/wp-content\/uploads\/sites\/2\/2024\/10\/visitez-perpignan.webp\" alt=\"bezoek perpignan\" class=\"wp-image-4852 not-transparent\" srcset=\"https:\/\/camping-del-mar.com\/wp-content\/uploads\/sites\/2\/2024\/10\/visitez-perpignan.webp 1326w, https:\/\/camping-del-mar.com\/wp-content\/uploads\/sites\/2\/2024\/10\/visitez-perpignan-300x200.webp 300w, https:\/\/camping-del-mar.com\/wp-content\/uploads\/sites\/2\/2024\/10\/visitez-perpignan-1024x683.webp 1024w, https:\/\/camping-del-mar.com\/wp-content\/uploads\/sites\/2\/2024\/10\/visitez-perpignan-768x512.webp 768w\" sizes=\"(max-width: 1326px) 100vw, 1326px\" \/><figcaption class=\"wp-element-caption\">Perpignan<\/figcaption><\/figure>\n\n\n\n<figure class=\"wp-block-image size-full\"><img data-dominant-color=\"617082\" data-has-transparency=\"false\" style=\"--dominant-color: #617082;\" decoding=\"async\" width=\"1326\" height=\"884\" src=\"https:\/\/camping-del-mar.com\/wp-content\/uploads\/sites\/2\/2024\/10\/visitez-cadaques.webp\" alt=\"bezoek cadaques\" class=\"wp-image-4854 not-transparent\" srcset=\"https:\/\/camping-del-mar.com\/wp-content\/uploads\/sites\/2\/2024\/10\/visitez-cadaques.webp 1326w, https:\/\/camping-del-mar.com\/wp-content\/uploads\/sites\/2\/2024\/10\/visitez-cadaques-300x200.webp 300w, https:\/\/camping-del-mar.com\/wp-content\/uploads\/sites\/2\/2024\/10\/visitez-cadaques-1024x683.webp 1024w, https:\/\/camping-del-mar.com\/wp-content\/uploads\/sites\/2\/2024\/10\/visitez-cadaques-768x512.webp 768w\" sizes=\"(max-width: 1326px) 100vw, 1326px\" \/><figcaption class=\"wp-element-caption\">Cadaqu\u00e9s<\/figcaption><\/figure>\n\n\n\n<figure class=\"wp-block-image size-full\"><img data-dominant-color=\"586e53\" data-has-transparency=\"false\" style=\"--dominant-color: #586e53;\" decoding=\"async\" width=\"1326\" height=\"884\" src=\"https:\/\/camping-del-mar.com\/wp-content\/uploads\/sites\/2\/2024\/10\/visitez-villefranche-de-conflent-pyrenees-orientales.webp\" alt=\"bezoek villefranche de conflent pyrenees orientales\" class=\"wp-image-4993 not-transparent\" srcset=\"https:\/\/camping-del-mar.com\/wp-content\/uploads\/sites\/2\/2024\/10\/visitez-villefranche-de-conflent-pyrenees-orientales.webp 1326w, https:\/\/camping-del-mar.com\/wp-content\/uploads\/sites\/2\/2024\/10\/visitez-villefranche-de-conflent-pyrenees-orientales-300x200.webp 300w, https:\/\/camping-del-mar.com\/wp-content\/uploads\/sites\/2\/2024\/10\/visitez-villefranche-de-conflent-pyrenees-orientales-1024x683.webp 1024w, https:\/\/camping-del-mar.com\/wp-content\/uploads\/sites\/2\/2024\/10\/visitez-villefranche-de-conflent-pyrenees-orientales-768x512.webp 768w\" sizes=\"(max-width: 1326px) 100vw, 1326px\" \/><figcaption class=\"wp-element-caption\">Villefranche-de-Conflent<\/figcaption><\/figure>\n<\/figure>\n\n\n\n<div class=\"wp-block-group alignfull has-global-padding is-layout-constrained wp-block-group-is-layout-constrained\">\n<div class=\"wp-block-group alignfull gt-break-mobile is-content-justification-center is-nowrap is-layout-flex wp-container-core-group-is-layout-102 wp-block-group-is-layout-flex\" style=\"padding-right:var(--wp--preset--spacing--20);padding-left:var(--wp--preset--spacing--20)\" data-swiper-parallax-duration=\"800\" data-swiper-parallax-x=\"-300\">\n\n<div class=\"wp-block-group is-nowrap is-layout-flex wp-container-core-group-is-layout-100 wp-block-group-is-layout-flex\">\n\n<div class=\"wp-block-group gt-hide-mobile has-global-padding is-layout-constrained wp-block-group-is-layout-constrained\" style=\"margin-top:-90px\">\n\n<div class=\"wp-block-group gt-reveal-down has-global-padding is-layout-constrained wp-container-core-group-is-layout-97 wp-block-group-is-layout-constrained\">\n\n<div class=\"wp-block-group has-contrast-3-background-color has-background is-layout-flow wp-block-group-is-layout-flow\" style=\"min-height:25rem\"><\/div>\n\n<\/div>\n\n\n<figure class=\"wp-block-image aligncenter size-full gt-reveal-down wp-duotone-132f44-132f44-15\"><img data-dominant-color=\"b15526\" data-has-transparency=\"true\" style=\"--dominant-color: #b15526;\" decoding=\"async\" width=\"43\" height=\"21\" src=\"https:\/\/campingclosduthym.com\/wp-content\/uploads\/sites\/5\/2024\/08\/separator.png\" alt=\"scheider\" class=\"wp-image-150 has-transparency\"\/><\/figure>\n\n<\/div>\n\n\n<div class=\"wp-block-group has-global-padding is-layout-constrained wp-block-group-is-layout-constrained\" style=\"padding-top:var(--wp--preset--spacing--40);padding-bottom:var(--wp--preset--spacing--40)\">\n<h2 class=\"wp-block-heading has-accent-color has-text-color has-link-color wp-elements-4294c03ade574274cb303b69071c8973\" id=\"ontdek-de-rijkdommen-van-de-pyrenees-orientales-tijdens-uw-kampeervakantie\">Ontdek de rijkdommen van de Pyr\u00e9n\u00e9es-Orientales tijdens uw kampeervakantie<\/h2>\n\n<p class=\"has-medium-font-size\"><a href=\"https:\/\/camping-del-mar.com\/nl\/ontdek-de-pyrenees-orientales\/\">Ontdek de eindeloze rijkdommen van de Pyr\u00e9n\u00e9es-Orientales<\/a> tijdens uw vakantie op camping Del Mar in Argel\u00e8s-sur-Mer. Genesteld in het hart van een veelzijdig departement, biedt onze camping je een <strong>adembenemende verscheidenheid aan landschappen<\/strong> en een overvloed aan<strong>spannende activiteiten<\/strong>. Tussen de toppen van de Pyrenee\u00ebn en de zonnige stranden van de Middellandse Zee, van <a href=\"https:\/\/camping-del-mar.com\/nl\/toerisme-collioure\/\">Collioure<\/a> tot <a href=\"https:\/\/camping-del-mar.com\/nl\/toerisme-cadaques\/\">Cadaqu\u00e9s<\/a> via <a href=\"https:\/\/camping-del-mar.com\/nl\/toerisme-perpignan\/\">Perpignan<\/a> en <a href=\"https:\/\/camping-del-mar.com\/nl\/toerisme-villefranche-de-conflent\/\">Villefranche-de-Conflent<\/a>, laat je verleiden door de natuurlijke diversiteit en onvergetelijke avonturen die je in onze regio te wachten staan.  <\/p>\n\n<\/div>\n\n<\/div>\n\n\n<div class=\"wp-block-group gt-gallerie-accordeon-nav has-sogo-font-family has-large-font-size wp-container-content-19 is-layout-flow wp-block-group-is-layout-flow\">\n\n<p>Navigatie<\/p>\n\n<\/div>\n\n<\/div>\n<\/div>\n\n\n\n<div style=\"height:6rem\" aria-hidden=\"true\" class=\"wp-block-spacer\"><\/div>\n<\/div>\n<\/div>\n\n<div style=\"height:6rem\" aria-hidden=\"true\" class=\"wp-block-spacer gt-hide-mobile\"><\/div>\n\n<div class=\"wp-block-group alignfull gt-reveal gt-faq-section has-global-padding is-layout-constrained wp-block-group-is-layout-constrained\">\n<div class=\"wp-block-group has-global-padding is-layout-constrained wp-block-group-is-layout-constrained\">\n<figure class=\"wp-block-image aligncenter size-full gt-reveal-down wp-duotone-132f44-132f44-16\"><img data-dominant-color=\"b15526\" data-has-transparency=\"true\" style=\"--dominant-color: #b15526;\" decoding=\"async\" width=\"43\" height=\"21\" src=\"https:\/\/campingclosduthym.com\/wp-content\/uploads\/sites\/5\/2024\/08\/separator.png\" alt=\"scheider\" class=\"wp-image-150 has-transparency\"\/><\/figure>\n\n\n\n<div class=\"wp-block-group gt-reveal-down has-global-padding is-layout-constrained wp-container-core-group-is-layout-107 wp-block-group-is-layout-constrained\">\n<div class=\"wp-block-group has-contrast-background-color has-background is-layout-flow wp-block-group-is-layout-flow\" style=\"min-height:2rem\"><\/div>\n<\/div>\n<\/div>\n\n\n<h2 class=\"wp-block-heading has-text-align-center has-accent-color has-text-color has-link-color wp-elements-a7b263179b663cf4ad3fea8813909d67\" id=\"faq\">FAQ<\/h2>\n\n\n<div class=\"wp-block-group alignwide is-vertical is-content-justification-stretch is-layout-flex wp-container-core-group-is-layout-109 wp-block-group-is-layout-flex\">\n<div class=\"wp-block-columns alignwide gt-no-border-mobile is-layout-flex wp-container-core-columns-is-layout-2 wp-block-columns-is-layout-flex\" style=\"border-bottom-width:1px\">\n<div class=\"wp-block-column gt-no-border-mobile is-layout-flow wp-block-column-is-layout-flow\">\n<details class=\"wp-block-details is-layout-flow wp-block-details-is-layout-flow\" style=\"padding-top:var(--wp--preset--spacing--20);padding-right:var(--wp--preset--spacing--30);padding-bottom:var(--wp--preset--spacing--20);padding-left:0\"><summary>Wat zijn de aankomst- en vertrekdagen?<\/summary>\n<p>Aankomst en vertrek alleen op zaterdag. Aankomst vanaf 17.00 uur en vertrek voor 10.00 uur. <\/p>\n<\/details>\n<\/div>\n\n\n\n<div class=\"wp-block-column gt-no-border-mobile is-layout-flow wp-block-column-is-layout-flow\" style=\"border-left-width:1px\">\n<details class=\"wp-block-details is-layout-flow wp-block-details-is-layout-flow\" style=\"padding-top:var(--wp--preset--spacing--20);padding-right:0;padding-bottom:var(--wp--preset--spacing--20);padding-left:var(--wp--preset--spacing--30)\"><summary>Welke soorten zwemkleding zijn toegestaan?<\/summary>\n<p>We accepteren alleen zwembroeken of shorts voor mannen. Voor vrouwen vragen we je om een echte zwembroek mee te nemen (een of twee stukken).<strong>Zwemshorts zijn ten strengste verboden.<\/strong><\/p>\n<\/details>\n<\/div>\n<\/div>\n\n\n\n<div class=\"wp-block-columns alignwide gt-no-border-mobile is-layout-flex wp-container-core-columns-is-layout-3 wp-block-columns-is-layout-flex\" style=\"border-bottom-width:1px\">\n<div class=\"wp-block-column gt-no-border-mobile is-layout-flow wp-block-column-is-layout-flow\">\n<details class=\"wp-block-details is-layout-flow wp-block-details-is-layout-flow\" style=\"padding-top:var(--wp--preset--spacing--20);padding-right:var(--wp--preset--spacing--30);padding-bottom:var(--wp--preset--spacing--20);padding-left:0\"><summary>Wat als we na de receptietijden aankomen?<\/summary>\n<p>Maak je geen zorgen, als je buiten de openingstijden van de receptie aankomt, bieden we je een alternatief dankzij de beveiligers ter plaatse. Aarzel niet om contact met ons op te nemen voor meer informatie. <\/p>\n<\/details>\n<\/div>\n\n\n\n<div class=\"wp-block-column gt-no-border-mobile is-layout-flow wp-block-column-is-layout-flow\" style=\"border-left-width:1px\">\n<details class=\"wp-block-details is-layout-flow wp-block-details-is-layout-flow\" style=\"padding-top:var(--wp--preset--spacing--20);padding-right:0;padding-bottom:var(--wp--preset--spacing--20);padding-left:var(--wp--preset--spacing--30)\"><summary>Hoeveel auto&#8217;s kunnen we parkeren per plaats?<\/summary>\n<p>Je kunt \u00e9\u00e9n auto per plek parkeren en op de parkeerplaats buiten kun je indien nodig andere voertuigen parkeren.<\/p>\n<\/details>\n<\/div>\n<\/div>\n\n\n\n<div class=\"wp-block-columns alignwide gt-no-border-mobile is-layout-flex wp-container-core-columns-is-layout-4 wp-block-columns-is-layout-flex\" style=\"padding-top:0;padding-bottom:0\">\n<div class=\"wp-block-column gt-no-border-mobile is-layout-flow wp-block-column-is-layout-flow\">\n<details class=\"wp-block-details is-layout-flow wp-block-details-is-layout-flow\" style=\"padding-top:var(--wp--preset--spacing--20);padding-right:var(--wp--preset--spacing--30);padding-bottom:var(--wp--preset--spacing--20);padding-left:0\"><summary>Kun je vrienden uitnodigen? Hebben mijn bezoekers toegang tot het zwembad? <\/summary>\n<p>Als er bezoekers komen, moet u de receptie hiervan op de hoogte stellen. Ze kunnen de dag met je doorbrengen, maar kunnen niet ter plaatse slapen als je de maximale capaciteit van de stacaravan hebt bereikt (maximaal 6 personen, behalve voor de 2-persoonsstacaravan en het 4-persoonschalet). <strong>Bezoekers hebben geen toegang tot het zwembad<\/strong>, maar kunnen wel lunchen in het restaurant, iets drinken in de bar en gebruikmaken van de faciliteiten (zoals het jeu de boules-baan en voetbalveld). Het zwembad is de enige ruimte waar ze geen toegang toe hebben, om redenen van verzekering en capaciteit.  <\/p>\n<\/details>\n<\/div>\n\n\n\n<div class=\"wp-block-column gt-no-border-mobile is-layout-flow wp-block-column-is-layout-flow\" style=\"border-left-width:1px\">\n<p class=\"has-contrast-color has-text-color has-link-color has-sogo-font-family has-large-font-size wp-elements-00b96d7c1dbdad82a92dd7666a703d0d\" style=\"margin-top:0;margin-bottom:0;padding-top:var(--wp--preset--spacing--20);padding-right:var(--wp--preset--spacing--30);padding-bottom:0;padding-left:var(--wp--preset--spacing--30)\"><a href=\"https:\/\/camping-del-mar.com\/nl\/contact-en-toegang-argeles-sur-mer\/#faq\">Lees de volledige FAQ<\/a><\/p>\n<\/div>\n<\/div>\n<\/div>\n<\/div>\n\n<div style=\"height:6rem\" aria-hidden=\"true\" class=\"wp-block-spacer\"><\/div>\n\n<div class=\"wp-block-cover alignfull has-custom-content-position is-position-top-center gt-section-avis gt-reveal gt-cover-parallax-down\" style=\"padding-top:0;padding-right:0;padding-bottom:0;padding-left:0\"><span aria-hidden=\"true\" class=\"wp-block-cover__background has-base-2-background-color has-background-dim\"><\/span><img data-dominant-color=\"a8af86\" data-has-transparency=\"false\" style=\"--dominant-color: #a8af86;\" decoding=\"async\" width=\"1920\" height=\"898\" class=\"wp-block-cover__image-background wp-image-5076 not-transparent\" alt=\"avis de nos clients\" src=\"https:\/\/camping-del-mar.com\/wp-content\/uploads\/sites\/2\/2024\/11\/avis-de-nos-clients.webp\" data-object-fit=\"cover\" srcset=\"https:\/\/camping-del-mar.com\/wp-content\/uploads\/sites\/2\/2024\/11\/avis-de-nos-clients.webp 1920w, https:\/\/camping-del-mar.com\/wp-content\/uploads\/sites\/2\/2024\/11\/avis-de-nos-clients-300x140.webp 300w, https:\/\/camping-del-mar.com\/wp-content\/uploads\/sites\/2\/2024\/11\/avis-de-nos-clients-1024x479.webp 1024w, https:\/\/camping-del-mar.com\/wp-content\/uploads\/sites\/2\/2024\/11\/avis-de-nos-clients-768x359.webp 768w, https:\/\/camping-del-mar.com\/wp-content\/uploads\/sites\/2\/2024\/11\/avis-de-nos-clients-1536x718.webp 1536w\" sizes=\"(max-width: 1920px) 100vw, 1920px\" \/><div class=\"wp-block-cover__inner-container has-global-padding is-layout-constrained wp-container-core-cover-is-layout-5 wp-block-cover-is-layout-constrained\">\n<div class=\"wp-block-columns alignfull gt-no-border-mobile is-layout-flex wp-container-core-columns-is-layout-5 wp-block-columns-is-layout-flex\" style=\"border-bottom-width:1px;padding-right:var(--wp--preset--spacing--50);padding-left:var(--wp--preset--spacing--50)\">\n<div class=\"wp-block-column is-vertically-aligned-bottom overflow-hidden is-layout-flow wp-block-column-is-layout-flow\">\n<div style=\"height:5rem\" aria-hidden=\"true\" class=\"wp-block-spacer gt-hide-mobile\"><\/div>\n\n\n\n<div style=\"height:5rem\" aria-hidden=\"true\" class=\"wp-block-spacer\"><\/div>\n\n\n\n<div class=\"wp-block-group gt-no-border-mobile is-layout-flow wp-block-group-is-layout-flow\" style=\"margin-bottom:-1px;padding-top:1px\">\n<div class=\"wp-block-group gt-no-border-mobile is-layout-flow wp-block-group-is-layout-flow\" style=\"border-top-style:none;border-top-width:0px;border-right-width:1px;border-bottom-width:1px;border-left-width:1px;margin-top:0;padding-top:var(--wp--preset--spacing--30);padding-right:var(--wp--preset--spacing--30);padding-bottom:0;padding-left:var(--wp--preset--spacing--30)\">\n<figure class=\"wp-block-image size-full gt-border-quote gt-hide-mobile\"><img data-dominant-color=\"e6e0cc\" data-has-transparency=\"true\" decoding=\"async\" width=\"118\" height=\"71\" src=\"https:\/\/camping-del-mar.com\/wp-content\/uploads\/sites\/2\/2024\/08\/avis.png\" alt=\"mening\" class=\"wp-image-500 has-transparency\" style=\"--dominant-color: #e6e0cc; object-fit:contain\"\/><\/figure>\n\n\n\n<p style=\"font-style:normal;font-weight:300\">Zeer aangename camping, zeer schoon, vriendelijk en behulpzaam personeel. Stacaravan zeer goed plus plancha en ligstoelen terras schaduwrijk en veilig met kinderen. <\/p>\n\n\n\n<div class=\"wp-block-group is-nowrap is-layout-flex wp-container-core-group-is-layout-113 wp-block-group-is-layout-flex\">\n<figure class=\"wp-block-image size-full is-resized has-custom-border\"><img data-dominant-color=\"6e7272\" data-has-transparency=\"false\" decoding=\"async\" width=\"100\" height=\"100\" src=\"https:\/\/camping-del-mar.com\/wp-content\/uploads\/sites\/2\/2024\/10\/gilles-d.webp\" alt=\"gilles d\" class=\"wp-image-4868 not-transparent\" style=\"--dominant-color: #6e7272; border-top-left-radius:100%;border-top-right-radius:100%;border-bottom-left-radius:0%;border-bottom-right-radius:0%;aspect-ratio:1;object-fit:cover;width:100px\"\/><\/figure>\n\n\n\n<div class=\"wp-block-group has-global-padding is-layout-constrained wp-container-core-group-is-layout-112 wp-block-group-is-layout-constrained\">\n<p>Gilles D.<\/p>\n\n\n\n<div class=\"wp-block-group has-base-color has-text-color has-link-color wp-elements-16e1265a4b2de9ca2e166c7b48a3e78f is-nowrap is-layout-flex wp-container-core-group-is-layout-111 wp-block-group-is-layout-flex\">\n<p>\u2605<\/p>\n\n\n\n<p class=\"has-base-color has-text-color has-link-color wp-elements-74fd8190bfa4cba59ec35e7df5dbe2ce\">\u2605<\/p>\n\n\n\n<p>\u2605<\/p>\n\n\n\n<p>\u2605<\/p>\n\n\n\n<p>\u2605<\/p>\n<\/div>\n<\/div>\n<\/div>\n<\/div>\n<\/div>\n<\/div>\n\n\n\n<div class=\"wp-block-column is-vertically-aligned-top gt-hide-mobile is-layout-flow wp-block-column-is-layout-flow\" style=\"flex-basis:14rem\">\n<div class=\"wp-block-group has-global-padding is-layout-constrained wp-block-group-is-layout-constrained\" style=\"margin-bottom:var(--wp--preset--spacing--40)\">\n<div class=\"wp-block-group gt-reveal-down has-global-padding is-layout-constrained wp-container-core-group-is-layout-117 wp-block-group-is-layout-constrained\">\n<div class=\"wp-block-group has-base-background-color has-background is-layout-flow wp-block-group-is-layout-flow\" style=\"min-height:10rem\"><\/div>\n<\/div>\n\n\n\n<figure class=\"wp-block-image aligncenter size-full gt-reveal-down wp-duotone-rgb253249249-rgb255255255-17\"><img data-dominant-color=\"b15526\" data-has-transparency=\"true\" style=\"--dominant-color: #b15526;\" decoding=\"async\" width=\"43\" height=\"21\" src=\"https:\/\/campingclosduthym.com\/wp-content\/uploads\/sites\/5\/2024\/08\/separator.png\" alt=\"scheider\" class=\"wp-image-150 has-transparency\"\/><\/figure>\n<\/div>\n\n\n\n<div class=\"wp-block-group alignwide wp-container-content-20 is-layout-flow wp-block-group-is-layout-flow\" style=\"margin-top:0;padding-right:0;padding-left:0\">\n<p class=\"gt-sliding-text-center has-base-color has-text-color has-link-color has-sogo-font-family wp-elements-5d630e5d55b1ddf2159be47f44825292\" style=\"margin-top:0;margin-right:0;margin-bottom:0;margin-left:22px;font-size:clamp(2.629rem, 2.629rem + ((1vw - 0.2rem) * 3.952), 5rem);font-style:normal;font-weight:300;line-height:1;text-transform:uppercase\">Opinie<\/p>\n<\/div>\n<\/div>\n\n\n\n<div class=\"wp-block-column is-vertically-aligned-bottom overflow-hidden is-layout-flow wp-block-column-is-layout-flow\" style=\"padding-top:var(--wp--preset--spacing--30)\">\n<div class=\"wp-block-group is-layout-flow wp-block-group-is-layout-flow\" style=\"margin-bottom:-1px;padding-top:1px\">\n<div class=\"wp-block-group gt-no-border-mobile is-layout-flow wp-block-group-is-layout-flow\" style=\"border-top-style:none;border-top-width:0px;border-right-width:1px;border-bottom-width:1px;border-left-width:1px;margin-top:0;padding-top:var(--wp--preset--spacing--30);padding-right:var(--wp--preset--spacing--30);padding-bottom:0;padding-left:var(--wp--preset--spacing--30)\">\n<figure class=\"wp-block-image size-full gt-border-quote gt-hide-mobile\"><img data-dominant-color=\"e6e0cc\" data-has-transparency=\"true\" decoding=\"async\" width=\"118\" height=\"71\" src=\"https:\/\/camping-del-mar.com\/wp-content\/uploads\/sites\/2\/2024\/08\/avis.png\" alt=\"mening\" class=\"wp-image-500 has-transparency\" style=\"--dominant-color: #e6e0cc; object-fit:contain\"\/><\/figure>\n\n\n\n<p style=\"font-style:normal;font-weight:300\">We hebben een geweldig verblijf gehad op camping del mar. Het personeel is erg gastvrij, de camping is zeer goed onderhouden, het zwembad is aangenaam en heeft voldoende ligstoelen. <\/p>\n\n\n\n<div class=\"wp-block-group is-nowrap is-layout-flex wp-container-core-group-is-layout-122 wp-block-group-is-layout-flex\">\n<figure class=\"wp-block-image size-full is-resized has-custom-border\"><img data-dominant-color=\"a6855c\" data-has-transparency=\"false\" decoding=\"async\" width=\"100\" height=\"100\" src=\"https:\/\/camping-del-mar.com\/wp-content\/uploads\/sites\/2\/2024\/10\/melissa-m.webp\" alt=\"melissa m\" class=\"wp-image-4870 not-transparent\" style=\"--dominant-color: #a6855c; border-top-left-radius:100%;border-top-right-radius:100%;border-bottom-left-radius:0%;border-bottom-right-radius:0%;aspect-ratio:1;object-fit:cover;width:100px\"\/><\/figure>\n\n\n\n<div class=\"wp-block-group has-global-padding is-layout-constrained wp-container-core-group-is-layout-121 wp-block-group-is-layout-constrained\">\n<p>Melissa M.<\/p>\n\n\n\n<div class=\"wp-block-group has-base-color has-text-color has-link-color wp-elements-8109930990477f378b76b756fbf10cb4 is-nowrap is-layout-flex wp-container-core-group-is-layout-120 wp-block-group-is-layout-flex\">\n<p>\u2605<\/p>\n\n\n\n<p>\u2605<\/p>\n\n\n\n<p>\u2605<\/p>\n\n\n\n<p>\u2605<\/p>\n\n\n\n<p>\u2606<\/p>\n<\/div>\n<\/div>\n<\/div>\n<\/div>\n<\/div>\n<\/div>\n<\/div>\n\n\n\n<div style=\"height:3rem\" aria-hidden=\"true\" class=\"wp-block-spacer\"><\/div>\n\n\n\n<div class=\"wp-block-columns alignwide are-vertically-aligned-center is-layout-flex wp-container-core-columns-is-layout-6 wp-block-columns-is-layout-flex\">\n<div class=\"wp-block-column is-vertically-aligned-center gt-hide-mobile is-layout-flow wp-block-column-is-layout-flow\">\n<hr class=\"wp-block-separator has-text-color has-base-color has-alpha-channel-opacity has-base-background-color has-background is-style-wide\" \/>\n<\/div>\n\n\n\n<div class=\"wp-block-column is-vertically-aligned-center is-layout-flow wp-block-column-is-layout-flow\" style=\"flex-basis:200px\">\n<p class=\"has-text-align-center has-link-color has-sogo-font-family has-large-font-size wp-elements-651bc69d3b7bdc2116efce40b81ead94\"><a href=\"https:\/\/www.google.com\/travel\/search?gsas=1&amp;ts=EggKAggDCgIIAxocEhoSFAoHCOgPEAoYAhIHCOgPEAoYAxgBMgIQAA&amp;qs=MhRDZ3NJeXVpNnQ5X3ktS0dRQVJBQjgC&amp;ap=ugEHcmV2aWV3cw&amp;client=firefox-b-d&amp;hl=fr-FR&amp;ved=0CAAQ5JsGahcKEwiQn5j-nO2IAxUAAAAAHQAAAAAQEA\" data-type=\"page\" data-id=\"877\" target=\"_blank\" rel=\"noreferrer noopener\">Alle beoordelingen<\/a><\/p>\n<\/div>\n\n\n\n<div class=\"wp-block-column is-vertically-aligned-center gt-hide-mobile is-layout-flow wp-block-column-is-layout-flow\">\n<hr class=\"wp-block-separator has-text-color has-base-color has-alpha-channel-opacity has-base-background-color has-background is-style-wide\" \/>\n<\/div>\n<\/div>\n\n\n\n<div style=\"height:3rem\" aria-hidden=\"true\" class=\"wp-block-spacer\"><\/div>\n<\/div><\/div>\n\n<div style=\"height:var(--wp--preset--spacing--20)\" aria-hidden=\"true\" class=\"wp-block-spacer\"><\/div>\n","protected":false},"excerpt":{"rendered":"<p>JE VERHAAL SCHRIJVEN Verblijf op 500 mvan het strand op eengezinsvriendelijke camping in Argel\u00e8s-sur-Mer Ontdek camping Del Mar, een 4-sterren familiecamping in Argel\u00e8s-sur-Mer. Op slechts 500 m van het strand kunt u genieten van een onvergetelijke vakantie met uw voeten in het water. Onze camping is ideaal voor gezinnen en biedt moderne voorzieningen en verschillende [&hellip;]<\/p>\n","protected":false},"author":1,"featured_media":0,"parent":0,"menu_order":0,"comment_status":"closed","ping_status":"closed","template":"","meta":{"_acf_changed":false,"_seopress_robots_primary_cat":"","_seopress_titles_title":"4-sterren camping in Argel\u00e8s-sur-Mer, Pyr\u00e9n\u00e9es-Orientales","_seopress_titles_desc":"Boek je droomvakantie op een 4-sterrencamping op slechts 500 meter van het strand van Argel\u00e8s-sur-Mer! Geniet van eersteklas services, een zwemparadijs... ","_seopress_robots_index":"","_gt_ctv_global_id":"","_gt_ctv_id_group":false,"inline_featured_image":false,"gt_fse_maillage_image":"","gt_fse_maillage_titre":"Home","gt_fse_maillage_resume":"","_gt_maillage_image":0,"_gt_maillage_video":0,"_gt_maillage_title":"","footnotes":""},"categories":[],"tags":[],"class_list":["post-7014","page","type-page","status-publish","hentry"],"acf":[],"_links":{"self":[{"href":"https:\/\/camping-del-mar.com\/nl\/wp-json\/wp\/v2\/pages\/7014","targetHints":{"allow":["GET"]}}],"collection":[{"href":"https:\/\/camping-del-mar.com\/nl\/wp-json\/wp\/v2\/pages"}],"about":[{"href":"https:\/\/camping-del-mar.com\/nl\/wp-json\/wp\/v2\/types\/page"}],"author":[{"embeddable":true,"href":"https:\/\/camping-del-mar.com\/nl\/wp-json\/wp\/v2\/users\/1"}],"replies":[{"embeddable":true,"href":"https:\/\/camping-del-mar.com\/nl\/wp-json\/wp\/v2\/comments?post=7014"}],"version-history":[{"count":7,"href":"https:\/\/camping-del-mar.com\/nl\/wp-json\/wp\/v2\/pages\/7014\/revisions"}],"predecessor-version":[{"id":7700,"href":"https:\/\/camping-del-mar.com\/nl\/wp-json\/wp\/v2\/pages\/7014\/revisions\/7700"}],"wp:attachment":[{"href":"https:\/\/camping-del-mar.com\/nl\/wp-json\/wp\/v2\/media?parent=7014"}],"wp:term":[{"taxonomy":"category","embeddable":true,"href":"https:\/\/camping-del-mar.com\/nl\/wp-json\/wp\/v2\/categories?post=7014"},{"taxonomy":"post_tag","embeddable":true,"href":"https:\/\/camping-del-mar.com\/nl\/wp-json\/wp\/v2\/tags?post=7014"}],"curies":[{"name":"wp","href":"https:\/\/api.w.org\/{rel}","templated":true}]}}