{"id":6955,"date":"2024-08-13T10:52:51","date_gmt":"2024-08-13T08:52:51","guid":{"rendered":"https:\/\/camping-del-mar.com\/location-mobil-home-argeles-sur-mer\/"},"modified":"2025-01-13T14:51:46","modified_gmt":"2025-01-13T13:51:46","slug":"verhuur-stacaravans-argeles-sur-mer","status":"publish","type":"page","link":"https:\/\/camping-del-mar.com\/nl\/verhuur-stacaravans-argeles-sur-mer\/","title":{"rendered":"Huur een comfortabele stacaravan in de Pyr\u00e9n\u00e9es-Orientales"},"content":{"rendered":"\n<div style=\"height:var(--wp--preset--spacing--20)\" aria-hidden=\"true\" class=\"wp-block-spacer gt-hide-mobile\"><\/div>\n\n<div class=\"wp-block-group alignfull gt-hide-mobile gt-break-mobile is-content-justification-right is-nowrap is-layout-flex wp-container-core-group-is-layout-32 wp-block-group-is-layout-flex\">\n<div class=\"wp-block-group alignwide gt-absolute-text gt-hide-mobile wp-container-content-1 is-content-justification-right is-nowrap is-layout-flex wp-container-core-group-is-layout-1 wp-block-group-is-layout-flex\" style=\"margin-top:0;margin-bottom:50rem;padding-right:0;padding-left:0\">\n<p class=\"gt-sliding-text-y has-contrast-3-color has-text-color has-link-color has-sogo-font-family wp-elements-a92b4ea3c3995db28f67696f899e3d10\" style=\"margin-top:0;margin-right:0px;margin-bottom:0;margin-left:0;font-size:7vw;font-style:normal;font-weight:300;line-height:1.25;text-transform:uppercase\">Onze assortimenten<\/p>\n<\/div>\n\n\n\n<div class=\"wp-block-group gt-hebergements-slider-2-wrap has-accent-2-background-color has-background wp-container-content-14 has-global-padding is-layout-constrained wp-block-group-is-layout-constrained\">\n<div class=\"wp-block-group alignfull is-layout-flow wp-block-group-is-layout-flow\" style=\"padding-top:0;padding-right:var(--wp--preset--spacing--60);padding-bottom:var(--wp--preset--spacing--30);padding-left:var(--wp--preset--spacing--60)\">\n<div class=\"wp-block-group gt-reveal-down has-global-padding is-layout-constrained wp-container-core-group-is-layout-3 wp-block-group-is-layout-constrained\" style=\"margin-top:-3rem\">\n<div class=\"wp-block-group has-contrast-3-background-color has-background is-layout-flow wp-block-group-is-layout-flow\" style=\"min-height:6rem\"><\/div>\n<\/div>\n\n\n\n<figure class=\"wp-block-image aligncenter size-full gt-reveal-down wp-duotone-132f44-132f44-1\"><img data-dominant-color=\"b15526\" data-has-transparency=\"true\" style=\"--dominant-color: #b15526;\" decoding=\"async\" width=\"43\" height=\"21\" src=\"https:\/\/campingclosduthym.com\/wp-content\/uploads\/sites\/5\/2024\/08\/separator.png\" alt=\"scheider\" class=\"wp-image-150 has-transparency\"\/><\/figure>\n\n\n<h2 class=\"wp-block-heading has-text-align-center gt-reveal-down has-accent-color has-text-color has-link-color wp-elements-e8f6a46fec76271719b29c6a4fa2972c\" id=\"ons-aanbod-van-stacaravans-te-huur-in-argeles-sur-mer\">Ons aanbod van stacaravans te huur in Argel\u00e8s-sur-Mer<\/h2><\/div>\n\n\n\n<div class=\"wp-block-group alignfull gt-swiper-hebergements-2 has-global-padding is-layout-constrained wp-container-core-group-is-layout-30 wp-block-group-is-layout-constrained\" style=\"padding-right:0\">\n<div class=\"wp-block-group alignfull gt-is-slider gt-is-slider-desktop is-nowrap is-layout-flex wp-container-core-group-is-layout-29 wp-block-group-is-layout-flex\" style=\"padding-right:0\"><a href=\"https:\/\/camping-del-mar.com\/gamme-excellence\/\"    class=\"wp-block-tiptip-hyperlink-group-block\" >\n<div class=\"wp-block-group has-global-padding is-layout-constrained wp-container-core-group-is-layout-8 wp-block-group-is-layout-constrained\" style=\"border-right-color:var(--wp--preset--color--accent);border-right-width:1px;padding-right:32px\">\n<figure class=\"wp-block-image size-full is-resized\"><img data-dominant-color=\"968968\" data-has-transparency=\"false\" decoding=\"async\" width=\"480\" height=\"853\" src=\"https:\/\/camping-del-mar.com\/wp-content\/uploads\/sites\/2\/2024\/11\/del-mar-gamme-excellence-location-mobil-home-argeles-sur-mer.webp\" alt=\"del mar gamme excellence verhuur stacaravan argeles sur mer\" class=\"wp-image-5595 not-transparent\" style=\"--dominant-color: #968968; aspect-ratio:9\/16;object-fit:cover;width:480px\" srcset=\"https:\/\/camping-del-mar.com\/wp-content\/uploads\/sites\/2\/2024\/11\/del-mar-gamme-excellence-location-mobil-home-argeles-sur-mer.webp 480w, https:\/\/camping-del-mar.com\/wp-content\/uploads\/sites\/2\/2024\/11\/del-mar-gamme-excellence-location-mobil-home-argeles-sur-mer-169x300.webp 169w\" sizes=\"(max-width: 480px) 100vw, 480px\" \/><\/figure>\n\n\n\n<div class=\"wp-block-group is-layout-flow wp-block-group-is-layout-flow\" style=\"padding-right:var(--wp--preset--spacing--20);padding-left:var(--wp--preset--spacing--20)\">\n<p class=\"has-sogo-font-family\" style=\"font-size:clamp(0.984rem, 0.984rem + ((1vw - 0.2rem) * 0.86), 1.5rem);\"><mark class=\"has-inline-color has-accent-color\">01.<\/mark> Excellence-reeks<\/p>\n<\/div>\n<\/div>\n<\/a>\n\n<a href=\"https:\/\/camping-del-mar.com\/gamme-premium\/\"    class=\"wp-block-tiptip-hyperlink-group-block\" >\n<div class=\"wp-block-group has-global-padding is-layout-constrained wp-container-core-group-is-layout-12 wp-block-group-is-layout-constrained\" style=\"border-right-color:var(--wp--preset--color--accent);border-right-width:1px;padding-right:32px\">\n<figure class=\"wp-block-image size-full is-resized\"><img data-dominant-color=\"9a8966\" data-has-transparency=\"false\" decoding=\"async\" width=\"480\" height=\"853\" src=\"https:\/\/camping-del-mar.com\/wp-content\/uploads\/sites\/2\/2024\/11\/del-mar-gamme-premium-location-mobil-home-argeles-sur-mer.webp\" alt=\"verhuur stacaravan del mar premium range argeles sur mer\" class=\"wp-image-5592 not-transparent\" style=\"--dominant-color: #9a8966; aspect-ratio:9\/16;object-fit:cover;width:480px\" srcset=\"https:\/\/camping-del-mar.com\/wp-content\/uploads\/sites\/2\/2024\/11\/del-mar-gamme-premium-location-mobil-home-argeles-sur-mer.webp 480w, https:\/\/camping-del-mar.com\/wp-content\/uploads\/sites\/2\/2024\/11\/del-mar-gamme-premium-location-mobil-home-argeles-sur-mer-169x300.webp 169w\" sizes=\"(max-width: 480px) 100vw, 480px\" \/><\/figure>\n\n\n\n<div class=\"wp-block-group is-layout-flow wp-block-group-is-layout-flow\" style=\"padding-right:var(--wp--preset--spacing--20);padding-left:var(--wp--preset--spacing--20)\">\n<p class=\"has-sogo-font-family\" style=\"font-size:clamp(0.984rem, 0.984rem + ((1vw - 0.2rem) * 0.86), 1.5rem);\"><mark class=\"has-inline-color has-accent-color\">02.<\/mark> Premium assortiment<\/p>\n<\/div>\n<\/div>\n<\/a>\n\n<a href=\"https:\/\/camping-del-mar.com\/gamme-superieur\/\"    class=\"wp-block-tiptip-hyperlink-group-block\" >\n<div class=\"wp-block-group has-global-padding is-layout-constrained wp-container-core-group-is-layout-16 wp-block-group-is-layout-constrained\" style=\"border-right-color:var(--wp--preset--color--accent);border-right-width:1px;padding-right:32px\">\n<figure class=\"wp-block-image size-full is-resized\"><img data-dominant-color=\"a09989\" data-has-transparency=\"false\" decoding=\"async\" width=\"480\" height=\"853\" src=\"https:\/\/camping-del-mar.com\/wp-content\/uploads\/sites\/2\/2024\/11\/del-mar-gamme-superieur-location-mobil-home-argeles-sur-mer.webp\" alt=\"del mar gamme superieur verhuur stacaravan argeles sur mer\" class=\"wp-image-5590 not-transparent\" style=\"--dominant-color: #a09989; aspect-ratio:9\/16;object-fit:cover;width:480px\" srcset=\"https:\/\/camping-del-mar.com\/wp-content\/uploads\/sites\/2\/2024\/11\/del-mar-gamme-superieur-location-mobil-home-argeles-sur-mer.webp 480w, https:\/\/camping-del-mar.com\/wp-content\/uploads\/sites\/2\/2024\/11\/del-mar-gamme-superieur-location-mobil-home-argeles-sur-mer-169x300.webp 169w\" sizes=\"(max-width: 480px) 100vw, 480px\" \/><\/figure>\n\n\n\n<div class=\"wp-block-group is-layout-flow wp-block-group-is-layout-flow\" style=\"padding-right:var(--wp--preset--spacing--20);padding-left:var(--wp--preset--spacing--20)\">\n<p class=\"has-sogo-font-family\" style=\"font-size:clamp(0.984rem, 0.984rem + ((1vw - 0.2rem) * 0.86), 1.5rem);\"><mark class=\"has-inline-color has-accent-color\">03.<\/mark> Superieur bereik<\/p>\n<\/div>\n<\/div>\n<\/a>\n\n<a href=\"https:\/\/camping-del-mar.com\/gamme-classique\/\"    class=\"wp-block-tiptip-hyperlink-group-block\" >\n<div class=\"wp-block-group has-global-padding is-layout-constrained wp-container-core-group-is-layout-20 wp-block-group-is-layout-constrained\" style=\"border-right-color:var(--wp--preset--color--accent);border-right-width:1px;padding-right:32px\">\n<figure class=\"wp-block-image size-full is-resized\"><img data-dominant-color=\"8d8674\" data-has-transparency=\"false\" decoding=\"async\" width=\"480\" height=\"853\" src=\"https:\/\/camping-del-mar.com\/wp-content\/uploads\/sites\/2\/2024\/11\/del-mar-gamme-classique-location-mobil-home-argeles-sur-mer.webp\" alt=\"verhuur stacaravan del mar classic range argeles sur mer\" class=\"wp-image-5588 not-transparent\" style=\"--dominant-color: #8d8674; aspect-ratio:9\/16;object-fit:cover;width:480px\" srcset=\"https:\/\/camping-del-mar.com\/wp-content\/uploads\/sites\/2\/2024\/11\/del-mar-gamme-classique-location-mobil-home-argeles-sur-mer.webp 480w, https:\/\/camping-del-mar.com\/wp-content\/uploads\/sites\/2\/2024\/11\/del-mar-gamme-classique-location-mobil-home-argeles-sur-mer-169x300.webp 169w\" sizes=\"(max-width: 480px) 100vw, 480px\" \/><\/figure>\n\n\n\n<div class=\"wp-block-group is-layout-flow wp-block-group-is-layout-flow\" style=\"padding-right:var(--wp--preset--spacing--20);padding-left:var(--wp--preset--spacing--20)\">\n<p class=\"has-sogo-font-family\" style=\"font-size:clamp(0.984rem, 0.984rem + ((1vw - 0.2rem) * 0.86), 1.5rem);\"><mark class=\"has-inline-color has-accent-color\">04.<\/mark> Klassiek assortiment<\/p>\n<\/div>\n<\/div>\n<\/a>\n\n<a href=\"https:\/\/camping-del-mar.com\/gamme-mobil-home-studio\/\"    class=\"wp-block-tiptip-hyperlink-group-block\" >\n<div class=\"wp-block-group has-global-padding is-layout-constrained wp-container-core-group-is-layout-24 wp-block-group-is-layout-constrained\" style=\"border-right-color:var(--wp--preset--color--accent);border-right-width:1px;padding-right:32px\">\n<figure class=\"wp-block-image size-full is-resized\"><img data-dominant-color=\"9fa28b\" data-has-transparency=\"false\" decoding=\"async\" width=\"480\" height=\"853\" src=\"https:\/\/camping-del-mar.com\/wp-content\/uploads\/sites\/2\/2024\/11\/del-mar-gamme-studio-location-mobil-home-argeles-sur-mer.webp\" alt=\"verhuur stacaravan del mar studio range argeles sur mer\" class=\"wp-image-5586 not-transparent\" style=\"--dominant-color: #9fa28b; aspect-ratio:9\/16;object-fit:cover;width:480px\" srcset=\"https:\/\/camping-del-mar.com\/wp-content\/uploads\/sites\/2\/2024\/11\/del-mar-gamme-studio-location-mobil-home-argeles-sur-mer.webp 480w, https:\/\/camping-del-mar.com\/wp-content\/uploads\/sites\/2\/2024\/11\/del-mar-gamme-studio-location-mobil-home-argeles-sur-mer-169x300.webp 169w\" sizes=\"(max-width: 480px) 100vw, 480px\" \/><\/figure>\n\n\n\n<div class=\"wp-block-group is-layout-flow wp-block-group-is-layout-flow\" style=\"padding-right:var(--wp--preset--spacing--20);padding-left:var(--wp--preset--spacing--20)\">\n<p class=\"has-sogo-font-family\" style=\"font-size:clamp(0.984rem, 0.984rem + ((1vw - 0.2rem) * 0.86), 1.5rem);\"><mark class=\"has-inline-color has-accent-color\">05.<\/mark> Studiowaaier<\/p>\n<\/div>\n<\/div>\n<\/a>\n\n<a href=\"https:\/\/camping-del-mar.com\/gamme-chalet\/\"    class=\"wp-block-tiptip-hyperlink-group-block\" >\n<div class=\"wp-block-group has-global-padding is-layout-constrained wp-container-core-group-is-layout-28 wp-block-group-is-layout-constrained\" style=\"border-right-color:var(--wp--preset--color--accent);border-right-width:1px;padding-right:32px\">\n<figure class=\"wp-block-image size-full is-resized\"><img data-dominant-color=\"928e83\" data-has-transparency=\"false\" decoding=\"async\" width=\"480\" height=\"853\" src=\"https:\/\/camping-del-mar.com\/wp-content\/uploads\/sites\/2\/2024\/11\/del-mar-gamme-chalet-location-mobil-home-argeles-sur-mer.webp\" alt=\"verhuur stacaravan del mar range chalet argeles sur mer\" class=\"wp-image-5584 not-transparent\" style=\"--dominant-color: #928e83; aspect-ratio:9\/16;object-fit:cover;width:480px\" srcset=\"https:\/\/camping-del-mar.com\/wp-content\/uploads\/sites\/2\/2024\/11\/del-mar-gamme-chalet-location-mobil-home-argeles-sur-mer.webp 480w, https:\/\/camping-del-mar.com\/wp-content\/uploads\/sites\/2\/2024\/11\/del-mar-gamme-chalet-location-mobil-home-argeles-sur-mer-169x300.webp 169w\" sizes=\"(max-width: 480px) 100vw, 480px\" \/><\/figure>\n\n\n\n<div class=\"wp-block-group is-layout-flow wp-block-group-is-layout-flow\" style=\"padding-right:var(--wp--preset--spacing--20);padding-left:var(--wp--preset--spacing--20)\">\n<p class=\"has-sogo-font-family\" style=\"font-size:clamp(0.984rem, 0.984rem + ((1vw - 0.2rem) * 0.86), 1.5rem);\"><mark class=\"has-inline-color has-accent-color\">06.<\/mark> Chalet serie<\/p>\n<\/div>\n<\/div>\n<\/a><\/div>\n<\/div>\n\n\n\n<div style=\"height:6rem;width:0px\" aria-hidden=\"true\" class=\"wp-block-spacer gt-hide-mobile\"><\/div>\n<\/div>\n<\/div>\n\n<div class=\"wp-block-group alignwide is-layout-flow wp-block-group-is-layout-flow\" style=\"padding-top:0;padding-bottom:0\">\n<div class=\"wp-block-columns are-vertically-aligned-center is-layout-flex wp-container-core-columns-is-layout-1 wp-block-columns-is-layout-flex\" style=\"padding-right:0;padding-left:0\">\n<div class=\"wp-block-column is-vertically-aligned-center is-layout-flow wp-block-column-is-layout-flow\">\n<p><strong>Groen en een andere omgeving<\/strong><br\/>Onze accommodatie is zorgvuldig ingericht in een <strong>bevoorrechte omgeving<\/strong>, tussen groen en een andere omgeving. Geniet van een <strong>adembenemend uitzicht op het Alb\u00e8res-massief<\/strong> vanaf onze <a href=\"https:\/\/camping-del-mar.com\/nl\/\">camping in Argel\u00e8s-sur-Mer<\/a>, een schilderachtige achtergrond voor je zonnige dagen. <\/p>\n\n\n\n<p><strong><strong>Behouden privacy<\/strong><\/strong> <br\/>De kampeerplaatsen op Camping Del Mar zijn omzoomd door <strong>beplante heggen<\/strong>, zodat elke kampeerder <strong>privacy heeft<\/strong>. Van de Classic tot de Excellence serie, wij bieden een verscheidenheid aan <a href=\"https:\/\/camping-del-mar.com\/nl\/goedkoop-camping-argeles-sur-mer\/\">accommodaties tegen de beste prijzen in de Pyrenee\u00ebn-Orientales<\/a> om aan al je verwachtingen te voldoen. <\/p>\n\n\n\n<p><strong><strong><strong>Comfort en persoonlijke aandacht<\/strong><\/strong><\/strong> <br\/>Sandra helpt je graag bij het kiezen van de accommodatie die het beste bij je past. Al onze accommodaties zijn <strong>volledig uitgerust<\/strong> en ingericht voor <strong>optimaal comfort<\/strong> (beddengoed en handdoeken niet aanwezig). Geniet <strong>van airconditioning<\/strong>, <strong>televisie<\/strong> en een <strong>gasfornuis<\/strong> voor onge\u00ebvenaarde ontspanning.  <\/p>\n<\/div>\n\n\n\n<div class=\"wp-block-column is-vertically-aligned-center is-layout-flow wp-container-core-column-is-layout-2 wp-block-column-is-layout-flow\">\n<div class=\"wp-block-group animated fadeIn slow is-layout-flow wp-block-group-is-layout-flow\">\n<figure data-wp-context=\"{&quot;imageId&quot;:&quot;69f0b821abf79&quot;}\" data-wp-interactive=\"core\/image\" class=\"wp-block-image size-full wp-lightbox-container\"><img data-dominant-color=\"a79f77\" data-has-transparency=\"false\" decoding=\"async\" width=\"648\" height=\"865\" data-wp-class--hide=\"state.isContentHidden\" data-wp-class--show=\"state.isContentVisible\" data-wp-init=\"callbacks.setButtonStyles\" data-wp-on-async--click=\"actions.showLightbox\" data-wp-on-async--load=\"callbacks.setButtonStyles\" data-wp-on-async-window--resize=\"callbacks.setButtonStyles\" src=\"https:\/\/camping-del-mar.com\/wp-content\/uploads\/sites\/2\/2024\/10\/chalets-et-mobil-homes-a-louer-argeles-sur-mer.webp\" alt=\"chalets en stacaravans te huur argeles sur mer\" class=\"wp-image-3936 not-transparent\" style=\"--dominant-color: #a79f77; aspect-ratio:3\/4;object-fit:cover\" srcset=\"https:\/\/camping-del-mar.com\/wp-content\/uploads\/sites\/2\/2024\/10\/chalets-et-mobil-homes-a-louer-argeles-sur-mer.webp 648w, https:\/\/camping-del-mar.com\/wp-content\/uploads\/sites\/2\/2024\/10\/chalets-et-mobil-homes-a-louer-argeles-sur-mer-225x300.webp 225w\" sizes=\"(max-width: 648px) 100vw, 648px\" \/><button\n\t\t\tclass=\"lightbox-trigger\"\n\t\t\ttype=\"button\"\n\t\t\taria-haspopup=\"dialog\"\n\t\t\taria-label=\"Vergroot afbeelding: chalets en stacaravans te huur argeles sur mer\"\n\t\t\tdata-wp-init=\"callbacks.initTriggerButton\"\n\t\t\tdata-wp-on-async--click=\"actions.showLightbox\"\n\t\t\tdata-wp-style--right=\"state.imageButtonRight\"\n\t\t\tdata-wp-style--top=\"state.imageButtonTop\"\n\t\t>\n\t\t\t<svg xmlns=\"http:\/\/www.w3.org\/2000\/svg\" width=\"12\" height=\"12\" fill=\"none\" viewBox=\"0 0 12 12\">\n\t\t\t\t<path fill=\"#fff\" d=\"M2 0a2 2 0 0 0-2 2v2h1.5V2a.5.5 0 0 1 .5-.5h2V0H2Zm2 10.5H2a.5.5 0 0 1-.5-.5V8H0v2a2 2 0 0 0 2 2h2v-1.5ZM8 12v-1.5h2a.5.5 0 0 0 .5-.5V8H12v2a2 2 0 0 1-2 2H8Zm2-12a2 2 0 0 1 2 2v2h-1.5V2a.5.5 0 0 0-.5-.5H8V0h2Z\" \/>\n\t\t\t<\/svg>\n\t\t<\/button><\/figure>\n<\/div>\n<\/div>\n<\/div>\n\n\n\n<div style=\"height:var(--wp--preset--spacing--20)\" aria-hidden=\"true\" class=\"wp-block-spacer gt-hide-mobile\"><\/div>\n<\/div>\n\n<div class=\"wp-block-group alignfull has-global-padding is-layout-constrained wp-block-group-is-layout-constrained\">\n<div class=\"wp-block-group alignfull gt-reveal gt-break-mobile is-content-justification-center is-nowrap is-layout-flex wp-container-core-group-is-layout-37 wp-block-group-is-layout-flex\">\n<figure class=\"wp-block-image size-full\"><img data-dominant-color=\"7a7c62\" data-has-transparency=\"false\" style=\"--dominant-color: #7a7c62;\" decoding=\"async\" width=\"662\" height=\"531\" src=\"https:\/\/camping-del-mar.com\/wp-content\/uploads\/sites\/2\/2024\/11\/immersion-dans-la-nature-avec-le-confort-a-portee-de-main.webp\" alt=\"ondergedompeld in de natuur met comfort binnen handbereik\" class=\"wp-image-5574 not-transparent\" srcset=\"https:\/\/camping-del-mar.com\/wp-content\/uploads\/sites\/2\/2024\/11\/immersion-dans-la-nature-avec-le-confort-a-portee-de-main.webp 662w, https:\/\/camping-del-mar.com\/wp-content\/uploads\/sites\/2\/2024\/11\/immersion-dans-la-nature-avec-le-confort-a-portee-de-main-300x241.webp 300w\" sizes=\"(max-width: 662px) 100vw, 662px\" \/><\/figure>\n\n\n\n<div class=\"wp-block-group is-nowrap is-layout-flex wp-container-core-group-is-layout-36 wp-block-group-is-layout-flex\" style=\"padding-right:var(--wp--preset--spacing--20);padding-left:var(--wp--preset--spacing--20)\">\n<div class=\"wp-block-group has-global-padding is-layout-constrained wp-block-group-is-layout-constrained\">\n<p class=\"has-medium-font-size\">Op Camping Del Mar geloven we dat de campingervaring meer is dan alleen accommodatie.<strong><em> Ondergedompeld in de natuur met comfort binnen handbereik.<\/em><\/strong><em>.<\/em><\/p>\n\n\n\n<p class=\"has-medium-font-size\">Boek nu je verblijf en ontdek de unieke charme van Camping Del Mar, waar natuur en welzijn elkaar ontmoeten.<\/p>\n\n\n\n<p class=\"has-medium-font-size\"><em><em><strong>Aankomst<\/strong>: al onze accommodaties zijn beschikbaar <strong>vanaf 17.00 uur.<\/strong><\/em><\/em> <br\/><strong>Vertrek<\/strong>: je moet je accommodatie <strong>voor 10 uur &#8216;s<\/strong> ochtends verlaten .<\/p>\n\n\n\n<p style=\"text-decoration:underline\"><strong><em>Al onze stacaravans zijn rookvrij<\/em><\/strong><\/p>\n\n\n\n<p class=\"has-medium-font-size\"><strong><em>Het saldo van de huurprijs moet uiterlijk 30 dagen voor aankomst op de camping worden betaald.<\/em><\/strong><\/p>\n<\/div>\n<\/div>\n<\/div>\n\n\n\n<div style=\"height:6rem\" aria-hidden=\"true\" class=\"wp-block-spacer gt-hide-mobile\"><\/div>\n<\/div>\n\n<div class=\"wp-block-group alignwide is-layout-flow wp-block-group-is-layout-flow\" style=\"padding-top:0;padding-bottom:0\"><h2 class=\"wp-block-heading has-text-align-center has-accent-color has-text-color has-link-color has-x-large-font-size wp-elements-02f504d369ae5a2ece85be4946de99bd\" id=\"verhuur-van-chalets-en-stacaravans-in-een-uitzonderlijke-natuurlijke-omgeving\"><strong>Verhuur van chalets en stacaravans in een uitzonderlijke natuurlijke omgeving<\/strong><\/h2>\n\n\n<div style=\"height:var(--wp--preset--spacing--20)\" aria-hidden=\"true\" class=\"wp-block-spacer gt-hide-mobile\"><\/div>\n\n\n\n<div\n    style=\"padding-top:0;padding-bottom:0;padding-left:0;padding-right:0;\" class=\"gt-hebergements-filtres gt-hebergements-filtres--accordeons  gt-hebergements-filtres--grid wp-elements-6a01bea685be97aec554e5eea2f66354 wp-block-gt-gtfse-hebergements has-text-color has-base-2-color\"    data-wp-interactive=\"gt\/fse\/filtres\"\n    data-wp-on--keydown=\"actions.handleKeydown\"\n    data-wp-context='{\"isSidebar\":false,\"isSidebarOpen\":true,\"isStickyButton\":false,\"isAccordeon\":true}'>\n    <div class=\"gt-hebergements-actions\">\n        <button\n            class=\"gt-hebergements-open-button \"\n            data-wp-on--click=\"actions.toggleSidebar\"\n            data-wp-bind--aria-expanded=\"context.isSidebarOpen\"\n            data-wp-class--active=\"state.activeCheckboxes\"\n        >\n            Filtres            <span\n                data-wp-text=\"state.activeCheckboxes\"\n                data-wp-bind--hidden=\"!state.activeCheckboxes\"\n            ><\/span>\n        <\/button>\n        <div data-wp-bind--hidden=\"!state.activeCheckboxes\">\n            <button\n                class=\"gt-hebergements-reset-button\"\n                data-wp-on--click=\"actions.clearAllFilters\"\n            >\n                <i class=\"fas fa-undo-alt\"><\/i>\n                R\u00e9initialiser            <\/button>\n        <\/div>\n    <\/div>\n\n    <div\n        class=\"gt-hebergements-filtres__sidebar\"\n        data-wp-bind--hidden=\"!context.isSidebarOpen\"\n        data-wp-class--opened=\"context.isSidebarOpen\"\n\n                    style=\"grid-template-columns: repeat(auto-fit, minmax(3rem, 1fr))\"\n            >\n                                                                        <div \n                    class=\"gt-hebergements-filtre closed\"\n                    data-gt-filtre-name=\"types\"\n                    data-gt-cookie=\"gtTypes\"\n                    aria-expanded=\"\"\n                    data-gt-filtre-operator=\"OR\"\n                >\n\n                                        <p \n                        class=\"gt-hebergements-filtre__name\"\n                        data-wp-on--click=\"actions.toggleFilter\"\n                        style=\"\n                            background-color: #132f44;\n                            color: #ffffff;\n                            border-radius: 0rem 0rem 0rem 0rem;\n                            padding: 1rem 2rem 1rem 2rem;\n                        \"\n                    >\n                    <span>\n                        Types                        <span\n                            class=\"gt-hebergements-filtre__count\"\n                            data-wp-bind--hidden=\"!state.count.types\"\n                            data-wp-text=\"state.count.types\"\n                            hidden\n                        >\n                        <\/span>\n                    <\/span>\n                    <\/p>\n                    <div \n                    class=\"gt-hebergements-filtre__content\"\n                    style=\"\n                            background-color: #132f44;\n                            color: #ffffff;\n                            border-radius: 0rem 0rem 0rem 0rem;\n                            padding: 1rem 2rem 1rem 2rem;\n                        \"\n                    >\n                        <label>\n                            <input \n                                type=\"checkbox\"\n                                name=\"types[]\"\n                                data-wp-on--click=\"actions.clearFilter\"\n                                value=\"\"\n                                checked\n                            \/>\n                            <span class=\"custom-checkbox\"><\/span>\n                            Tous                        <\/label>\n                                                                                <label>\n                                <input \n                                    type=\"checkbox\"\n                                    name=\"types[]\"\n                                    data-wp-on--click=\"actions.runFilters\"\n                                    value=\"34\"\n                                                                    \/>\n                                <span class=\"custom-checkbox\"><\/span>\n                                Chalet                                                            <\/label>\n                                                                                <label>\n                                <input \n                                    type=\"checkbox\"\n                                    name=\"types[]\"\n                                    data-wp-on--click=\"actions.runFilters\"\n                                    value=\"23\"\n                                                                    \/>\n                                <span class=\"custom-checkbox\"><\/span>\n                                Mobil-home                                                            <\/label>\n                                            <\/div>\n                <\/div>\n                                                                                    <div \n                    class=\"gt-hebergements-filtre closed\"\n                    data-gt-filtre-name=\"options\"\n                    data-gt-cookie=\"gtOptions\"\n                    aria-expanded=\"\"\n                    data-gt-filtre-operator=\"AND\"\n                >\n\n                                        <p \n                        class=\"gt-hebergements-filtre__name\"\n                        data-wp-on--click=\"actions.toggleFilter\"\n                        style=\"\n                            background-color: #132f44;\n                            color: #ffffff;\n                            border-radius: 0rem 0rem 0rem 0rem;\n                            padding: 1rem 2rem 1rem 2rem;\n                        \"\n                    >\n                    <span>\n                        Options                        <span\n                            class=\"gt-hebergements-filtre__count\"\n                            data-wp-bind--hidden=\"!state.count.options\"\n                            data-wp-text=\"state.count.options\"\n                            hidden\n                        >\n                        <\/span>\n                    <\/span>\n                    <\/p>\n                    <div \n                    class=\"gt-hebergements-filtre__content\"\n                    style=\"\n                            background-color: #132f44;\n                            color: #ffffff;\n                            border-radius: 0rem 0rem 0rem 0rem;\n                            padding: 1rem 2rem 1rem 2rem;\n                        \"\n                    >\n                        <label>\n                            <input \n                                type=\"checkbox\"\n                                name=\"options[]\"\n                                data-wp-on--click=\"actions.clearFilter\"\n                                value=\"\"\n                                checked\n                            \/>\n                            <span class=\"custom-checkbox\"><\/span>\n                            Tous                        <\/label>\n                                                                                <label>\n                                <input \n                                    type=\"checkbox\"\n                                    name=\"options[]\"\n                                    data-wp-on--click=\"actions.runFilters\"\n                                    value=\"44\"\n                                                                    \/>\n                                <span class=\"custom-checkbox\"><\/span>\n                                1 couchage hors chambre                                                            <\/label>\n                                                                                <label>\n                                <input \n                                    type=\"checkbox\"\n                                    name=\"options[]\"\n                                    data-wp-on--click=\"actions.runFilters\"\n                                    value=\"39\"\n                                                                    \/>\n                                <span class=\"custom-checkbox\"><\/span>\n                                Animaux accept\u00e9s                                                            <\/label>\n                                                                                <label>\n                                <input \n                                    type=\"checkbox\"\n                                    name=\"options[]\"\n                                    data-wp-on--click=\"actions.runFilters\"\n                                    value=\"45\"\n                                                                    \/>\n                                <span class=\"custom-checkbox\"><\/span>\n                                Chauffage                                                            <\/label>\n                                                                                <label>\n                                <input \n                                    type=\"checkbox\"\n                                    name=\"options[]\"\n                                    data-wp-on--click=\"actions.runFilters\"\n                                    value=\"32\"\n                                                                    \/>\n                                <span class=\"custom-checkbox\"><\/span>\n                                Climatisation                                                            <\/label>\n                                                                                <label>\n                                <input \n                                    type=\"checkbox\"\n                                    name=\"options[]\"\n                                    data-wp-on--click=\"actions.runFilters\"\n                                    value=\"40\"\n                                                                    \/>\n                                <span class=\"custom-checkbox\"><\/span>\n                                Cuisine                                                            <\/label>\n                                                                                <label>\n                                <input \n                                    type=\"checkbox\"\n                                    name=\"options[]\"\n                                    data-wp-on--click=\"actions.runFilters\"\n                                    value=\"64\"\n                                                                    \/>\n                                <span class=\"custom-checkbox\"><\/span>\n                                Literie 160                                                            <\/label>\n                                                                                <label>\n                                <input \n                                    type=\"checkbox\"\n                                    name=\"options[]\"\n                                    data-wp-on--click=\"actions.runFilters\"\n                                    value=\"63\"\n                                                                    \/>\n                                <span class=\"custom-checkbox\"><\/span>\n                                Plancha                                                            <\/label>\n                                                                                <label>\n                                <input \n                                    type=\"checkbox\"\n                                    name=\"options[]\"\n                                    data-wp-on--click=\"actions.runFilters\"\n                                    value=\"41\"\n                                                                    \/>\n                                <span class=\"custom-checkbox\"><\/span>\n                                Salle de bain                                                            <\/label>\n                                                                                <label>\n                                <input \n                                    type=\"checkbox\"\n                                    name=\"options[]\"\n                                    data-wp-on--click=\"actions.runFilters\"\n                                    value=\"42\"\n                                                                    \/>\n                                <span class=\"custom-checkbox\"><\/span>\n                                Terrasse                                                            <\/label>\n                                                                                <label>\n                                <input \n                                    type=\"checkbox\"\n                                    name=\"options[]\"\n                                    data-wp-on--click=\"actions.runFilters\"\n                                    value=\"65\"\n                                                                    \/>\n                                <span class=\"custom-checkbox\"><\/span>\n                                Transats                                                            <\/label>\n                                                                                <label>\n                                <input \n                                    type=\"checkbox\"\n                                    name=\"options[]\"\n                                    data-wp-on--click=\"actions.runFilters\"\n                                    value=\"26\"\n                                                                    \/>\n                                <span class=\"custom-checkbox\"><\/span>\n                                TV                                                            <\/label>\n                                                                                <label>\n                                <input \n                                    type=\"checkbox\"\n                                    name=\"options[]\"\n                                    data-wp-on--click=\"actions.runFilters\"\n                                    value=\"43\"\n                                                                    \/>\n                                <span class=\"custom-checkbox\"><\/span>\n                                WC                                                            <\/label>\n                                            <\/div>\n                <\/div>\n                                                                <div \n                    class=\"gt-hebergements-filtre closed\"\n                    data-gt-filtre-name=\"capacities\"\n                    data-gt-cookie=\"gtCapacities\"\n                    aria-expanded=\"\"\n                    data-gt-filtre-operator=\"OR\"\n                >\n\n                                        <p \n                        class=\"gt-hebergements-filtre__name\"\n                        data-wp-on--click=\"actions.toggleFilter\"\n                        style=\"\n                            background-color: #132f44;\n                            color: #ffffff;\n                            border-radius: 0rem 0rem 0rem 0rem;\n                            padding: 1rem 2rem 1rem 2rem;\n                        \"\n                    >\n                    <span>\n                        Capacit\u00e9                        <span\n                            class=\"gt-hebergements-filtre__count\"\n                            data-wp-bind--hidden=\"!state.count.capacities\"\n                            data-wp-text=\"state.count.capacities\"\n                            hidden\n                        >\n                        <\/span>\n                    <\/span>\n                    <\/p>\n                    <div \n                    class=\"gt-hebergements-filtre__content\"\n                    style=\"\n                            background-color: #132f44;\n                            color: #ffffff;\n                            border-radius: 0rem 0rem 0rem 0rem;\n                            padding: 1rem 2rem 1rem 2rem;\n                        \"\n                    >\n                        <label>\n                            <input \n                                type=\"checkbox\"\n                                name=\"capacities[]\"\n                                data-wp-on--click=\"actions.clearFilter\"\n                                value=\"\"\n                                checked\n                            \/>\n                            <span class=\"custom-checkbox\"><\/span>\n                            Tous                        <\/label>\n                                                                                <label>\n                                <input \n                                    type=\"checkbox\"\n                                    name=\"capacities[]\"\n                                    data-wp-on--click=\"actions.runFilters\"\n                                    value=\"20\"\n                                                                    \/>\n                                <span class=\"custom-checkbox\"><\/span>\n                                2                                                                    <span class=\"gt-hebergements-filtre__suffix\">\n                                          Pers.                                    <\/span>\n                                                            <\/label>\n                                                                                <label>\n                                <input \n                                    type=\"checkbox\"\n                                    name=\"capacities[]\"\n                                    data-wp-on--click=\"actions.runFilters\"\n                                    value=\"29\"\n                                                                    \/>\n                                <span class=\"custom-checkbox\"><\/span>\n                                4                                                                    <span class=\"gt-hebergements-filtre__suffix\">\n                                          Pers.                                    <\/span>\n                                                            <\/label>\n                                                                                <label>\n                                <input \n                                    type=\"checkbox\"\n                                    name=\"capacities[]\"\n                                    data-wp-on--click=\"actions.runFilters\"\n                                    value=\"46\"\n                                                                    \/>\n                                <span class=\"custom-checkbox\"><\/span>\n                                4 \/ 6                                                                    <span class=\"gt-hebergements-filtre__suffix\">\n                                          Pers.                                    <\/span>\n                                                            <\/label>\n                                                                                <label>\n                                <input \n                                    type=\"checkbox\"\n                                    name=\"capacities[]\"\n                                    data-wp-on--click=\"actions.runFilters\"\n                                    value=\"47\"\n                                                                    \/>\n                                <span class=\"custom-checkbox\"><\/span>\n                                6                                                                    <span class=\"gt-hebergements-filtre__suffix\">\n                                          Pers.                                    <\/span>\n                                                            <\/label>\n                                            <\/div>\n                <\/div>\n                                                                <div \n                    class=\"gt-hebergements-filtre closed\"\n                    data-gt-filtre-name=\"rooms\"\n                    data-gt-cookie=\"gtRooms\"\n                    aria-expanded=\"\"\n                    data-gt-filtre-operator=\"OR\"\n                >\n\n                                        <p \n                        class=\"gt-hebergements-filtre__name\"\n                        data-wp-on--click=\"actions.toggleFilter\"\n                        style=\"\n                            background-color: #132f44;\n                            color: #ffffff;\n                            border-radius: 0rem 0rem 0rem 0rem;\n                            padding: 1rem 2rem 1rem 2rem;\n                        \"\n                    >\n                    <span>\n                        Chambres                        <span\n                            class=\"gt-hebergements-filtre__count\"\n                            data-wp-bind--hidden=\"!state.count.rooms\"\n                            data-wp-text=\"state.count.rooms\"\n                            hidden\n                        >\n                        <\/span>\n                    <\/span>\n                    <\/p>\n                    <div \n                    class=\"gt-hebergements-filtre__content\"\n                    style=\"\n                            background-color: #132f44;\n                            color: #ffffff;\n                            border-radius: 0rem 0rem 0rem 0rem;\n                            padding: 1rem 2rem 1rem 2rem;\n                        \"\n                    >\n                        <label>\n                            <input \n                                type=\"checkbox\"\n                                name=\"rooms[]\"\n                                data-wp-on--click=\"actions.clearFilter\"\n                                value=\"\"\n                                checked\n                            \/>\n                            <span class=\"custom-checkbox\"><\/span>\n                            Tous                        <\/label>\n                                                                                <label>\n                                <input \n                                    type=\"checkbox\"\n                                    name=\"rooms[]\"\n                                    data-wp-on--click=\"actions.runFilters\"\n                                    value=\"19\"\n                                                                    \/>\n                                <span class=\"custom-checkbox\"><\/span>\n                                1                                                                    <span class=\"gt-hebergements-filtre__suffix\">\n                                          Ch.                                    <\/span>\n                                                            <\/label>\n                                                                                <label>\n                                <input \n                                    type=\"checkbox\"\n                                    name=\"rooms[]\"\n                                    data-wp-on--click=\"actions.runFilters\"\n                                    value=\"48\"\n                                                                    \/>\n                                <span class=\"custom-checkbox\"><\/span>\n                                2                                                                    <span class=\"gt-hebergements-filtre__suffix\">\n                                          Ch.                                    <\/span>\n                                                            <\/label>\n                                                                                <label>\n                                <input \n                                    type=\"checkbox\"\n                                    name=\"rooms[]\"\n                                    data-wp-on--click=\"actions.runFilters\"\n                                    value=\"27\"\n                                                                    \/>\n                                <span class=\"custom-checkbox\"><\/span>\n                                3                                                                    <span class=\"gt-hebergements-filtre__suffix\">\n                                          Ch.                                    <\/span>\n                                                            <\/label>\n                                            <\/div>\n                <\/div>\n                                            <\/div>\n<\/div>\n\n\n\n<div data-wp-context=\"{}\" data-wp-interactive=\"core\/query\" data-wp-key=\"1\" data-wp-router-region=\"query-1\" class=\"wp-block-query alignwide gt-fse-hebergements is-layout-flow wp-block-query-is-layout-flow gt-fse-widgets-ctv-open-product\"><ul class=\"columns-3 wp-block-post-template is-layout-grid wp-container-core-post-template-is-layout-1 wp-block-post-template-is-layout-grid gt-fse-widgets-ctv-open-product\"><li data-gt-campings=\"\" data-gt-capacities=\"46\" data-gt-ctv-product-id=\"\" data-gt-gammes=\"38\" data-gt-options=\"44,39,32,40,64,63,42,65,26,43\" data-gt-rooms=\"48\" data-gt-superficies=\"51\" data-gt-types=\"23\" data-wp-key=\"post-template-item-6605\" class=\"wp-block-post post-6605 hebergement type-hebergement status-publish has-post-thumbnail hentry gt-hebergements-gammes-excellence gt-hebergements-options-1-couchage-hors-chambre gt-hebergements-options-animaux-acceptes gt-hebergements-options-climatisation gt-hebergements-options-cuisine gt-hebergements-options-literie-160 gt-hebergements-options-plancha gt-hebergements-options-terrasse gt-hebergements-options-transats gt-hebergements-options-tv gt-hebergements-options-wc gt-hebergements-types-mobil-home gt-hebergements-nombre-personnes-4-6 gt-hebergements-nombre-chambres-48 gt-hebergements-superficie-51 gt-fse-widgets-ctv-open-product\">\n\n<div class=\"wp-block-group gt-hebergement-wrap has-base-background-color has-background has-global-padding is-layout-constrained wp-container-core-group-is-layout-47 wp-block-group-is-layout-constrained gt-fse-widgets-ctv-open-product\" style=\"padding-top:0;padding-right:0;padding-bottom:0;padding-left:0;box-shadow:var(--wp--preset--shadow--natural)\"><figure class=\"hebergement-featured-image wp-block-post-featured-image gt-fse-widgets-ctv-open-product\"><img decoding=\"async\" width=\"489\" height=\"275\" src=\"https:\/\/camping-del-mar.com\/wp-content\/uploads\/sites\/2\/2024\/11\/mobil-home-excellence-2-chambres-36-m.webp\" class=\"attachment-full size-full not-transparent wp-post-image gt-fse-widgets-ctv-open-product\" alt=\"mobil-home excellence 2 slaapkamers 36m\" style=\"--dominant-color: #857e6a;border-radius:0px;object-fit:cover;\" srcset=\"https:\/\/camping-del-mar.com\/wp-content\/uploads\/sites\/2\/2024\/11\/mobil-home-excellence-2-chambres-36-m.webp 489w, https:\/\/camping-del-mar.com\/wp-content\/uploads\/sites\/2\/2024\/11\/mobil-home-excellence-2-chambres-36-m-300x169.webp 300w\" sizes=\"(max-width: 489px) 100vw, 489px\" data-has-transparency=\"false\" data-dominant-color=\"857e6a\" \/><\/figure>\n\n\n<div class=\"wp-block-group gt-hebergement-content has-global-padding is-layout-constrained wp-container-core-group-is-layout-45 wp-block-group-is-layout-constrained gt-fse-widgets-ctv-open-product\" style=\"padding-top:var(--wp--preset--spacing--20);padding-right:var(--wp--preset--spacing--20);padding-bottom:var(--wp--preset--spacing--20);padding-left:var(--wp--preset--spacing--20)\">\n<div class=\"wp-block-group is-nowrap is-layout-flex wp-container-core-group-is-layout-40 wp-block-group-is-layout-flex gt-fse-widgets-ctv-open-product\">\n<div class=\"wp-block-group has-accent-background-color has-background has-small-font-size is-nowrap is-layout-flex wp-container-core-group-is-layout-39 wp-block-group-is-layout-flex gt-fse-widgets-ctv-open-product\" style=\"border-radius:1rem;padding-top:4px;padding-right:8px;padding-bottom:4px;padding-left:8px\">\n<figure class=\"wp-block-image size-thumbnail is-resized wp-duotone-rgb255255255-ffffff-2 gt-fse-widgets-ctv-open-product\"><img data-dominant-color=\"000000\" data-has-transparency=\"true\" decoding=\"async\" width=\"150\" height=\"150\" src=\"https:\/\/camping-del-mar.com\/wp-content\/uploads\/sites\/2\/2024\/11\/marque-haut-de-gamme-150x150.png\" alt=\"marque haut de gamme\" class=\"wp-image-5875 gt-fse-widgets-ctv-open-product has-transparency\" style=\"--dominant-color: #000000; width:16px\" srcset=\"https:\/\/camping-del-mar.com\/wp-content\/uploads\/sites\/2\/2024\/11\/marque-haut-de-gamme-150x150.png 150w, https:\/\/camping-del-mar.com\/wp-content\/uploads\/sites\/2\/2024\/11\/marque-haut-de-gamme-300x300.png 300w, https:\/\/camping-del-mar.com\/wp-content\/uploads\/sites\/2\/2024\/11\/marque-haut-de-gamme-400x400.png 400w, https:\/\/camping-del-mar.com\/wp-content\/uploads\/sites\/2\/2024\/11\/marque-haut-de-gamme.png 512w\" sizes=\"(max-width: 150px) 100vw, 150px\" \/><\/figure>\n\n\n<div style=\"font-size:0.75rem;font-style:normal;font-weight:600;text-transform:uppercase\" class=\"taxonomy-gt-hebergements-gammes has-link-color wp-elements-ad13c04d06df33f9d2c8a3c157264b7c wp-block-post-terms has-text-color has-base-color gt-fse-widgets-ctv-open-product\"><span class=\"gt-fse-widgets-ctv-open-product\">Excellence<\/span><\/div><\/div>\n<\/div>\n\n\n\n<div style=\"height:0.25rem\" aria-hidden=\"true\" class=\"wp-block-spacer gt-hide-mobile gt-fse-widgets-ctv-open-product\"><\/div>\n\n\n<h3 style=\"font-size:clamp(0.984rem, 0.984rem + ((1vw - 0.2rem) * 0.86), 1.5rem); margin-top:0;margin-bottom:0;\" class=\"hebergement-title wp-block-post-title gt-fse-widgets-ctv-open-product\">2-slaapkamer MOBIL-HOME EXCELLENCE 36 m\u00b2 &#8211; Franse versie<\/h3>\n\n\n<div class=\"wp-block-group is-layout-flex wp-container-core-group-is-layout-44 wp-block-group-is-layout-flex gt-fse-widgets-ctv-open-product\">\n<div class=\"wp-block-group is-nowrap is-layout-flex wp-container-core-group-is-layout-41 wp-block-group-is-layout-flex gt-fse-widgets-ctv-open-product\">\n<figure class=\"wp-block-image size-medium is-resized wp-duotone-132f44-ffffff-3 gt-fse-widgets-ctv-open-product\"><img data-dominant-color=\"000000\" data-has-transparency=\"true\" decoding=\"async\" width=\"300\" height=\"300\" src=\"https:\/\/camping-del-mar.com\/wp-content\/uploads\/sites\/2\/2024\/11\/groupe-300x300.png\" alt=\"groupe\" class=\"wp-image-5889 gt-fse-widgets-ctv-open-product has-transparency\" style=\"--dominant-color: #000000; width:16px\" srcset=\"https:\/\/camping-del-mar.com\/wp-content\/uploads\/sites\/2\/2024\/11\/groupe-300x300.png 300w, https:\/\/camping-del-mar.com\/wp-content\/uploads\/sites\/2\/2024\/11\/groupe-150x150.png 150w, https:\/\/camping-del-mar.com\/wp-content\/uploads\/sites\/2\/2024\/11\/groupe-400x400.png 400w, https:\/\/camping-del-mar.com\/wp-content\/uploads\/sites\/2\/2024\/11\/groupe.png 512w\" sizes=\"(max-width: 300px) 100vw, 300px\" \/><\/figure>\n\n\n<div class=\"taxonomy-gt-hebergements-nombre-personnes wp-block-post-terms gt-fse-widgets-ctv-open-product\"><span class=\"gt-fse-widgets-ctv-open-product\">4 \/ 6<\/span><span class=\"wp-block-post-terms__suffix gt-fse-widgets-ctv-open-product\"> Pers.<\/span><\/div><\/div>\n\n\n\n<div class=\"wp-block-group is-nowrap is-layout-flex wp-container-core-group-is-layout-42 wp-block-group-is-layout-flex gt-fse-widgets-ctv-open-product\">\n<figure class=\"wp-block-image size-full is-resized wp-duotone-132f44-ffffff-4 gt-fse-widgets-ctv-open-product\"><img data-dominant-color=\"000000\" data-has-transparency=\"true\" decoding=\"async\" width=\"512\" height=\"512\" src=\"https:\/\/camping-del-mar.com\/wp-content\/uploads\/sites\/2\/2024\/11\/chambre-a-coucher.png\" alt=\"chambre a coucher\" class=\"wp-image-5894 gt-fse-widgets-ctv-open-product has-transparency\" style=\"--dominant-color: #000000; width:16px\" srcset=\"https:\/\/camping-del-mar.com\/wp-content\/uploads\/sites\/2\/2024\/11\/chambre-a-coucher.png 512w, https:\/\/camping-del-mar.com\/wp-content\/uploads\/sites\/2\/2024\/11\/chambre-a-coucher-300x300.png 300w, https:\/\/camping-del-mar.com\/wp-content\/uploads\/sites\/2\/2024\/11\/chambre-a-coucher-150x150.png 150w, https:\/\/camping-del-mar.com\/wp-content\/uploads\/sites\/2\/2024\/11\/chambre-a-coucher-400x400.png 400w\" sizes=\"(max-width: 512px) 100vw, 512px\" \/><\/figure>\n\n\n<div class=\"taxonomy-gt-hebergements-nombre-chambres wp-block-post-terms gt-fse-widgets-ctv-open-product\"><span class=\"gt-fse-widgets-ctv-open-product\">2<\/span><span class=\"wp-block-post-terms__suffix gt-fse-widgets-ctv-open-product\"> ch.<\/span><\/div><\/div>\n\n\n\n<div class=\"wp-block-group is-nowrap is-layout-flex wp-container-core-group-is-layout-43 wp-block-group-is-layout-flex gt-fse-widgets-ctv-open-product\">\n<figure class=\"wp-block-image size-medium is-resized wp-duotone-132f44-ffffff-5 gt-fse-widgets-ctv-open-product\"><img data-dominant-color=\"000000\" data-has-transparency=\"true\" decoding=\"async\" width=\"300\" height=\"300\" src=\"https:\/\/camping-del-mar.com\/wp-content\/uploads\/sites\/2\/2024\/11\/regles-300x300.png\" alt=\"regles\" class=\"wp-image-5900 gt-fse-widgets-ctv-open-product has-transparency\" style=\"--dominant-color: #000000; width:16px\" srcset=\"https:\/\/camping-del-mar.com\/wp-content\/uploads\/sites\/2\/2024\/11\/regles-300x300.png 300w, https:\/\/camping-del-mar.com\/wp-content\/uploads\/sites\/2\/2024\/11\/regles-150x150.png 150w, https:\/\/camping-del-mar.com\/wp-content\/uploads\/sites\/2\/2024\/11\/regles-400x400.png 400w, https:\/\/camping-del-mar.com\/wp-content\/uploads\/sites\/2\/2024\/11\/regles.png 512w\" sizes=\"(max-width: 300px) 100vw, 300px\" \/><\/figure>\n\n\n<div class=\"taxonomy-gt-hebergements-superficie wp-block-post-terms gt-fse-widgets-ctv-open-product\"><span class=\"gt-fse-widgets-ctv-open-product\">36<\/span><span class=\"wp-block-post-terms__suffix gt-fse-widgets-ctv-open-product\"> m2<\/span><\/div><\/div>\n<\/div>\n\n\n<div style=\"font-size:0.75rem\" class=\"taxonomy-gt-hebergements-options wp-block-post-terms gt-fse-widgets-ctv-open-product\"><span class=\"gt-fse-widgets-ctv-open-product\">1 couchage hors chambre<\/span><span class=\"wp-block-post-terms__separator gt-fse-widgets-ctv-open-product\"> \u2022 <\/span><span class=\"gt-fse-widgets-ctv-open-product\">Animaux accept\u00e9s<\/span><span class=\"wp-block-post-terms__separator gt-fse-widgets-ctv-open-product\"> \u2022 <\/span><span class=\"gt-fse-widgets-ctv-open-product\">Climatisation<\/span><span class=\"wp-block-post-terms__separator gt-fse-widgets-ctv-open-product\"> \u2022 <\/span><span class=\"gt-fse-widgets-ctv-open-product\">Cuisine<\/span><span class=\"wp-block-post-terms__separator gt-fse-widgets-ctv-open-product\"> \u2022 <\/span><span class=\"gt-fse-widgets-ctv-open-product\">Literie 160<\/span><span class=\"wp-block-post-terms__separator gt-fse-widgets-ctv-open-product\"> \u2022 <\/span><span class=\"gt-fse-widgets-ctv-open-product\">Plancha<\/span><span class=\"wp-block-post-terms__separator gt-fse-widgets-ctv-open-product\"> \u2022 <\/span><span class=\"gt-fse-widgets-ctv-open-product\">Terrasse<\/span><span class=\"wp-block-post-terms__separator gt-fse-widgets-ctv-open-product\"> \u2022 <\/span><span class=\"gt-fse-widgets-ctv-open-product\">Transats<\/span><span class=\"wp-block-post-terms__separator gt-fse-widgets-ctv-open-product\"> \u2022 <\/span><span class=\"gt-fse-widgets-ctv-open-product\">TV<\/span><span class=\"wp-block-post-terms__separator gt-fse-widgets-ctv-open-product\"> \u2022 <\/span><span class=\"gt-fse-widgets-ctv-open-product\">WC<\/span><\/div><\/div>\n\n\n\n<div class=\"wp-block-group gt-hebergement-foot is-layout-flow wp-container-core-group-is-layout-46 wp-block-group-is-layout-flow gt-fse-widgets-ctv-open-product\">\n<hr class=\"wp-block-separator has-text-color has-alpha-channel-opacity has-background is-style-wide gt-fse-widgets-ctv-open-product\" style=\"background-color:#0000000d;color:#0000000d\" \/>\n\n\n\n<p class=\"has-text-align-center gt-fse-widgets-ctv-open-product\" style=\"padding-top:var(--wp--preset--spacing--10);padding-right:var(--wp--preset--spacing--10);padding-bottom:var(--wp--preset--spacing--10);padding-left:var(--wp--preset--spacing--10);font-size:0.75rem;font-style:normal;font-weight:600;text-transform:uppercase\">Voir l&#8217;h\u00e9bergement<\/p>\n<\/div>\n<\/div>\n\n<\/li><li data-gt-campings=\"\" data-gt-capacities=\"47\" data-gt-ctv-product-id=\"\" data-gt-gammes=\"37\" data-gt-options=\"39,45,32,40,63,41,42,26,43\" data-gt-rooms=\"27\" data-gt-superficies=\"50\" data-gt-types=\"23\" data-wp-key=\"post-template-item-6597\" class=\"wp-block-post post-6597 hebergement type-hebergement status-publish has-post-thumbnail hentry gt-hebergements-gammes-premium gt-hebergements-options-animaux-acceptes gt-hebergements-options-chauffage gt-hebergements-options-climatisation gt-hebergements-options-cuisine gt-hebergements-options-plancha gt-hebergements-options-salle-de-bain gt-hebergements-options-terrasse gt-hebergements-options-tv gt-hebergements-options-wc gt-hebergements-types-mobil-home gt-hebergements-nombre-personnes-47 gt-hebergements-nombre-chambres-27 gt-hebergements-superficie-50 gt-fse-widgets-ctv-open-product\">\n\n<div class=\"wp-block-group gt-hebergement-wrap has-base-background-color has-background has-global-padding is-layout-constrained wp-container-core-group-is-layout-56 wp-block-group-is-layout-constrained gt-fse-widgets-ctv-open-product\" style=\"padding-top:0;padding-right:0;padding-bottom:0;padding-left:0;box-shadow:var(--wp--preset--shadow--natural)\"><figure class=\"hebergement-featured-image wp-block-post-featured-image gt-fse-widgets-ctv-open-product\"><img decoding=\"async\" width=\"489\" height=\"275\" src=\"https:\/\/camping-del-mar.com\/wp-content\/uploads\/sites\/2\/2024\/11\/del-mar-mobil-home-premium-3-chambres.webp\" class=\"attachment-full size-full not-transparent wp-post-image gt-fse-widgets-ctv-open-product\" alt=\"del mar mobil-home premium 3 slaapkamers\" style=\"--dominant-color: #8d8964;border-radius:0px;object-fit:cover;\" srcset=\"https:\/\/camping-del-mar.com\/wp-content\/uploads\/sites\/2\/2024\/11\/del-mar-mobil-home-premium-3-chambres.webp 489w, https:\/\/camping-del-mar.com\/wp-content\/uploads\/sites\/2\/2024\/11\/del-mar-mobil-home-premium-3-chambres-300x169.webp 300w\" sizes=\"(max-width: 489px) 100vw, 489px\" data-has-transparency=\"false\" data-dominant-color=\"8d8964\" \/><\/figure>\n\n\n<div class=\"wp-block-group gt-hebergement-content has-global-padding is-layout-constrained wp-container-core-group-is-layout-54 wp-block-group-is-layout-constrained gt-fse-widgets-ctv-open-product\" style=\"padding-top:var(--wp--preset--spacing--20);padding-right:var(--wp--preset--spacing--20);padding-bottom:var(--wp--preset--spacing--20);padding-left:var(--wp--preset--spacing--20)\">\n<div class=\"wp-block-group is-nowrap is-layout-flex wp-container-core-group-is-layout-49 wp-block-group-is-layout-flex gt-fse-widgets-ctv-open-product\">\n<div class=\"wp-block-group has-accent-background-color has-background has-small-font-size is-nowrap is-layout-flex wp-container-core-group-is-layout-48 wp-block-group-is-layout-flex gt-fse-widgets-ctv-open-product\" style=\"border-radius:1rem;padding-top:4px;padding-right:8px;padding-bottom:4px;padding-left:8px\">\n<figure class=\"wp-block-image size-thumbnail is-resized wp-duotone-rgb255255255-ffffff-6 gt-fse-widgets-ctv-open-product\"><img data-dominant-color=\"000000\" data-has-transparency=\"true\" decoding=\"async\" width=\"150\" height=\"150\" src=\"https:\/\/camping-del-mar.com\/wp-content\/uploads\/sites\/2\/2024\/11\/marque-haut-de-gamme-150x150.png\" alt=\"marque haut de gamme\" class=\"wp-image-5875 gt-fse-widgets-ctv-open-product has-transparency\" style=\"--dominant-color: #000000; width:16px\" srcset=\"https:\/\/camping-del-mar.com\/wp-content\/uploads\/sites\/2\/2024\/11\/marque-haut-de-gamme-150x150.png 150w, https:\/\/camping-del-mar.com\/wp-content\/uploads\/sites\/2\/2024\/11\/marque-haut-de-gamme-300x300.png 300w, https:\/\/camping-del-mar.com\/wp-content\/uploads\/sites\/2\/2024\/11\/marque-haut-de-gamme-400x400.png 400w, https:\/\/camping-del-mar.com\/wp-content\/uploads\/sites\/2\/2024\/11\/marque-haut-de-gamme.png 512w\" sizes=\"(max-width: 150px) 100vw, 150px\" \/><\/figure>\n\n\n<div style=\"font-size:0.75rem;font-style:normal;font-weight:600;text-transform:uppercase\" class=\"taxonomy-gt-hebergements-gammes has-link-color wp-elements-ad13c04d06df33f9d2c8a3c157264b7c wp-block-post-terms has-text-color has-base-color gt-fse-widgets-ctv-open-product\"><span class=\"gt-fse-widgets-ctv-open-product\">Premium<\/span><\/div><\/div>\n<\/div>\n\n\n\n<div style=\"height:0.25rem\" aria-hidden=\"true\" class=\"wp-block-spacer gt-hide-mobile gt-fse-widgets-ctv-open-product\"><\/div>\n\n\n<h3 style=\"font-size:clamp(0.984rem, 0.984rem + ((1vw - 0.2rem) * 0.86), 1.5rem); margin-top:0;margin-bottom:0;\" class=\"hebergement-title wp-block-post-title gt-fse-widgets-ctv-open-product\">3-slaapkamer premium stacaravan<\/h3>\n\n\n<div class=\"wp-block-group is-layout-flex wp-container-core-group-is-layout-53 wp-block-group-is-layout-flex gt-fse-widgets-ctv-open-product\">\n<div class=\"wp-block-group is-nowrap is-layout-flex wp-container-core-group-is-layout-50 wp-block-group-is-layout-flex gt-fse-widgets-ctv-open-product\">\n<figure class=\"wp-block-image size-medium is-resized wp-duotone-132f44-ffffff-7 gt-fse-widgets-ctv-open-product\"><img data-dominant-color=\"000000\" data-has-transparency=\"true\" decoding=\"async\" width=\"300\" height=\"300\" src=\"https:\/\/camping-del-mar.com\/wp-content\/uploads\/sites\/2\/2024\/11\/groupe-300x300.png\" alt=\"groupe\" class=\"wp-image-5889 gt-fse-widgets-ctv-open-product has-transparency\" style=\"--dominant-color: #000000; width:16px\" srcset=\"https:\/\/camping-del-mar.com\/wp-content\/uploads\/sites\/2\/2024\/11\/groupe-300x300.png 300w, https:\/\/camping-del-mar.com\/wp-content\/uploads\/sites\/2\/2024\/11\/groupe-150x150.png 150w, https:\/\/camping-del-mar.com\/wp-content\/uploads\/sites\/2\/2024\/11\/groupe-400x400.png 400w, https:\/\/camping-del-mar.com\/wp-content\/uploads\/sites\/2\/2024\/11\/groupe.png 512w\" sizes=\"(max-width: 300px) 100vw, 300px\" \/><\/figure>\n\n\n<div class=\"taxonomy-gt-hebergements-nombre-personnes wp-block-post-terms gt-fse-widgets-ctv-open-product\"><span class=\"gt-fse-widgets-ctv-open-product\">6<\/span><span class=\"wp-block-post-terms__suffix gt-fse-widgets-ctv-open-product\"> Pers.<\/span><\/div><\/div>\n\n\n\n<div class=\"wp-block-group is-nowrap is-layout-flex wp-container-core-group-is-layout-51 wp-block-group-is-layout-flex gt-fse-widgets-ctv-open-product\">\n<figure class=\"wp-block-image size-full is-resized wp-duotone-132f44-ffffff-8 gt-fse-widgets-ctv-open-product\"><img data-dominant-color=\"000000\" data-has-transparency=\"true\" decoding=\"async\" width=\"512\" height=\"512\" src=\"https:\/\/camping-del-mar.com\/wp-content\/uploads\/sites\/2\/2024\/11\/chambre-a-coucher.png\" alt=\"chambre a coucher\" class=\"wp-image-5894 gt-fse-widgets-ctv-open-product has-transparency\" style=\"--dominant-color: #000000; width:16px\" srcset=\"https:\/\/camping-del-mar.com\/wp-content\/uploads\/sites\/2\/2024\/11\/chambre-a-coucher.png 512w, https:\/\/camping-del-mar.com\/wp-content\/uploads\/sites\/2\/2024\/11\/chambre-a-coucher-300x300.png 300w, https:\/\/camping-del-mar.com\/wp-content\/uploads\/sites\/2\/2024\/11\/chambre-a-coucher-150x150.png 150w, https:\/\/camping-del-mar.com\/wp-content\/uploads\/sites\/2\/2024\/11\/chambre-a-coucher-400x400.png 400w\" sizes=\"(max-width: 512px) 100vw, 512px\" \/><\/figure>\n\n\n<div class=\"taxonomy-gt-hebergements-nombre-chambres wp-block-post-terms gt-fse-widgets-ctv-open-product\"><span class=\"gt-fse-widgets-ctv-open-product\">3<\/span><span class=\"wp-block-post-terms__suffix gt-fse-widgets-ctv-open-product\"> ch.<\/span><\/div><\/div>\n\n\n\n<div class=\"wp-block-group is-nowrap is-layout-flex wp-container-core-group-is-layout-52 wp-block-group-is-layout-flex gt-fse-widgets-ctv-open-product\">\n<figure class=\"wp-block-image size-medium is-resized wp-duotone-132f44-ffffff-9 gt-fse-widgets-ctv-open-product\"><img data-dominant-color=\"000000\" data-has-transparency=\"true\" decoding=\"async\" width=\"300\" height=\"300\" src=\"https:\/\/camping-del-mar.com\/wp-content\/uploads\/sites\/2\/2024\/11\/regles-300x300.png\" alt=\"regles\" class=\"wp-image-5900 gt-fse-widgets-ctv-open-product has-transparency\" style=\"--dominant-color: #000000; width:16px\" srcset=\"https:\/\/camping-del-mar.com\/wp-content\/uploads\/sites\/2\/2024\/11\/regles-300x300.png 300w, https:\/\/camping-del-mar.com\/wp-content\/uploads\/sites\/2\/2024\/11\/regles-150x150.png 150w, https:\/\/camping-del-mar.com\/wp-content\/uploads\/sites\/2\/2024\/11\/regles-400x400.png 400w, https:\/\/camping-del-mar.com\/wp-content\/uploads\/sites\/2\/2024\/11\/regles.png 512w\" sizes=\"(max-width: 300px) 100vw, 300px\" \/><\/figure>\n\n\n<div class=\"taxonomy-gt-hebergements-superficie wp-block-post-terms gt-fse-widgets-ctv-open-product\"><span class=\"gt-fse-widgets-ctv-open-product\">32<\/span><span class=\"wp-block-post-terms__suffix gt-fse-widgets-ctv-open-product\"> m2<\/span><\/div><\/div>\n<\/div>\n\n\n<div style=\"font-size:0.75rem\" class=\"taxonomy-gt-hebergements-options wp-block-post-terms gt-fse-widgets-ctv-open-product\"><span class=\"gt-fse-widgets-ctv-open-product\">Animaux accept\u00e9s<\/span><span class=\"wp-block-post-terms__separator gt-fse-widgets-ctv-open-product\"> \u2022 <\/span><span class=\"gt-fse-widgets-ctv-open-product\">Chauffage<\/span><span class=\"wp-block-post-terms__separator gt-fse-widgets-ctv-open-product\"> \u2022 <\/span><span class=\"gt-fse-widgets-ctv-open-product\">Climatisation<\/span><span class=\"wp-block-post-terms__separator gt-fse-widgets-ctv-open-product\"> \u2022 <\/span><span class=\"gt-fse-widgets-ctv-open-product\">Cuisine<\/span><span class=\"wp-block-post-terms__separator gt-fse-widgets-ctv-open-product\"> \u2022 <\/span><span class=\"gt-fse-widgets-ctv-open-product\">Plancha<\/span><span class=\"wp-block-post-terms__separator gt-fse-widgets-ctv-open-product\"> \u2022 <\/span><span class=\"gt-fse-widgets-ctv-open-product\">Salle de bain<\/span><span class=\"wp-block-post-terms__separator gt-fse-widgets-ctv-open-product\"> \u2022 <\/span><span class=\"gt-fse-widgets-ctv-open-product\">Terrasse<\/span><span class=\"wp-block-post-terms__separator gt-fse-widgets-ctv-open-product\"> \u2022 <\/span><span class=\"gt-fse-widgets-ctv-open-product\">TV<\/span><span class=\"wp-block-post-terms__separator gt-fse-widgets-ctv-open-product\"> \u2022 <\/span><span class=\"gt-fse-widgets-ctv-open-product\">WC<\/span><\/div><\/div>\n\n\n\n<div class=\"wp-block-group gt-hebergement-foot is-layout-flow wp-container-core-group-is-layout-55 wp-block-group-is-layout-flow gt-fse-widgets-ctv-open-product\">\n<hr class=\"wp-block-separator has-text-color has-alpha-channel-opacity has-background is-style-wide gt-fse-widgets-ctv-open-product\" style=\"background-color:#0000000d;color:#0000000d\" \/>\n\n\n\n<p class=\"has-text-align-center gt-fse-widgets-ctv-open-product\" style=\"padding-top:var(--wp--preset--spacing--10);padding-right:var(--wp--preset--spacing--10);padding-bottom:var(--wp--preset--spacing--10);padding-left:var(--wp--preset--spacing--10);font-size:0.75rem;font-style:normal;font-weight:600;text-transform:uppercase\">Voir l&#8217;h\u00e9bergement<\/p>\n<\/div>\n<\/div>\n\n<\/li><li data-gt-campings=\"\" data-gt-capacities=\"29\" data-gt-ctv-product-id=\"\" data-gt-gammes=\"24\" data-gt-options=\"39,32,40,41,42,26,43\" data-gt-rooms=\"48\" data-gt-superficies=\"49\" data-gt-types=\"34\" data-wp-key=\"post-template-item-6586\" class=\"wp-block-post post-6586 hebergement type-hebergement status-publish has-post-thumbnail hentry gt-hebergements-gammes-chalet gt-hebergements-options-animaux-acceptes gt-hebergements-options-climatisation gt-hebergements-options-cuisine gt-hebergements-options-salle-de-bain gt-hebergements-options-terrasse gt-hebergements-options-tv gt-hebergements-options-wc gt-hebergements-types-chalet gt-hebergements-nombre-personnes-29 gt-hebergements-nombre-chambres-48 gt-hebergements-superficie-20-a-24 gt-fse-widgets-ctv-open-product\">\n\n<div class=\"wp-block-group gt-hebergement-wrap has-base-background-color has-background has-global-padding is-layout-constrained wp-container-core-group-is-layout-65 wp-block-group-is-layout-constrained gt-fse-widgets-ctv-open-product\" style=\"padding-top:0;padding-right:0;padding-bottom:0;padding-left:0;box-shadow:var(--wp--preset--shadow--natural)\"><figure class=\"hebergement-featured-image wp-block-post-featured-image gt-fse-widgets-ctv-open-product\"><img decoding=\"async\" width=\"489\" height=\"275\" src=\"https:\/\/camping-del-mar.com\/wp-content\/uploads\/sites\/2\/2024\/11\/chalet-20-a-24-m.webp\" class=\"attachment-full size-full not-transparent wp-post-image gt-fse-widgets-ctv-open-product\" alt=\"chalet 20 naar 24m\" style=\"--dominant-color: #646854;border-radius:0px;object-fit:cover;\" srcset=\"https:\/\/camping-del-mar.com\/wp-content\/uploads\/sites\/2\/2024\/11\/chalet-20-a-24-m.webp 489w, https:\/\/camping-del-mar.com\/wp-content\/uploads\/sites\/2\/2024\/11\/chalet-20-a-24-m-300x169.webp 300w\" sizes=\"(max-width: 489px) 100vw, 489px\" data-has-transparency=\"false\" data-dominant-color=\"646854\" \/><\/figure>\n\n\n<div class=\"wp-block-group gt-hebergement-content has-global-padding is-layout-constrained wp-container-core-group-is-layout-63 wp-block-group-is-layout-constrained gt-fse-widgets-ctv-open-product\" style=\"padding-top:var(--wp--preset--spacing--20);padding-right:var(--wp--preset--spacing--20);padding-bottom:var(--wp--preset--spacing--20);padding-left:var(--wp--preset--spacing--20)\">\n<div class=\"wp-block-group is-nowrap is-layout-flex wp-container-core-group-is-layout-58 wp-block-group-is-layout-flex gt-fse-widgets-ctv-open-product\">\n<div class=\"wp-block-group has-accent-background-color has-background has-small-font-size is-nowrap is-layout-flex wp-container-core-group-is-layout-57 wp-block-group-is-layout-flex gt-fse-widgets-ctv-open-product\" style=\"border-radius:1rem;padding-top:4px;padding-right:8px;padding-bottom:4px;padding-left:8px\">\n<figure class=\"wp-block-image size-thumbnail is-resized wp-duotone-rgb255255255-ffffff-10 gt-fse-widgets-ctv-open-product\"><img data-dominant-color=\"000000\" data-has-transparency=\"true\" decoding=\"async\" width=\"150\" height=\"150\" src=\"https:\/\/camping-del-mar.com\/wp-content\/uploads\/sites\/2\/2024\/11\/marque-haut-de-gamme-150x150.png\" alt=\"marque haut de gamme\" class=\"wp-image-5875 gt-fse-widgets-ctv-open-product has-transparency\" style=\"--dominant-color: #000000; width:16px\" srcset=\"https:\/\/camping-del-mar.com\/wp-content\/uploads\/sites\/2\/2024\/11\/marque-haut-de-gamme-150x150.png 150w, https:\/\/camping-del-mar.com\/wp-content\/uploads\/sites\/2\/2024\/11\/marque-haut-de-gamme-300x300.png 300w, https:\/\/camping-del-mar.com\/wp-content\/uploads\/sites\/2\/2024\/11\/marque-haut-de-gamme-400x400.png 400w, https:\/\/camping-del-mar.com\/wp-content\/uploads\/sites\/2\/2024\/11\/marque-haut-de-gamme.png 512w\" sizes=\"(max-width: 150px) 100vw, 150px\" \/><\/figure>\n\n\n<div style=\"font-size:0.75rem;font-style:normal;font-weight:600;text-transform:uppercase\" class=\"taxonomy-gt-hebergements-gammes has-link-color wp-elements-ad13c04d06df33f9d2c8a3c157264b7c wp-block-post-terms has-text-color has-base-color gt-fse-widgets-ctv-open-product\"><span class=\"gt-fse-widgets-ctv-open-product\">Chalet<\/span><\/div><\/div>\n<\/div>\n\n\n\n<div style=\"height:0.25rem\" aria-hidden=\"true\" class=\"wp-block-spacer gt-hide-mobile gt-fse-widgets-ctv-open-product\"><\/div>\n\n\n<h3 style=\"font-size:clamp(0.984rem, 0.984rem + ((1vw - 0.2rem) * 0.86), 1.5rem); margin-top:0;margin-bottom:0;\" class=\"hebergement-title wp-block-post-title gt-fse-widgets-ctv-open-product\">CHALET 20 \u00e0 24 m\u00b2 (20 tot 24 m\u00b2)<\/h3>\n\n\n<div class=\"wp-block-group is-layout-flex wp-container-core-group-is-layout-62 wp-block-group-is-layout-flex gt-fse-widgets-ctv-open-product\">\n<div class=\"wp-block-group is-nowrap is-layout-flex wp-container-core-group-is-layout-59 wp-block-group-is-layout-flex gt-fse-widgets-ctv-open-product\">\n<figure class=\"wp-block-image size-medium is-resized wp-duotone-132f44-ffffff-11 gt-fse-widgets-ctv-open-product\"><img data-dominant-color=\"000000\" data-has-transparency=\"true\" decoding=\"async\" width=\"300\" height=\"300\" src=\"https:\/\/camping-del-mar.com\/wp-content\/uploads\/sites\/2\/2024\/11\/groupe-300x300.png\" alt=\"groupe\" class=\"wp-image-5889 gt-fse-widgets-ctv-open-product has-transparency\" style=\"--dominant-color: #000000; width:16px\" srcset=\"https:\/\/camping-del-mar.com\/wp-content\/uploads\/sites\/2\/2024\/11\/groupe-300x300.png 300w, https:\/\/camping-del-mar.com\/wp-content\/uploads\/sites\/2\/2024\/11\/groupe-150x150.png 150w, https:\/\/camping-del-mar.com\/wp-content\/uploads\/sites\/2\/2024\/11\/groupe-400x400.png 400w, https:\/\/camping-del-mar.com\/wp-content\/uploads\/sites\/2\/2024\/11\/groupe.png 512w\" sizes=\"(max-width: 300px) 100vw, 300px\" \/><\/figure>\n\n\n<div class=\"taxonomy-gt-hebergements-nombre-personnes wp-block-post-terms gt-fse-widgets-ctv-open-product\"><span class=\"gt-fse-widgets-ctv-open-product\">4<\/span><span class=\"wp-block-post-terms__suffix gt-fse-widgets-ctv-open-product\"> Pers.<\/span><\/div><\/div>\n\n\n\n<div class=\"wp-block-group is-nowrap is-layout-flex wp-container-core-group-is-layout-60 wp-block-group-is-layout-flex gt-fse-widgets-ctv-open-product\">\n<figure class=\"wp-block-image size-full is-resized wp-duotone-132f44-ffffff-12 gt-fse-widgets-ctv-open-product\"><img data-dominant-color=\"000000\" data-has-transparency=\"true\" decoding=\"async\" width=\"512\" height=\"512\" src=\"https:\/\/camping-del-mar.com\/wp-content\/uploads\/sites\/2\/2024\/11\/chambre-a-coucher.png\" alt=\"chambre a coucher\" class=\"wp-image-5894 gt-fse-widgets-ctv-open-product has-transparency\" style=\"--dominant-color: #000000; width:16px\" srcset=\"https:\/\/camping-del-mar.com\/wp-content\/uploads\/sites\/2\/2024\/11\/chambre-a-coucher.png 512w, https:\/\/camping-del-mar.com\/wp-content\/uploads\/sites\/2\/2024\/11\/chambre-a-coucher-300x300.png 300w, https:\/\/camping-del-mar.com\/wp-content\/uploads\/sites\/2\/2024\/11\/chambre-a-coucher-150x150.png 150w, https:\/\/camping-del-mar.com\/wp-content\/uploads\/sites\/2\/2024\/11\/chambre-a-coucher-400x400.png 400w\" sizes=\"(max-width: 512px) 100vw, 512px\" \/><\/figure>\n\n\n<div class=\"taxonomy-gt-hebergements-nombre-chambres wp-block-post-terms gt-fse-widgets-ctv-open-product\"><span class=\"gt-fse-widgets-ctv-open-product\">2<\/span><span class=\"wp-block-post-terms__suffix gt-fse-widgets-ctv-open-product\"> ch.<\/span><\/div><\/div>\n\n\n\n<div class=\"wp-block-group is-nowrap is-layout-flex wp-container-core-group-is-layout-61 wp-block-group-is-layout-flex gt-fse-widgets-ctv-open-product\">\n<figure class=\"wp-block-image size-medium is-resized wp-duotone-132f44-ffffff-13 gt-fse-widgets-ctv-open-product\"><img data-dominant-color=\"000000\" data-has-transparency=\"true\" decoding=\"async\" width=\"300\" height=\"300\" src=\"https:\/\/camping-del-mar.com\/wp-content\/uploads\/sites\/2\/2024\/11\/regles-300x300.png\" alt=\"regles\" class=\"wp-image-5900 gt-fse-widgets-ctv-open-product has-transparency\" style=\"--dominant-color: #000000; width:16px\" srcset=\"https:\/\/camping-del-mar.com\/wp-content\/uploads\/sites\/2\/2024\/11\/regles-300x300.png 300w, https:\/\/camping-del-mar.com\/wp-content\/uploads\/sites\/2\/2024\/11\/regles-150x150.png 150w, https:\/\/camping-del-mar.com\/wp-content\/uploads\/sites\/2\/2024\/11\/regles-400x400.png 400w, https:\/\/camping-del-mar.com\/wp-content\/uploads\/sites\/2\/2024\/11\/regles.png 512w\" sizes=\"(max-width: 300px) 100vw, 300px\" \/><\/figure>\n\n\n<div class=\"taxonomy-gt-hebergements-superficie wp-block-post-terms gt-fse-widgets-ctv-open-product\"><span class=\"gt-fse-widgets-ctv-open-product\">20 \u00e0 24<\/span><span class=\"wp-block-post-terms__suffix gt-fse-widgets-ctv-open-product\"> m2<\/span><\/div><\/div>\n<\/div>\n\n\n<div style=\"font-size:0.75rem\" class=\"taxonomy-gt-hebergements-options wp-block-post-terms gt-fse-widgets-ctv-open-product\"><span class=\"gt-fse-widgets-ctv-open-product\">Animaux accept\u00e9s<\/span><span class=\"wp-block-post-terms__separator gt-fse-widgets-ctv-open-product\"> \u2022 <\/span><span class=\"gt-fse-widgets-ctv-open-product\">Climatisation<\/span><span class=\"wp-block-post-terms__separator gt-fse-widgets-ctv-open-product\"> \u2022 <\/span><span class=\"gt-fse-widgets-ctv-open-product\">Cuisine<\/span><span class=\"wp-block-post-terms__separator gt-fse-widgets-ctv-open-product\"> \u2022 <\/span><span class=\"gt-fse-widgets-ctv-open-product\">Salle de bain<\/span><span class=\"wp-block-post-terms__separator gt-fse-widgets-ctv-open-product\"> \u2022 <\/span><span class=\"gt-fse-widgets-ctv-open-product\">Terrasse<\/span><span class=\"wp-block-post-terms__separator gt-fse-widgets-ctv-open-product\"> \u2022 <\/span><span class=\"gt-fse-widgets-ctv-open-product\">TV<\/span><span class=\"wp-block-post-terms__separator gt-fse-widgets-ctv-open-product\"> \u2022 <\/span><span class=\"gt-fse-widgets-ctv-open-product\">WC<\/span><\/div><\/div>\n\n\n\n<div class=\"wp-block-group gt-hebergement-foot is-layout-flow wp-container-core-group-is-layout-64 wp-block-group-is-layout-flow gt-fse-widgets-ctv-open-product\">\n<hr class=\"wp-block-separator has-text-color has-alpha-channel-opacity has-background is-style-wide gt-fse-widgets-ctv-open-product\" style=\"background-color:#0000000d;color:#0000000d\" \/>\n\n\n\n<p class=\"has-text-align-center gt-fse-widgets-ctv-open-product\" style=\"padding-top:var(--wp--preset--spacing--10);padding-right:var(--wp--preset--spacing--10);padding-bottom:var(--wp--preset--spacing--10);padding-left:var(--wp--preset--spacing--10);font-size:0.75rem;font-style:normal;font-weight:600;text-transform:uppercase\">Voir l&#8217;h\u00e9bergement<\/p>\n<\/div>\n<\/div>\n\n<\/li><li data-gt-campings=\"\" data-gt-capacities=\"47\" data-gt-ctv-product-id=\"\" data-gt-gammes=\"33\" data-gt-options=\"39,32,40,63,41,42,26,43\" data-gt-rooms=\"27\" data-gt-superficies=\"50\" data-gt-types=\"23\" data-wp-key=\"post-template-item-6587\" class=\"wp-block-post post-6587 hebergement type-hebergement status-publish has-post-thumbnail hentry gt-hebergements-gammes-classique gt-hebergements-options-animaux-acceptes gt-hebergements-options-climatisation gt-hebergements-options-cuisine gt-hebergements-options-plancha gt-hebergements-options-salle-de-bain gt-hebergements-options-terrasse gt-hebergements-options-tv gt-hebergements-options-wc gt-hebergements-types-mobil-home gt-hebergements-nombre-personnes-47 gt-hebergements-nombre-chambres-27 gt-hebergements-superficie-50 gt-fse-widgets-ctv-open-product\">\n\n<div class=\"wp-block-group gt-hebergement-wrap has-base-background-color has-background has-global-padding is-layout-constrained wp-container-core-group-is-layout-74 wp-block-group-is-layout-constrained gt-fse-widgets-ctv-open-product\" style=\"padding-top:0;padding-right:0;padding-bottom:0;padding-left:0;box-shadow:var(--wp--preset--shadow--natural)\"><figure class=\"hebergement-featured-image wp-block-post-featured-image gt-fse-widgets-ctv-open-product\"><img decoding=\"async\" width=\"489\" height=\"275\" src=\"https:\/\/camping-del-mar.com\/wp-content\/uploads\/sites\/2\/2024\/11\/mobil-home-classique-3-chambres-6-personnes.webp\" class=\"attachment-full size-full not-transparent wp-post-image gt-fse-widgets-ctv-open-product\" alt=\"klassieke stacaravan met 3 slaapkamers voor 6 personen\" style=\"--dominant-color: #566751;border-radius:0px;object-fit:cover;\" srcset=\"https:\/\/camping-del-mar.com\/wp-content\/uploads\/sites\/2\/2024\/11\/mobil-home-classique-3-chambres-6-personnes.webp 489w, https:\/\/camping-del-mar.com\/wp-content\/uploads\/sites\/2\/2024\/11\/mobil-home-classique-3-chambres-6-personnes-300x169.webp 300w\" sizes=\"(max-width: 489px) 100vw, 489px\" data-has-transparency=\"false\" data-dominant-color=\"566751\" \/><\/figure>\n\n\n<div class=\"wp-block-group gt-hebergement-content has-global-padding is-layout-constrained wp-container-core-group-is-layout-72 wp-block-group-is-layout-constrained gt-fse-widgets-ctv-open-product\" style=\"padding-top:var(--wp--preset--spacing--20);padding-right:var(--wp--preset--spacing--20);padding-bottom:var(--wp--preset--spacing--20);padding-left:var(--wp--preset--spacing--20)\">\n<div class=\"wp-block-group is-nowrap is-layout-flex wp-container-core-group-is-layout-67 wp-block-group-is-layout-flex gt-fse-widgets-ctv-open-product\">\n<div class=\"wp-block-group has-accent-background-color has-background has-small-font-size is-nowrap is-layout-flex wp-container-core-group-is-layout-66 wp-block-group-is-layout-flex gt-fse-widgets-ctv-open-product\" style=\"border-radius:1rem;padding-top:4px;padding-right:8px;padding-bottom:4px;padding-left:8px\">\n<figure class=\"wp-block-image size-thumbnail is-resized wp-duotone-rgb255255255-ffffff-14 gt-fse-widgets-ctv-open-product\"><img data-dominant-color=\"000000\" data-has-transparency=\"true\" decoding=\"async\" width=\"150\" height=\"150\" src=\"https:\/\/camping-del-mar.com\/wp-content\/uploads\/sites\/2\/2024\/11\/marque-haut-de-gamme-150x150.png\" alt=\"marque haut de gamme\" class=\"wp-image-5875 gt-fse-widgets-ctv-open-product has-transparency\" style=\"--dominant-color: #000000; width:16px\" srcset=\"https:\/\/camping-del-mar.com\/wp-content\/uploads\/sites\/2\/2024\/11\/marque-haut-de-gamme-150x150.png 150w, https:\/\/camping-del-mar.com\/wp-content\/uploads\/sites\/2\/2024\/11\/marque-haut-de-gamme-300x300.png 300w, https:\/\/camping-del-mar.com\/wp-content\/uploads\/sites\/2\/2024\/11\/marque-haut-de-gamme-400x400.png 400w, https:\/\/camping-del-mar.com\/wp-content\/uploads\/sites\/2\/2024\/11\/marque-haut-de-gamme.png 512w\" sizes=\"(max-width: 150px) 100vw, 150px\" \/><\/figure>\n\n\n<div style=\"font-size:0.75rem;font-style:normal;font-weight:600;text-transform:uppercase\" class=\"taxonomy-gt-hebergements-gammes has-link-color wp-elements-ad13c04d06df33f9d2c8a3c157264b7c wp-block-post-terms has-text-color has-base-color gt-fse-widgets-ctv-open-product\"><span class=\"gt-fse-widgets-ctv-open-product\">Classique<\/span><\/div><\/div>\n<\/div>\n\n\n\n<div style=\"height:0.25rem\" aria-hidden=\"true\" class=\"wp-block-spacer gt-hide-mobile gt-fse-widgets-ctv-open-product\"><\/div>\n\n\n<h3 style=\"font-size:clamp(0.984rem, 0.984rem + ((1vw - 0.2rem) * 0.86), 1.5rem); margin-top:0;margin-bottom:0;\" class=\"hebergement-title wp-block-post-title gt-fse-widgets-ctv-open-product\">Klassieke 3-slaapkamer stacaravan voor 6 personen<\/h3>\n\n\n<div class=\"wp-block-group is-layout-flex wp-container-core-group-is-layout-71 wp-block-group-is-layout-flex gt-fse-widgets-ctv-open-product\">\n<div class=\"wp-block-group is-nowrap is-layout-flex wp-container-core-group-is-layout-68 wp-block-group-is-layout-flex gt-fse-widgets-ctv-open-product\">\n<figure class=\"wp-block-image size-medium is-resized wp-duotone-132f44-ffffff-15 gt-fse-widgets-ctv-open-product\"><img data-dominant-color=\"000000\" data-has-transparency=\"true\" decoding=\"async\" width=\"300\" height=\"300\" src=\"https:\/\/camping-del-mar.com\/wp-content\/uploads\/sites\/2\/2024\/11\/groupe-300x300.png\" alt=\"groupe\" class=\"wp-image-5889 gt-fse-widgets-ctv-open-product has-transparency\" style=\"--dominant-color: #000000; width:16px\" srcset=\"https:\/\/camping-del-mar.com\/wp-content\/uploads\/sites\/2\/2024\/11\/groupe-300x300.png 300w, https:\/\/camping-del-mar.com\/wp-content\/uploads\/sites\/2\/2024\/11\/groupe-150x150.png 150w, https:\/\/camping-del-mar.com\/wp-content\/uploads\/sites\/2\/2024\/11\/groupe-400x400.png 400w, https:\/\/camping-del-mar.com\/wp-content\/uploads\/sites\/2\/2024\/11\/groupe.png 512w\" sizes=\"(max-width: 300px) 100vw, 300px\" \/><\/figure>\n\n\n<div class=\"taxonomy-gt-hebergements-nombre-personnes wp-block-post-terms gt-fse-widgets-ctv-open-product\"><span class=\"gt-fse-widgets-ctv-open-product\">6<\/span><span class=\"wp-block-post-terms__suffix gt-fse-widgets-ctv-open-product\"> Pers.<\/span><\/div><\/div>\n\n\n\n<div class=\"wp-block-group is-nowrap is-layout-flex wp-container-core-group-is-layout-69 wp-block-group-is-layout-flex gt-fse-widgets-ctv-open-product\">\n<figure class=\"wp-block-image size-full is-resized wp-duotone-132f44-ffffff-16 gt-fse-widgets-ctv-open-product\"><img data-dominant-color=\"000000\" data-has-transparency=\"true\" decoding=\"async\" width=\"512\" height=\"512\" src=\"https:\/\/camping-del-mar.com\/wp-content\/uploads\/sites\/2\/2024\/11\/chambre-a-coucher.png\" alt=\"chambre a coucher\" class=\"wp-image-5894 gt-fse-widgets-ctv-open-product has-transparency\" style=\"--dominant-color: #000000; width:16px\" srcset=\"https:\/\/camping-del-mar.com\/wp-content\/uploads\/sites\/2\/2024\/11\/chambre-a-coucher.png 512w, https:\/\/camping-del-mar.com\/wp-content\/uploads\/sites\/2\/2024\/11\/chambre-a-coucher-300x300.png 300w, https:\/\/camping-del-mar.com\/wp-content\/uploads\/sites\/2\/2024\/11\/chambre-a-coucher-150x150.png 150w, https:\/\/camping-del-mar.com\/wp-content\/uploads\/sites\/2\/2024\/11\/chambre-a-coucher-400x400.png 400w\" sizes=\"(max-width: 512px) 100vw, 512px\" \/><\/figure>\n\n\n<div class=\"taxonomy-gt-hebergements-nombre-chambres wp-block-post-terms gt-fse-widgets-ctv-open-product\"><span class=\"gt-fse-widgets-ctv-open-product\">3<\/span><span class=\"wp-block-post-terms__suffix gt-fse-widgets-ctv-open-product\"> ch.<\/span><\/div><\/div>\n\n\n\n<div class=\"wp-block-group is-nowrap is-layout-flex wp-container-core-group-is-layout-70 wp-block-group-is-layout-flex gt-fse-widgets-ctv-open-product\">\n<figure class=\"wp-block-image size-medium is-resized wp-duotone-132f44-ffffff-17 gt-fse-widgets-ctv-open-product\"><img data-dominant-color=\"000000\" data-has-transparency=\"true\" decoding=\"async\" width=\"300\" height=\"300\" src=\"https:\/\/camping-del-mar.com\/wp-content\/uploads\/sites\/2\/2024\/11\/regles-300x300.png\" alt=\"regles\" class=\"wp-image-5900 gt-fse-widgets-ctv-open-product has-transparency\" style=\"--dominant-color: #000000; width:16px\" srcset=\"https:\/\/camping-del-mar.com\/wp-content\/uploads\/sites\/2\/2024\/11\/regles-300x300.png 300w, https:\/\/camping-del-mar.com\/wp-content\/uploads\/sites\/2\/2024\/11\/regles-150x150.png 150w, https:\/\/camping-del-mar.com\/wp-content\/uploads\/sites\/2\/2024\/11\/regles-400x400.png 400w, https:\/\/camping-del-mar.com\/wp-content\/uploads\/sites\/2\/2024\/11\/regles.png 512w\" sizes=\"(max-width: 300px) 100vw, 300px\" \/><\/figure>\n\n\n<div class=\"taxonomy-gt-hebergements-superficie wp-block-post-terms gt-fse-widgets-ctv-open-product\"><span class=\"gt-fse-widgets-ctv-open-product\">32<\/span><span class=\"wp-block-post-terms__suffix gt-fse-widgets-ctv-open-product\"> m2<\/span><\/div><\/div>\n<\/div>\n\n\n<div style=\"font-size:0.75rem\" class=\"taxonomy-gt-hebergements-options wp-block-post-terms gt-fse-widgets-ctv-open-product\"><span class=\"gt-fse-widgets-ctv-open-product\">Animaux accept\u00e9s<\/span><span class=\"wp-block-post-terms__separator gt-fse-widgets-ctv-open-product\"> \u2022 <\/span><span class=\"gt-fse-widgets-ctv-open-product\">Climatisation<\/span><span class=\"wp-block-post-terms__separator gt-fse-widgets-ctv-open-product\"> \u2022 <\/span><span class=\"gt-fse-widgets-ctv-open-product\">Cuisine<\/span><span class=\"wp-block-post-terms__separator gt-fse-widgets-ctv-open-product\"> \u2022 <\/span><span class=\"gt-fse-widgets-ctv-open-product\">Plancha<\/span><span class=\"wp-block-post-terms__separator gt-fse-widgets-ctv-open-product\"> \u2022 <\/span><span class=\"gt-fse-widgets-ctv-open-product\">Salle de bain<\/span><span class=\"wp-block-post-terms__separator gt-fse-widgets-ctv-open-product\"> \u2022 <\/span><span class=\"gt-fse-widgets-ctv-open-product\">Terrasse<\/span><span class=\"wp-block-post-terms__separator gt-fse-widgets-ctv-open-product\"> \u2022 <\/span><span class=\"gt-fse-widgets-ctv-open-product\">TV<\/span><span class=\"wp-block-post-terms__separator gt-fse-widgets-ctv-open-product\"> \u2022 <\/span><span class=\"gt-fse-widgets-ctv-open-product\">WC<\/span><\/div><\/div>\n\n\n\n<div class=\"wp-block-group gt-hebergement-foot is-layout-flow wp-container-core-group-is-layout-73 wp-block-group-is-layout-flow gt-fse-widgets-ctv-open-product\">\n<hr class=\"wp-block-separator has-text-color has-alpha-channel-opacity has-background is-style-wide gt-fse-widgets-ctv-open-product\" style=\"background-color:#0000000d;color:#0000000d\" \/>\n\n\n\n<p class=\"has-text-align-center gt-fse-widgets-ctv-open-product\" style=\"padding-top:var(--wp--preset--spacing--10);padding-right:var(--wp--preset--spacing--10);padding-bottom:var(--wp--preset--spacing--10);padding-left:var(--wp--preset--spacing--10);font-size:0.75rem;font-style:normal;font-weight:600;text-transform:uppercase\">Voir l&#8217;h\u00e9bergement<\/p>\n<\/div>\n<\/div>\n\n<\/li><li data-gt-campings=\"\" data-gt-capacities=\"46\" data-gt-ctv-product-id=\"\" data-gt-gammes=\"33\" data-gt-options=\"39,32,40,63,41,42,26,43\" data-gt-rooms=\"48\" data-gt-superficies=\"50\" data-gt-types=\"23\" data-wp-key=\"post-template-item-6583\" class=\"wp-block-post post-6583 hebergement type-hebergement status-publish has-post-thumbnail hentry gt-hebergements-gammes-classique gt-hebergements-options-animaux-acceptes gt-hebergements-options-climatisation gt-hebergements-options-cuisine gt-hebergements-options-plancha gt-hebergements-options-salle-de-bain gt-hebergements-options-terrasse gt-hebergements-options-tv gt-hebergements-options-wc gt-hebergements-types-mobil-home gt-hebergements-nombre-personnes-4-6 gt-hebergements-nombre-chambres-48 gt-hebergements-superficie-50 gt-fse-widgets-ctv-open-product\">\n\n<div class=\"wp-block-group gt-hebergement-wrap has-base-background-color has-background has-global-padding is-layout-constrained wp-container-core-group-is-layout-83 wp-block-group-is-layout-constrained gt-fse-widgets-ctv-open-product\" style=\"padding-top:0;padding-right:0;padding-bottom:0;padding-left:0;box-shadow:var(--wp--preset--shadow--natural)\"><figure class=\"hebergement-featured-image wp-block-post-featured-image gt-fse-widgets-ctv-open-product\"><img decoding=\"async\" width=\"489\" height=\"275\" src=\"https:\/\/camping-del-mar.com\/wp-content\/uploads\/sites\/2\/2024\/11\/mobil-home-classique-3-chambres-6-personnes.webp\" class=\"attachment-full size-full not-transparent wp-post-image gt-fse-widgets-ctv-open-product\" alt=\"klassieke stacaravan met 3 slaapkamers voor 6 personen\" style=\"--dominant-color: #566751;border-radius:0px;object-fit:cover;\" srcset=\"https:\/\/camping-del-mar.com\/wp-content\/uploads\/sites\/2\/2024\/11\/mobil-home-classique-3-chambres-6-personnes.webp 489w, https:\/\/camping-del-mar.com\/wp-content\/uploads\/sites\/2\/2024\/11\/mobil-home-classique-3-chambres-6-personnes-300x169.webp 300w\" sizes=\"(max-width: 489px) 100vw, 489px\" data-has-transparency=\"false\" data-dominant-color=\"566751\" \/><\/figure>\n\n\n<div class=\"wp-block-group gt-hebergement-content has-global-padding is-layout-constrained wp-container-core-group-is-layout-81 wp-block-group-is-layout-constrained gt-fse-widgets-ctv-open-product\" style=\"padding-top:var(--wp--preset--spacing--20);padding-right:var(--wp--preset--spacing--20);padding-bottom:var(--wp--preset--spacing--20);padding-left:var(--wp--preset--spacing--20)\">\n<div class=\"wp-block-group is-nowrap is-layout-flex wp-container-core-group-is-layout-76 wp-block-group-is-layout-flex gt-fse-widgets-ctv-open-product\">\n<div class=\"wp-block-group has-accent-background-color has-background has-small-font-size is-nowrap is-layout-flex wp-container-core-group-is-layout-75 wp-block-group-is-layout-flex gt-fse-widgets-ctv-open-product\" style=\"border-radius:1rem;padding-top:4px;padding-right:8px;padding-bottom:4px;padding-left:8px\">\n<figure class=\"wp-block-image size-thumbnail is-resized wp-duotone-rgb255255255-ffffff-18 gt-fse-widgets-ctv-open-product\"><img data-dominant-color=\"000000\" data-has-transparency=\"true\" decoding=\"async\" width=\"150\" height=\"150\" src=\"https:\/\/camping-del-mar.com\/wp-content\/uploads\/sites\/2\/2024\/11\/marque-haut-de-gamme-150x150.png\" alt=\"marque haut de gamme\" class=\"wp-image-5875 gt-fse-widgets-ctv-open-product has-transparency\" style=\"--dominant-color: #000000; width:16px\" srcset=\"https:\/\/camping-del-mar.com\/wp-content\/uploads\/sites\/2\/2024\/11\/marque-haut-de-gamme-150x150.png 150w, https:\/\/camping-del-mar.com\/wp-content\/uploads\/sites\/2\/2024\/11\/marque-haut-de-gamme-300x300.png 300w, https:\/\/camping-del-mar.com\/wp-content\/uploads\/sites\/2\/2024\/11\/marque-haut-de-gamme-400x400.png 400w, https:\/\/camping-del-mar.com\/wp-content\/uploads\/sites\/2\/2024\/11\/marque-haut-de-gamme.png 512w\" sizes=\"(max-width: 150px) 100vw, 150px\" \/><\/figure>\n\n\n<div style=\"font-size:0.75rem;font-style:normal;font-weight:600;text-transform:uppercase\" class=\"taxonomy-gt-hebergements-gammes has-link-color wp-elements-ad13c04d06df33f9d2c8a3c157264b7c wp-block-post-terms has-text-color has-base-color gt-fse-widgets-ctv-open-product\"><span class=\"gt-fse-widgets-ctv-open-product\">Classique<\/span><\/div><\/div>\n<\/div>\n\n\n\n<div style=\"height:0.25rem\" aria-hidden=\"true\" class=\"wp-block-spacer gt-hide-mobile gt-fse-widgets-ctv-open-product\"><\/div>\n\n\n<h3 style=\"font-size:clamp(0.984rem, 0.984rem + ((1vw - 0.2rem) * 0.86), 1.5rem); margin-top:0;margin-bottom:0;\" class=\"hebergement-title wp-block-post-title gt-fse-widgets-ctv-open-product\">MOBIL-HOME CLASSIC 2 Slaapkamers<\/h3>\n\n\n<div class=\"wp-block-group is-layout-flex wp-container-core-group-is-layout-80 wp-block-group-is-layout-flex gt-fse-widgets-ctv-open-product\">\n<div class=\"wp-block-group is-nowrap is-layout-flex wp-container-core-group-is-layout-77 wp-block-group-is-layout-flex gt-fse-widgets-ctv-open-product\">\n<figure class=\"wp-block-image size-medium is-resized wp-duotone-132f44-ffffff-19 gt-fse-widgets-ctv-open-product\"><img data-dominant-color=\"000000\" data-has-transparency=\"true\" decoding=\"async\" width=\"300\" height=\"300\" src=\"https:\/\/camping-del-mar.com\/wp-content\/uploads\/sites\/2\/2024\/11\/groupe-300x300.png\" alt=\"groupe\" class=\"wp-image-5889 gt-fse-widgets-ctv-open-product has-transparency\" style=\"--dominant-color: #000000; width:16px\" srcset=\"https:\/\/camping-del-mar.com\/wp-content\/uploads\/sites\/2\/2024\/11\/groupe-300x300.png 300w, https:\/\/camping-del-mar.com\/wp-content\/uploads\/sites\/2\/2024\/11\/groupe-150x150.png 150w, https:\/\/camping-del-mar.com\/wp-content\/uploads\/sites\/2\/2024\/11\/groupe-400x400.png 400w, https:\/\/camping-del-mar.com\/wp-content\/uploads\/sites\/2\/2024\/11\/groupe.png 512w\" sizes=\"(max-width: 300px) 100vw, 300px\" \/><\/figure>\n\n\n<div class=\"taxonomy-gt-hebergements-nombre-personnes wp-block-post-terms gt-fse-widgets-ctv-open-product\"><span class=\"gt-fse-widgets-ctv-open-product\">4 \/ 6<\/span><span class=\"wp-block-post-terms__suffix gt-fse-widgets-ctv-open-product\"> Pers.<\/span><\/div><\/div>\n\n\n\n<div class=\"wp-block-group is-nowrap is-layout-flex wp-container-core-group-is-layout-78 wp-block-group-is-layout-flex gt-fse-widgets-ctv-open-product\">\n<figure class=\"wp-block-image size-full is-resized wp-duotone-132f44-ffffff-20 gt-fse-widgets-ctv-open-product\"><img data-dominant-color=\"000000\" data-has-transparency=\"true\" decoding=\"async\" width=\"512\" height=\"512\" src=\"https:\/\/camping-del-mar.com\/wp-content\/uploads\/sites\/2\/2024\/11\/chambre-a-coucher.png\" alt=\"chambre a coucher\" class=\"wp-image-5894 gt-fse-widgets-ctv-open-product has-transparency\" style=\"--dominant-color: #000000; width:16px\" srcset=\"https:\/\/camping-del-mar.com\/wp-content\/uploads\/sites\/2\/2024\/11\/chambre-a-coucher.png 512w, https:\/\/camping-del-mar.com\/wp-content\/uploads\/sites\/2\/2024\/11\/chambre-a-coucher-300x300.png 300w, https:\/\/camping-del-mar.com\/wp-content\/uploads\/sites\/2\/2024\/11\/chambre-a-coucher-150x150.png 150w, https:\/\/camping-del-mar.com\/wp-content\/uploads\/sites\/2\/2024\/11\/chambre-a-coucher-400x400.png 400w\" sizes=\"(max-width: 512px) 100vw, 512px\" \/><\/figure>\n\n\n<div class=\"taxonomy-gt-hebergements-nombre-chambres wp-block-post-terms gt-fse-widgets-ctv-open-product\"><span class=\"gt-fse-widgets-ctv-open-product\">2<\/span><span class=\"wp-block-post-terms__suffix gt-fse-widgets-ctv-open-product\"> ch.<\/span><\/div><\/div>\n\n\n\n<div class=\"wp-block-group is-nowrap is-layout-flex wp-container-core-group-is-layout-79 wp-block-group-is-layout-flex gt-fse-widgets-ctv-open-product\">\n<figure class=\"wp-block-image size-medium is-resized wp-duotone-132f44-ffffff-21 gt-fse-widgets-ctv-open-product\"><img data-dominant-color=\"000000\" data-has-transparency=\"true\" decoding=\"async\" width=\"300\" height=\"300\" src=\"https:\/\/camping-del-mar.com\/wp-content\/uploads\/sites\/2\/2024\/11\/regles-300x300.png\" alt=\"regles\" class=\"wp-image-5900 gt-fse-widgets-ctv-open-product has-transparency\" style=\"--dominant-color: #000000; width:16px\" srcset=\"https:\/\/camping-del-mar.com\/wp-content\/uploads\/sites\/2\/2024\/11\/regles-300x300.png 300w, https:\/\/camping-del-mar.com\/wp-content\/uploads\/sites\/2\/2024\/11\/regles-150x150.png 150w, https:\/\/camping-del-mar.com\/wp-content\/uploads\/sites\/2\/2024\/11\/regles-400x400.png 400w, https:\/\/camping-del-mar.com\/wp-content\/uploads\/sites\/2\/2024\/11\/regles.png 512w\" sizes=\"(max-width: 300px) 100vw, 300px\" \/><\/figure>\n\n\n<div class=\"taxonomy-gt-hebergements-superficie wp-block-post-terms gt-fse-widgets-ctv-open-product\"><span class=\"gt-fse-widgets-ctv-open-product\">32<\/span><span class=\"wp-block-post-terms__suffix gt-fse-widgets-ctv-open-product\"> m2<\/span><\/div><\/div>\n<\/div>\n\n\n<div style=\"font-size:0.75rem\" class=\"taxonomy-gt-hebergements-options wp-block-post-terms gt-fse-widgets-ctv-open-product\"><span class=\"gt-fse-widgets-ctv-open-product\">Animaux accept\u00e9s<\/span><span class=\"wp-block-post-terms__separator gt-fse-widgets-ctv-open-product\"> \u2022 <\/span><span class=\"gt-fse-widgets-ctv-open-product\">Climatisation<\/span><span class=\"wp-block-post-terms__separator gt-fse-widgets-ctv-open-product\"> \u2022 <\/span><span class=\"gt-fse-widgets-ctv-open-product\">Cuisine<\/span><span class=\"wp-block-post-terms__separator gt-fse-widgets-ctv-open-product\"> \u2022 <\/span><span class=\"gt-fse-widgets-ctv-open-product\">Plancha<\/span><span class=\"wp-block-post-terms__separator gt-fse-widgets-ctv-open-product\"> \u2022 <\/span><span class=\"gt-fse-widgets-ctv-open-product\">Salle de bain<\/span><span class=\"wp-block-post-terms__separator gt-fse-widgets-ctv-open-product\"> \u2022 <\/span><span class=\"gt-fse-widgets-ctv-open-product\">Terrasse<\/span><span class=\"wp-block-post-terms__separator gt-fse-widgets-ctv-open-product\"> \u2022 <\/span><span class=\"gt-fse-widgets-ctv-open-product\">TV<\/span><span class=\"wp-block-post-terms__separator gt-fse-widgets-ctv-open-product\"> \u2022 <\/span><span class=\"gt-fse-widgets-ctv-open-product\">WC<\/span><\/div><\/div>\n\n\n\n<div class=\"wp-block-group gt-hebergement-foot is-layout-flow wp-container-core-group-is-layout-82 wp-block-group-is-layout-flow gt-fse-widgets-ctv-open-product\">\n<hr class=\"wp-block-separator has-text-color has-alpha-channel-opacity has-background is-style-wide gt-fse-widgets-ctv-open-product\" style=\"background-color:#0000000d;color:#0000000d\" \/>\n\n\n\n<p class=\"has-text-align-center gt-fse-widgets-ctv-open-product\" style=\"padding-top:var(--wp--preset--spacing--10);padding-right:var(--wp--preset--spacing--10);padding-bottom:var(--wp--preset--spacing--10);padding-left:var(--wp--preset--spacing--10);font-size:0.75rem;font-style:normal;font-weight:600;text-transform:uppercase\">Voir l&#8217;h\u00e9bergement<\/p>\n<\/div>\n<\/div>\n\n<\/li><li data-gt-campings=\"\" data-gt-capacities=\"47\" data-gt-ctv-product-id=\"\" data-gt-gammes=\"38\" data-gt-options=\"39,32,40,64,63,42,65,26,43\" data-gt-rooms=\"27\" data-gt-superficies=\"51\" data-gt-types=\"23\" data-wp-key=\"post-template-item-6610\" class=\"wp-block-post post-6610 hebergement type-hebergement status-publish has-post-thumbnail hentry gt-hebergements-gammes-excellence gt-hebergements-options-animaux-acceptes gt-hebergements-options-climatisation gt-hebergements-options-cuisine gt-hebergements-options-literie-160 gt-hebergements-options-plancha gt-hebergements-options-terrasse gt-hebergements-options-transats gt-hebergements-options-tv gt-hebergements-options-wc gt-hebergements-types-mobil-home gt-hebergements-nombre-personnes-47 gt-hebergements-nombre-chambres-27 gt-hebergements-superficie-51 gt-fse-widgets-ctv-open-product\">\n\n<div class=\"wp-block-group gt-hebergement-wrap has-base-background-color has-background has-global-padding is-layout-constrained wp-container-core-group-is-layout-92 wp-block-group-is-layout-constrained gt-fse-widgets-ctv-open-product\" style=\"padding-top:0;padding-right:0;padding-bottom:0;padding-left:0;box-shadow:var(--wp--preset--shadow--natural)\"><figure class=\"hebergement-featured-image wp-block-post-featured-image gt-fse-widgets-ctv-open-product\"><img decoding=\"async\" width=\"489\" height=\"275\" src=\"https:\/\/camping-del-mar.com\/wp-content\/uploads\/sites\/2\/2024\/11\/mobil-home-excellence-3-chambres-1.webp\" class=\"attachment-full size-full not-transparent wp-post-image gt-fse-widgets-ctv-open-product\" alt=\"stacaravan excellence 3 kamers\" style=\"--dominant-color: #766f5f;border-radius:0px;object-fit:cover;\" srcset=\"https:\/\/camping-del-mar.com\/wp-content\/uploads\/sites\/2\/2024\/11\/mobil-home-excellence-3-chambres-1.webp 489w, https:\/\/camping-del-mar.com\/wp-content\/uploads\/sites\/2\/2024\/11\/mobil-home-excellence-3-chambres-1-300x169.webp 300w\" sizes=\"(max-width: 489px) 100vw, 489px\" data-has-transparency=\"false\" data-dominant-color=\"766f5f\" \/><\/figure>\n\n\n<div class=\"wp-block-group gt-hebergement-content has-global-padding is-layout-constrained wp-container-core-group-is-layout-90 wp-block-group-is-layout-constrained gt-fse-widgets-ctv-open-product\" style=\"padding-top:var(--wp--preset--spacing--20);padding-right:var(--wp--preset--spacing--20);padding-bottom:var(--wp--preset--spacing--20);padding-left:var(--wp--preset--spacing--20)\">\n<div class=\"wp-block-group is-nowrap is-layout-flex wp-container-core-group-is-layout-85 wp-block-group-is-layout-flex gt-fse-widgets-ctv-open-product\">\n<div class=\"wp-block-group has-accent-background-color has-background has-small-font-size is-nowrap is-layout-flex wp-container-core-group-is-layout-84 wp-block-group-is-layout-flex gt-fse-widgets-ctv-open-product\" style=\"border-radius:1rem;padding-top:4px;padding-right:8px;padding-bottom:4px;padding-left:8px\">\n<figure class=\"wp-block-image size-thumbnail is-resized wp-duotone-rgb255255255-ffffff-22 gt-fse-widgets-ctv-open-product\"><img data-dominant-color=\"000000\" data-has-transparency=\"true\" decoding=\"async\" width=\"150\" height=\"150\" src=\"https:\/\/camping-del-mar.com\/wp-content\/uploads\/sites\/2\/2024\/11\/marque-haut-de-gamme-150x150.png\" alt=\"marque haut de gamme\" class=\"wp-image-5875 gt-fse-widgets-ctv-open-product has-transparency\" style=\"--dominant-color: #000000; width:16px\" srcset=\"https:\/\/camping-del-mar.com\/wp-content\/uploads\/sites\/2\/2024\/11\/marque-haut-de-gamme-150x150.png 150w, https:\/\/camping-del-mar.com\/wp-content\/uploads\/sites\/2\/2024\/11\/marque-haut-de-gamme-300x300.png 300w, https:\/\/camping-del-mar.com\/wp-content\/uploads\/sites\/2\/2024\/11\/marque-haut-de-gamme-400x400.png 400w, https:\/\/camping-del-mar.com\/wp-content\/uploads\/sites\/2\/2024\/11\/marque-haut-de-gamme.png 512w\" sizes=\"(max-width: 150px) 100vw, 150px\" \/><\/figure>\n\n\n<div style=\"font-size:0.75rem;font-style:normal;font-weight:600;text-transform:uppercase\" class=\"taxonomy-gt-hebergements-gammes has-link-color wp-elements-ad13c04d06df33f9d2c8a3c157264b7c wp-block-post-terms has-text-color has-base-color gt-fse-widgets-ctv-open-product\"><span class=\"gt-fse-widgets-ctv-open-product\">Excellence<\/span><\/div><\/div>\n<\/div>\n\n\n\n<div style=\"height:0.25rem\" aria-hidden=\"true\" class=\"wp-block-spacer gt-hide-mobile gt-fse-widgets-ctv-open-product\"><\/div>\n\n\n<h3 style=\"font-size:clamp(0.984rem, 0.984rem + ((1vw - 0.2rem) * 0.86), 1.5rem); margin-top:0;margin-bottom:0;\" class=\"hebergement-title wp-block-post-title gt-fse-widgets-ctv-open-product\">MOBIL-HOME EXCELLENCE 3 Slaapkamers<\/h3>\n\n\n<div class=\"wp-block-group is-layout-flex wp-container-core-group-is-layout-89 wp-block-group-is-layout-flex gt-fse-widgets-ctv-open-product\">\n<div class=\"wp-block-group is-nowrap is-layout-flex wp-container-core-group-is-layout-86 wp-block-group-is-layout-flex gt-fse-widgets-ctv-open-product\">\n<figure class=\"wp-block-image size-medium is-resized wp-duotone-132f44-ffffff-23 gt-fse-widgets-ctv-open-product\"><img data-dominant-color=\"000000\" data-has-transparency=\"true\" decoding=\"async\" width=\"300\" height=\"300\" src=\"https:\/\/camping-del-mar.com\/wp-content\/uploads\/sites\/2\/2024\/11\/groupe-300x300.png\" alt=\"groupe\" class=\"wp-image-5889 gt-fse-widgets-ctv-open-product has-transparency\" style=\"--dominant-color: #000000; width:16px\" srcset=\"https:\/\/camping-del-mar.com\/wp-content\/uploads\/sites\/2\/2024\/11\/groupe-300x300.png 300w, https:\/\/camping-del-mar.com\/wp-content\/uploads\/sites\/2\/2024\/11\/groupe-150x150.png 150w, https:\/\/camping-del-mar.com\/wp-content\/uploads\/sites\/2\/2024\/11\/groupe-400x400.png 400w, https:\/\/camping-del-mar.com\/wp-content\/uploads\/sites\/2\/2024\/11\/groupe.png 512w\" sizes=\"(max-width: 300px) 100vw, 300px\" \/><\/figure>\n\n\n<div class=\"taxonomy-gt-hebergements-nombre-personnes wp-block-post-terms gt-fse-widgets-ctv-open-product\"><span class=\"gt-fse-widgets-ctv-open-product\">6<\/span><span class=\"wp-block-post-terms__suffix gt-fse-widgets-ctv-open-product\"> Pers.<\/span><\/div><\/div>\n\n\n\n<div class=\"wp-block-group is-nowrap is-layout-flex wp-container-core-group-is-layout-87 wp-block-group-is-layout-flex gt-fse-widgets-ctv-open-product\">\n<figure class=\"wp-block-image size-full is-resized wp-duotone-132f44-ffffff-24 gt-fse-widgets-ctv-open-product\"><img data-dominant-color=\"000000\" data-has-transparency=\"true\" decoding=\"async\" width=\"512\" height=\"512\" src=\"https:\/\/camping-del-mar.com\/wp-content\/uploads\/sites\/2\/2024\/11\/chambre-a-coucher.png\" alt=\"chambre a coucher\" class=\"wp-image-5894 gt-fse-widgets-ctv-open-product has-transparency\" style=\"--dominant-color: #000000; width:16px\" srcset=\"https:\/\/camping-del-mar.com\/wp-content\/uploads\/sites\/2\/2024\/11\/chambre-a-coucher.png 512w, https:\/\/camping-del-mar.com\/wp-content\/uploads\/sites\/2\/2024\/11\/chambre-a-coucher-300x300.png 300w, https:\/\/camping-del-mar.com\/wp-content\/uploads\/sites\/2\/2024\/11\/chambre-a-coucher-150x150.png 150w, https:\/\/camping-del-mar.com\/wp-content\/uploads\/sites\/2\/2024\/11\/chambre-a-coucher-400x400.png 400w\" sizes=\"(max-width: 512px) 100vw, 512px\" \/><\/figure>\n\n\n<div class=\"taxonomy-gt-hebergements-nombre-chambres wp-block-post-terms gt-fse-widgets-ctv-open-product\"><span class=\"gt-fse-widgets-ctv-open-product\">3<\/span><span class=\"wp-block-post-terms__suffix gt-fse-widgets-ctv-open-product\"> ch.<\/span><\/div><\/div>\n\n\n\n<div class=\"wp-block-group is-nowrap is-layout-flex wp-container-core-group-is-layout-88 wp-block-group-is-layout-flex gt-fse-widgets-ctv-open-product\">\n<figure class=\"wp-block-image size-medium is-resized wp-duotone-132f44-ffffff-25 gt-fse-widgets-ctv-open-product\"><img data-dominant-color=\"000000\" data-has-transparency=\"true\" decoding=\"async\" width=\"300\" height=\"300\" src=\"https:\/\/camping-del-mar.com\/wp-content\/uploads\/sites\/2\/2024\/11\/regles-300x300.png\" alt=\"regles\" class=\"wp-image-5900 gt-fse-widgets-ctv-open-product has-transparency\" style=\"--dominant-color: #000000; width:16px\" srcset=\"https:\/\/camping-del-mar.com\/wp-content\/uploads\/sites\/2\/2024\/11\/regles-300x300.png 300w, https:\/\/camping-del-mar.com\/wp-content\/uploads\/sites\/2\/2024\/11\/regles-150x150.png 150w, https:\/\/camping-del-mar.com\/wp-content\/uploads\/sites\/2\/2024\/11\/regles-400x400.png 400w, https:\/\/camping-del-mar.com\/wp-content\/uploads\/sites\/2\/2024\/11\/regles.png 512w\" sizes=\"(max-width: 300px) 100vw, 300px\" \/><\/figure>\n\n\n<div class=\"taxonomy-gt-hebergements-superficie wp-block-post-terms gt-fse-widgets-ctv-open-product\"><span class=\"gt-fse-widgets-ctv-open-product\">36<\/span><span class=\"wp-block-post-terms__suffix gt-fse-widgets-ctv-open-product\"> m2<\/span><\/div><\/div>\n<\/div>\n\n\n<div style=\"font-size:0.75rem\" class=\"taxonomy-gt-hebergements-options wp-block-post-terms gt-fse-widgets-ctv-open-product\"><span class=\"gt-fse-widgets-ctv-open-product\">Animaux accept\u00e9s<\/span><span class=\"wp-block-post-terms__separator gt-fse-widgets-ctv-open-product\"> \u2022 <\/span><span class=\"gt-fse-widgets-ctv-open-product\">Climatisation<\/span><span class=\"wp-block-post-terms__separator gt-fse-widgets-ctv-open-product\"> \u2022 <\/span><span class=\"gt-fse-widgets-ctv-open-product\">Cuisine<\/span><span class=\"wp-block-post-terms__separator gt-fse-widgets-ctv-open-product\"> \u2022 <\/span><span class=\"gt-fse-widgets-ctv-open-product\">Literie 160<\/span><span class=\"wp-block-post-terms__separator gt-fse-widgets-ctv-open-product\"> \u2022 <\/span><span class=\"gt-fse-widgets-ctv-open-product\">Plancha<\/span><span class=\"wp-block-post-terms__separator gt-fse-widgets-ctv-open-product\"> \u2022 <\/span><span class=\"gt-fse-widgets-ctv-open-product\">Terrasse<\/span><span class=\"wp-block-post-terms__separator gt-fse-widgets-ctv-open-product\"> \u2022 <\/span><span class=\"gt-fse-widgets-ctv-open-product\">Transats<\/span><span class=\"wp-block-post-terms__separator gt-fse-widgets-ctv-open-product\"> \u2022 <\/span><span class=\"gt-fse-widgets-ctv-open-product\">TV<\/span><span class=\"wp-block-post-terms__separator gt-fse-widgets-ctv-open-product\"> \u2022 <\/span><span class=\"gt-fse-widgets-ctv-open-product\">WC<\/span><\/div><\/div>\n\n\n\n<div class=\"wp-block-group gt-hebergement-foot is-layout-flow wp-container-core-group-is-layout-91 wp-block-group-is-layout-flow gt-fse-widgets-ctv-open-product\">\n<hr class=\"wp-block-separator has-text-color has-alpha-channel-opacity has-background is-style-wide gt-fse-widgets-ctv-open-product\" style=\"background-color:#0000000d;color:#0000000d\" \/>\n\n\n\n<p class=\"has-text-align-center gt-fse-widgets-ctv-open-product\" style=\"padding-top:var(--wp--preset--spacing--10);padding-right:var(--wp--preset--spacing--10);padding-bottom:var(--wp--preset--spacing--10);padding-left:var(--wp--preset--spacing--10);font-size:0.75rem;font-style:normal;font-weight:600;text-transform:uppercase\">Voir l&#8217;h\u00e9bergement<\/p>\n<\/div>\n<\/div>\n\n<\/li><li data-gt-campings=\"\" data-gt-capacities=\"29\" data-gt-ctv-product-id=\"\" data-gt-gammes=\"37\" data-gt-options=\"39,32,40,63,41,42,26,43\" data-gt-rooms=\"48\" data-gt-superficies=\"50\" data-gt-types=\"23\" data-wp-key=\"post-template-item-6593\" class=\"wp-block-post post-6593 hebergement type-hebergement status-publish has-post-thumbnail hentry gt-hebergements-gammes-premium gt-hebergements-options-animaux-acceptes gt-hebergements-options-climatisation gt-hebergements-options-cuisine gt-hebergements-options-plancha gt-hebergements-options-salle-de-bain gt-hebergements-options-terrasse gt-hebergements-options-tv gt-hebergements-options-wc gt-hebergements-types-mobil-home gt-hebergements-nombre-personnes-29 gt-hebergements-nombre-chambres-48 gt-hebergements-superficie-50 gt-fse-widgets-ctv-open-product\">\n\n<div class=\"wp-block-group gt-hebergement-wrap has-base-background-color has-background has-global-padding is-layout-constrained wp-container-core-group-is-layout-101 wp-block-group-is-layout-constrained gt-fse-widgets-ctv-open-product\" style=\"padding-top:0;padding-right:0;padding-bottom:0;padding-left:0;box-shadow:var(--wp--preset--shadow--natural)\"><figure class=\"hebergement-featured-image wp-block-post-featured-image gt-fse-widgets-ctv-open-product\"><img decoding=\"async\" width=\"489\" height=\"275\" src=\"https:\/\/camping-del-mar.com\/wp-content\/uploads\/sites\/2\/2024\/11\/mobil-home-premium-2-chambres-1.webp\" class=\"attachment-full size-full not-transparent wp-post-image gt-fse-widgets-ctv-open-product\" alt=\"mobil-home premium-2-slaapkamer-1\" style=\"--dominant-color: #577173;border-radius:0px;object-fit:cover;\" srcset=\"https:\/\/camping-del-mar.com\/wp-content\/uploads\/sites\/2\/2024\/11\/mobil-home-premium-2-chambres-1.webp 489w, https:\/\/camping-del-mar.com\/wp-content\/uploads\/sites\/2\/2024\/11\/mobil-home-premium-2-chambres-1-300x169.webp 300w\" sizes=\"(max-width: 489px) 100vw, 489px\" data-has-transparency=\"false\" data-dominant-color=\"577173\" \/><\/figure>\n\n\n<div class=\"wp-block-group gt-hebergement-content has-global-padding is-layout-constrained wp-container-core-group-is-layout-99 wp-block-group-is-layout-constrained gt-fse-widgets-ctv-open-product\" style=\"padding-top:var(--wp--preset--spacing--20);padding-right:var(--wp--preset--spacing--20);padding-bottom:var(--wp--preset--spacing--20);padding-left:var(--wp--preset--spacing--20)\">\n<div class=\"wp-block-group is-nowrap is-layout-flex wp-container-core-group-is-layout-94 wp-block-group-is-layout-flex gt-fse-widgets-ctv-open-product\">\n<div class=\"wp-block-group has-accent-background-color has-background has-small-font-size is-nowrap is-layout-flex wp-container-core-group-is-layout-93 wp-block-group-is-layout-flex gt-fse-widgets-ctv-open-product\" style=\"border-radius:1rem;padding-top:4px;padding-right:8px;padding-bottom:4px;padding-left:8px\">\n<figure class=\"wp-block-image size-thumbnail is-resized wp-duotone-rgb255255255-ffffff-26 gt-fse-widgets-ctv-open-product\"><img data-dominant-color=\"000000\" data-has-transparency=\"true\" decoding=\"async\" width=\"150\" height=\"150\" src=\"https:\/\/camping-del-mar.com\/wp-content\/uploads\/sites\/2\/2024\/11\/marque-haut-de-gamme-150x150.png\" alt=\"marque haut de gamme\" class=\"wp-image-5875 gt-fse-widgets-ctv-open-product has-transparency\" style=\"--dominant-color: #000000; width:16px\" srcset=\"https:\/\/camping-del-mar.com\/wp-content\/uploads\/sites\/2\/2024\/11\/marque-haut-de-gamme-150x150.png 150w, https:\/\/camping-del-mar.com\/wp-content\/uploads\/sites\/2\/2024\/11\/marque-haut-de-gamme-300x300.png 300w, https:\/\/camping-del-mar.com\/wp-content\/uploads\/sites\/2\/2024\/11\/marque-haut-de-gamme-400x400.png 400w, https:\/\/camping-del-mar.com\/wp-content\/uploads\/sites\/2\/2024\/11\/marque-haut-de-gamme.png 512w\" sizes=\"(max-width: 150px) 100vw, 150px\" \/><\/figure>\n\n\n<div style=\"font-size:0.75rem;font-style:normal;font-weight:600;text-transform:uppercase\" class=\"taxonomy-gt-hebergements-gammes has-link-color wp-elements-ad13c04d06df33f9d2c8a3c157264b7c wp-block-post-terms has-text-color has-base-color gt-fse-widgets-ctv-open-product\"><span class=\"gt-fse-widgets-ctv-open-product\">Premium<\/span><\/div><\/div>\n<\/div>\n\n\n\n<div style=\"height:0.25rem\" aria-hidden=\"true\" class=\"wp-block-spacer gt-hide-mobile gt-fse-widgets-ctv-open-product\"><\/div>\n\n\n<h3 style=\"font-size:clamp(0.984rem, 0.984rem + ((1vw - 0.2rem) * 0.86), 1.5rem); margin-top:0;margin-bottom:0;\" class=\"hebergement-title wp-block-post-title gt-fse-widgets-ctv-open-product\">Stacaravan Premium 2 slaapkamers<\/h3>\n\n\n<div class=\"wp-block-group is-layout-flex wp-container-core-group-is-layout-98 wp-block-group-is-layout-flex gt-fse-widgets-ctv-open-product\">\n<div class=\"wp-block-group is-nowrap is-layout-flex wp-container-core-group-is-layout-95 wp-block-group-is-layout-flex gt-fse-widgets-ctv-open-product\">\n<figure class=\"wp-block-image size-medium is-resized wp-duotone-132f44-ffffff-27 gt-fse-widgets-ctv-open-product\"><img data-dominant-color=\"000000\" data-has-transparency=\"true\" decoding=\"async\" width=\"300\" height=\"300\" src=\"https:\/\/camping-del-mar.com\/wp-content\/uploads\/sites\/2\/2024\/11\/groupe-300x300.png\" alt=\"groupe\" class=\"wp-image-5889 gt-fse-widgets-ctv-open-product has-transparency\" style=\"--dominant-color: #000000; width:16px\" srcset=\"https:\/\/camping-del-mar.com\/wp-content\/uploads\/sites\/2\/2024\/11\/groupe-300x300.png 300w, https:\/\/camping-del-mar.com\/wp-content\/uploads\/sites\/2\/2024\/11\/groupe-150x150.png 150w, https:\/\/camping-del-mar.com\/wp-content\/uploads\/sites\/2\/2024\/11\/groupe-400x400.png 400w, https:\/\/camping-del-mar.com\/wp-content\/uploads\/sites\/2\/2024\/11\/groupe.png 512w\" sizes=\"(max-width: 300px) 100vw, 300px\" \/><\/figure>\n\n\n<div class=\"taxonomy-gt-hebergements-nombre-personnes wp-block-post-terms gt-fse-widgets-ctv-open-product\"><span class=\"gt-fse-widgets-ctv-open-product\">4<\/span><span class=\"wp-block-post-terms__suffix gt-fse-widgets-ctv-open-product\"> Pers.<\/span><\/div><\/div>\n\n\n\n<div class=\"wp-block-group is-nowrap is-layout-flex wp-container-core-group-is-layout-96 wp-block-group-is-layout-flex gt-fse-widgets-ctv-open-product\">\n<figure class=\"wp-block-image size-full is-resized wp-duotone-132f44-ffffff-28 gt-fse-widgets-ctv-open-product\"><img data-dominant-color=\"000000\" data-has-transparency=\"true\" decoding=\"async\" width=\"512\" height=\"512\" src=\"https:\/\/camping-del-mar.com\/wp-content\/uploads\/sites\/2\/2024\/11\/chambre-a-coucher.png\" alt=\"chambre a coucher\" class=\"wp-image-5894 gt-fse-widgets-ctv-open-product has-transparency\" style=\"--dominant-color: #000000; width:16px\" srcset=\"https:\/\/camping-del-mar.com\/wp-content\/uploads\/sites\/2\/2024\/11\/chambre-a-coucher.png 512w, https:\/\/camping-del-mar.com\/wp-content\/uploads\/sites\/2\/2024\/11\/chambre-a-coucher-300x300.png 300w, https:\/\/camping-del-mar.com\/wp-content\/uploads\/sites\/2\/2024\/11\/chambre-a-coucher-150x150.png 150w, https:\/\/camping-del-mar.com\/wp-content\/uploads\/sites\/2\/2024\/11\/chambre-a-coucher-400x400.png 400w\" sizes=\"(max-width: 512px) 100vw, 512px\" \/><\/figure>\n\n\n<div class=\"taxonomy-gt-hebergements-nombre-chambres wp-block-post-terms gt-fse-widgets-ctv-open-product\"><span class=\"gt-fse-widgets-ctv-open-product\">2<\/span><span class=\"wp-block-post-terms__suffix gt-fse-widgets-ctv-open-product\"> ch.<\/span><\/div><\/div>\n\n\n\n<div class=\"wp-block-group is-nowrap is-layout-flex wp-container-core-group-is-layout-97 wp-block-group-is-layout-flex gt-fse-widgets-ctv-open-product\">\n<figure class=\"wp-block-image size-medium is-resized wp-duotone-132f44-ffffff-29 gt-fse-widgets-ctv-open-product\"><img data-dominant-color=\"000000\" data-has-transparency=\"true\" decoding=\"async\" width=\"300\" height=\"300\" src=\"https:\/\/camping-del-mar.com\/wp-content\/uploads\/sites\/2\/2024\/11\/regles-300x300.png\" alt=\"regles\" class=\"wp-image-5900 gt-fse-widgets-ctv-open-product has-transparency\" style=\"--dominant-color: #000000; width:16px\" srcset=\"https:\/\/camping-del-mar.com\/wp-content\/uploads\/sites\/2\/2024\/11\/regles-300x300.png 300w, https:\/\/camping-del-mar.com\/wp-content\/uploads\/sites\/2\/2024\/11\/regles-150x150.png 150w, https:\/\/camping-del-mar.com\/wp-content\/uploads\/sites\/2\/2024\/11\/regles-400x400.png 400w, https:\/\/camping-del-mar.com\/wp-content\/uploads\/sites\/2\/2024\/11\/regles.png 512w\" sizes=\"(max-width: 300px) 100vw, 300px\" \/><\/figure>\n\n\n<div class=\"taxonomy-gt-hebergements-superficie wp-block-post-terms gt-fse-widgets-ctv-open-product\"><span class=\"gt-fse-widgets-ctv-open-product\">32<\/span><span class=\"wp-block-post-terms__suffix gt-fse-widgets-ctv-open-product\"> m2<\/span><\/div><\/div>\n<\/div>\n\n\n<div style=\"font-size:0.75rem\" class=\"taxonomy-gt-hebergements-options wp-block-post-terms gt-fse-widgets-ctv-open-product\"><span class=\"gt-fse-widgets-ctv-open-product\">Animaux accept\u00e9s<\/span><span class=\"wp-block-post-terms__separator gt-fse-widgets-ctv-open-product\"> \u2022 <\/span><span class=\"gt-fse-widgets-ctv-open-product\">Climatisation<\/span><span class=\"wp-block-post-terms__separator gt-fse-widgets-ctv-open-product\"> \u2022 <\/span><span class=\"gt-fse-widgets-ctv-open-product\">Cuisine<\/span><span class=\"wp-block-post-terms__separator gt-fse-widgets-ctv-open-product\"> \u2022 <\/span><span class=\"gt-fse-widgets-ctv-open-product\">Plancha<\/span><span class=\"wp-block-post-terms__separator gt-fse-widgets-ctv-open-product\"> \u2022 <\/span><span class=\"gt-fse-widgets-ctv-open-product\">Salle de bain<\/span><span class=\"wp-block-post-terms__separator gt-fse-widgets-ctv-open-product\"> \u2022 <\/span><span class=\"gt-fse-widgets-ctv-open-product\">Terrasse<\/span><span class=\"wp-block-post-terms__separator gt-fse-widgets-ctv-open-product\"> \u2022 <\/span><span class=\"gt-fse-widgets-ctv-open-product\">TV<\/span><span class=\"wp-block-post-terms__separator gt-fse-widgets-ctv-open-product\"> \u2022 <\/span><span class=\"gt-fse-widgets-ctv-open-product\">WC<\/span><\/div><\/div>\n\n\n\n<div class=\"wp-block-group gt-hebergement-foot is-layout-flow wp-container-core-group-is-layout-100 wp-block-group-is-layout-flow gt-fse-widgets-ctv-open-product\">\n<hr class=\"wp-block-separator has-text-color has-alpha-channel-opacity has-background is-style-wide gt-fse-widgets-ctv-open-product\" style=\"background-color:#0000000d;color:#0000000d\" \/>\n\n\n\n<p class=\"has-text-align-center gt-fse-widgets-ctv-open-product\" style=\"padding-top:var(--wp--preset--spacing--10);padding-right:var(--wp--preset--spacing--10);padding-bottom:var(--wp--preset--spacing--10);padding-left:var(--wp--preset--spacing--10);font-size:0.75rem;font-style:normal;font-weight:600;text-transform:uppercase\">Voir l&#8217;h\u00e9bergement<\/p>\n<\/div>\n<\/div>\n\n<\/li><li data-gt-campings=\"\" data-gt-capacities=\"46\" data-gt-ctv-product-id=\"\" data-gt-gammes=\"36\" data-gt-options=\"39,63\" data-gt-rooms=\"48\" data-gt-superficies=\"50\" data-gt-types=\"23\" data-wp-key=\"post-template-item-6601\" class=\"wp-block-post post-6601 hebergement type-hebergement status-publish has-post-thumbnail hentry gt-hebergements-gammes-superieur gt-hebergements-options-animaux-acceptes gt-hebergements-options-plancha gt-hebergements-types-mobil-home gt-hebergements-nombre-personnes-4-6 gt-hebergements-nombre-chambres-48 gt-hebergements-superficie-50 gt-fse-widgets-ctv-open-product\">\n\n<div class=\"wp-block-group gt-hebergement-wrap has-base-background-color has-background has-global-padding is-layout-constrained wp-container-core-group-is-layout-110 wp-block-group-is-layout-constrained gt-fse-widgets-ctv-open-product\" style=\"padding-top:0;padding-right:0;padding-bottom:0;padding-left:0;box-shadow:var(--wp--preset--shadow--natural)\"><figure class=\"hebergement-featured-image wp-block-post-featured-image gt-fse-widgets-ctv-open-product\"><img decoding=\"async\" width=\"489\" height=\"275\" src=\"https:\/\/camping-del-mar.com\/wp-content\/uploads\/sites\/2\/2024\/11\/mobil-home-superieur-2ch.webp\" class=\"attachment-full size-full not-transparent wp-post-image gt-fse-widgets-ctv-open-product\" alt=\"stacaravan superieur 2 slaapkamers\" style=\"--dominant-color: #557176;border-radius:0px;object-fit:cover;\" srcset=\"https:\/\/camping-del-mar.com\/wp-content\/uploads\/sites\/2\/2024\/11\/mobil-home-superieur-2ch.webp 489w, https:\/\/camping-del-mar.com\/wp-content\/uploads\/sites\/2\/2024\/11\/mobil-home-superieur-2ch-300x169.webp 300w\" sizes=\"(max-width: 489px) 100vw, 489px\" data-has-transparency=\"false\" data-dominant-color=\"557176\" \/><\/figure>\n\n\n<div class=\"wp-block-group gt-hebergement-content has-global-padding is-layout-constrained wp-container-core-group-is-layout-108 wp-block-group-is-layout-constrained gt-fse-widgets-ctv-open-product\" style=\"padding-top:var(--wp--preset--spacing--20);padding-right:var(--wp--preset--spacing--20);padding-bottom:var(--wp--preset--spacing--20);padding-left:var(--wp--preset--spacing--20)\">\n<div class=\"wp-block-group is-nowrap is-layout-flex wp-container-core-group-is-layout-103 wp-block-group-is-layout-flex gt-fse-widgets-ctv-open-product\">\n<div class=\"wp-block-group has-accent-background-color has-background has-small-font-size is-nowrap is-layout-flex wp-container-core-group-is-layout-102 wp-block-group-is-layout-flex gt-fse-widgets-ctv-open-product\" style=\"border-radius:1rem;padding-top:4px;padding-right:8px;padding-bottom:4px;padding-left:8px\">\n<figure class=\"wp-block-image size-thumbnail is-resized wp-duotone-rgb255255255-ffffff-30 gt-fse-widgets-ctv-open-product\"><img data-dominant-color=\"000000\" data-has-transparency=\"true\" decoding=\"async\" width=\"150\" height=\"150\" src=\"https:\/\/camping-del-mar.com\/wp-content\/uploads\/sites\/2\/2024\/11\/marque-haut-de-gamme-150x150.png\" alt=\"marque haut de gamme\" class=\"wp-image-5875 gt-fse-widgets-ctv-open-product has-transparency\" style=\"--dominant-color: #000000; width:16px\" srcset=\"https:\/\/camping-del-mar.com\/wp-content\/uploads\/sites\/2\/2024\/11\/marque-haut-de-gamme-150x150.png 150w, https:\/\/camping-del-mar.com\/wp-content\/uploads\/sites\/2\/2024\/11\/marque-haut-de-gamme-300x300.png 300w, https:\/\/camping-del-mar.com\/wp-content\/uploads\/sites\/2\/2024\/11\/marque-haut-de-gamme-400x400.png 400w, https:\/\/camping-del-mar.com\/wp-content\/uploads\/sites\/2\/2024\/11\/marque-haut-de-gamme.png 512w\" sizes=\"(max-width: 150px) 100vw, 150px\" \/><\/figure>\n\n\n<div style=\"font-size:0.75rem;font-style:normal;font-weight:600;text-transform:uppercase\" class=\"taxonomy-gt-hebergements-gammes has-link-color wp-elements-ad13c04d06df33f9d2c8a3c157264b7c wp-block-post-terms has-text-color has-base-color gt-fse-widgets-ctv-open-product\"><span class=\"gt-fse-widgets-ctv-open-product\">Sup\u00e9rieur<\/span><\/div><\/div>\n<\/div>\n\n\n\n<div style=\"height:0.25rem\" aria-hidden=\"true\" class=\"wp-block-spacer gt-hide-mobile gt-fse-widgets-ctv-open-product\"><\/div>\n\n\n<h3 style=\"font-size:clamp(0.984rem, 0.984rem + ((1vw - 0.2rem) * 0.86), 1.5rem); margin-top:0;margin-bottom:0;\" class=\"hebergement-title wp-block-post-title gt-fse-widgets-ctv-open-product\">Stacaravan Superieur 2ch<\/h3>\n\n\n<div class=\"wp-block-group is-layout-flex wp-container-core-group-is-layout-107 wp-block-group-is-layout-flex gt-fse-widgets-ctv-open-product\">\n<div class=\"wp-block-group is-nowrap is-layout-flex wp-container-core-group-is-layout-104 wp-block-group-is-layout-flex gt-fse-widgets-ctv-open-product\">\n<figure class=\"wp-block-image size-medium is-resized wp-duotone-132f44-ffffff-31 gt-fse-widgets-ctv-open-product\"><img data-dominant-color=\"000000\" data-has-transparency=\"true\" decoding=\"async\" width=\"300\" height=\"300\" src=\"https:\/\/camping-del-mar.com\/wp-content\/uploads\/sites\/2\/2024\/11\/groupe-300x300.png\" alt=\"groupe\" class=\"wp-image-5889 gt-fse-widgets-ctv-open-product has-transparency\" style=\"--dominant-color: #000000; width:16px\" srcset=\"https:\/\/camping-del-mar.com\/wp-content\/uploads\/sites\/2\/2024\/11\/groupe-300x300.png 300w, https:\/\/camping-del-mar.com\/wp-content\/uploads\/sites\/2\/2024\/11\/groupe-150x150.png 150w, https:\/\/camping-del-mar.com\/wp-content\/uploads\/sites\/2\/2024\/11\/groupe-400x400.png 400w, https:\/\/camping-del-mar.com\/wp-content\/uploads\/sites\/2\/2024\/11\/groupe.png 512w\" sizes=\"(max-width: 300px) 100vw, 300px\" \/><\/figure>\n\n\n<div class=\"taxonomy-gt-hebergements-nombre-personnes wp-block-post-terms gt-fse-widgets-ctv-open-product\"><span class=\"gt-fse-widgets-ctv-open-product\">4 \/ 6<\/span><span class=\"wp-block-post-terms__suffix gt-fse-widgets-ctv-open-product\"> Pers.<\/span><\/div><\/div>\n\n\n\n<div class=\"wp-block-group is-nowrap is-layout-flex wp-container-core-group-is-layout-105 wp-block-group-is-layout-flex gt-fse-widgets-ctv-open-product\">\n<figure class=\"wp-block-image size-full is-resized wp-duotone-132f44-ffffff-32 gt-fse-widgets-ctv-open-product\"><img data-dominant-color=\"000000\" data-has-transparency=\"true\" decoding=\"async\" width=\"512\" height=\"512\" src=\"https:\/\/camping-del-mar.com\/wp-content\/uploads\/sites\/2\/2024\/11\/chambre-a-coucher.png\" alt=\"chambre a coucher\" class=\"wp-image-5894 gt-fse-widgets-ctv-open-product has-transparency\" style=\"--dominant-color: #000000; width:16px\" srcset=\"https:\/\/camping-del-mar.com\/wp-content\/uploads\/sites\/2\/2024\/11\/chambre-a-coucher.png 512w, https:\/\/camping-del-mar.com\/wp-content\/uploads\/sites\/2\/2024\/11\/chambre-a-coucher-300x300.png 300w, https:\/\/camping-del-mar.com\/wp-content\/uploads\/sites\/2\/2024\/11\/chambre-a-coucher-150x150.png 150w, https:\/\/camping-del-mar.com\/wp-content\/uploads\/sites\/2\/2024\/11\/chambre-a-coucher-400x400.png 400w\" sizes=\"(max-width: 512px) 100vw, 512px\" \/><\/figure>\n\n\n<div class=\"taxonomy-gt-hebergements-nombre-chambres wp-block-post-terms gt-fse-widgets-ctv-open-product\"><span class=\"gt-fse-widgets-ctv-open-product\">2<\/span><span class=\"wp-block-post-terms__suffix gt-fse-widgets-ctv-open-product\"> ch.<\/span><\/div><\/div>\n\n\n\n<div class=\"wp-block-group is-nowrap is-layout-flex wp-container-core-group-is-layout-106 wp-block-group-is-layout-flex gt-fse-widgets-ctv-open-product\">\n<figure class=\"wp-block-image size-medium is-resized wp-duotone-132f44-ffffff-33 gt-fse-widgets-ctv-open-product\"><img data-dominant-color=\"000000\" data-has-transparency=\"true\" decoding=\"async\" width=\"300\" height=\"300\" src=\"https:\/\/camping-del-mar.com\/wp-content\/uploads\/sites\/2\/2024\/11\/regles-300x300.png\" alt=\"regles\" class=\"wp-image-5900 gt-fse-widgets-ctv-open-product has-transparency\" style=\"--dominant-color: #000000; width:16px\" srcset=\"https:\/\/camping-del-mar.com\/wp-content\/uploads\/sites\/2\/2024\/11\/regles-300x300.png 300w, https:\/\/camping-del-mar.com\/wp-content\/uploads\/sites\/2\/2024\/11\/regles-150x150.png 150w, https:\/\/camping-del-mar.com\/wp-content\/uploads\/sites\/2\/2024\/11\/regles-400x400.png 400w, https:\/\/camping-del-mar.com\/wp-content\/uploads\/sites\/2\/2024\/11\/regles.png 512w\" sizes=\"(max-width: 300px) 100vw, 300px\" \/><\/figure>\n\n\n<div class=\"taxonomy-gt-hebergements-superficie wp-block-post-terms gt-fse-widgets-ctv-open-product\"><span class=\"gt-fse-widgets-ctv-open-product\">32<\/span><span class=\"wp-block-post-terms__suffix gt-fse-widgets-ctv-open-product\"> m2<\/span><\/div><\/div>\n<\/div>\n\n\n<div style=\"font-size:0.75rem\" class=\"taxonomy-gt-hebergements-options wp-block-post-terms gt-fse-widgets-ctv-open-product\"><span class=\"gt-fse-widgets-ctv-open-product\">Animaux accept\u00e9s<\/span><span class=\"wp-block-post-terms__separator gt-fse-widgets-ctv-open-product\"> \u2022 <\/span><span class=\"gt-fse-widgets-ctv-open-product\">Plancha<\/span><\/div><\/div>\n\n\n\n<div class=\"wp-block-group gt-hebergement-foot is-layout-flow wp-container-core-group-is-layout-109 wp-block-group-is-layout-flow gt-fse-widgets-ctv-open-product\">\n<hr class=\"wp-block-separator has-text-color has-alpha-channel-opacity has-background is-style-wide gt-fse-widgets-ctv-open-product\" style=\"background-color:#0000000d;color:#0000000d\" \/>\n\n\n\n<p class=\"has-text-align-center gt-fse-widgets-ctv-open-product\" style=\"padding-top:var(--wp--preset--spacing--10);padding-right:var(--wp--preset--spacing--10);padding-bottom:var(--wp--preset--spacing--10);padding-left:var(--wp--preset--spacing--10);font-size:0.75rem;font-style:normal;font-weight:600;text-transform:uppercase\">Voir l&#8217;h\u00e9bergement<\/p>\n<\/div>\n<\/div>\n\n<\/li><li data-gt-campings=\"\" data-gt-capacities=\"20\" data-gt-ctv-product-id=\"\" data-gt-gammes=\"35\" data-gt-options=\"39,32,40,63,41,42,26,43\" data-gt-rooms=\"19\" data-gt-superficies=\"21\" data-gt-types=\"23\" data-wp-key=\"post-template-item-6591\" class=\"wp-block-post post-6591 hebergement type-hebergement status-publish has-post-thumbnail hentry gt-hebergements-gammes-studio gt-hebergements-options-animaux-acceptes gt-hebergements-options-climatisation gt-hebergements-options-cuisine gt-hebergements-options-plancha gt-hebergements-options-salle-de-bain gt-hebergements-options-terrasse gt-hebergements-options-tv gt-hebergements-options-wc gt-hebergements-types-mobil-home gt-hebergements-nombre-personnes-20 gt-hebergements-nombre-chambres-19 gt-hebergements-superficie-21 gt-fse-widgets-ctv-open-product\">\n\n<div class=\"wp-block-group gt-hebergement-wrap has-base-background-color has-background has-global-padding is-layout-constrained wp-container-core-group-is-layout-119 wp-block-group-is-layout-constrained gt-fse-widgets-ctv-open-product\" style=\"padding-top:0;padding-right:0;padding-bottom:0;padding-left:0;box-shadow:var(--wp--preset--shadow--natural)\"><figure class=\"hebergement-featured-image wp-block-post-featured-image gt-fse-widgets-ctv-open-product\"><img decoding=\"async\" width=\"489\" height=\"275\" src=\"https:\/\/camping-del-mar.com\/wp-content\/uploads\/sites\/2\/2024\/11\/mobilhome-studio-1-chambre-20m.webp\" class=\"attachment-full size-full not-transparent wp-post-image gt-fse-widgets-ctv-open-product\" alt=\"mobilhome studio 1 slaapkamer 20m\" style=\"--dominant-color: #b7aca5;border-radius:0px;object-fit:cover;\" srcset=\"https:\/\/camping-del-mar.com\/wp-content\/uploads\/sites\/2\/2024\/11\/mobilhome-studio-1-chambre-20m.webp 489w, https:\/\/camping-del-mar.com\/wp-content\/uploads\/sites\/2\/2024\/11\/mobilhome-studio-1-chambre-20m-300x169.webp 300w\" sizes=\"(max-width: 489px) 100vw, 489px\" data-has-transparency=\"false\" data-dominant-color=\"b7aca5\" \/><\/figure>\n\n\n<div class=\"wp-block-group gt-hebergement-content has-global-padding is-layout-constrained wp-container-core-group-is-layout-117 wp-block-group-is-layout-constrained gt-fse-widgets-ctv-open-product\" style=\"padding-top:var(--wp--preset--spacing--20);padding-right:var(--wp--preset--spacing--20);padding-bottom:var(--wp--preset--spacing--20);padding-left:var(--wp--preset--spacing--20)\">\n<div class=\"wp-block-group is-nowrap is-layout-flex wp-container-core-group-is-layout-112 wp-block-group-is-layout-flex gt-fse-widgets-ctv-open-product\">\n<div class=\"wp-block-group has-accent-background-color has-background has-small-font-size is-nowrap is-layout-flex wp-container-core-group-is-layout-111 wp-block-group-is-layout-flex gt-fse-widgets-ctv-open-product\" style=\"border-radius:1rem;padding-top:4px;padding-right:8px;padding-bottom:4px;padding-left:8px\">\n<figure class=\"wp-block-image size-thumbnail is-resized wp-duotone-rgb255255255-ffffff-34 gt-fse-widgets-ctv-open-product\"><img data-dominant-color=\"000000\" data-has-transparency=\"true\" decoding=\"async\" width=\"150\" height=\"150\" src=\"https:\/\/camping-del-mar.com\/wp-content\/uploads\/sites\/2\/2024\/11\/marque-haut-de-gamme-150x150.png\" alt=\"marque haut de gamme\" class=\"wp-image-5875 gt-fse-widgets-ctv-open-product has-transparency\" style=\"--dominant-color: #000000; width:16px\" srcset=\"https:\/\/camping-del-mar.com\/wp-content\/uploads\/sites\/2\/2024\/11\/marque-haut-de-gamme-150x150.png 150w, https:\/\/camping-del-mar.com\/wp-content\/uploads\/sites\/2\/2024\/11\/marque-haut-de-gamme-300x300.png 300w, https:\/\/camping-del-mar.com\/wp-content\/uploads\/sites\/2\/2024\/11\/marque-haut-de-gamme-400x400.png 400w, https:\/\/camping-del-mar.com\/wp-content\/uploads\/sites\/2\/2024\/11\/marque-haut-de-gamme.png 512w\" sizes=\"(max-width: 150px) 100vw, 150px\" \/><\/figure>\n\n\n<div style=\"font-size:0.75rem;font-style:normal;font-weight:600;text-transform:uppercase\" class=\"taxonomy-gt-hebergements-gammes has-link-color wp-elements-ad13c04d06df33f9d2c8a3c157264b7c wp-block-post-terms has-text-color has-base-color gt-fse-widgets-ctv-open-product\"><span class=\"gt-fse-widgets-ctv-open-product\">Studio<\/span><\/div><\/div>\n<\/div>\n\n\n\n<div style=\"height:0.25rem\" aria-hidden=\"true\" class=\"wp-block-spacer gt-hide-mobile gt-fse-widgets-ctv-open-product\"><\/div>\n\n\n<h3 style=\"font-size:clamp(0.984rem, 0.984rem + ((1vw - 0.2rem) * 0.86), 1.5rem); margin-top:0;margin-bottom:0;\" class=\"hebergement-title wp-block-post-title gt-fse-widgets-ctv-open-product\">STUDIO MOBILHOME 1 kamer 20m\u00b2 (20m\u00b2)<\/h3>\n\n\n<div class=\"wp-block-group is-layout-flex wp-container-core-group-is-layout-116 wp-block-group-is-layout-flex gt-fse-widgets-ctv-open-product\">\n<div class=\"wp-block-group is-nowrap is-layout-flex wp-container-core-group-is-layout-113 wp-block-group-is-layout-flex gt-fse-widgets-ctv-open-product\">\n<figure class=\"wp-block-image size-medium is-resized wp-duotone-132f44-ffffff-35 gt-fse-widgets-ctv-open-product\"><img data-dominant-color=\"000000\" data-has-transparency=\"true\" decoding=\"async\" width=\"300\" height=\"300\" src=\"https:\/\/camping-del-mar.com\/wp-content\/uploads\/sites\/2\/2024\/11\/groupe-300x300.png\" alt=\"groupe\" class=\"wp-image-5889 gt-fse-widgets-ctv-open-product has-transparency\" style=\"--dominant-color: #000000; width:16px\" srcset=\"https:\/\/camping-del-mar.com\/wp-content\/uploads\/sites\/2\/2024\/11\/groupe-300x300.png 300w, https:\/\/camping-del-mar.com\/wp-content\/uploads\/sites\/2\/2024\/11\/groupe-150x150.png 150w, https:\/\/camping-del-mar.com\/wp-content\/uploads\/sites\/2\/2024\/11\/groupe-400x400.png 400w, https:\/\/camping-del-mar.com\/wp-content\/uploads\/sites\/2\/2024\/11\/groupe.png 512w\" sizes=\"(max-width: 300px) 100vw, 300px\" \/><\/figure>\n\n\n<div class=\"taxonomy-gt-hebergements-nombre-personnes wp-block-post-terms gt-fse-widgets-ctv-open-product\"><span class=\"gt-fse-widgets-ctv-open-product\">2<\/span><span class=\"wp-block-post-terms__suffix gt-fse-widgets-ctv-open-product\"> Pers.<\/span><\/div><\/div>\n\n\n\n<div class=\"wp-block-group is-nowrap is-layout-flex wp-container-core-group-is-layout-114 wp-block-group-is-layout-flex gt-fse-widgets-ctv-open-product\">\n<figure class=\"wp-block-image size-full is-resized wp-duotone-132f44-ffffff-36 gt-fse-widgets-ctv-open-product\"><img data-dominant-color=\"000000\" data-has-transparency=\"true\" decoding=\"async\" width=\"512\" height=\"512\" src=\"https:\/\/camping-del-mar.com\/wp-content\/uploads\/sites\/2\/2024\/11\/chambre-a-coucher.png\" alt=\"chambre a coucher\" class=\"wp-image-5894 gt-fse-widgets-ctv-open-product has-transparency\" style=\"--dominant-color: #000000; width:16px\" srcset=\"https:\/\/camping-del-mar.com\/wp-content\/uploads\/sites\/2\/2024\/11\/chambre-a-coucher.png 512w, https:\/\/camping-del-mar.com\/wp-content\/uploads\/sites\/2\/2024\/11\/chambre-a-coucher-300x300.png 300w, https:\/\/camping-del-mar.com\/wp-content\/uploads\/sites\/2\/2024\/11\/chambre-a-coucher-150x150.png 150w, https:\/\/camping-del-mar.com\/wp-content\/uploads\/sites\/2\/2024\/11\/chambre-a-coucher-400x400.png 400w\" sizes=\"(max-width: 512px) 100vw, 512px\" \/><\/figure>\n\n\n<div class=\"taxonomy-gt-hebergements-nombre-chambres wp-block-post-terms gt-fse-widgets-ctv-open-product\"><span class=\"gt-fse-widgets-ctv-open-product\">1<\/span><span class=\"wp-block-post-terms__suffix gt-fse-widgets-ctv-open-product\"> ch.<\/span><\/div><\/div>\n\n\n\n<div class=\"wp-block-group is-nowrap is-layout-flex wp-container-core-group-is-layout-115 wp-block-group-is-layout-flex gt-fse-widgets-ctv-open-product\">\n<figure class=\"wp-block-image size-medium is-resized wp-duotone-132f44-ffffff-37 gt-fse-widgets-ctv-open-product\"><img data-dominant-color=\"000000\" data-has-transparency=\"true\" decoding=\"async\" width=\"300\" height=\"300\" src=\"https:\/\/camping-del-mar.com\/wp-content\/uploads\/sites\/2\/2024\/11\/regles-300x300.png\" alt=\"regles\" class=\"wp-image-5900 gt-fse-widgets-ctv-open-product has-transparency\" style=\"--dominant-color: #000000; width:16px\" srcset=\"https:\/\/camping-del-mar.com\/wp-content\/uploads\/sites\/2\/2024\/11\/regles-300x300.png 300w, https:\/\/camping-del-mar.com\/wp-content\/uploads\/sites\/2\/2024\/11\/regles-150x150.png 150w, https:\/\/camping-del-mar.com\/wp-content\/uploads\/sites\/2\/2024\/11\/regles-400x400.png 400w, https:\/\/camping-del-mar.com\/wp-content\/uploads\/sites\/2\/2024\/11\/regles.png 512w\" sizes=\"(max-width: 300px) 100vw, 300px\" \/><\/figure>\n\n\n<div class=\"taxonomy-gt-hebergements-superficie wp-block-post-terms gt-fse-widgets-ctv-open-product\"><span class=\"gt-fse-widgets-ctv-open-product\">20<\/span><span class=\"wp-block-post-terms__suffix gt-fse-widgets-ctv-open-product\"> m2<\/span><\/div><\/div>\n<\/div>\n\n\n<div style=\"font-size:0.75rem\" class=\"taxonomy-gt-hebergements-options wp-block-post-terms gt-fse-widgets-ctv-open-product\"><span class=\"gt-fse-widgets-ctv-open-product\">Animaux accept\u00e9s<\/span><span class=\"wp-block-post-terms__separator gt-fse-widgets-ctv-open-product\"> \u2022 <\/span><span class=\"gt-fse-widgets-ctv-open-product\">Climatisation<\/span><span class=\"wp-block-post-terms__separator gt-fse-widgets-ctv-open-product\"> \u2022 <\/span><span class=\"gt-fse-widgets-ctv-open-product\">Cuisine<\/span><span class=\"wp-block-post-terms__separator gt-fse-widgets-ctv-open-product\"> \u2022 <\/span><span class=\"gt-fse-widgets-ctv-open-product\">Plancha<\/span><span class=\"wp-block-post-terms__separator gt-fse-widgets-ctv-open-product\"> \u2022 <\/span><span class=\"gt-fse-widgets-ctv-open-product\">Salle de bain<\/span><span class=\"wp-block-post-terms__separator gt-fse-widgets-ctv-open-product\"> \u2022 <\/span><span class=\"gt-fse-widgets-ctv-open-product\">Terrasse<\/span><span class=\"wp-block-post-terms__separator gt-fse-widgets-ctv-open-product\"> \u2022 <\/span><span class=\"gt-fse-widgets-ctv-open-product\">TV<\/span><span class=\"wp-block-post-terms__separator gt-fse-widgets-ctv-open-product\"> \u2022 <\/span><span class=\"gt-fse-widgets-ctv-open-product\">WC<\/span><\/div><\/div>\n\n\n\n<div class=\"wp-block-group gt-hebergement-foot is-layout-flow wp-container-core-group-is-layout-118 wp-block-group-is-layout-flow gt-fse-widgets-ctv-open-product\">\n<hr class=\"wp-block-separator has-text-color has-alpha-channel-opacity has-background is-style-wide gt-fse-widgets-ctv-open-product\" style=\"background-color:#0000000d;color:#0000000d\" \/>\n\n\n\n<p class=\"has-text-align-center gt-fse-widgets-ctv-open-product\" style=\"padding-top:var(--wp--preset--spacing--10);padding-right:var(--wp--preset--spacing--10);padding-bottom:var(--wp--preset--spacing--10);padding-left:var(--wp--preset--spacing--10);font-size:0.75rem;font-style:normal;font-weight:600;text-transform:uppercase\">Voir l&#8217;h\u00e9bergement<\/p>\n<\/div>\n<\/div>\n\n<\/li><li data-gt-campings=\"\" data-gt-capacities=\"47\" data-gt-ctv-product-id=\"\" data-gt-gammes=\"36\" data-gt-options=\"39,32,40,63,41,42,26,43\" data-gt-rooms=\"27\" data-gt-superficies=\"50\" data-gt-types=\"23\" data-wp-key=\"post-template-item-6608\" class=\"wp-block-post post-6608 hebergement type-hebergement status-publish has-post-thumbnail hentry gt-hebergements-gammes-superieur gt-hebergements-options-animaux-acceptes gt-hebergements-options-climatisation gt-hebergements-options-cuisine gt-hebergements-options-plancha gt-hebergements-options-salle-de-bain gt-hebergements-options-terrasse gt-hebergements-options-tv gt-hebergements-options-wc gt-hebergements-types-mobil-home gt-hebergements-nombre-personnes-47 gt-hebergements-nombre-chambres-27 gt-hebergements-superficie-50 gt-fse-widgets-ctv-open-product\">\n\n<div class=\"wp-block-group gt-hebergement-wrap has-base-background-color has-background has-global-padding is-layout-constrained wp-container-core-group-is-layout-128 wp-block-group-is-layout-constrained gt-fse-widgets-ctv-open-product\" style=\"padding-top:0;padding-right:0;padding-bottom:0;padding-left:0;box-shadow:var(--wp--preset--shadow--natural)\"><figure class=\"hebergement-featured-image wp-block-post-featured-image gt-fse-widgets-ctv-open-product\"><img decoding=\"async\" width=\"489\" height=\"275\" src=\"https:\/\/camping-del-mar.com\/wp-content\/uploads\/sites\/2\/2024\/11\/mobil-home-superieur-3ch.webp\" class=\"attachment-full size-full not-transparent wp-post-image gt-fse-widgets-ctv-open-product\" alt=\"superieure stacaravan slaapkamers\" style=\"--dominant-color: #747f75;border-radius:0px;object-fit:cover;\" srcset=\"https:\/\/camping-del-mar.com\/wp-content\/uploads\/sites\/2\/2024\/11\/mobil-home-superieur-3ch.webp 489w, https:\/\/camping-del-mar.com\/wp-content\/uploads\/sites\/2\/2024\/11\/mobil-home-superieur-3ch-300x169.webp 300w\" sizes=\"(max-width: 489px) 100vw, 489px\" data-has-transparency=\"false\" data-dominant-color=\"747f75\" \/><\/figure>\n\n\n<div class=\"wp-block-group gt-hebergement-content has-global-padding is-layout-constrained wp-container-core-group-is-layout-126 wp-block-group-is-layout-constrained gt-fse-widgets-ctv-open-product\" style=\"padding-top:var(--wp--preset--spacing--20);padding-right:var(--wp--preset--spacing--20);padding-bottom:var(--wp--preset--spacing--20);padding-left:var(--wp--preset--spacing--20)\">\n<div class=\"wp-block-group is-nowrap is-layout-flex wp-container-core-group-is-layout-121 wp-block-group-is-layout-flex gt-fse-widgets-ctv-open-product\">\n<div class=\"wp-block-group has-accent-background-color has-background has-small-font-size is-nowrap is-layout-flex wp-container-core-group-is-layout-120 wp-block-group-is-layout-flex gt-fse-widgets-ctv-open-product\" style=\"border-radius:1rem;padding-top:4px;padding-right:8px;padding-bottom:4px;padding-left:8px\">\n<figure class=\"wp-block-image size-thumbnail is-resized wp-duotone-rgb255255255-ffffff-38 gt-fse-widgets-ctv-open-product\"><img data-dominant-color=\"000000\" data-has-transparency=\"true\" decoding=\"async\" width=\"150\" height=\"150\" src=\"https:\/\/camping-del-mar.com\/wp-content\/uploads\/sites\/2\/2024\/11\/marque-haut-de-gamme-150x150.png\" alt=\"marque haut de gamme\" class=\"wp-image-5875 gt-fse-widgets-ctv-open-product has-transparency\" style=\"--dominant-color: #000000; width:16px\" srcset=\"https:\/\/camping-del-mar.com\/wp-content\/uploads\/sites\/2\/2024\/11\/marque-haut-de-gamme-150x150.png 150w, https:\/\/camping-del-mar.com\/wp-content\/uploads\/sites\/2\/2024\/11\/marque-haut-de-gamme-300x300.png 300w, https:\/\/camping-del-mar.com\/wp-content\/uploads\/sites\/2\/2024\/11\/marque-haut-de-gamme-400x400.png 400w, https:\/\/camping-del-mar.com\/wp-content\/uploads\/sites\/2\/2024\/11\/marque-haut-de-gamme.png 512w\" sizes=\"(max-width: 150px) 100vw, 150px\" \/><\/figure>\n\n\n<div style=\"font-size:0.75rem;font-style:normal;font-weight:600;text-transform:uppercase\" class=\"taxonomy-gt-hebergements-gammes has-link-color wp-elements-ad13c04d06df33f9d2c8a3c157264b7c wp-block-post-terms has-text-color has-base-color gt-fse-widgets-ctv-open-product\"><span class=\"gt-fse-widgets-ctv-open-product\">Sup\u00e9rieur<\/span><\/div><\/div>\n<\/div>\n\n\n\n<div style=\"height:0.25rem\" aria-hidden=\"true\" class=\"wp-block-spacer gt-hide-mobile gt-fse-widgets-ctv-open-product\"><\/div>\n\n\n<h3 style=\"font-size:clamp(0.984rem, 0.984rem + ((1vw - 0.2rem) * 0.86), 1.5rem); margin-top:0;margin-bottom:0;\" class=\"hebergement-title wp-block-post-title gt-fse-widgets-ctv-open-product\">Superieure stacaravan met 3 slaapkamers<\/h3>\n\n\n<div class=\"wp-block-group is-layout-flex wp-container-core-group-is-layout-125 wp-block-group-is-layout-flex gt-fse-widgets-ctv-open-product\">\n<div class=\"wp-block-group is-nowrap is-layout-flex wp-container-core-group-is-layout-122 wp-block-group-is-layout-flex gt-fse-widgets-ctv-open-product\">\n<figure class=\"wp-block-image size-medium is-resized wp-duotone-132f44-ffffff-39 gt-fse-widgets-ctv-open-product\"><img data-dominant-color=\"000000\" data-has-transparency=\"true\" decoding=\"async\" width=\"300\" height=\"300\" src=\"https:\/\/camping-del-mar.com\/wp-content\/uploads\/sites\/2\/2024\/11\/groupe-300x300.png\" alt=\"groupe\" class=\"wp-image-5889 gt-fse-widgets-ctv-open-product has-transparency\" style=\"--dominant-color: #000000; width:16px\" srcset=\"https:\/\/camping-del-mar.com\/wp-content\/uploads\/sites\/2\/2024\/11\/groupe-300x300.png 300w, https:\/\/camping-del-mar.com\/wp-content\/uploads\/sites\/2\/2024\/11\/groupe-150x150.png 150w, https:\/\/camping-del-mar.com\/wp-content\/uploads\/sites\/2\/2024\/11\/groupe-400x400.png 400w, https:\/\/camping-del-mar.com\/wp-content\/uploads\/sites\/2\/2024\/11\/groupe.png 512w\" sizes=\"(max-width: 300px) 100vw, 300px\" \/><\/figure>\n\n\n<div class=\"taxonomy-gt-hebergements-nombre-personnes wp-block-post-terms gt-fse-widgets-ctv-open-product\"><span class=\"gt-fse-widgets-ctv-open-product\">6<\/span><span class=\"wp-block-post-terms__suffix gt-fse-widgets-ctv-open-product\"> Pers.<\/span><\/div><\/div>\n\n\n\n<div class=\"wp-block-group is-nowrap is-layout-flex wp-container-core-group-is-layout-123 wp-block-group-is-layout-flex gt-fse-widgets-ctv-open-product\">\n<figure class=\"wp-block-image size-full is-resized wp-duotone-132f44-ffffff-40 gt-fse-widgets-ctv-open-product\"><img data-dominant-color=\"000000\" data-has-transparency=\"true\" decoding=\"async\" width=\"512\" height=\"512\" src=\"https:\/\/camping-del-mar.com\/wp-content\/uploads\/sites\/2\/2024\/11\/chambre-a-coucher.png\" alt=\"chambre a coucher\" class=\"wp-image-5894 gt-fse-widgets-ctv-open-product has-transparency\" style=\"--dominant-color: #000000; width:16px\" srcset=\"https:\/\/camping-del-mar.com\/wp-content\/uploads\/sites\/2\/2024\/11\/chambre-a-coucher.png 512w, https:\/\/camping-del-mar.com\/wp-content\/uploads\/sites\/2\/2024\/11\/chambre-a-coucher-300x300.png 300w, https:\/\/camping-del-mar.com\/wp-content\/uploads\/sites\/2\/2024\/11\/chambre-a-coucher-150x150.png 150w, https:\/\/camping-del-mar.com\/wp-content\/uploads\/sites\/2\/2024\/11\/chambre-a-coucher-400x400.png 400w\" sizes=\"(max-width: 512px) 100vw, 512px\" \/><\/figure>\n\n\n<div class=\"taxonomy-gt-hebergements-nombre-chambres wp-block-post-terms gt-fse-widgets-ctv-open-product\"><span class=\"gt-fse-widgets-ctv-open-product\">3<\/span><span class=\"wp-block-post-terms__suffix gt-fse-widgets-ctv-open-product\"> ch.<\/span><\/div><\/div>\n\n\n\n<div class=\"wp-block-group is-nowrap is-layout-flex wp-container-core-group-is-layout-124 wp-block-group-is-layout-flex gt-fse-widgets-ctv-open-product\">\n<figure class=\"wp-block-image size-medium is-resized wp-duotone-132f44-ffffff-41 gt-fse-widgets-ctv-open-product\"><img data-dominant-color=\"000000\" data-has-transparency=\"true\" decoding=\"async\" width=\"300\" height=\"300\" src=\"https:\/\/camping-del-mar.com\/wp-content\/uploads\/sites\/2\/2024\/11\/regles-300x300.png\" alt=\"regles\" class=\"wp-image-5900 gt-fse-widgets-ctv-open-product has-transparency\" style=\"--dominant-color: #000000; width:16px\" srcset=\"https:\/\/camping-del-mar.com\/wp-content\/uploads\/sites\/2\/2024\/11\/regles-300x300.png 300w, https:\/\/camping-del-mar.com\/wp-content\/uploads\/sites\/2\/2024\/11\/regles-150x150.png 150w, https:\/\/camping-del-mar.com\/wp-content\/uploads\/sites\/2\/2024\/11\/regles-400x400.png 400w, https:\/\/camping-del-mar.com\/wp-content\/uploads\/sites\/2\/2024\/11\/regles.png 512w\" sizes=\"(max-width: 300px) 100vw, 300px\" \/><\/figure>\n\n\n<div class=\"taxonomy-gt-hebergements-superficie wp-block-post-terms gt-fse-widgets-ctv-open-product\"><span class=\"gt-fse-widgets-ctv-open-product\">32<\/span><span class=\"wp-block-post-terms__suffix gt-fse-widgets-ctv-open-product\"> m2<\/span><\/div><\/div>\n<\/div>\n\n\n<div style=\"font-size:0.75rem\" class=\"taxonomy-gt-hebergements-options wp-block-post-terms gt-fse-widgets-ctv-open-product\"><span class=\"gt-fse-widgets-ctv-open-product\">Animaux accept\u00e9s<\/span><span class=\"wp-block-post-terms__separator gt-fse-widgets-ctv-open-product\"> \u2022 <\/span><span class=\"gt-fse-widgets-ctv-open-product\">Climatisation<\/span><span class=\"wp-block-post-terms__separator gt-fse-widgets-ctv-open-product\"> \u2022 <\/span><span class=\"gt-fse-widgets-ctv-open-product\">Cuisine<\/span><span class=\"wp-block-post-terms__separator gt-fse-widgets-ctv-open-product\"> \u2022 <\/span><span class=\"gt-fse-widgets-ctv-open-product\">Plancha<\/span><span class=\"wp-block-post-terms__separator gt-fse-widgets-ctv-open-product\"> \u2022 <\/span><span class=\"gt-fse-widgets-ctv-open-product\">Salle de bain<\/span><span class=\"wp-block-post-terms__separator gt-fse-widgets-ctv-open-product\"> \u2022 <\/span><span class=\"gt-fse-widgets-ctv-open-product\">Terrasse<\/span><span class=\"wp-block-post-terms__separator gt-fse-widgets-ctv-open-product\"> \u2022 <\/span><span class=\"gt-fse-widgets-ctv-open-product\">TV<\/span><span class=\"wp-block-post-terms__separator gt-fse-widgets-ctv-open-product\"> \u2022 <\/span><span class=\"gt-fse-widgets-ctv-open-product\">WC<\/span><\/div><\/div>\n\n\n\n<div class=\"wp-block-group gt-hebergement-foot is-layout-flow wp-container-core-group-is-layout-127 wp-block-group-is-layout-flow gt-fse-widgets-ctv-open-product\">\n<hr class=\"wp-block-separator has-text-color has-alpha-channel-opacity has-background is-style-wide gt-fse-widgets-ctv-open-product\" style=\"background-color:#0000000d;color:#0000000d\" \/>\n\n\n\n<p class=\"has-text-align-center gt-fse-widgets-ctv-open-product\" style=\"padding-top:var(--wp--preset--spacing--10);padding-right:var(--wp--preset--spacing--10);padding-bottom:var(--wp--preset--spacing--10);padding-left:var(--wp--preset--spacing--10);font-size:0.75rem;font-style:normal;font-weight:600;text-transform:uppercase\">Voir l&#8217;h\u00e9bergement<\/p>\n<\/div>\n<\/div>\n\n<\/li><\/ul><\/div>\n\n\n\n<div class=\"wp-block-columns alignwide is-layout-flex wp-container-core-columns-is-layout-2 wp-block-columns-is-layout-flex\">\n<div class=\"wp-block-column has-base-color has-text-color has-link-color wp-elements-1e32b79cd1a7eed290fd915f6811e6ec is-layout-flow wp-block-column-is-layout-flow\" style=\"padding-top:0;padding-right:0;padding-bottom:0;padding-left:0;flex-basis:33.33%\"><\/div>\n\n\n\n<div class=\"wp-block-column is-layout-flow wp-block-column-is-layout-flow\" style=\"flex-basis:66.66%\"><\/div>\n<\/div>\n\n\n\n<div style=\"height:var(--wp--preset--spacing--40)\" aria-hidden=\"true\" class=\"wp-block-spacer\"><\/div>\n<\/div>\n\n<div class=\"wp-block-group alignfull is-layout-flow wp-block-group-is-layout-flow\" style=\"padding-bottom:0\">\n<div class=\"wp-block-group alignwide animated fadeIn slower is-layout-flow wp-block-group-is-layout-flow\" style=\"margin-top:0;margin-bottom:-33px;padding-right:0;padding-left:0\">\n<p class=\"gt-sliding-text has-contrast-3-color has-text-color has-link-color has-sogo-font-family wp-elements-fde9d04fb08de718c566a3a1b7e42b1b\" style=\"margin-top:0;margin-right:0;margin-bottom:0;margin-left:0;font-size:7vw;font-style:normal;font-weight:300;line-height:1;text-transform:uppercase\">VOORDEEL NEMEN<\/p>\n<\/div>\n\n\n\n<div class=\"wp-block-group gt-break-mobile is-layout-grid wp-container-core-group-is-layout-134 wp-block-group-is-layout-grid\" style=\"border-radius:2rem\">\n<div\n\tstyle=\"border-radius:0rem;\" class=\"gt-maillage-42 wp-block-gt-gt-fse-maillage\"\tdata-wp-interactive=\"gt\/maillage\"\n\tdata-wp-on--click=\"actions.ctaLoad\"\n\tdata-wp-context='{\"radius\":\"0rem\",\"hover_bg_color\":\"#132f44\",\"hover_text_color\":\"#ffffff\",\"hover_image_opacity\":0.5}'>\t\n\n\t\n\t\t\t\t\t\t\t\t\t<div \n\t\t\t\tclass=\"gt-fse-maillage-link gt-fse-maillage-image-zoom gt-fse-maillage-hover-background-color gt-fse-maillage-hover-text-color\"\n\t\t\t\tstyle=\"border-radius: 0rem\"\n\t\t\t\tdata-wp-on-async--mouseover=\"actions.mouseover\"\n\t\t\t>\n\t\t\t\t\t\t\t\t\t\t\t\n<div class=\"wp-block-group is-layout-flow wp-block-group-is-layout-flow\">\n<div style=\"aspect-ratio:16\/9;min-height:unset;\" class=\"wp-block-cover is-light has-custom-content-position is-position-bottom-right has-aspect-ratio\"><span aria-hidden=\"true\" class=\"wp-block-cover__background has-black-background-color has-background-dim\"><\/span><img decoding=\"async\" width=\"1920\" height=\"434\" src=\"https:\/\/camping-del-mar.com\/wp-content\/uploads\/sites\/2\/2024\/10\/camping-del-mar-activites-animations-argeles-sur-mer.webp\" class=\"wp-block-cover__image-background not-transparent wp-post-image\" alt=\"camping del mar activiteiten animatie argeles-sur-mer\" data-object-fit=\"cover\" srcset=\"https:\/\/camping-del-mar.com\/wp-content\/uploads\/sites\/2\/2024\/10\/camping-del-mar-activites-animations-argeles-sur-mer.webp 1920w, https:\/\/camping-del-mar.com\/wp-content\/uploads\/sites\/2\/2024\/10\/camping-del-mar-activites-animations-argeles-sur-mer-300x68.webp 300w, https:\/\/camping-del-mar.com\/wp-content\/uploads\/sites\/2\/2024\/10\/camping-del-mar-activites-animations-argeles-sur-mer-1024x231.webp 1024w, https:\/\/camping-del-mar.com\/wp-content\/uploads\/sites\/2\/2024\/10\/camping-del-mar-activites-animations-argeles-sur-mer-768x174.webp 768w, https:\/\/camping-del-mar.com\/wp-content\/uploads\/sites\/2\/2024\/10\/camping-del-mar-activites-animations-argeles-sur-mer-1536x347.webp 1536w\" sizes=\"(max-width: 1920px) 100vw, 1920px\" data-has-transparency=\"false\" data-dominant-color=\"4e8463\" style=\"--dominant-color: #4e8463;\" \/><div class=\"wp-block-cover__inner-container has-global-padding is-layout-constrained wp-block-cover-is-layout-constrained\">\n\n\n\n<p style=\"font-weight:700;text-transform:uppercase;\" class=\"wp-elements-1d85624d063a7cb35988b7ee9856f738 wp-block-gt-gt-fse-maillage-titre has-text-color has-base-color has-large-font-size has-sogo-font-family\">\n    Activiteiten en animaties op onze camping in de Pyr\u00e9n\u00e9es-Orientales<\/p>\n\n<\/div><\/div>\n<\/div>\n\t\t\t\t\t\t\t<\/div>\n\t\t\t\t\t\t\t\t\t\t\t<div \n\t\t\t\tclass=\"gt-fse-maillage-link gt-fse-maillage-image-zoom gt-fse-maillage-hover-background-color gt-fse-maillage-hover-text-color\"\n\t\t\t\tstyle=\"border-radius: 0rem\"\n\t\t\t\tdata-wp-on-async--mouseover=\"actions.mouseover\"\n\t\t\t>\n\t\t\t\t\t\t\t\t\t\t\t\n<div class=\"wp-block-group is-layout-flow wp-block-group-is-layout-flow\">\n<div style=\"aspect-ratio:16\/9;min-height:unset;\" class=\"wp-block-cover is-light has-custom-content-position is-position-bottom-right has-aspect-ratio\"><span aria-hidden=\"true\" class=\"wp-block-cover__background has-black-background-color has-background-dim\"><\/span><img decoding=\"async\" width=\"1920\" height=\"434\" src=\"https:\/\/camping-del-mar.com\/wp-content\/uploads\/sites\/2\/2024\/10\/camping-familial-argeles-sur-mer-del-mar.webp\" class=\"wp-block-cover__image-background not-transparent wp-post-image\" alt=\"familiecamping argeles-sur-mer del mar\" data-object-fit=\"cover\" srcset=\"https:\/\/camping-del-mar.com\/wp-content\/uploads\/sites\/2\/2024\/10\/camping-familial-argeles-sur-mer-del-mar.webp 1920w, https:\/\/camping-del-mar.com\/wp-content\/uploads\/sites\/2\/2024\/10\/camping-familial-argeles-sur-mer-del-mar-300x68.webp 300w, https:\/\/camping-del-mar.com\/wp-content\/uploads\/sites\/2\/2024\/10\/camping-familial-argeles-sur-mer-del-mar-1024x231.webp 1024w, https:\/\/camping-del-mar.com\/wp-content\/uploads\/sites\/2\/2024\/10\/camping-familial-argeles-sur-mer-del-mar-768x174.webp 768w, https:\/\/camping-del-mar.com\/wp-content\/uploads\/sites\/2\/2024\/10\/camping-familial-argeles-sur-mer-del-mar-1536x347.webp 1536w\" sizes=\"(max-width: 1920px) 100vw, 1920px\" data-has-transparency=\"false\" data-dominant-color=\"b3a285\" style=\"--dominant-color: #b3a285;\" \/><div class=\"wp-block-cover__inner-container has-global-padding is-layout-constrained wp-block-cover-is-layout-constrained\">\n\n\n\n<p style=\"font-weight:700;text-transform:uppercase;\" class=\"wp-elements-1d85624d063a7cb35988b7ee9856f738 wp-block-gt-gt-fse-maillage-titre has-text-color has-base-color has-large-font-size has-sogo-font-family\">\n    Geniet van 4-sterrenservice op onze gezinscamping in Argel\u00e8s-sur-Mer<\/p>\n\n<\/div><\/div>\n<\/div>\n\t\t\t\t\t\t\t<\/div>\n\t\t\t\t\t\t\t\t\t\t\t<div \n\t\t\t\tclass=\"gt-fse-maillage-link gt-fse-maillage-image-zoom gt-fse-maillage-hover-background-color gt-fse-maillage-hover-text-color\"\n\t\t\t\tstyle=\"border-radius: 0rem\"\n\t\t\t\tdata-wp-on-async--mouseover=\"actions.mouseover\"\n\t\t\t>\n\t\t\t\t\t\t\t\t\t\t\t\n<div class=\"wp-block-group is-layout-flow wp-block-group-is-layout-flow\">\n<div style=\"aspect-ratio:16\/9;min-height:unset;\" class=\"wp-block-cover is-light has-custom-content-position is-position-bottom-right has-aspect-ratio\"><span aria-hidden=\"true\" class=\"wp-block-cover__background has-black-background-color has-background-dim\"><\/span><img decoding=\"async\" width=\"1920\" height=\"434\" src=\"https:\/\/camping-del-mar.com\/wp-content\/uploads\/sites\/2\/2024\/10\/camping-espace-aquatique-argeles-sur-mer-del-mar.webp\" class=\"wp-block-cover__image-background not-transparent wp-post-image\" alt=\"camping watergebied\" data-object-fit=\"cover\" srcset=\"https:\/\/camping-del-mar.com\/wp-content\/uploads\/sites\/2\/2024\/10\/camping-espace-aquatique-argeles-sur-mer-del-mar.webp 1920w, https:\/\/camping-del-mar.com\/wp-content\/uploads\/sites\/2\/2024\/10\/camping-espace-aquatique-argeles-sur-mer-del-mar-300x68.webp 300w, https:\/\/camping-del-mar.com\/wp-content\/uploads\/sites\/2\/2024\/10\/camping-espace-aquatique-argeles-sur-mer-del-mar-1024x231.webp 1024w, https:\/\/camping-del-mar.com\/wp-content\/uploads\/sites\/2\/2024\/10\/camping-espace-aquatique-argeles-sur-mer-del-mar-768x174.webp 768w, https:\/\/camping-del-mar.com\/wp-content\/uploads\/sites\/2\/2024\/10\/camping-espace-aquatique-argeles-sur-mer-del-mar-1536x347.webp 1536w\" sizes=\"(max-width: 1920px) 100vw, 1920px\" data-has-transparency=\"false\" data-dominant-color=\"556c5e\" style=\"--dominant-color: #556c5e;\" \/><div class=\"wp-block-cover__inner-container has-global-padding is-layout-constrained wp-block-cover-is-layout-constrained\">\n\n\n\n<p style=\"font-weight:700;text-transform:uppercase;\" class=\"wp-elements-1d85624d063a7cb35988b7ee9856f738 wp-block-gt-gt-fse-maillage-titre has-text-color has-base-color has-large-font-size has-sogo-font-family\">\n    Een camping met zwemparadijs voor een onvergetelijke vakantie in Argel\u00e8s-sur-Mer<\/p>\n\n<\/div><\/div>\n<\/div>\n\t\t\t\t\t\t\t<\/div>\n\t\t\t\t\t\t\t\t<\/div><\/div>\n\n\n\n<div style=\"height:6rem\" aria-hidden=\"true\" class=\"wp-block-spacer\"><\/div>\n<\/div>\n","protected":false},"excerpt":{"rendered":"<p>Onze assortimenten Ons aanbod van stacaravans te huur in Argel\u00e8s-sur-Mer Groen en een andere omgevingOnze accommodatie is zorgvuldig ingericht in een bevoorrechte omgeving, tussen groen en een andere omgeving. Geniet van een adembenemend uitzicht op het Alb\u00e8res-massief vanaf onze camping in Argel\u00e8s-sur-Mer, een schilderachtige achtergrond voor je zonnige dagen. Behouden privacy De kampeerplaatsen op Camping [&hellip;]<\/p>\n","protected":false},"author":1,"featured_media":6987,"parent":0,"menu_order":0,"comment_status":"closed","ping_status":"closed","template":"","meta":{"_acf_changed":false,"_seopress_robots_primary_cat":"","_seopress_titles_title":"Verhuur van stacaravans in Argel\u00e8s-sur-Mer, Pyr\u00e9n\u00e9es-Orientales","_seopress_titles_desc":"Huur een stacaravan of chalet voor uw verblijf in de Pyr\u00e9n\u00e9es-Orientales: een reeks comfortabele huuraccommodaties op maat in Argel\u00e8s-sur-Mer","_seopress_robots_index":"","_gt_ctv_global_id":"","_gt_ctv_id_group":false,"inline_featured_image":false,"gt_fse_maillage_image":"https:\/\/camping-del-mar.com\/wp-content\/uploads\/sites\/2\/2024\/11\/argeles-sur-mer-location-mobil-home-camping-del-mar.webp","gt_fse_maillage_titre":"Huur een comfortabele stacaravan in de Pyr\u00e9n\u00e9es-Orientales","gt_fse_maillage_resume":"","_gt_maillage_image":0,"_gt_maillage_video":0,"_gt_maillage_title":"","footnotes":""},"categories":[],"tags":[],"class_list":["post-6955","page","type-page","status-publish","has-post-thumbnail","hentry"],"acf":[],"_links":{"self":[{"href":"https:\/\/camping-del-mar.com\/nl\/wp-json\/wp\/v2\/pages\/6955","targetHints":{"allow":["GET"]}}],"collection":[{"href":"https:\/\/camping-del-mar.com\/nl\/wp-json\/wp\/v2\/pages"}],"about":[{"href":"https:\/\/camping-del-mar.com\/nl\/wp-json\/wp\/v2\/types\/page"}],"author":[{"embeddable":true,"href":"https:\/\/camping-del-mar.com\/nl\/wp-json\/wp\/v2\/users\/1"}],"replies":[{"embeddable":true,"href":"https:\/\/camping-del-mar.com\/nl\/wp-json\/wp\/v2\/comments?post=6955"}],"version-history":[{"count":6,"href":"https:\/\/camping-del-mar.com\/nl\/wp-json\/wp\/v2\/pages\/6955\/revisions"}],"predecessor-version":[{"id":7382,"href":"https:\/\/camping-del-mar.com\/nl\/wp-json\/wp\/v2\/pages\/6955\/revisions\/7382"}],"wp:featuredmedia":[{"embeddable":true,"href":"https:\/\/camping-del-mar.com\/nl\/wp-json\/wp\/v2\/media\/6987"}],"wp:attachment":[{"href":"https:\/\/camping-del-mar.com\/nl\/wp-json\/wp\/v2\/media?parent=6955"}],"wp:term":[{"taxonomy":"category","embeddable":true,"href":"https:\/\/camping-del-mar.com\/nl\/wp-json\/wp\/v2\/categories?post=6955"},{"taxonomy":"post_tag","embeddable":true,"href":"https:\/\/camping-del-mar.com\/nl\/wp-json\/wp\/v2\/tags?post=6955"}],"curies":[{"name":"wp","href":"https:\/\/api.w.org\/{rel}","templated":true}]}}