{"id":6926,"date":"2024-09-27T09:34:11","date_gmt":"2024-09-27T07:34:11","guid":{"rendered":"https:\/\/camping-del-mar.com\/camping-velo-argeles-sur-mer\/"},"modified":"2025-01-13T14:51:15","modified_gmt":"2025-01-13T13:51:15","slug":"camping-fiets-argeles-sur-mer","status":"publish","type":"page","link":"https:\/\/camping-del-mar.com\/nl\/camping-fiets-argeles-sur-mer\/","title":{"rendered":"Huur een fiets en verken de omgeving van camping Argel\u00e8s-sur-Mer"},"content":{"rendered":"\n<div class=\"wp-block-group alignfull gt-reveal has-global-padding is-layout-constrained wp-container-core-group-is-layout-5 wp-block-group-is-layout-constrained\">\n<div style=\"height:6rem\" aria-hidden=\"true\" class=\"wp-block-spacer\"><\/div>\n\n\n\n<div class=\"wp-block-group alignwide gt-break-mobile gt-reverse-mobile is-nowrap is-layout-flex wp-container-core-group-is-layout-4 wp-block-group-is-layout-flex\">\n<div class=\"wp-block-group has-global-padding is-layout-constrained wp-block-group-is-layout-constrained\">\n<div class=\"wp-block-group is-layout-flow wp-block-group-is-layout-flow\" style=\"padding-right:var(--wp--preset--spacing--30);padding-left:var(--wp--preset--spacing--30)\">\n<div style=\"height:10rem\" aria-hidden=\"true\" class=\"wp-block-spacer gt-hide-mobile\"><\/div>\n\n\n\n<figure class=\"wp-block-image aligncenter size-full gt-reveal-down wp-duotone-132f44-132f44-1\"><img data-dominant-color=\"b15526\" data-has-transparency=\"true\" style=\"--dominant-color: #b15526;\" decoding=\"async\" width=\"43\" height=\"21\" src=\"https:\/\/campingclosduthym.com\/wp-content\/uploads\/sites\/5\/2024\/08\/separator.png\" alt=\"scheider\" class=\"wp-image-150 has-transparency\"\/><\/figure>\n\n\n<h2 class=\"wp-block-heading has-text-align-center gt-reveal-down has-accent-color has-text-color has-link-color wp-elements-23c1eae3601d937146f7952702f626d3\" id=\"de-pyrenees-orientales-een-geweldige-plek-om-te-wandelen-en-te-fietsen\">De Pyr\u00e9n\u00e9es-Orientales, een geweldige plek om te wandelen en te fietsen<\/h2>\n\n\n<p class=\"has-text-align-center gt-reveal-down has-medium-font-size\"><strong>Ontdek de beste fietstochten en wandeltochten in de Pyr\u00e9n\u00e9es-Orientales<\/strong><br\/>Of het nu gaat om een ontspannen ritje <strong>langs het strand<\/strong>, een verkenning van de <strong>kustpaden<\/strong> of een avontuur in het <strong>achterland<\/strong>, <strong>fietsverhuur<\/strong> bij Guidon Fut\u00e9 biedt een onge\u00ebvenaarde vrijheid om de schatten van de regio te ontdekken.<\/p>\n\n\n\n<p class=\"has-text-align-center gt-reveal-down has-medium-font-size\">De <strong>Pyr\u00e9n\u00e9es-Orientales<\/strong> bieden een uitzonderlijke speeltuin voor <strong>fiets-<\/strong> en <strong>toerliefhebbers<\/strong>. Met zijn gevarieerde landschappen, van de <strong>Middellandse Zee<\/strong> tot de bergen <strong>van de Pyrenee\u00ebn<\/strong>, langs pittoreske dorpjes en weelderig groene valleien, is deze regio ideaal voor een fietsavontuur op alle niveaus. <\/p>\n\n\n    <div id=\"gt-fse-lire-plus-69f0b906a3023\" class=\"gt-fse-lire-plus\" data-min-height=\"130\" style=\"background-color: #fff;\">\n        <input id=\"gt-fse-lire-plus-69f0b906a3023-toggle\" type=\"checkbox\" class=\"gt-fse-lire-plus__toggle\" \/>\n        <label for=\"gt-fse-lire-plus-69f0b906a3023-toggle\" class=\"gt-fse-lire-plus__toggle-label\">\n            <span>Meer lezen<\/span>\n            <span>Minder lezen<\/span>\n        <\/label>\n        <div class=\"gt-fse-lire-plus__content\" style=\"height: 130px;\">\n            \n\n<p class=\"has-text-align-center gt-reveal-down m-b-0 has-medium-font-size\"><strong>Verken een uitzonderlijke natuurlijke omgeving op de fiets<\/strong><br\/>Of je nu een beginner of een doorgewinterde fietser bent, de Pyrenee\u00ebn-Ori\u00ebntales hebben een groot aantal routes die je kunt ontdekken. De <strong>fietsroutes<\/strong> voeren je door natuurparken, wijngaarden en opmerkelijke historische plaatsen. Hier zijn een paar van de niet te missen routes:  <\/p>\n\n\n\n<ul class=\"wp-block-list gt-reveal-down m-t-0\">\n<li><strong>De Voie Verte de l&#8217;Agly<\/strong>: een gezinsvriendelijke, toegankelijke wandeling die de vlakte van de Roussillon met de Agly-vallei verbindt, met zijn wijnlandschappen en uitzicht op het Alb\u00e8res-massief.<\/li>\n\n\n\n<li><strong>De route Corbi\u00e8res catalanes<\/strong>: voor meer ervaren fietsers voert deze route langs kronkelige wegen en pittoreske bergpassen, met uitzonderlijke uitzichten op de bergen en de Middellandse Zee.<\/li>\n\n\n\n<li><strong>Les boucles cyclotouristiques du Conflent<\/strong>: een reeks lussen rond <strong>Prades<\/strong>, ideaal om de <strong>Canigou<\/strong>, de heilige berg van de Catalanen, te bewonderen en tegelijkertijd te profiteren van weinig bereden wegen en ongerepte natuur.<\/li>\n<\/ul>\n\n            <div class=\"gt-fse-lire-plus__gradient\" style=\"background: linear-gradient(to bottom,rgba(255,255,255,0) 0%,rgba(255,255,255,1) 100%);\"><\/div>\n        <\/div>\n    <\/div>\n    <\/div>\n<\/div>\n\n\n\n<div class=\"wp-block-group wp-container-content-1 is-layout-flow wp-block-group-is-layout-flow\">\n<figure class=\"wp-block-image size-full gt-reveal\"><img data-dominant-color=\"92917a\" data-has-transparency=\"false\" style=\"--dominant-color: #92917a;\" decoding=\"async\" width=\"640\" height=\"961\" src=\"https:\/\/camping-del-mar.com\/wp-content\/uploads\/sites\/2\/2024\/11\/louez-un-velo-et-explorez-les-alentours.webp\" alt=\"huur een fiets en verken de omgeving\" class=\"wp-image-5499 not-transparent\" srcset=\"https:\/\/camping-del-mar.com\/wp-content\/uploads\/sites\/2\/2024\/11\/louez-un-velo-et-explorez-les-alentours.webp 640w, https:\/\/camping-del-mar.com\/wp-content\/uploads\/sites\/2\/2024\/11\/louez-un-velo-et-explorez-les-alentours-200x300.webp 200w\" sizes=\"(max-width: 640px) 100vw, 640px\" \/><\/figure>\n<\/div>\n<\/div>\n<\/div>\n\n<div class=\"wp-block-group alignfull gt-reveal has-global-padding is-layout-constrained wp-container-core-group-is-layout-11 wp-block-group-is-layout-constrained\">\n<div style=\"height:6rem\" aria-hidden=\"true\" class=\"wp-block-spacer\"><\/div>\n\n\n\n<div class=\"wp-block-group alignwide animated fadeIn slower gt-hide-mobile is-layout-flow wp-block-group-is-layout-flow\" style=\"margin-top:0;margin-bottom:-33px;padding-right:0;padding-left:0\">\n<p class=\"gt-sliding-text has-contrast-3-color has-text-color has-link-color has-sogo-font-family wp-elements-2098b996ec319d024f0ee79f0b1b753f\" style=\"margin-top:0;margin-right:0;margin-bottom:0;margin-left:0;font-size:7vw;font-style:normal;font-weight:300;line-height:1;text-transform:uppercase\">GUNSTIG GEBIED<\/p>\n<\/div>\n\n\n\n<div class=\"wp-block-group alignwide gt-break-mobile is-nowrap is-layout-flex wp-container-core-group-is-layout-10 wp-block-group-is-layout-flex\">\n<div class=\"wp-block-group wp-container-content-2 is-layout-flow wp-block-group-is-layout-flow\">\n<figure class=\"wp-block-image size-full gt-reveal\"><img data-dominant-color=\"9ba097\" data-has-transparency=\"false\" style=\"--dominant-color: #9ba097;\" decoding=\"async\" width=\"640\" height=\"960\" src=\"https:\/\/camping-del-mar.com\/wp-content\/uploads\/sites\/2\/2024\/11\/une-balade-a-velo.webp\" alt=\"een fietstocht\" class=\"wp-image-5501 not-transparent\" srcset=\"https:\/\/camping-del-mar.com\/wp-content\/uploads\/sites\/2\/2024\/11\/une-balade-a-velo.webp 640w, https:\/\/camping-del-mar.com\/wp-content\/uploads\/sites\/2\/2024\/11\/une-balade-a-velo-200x300.webp 200w\" sizes=\"(max-width: 640px) 100vw, 640px\" \/><\/figure>\n<\/div>\n\n\n\n<div class=\"wp-block-group has-global-padding is-layout-constrained wp-block-group-is-layout-constrained\">\n<div class=\"wp-block-group is-layout-flow wp-block-group-is-layout-flow\" style=\"padding-right:var(--wp--preset--spacing--30);padding-left:var(--wp--preset--spacing--30)\">\n<div style=\"height:10rem\" aria-hidden=\"true\" class=\"wp-block-spacer gt-hide-mobile\"><\/div>\n\n\n\n<figure class=\"wp-block-image aligncenter size-full gt-reveal-down wp-duotone-132f44-132f44-2\"><img data-dominant-color=\"b15526\" data-has-transparency=\"true\" style=\"--dominant-color: #b15526;\" decoding=\"async\" width=\"43\" height=\"21\" src=\"https:\/\/campingclosduthym.com\/wp-content\/uploads\/sites\/5\/2024\/08\/separator.png\" alt=\"scheider\" class=\"wp-image-150 has-transparency\"\/><\/figure>\n\n\n\n<p class=\"has-text-align-center gt-reveal-down has-medium-font-size\"><strong>Routes voor alle niveaus<\/strong><br\/>Of je nu op zoek bent naar een <strong>ontspannen fietstocht<\/strong> of een <strong>meer uitdagende fietstocht<\/strong>, de Pyr\u00e9n\u00e9es-Orientales biedt een breed scala aan routes naar ieders smaak. Geniet van veilige fietspaden op de vlakten of ga de uitdaging aan van de legendarische Pyrenee\u00ebnpassen voor veeleisende en lonende beklimmingen. <br\/><strong>Fietsen<\/strong> in de Pyr\u00e9n\u00e9es-Orientales is ook een unieke kans om culturele bezienswaardigheden te ontdekken, zoals het beroemde <strong>paleis van de koningen van Mallorca<\/strong> in Perpignan, de vestingwerken van Vauban in <strong>Villefranche-de-Conflent<\/strong>, of de charmante kustdorpjes van de C\u00f4te Vermeille zoals <strong>Collioure<\/strong> en <strong>Banyuls-sur-Mer<\/strong>. <\/p>\n\n\n    <div id=\"gt-fse-lire-plus-69f0b906a407b\" class=\"gt-fse-lire-plus\" data-min-height=\"130\" style=\"background-color: #fff;\">\n        <input id=\"gt-fse-lire-plus-69f0b906a407b-toggle\" type=\"checkbox\" class=\"gt-fse-lire-plus__toggle\" \/>\n        <label for=\"gt-fse-lire-plus-69f0b906a407b-toggle\" class=\"gt-fse-lire-plus__toggle-label\">\n            <span>Meer lezen<\/span>\n            <span>Minder lezen<\/span>\n        <\/label>\n        <div class=\"gt-fse-lire-plus__content\" style=\"height: 130px;\">\n            \n\n<p class=\"has-text-align-center gt-reveal-down has-medium-font-size\"><strong>Plan je volgende fietstocht<\/strong><br\/>Voordat je op pad gaat, is het essentieel om je <strong>fietstocht<\/strong> goed voor te bereiden. Met onze gids met de beste routes in de Pyr\u00e9n\u00e9es-Orientales kun je routes kiezen die passen bij je niveau en je wensen. Vergeet niet het weer te controleren en je daarop voor te bereiden. Voor de avonturiers zijn er een aantal lokale fietsverhuurbedrijven die elektrische of klassieke fietsen verhuren om je te helpen de regio te ontdekken. <br\/>Ongeacht het seizoen, fietsen in de <strong>Pyr\u00e9n\u00e9es-Orientales<\/strong> belooft onvergetelijke momenten in het hart van een uitzonderlijke natuurlijke omgeving, tussen zee en bergen.   <\/p>\n\n\n\n<p class=\"has-text-align-center gt-reveal-down has-medium-font-size\"><strong>De voordelen van fietstochten in de Pyr\u00e9n\u00e9es-Orientales<\/strong><br\/>Behalve dat het een milieuvriendelijke buitenactiviteit is, geeft een fietstocht je ook de kans om de natuur en het lokale erfgoed te leren kennen. Met zijn overvloedige zonneschijn en diversiteit aan landschappen is de regio een waar paradijs voor natuurliefhebbers en sportievelingen. <\/p>\n\n\n\n<p class=\"has-text-align-center gt-reveal-down has-medium-font-size\">Bekijk onze suggesties voor <strong>fietstochten en wandelingen<\/strong> in de Pyr\u00e9n\u00e9es-Orientales en maak je klaar om je een weg te trappen door een van de mooiste regio&#8217;s van Frankrijk.<\/p>\n\n\n\n<p class=\"has-text-align-center gt-reveal-down has-medium-font-size\">Boek nu en maak je klaar om nieuwe ontdekkingen te doen met Guidon Fut\u00e9 in Del Mar Village!<\/p>\n\n            <div class=\"gt-fse-lire-plus__gradient\" style=\"background: linear-gradient(to bottom,rgba(255,255,255,0) 0%,rgba(255,255,255,1) 100%);\"><\/div>\n        <\/div>\n    <\/div>\n    \n\n\n<div style=\"height:2rem\" aria-hidden=\"true\" class=\"wp-block-spacer is-style-gt-hide-mobile\"><\/div>\n<\/div>\n<\/div>\n<\/div>\n<\/div>\n\n<div class=\"wp-block-group alignfull gt-reveal is-nowrap is-layout-flex wp-container-core-group-is-layout-14 wp-block-group-is-layout-flex\" id=\"sud-catalogne\">\n<div class=\"wp-block-cover is-light gt-hide-mobile wp-container-content-3\" style=\"min-height:100vh;aspect-ratio:unset;\"><span aria-hidden=\"true\" class=\"wp-block-cover__background has-background-dim-20 has-background-dim\"><\/span><img data-dominant-color=\"9faba2\" data-has-transparency=\"false\" style=\"--dominant-color: #9faba2;\" decoding=\"async\" width=\"381\" height=\"811\" class=\"wp-block-cover__image-background wp-image-4110 not-transparent\" alt=\"bonnes raisons de faire du velo a argeles sur mer\" src=\"https:\/\/camping-del-mar.com\/wp-content\/uploads\/sites\/2\/2024\/10\/bonnes-raisons-de-faire-du-velo-a-argeles-sur-mer.webp\" data-object-fit=\"cover\" srcset=\"https:\/\/camping-del-mar.com\/wp-content\/uploads\/sites\/2\/2024\/10\/bonnes-raisons-de-faire-du-velo-a-argeles-sur-mer.webp 381w, https:\/\/camping-del-mar.com\/wp-content\/uploads\/sites\/2\/2024\/10\/bonnes-raisons-de-faire-du-velo-a-argeles-sur-mer-141x300.webp 141w\" sizes=\"(max-width: 381px) 100vw, 381px\" \/><div class=\"wp-block-cover__inner-container has-global-padding is-layout-constrained wp-block-cover-is-layout-constrained\">\n<p class=\"has-text-align-center has-large-font-size\"><\/p>\n<\/div><\/div>\n\n\n\n<div class=\"wp-block-cover has-custom-content-position is-position-top-center wp-container-content-4\" style=\"padding-top:0;padding-bottom:0;min-height:100vh;aspect-ratio:unset;\"><span aria-hidden=\"true\" class=\"wp-block-cover__background has-background-dim-20 has-background-dim\"><\/span><img data-dominant-color=\"707855\" data-has-transparency=\"false\" style=\"--dominant-color: #707855;\" decoding=\"async\" width=\"1514\" height=\"811\" class=\"wp-block-cover__image-background wp-image-4112 not-transparent\" alt=\"dcouverte des tresors naturels et culturels\" src=\"https:\/\/camping-del-mar.com\/wp-content\/uploads\/sites\/2\/2024\/10\/dcouverte-des-tresors-naturels-et-culturels.webp\" data-object-fit=\"cover\" srcset=\"https:\/\/camping-del-mar.com\/wp-content\/uploads\/sites\/2\/2024\/10\/dcouverte-des-tresors-naturels-et-culturels.webp 1514w, https:\/\/camping-del-mar.com\/wp-content\/uploads\/sites\/2\/2024\/10\/dcouverte-des-tresors-naturels-et-culturels-300x161.webp 300w, https:\/\/camping-del-mar.com\/wp-content\/uploads\/sites\/2\/2024\/10\/dcouverte-des-tresors-naturels-et-culturels-1024x549.webp 1024w, https:\/\/camping-del-mar.com\/wp-content\/uploads\/sites\/2\/2024\/10\/dcouverte-des-tresors-naturels-et-culturels-768x411.webp 768w\" sizes=\"(max-width: 1514px) 100vw, 1514px\" \/><div class=\"wp-block-cover__inner-container has-global-padding is-layout-constrained wp-block-cover-is-layout-constrained\">\n<div class=\"wp-block-group gt-reveal-down has-global-padding is-layout-constrained wp-container-core-group-is-layout-13 wp-block-group-is-layout-constrained\">\n<div class=\"wp-block-group has-contrast-3-background-color has-background is-layout-flow wp-block-group-is-layout-flow\" style=\"min-height:12rem\"><\/div>\n<\/div>\n\n\n\n<figure class=\"wp-block-image aligncenter size-full gt-reveal-down wp-duotone-e5e0ce-ffffff-3\"><img data-dominant-color=\"b15526\" data-has-transparency=\"true\" style=\"--dominant-color: #b15526;\" decoding=\"async\" width=\"43\" height=\"21\" src=\"https:\/\/campingclosduthym.com\/wp-content\/uploads\/sites\/5\/2024\/08\/separator.png\" alt=\"scheider\" class=\"wp-image-150 has-transparency\"\/><\/figure>\n\n\n\n<div style=\"height:1rem\" aria-hidden=\"true\" class=\"wp-block-spacer\"><\/div>\n\n\n<h2 class=\"wp-block-heading has-text-align-center has-base-color has-text-color has-link-color has-large-font-size wp-elements-7e87490d972ba7d77133d2e4221eb55e\" id=\"4-goede-redenen-om-te-fietsen-in-argeles-sur-mer\">4 goede redenen om te fietsen in Argel\u00e8s-sur-Mer<\/h2>\n\n\n<p class=\"has-text-align-center has-base-color has-text-color has-link-color has-medium-font-size wp-elements-92716e542443eb27cbf44ec1aa6f7f9f\">Argel\u00e8s-sur-Mer, met zijn gevarieerde landschappen tussen zee en bergen, is een <strong>ideale omgeving voor fietsuitstapjes<\/strong>, of je nu een amateur of een ervaren fietser bent. Hier zijn 4 redenen waarom je moet beginnen! <\/p>\n\n\n<h3 class=\"wp-block-heading has-text-align-center has-base-color has-text-color has-link-color has-large-font-size wp-elements-4e0a523a9167528b855c0c6406a6cfd1\" id=\"natuurlijke-en-culturele-schatten-ontdekken\">Natuurlijke en culturele schatten ontdekken<\/h3>\n\n\n<p class=\"has-text-align-center has-base-color has-text-color has-link-color has-medium-font-size wp-elements-a81c125daf8967fc11fa9da5aafcd83e\">Stap op de fiets en <strong>verken de iconische plekjes van Argel\u00e8s-sur-Mer <\/strong>! Of je nu het panorama bewondert vanaf het Ch\u00e2teau de Valmy, de verborgen baaien bij Collioure verkent of de Voie Verte Pyr\u00e9n\u00e9es-M\u00e9diterran\u00e9e volgt, fietsen is een geweldige manier om de culturele en natuurlijke rijkdommen van de regio te ontdekken.<\/p>\n\n\n\n<div style=\"height:var(--wp--preset--spacing--40)\" aria-hidden=\"true\" class=\"wp-block-spacer\"><\/div>\n<\/div><\/div>\n<\/div>\n\n<div class=\"wp-block-group alignfull gt-break-mobile is-content-justification-right is-nowrap is-layout-flex wp-container-core-group-is-layout-20 wp-block-group-is-layout-flex\">\n<div class=\"wp-block-group alignwide gt-absolute-text gt-hide-mobile wp-container-content-5 is-horizontal is-content-justification-right is-nowrap is-layout-flex wp-container-core-group-is-layout-15 wp-block-group-is-layout-flex\" style=\"margin-top:0;padding-right:0;padding-left:0\">\n<p class=\"gt-sliding-text-y has-contrast-3-color has-text-color has-link-color has-sogo-font-family wp-elements-586898af173cd378be333384327ca13c\" style=\"margin-top:0;margin-right:0;margin-bottom:0;margin-left:0;font-size:7vw;font-style:normal;font-weight:300;line-height:1;text-transform:uppercase\">Slim stuur<\/p>\n<\/div>\n\n\n\n<div class=\"wp-block-group has-accent-2-background-color has-background wp-container-content-6 has-global-padding is-content-justification-center is-layout-constrained wp-block-group-is-layout-constrained\">\n<div class=\"wp-block-group alignwide is-layout-flow wp-block-group-is-layout-flow\" style=\"padding-top:0;padding-right:var(--wp--preset--spacing--60);padding-bottom:var(--wp--preset--spacing--30);padding-left:var(--wp--preset--spacing--60)\">\n<div class=\"wp-block-group gt-reveal-down has-global-padding is-layout-constrained wp-container-core-group-is-layout-17 wp-block-group-is-layout-constrained\" style=\"margin-top:-3rem\">\n<div class=\"wp-block-group has-contrast-3-background-color has-background is-layout-flow wp-block-group-is-layout-flow\" style=\"min-height:6rem\"><\/div>\n<\/div>\n\n\n\n<figure class=\"wp-block-image aligncenter size-full gt-reveal-down wp-duotone-132f44-132f44-4\"><img data-dominant-color=\"b15526\" data-has-transparency=\"true\" style=\"--dominant-color: #b15526;\" decoding=\"async\" width=\"43\" height=\"21\" src=\"https:\/\/campingclosduthym.com\/wp-content\/uploads\/sites\/5\/2024\/08\/separator.png\" alt=\"scheider\" class=\"wp-image-150 has-transparency\"\/><\/figure>\n\n\n<h3 class=\"wp-block-heading has-text-align-center gt-reveal-down has-large-font-size\" id=\"een-gejodeerde-wandeling-langs-de-middellandse-zeekust\">Een gejodeerde wandeling langs de Middellandse Zeekust<\/h3>\n\n\n<p class=\"has-text-align-center gt-reveal-down has-medium-font-size\">Er gaat niets boven fietsen langs de kust om te genieten van de zeebries en het kustlandschap. De kustlijn van Argel\u00e8s-sur-Mer biedt een adembenemend uitzicht op de Middellandse Zee, met fietspaden die ideaal zijn om te ontspannen met familie of vrienden. <\/p>\n\n\n<h3 class=\"wp-block-heading has-text-align-center gt-reveal-down has-large-font-size\" id=\"sportieve-uitdagingen-in-de-pyreneeen\">Sportieve uitdagingen in de Pyrenee\u00ebn<\/h3>\n\n\n<p class=\"has-text-align-center gt-reveal-down has-medium-font-size\">Voor sensatiezoekers zijn de mountainbikeroutes van het Alb\u00e8res-massief het perfecte speelterrein! Met steile beklimmingen en duizelingwekkende afdalingen bieden deze routes uitdagingen die je moet aangaan terwijl je adembenemende panorama&#8217;s bewondert. Vanuit het skigebied van Valmy heb je snel toegang tot deze veeleisende routes.  <\/p>\n\n\n<h3 class=\"wp-block-heading has-text-align-center gt-reveal-down has-large-font-size\" id=\"een-activiteit-voor-alle-seizoenen\">Een activiteit voor alle seizoenen<\/h3>\n\n\n<p class=\"has-text-align-center gt-reveal-down has-medium-font-size\">Dankzij het mediterrane klimaat kun je in Argel\u00e8s-sur-Mer <strong>het hele jaar door heerlijk fietsen<\/strong>. In de zomer kun je afkoelen in de zeebries en in de winter kun je fietsen onder een milde, zonnige hemel. Of je nu langs de stranden fietst of de bergen beklimt, elk seizoen heeft zijn eigen charmes voor fietsers.  <\/p>\n\n\n\n<p class=\"has-text-align-center gt-reveal-down has-medium-font-size\"><strong>Tip:<\/strong> het <strong>Domaine de Valmy<\/strong> is het ideale vertrekpunt voor de Voie Verte, die van Argel\u00e8s-sur-Mer naar Le Boulou loopt. Met panoramische uitzichten over de Vallespir regio en de mediterrane stranden is deze tocht gegarandeerd een onvergetelijke ervaring. <\/p>\n<\/div>\n\n\n\n<div style=\"height:6rem;width:0px\" aria-hidden=\"true\" class=\"wp-block-spacer\"><\/div>\n<\/div>\n<\/div>\n\n<div class=\"wp-block-group alignfull has-global-padding is-layout-constrained wp-block-group-is-layout-constrained\">\n<div style=\"height:6rem\" aria-hidden=\"true\" class=\"wp-block-spacer\"><\/div>\n\n\n\n<div class=\"wp-block-group alignfull gt-reveal gt-break-mobile gt-reverse-mobile is-content-justification-center is-nowrap is-layout-flex wp-container-core-group-is-layout-26 wp-block-group-is-layout-flex\">\n<div class=\"wp-block-group is-nowrap is-layout-flex wp-container-core-group-is-layout-25 wp-block-group-is-layout-flex\" style=\"padding-right:var(--wp--preset--spacing--20);padding-left:var(--wp--preset--spacing--20)\">\n<div class=\"wp-block-group has-global-padding is-layout-constrained wp-block-group-is-layout-constrained\">\n<div class=\"wp-block-group animated fadeInDown slow gt-reveal-down has-global-padding is-layout-constrained wp-container-core-group-is-layout-22 wp-block-group-is-layout-constrained\">\n<div class=\"wp-block-group gt-reveal-down has-contrast-3-background-color has-background is-layout-flow wp-block-group-is-layout-flow\" style=\"min-height:30rem\"><\/div>\n<\/div>\n\n\n\n<figure class=\"wp-block-image aligncenter size-full gt-reveal-down wp-duotone-e5e0ce-ffffff-5\"><img data-dominant-color=\"b15526\" data-has-transparency=\"true\" style=\"--dominant-color: #b15526;\" decoding=\"async\" width=\"43\" height=\"21\" src=\"https:\/\/campingclosduthym.com\/wp-content\/uploads\/sites\/5\/2024\/08\/separator.png\" alt=\"scheider\" class=\"wp-image-150 has-transparency\"\/><\/figure>\n<\/div>\n\n\n\n<div class=\"wp-block-group has-global-padding is-layout-constrained wp-block-group-is-layout-constrained\"><h2 class=\"wp-block-heading has-accent-color has-text-color has-link-color wp-elements-fc35d74db983248c5287f4e84fb516e4\" id=\"huur-een-fiets-bij-onze-partner-guidon-fute\">Huur een fiets bij onze partner Guidon fut\u00e9<\/h2>\n\n\n<ul class=\"wp-block-list\">\n<li><strong>Kwaliteitsvloot:<\/strong> Guidon Fut\u00e9 biedt een vloot kwaliteitsfietsen, geschikt voor <strong>alle niveaus<\/strong> en alle avonturen.<\/li>\n\n\n\n<li><strong>Gemakkelijk reserveren:<\/strong> <a href=\"https:\/\/www.guidon-fute.com\/fr\/\" target=\"_blank\" rel=\"noreferrer noopener\">reserveer gemakkelijk online op de Guidon Fut\u00e9 website<\/a>, in slechts een paar klikken, om de beschikbaarheid van uw fietsen te garanderen.<\/li>\n\n\n\n<li><strong>Gratis levering bij <a href=\"https:\/\/camping-del-mar.com\/nl\/\" target=\"_blank\" rel=\"noreferrer noopener\">Del Mar Village in Argeles-sur-Mer<\/a>:<\/strong> <strong>gratis levering van uw fietsen<\/strong> direct bij Del Mar Village, om uw verblijf nog aangenamer te maken.<\/li>\n\n\n\n<li><strong>Flexibele huurperiode:<\/strong> Of u nu op zoek bent naar een dagtocht of een uitgebreide verkenningstocht, Guidon Fut\u00e9 <strong>biedt flexibele huuropties<\/strong>.<\/li>\n\n\n\n<li><strong>Assistentie en advies:<\/strong> het Guidon Fut\u00e9-team staat klaar om u <strong>deskundig advies<\/strong> en <strong>assistentie<\/strong> te geven als u dat nodig hebt.<\/li>\n<\/ul>\n<\/div>\n<\/div>\n\n\n\n<figure class=\"wp-block-image size-full\"><img data-dominant-color=\"677958\" data-has-transparency=\"false\" style=\"--dominant-color: #677958;\" decoding=\"async\" width=\"1108\" height=\"738\" src=\"https:\/\/camping-del-mar.com\/wp-content\/uploads\/sites\/2\/2024\/11\/louez-un-velo-aupres-de-notre-partenaire.webp\" alt=\"huur een fiets bij onze partner\" class=\"wp-image-5503 not-transparent\" srcset=\"https:\/\/camping-del-mar.com\/wp-content\/uploads\/sites\/2\/2024\/11\/louez-un-velo-aupres-de-notre-partenaire.webp 1108w, https:\/\/camping-del-mar.com\/wp-content\/uploads\/sites\/2\/2024\/11\/louez-un-velo-aupres-de-notre-partenaire-300x200.webp 300w, https:\/\/camping-del-mar.com\/wp-content\/uploads\/sites\/2\/2024\/11\/louez-un-velo-aupres-de-notre-partenaire-1024x682.webp 1024w, https:\/\/camping-del-mar.com\/wp-content\/uploads\/sites\/2\/2024\/11\/louez-un-velo-aupres-de-notre-partenaire-768x512.webp 768w\" sizes=\"(max-width: 1108px) 100vw, 1108px\" \/><\/figure>\n<\/div>\n\n\n\n<div style=\"height:6rem\" aria-hidden=\"true\" class=\"wp-block-spacer\"><\/div>\n<\/div>\n\n<div class=\"wp-block-group alignfull has-global-padding is-layout-constrained wp-block-group-is-layout-constrained\">\n<div class=\"wp-block-group alignfull gt-reveal gt-break-mobile is-content-justification-center is-nowrap is-layout-flex wp-container-core-group-is-layout-30 wp-block-group-is-layout-flex\">\n<figure class=\"wp-block-image size-full\"><img data-dominant-color=\"8d8771\" data-has-transparency=\"false\" style=\"--dominant-color: #8d8771;\" decoding=\"async\" width=\"662\" height=\"531\" src=\"https:\/\/camping-del-mar.com\/wp-content\/uploads\/sites\/2\/2024\/11\/velo-livre-directement-au-camping.webp\" alt=\"velo rechtstreeks geleverd op de camping\" class=\"wp-image-5506 not-transparent\" srcset=\"https:\/\/camping-del-mar.com\/wp-content\/uploads\/sites\/2\/2024\/11\/velo-livre-directement-au-camping.webp 662w, https:\/\/camping-del-mar.com\/wp-content\/uploads\/sites\/2\/2024\/11\/velo-livre-directement-au-camping-300x241.webp 300w\" sizes=\"(max-width: 662px) 100vw, 662px\" \/><\/figure>\n\n\n\n<div class=\"wp-block-group is-nowrap is-layout-flex wp-container-core-group-is-layout-29 wp-block-group-is-layout-flex\" style=\"padding-right:var(--wp--preset--spacing--20);padding-left:var(--wp--preset--spacing--20)\">\n<div class=\"wp-block-group has-global-padding is-layout-constrained wp-block-group-is-layout-constrained\"><h2 class=\"wp-block-heading has-accent-color has-text-color has-link-color wp-elements-a5f83b2b65a19cdc4b8f9d03fb30d1a5\" id=\"uw-fiets-direct-afgeleverd-op-de-camping-in-argeles-sur-mer\">Uw fiets direct afgeleverd op de camping in Argel\u00e8s-sur-Mer<\/h2>\n\n\n<ul class=\"wp-block-list\">\n<li>Bezoek de <strong>website van Guidon Fut\u00e9<\/strong> of neem contact op met 04 68 81 56 55<\/li>\n\n\n\n<li>Selecteer de <strong>fietsen van je keuze<\/strong> en de <strong>huurperiode<\/strong>.<\/li>\n\n\n\n<li>Vertel ons bij je reservering dat je in Del Mar Village verblijft om <strong>te profiteren van gratis bezorging<\/strong> (voor huurperiodes van een week of meer).<\/li>\n\n\n\n<li>Het is gemakkelijk om je boeking te voltooien.<\/li>\n<\/ul>\n\n\n\n<div class=\"wp-block-buttons is-content-justification-center is-layout-flex wp-container-core-buttons-is-layout-1 wp-block-buttons-is-layout-flex\">\n<div class=\"wp-block-button has-custom-font-size is-style-gt-contour-small has-sogo-font-family has-large-font-size\" style=\"font-style:normal;font-weight:300\"><a class=\"wp-block-button__link has-accent-color has-text-color has-link-color wp-element-button\" href=\"https:\/\/www.guidon-fute.com\/fr\/\" target=\"_blank\" rel=\"noreferrer noopener\">Slim stuur<\/a><\/div>\n<\/div>\n<\/div>\n<\/div>\n<\/div>\n\n\n\n<div style=\"height:6rem\" aria-hidden=\"true\" class=\"wp-block-spacer\"><\/div>\n<\/div>\n\n<div class=\"wp-block-group alignfull is-layout-flow wp-block-group-is-layout-flow\" style=\"padding-bottom:0\">\n<div class=\"wp-block-group alignwide animated fadeIn slower is-layout-flow wp-block-group-is-layout-flow\" style=\"margin-top:0;margin-bottom:-33px;padding-right:0;padding-left:0\">\n<p class=\"gt-sliding-text has-contrast-3-color has-text-color has-link-color has-sogo-font-family wp-elements-3b0a62d677c316857b2750de3a2edf02\" style=\"margin-top:0;margin-right:0;margin-bottom:0;margin-left:0;font-size:7vw;font-style:normal;font-weight:300;line-height:1;text-transform:uppercase\">ONTDEK<\/p>\n<\/div>\n\n\n\n<div class=\"wp-block-group gt-break-mobile is-layout-grid wp-container-core-group-is-layout-36 wp-block-group-is-layout-grid\" style=\"border-radius:2rem\">\n<div\n\tstyle=\"border-radius:0rem;\" class=\"gt-maillage-6 wp-block-gt-gt-fse-maillage\"\tdata-wp-interactive=\"gt\/maillage\"\n\tdata-wp-on--click=\"actions.ctaLoad\"\n\tdata-wp-context='{\"radius\":\"0rem\",\"hover_bg_color\":\"#132f44\",\"hover_text_color\":\"#ffffff\",\"hover_image_opacity\":0.5}'>\t\n\n\t\n\t\t\t\t\t\t\t\t\t<div \n\t\t\t\tclass=\"gt-fse-maillage-link gt-fse-maillage-image-zoom gt-fse-maillage-hover-background-color gt-fse-maillage-hover-text-color\"\n\t\t\t\tstyle=\"border-radius: 0rem\"\n\t\t\t\tdata-wp-on-async--mouseover=\"actions.mouseover\"\n\t\t\t>\n\t\t\t\t\t\t\t\t\t\t\t\n<div class=\"wp-block-group is-layout-flow wp-block-group-is-layout-flow\">\n<div style=\"aspect-ratio:16\/9;min-height:unset;\" class=\"wp-block-cover is-light has-custom-content-position is-position-bottom-right has-aspect-ratio\"><span aria-hidden=\"true\" class=\"wp-block-cover__background has-black-background-color has-background-dim\"><\/span><img decoding=\"async\" width=\"1920\" height=\"434\" src=\"https:\/\/camping-del-mar.com\/wp-content\/uploads\/sites\/2\/2024\/10\/tourisme-pyrenees-orientales-argeles-sur-mer.webp\" class=\"wp-block-cover__image-background not-transparent wp-post-image\" alt=\"tourism pyrenees orientales argeles-sur-mer\" data-object-fit=\"cover\" srcset=\"https:\/\/camping-del-mar.com\/wp-content\/uploads\/sites\/2\/2024\/10\/tourisme-pyrenees-orientales-argeles-sur-mer.webp 1920w, https:\/\/camping-del-mar.com\/wp-content\/uploads\/sites\/2\/2024\/10\/tourisme-pyrenees-orientales-argeles-sur-mer-300x68.webp 300w, https:\/\/camping-del-mar.com\/wp-content\/uploads\/sites\/2\/2024\/10\/tourisme-pyrenees-orientales-argeles-sur-mer-1024x231.webp 1024w, https:\/\/camping-del-mar.com\/wp-content\/uploads\/sites\/2\/2024\/10\/tourisme-pyrenees-orientales-argeles-sur-mer-768x174.webp 768w, https:\/\/camping-del-mar.com\/wp-content\/uploads\/sites\/2\/2024\/10\/tourisme-pyrenees-orientales-argeles-sur-mer-1536x347.webp 1536w\" sizes=\"(max-width: 1920px) 100vw, 1920px\" data-has-transparency=\"false\" data-dominant-color=\"6496b2\" style=\"--dominant-color: #6496b2;\" \/><div class=\"wp-block-cover__inner-container has-global-padding is-layout-constrained wp-block-cover-is-layout-constrained\">\n\n\n\n<p style=\"font-weight:700;text-transform:uppercase;\" class=\"wp-elements-1d85624d063a7cb35988b7ee9856f738 wp-block-gt-gt-fse-maillage-titre has-text-color has-base-color has-large-font-size has-sogo-font-family\">\n    Jouw vakantie in de Pyr\u00e9n\u00e9es-Orientales<\/p>\n\n<\/div><\/div>\n<\/div>\n\t\t\t\t\t\t\t<\/div>\n\t\t\t\t\t\t\t\t\t\t\t<div \n\t\t\t\tclass=\"gt-fse-maillage-link gt-fse-maillage-image-zoom gt-fse-maillage-hover-background-color gt-fse-maillage-hover-text-color\"\n\t\t\t\tstyle=\"border-radius: 0rem\"\n\t\t\t\tdata-wp-on-async--mouseover=\"actions.mouseover\"\n\t\t\t>\n\t\t\t\t\t\t\t\t\t\t\t\n<div class=\"wp-block-group is-layout-flow wp-block-group-is-layout-flow\">\n<div style=\"aspect-ratio:16\/9;min-height:unset;\" class=\"wp-block-cover is-light has-custom-content-position is-position-bottom-right has-aspect-ratio\"><span aria-hidden=\"true\" class=\"wp-block-cover__background has-black-background-color has-background-dim\"><\/span><img decoding=\"async\" width=\"1920\" height=\"434\" src=\"https:\/\/camping-del-mar.com\/wp-content\/uploads\/sites\/2\/2024\/10\/camping-pas-cher-del-mar-argeles-sur-mer.webp\" class=\"wp-block-cover__image-background not-transparent wp-post-image\" alt=\"goedkoop kamperen\" data-object-fit=\"cover\" srcset=\"https:\/\/camping-del-mar.com\/wp-content\/uploads\/sites\/2\/2024\/10\/camping-pas-cher-del-mar-argeles-sur-mer.webp 1920w, https:\/\/camping-del-mar.com\/wp-content\/uploads\/sites\/2\/2024\/10\/camping-pas-cher-del-mar-argeles-sur-mer-300x68.webp 300w, https:\/\/camping-del-mar.com\/wp-content\/uploads\/sites\/2\/2024\/10\/camping-pas-cher-del-mar-argeles-sur-mer-1024x231.webp 1024w, https:\/\/camping-del-mar.com\/wp-content\/uploads\/sites\/2\/2024\/10\/camping-pas-cher-del-mar-argeles-sur-mer-768x174.webp 768w, https:\/\/camping-del-mar.com\/wp-content\/uploads\/sites\/2\/2024\/10\/camping-pas-cher-del-mar-argeles-sur-mer-1536x347.webp 1536w\" sizes=\"(max-width: 1920px) 100vw, 1920px\" data-has-transparency=\"false\" data-dominant-color=\"886e49\" style=\"--dominant-color: #886e49;\" \/><div class=\"wp-block-cover__inner-container has-global-padding is-layout-constrained wp-block-cover-is-layout-constrained\">\n\n\n\n<p style=\"font-weight:700;text-transform:uppercase;\" class=\"wp-elements-1d85624d063a7cb35988b7ee9856f738 wp-block-gt-gt-fse-maillage-titre has-text-color has-base-color has-large-font-size has-sogo-font-family\">\n    Een ideaal verblijf op een camping met een uitstekende prijs-kwaliteitverhouding in Argel\u00e8s-sur-Mer<\/p>\n\n<\/div><\/div>\n<\/div>\n\t\t\t\t\t\t\t<\/div>\n\t\t\t\t\t\t\t\t\t\t\t<div \n\t\t\t\tclass=\"gt-fse-maillage-link gt-fse-maillage-image-zoom gt-fse-maillage-hover-background-color gt-fse-maillage-hover-text-color\"\n\t\t\t\tstyle=\"border-radius: 0rem\"\n\t\t\t\tdata-wp-on-async--mouseover=\"actions.mouseover\"\n\t\t\t>\n\t\t\t\t\t\t\t\t\t\t\t\n<div class=\"wp-block-group is-layout-flow wp-block-group-is-layout-flow\">\n<div style=\"aspect-ratio:16\/9;min-height:unset;\" class=\"wp-block-cover is-light has-custom-content-position is-position-bottom-right has-aspect-ratio\"><span aria-hidden=\"true\" class=\"wp-block-cover__background has-black-background-color has-background-dim\"><\/span><img decoding=\"async\" width=\"1920\" height=\"434\" src=\"https:\/\/camping-del-mar.com\/wp-content\/uploads\/sites\/2\/2024\/10\/camping-del-mar-activites-animations-argeles-sur-mer.webp\" class=\"wp-block-cover__image-background not-transparent wp-post-image\" alt=\"camping del mar activiteiten animatie argeles-sur-mer\" data-object-fit=\"cover\" srcset=\"https:\/\/camping-del-mar.com\/wp-content\/uploads\/sites\/2\/2024\/10\/camping-del-mar-activites-animations-argeles-sur-mer.webp 1920w, https:\/\/camping-del-mar.com\/wp-content\/uploads\/sites\/2\/2024\/10\/camping-del-mar-activites-animations-argeles-sur-mer-300x68.webp 300w, https:\/\/camping-del-mar.com\/wp-content\/uploads\/sites\/2\/2024\/10\/camping-del-mar-activites-animations-argeles-sur-mer-1024x231.webp 1024w, https:\/\/camping-del-mar.com\/wp-content\/uploads\/sites\/2\/2024\/10\/camping-del-mar-activites-animations-argeles-sur-mer-768x174.webp 768w, https:\/\/camping-del-mar.com\/wp-content\/uploads\/sites\/2\/2024\/10\/camping-del-mar-activites-animations-argeles-sur-mer-1536x347.webp 1536w\" sizes=\"(max-width: 1920px) 100vw, 1920px\" data-has-transparency=\"false\" data-dominant-color=\"4e8463\" style=\"--dominant-color: #4e8463;\" \/><div class=\"wp-block-cover__inner-container has-global-padding is-layout-constrained wp-block-cover-is-layout-constrained\">\n\n\n\n<p style=\"font-weight:700;text-transform:uppercase;\" class=\"wp-elements-1d85624d063a7cb35988b7ee9856f738 wp-block-gt-gt-fse-maillage-titre has-text-color has-base-color has-large-font-size has-sogo-font-family\">\n    Activiteiten en animaties op onze camping in de Pyr\u00e9n\u00e9es-Orientales<\/p>\n\n<\/div><\/div>\n<\/div>\n\t\t\t\t\t\t\t<\/div>\n\t\t\t\t\t\t\t\t<\/div><\/div>\n\n\n\n<div style=\"height:6rem\" aria-hidden=\"true\" class=\"wp-block-spacer\"><\/div>\n<\/div>\n","protected":false},"excerpt":{"rendered":"<p>De Pyr\u00e9n\u00e9es-Orientales, een geweldige plek om te wandelen en te fietsen Ontdek de beste fietstochten en wandeltochten in de Pyr\u00e9n\u00e9es-OrientalesOf het nu gaat om een ontspannen ritje langs het strand, een verkenning van de kustpaden of een avontuur in het achterland, fietsverhuur bij Guidon Fut\u00e9 biedt een onge\u00ebvenaarde vrijheid om de schatten van de regio [&hellip;]<\/p>\n","protected":false},"author":1,"featured_media":6932,"parent":0,"menu_order":0,"comment_status":"closed","ping_status":"closed","template":"","meta":{"_acf_changed":false,"_seopress_robots_primary_cat":"","_seopress_titles_title":"Camping en fietsverhuur in Argel\u00e8s-sur-Mer, Pyr\u00e9n\u00e9es-Orientales","_seopress_titles_desc":"Huur een fiets en laat hem gratis afleveren op uw camping in Argel\u00e8s-sur-Mer! Fietstoerisme, de ideale manier om de Pyr\u00e9n\u00e9es-Orientales te ontdekken ","_seopress_robots_index":"","_gt_ctv_global_id":"","_gt_ctv_id_group":false,"inline_featured_image":false,"gt_fse_maillage_image":"https:\/\/camping-del-mar.com\/wp-content\/uploads\/sites\/2\/2024\/10\/location-velo-argeles-sur-mer-camping-del-mar.webp","gt_fse_maillage_titre":"Huur een fiets en verken de omgeving van camping Argel\u00e8s-sur-Mer","gt_fse_maillage_resume":"","_gt_maillage_image":0,"_gt_maillage_video":0,"_gt_maillage_title":"","footnotes":""},"categories":[],"tags":[],"class_list":["post-6926","page","type-page","status-publish","has-post-thumbnail","hentry"],"acf":[],"_links":{"self":[{"href":"https:\/\/camping-del-mar.com\/nl\/wp-json\/wp\/v2\/pages\/6926","targetHints":{"allow":["GET"]}}],"collection":[{"href":"https:\/\/camping-del-mar.com\/nl\/wp-json\/wp\/v2\/pages"}],"about":[{"href":"https:\/\/camping-del-mar.com\/nl\/wp-json\/wp\/v2\/types\/page"}],"author":[{"embeddable":true,"href":"https:\/\/camping-del-mar.com\/nl\/wp-json\/wp\/v2\/users\/1"}],"replies":[{"embeddable":true,"href":"https:\/\/camping-del-mar.com\/nl\/wp-json\/wp\/v2\/comments?post=6926"}],"version-history":[{"count":5,"href":"https:\/\/camping-del-mar.com\/nl\/wp-json\/wp\/v2\/pages\/6926\/revisions"}],"predecessor-version":[{"id":7390,"href":"https:\/\/camping-del-mar.com\/nl\/wp-json\/wp\/v2\/pages\/6926\/revisions\/7390"}],"wp:featuredmedia":[{"embeddable":true,"href":"https:\/\/camping-del-mar.com\/nl\/wp-json\/wp\/v2\/media\/6932"}],"wp:attachment":[{"href":"https:\/\/camping-del-mar.com\/nl\/wp-json\/wp\/v2\/media?parent=6926"}],"wp:term":[{"taxonomy":"category","embeddable":true,"href":"https:\/\/camping-del-mar.com\/nl\/wp-json\/wp\/v2\/categories?post=6926"},{"taxonomy":"post_tag","embeddable":true,"href":"https:\/\/camping-del-mar.com\/nl\/wp-json\/wp\/v2\/tags?post=6926"}],"curies":[{"name":"wp","href":"https:\/\/api.w.org\/{rel}","templated":true}]}}