{"id":6889,"date":"2024-08-13T10:52:52","date_gmt":"2024-08-13T08:52:52","guid":{"rendered":"https:\/\/camping-del-mar.com\/eigenaar-worden-argeles-sur-mer\/"},"modified":"2025-01-14T10:38:47","modified_gmt":"2025-01-14T09:38:47","slug":"eigenaar-worden-argeles-sur-mer","status":"publish","type":"page","link":"https:\/\/camping-del-mar.com\/nl\/eigenaar-worden-argeles-sur-mer\/","title":{"rendered":"Word eigenaar van een stacaravan in de Pyr\u00e9n\u00e9es-Orientales"},"content":{"rendered":"\n<div class=\"wp-block-group alignfull gt-reveal has-global-padding is-layout-constrained wp-container-core-group-is-layout-4 wp-block-group-is-layout-constrained\">\n<div style=\"height:6rem\" aria-hidden=\"true\" class=\"wp-block-spacer gt-hide-mobile\"><\/div>\n\n\n\n<figure class=\"wp-block-image aligncenter size-full gt-reveal-down wp-duotone-132f44-132f44-1\"><img data-dominant-color=\"b15526\" data-has-transparency=\"true\" style=\"--dominant-color: #b15526;\" decoding=\"async\" width=\"43\" height=\"21\" src=\"https:\/\/campingclosduthym.com\/wp-content\/uploads\/sites\/5\/2024\/08\/separator.png\" alt=\"scheider\" class=\"wp-image-150 has-transparency\"\/><\/figure>\n\n\n\n<div style=\"height:1rem\" aria-hidden=\"true\" class=\"wp-block-spacer gt-hide-mobile\"><\/div>\n\n\n<h2 class=\"wp-block-heading has-text-align-center gt-reveal-down has-accent-color has-text-color has-link-color wp-elements-bbf5a0631932bcad15485ea44a9154fc\" id=\"je-tweede-huis-in-argeles-sur-mer\">Je tweede huis in Argel\u00e8s-sur-Mer<\/h2>\n\n\n<p class=\"has-text-align-center gt-reveal-down has-medium-font-size\"><a href=\"https:\/\/camping-del-mar.com\/nl\/\">Camping Del Mar in de Pyr\u00e9n\u00e9es-Orientales<\/a> wordt al <strong>50 jaar<\/strong> door <strong>dezelfde familie<\/strong> gerund, sinds de camping in 1970 werd opgericht door Ghislaine en Alain Quillevere. Tegenwoordig wordt de camping gerund door hun kleinkinderen Benjamin en Nicolas. Wij <strong>zijn al meer dan 20 jaar gespecialiseerd in de verkoop van stacaravans<\/strong>.  <\/p>\n\n\n\n<div style=\"height:2rem\" aria-hidden=\"true\" class=\"wp-block-spacer gt-hide-mobile\"><\/div>\n\n\n\n<div class=\"wp-block-group alignfull gt-reveal gt-break-mobile is-content-justification-center is-nowrap is-layout-flex wp-container-core-group-is-layout-3 wp-block-group-is-layout-flex\">\n<div class=\"wp-block-group has-global-padding is-layout-constrained wp-block-group-is-layout-constrained\" style=\"margin-top:var(--wp--preset--spacing--10);margin-bottom:var(--wp--preset--spacing--10)\">\n<figure class=\"wp-block-image size-full\"><img data-dominant-color=\"7c8769\" data-has-transparency=\"false\" style=\"--dominant-color: #7c8769;\" decoding=\"async\" width=\"620\" height=\"349\" src=\"https:\/\/camping-del-mar.com\/wp-content\/uploads\/sites\/2\/2024\/11\/devenez-proprietaire-mobil-home.webp\" alt=\"eigenaar worden van een stacaravan\" class=\"wp-image-5554 not-transparent\" srcset=\"https:\/\/camping-del-mar.com\/wp-content\/uploads\/sites\/2\/2024\/11\/devenez-proprietaire-mobil-home.webp 620w, https:\/\/camping-del-mar.com\/wp-content\/uploads\/sites\/2\/2024\/11\/devenez-proprietaire-mobil-home-300x169.webp 300w\" sizes=\"(max-width: 620px) 100vw, 620px\" \/><\/figure>\n<\/div>\n\n\n\n<div class=\"wp-block-group has-global-padding is-layout-constrained wp-block-group-is-layout-constrained\" style=\"margin-top:var(--wp--preset--spacing--10);margin-bottom:var(--wp--preset--spacing--10)\">\n<figure class=\"wp-block-image size-full\"><img data-dominant-color=\"7f8c65\" data-has-transparency=\"false\" style=\"--dominant-color: #7f8c65;\" decoding=\"async\" width=\"620\" height=\"349\" src=\"https:\/\/camping-del-mar.com\/wp-content\/uploads\/sites\/2\/2024\/11\/vente-de-mobil-home.webp\" alt=\"verkoop van stacaravans\" class=\"wp-image-5556 not-transparent\" srcset=\"https:\/\/camping-del-mar.com\/wp-content\/uploads\/sites\/2\/2024\/11\/vente-de-mobil-home.webp 620w, https:\/\/camping-del-mar.com\/wp-content\/uploads\/sites\/2\/2024\/11\/vente-de-mobil-home-300x169.webp 300w\" sizes=\"(max-width: 620px) 100vw, 620px\" \/><\/figure>\n<\/div>\n<\/div>\n\n\n\n<div style=\"height:2rem\" aria-hidden=\"true\" class=\"wp-block-spacer gt-hide-mobile\"><\/div>\n\n\n<h2 class=\"wp-block-heading has-text-align-center gt-reveal-down has-accent-color has-text-color has-link-color wp-elements-427094dce937ff9e243997c803c06031\" id=\"comfortabele-stacaravans-om-te-kopen\">Comfortabele stacaravans om te kopen<\/h2>\n\n\n<div style=\"height:1rem\" aria-hidden=\"true\" class=\"wp-block-spacer gt-hide-mobile\"><\/div>\n<\/div>\n\n<div class=\"wp-block-group alignfull is-layout-flow wp-block-group-is-layout-flow\" style=\"padding-top:0;padding-right:var(--wp--preset--spacing--10);padding-bottom:0;padding-left:var(--wp--preset--spacing--10)\">\n<div class=\"wp-block-group alignfull gt-reveal has-accent-2-background-color has-background is-layout-flow wp-block-group-is-layout-flow\" style=\"padding-top:var(--wp--preset--spacing--40);padding-right:var(--wp--preset--spacing--40);padding-bottom:var(--wp--preset--spacing--40);padding-left:var(--wp--preset--spacing--40)\">\n<div class=\"wp-block-columns is-layout-flex wp-container-core-columns-is-layout-2 wp-block-columns-is-layout-flex\">\n<div class=\"wp-block-column is-layout-flow wp-block-column-is-layout-flow\" style=\"flex-basis:15rem\">\n<figure data-wp-context=\"{&quot;imageId&quot;:&quot;69f0b81bddacd&quot;}\" data-wp-interactive=\"core\/image\" class=\"wp-block-image size-full has-custom-border is-style-default wp-lightbox-container\"><img data-dominant-color=\"738a80\" data-has-transparency=\"false\" decoding=\"async\" width=\"2100\" height=\"1402\" data-wp-class--hide=\"state.isContentHidden\" data-wp-class--show=\"state.isContentVisible\" data-wp-init=\"callbacks.setButtonStyles\" data-wp-on-async--click=\"actions.showLightbox\" data-wp-on-async--load=\"callbacks.setButtonStyles\" data-wp-on-async-window--resize=\"callbacks.setButtonStyles\" src=\"https:\/\/camping-del-mar.com\/wp-content\/uploads\/sites\/2\/2024\/12\/1064_ext_2019.jpg-scaled.jpg\" alt=\"1064 openluchttentoonstelling\" class=\"wp-image-6318 not-transparent\" style=\"--dominant-color: #738a80; border-radius:100%;aspect-ratio:1;object-fit:cover\" srcset=\"https:\/\/camping-del-mar.com\/wp-content\/uploads\/sites\/2\/2024\/12\/1064_ext_2019.jpg-scaled.jpg 2100w, https:\/\/camping-del-mar.com\/wp-content\/uploads\/sites\/2\/2024\/12\/1064_ext_2019.jpg-300x200.jpg 300w, https:\/\/camping-del-mar.com\/wp-content\/uploads\/sites\/2\/2024\/12\/1064_ext_2019.jpg-1024x683.jpg 1024w, https:\/\/camping-del-mar.com\/wp-content\/uploads\/sites\/2\/2024\/12\/1064_ext_2019.jpg-768x513.jpg 768w, https:\/\/camping-del-mar.com\/wp-content\/uploads\/sites\/2\/2024\/12\/1064_ext_2019.jpg-1536x1025.jpg 1536w, https:\/\/camping-del-mar.com\/wp-content\/uploads\/sites\/2\/2024\/12\/1064_ext_2019.jpg-2048x1367.jpg 2048w\" sizes=\"(max-width: 2100px) 100vw, 2100px\" \/><button\n\t\t\tclass=\"lightbox-trigger\"\n\t\t\ttype=\"button\"\n\t\t\taria-haspopup=\"dialog\"\n\t\t\taria-label=\"Vergroot afbeelding: 1064 openluchttentoonstelling\"\n\t\t\tdata-wp-init=\"callbacks.initTriggerButton\"\n\t\t\tdata-wp-on-async--click=\"actions.showLightbox\"\n\t\t\tdata-wp-style--right=\"state.imageButtonRight\"\n\t\t\tdata-wp-style--top=\"state.imageButtonTop\"\n\t\t>\n\t\t\t<svg xmlns=\"http:\/\/www.w3.org\/2000\/svg\" width=\"12\" height=\"12\" fill=\"none\" viewBox=\"0 0 12 12\">\n\t\t\t\t<path fill=\"#fff\" d=\"M2 0a2 2 0 0 0-2 2v2h1.5V2a.5.5 0 0 1 .5-.5h2V0H2Zm2 10.5H2a.5.5 0 0 1-.5-.5V8H0v2a2 2 0 0 0 2 2h2v-1.5ZM8 12v-1.5h2a.5.5 0 0 0 .5-.5V8H12v2a2 2 0 0 1-2 2H8Zm2-12a2 2 0 0 1 2 2v2h-1.5V2a.5.5 0 0 0-.5-.5H8V0h2Z\" \/>\n\t\t\t<\/svg>\n\t\t<\/button><\/figure>\n<\/div>\n\n\n\n<div class=\"wp-block-column is-layout-flow wp-block-column-is-layout-flow\" style=\"flex-basis:100%\"><h2 class=\"wp-block-heading has-large-font-size\" style=\"font-style:normal;font-weight:400;text-transform:uppercase\" id=\"mobil-home-ohara-1060-3-ch-2-sdb-2024\">Mobil Home o&#8217;hara 1060 3 CH 2 SDB 2024<\/h2>\n\n\n<div class=\"wp-block-columns is-layout-flex wp-container-core-columns-is-layout-1 wp-block-columns-is-layout-flex\">\n<div class=\"wp-block-column is-layout-flow wp-block-column-is-layout-flow\">\n<div class=\"wp-block-group has-small-font-size has-global-padding is-layout-constrained wp-container-core-group-is-layout-5 wp-block-group-is-layout-constrained\">\n<p><strong>Referentie : 1060 3ch 2sdb<\/strong><\/p>\n\n\n\n<p><strong>Jaar: 2024<\/strong><\/p>\n\n\n\n<p><strong>Zitplaatsen : 6<\/strong><\/p>\n\n\n\n<p><strong>Afmetingen :<\/strong> <strong>10,60x4m <\/strong> <\/p>\n<\/div>\n<\/div>\n\n\n\n<div class=\"wp-block-column is-layout-flow wp-block-column-is-layout-flow\">\n<div class=\"wp-block-group has-small-font-size has-global-padding is-layout-constrained wp-container-core-group-is-layout-6 wp-block-group-is-layout-constrained\">\n<p>Stacaravan met 3 slaapkamers<\/p>\n\n\n\n<p><br\/>Beschikbaarheid: Onmiddellijk Algemene staat: Nieuw<\/p>\n<\/div>\n<\/div>\n\n\n\n<div class=\"wp-block-column is-layout-flow wp-block-column-is-layout-flow\">\n<p class=\"has-text-align-center has-accent-color has-text-color has-link-color has-sogo-font-family has-large-font-size wp-elements-3779a2563f23aa31b7a880f5be29efbb\" style=\"font-style:normal;font-weight:400\">64.000 INCL. BTW<\/p>\n\n\n\n<div class=\"wp-block-buttons is-content-justification-center is-layout-flex wp-container-core-buttons-is-layout-1 wp-block-buttons-is-layout-flex\">\n<div class=\"wp-block-button has-custom-width wp-block-button__width-100 has-custom-font-size is-style-gt-contour-large has-medium-font-size\"><a class=\"wp-block-button__link has-accent-color has-text-color has-link-color wp-element-button\" href=\"https:\/\/camping-del-mar.com\/annonce\/mobil-home-ohara-1060-3-chambres-2sdb\/\" target=\"_blank\" rel=\"noreferrer noopener\">Meer info<\/a><\/div>\n<\/div>\n<\/div>\n<\/div>\n<\/div>\n<\/div>\n<\/div>\n\n\n\n<div class=\"wp-block-group alignfull gt-reveal has-accent-2-background-color has-background is-layout-flow wp-block-group-is-layout-flow\" style=\"padding-top:var(--wp--preset--spacing--40);padding-right:var(--wp--preset--spacing--40);padding-bottom:var(--wp--preset--spacing--40);padding-left:var(--wp--preset--spacing--40)\">\n<div class=\"wp-block-columns is-layout-flex wp-container-core-columns-is-layout-4 wp-block-columns-is-layout-flex\">\n<div class=\"wp-block-column is-layout-flow wp-block-column-is-layout-flow\" style=\"flex-basis:15rem\">\n<figure data-wp-context=\"{&quot;imageId&quot;:&quot;69f0b81bdf273&quot;}\" data-wp-interactive=\"core\/image\" class=\"wp-block-image size-full has-custom-border is-style-default wp-lightbox-container\"><img data-dominant-color=\"918057\" data-has-transparency=\"false\" decoding=\"async\" width=\"865\" height=\"865\" data-wp-class--hide=\"state.isContentHidden\" data-wp-class--show=\"state.isContentVisible\" data-wp-init=\"callbacks.setButtonStyles\" data-wp-on-async--click=\"actions.showLightbox\" data-wp-on-async--load=\"callbacks.setButtonStyles\" data-wp-on-async-window--resize=\"callbacks.setButtonStyles\" src=\"https:\/\/camping-del-mar.com\/wp-content\/uploads\/sites\/2\/2024\/10\/devenir-proprietaire-argeles-sur-mer-mobil-home-irm-violette-3-ch-2-sdb-2023.webp\" alt=\"eigenaar worden argeles sur mer stacaravan irm violette 3 slaapkamers 2 badkamers 2023\" class=\"wp-image-3835 not-transparent\" style=\"--dominant-color: #918057; border-radius:100%;aspect-ratio:1;object-fit:cover\" srcset=\"https:\/\/camping-del-mar.com\/wp-content\/uploads\/sites\/2\/2024\/10\/devenir-proprietaire-argeles-sur-mer-mobil-home-irm-violette-3-ch-2-sdb-2023.webp 865w, https:\/\/camping-del-mar.com\/wp-content\/uploads\/sites\/2\/2024\/10\/devenir-proprietaire-argeles-sur-mer-mobil-home-irm-violette-3-ch-2-sdb-2023-300x300.webp 300w, https:\/\/camping-del-mar.com\/wp-content\/uploads\/sites\/2\/2024\/10\/devenir-proprietaire-argeles-sur-mer-mobil-home-irm-violette-3-ch-2-sdb-2023-150x150.webp 150w, https:\/\/camping-del-mar.com\/wp-content\/uploads\/sites\/2\/2024\/10\/devenir-proprietaire-argeles-sur-mer-mobil-home-irm-violette-3-ch-2-sdb-2023-768x768.webp 768w, https:\/\/camping-del-mar.com\/wp-content\/uploads\/sites\/2\/2024\/10\/devenir-proprietaire-argeles-sur-mer-mobil-home-irm-violette-3-ch-2-sdb-2023-400x400.webp 400w, https:\/\/camping-del-mar.com\/wp-content\/uploads\/sites\/2\/2024\/10\/devenir-proprietaire-argeles-sur-mer-mobil-home-irm-violette-3-ch-2-sdb-2023-600x600.webp 600w\" sizes=\"(max-width: 865px) 100vw, 865px\" \/><button\n\t\t\tclass=\"lightbox-trigger\"\n\t\t\ttype=\"button\"\n\t\t\taria-haspopup=\"dialog\"\n\t\t\taria-label=\"Vergroot afbeelding: eigenaar worden argeles sur mer stacaravan irm violette 3 slaapkamers 2 badkamers 2023\"\n\t\t\tdata-wp-init=\"callbacks.initTriggerButton\"\n\t\t\tdata-wp-on-async--click=\"actions.showLightbox\"\n\t\t\tdata-wp-style--right=\"state.imageButtonRight\"\n\t\t\tdata-wp-style--top=\"state.imageButtonTop\"\n\t\t>\n\t\t\t<svg xmlns=\"http:\/\/www.w3.org\/2000\/svg\" width=\"12\" height=\"12\" fill=\"none\" viewBox=\"0 0 12 12\">\n\t\t\t\t<path fill=\"#fff\" d=\"M2 0a2 2 0 0 0-2 2v2h1.5V2a.5.5 0 0 1 .5-.5h2V0H2Zm2 10.5H2a.5.5 0 0 1-.5-.5V8H0v2a2 2 0 0 0 2 2h2v-1.5ZM8 12v-1.5h2a.5.5 0 0 0 .5-.5V8H12v2a2 2 0 0 1-2 2H8Zm2-12a2 2 0 0 1 2 2v2h-1.5V2a.5.5 0 0 0-.5-.5H8V0h2Z\" \/>\n\t\t\t<\/svg>\n\t\t<\/button><\/figure>\n<\/div>\n\n\n\n<div class=\"wp-block-column is-layout-flow wp-block-column-is-layout-flow\" style=\"flex-basis:100%\"><h2 class=\"wp-block-heading has-large-font-size\" style=\"font-style:normal;font-weight:400;text-transform:uppercase\" id=\"mobil-home-irm-violet-3-ch-2-sdb-2023\">Mobil Home IRM violet 3 CH 2 SDB 2023<\/h2>\n\n\n<div class=\"wp-block-columns is-layout-flex wp-container-core-columns-is-layout-3 wp-block-columns-is-layout-flex\">\n<div class=\"wp-block-column is-layout-flow wp-block-column-is-layout-flow\">\n<div class=\"wp-block-group has-small-font-size has-global-padding is-layout-constrained wp-container-core-group-is-layout-8 wp-block-group-is-layout-constrained\">\n<p><strong>Referentie : <strong>Violette 3ch<\/strong><\/strong><\/p>\n\n\n\n<p><strong>Jaar: 2023<\/strong><\/p>\n\n\n\n<p><strong>Zitplaatsen : 6<\/strong><\/p>\n\n\n\n<p><strong>Afmetingen :<\/strong> <strong>10,60x4m <\/strong> <\/p>\n<\/div>\n<\/div>\n\n\n\n<div class=\"wp-block-column is-layout-flow wp-block-column-is-layout-flow\">\n<div class=\"wp-block-group has-small-font-size has-global-padding is-layout-constrained wp-container-core-group-is-layout-9 wp-block-group-is-layout-constrained\">\n<p>Stacaravan met 3 slaapkamers<\/p>\n\n\n\n<p><br\/>Beschikbaarheid: Onmiddellijk Algemene staat: Als nieuw<\/p>\n<\/div>\n<\/div>\n\n\n\n<div class=\"wp-block-column is-layout-flow wp-block-column-is-layout-flow\">\n<p class=\"has-text-align-center has-accent-color has-text-color has-link-color has-sogo-font-family has-large-font-size wp-elements-b3f1a8abd84de3c52b24382c94f39650\" style=\"font-style:normal;font-weight:400\">62.500 INCL. BTW<\/p>\n\n\n\n<div class=\"wp-block-buttons is-content-justification-center is-layout-flex wp-container-core-buttons-is-layout-2 wp-block-buttons-is-layout-flex\">\n<div class=\"wp-block-button has-custom-width wp-block-button__width-100 has-custom-font-size is-style-gt-contour-large has-medium-font-size\"><a class=\"wp-block-button__link has-accent-color has-text-color has-link-color wp-element-button\" href=\"https:\/\/camping-del-mar.com\/annonce\/violette-irm-3ch-2023\/\" target=\"_blank\" rel=\"noreferrer noopener\">Meer info<\/a><\/div>\n<\/div>\n<\/div>\n<\/div>\n<\/div>\n<\/div>\n<\/div>\n\n\n\n<div class=\"wp-block-group alignfull gt-reveal has-accent-2-background-color has-background is-layout-flow wp-block-group-is-layout-flow\" style=\"padding-top:var(--wp--preset--spacing--40);padding-right:var(--wp--preset--spacing--40);padding-bottom:var(--wp--preset--spacing--40);padding-left:var(--wp--preset--spacing--40)\">\n<div class=\"wp-block-columns is-layout-flex wp-container-core-columns-is-layout-6 wp-block-columns-is-layout-flex\">\n<div class=\"wp-block-column is-layout-flow wp-block-column-is-layout-flow\" style=\"flex-basis:15rem\">\n<figure data-wp-context=\"{&quot;imageId&quot;:&quot;69f0b81be046d&quot;}\" data-wp-interactive=\"core\/image\" class=\"wp-block-image size-full has-custom-border is-style-default wp-lightbox-container\"><img data-dominant-color=\"718397\" data-has-transparency=\"false\" decoding=\"async\" width=\"2100\" height=\"1575\" data-wp-class--hide=\"state.isContentHidden\" data-wp-class--show=\"state.isContentVisible\" data-wp-init=\"callbacks.setButtonStyles\" data-wp-on-async--click=\"actions.showLightbox\" data-wp-on-async--load=\"callbacks.setButtonStyles\" data-wp-on-async-window--resize=\"callbacks.setButtonStyles\" src=\"https:\/\/camping-del-mar.com\/wp-content\/uploads\/sites\/2\/2024\/12\/image00001-scaled.jpeg\" alt=\"Foto van het IRM-perceel Clair de Lune\" class=\"wp-image-6337 not-transparent\" style=\"--dominant-color: #718397; border-radius:100%;aspect-ratio:1;object-fit:cover\" srcset=\"https:\/\/camping-del-mar.com\/wp-content\/uploads\/sites\/2\/2024\/12\/image00001-scaled.jpeg 2100w, https:\/\/camping-del-mar.com\/wp-content\/uploads\/sites\/2\/2024\/12\/image00001-300x225.jpeg 300w, https:\/\/camping-del-mar.com\/wp-content\/uploads\/sites\/2\/2024\/12\/image00001-1024x768.jpeg 1024w, https:\/\/camping-del-mar.com\/wp-content\/uploads\/sites\/2\/2024\/12\/image00001-768x576.jpeg 768w, https:\/\/camping-del-mar.com\/wp-content\/uploads\/sites\/2\/2024\/12\/image00001-1536x1152.jpeg 1536w, https:\/\/camping-del-mar.com\/wp-content\/uploads\/sites\/2\/2024\/12\/image00001-2048x1536.jpeg 2048w\" sizes=\"(max-width: 2100px) 100vw, 2100px\" \/><button\n\t\t\tclass=\"lightbox-trigger\"\n\t\t\ttype=\"button\"\n\t\t\taria-haspopup=\"dialog\"\n\t\t\taria-label=\"Vergroot afbeelding: Foto van het IRM-perceel Clair de Lune\"\n\t\t\tdata-wp-init=\"callbacks.initTriggerButton\"\n\t\t\tdata-wp-on-async--click=\"actions.showLightbox\"\n\t\t\tdata-wp-style--right=\"state.imageButtonRight\"\n\t\t\tdata-wp-style--top=\"state.imageButtonTop\"\n\t\t>\n\t\t\t<svg xmlns=\"http:\/\/www.w3.org\/2000\/svg\" width=\"12\" height=\"12\" fill=\"none\" viewBox=\"0 0 12 12\">\n\t\t\t\t<path fill=\"#fff\" d=\"M2 0a2 2 0 0 0-2 2v2h1.5V2a.5.5 0 0 1 .5-.5h2V0H2Zm2 10.5H2a.5.5 0 0 1-.5-.5V8H0v2a2 2 0 0 0 2 2h2v-1.5ZM8 12v-1.5h2a.5.5 0 0 0 .5-.5V8H12v2a2 2 0 0 1-2 2H8Zm2-12a2 2 0 0 1 2 2v2h-1.5V2a.5.5 0 0 0-.5-.5H8V0h2Z\" \/>\n\t\t\t<\/svg>\n\t\t<\/button><\/figure>\n<\/div>\n\n\n\n<div class=\"wp-block-column is-layout-flow wp-block-column-is-layout-flow\" style=\"flex-basis:100%\"><h2 class=\"wp-block-heading has-large-font-size\" style=\"font-style:normal;font-weight:400;text-transform:uppercase\" id=\"stacaravan-irm-irm-clair-de-lune-3ch\">Stacaravan IRM IRM Clair de Lune 3ch<\/h2>\n\n\n<div class=\"wp-block-columns is-layout-flex wp-container-core-columns-is-layout-5 wp-block-columns-is-layout-flex\">\n<div class=\"wp-block-column is-layout-flow wp-block-column-is-layout-flow\">\n<div class=\"wp-block-group has-small-font-size has-global-padding is-layout-constrained wp-container-core-group-is-layout-11 wp-block-group-is-layout-constrained\">\n<p><strong>Referentie : IRM Clair de Lune<\/strong><\/p>\n\n\n\n<p><strong>Jaar: 2022<\/strong><\/p>\n\n\n\n<p><strong>Zitplaatsen : 6<\/strong><\/p>\n\n\n\n<p><strong>Afmetingen :<\/strong> <strong>10,60x4m <\/strong> <\/p>\n<\/div>\n<\/div>\n\n\n\n<div class=\"wp-block-column is-layout-flow wp-block-column-is-layout-flow\">\n<div class=\"wp-block-group has-small-font-size has-global-padding is-layout-constrained wp-container-core-group-is-layout-12 wp-block-group-is-layout-constrained\">\n<p>Stacaravan met 3 slaapkamers<\/p>\n\n\n\n<p><br\/>Beschikbaarheid: Onmiddellijk Algemene staat: Als nieuw<\/p>\n<\/div>\n<\/div>\n\n\n\n<div class=\"wp-block-column is-layout-flow wp-block-column-is-layout-flow\">\n<p class=\"has-text-align-center has-accent-color has-text-color has-link-color has-sogo-font-family has-large-font-size wp-elements-ab8f8dda24016c0b8a3347e9d2b268f1\" style=\"font-style:normal;font-weight:400\">60.000 INCL. BTW<\/p>\n\n\n\n<div class=\"wp-block-buttons is-content-justification-center is-layout-flex wp-container-core-buttons-is-layout-3 wp-block-buttons-is-layout-flex\">\n<div class=\"wp-block-button has-custom-width wp-block-button__width-100 has-custom-font-size is-style-gt-contour-large has-medium-font-size\"><a class=\"wp-block-button__link has-accent-color has-text-color has-link-color wp-element-button\" href=\"https:\/\/camping-del-mar.com\/annonce\/mobil-home-irm-clair-de-lune-3ch-2022\/\" target=\"_blank\" rel=\"noreferrer noopener\">Meer info<\/a><\/div>\n<\/div>\n<\/div>\n<\/div>\n<\/div>\n<\/div>\n<\/div>\n\n\n\n<div class=\"wp-block-group alignfull gt-reveal has-accent-2-background-color has-background is-layout-flow wp-block-group-is-layout-flow\" style=\"padding-top:var(--wp--preset--spacing--40);padding-right:var(--wp--preset--spacing--40);padding-bottom:var(--wp--preset--spacing--40);padding-left:var(--wp--preset--spacing--40)\">\n<div class=\"wp-block-columns is-layout-flex wp-container-core-columns-is-layout-8 wp-block-columns-is-layout-flex\">\n<div class=\"wp-block-column is-layout-flow wp-block-column-is-layout-flow\" style=\"flex-basis:15rem\">\n<figure data-wp-context=\"{&quot;imageId&quot;:&quot;69f0b81be1ee8&quot;}\" data-wp-interactive=\"core\/image\" class=\"wp-block-image size-full has-custom-border is-style-default wp-lightbox-container\"><img data-dominant-color=\"757d7b\" data-has-transparency=\"false\" decoding=\"async\" width=\"2100\" height=\"1575\" data-wp-class--hide=\"state.isContentHidden\" data-wp-class--show=\"state.isContentVisible\" data-wp-init=\"callbacks.setButtonStyles\" data-wp-on-async--click=\"actions.showLightbox\" data-wp-on-async--load=\"callbacks.setButtonStyles\" data-wp-on-async-window--resize=\"callbacks.setButtonStyles\" src=\"https:\/\/camping-del-mar.com\/wp-content\/uploads\/sites\/2\/2024\/12\/image00001-1-scaled.jpeg\" alt=\"Foto van het perceel van de stacaravan IRM Petit Paradis\" class=\"wp-image-6355 not-transparent\" style=\"--dominant-color: #757d7b; border-radius:100%;aspect-ratio:1;object-fit:cover\" srcset=\"https:\/\/camping-del-mar.com\/wp-content\/uploads\/sites\/2\/2024\/12\/image00001-1-scaled.jpeg 2100w, https:\/\/camping-del-mar.com\/wp-content\/uploads\/sites\/2\/2024\/12\/image00001-1-300x225.jpeg 300w, https:\/\/camping-del-mar.com\/wp-content\/uploads\/sites\/2\/2024\/12\/image00001-1-1024x768.jpeg 1024w, https:\/\/camping-del-mar.com\/wp-content\/uploads\/sites\/2\/2024\/12\/image00001-1-768x576.jpeg 768w, https:\/\/camping-del-mar.com\/wp-content\/uploads\/sites\/2\/2024\/12\/image00001-1-1536x1152.jpeg 1536w, https:\/\/camping-del-mar.com\/wp-content\/uploads\/sites\/2\/2024\/12\/image00001-1-2048x1536.jpeg 2048w\" sizes=\"(max-width: 2100px) 100vw, 2100px\" \/><button\n\t\t\tclass=\"lightbox-trigger\"\n\t\t\ttype=\"button\"\n\t\t\taria-haspopup=\"dialog\"\n\t\t\taria-label=\"Vergroot afbeelding: Foto van het perceel van de stacaravan IRM Petit Paradis\"\n\t\t\tdata-wp-init=\"callbacks.initTriggerButton\"\n\t\t\tdata-wp-on-async--click=\"actions.showLightbox\"\n\t\t\tdata-wp-style--right=\"state.imageButtonRight\"\n\t\t\tdata-wp-style--top=\"state.imageButtonTop\"\n\t\t>\n\t\t\t<svg xmlns=\"http:\/\/www.w3.org\/2000\/svg\" width=\"12\" height=\"12\" fill=\"none\" viewBox=\"0 0 12 12\">\n\t\t\t\t<path fill=\"#fff\" d=\"M2 0a2 2 0 0 0-2 2v2h1.5V2a.5.5 0 0 1 .5-.5h2V0H2Zm2 10.5H2a.5.5 0 0 1-.5-.5V8H0v2a2 2 0 0 0 2 2h2v-1.5ZM8 12v-1.5h2a.5.5 0 0 0 .5-.5V8H12v2a2 2 0 0 1-2 2H8Zm2-12a2 2 0 0 1 2 2v2h-1.5V2a.5.5 0 0 0-.5-.5H8V0h2Z\" \/>\n\t\t\t<\/svg>\n\t\t<\/button><\/figure>\n<\/div>\n\n\n\n<div class=\"wp-block-column is-layout-flow wp-block-column-is-layout-flow\" style=\"flex-basis:100%\"><h2 class=\"wp-block-heading has-large-font-size\" style=\"font-style:normal;font-weight:400;text-transform:uppercase\" id=\"stacaravan-irm-petit-paradis-3ch\">Stacaravan IRM PETIT PARADIS 3ch<\/h2>\n\n\n<div class=\"wp-block-columns is-layout-flex wp-container-core-columns-is-layout-7 wp-block-columns-is-layout-flex\">\n<div class=\"wp-block-column is-layout-flow wp-block-column-is-layout-flow\">\n<div class=\"wp-block-group has-small-font-size has-global-padding is-layout-constrained wp-container-core-group-is-layout-14 wp-block-group-is-layout-constrained\">\n<p><strong>Referentie : IRM Petit Paradis<\/strong><\/p>\n\n\n\n<p><strong>Jaar: 2022<\/strong><\/p>\n\n\n\n<p><strong>Zitplaatsen : 6<\/strong><\/p>\n\n\n\n<p><strong>Afmetingen :<\/strong> <strong>10,60x4m <\/strong> <\/p>\n<\/div>\n<\/div>\n\n\n\n<div class=\"wp-block-column is-layout-flow wp-block-column-is-layout-flow\">\n<div class=\"wp-block-group has-small-font-size has-global-padding is-layout-constrained wp-container-core-group-is-layout-15 wp-block-group-is-layout-constrained\">\n<p>Stacaravan met 3 slaapkamers<\/p>\n\n\n\n<p><br\/>Beschikbaarheid: Onmiddellijk Algemene staat: Als nieuw<\/p>\n<\/div>\n<\/div>\n\n\n\n<div class=\"wp-block-column is-layout-flow wp-block-column-is-layout-flow\">\n<p class=\"has-text-align-center has-accent-color has-text-color has-link-color has-sogo-font-family has-large-font-size wp-elements-ab8f8dda24016c0b8a3347e9d2b268f1\" style=\"font-style:normal;font-weight:400\">60.000 INCL. BTW<\/p>\n\n\n\n<div class=\"wp-block-buttons is-content-justification-center is-layout-flex wp-container-core-buttons-is-layout-4 wp-block-buttons-is-layout-flex\">\n<div class=\"wp-block-button has-custom-width wp-block-button__width-100 has-custom-font-size is-style-gt-contour-large has-medium-font-size\"><a class=\"wp-block-button__link has-accent-color has-text-color has-link-color wp-element-button\" href=\"https:\/\/camping-del-mar.com\/annonce\/mobil-home-irm-petit-paradis-3ch-2022\/\" target=\"_blank\" rel=\"noreferrer noopener\">Meer info<\/a><\/div>\n<\/div>\n<\/div>\n<\/div>\n<\/div>\n<\/div>\n<\/div>\n\n\n\n<div class=\"wp-block-group alignfull gt-reveal has-accent-2-background-color has-background is-layout-flow wp-block-group-is-layout-flow\" style=\"padding-top:var(--wp--preset--spacing--40);padding-right:var(--wp--preset--spacing--40);padding-bottom:var(--wp--preset--spacing--40);padding-left:var(--wp--preset--spacing--40)\">\n<div class=\"wp-block-columns is-layout-flex wp-container-core-columns-is-layout-10 wp-block-columns-is-layout-flex\">\n<div class=\"wp-block-column is-layout-flow wp-block-column-is-layout-flow\" style=\"flex-basis:15rem\">\n<figure data-wp-context=\"{&quot;imageId&quot;:&quot;69f0b81be3b4d&quot;}\" data-wp-interactive=\"core\/image\" class=\"wp-block-image size-full has-custom-border is-style-default wp-lightbox-container\"><img data-dominant-color=\"818175\" data-has-transparency=\"false\" decoding=\"async\" width=\"2100\" height=\"1575\" data-wp-class--hide=\"state.isContentHidden\" data-wp-class--show=\"state.isContentVisible\" data-wp-init=\"callbacks.setButtonStyles\" data-wp-on-async--click=\"actions.showLightbox\" data-wp-on-async--load=\"callbacks.setButtonStyles\" data-wp-on-async-window--resize=\"callbacks.setButtonStyles\" src=\"https:\/\/camping-del-mar.com\/wp-content\/uploads\/sites\/2\/2025\/01\/image00003-3-scaled.jpeg\" alt=\"Buitenfoto\" class=\"wp-image-7613 not-transparent\" style=\"--dominant-color: #818175; border-radius:100%;aspect-ratio:1;object-fit:cover\" srcset=\"https:\/\/camping-del-mar.com\/wp-content\/uploads\/sites\/2\/2025\/01\/image00003-3-scaled.jpeg 2100w, https:\/\/camping-del-mar.com\/wp-content\/uploads\/sites\/2\/2025\/01\/image00003-3-300x225.jpeg 300w, https:\/\/camping-del-mar.com\/wp-content\/uploads\/sites\/2\/2025\/01\/image00003-3-1024x768.jpeg 1024w, https:\/\/camping-del-mar.com\/wp-content\/uploads\/sites\/2\/2025\/01\/image00003-3-768x576.jpeg 768w, https:\/\/camping-del-mar.com\/wp-content\/uploads\/sites\/2\/2025\/01\/image00003-3-1536x1152.jpeg 1536w, https:\/\/camping-del-mar.com\/wp-content\/uploads\/sites\/2\/2025\/01\/image00003-3-2048x1536.jpeg 2048w\" sizes=\"(max-width: 2100px) 100vw, 2100px\" \/><button\n\t\t\tclass=\"lightbox-trigger\"\n\t\t\ttype=\"button\"\n\t\t\taria-haspopup=\"dialog\"\n\t\t\taria-label=\"Vergroot afbeelding: Buitenfoto\"\n\t\t\tdata-wp-init=\"callbacks.initTriggerButton\"\n\t\t\tdata-wp-on-async--click=\"actions.showLightbox\"\n\t\t\tdata-wp-style--right=\"state.imageButtonRight\"\n\t\t\tdata-wp-style--top=\"state.imageButtonTop\"\n\t\t>\n\t\t\t<svg xmlns=\"http:\/\/www.w3.org\/2000\/svg\" width=\"12\" height=\"12\" fill=\"none\" viewBox=\"0 0 12 12\">\n\t\t\t\t<path fill=\"#fff\" d=\"M2 0a2 2 0 0 0-2 2v2h1.5V2a.5.5 0 0 1 .5-.5h2V0H2Zm2 10.5H2a.5.5 0 0 1-.5-.5V8H0v2a2 2 0 0 0 2 2h2v-1.5ZM8 12v-1.5h2a.5.5 0 0 0 .5-.5V8H12v2a2 2 0 0 1-2 2H8Zm2-12a2 2 0 0 1 2 2v2h-1.5V2a.5.5 0 0 0-.5-.5H8V0h2Z\" \/>\n\t\t\t<\/svg>\n\t\t<\/button><\/figure>\n<\/div>\n\n\n\n<div class=\"wp-block-column is-layout-flow wp-block-column-is-layout-flow\" style=\"flex-basis:100%\"><h2 class=\"wp-block-heading has-large-font-size\" style=\"font-style:normal;font-weight:400;text-transform:uppercase\" id=\"stacaravan-ohara-884-3-slaapkamers-2024\">Stacaravan O&#8217;hara 884 3 slaapkamers &#8211; 2024<\/h2>\n\n\n<div class=\"wp-block-columns is-layout-flex wp-container-core-columns-is-layout-9 wp-block-columns-is-layout-flex\">\n<div class=\"wp-block-column is-layout-flow wp-block-column-is-layout-flow\">\n<div class=\"wp-block-group has-small-font-size has-global-padding is-layout-constrained wp-container-core-group-is-layout-17 wp-block-group-is-layout-constrained\">\n<p><strong>Referentie : 884 3 kamers<\/strong> <\/p>\n\n\n\n<p><strong>Jaar: 2024<\/strong><\/p>\n\n\n\n<p><strong>Zitplaatsen : 6<\/strong><\/p>\n\n\n\n<p><strong>Afmetingen :<\/strong> <strong>8,90x4m <\/strong> <\/p>\n<\/div>\n<\/div>\n\n\n\n<div class=\"wp-block-column is-layout-flow wp-block-column-is-layout-flow\">\n<div class=\"wp-block-group has-small-font-size has-global-padding is-layout-constrained wp-container-core-group-is-layout-18 wp-block-group-is-layout-constrained\">\n<p>Stacaravan met 3 slaapkamers<\/p>\n\n\n\n<p><br\/>Beschikbaarheid: Onmiddellijk Algemene staat: Als nieuw<\/p>\n<\/div>\n<\/div>\n\n\n\n<div class=\"wp-block-column is-layout-flow wp-block-column-is-layout-flow\">\n<p class=\"has-text-align-center has-accent-color has-text-color has-link-color has-sogo-font-family has-large-font-size wp-elements-4a9cdbe02795d9f130180a24e101ba0a\" style=\"font-style:normal;font-weight:400\">55.000 INCL. BTW<\/p>\n\n\n\n<div class=\"wp-block-buttons is-content-justification-center is-layout-flex wp-container-core-buttons-is-layout-5 wp-block-buttons-is-layout-flex\">\n<div class=\"wp-block-button has-custom-width wp-block-button__width-100 has-custom-font-size is-style-gt-contour-large has-medium-font-size\"><a class=\"wp-block-button__link has-accent-color has-text-color has-link-color wp-element-button\" href=\"https:\/\/camping-del-mar.com\/nl\/annonce\/stacaravan-ohara-884-3-slaapkamers-2024\/\" target=\"_blank\" rel=\"noreferrer noopener\">Meer info<\/a><\/div>\n<\/div>\n<\/div>\n<\/div>\n<\/div>\n<\/div>\n<\/div>\n\n\n\n<div class=\"wp-block-group alignfull gt-reveal has-accent-2-background-color has-background is-layout-flow wp-block-group-is-layout-flow\" style=\"padding-top:var(--wp--preset--spacing--40);padding-right:var(--wp--preset--spacing--40);padding-bottom:var(--wp--preset--spacing--40);padding-left:var(--wp--preset--spacing--40)\">\n<div class=\"wp-block-columns is-layout-flex wp-container-core-columns-is-layout-12 wp-block-columns-is-layout-flex\">\n<div class=\"wp-block-column is-layout-flow wp-block-column-is-layout-flow\" style=\"flex-basis:15rem\">\n<figure data-wp-context=\"{&quot;imageId&quot;:&quot;69f0b81be555c&quot;}\" data-wp-interactive=\"core\/image\" class=\"wp-block-image size-full has-custom-border is-style-default wp-lightbox-container\"><img data-dominant-color=\"7a7766\" data-has-transparency=\"false\" decoding=\"async\" width=\"2100\" height=\"1575\" data-wp-class--hide=\"state.isContentHidden\" data-wp-class--show=\"state.isContentVisible\" data-wp-init=\"callbacks.setButtonStyles\" data-wp-on-async--click=\"actions.showLightbox\" data-wp-on-async--load=\"callbacks.setButtonStyles\" data-wp-on-async-window--resize=\"callbacks.setButtonStyles\" src=\"https:\/\/camping-del-mar.com\/wp-content\/uploads\/sites\/2\/2025\/01\/image00002-4-scaled.jpeg\" alt=\"Foto van het perceel\" class=\"wp-image-7531 not-transparent\" style=\"--dominant-color: #7a7766; border-radius:100%;aspect-ratio:1;object-fit:cover\" srcset=\"https:\/\/camping-del-mar.com\/wp-content\/uploads\/sites\/2\/2025\/01\/image00002-4-scaled.jpeg 2100w, https:\/\/camping-del-mar.com\/wp-content\/uploads\/sites\/2\/2025\/01\/image00002-4-300x225.jpeg 300w, https:\/\/camping-del-mar.com\/wp-content\/uploads\/sites\/2\/2025\/01\/image00002-4-1024x768.jpeg 1024w, https:\/\/camping-del-mar.com\/wp-content\/uploads\/sites\/2\/2025\/01\/image00002-4-768x576.jpeg 768w, https:\/\/camping-del-mar.com\/wp-content\/uploads\/sites\/2\/2025\/01\/image00002-4-1536x1152.jpeg 1536w, https:\/\/camping-del-mar.com\/wp-content\/uploads\/sites\/2\/2025\/01\/image00002-4-2048x1536.jpeg 2048w\" sizes=\"(max-width: 2100px) 100vw, 2100px\" \/><button\n\t\t\tclass=\"lightbox-trigger\"\n\t\t\ttype=\"button\"\n\t\t\taria-haspopup=\"dialog\"\n\t\t\taria-label=\"Vergroot afbeelding: Foto van het perceel\"\n\t\t\tdata-wp-init=\"callbacks.initTriggerButton\"\n\t\t\tdata-wp-on-async--click=\"actions.showLightbox\"\n\t\t\tdata-wp-style--right=\"state.imageButtonRight\"\n\t\t\tdata-wp-style--top=\"state.imageButtonTop\"\n\t\t>\n\t\t\t<svg xmlns=\"http:\/\/www.w3.org\/2000\/svg\" width=\"12\" height=\"12\" fill=\"none\" viewBox=\"0 0 12 12\">\n\t\t\t\t<path fill=\"#fff\" d=\"M2 0a2 2 0 0 0-2 2v2h1.5V2a.5.5 0 0 1 .5-.5h2V0H2Zm2 10.5H2a.5.5 0 0 1-.5-.5V8H0v2a2 2 0 0 0 2 2h2v-1.5ZM8 12v-1.5h2a.5.5 0 0 0 .5-.5V8H12v2a2 2 0 0 1-2 2H8Zm2-12a2 2 0 0 1 2 2v2h-1.5V2a.5.5 0 0 0-.5-.5H8V0h2Z\" \/>\n\t\t\t<\/svg>\n\t\t<\/button><\/figure>\n<\/div>\n\n\n\n<div class=\"wp-block-column is-layout-flow wp-block-column-is-layout-flow\" style=\"flex-basis:100%\"><h2 class=\"wp-block-heading has-large-font-size\" style=\"font-style:normal;font-weight:400;text-transform:uppercase\" id=\"stacaravan-ohara-844-2-slaapkamers-2024\">Stacaravan O&#8217;hara 844 2 slaapkamers &#8211; 2024<\/h2>\n\n\n<div class=\"wp-block-columns is-layout-flex wp-container-core-columns-is-layout-11 wp-block-columns-is-layout-flex\">\n<div class=\"wp-block-column is-layout-flow wp-block-column-is-layout-flow\">\n<div class=\"wp-block-group has-small-font-size has-global-padding is-layout-constrained wp-container-core-group-is-layout-20 wp-block-group-is-layout-constrained\">\n<p><strong>Referentie : O&#8217;hara 844 2 kamers<\/strong><\/p>\n\n\n\n<p><strong>Jaar: 2024<\/strong><\/p>\n\n\n\n<p><strong>Zitplaatsen : 4<\/strong><\/p>\n\n\n\n<p><strong>Afmetingen :<\/strong> <strong>08,60x4m <\/strong> <\/p>\n<\/div>\n<\/div>\n\n\n\n<div class=\"wp-block-column is-layout-flow wp-block-column-is-layout-flow\">\n<div class=\"wp-block-group has-small-font-size has-global-padding is-layout-constrained wp-container-core-group-is-layout-21 wp-block-group-is-layout-constrained\">\n<p>Stacaravan met 2 slaapkamers<\/p>\n\n\n\n<p><br\/>Beschikbaarheid: Onmiddellijk Algemene staat: Nieuw<\/p>\n<\/div>\n<\/div>\n\n\n\n<div class=\"wp-block-column is-layout-flow wp-block-column-is-layout-flow\">\n<p class=\"has-text-align-center has-accent-color has-text-color has-link-color has-sogo-font-family has-large-font-size wp-elements-8d7ba9d37db872811619ca51ea3ffe36\" style=\"font-style:normal;font-weight:400\">54.000 INCL. BTW<\/p>\n\n\n\n<div class=\"wp-block-buttons is-content-justification-center is-layout-flex wp-container-core-buttons-is-layout-6 wp-block-buttons-is-layout-flex\">\n<div class=\"wp-block-button has-custom-width wp-block-button__width-100 has-custom-font-size is-style-gt-contour-large has-medium-font-size\"><a class=\"wp-block-button__link has-accent-color has-text-color has-link-color wp-element-button\" href=\"https:\/\/camping-del-mar.com\/nl\/annonce\/stacaravan-ohara-844-2-slaapkamers-2024\/\" target=\"_blank\" rel=\"noreferrer noopener\">Meer info<\/a><\/div>\n<\/div>\n<\/div>\n<\/div>\n<\/div>\n<\/div>\n<\/div>\n\n\n\n<div class=\"wp-block-group alignfull gt-reveal has-accent-2-background-color has-background is-layout-flow wp-block-group-is-layout-flow\" style=\"padding-top:var(--wp--preset--spacing--40);padding-right:var(--wp--preset--spacing--40);padding-bottom:var(--wp--preset--spacing--40);padding-left:var(--wp--preset--spacing--40)\">\n<div class=\"wp-block-columns is-layout-flex wp-container-core-columns-is-layout-14 wp-block-columns-is-layout-flex\">\n<div class=\"wp-block-column is-layout-flow wp-block-column-is-layout-flow\" style=\"flex-basis:15rem\">\n<figure data-wp-context=\"{&quot;imageId&quot;:&quot;69f0b81be6efb&quot;}\" data-wp-interactive=\"core\/image\" class=\"wp-block-image size-full has-custom-border is-style-default wp-lightbox-container\"><img data-dominant-color=\"78776d\" data-has-transparency=\"false\" decoding=\"async\" width=\"2100\" height=\"1575\" data-wp-class--hide=\"state.isContentHidden\" data-wp-class--show=\"state.isContentVisible\" data-wp-init=\"callbacks.setButtonStyles\" data-wp-on-async--click=\"actions.showLightbox\" data-wp-on-async--load=\"callbacks.setButtonStyles\" data-wp-on-async-window--resize=\"callbacks.setButtonStyles\" src=\"https:\/\/camping-del-mar.com\/wp-content\/uploads\/sites\/2\/2024\/12\/image00001-2-scaled.jpeg\" alt=\"Foto van de buitenkavel van de zomerdroom\" class=\"wp-image-6360 not-transparent\" style=\"--dominant-color: #78776d; border-radius:100%;aspect-ratio:1;object-fit:cover\" srcset=\"https:\/\/camping-del-mar.com\/wp-content\/uploads\/sites\/2\/2024\/12\/image00001-2-scaled.jpeg 2100w, https:\/\/camping-del-mar.com\/wp-content\/uploads\/sites\/2\/2024\/12\/image00001-2-300x225.jpeg 300w, https:\/\/camping-del-mar.com\/wp-content\/uploads\/sites\/2\/2024\/12\/image00001-2-1024x768.jpeg 1024w, https:\/\/camping-del-mar.com\/wp-content\/uploads\/sites\/2\/2024\/12\/image00001-2-768x576.jpeg 768w, https:\/\/camping-del-mar.com\/wp-content\/uploads\/sites\/2\/2024\/12\/image00001-2-1536x1152.jpeg 1536w, https:\/\/camping-del-mar.com\/wp-content\/uploads\/sites\/2\/2024\/12\/image00001-2-2048x1536.jpeg 2048w\" sizes=\"(max-width: 2100px) 100vw, 2100px\" \/><button\n\t\t\tclass=\"lightbox-trigger\"\n\t\t\ttype=\"button\"\n\t\t\taria-haspopup=\"dialog\"\n\t\t\taria-label=\"Vergroot afbeelding: Foto van de buitenkavel van de zomerdroom\"\n\t\t\tdata-wp-init=\"callbacks.initTriggerButton\"\n\t\t\tdata-wp-on-async--click=\"actions.showLightbox\"\n\t\t\tdata-wp-style--right=\"state.imageButtonRight\"\n\t\t\tdata-wp-style--top=\"state.imageButtonTop\"\n\t\t>\n\t\t\t<svg xmlns=\"http:\/\/www.w3.org\/2000\/svg\" width=\"12\" height=\"12\" fill=\"none\" viewBox=\"0 0 12 12\">\n\t\t\t\t<path fill=\"#fff\" d=\"M2 0a2 2 0 0 0-2 2v2h1.5V2a.5.5 0 0 1 .5-.5h2V0H2Zm2 10.5H2a.5.5 0 0 1-.5-.5V8H0v2a2 2 0 0 0 2 2h2v-1.5ZM8 12v-1.5h2a.5.5 0 0 0 .5-.5V8H12v2a2 2 0 0 1-2 2H8Zm2-12a2 2 0 0 1 2 2v2h-1.5V2a.5.5 0 0 0-.5-.5H8V0h2Z\" \/>\n\t\t\t<\/svg>\n\t\t<\/button><\/figure>\n<\/div>\n\n\n\n<div class=\"wp-block-column is-layout-flow wp-block-column-is-layout-flow\" style=\"flex-basis:100%\"><h2 class=\"wp-block-heading has-large-font-size\" style=\"font-style:normal;font-weight:400;text-transform:uppercase\" id=\"mobil-home-irm-reve-dete-2ch\">Mobil Home IRM R\u00caVE D&#8217;ETE 2CH<\/h2>\n\n\n<div class=\"wp-block-columns is-layout-flex wp-container-core-columns-is-layout-13 wp-block-columns-is-layout-flex\">\n<div class=\"wp-block-column is-layout-flow wp-block-column-is-layout-flow\">\n<div class=\"wp-block-group has-small-font-size has-global-padding is-layout-constrained wp-container-core-group-is-layout-23 wp-block-group-is-layout-constrained\">\n<p><strong>Referentie : IRM R\u00eave d&#8217;\u00e9t\u00e9<\/strong><\/p>\n\n\n\n<p><strong>Jaar: 2020<\/strong><\/p>\n\n\n\n<p><strong>Zitcapaciteit: 4\/6<\/strong><\/p>\n\n\n\n<p><strong>Afmetingen :<\/strong> <strong>10,60x4m <\/strong> <\/p>\n<\/div>\n<\/div>\n\n\n\n<div class=\"wp-block-column is-layout-flow wp-block-column-is-layout-flow\">\n<div class=\"wp-block-group has-small-font-size has-global-padding is-layout-constrained wp-container-core-group-is-layout-24 wp-block-group-is-layout-constrained\">\n<p>Stacaravan met 2 slaapkamers<\/p>\n\n\n\n<p><br\/>Beschikbaarheid: Onmiddellijk Algemene staat: Zeer goed<\/p>\n<\/div>\n<\/div>\n\n\n\n<div class=\"wp-block-column is-layout-flow wp-block-column-is-layout-flow\">\n<p class=\"has-text-align-center has-accent-color has-text-color has-link-color has-sogo-font-family has-large-font-size wp-elements-8d7ba9d37db872811619ca51ea3ffe36\" style=\"font-style:normal;font-weight:400\">54.000 INCL. BTW<\/p>\n\n\n\n<div class=\"wp-block-buttons is-content-justification-center is-layout-flex wp-container-core-buttons-is-layout-7 wp-block-buttons-is-layout-flex\">\n<div class=\"wp-block-button has-custom-width wp-block-button__width-100 has-custom-font-size is-style-gt-contour-large has-medium-font-size\"><a class=\"wp-block-button__link has-accent-color has-text-color has-link-color wp-element-button\" href=\"https:\/\/camping-del-mar.com\/annonce\/mobil-home-irm-reve-dete-2ch-2020\/\" target=\"_blank\" rel=\"noreferrer noopener\">Meer info<\/a><\/div>\n<\/div>\n<\/div>\n<\/div>\n<\/div>\n<\/div>\n<\/div>\n\n\n\n<div class=\"wp-block-group alignfull gt-reveal has-accent-2-background-color has-background is-layout-flow wp-block-group-is-layout-flow\" style=\"padding-top:var(--wp--preset--spacing--40);padding-right:var(--wp--preset--spacing--40);padding-bottom:var(--wp--preset--spacing--40);padding-left:var(--wp--preset--spacing--40)\">\n<div class=\"wp-block-columns is-layout-flex wp-container-core-columns-is-layout-16 wp-block-columns-is-layout-flex\">\n<div class=\"wp-block-column is-layout-flow wp-block-column-is-layout-flow\" style=\"flex-basis:15rem\">\n<figure data-wp-context=\"{&quot;imageId&quot;:&quot;69f0b81be8ac7&quot;}\" data-wp-interactive=\"core\/image\" class=\"wp-block-image size-full has-custom-border is-style-default wp-lightbox-container\"><img data-dominant-color=\"70756b\" data-has-transparency=\"false\" decoding=\"async\" width=\"865\" height=\"865\" data-wp-class--hide=\"state.isContentHidden\" data-wp-class--show=\"state.isContentVisible\" data-wp-init=\"callbacks.setButtonStyles\" data-wp-on-async--click=\"actions.showLightbox\" data-wp-on-async--load=\"callbacks.setButtonStyles\" data-wp-on-async-window--resize=\"callbacks.setButtonStyles\" src=\"https:\/\/camping-del-mar.com\/wp-content\/uploads\/sites\/2\/2024\/10\/devenir-proprietaire-argeles-sur-mer-mobil-home-irm-magnolia-3-chambres.webp\" alt=\"eigenaar worden argeles sur mer stacaravan irm magnolia 3 slaapkamers\" class=\"wp-image-3831 not-transparent\" style=\"--dominant-color: #70756b; border-radius:100%;aspect-ratio:1;object-fit:cover\" srcset=\"https:\/\/camping-del-mar.com\/wp-content\/uploads\/sites\/2\/2024\/10\/devenir-proprietaire-argeles-sur-mer-mobil-home-irm-magnolia-3-chambres.webp 865w, https:\/\/camping-del-mar.com\/wp-content\/uploads\/sites\/2\/2024\/10\/devenir-proprietaire-argeles-sur-mer-mobil-home-irm-magnolia-3-chambres-300x300.webp 300w, https:\/\/camping-del-mar.com\/wp-content\/uploads\/sites\/2\/2024\/10\/devenir-proprietaire-argeles-sur-mer-mobil-home-irm-magnolia-3-chambres-150x150.webp 150w, https:\/\/camping-del-mar.com\/wp-content\/uploads\/sites\/2\/2024\/10\/devenir-proprietaire-argeles-sur-mer-mobil-home-irm-magnolia-3-chambres-768x768.webp 768w, https:\/\/camping-del-mar.com\/wp-content\/uploads\/sites\/2\/2024\/10\/devenir-proprietaire-argeles-sur-mer-mobil-home-irm-magnolia-3-chambres-400x400.webp 400w, https:\/\/camping-del-mar.com\/wp-content\/uploads\/sites\/2\/2024\/10\/devenir-proprietaire-argeles-sur-mer-mobil-home-irm-magnolia-3-chambres-600x600.webp 600w\" sizes=\"(max-width: 865px) 100vw, 865px\" \/><button\n\t\t\tclass=\"lightbox-trigger\"\n\t\t\ttype=\"button\"\n\t\t\taria-haspopup=\"dialog\"\n\t\t\taria-label=\"Vergroot afbeelding: eigenaar worden argeles sur mer stacaravan irm magnolia 3 slaapkamers\"\n\t\t\tdata-wp-init=\"callbacks.initTriggerButton\"\n\t\t\tdata-wp-on-async--click=\"actions.showLightbox\"\n\t\t\tdata-wp-style--right=\"state.imageButtonRight\"\n\t\t\tdata-wp-style--top=\"state.imageButtonTop\"\n\t\t>\n\t\t\t<svg xmlns=\"http:\/\/www.w3.org\/2000\/svg\" width=\"12\" height=\"12\" fill=\"none\" viewBox=\"0 0 12 12\">\n\t\t\t\t<path fill=\"#fff\" d=\"M2 0a2 2 0 0 0-2 2v2h1.5V2a.5.5 0 0 1 .5-.5h2V0H2Zm2 10.5H2a.5.5 0 0 1-.5-.5V8H0v2a2 2 0 0 0 2 2h2v-1.5ZM8 12v-1.5h2a.5.5 0 0 0 .5-.5V8H12v2a2 2 0 0 1-2 2H8Zm2-12a2 2 0 0 1 2 2v2h-1.5V2a.5.5 0 0 0-.5-.5H8V0h2Z\" \/>\n\t\t\t<\/svg>\n\t\t<\/button><\/figure>\n<\/div>\n\n\n\n<div class=\"wp-block-column is-layout-flow wp-block-column-is-layout-flow\" style=\"flex-basis:100%\"><h2 class=\"wp-block-heading has-large-font-size\" style=\"font-style:normal;font-weight:400;text-transform:uppercase\" id=\"stacaravan-irm-magnolia-3-slaapkamers\">Stacaravan IRM Magnolia 3 slaapkamers<\/h2>\n\n\n<div class=\"wp-block-columns is-layout-flex wp-container-core-columns-is-layout-15 wp-block-columns-is-layout-flex\">\n<div class=\"wp-block-column is-layout-flow wp-block-column-is-layout-flow\">\n<div class=\"wp-block-group has-small-font-size has-global-padding is-layout-constrained wp-container-core-group-is-layout-26 wp-block-group-is-layout-constrained\">\n<p><strong>Referentie : <strong>Irm Magnolia 3ch<\/strong><\/strong><\/p>\n\n\n\n<p><strong>Jaar: 2023<\/strong><\/p>\n\n\n\n<p><strong>Zitplaatsen : 6<\/strong><\/p>\n\n\n\n<p><strong>Afmetingen :<\/strong> <strong>8,90x4m <\/strong> <\/p>\n<\/div>\n<\/div>\n\n\n\n<div class=\"wp-block-column is-layout-flow wp-block-column-is-layout-flow\">\n<div class=\"wp-block-group has-small-font-size has-global-padding is-layout-constrained wp-container-core-group-is-layout-27 wp-block-group-is-layout-constrained\">\n<p>Stacaravan met 3 slaapkamers<\/p>\n\n\n\n<p><br\/>Beschikbaarheid: Onmiddellijk Algemene staat: Als nieuw<\/p>\n<\/div>\n<\/div>\n\n\n\n<div class=\"wp-block-column is-layout-flow wp-block-column-is-layout-flow\">\n<p class=\"has-text-align-center has-accent-color has-text-color has-link-color has-sogo-font-family has-large-font-size wp-elements-96c2a2989c117f1692d1fb3839d99857\" style=\"font-style:normal;font-weight:400\">52.500 INCL. BTW<\/p>\n\n\n\n<div class=\"wp-block-buttons is-content-justification-center is-layout-flex wp-container-core-buttons-is-layout-8 wp-block-buttons-is-layout-flex\">\n<div class=\"wp-block-button has-custom-width wp-block-button__width-100 has-custom-font-size is-style-gt-contour-large has-medium-font-size\"><a class=\"wp-block-button__link has-accent-color has-text-color has-link-color wp-element-button\" href=\"https:\/\/camping-del-mar.com\/annonce\/mobil-home-irm-residentiel-magnolia-annee-2023\/\" target=\"_blank\" rel=\"noreferrer noopener\">Meer info<\/a><\/div>\n<\/div>\n<\/div>\n<\/div>\n<\/div>\n<\/div>\n<\/div>\n\n\n\n<div class=\"wp-block-group alignfull gt-reveal has-accent-2-background-color has-background is-layout-flow wp-block-group-is-layout-flow\" style=\"padding-top:var(--wp--preset--spacing--40);padding-right:var(--wp--preset--spacing--40);padding-bottom:var(--wp--preset--spacing--40);padding-left:var(--wp--preset--spacing--40)\">\n<div class=\"wp-block-columns is-layout-flex wp-container-core-columns-is-layout-18 wp-block-columns-is-layout-flex\">\n<div class=\"wp-block-column is-layout-flow wp-block-column-is-layout-flow\" style=\"flex-basis:15rem\">\n<figure data-wp-context=\"{&quot;imageId&quot;:&quot;69f0b81bea44a&quot;}\" data-wp-interactive=\"core\/image\" class=\"wp-block-image size-full has-custom-border is-style-default wp-lightbox-container\"><img data-dominant-color=\"8d8576\" data-has-transparency=\"false\" decoding=\"async\" width=\"2100\" height=\"1400\" data-wp-class--hide=\"state.isContentHidden\" data-wp-class--show=\"state.isContentVisible\" data-wp-init=\"callbacks.setButtonStyles\" data-wp-on-async--click=\"actions.showLightbox\" data-wp-on-async--load=\"callbacks.setButtonStyles\" data-wp-on-async-window--resize=\"callbacks.setButtonStyles\" src=\"https:\/\/camping-del-mar.com\/wp-content\/uploads\/sites\/2\/2024\/12\/del_mar_collection_2024_seance_1-283-scaled.jpg\" alt=\"Foto van de woonkamer  \" class=\"wp-image-6379 not-transparent\" style=\"--dominant-color: #8d8576; border-radius:100%;aspect-ratio:1;object-fit:cover\" srcset=\"https:\/\/camping-del-mar.com\/wp-content\/uploads\/sites\/2\/2024\/12\/del_mar_collection_2024_seance_1-283-scaled.jpg 2100w, https:\/\/camping-del-mar.com\/wp-content\/uploads\/sites\/2\/2024\/12\/del_mar_collection_2024_seance_1-283-300x200.jpg 300w, https:\/\/camping-del-mar.com\/wp-content\/uploads\/sites\/2\/2024\/12\/del_mar_collection_2024_seance_1-283-1024x683.jpg 1024w, https:\/\/camping-del-mar.com\/wp-content\/uploads\/sites\/2\/2024\/12\/del_mar_collection_2024_seance_1-283-768x512.jpg 768w, https:\/\/camping-del-mar.com\/wp-content\/uploads\/sites\/2\/2024\/12\/del_mar_collection_2024_seance_1-283-1536x1024.jpg 1536w, https:\/\/camping-del-mar.com\/wp-content\/uploads\/sites\/2\/2024\/12\/del_mar_collection_2024_seance_1-283-2048x1365.jpg 2048w\" sizes=\"(max-width: 2100px) 100vw, 2100px\" \/><button\n\t\t\tclass=\"lightbox-trigger\"\n\t\t\ttype=\"button\"\n\t\t\taria-haspopup=\"dialog\"\n\t\t\taria-label=\"Vergroot afbeelding: Foto van de woonkamer  \"\n\t\t\tdata-wp-init=\"callbacks.initTriggerButton\"\n\t\t\tdata-wp-on-async--click=\"actions.showLightbox\"\n\t\t\tdata-wp-style--right=\"state.imageButtonRight\"\n\t\t\tdata-wp-style--top=\"state.imageButtonTop\"\n\t\t>\n\t\t\t<svg xmlns=\"http:\/\/www.w3.org\/2000\/svg\" width=\"12\" height=\"12\" fill=\"none\" viewBox=\"0 0 12 12\">\n\t\t\t\t<path fill=\"#fff\" d=\"M2 0a2 2 0 0 0-2 2v2h1.5V2a.5.5 0 0 1 .5-.5h2V0H2Zm2 10.5H2a.5.5 0 0 1-.5-.5V8H0v2a2 2 0 0 0 2 2h2v-1.5ZM8 12v-1.5h2a.5.5 0 0 0 .5-.5V8H12v2a2 2 0 0 1-2 2H8Zm2-12a2 2 0 0 1 2 2v2h-1.5V2a.5.5 0 0 0-.5-.5H8V0h2Z\" \/>\n\t\t\t<\/svg>\n\t\t<\/button><\/figure>\n<\/div>\n\n\n\n<div class=\"wp-block-column is-layout-flow wp-block-column-is-layout-flow\" style=\"flex-basis:100%\"><h2 class=\"wp-block-heading has-large-font-size\" style=\"font-style:normal;font-weight:400;text-transform:uppercase\" id=\"stacaravan-trigano-intuition-luxe-2-slaapkamers\">Stacaravan trigano intuition luxe 2 slaapkamers<\/h2>\n\n\n<div class=\"wp-block-columns is-layout-flex wp-container-core-columns-is-layout-17 wp-block-columns-is-layout-flex\">\n<div class=\"wp-block-column is-layout-flow wp-block-column-is-layout-flow\">\n<div class=\"wp-block-group has-small-font-size has-global-padding is-layout-constrained wp-container-core-group-is-layout-29 wp-block-group-is-layout-constrained\">\n<p><strong>Referentie : Trigano intu\u00eftie 2ch<\/strong><\/p>\n\n\n\n<p><strong>Jaar: 2019<\/strong><\/p>\n\n\n\n<p><strong>Zitcapaciteit: 4\/6<\/strong><\/p>\n\n\n\n<p><strong>Afmetingen :<\/strong> <strong>10,60x4m <\/strong> <\/p>\n<\/div>\n<\/div>\n\n\n\n<div class=\"wp-block-column is-layout-flow wp-block-column-is-layout-flow\">\n<div class=\"wp-block-group has-small-font-size has-global-padding is-layout-constrained wp-container-core-group-is-layout-30 wp-block-group-is-layout-constrained\">\n<p>Stacaravan met 2 slaapkamers<\/p>\n\n\n\n<p><br\/>Beschikbaarheid : Onmiddellijk Algemene staat : Goede staat<\/p>\n<\/div>\n<\/div>\n\n\n\n<div class=\"wp-block-column is-layout-flow wp-block-column-is-layout-flow\">\n<p class=\"has-text-align-center has-accent-color has-text-color has-link-color has-sogo-font-family has-large-font-size wp-elements-1b9e38c285a2c2fdc8ce7806cc35d940\" style=\"font-style:normal;font-weight:400\">52.000 INCL. BTW<\/p>\n\n\n\n<div class=\"wp-block-buttons is-content-justification-center is-layout-flex wp-container-core-buttons-is-layout-9 wp-block-buttons-is-layout-flex\">\n<div class=\"wp-block-button has-custom-width wp-block-button__width-100 has-custom-font-size is-style-gt-contour-large has-medium-font-size\"><a class=\"wp-block-button__link has-accent-color has-text-color has-link-color wp-element-button\" href=\"https:\/\/camping-del-mar.com\/annonce\/mobil-home-trigano-intuition-luxe-2-chambres\/\" target=\"_blank\" rel=\"noreferrer noopener\">Meer info<\/a><\/div>\n<\/div>\n<\/div>\n<\/div>\n<\/div>\n<\/div>\n<\/div>\n\n\n\n<div class=\"wp-block-group alignfull gt-reveal has-accent-2-background-color has-background is-layout-flow wp-block-group-is-layout-flow\" style=\"padding-top:var(--wp--preset--spacing--40);padding-right:var(--wp--preset--spacing--40);padding-bottom:var(--wp--preset--spacing--40);padding-left:var(--wp--preset--spacing--40)\">\n<div class=\"wp-block-columns is-layout-flex wp-container-core-columns-is-layout-20 wp-block-columns-is-layout-flex\">\n<div class=\"wp-block-column is-layout-flow wp-block-column-is-layout-flow\" style=\"flex-basis:15rem\">\n<figure data-wp-context=\"{&quot;imageId&quot;:&quot;69f0b81bebe7a&quot;}\" data-wp-interactive=\"core\/image\" class=\"wp-block-image size-full has-custom-border is-style-default wp-lightbox-container\"><img data-dominant-color=\"8d8b7c\" data-has-transparency=\"false\" decoding=\"async\" width=\"2100\" height=\"1575\" data-wp-class--hide=\"state.isContentHidden\" data-wp-class--show=\"state.isContentVisible\" data-wp-init=\"callbacks.setButtonStyles\" data-wp-on-async--click=\"actions.showLightbox\" data-wp-on-async--load=\"callbacks.setButtonStyles\" data-wp-on-async-window--resize=\"callbacks.setButtonStyles\" src=\"https:\/\/camping-del-mar.com\/wp-content\/uploads\/sites\/2\/2025\/01\/image00001-3-scaled.jpeg\" alt=\"Foto van het buitenperceel en de stacaravan\" class=\"wp-image-7523 not-transparent\" style=\"--dominant-color: #8d8b7c; border-radius:100%;aspect-ratio:1;object-fit:cover\" srcset=\"https:\/\/camping-del-mar.com\/wp-content\/uploads\/sites\/2\/2025\/01\/image00001-3-scaled.jpeg 2100w, https:\/\/camping-del-mar.com\/wp-content\/uploads\/sites\/2\/2025\/01\/image00001-3-300x225.jpeg 300w, https:\/\/camping-del-mar.com\/wp-content\/uploads\/sites\/2\/2025\/01\/image00001-3-1024x768.jpeg 1024w, https:\/\/camping-del-mar.com\/wp-content\/uploads\/sites\/2\/2025\/01\/image00001-3-768x576.jpeg 768w, https:\/\/camping-del-mar.com\/wp-content\/uploads\/sites\/2\/2025\/01\/image00001-3-1536x1152.jpeg 1536w, https:\/\/camping-del-mar.com\/wp-content\/uploads\/sites\/2\/2025\/01\/image00001-3-2048x1536.jpeg 2048w\" sizes=\"(max-width: 2100px) 100vw, 2100px\" \/><button\n\t\t\tclass=\"lightbox-trigger\"\n\t\t\ttype=\"button\"\n\t\t\taria-haspopup=\"dialog\"\n\t\t\taria-label=\"Vergroot afbeelding: Foto van het buitenperceel en de stacaravan\"\n\t\t\tdata-wp-init=\"callbacks.initTriggerButton\"\n\t\t\tdata-wp-on-async--click=\"actions.showLightbox\"\n\t\t\tdata-wp-style--right=\"state.imageButtonRight\"\n\t\t\tdata-wp-style--top=\"state.imageButtonTop\"\n\t\t>\n\t\t\t<svg xmlns=\"http:\/\/www.w3.org\/2000\/svg\" width=\"12\" height=\"12\" fill=\"none\" viewBox=\"0 0 12 12\">\n\t\t\t\t<path fill=\"#fff\" d=\"M2 0a2 2 0 0 0-2 2v2h1.5V2a.5.5 0 0 1 .5-.5h2V0H2Zm2 10.5H2a.5.5 0 0 1-.5-.5V8H0v2a2 2 0 0 0 2 2h2v-1.5ZM8 12v-1.5h2a.5.5 0 0 0 .5-.5V8H12v2a2 2 0 0 1-2 2H8Zm2-12a2 2 0 0 1 2 2v2h-1.5V2a.5.5 0 0 0-.5-.5H8V0h2Z\" \/>\n\t\t\t<\/svg>\n\t\t<\/button><\/figure>\n<\/div>\n\n\n\n<div class=\"wp-block-column is-layout-flow wp-block-column-is-layout-flow\" style=\"flex-basis:100%\"><h2 class=\"wp-block-heading has-large-font-size\" style=\"font-style:normal;font-weight:400;text-transform:uppercase\" id=\"stacaravan-irm-azalee-2-slaapkamers-2024\">Stacaravan IRM AZAL\u00e9e 2 slaapkamers 2024<\/h2>\n\n\n<div class=\"wp-block-columns is-layout-flex wp-container-core-columns-is-layout-19 wp-block-columns-is-layout-flex\">\n<div class=\"wp-block-column is-layout-flow wp-block-column-is-layout-flow\">\n<div class=\"wp-block-group has-small-font-size has-global-padding is-layout-constrained wp-container-core-group-is-layout-32 wp-block-group-is-layout-constrained\">\n<p><strong>Referentie : IRM Azal\u00e9e<\/strong><\/p>\n\n\n\n<p><strong>Jaar: 2024<\/strong><\/p>\n\n\n\n<p><strong>Zitcapaciteit: 4\/6<\/strong><\/p>\n\n\n\n<p><strong>Afmetingen :<\/strong> <strong>07,90x4m <\/strong> <\/p>\n<\/div>\n<\/div>\n\n\n\n<div class=\"wp-block-column is-layout-flow wp-block-column-is-layout-flow\">\n<div class=\"wp-block-group has-small-font-size has-global-padding is-layout-constrained wp-container-core-group-is-layout-33 wp-block-group-is-layout-constrained\">\n<p>Stacaravan met 2 slaapkamers<\/p>\n\n\n\n<p><br\/>Beschikbaarheid: Onmiddellijk Algemene staat: Nieuw<\/p>\n<\/div>\n<\/div>\n\n\n\n<div class=\"wp-block-column is-layout-flow wp-block-column-is-layout-flow\">\n<p class=\"has-text-align-center has-accent-color has-text-color has-link-color has-sogo-font-family has-large-font-size wp-elements-99cb04a5f7bc428009bf88c60745a3b6\" style=\"font-style:normal;font-weight:400\">51.500 INCL. BTW<\/p>\n\n\n\n<div class=\"wp-block-buttons is-content-justification-center is-layout-flex wp-container-core-buttons-is-layout-10 wp-block-buttons-is-layout-flex\">\n<div class=\"wp-block-button has-custom-width wp-block-button__width-100 has-custom-font-size is-style-gt-contour-large has-medium-font-size\"><a class=\"wp-block-button__link has-accent-color has-text-color has-link-color wp-element-button\" href=\"https:\/\/camping-del-mar.com\/nl\/annonce\/stacaravan-irm-azalee-2-slaapkamers-2024\/\" target=\"_blank\" rel=\"noreferrer noopener\">Meer info<\/a><\/div>\n<\/div>\n<\/div>\n<\/div>\n<\/div>\n<\/div>\n<\/div>\n\n\n\n<div class=\"wp-block-group alignfull gt-reveal has-accent-2-background-color has-background is-layout-flow wp-block-group-is-layout-flow\" style=\"padding-top:var(--wp--preset--spacing--40);padding-right:var(--wp--preset--spacing--40);padding-bottom:var(--wp--preset--spacing--40);padding-left:var(--wp--preset--spacing--40)\">\n<div class=\"wp-block-columns is-layout-flex wp-container-core-columns-is-layout-22 wp-block-columns-is-layout-flex\">\n<div class=\"wp-block-column is-layout-flow wp-block-column-is-layout-flow\" style=\"flex-basis:15rem\">\n<figure data-wp-context=\"{&quot;imageId&quot;:&quot;69f0b81bed84c&quot;}\" data-wp-interactive=\"core\/image\" class=\"wp-block-image size-full has-custom-border is-style-default wp-lightbox-container\"><img data-dominant-color=\"817a6c\" data-has-transparency=\"false\" decoding=\"async\" width=\"2100\" height=\"1575\" data-wp-class--hide=\"state.isContentHidden\" data-wp-class--show=\"state.isContentVisible\" data-wp-init=\"callbacks.setButtonStyles\" data-wp-on-async--click=\"actions.showLightbox\" data-wp-on-async--load=\"callbacks.setButtonStyles\" data-wp-on-async-window--resize=\"callbacks.setButtonStyles\" src=\"https:\/\/camping-del-mar.com\/wp-content\/uploads\/sites\/2\/2025\/01\/exterieur-scaled.jpg\" alt=\"buitenkant\" class=\"wp-image-7591 not-transparent\" style=\"--dominant-color: #817a6c; border-radius:100%;aspect-ratio:1;object-fit:cover\" srcset=\"https:\/\/camping-del-mar.com\/wp-content\/uploads\/sites\/2\/2025\/01\/exterieur-scaled.jpg 2100w, https:\/\/camping-del-mar.com\/wp-content\/uploads\/sites\/2\/2025\/01\/exterieur-300x225.jpg 300w, https:\/\/camping-del-mar.com\/wp-content\/uploads\/sites\/2\/2025\/01\/exterieur-1024x768.jpg 1024w, https:\/\/camping-del-mar.com\/wp-content\/uploads\/sites\/2\/2025\/01\/exterieur-768x576.jpg 768w, https:\/\/camping-del-mar.com\/wp-content\/uploads\/sites\/2\/2025\/01\/exterieur-1536x1152.jpg 1536w, https:\/\/camping-del-mar.com\/wp-content\/uploads\/sites\/2\/2025\/01\/exterieur-2048x1536.jpg 2048w\" sizes=\"(max-width: 2100px) 100vw, 2100px\" \/><button\n\t\t\tclass=\"lightbox-trigger\"\n\t\t\ttype=\"button\"\n\t\t\taria-haspopup=\"dialog\"\n\t\t\taria-label=\"Vergroot afbeelding: buitenkant\"\n\t\t\tdata-wp-init=\"callbacks.initTriggerButton\"\n\t\t\tdata-wp-on-async--click=\"actions.showLightbox\"\n\t\t\tdata-wp-style--right=\"state.imageButtonRight\"\n\t\t\tdata-wp-style--top=\"state.imageButtonTop\"\n\t\t>\n\t\t\t<svg xmlns=\"http:\/\/www.w3.org\/2000\/svg\" width=\"12\" height=\"12\" fill=\"none\" viewBox=\"0 0 12 12\">\n\t\t\t\t<path fill=\"#fff\" d=\"M2 0a2 2 0 0 0-2 2v2h1.5V2a.5.5 0 0 1 .5-.5h2V0H2Zm2 10.5H2a.5.5 0 0 1-.5-.5V8H0v2a2 2 0 0 0 2 2h2v-1.5ZM8 12v-1.5h2a.5.5 0 0 0 .5-.5V8H12v2a2 2 0 0 1-2 2H8Zm2-12a2 2 0 0 1 2 2v2h-1.5V2a.5.5 0 0 0-.5-.5H8V0h2Z\" \/>\n\t\t\t<\/svg>\n\t\t<\/button><\/figure>\n<\/div>\n\n\n\n<div class=\"wp-block-column is-layout-flow wp-block-column-is-layout-flow\" style=\"flex-basis:100%\"><h2 class=\"wp-block-heading has-large-font-size\" style=\"font-style:normal;font-weight:400;text-transform:uppercase\" id=\"stacaravan-ohara-884-3-slaapkamers-2021\">Stacaravan O&#8217;hara 884 3 slaapkamers &#8211; 2021<\/h2>\n\n\n<div class=\"wp-block-columns is-layout-flex wp-container-core-columns-is-layout-21 wp-block-columns-is-layout-flex\">\n<div class=\"wp-block-column is-layout-flow wp-block-column-is-layout-flow\">\n<div class=\"wp-block-group has-small-font-size has-global-padding is-layout-constrained wp-container-core-group-is-layout-35 wp-block-group-is-layout-constrained\">\n<p><strong>Referentie : O&#8217;hara 884 3 kamers<\/strong><\/p>\n\n\n\n<p><strong>Jaar: 2021<\/strong><\/p>\n\n\n\n<p><strong>Zitplaatsen : 6<\/strong><\/p>\n\n\n\n<p><strong>Afmetingen :<\/strong> <strong>08,80x4m <\/strong> <\/p>\n<\/div>\n<\/div>\n\n\n\n<div class=\"wp-block-column is-layout-flow wp-block-column-is-layout-flow\">\n<div class=\"wp-block-group has-small-font-size has-global-padding is-layout-constrained wp-container-core-group-is-layout-36 wp-block-group-is-layout-constrained\">\n<p>Stacaravan met 3 slaapkamers<\/p>\n\n\n\n<p><br\/>Beschikbaarheid: Onmiddellijk Algemene staat: Als nieuw<\/p>\n<\/div>\n<\/div>\n\n\n\n<div class=\"wp-block-column is-layout-flow wp-block-column-is-layout-flow\">\n<p class=\"has-text-align-center has-accent-color has-text-color has-link-color has-sogo-font-family has-large-font-size wp-elements-2b9d7798be0bb8b14b5d43b177c6dd6b\" style=\"font-style:normal;font-weight:400\">51.000 INCL. BTW<\/p>\n\n\n\n<div class=\"wp-block-buttons is-content-justification-center is-layout-flex wp-container-core-buttons-is-layout-11 wp-block-buttons-is-layout-flex\">\n<div class=\"wp-block-button has-custom-width wp-block-button__width-100 has-custom-font-size is-style-gt-contour-large has-medium-font-size\"><a class=\"wp-block-button__link has-accent-color has-text-color has-link-color wp-element-button\" href=\"https:\/\/camping-del-mar.com\/nl\/annonce\/stacaravan-ohara-884-3-slaapkamers-2021\/\" target=\"_blank\" rel=\"noreferrer noopener\">Meer info<\/a><\/div>\n<\/div>\n<\/div>\n<\/div>\n<\/div>\n<\/div>\n<\/div>\n\n\n\n<div class=\"wp-block-group alignfull gt-reveal has-accent-2-background-color has-background is-layout-flow wp-block-group-is-layout-flow\" style=\"padding-top:var(--wp--preset--spacing--40);padding-right:var(--wp--preset--spacing--40);padding-bottom:var(--wp--preset--spacing--40);padding-left:var(--wp--preset--spacing--40)\">\n<div class=\"wp-block-columns is-layout-flex wp-container-core-columns-is-layout-24 wp-block-columns-is-layout-flex\">\n<div class=\"wp-block-column is-layout-flow wp-block-column-is-layout-flow\" style=\"flex-basis:15rem\">\n<figure data-wp-context=\"{&quot;imageId&quot;:&quot;69f0b81bef2f1&quot;}\" data-wp-interactive=\"core\/image\" class=\"wp-block-image size-full has-custom-border is-style-default wp-lightbox-container\"><img data-dominant-color=\"6c756b\" data-has-transparency=\"false\" decoding=\"async\" width=\"1632\" height=\"1224\" data-wp-class--hide=\"state.isContentHidden\" data-wp-class--show=\"state.isContentVisible\" data-wp-init=\"callbacks.setButtonStyles\" data-wp-on-async--click=\"actions.showLightbox\" data-wp-on-async--load=\"callbacks.setButtonStyles\" data-wp-on-async-window--resize=\"callbacks.setButtonStyles\" src=\"https:\/\/camping-del-mar.com\/wp-content\/uploads\/sites\/2\/2024\/12\/img_3853.jpg\" alt=\"Buitenfoto van de stacaravan  \" class=\"wp-image-6398 not-transparent\" style=\"--dominant-color: #6c756b; border-radius:100%;aspect-ratio:1;object-fit:cover\" srcset=\"https:\/\/camping-del-mar.com\/wp-content\/uploads\/sites\/2\/2024\/12\/img_3853.jpg 1632w, https:\/\/camping-del-mar.com\/wp-content\/uploads\/sites\/2\/2024\/12\/img_3853-300x225.jpg 300w, https:\/\/camping-del-mar.com\/wp-content\/uploads\/sites\/2\/2024\/12\/img_3853-1024x768.jpg 1024w, https:\/\/camping-del-mar.com\/wp-content\/uploads\/sites\/2\/2024\/12\/img_3853-768x576.jpg 768w, https:\/\/camping-del-mar.com\/wp-content\/uploads\/sites\/2\/2024\/12\/img_3853-1536x1152.jpg 1536w\" sizes=\"(max-width: 1632px) 100vw, 1632px\" \/><button\n\t\t\tclass=\"lightbox-trigger\"\n\t\t\ttype=\"button\"\n\t\t\taria-haspopup=\"dialog\"\n\t\t\taria-label=\"Vergroot afbeelding: Buitenfoto van de stacaravan  \"\n\t\t\tdata-wp-init=\"callbacks.initTriggerButton\"\n\t\t\tdata-wp-on-async--click=\"actions.showLightbox\"\n\t\t\tdata-wp-style--right=\"state.imageButtonRight\"\n\t\t\tdata-wp-style--top=\"state.imageButtonTop\"\n\t\t>\n\t\t\t<svg xmlns=\"http:\/\/www.w3.org\/2000\/svg\" width=\"12\" height=\"12\" fill=\"none\" viewBox=\"0 0 12 12\">\n\t\t\t\t<path fill=\"#fff\" d=\"M2 0a2 2 0 0 0-2 2v2h1.5V2a.5.5 0 0 1 .5-.5h2V0H2Zm2 10.5H2a.5.5 0 0 1-.5-.5V8H0v2a2 2 0 0 0 2 2h2v-1.5ZM8 12v-1.5h2a.5.5 0 0 0 .5-.5V8H12v2a2 2 0 0 1-2 2H8Zm2-12a2 2 0 0 1 2 2v2h-1.5V2a.5.5 0 0 0-.5-.5H8V0h2Z\" \/>\n\t\t\t<\/svg>\n\t\t<\/button><\/figure>\n<\/div>\n\n\n\n<div class=\"wp-block-column is-layout-flow wp-block-column-is-layout-flow\" style=\"flex-basis:100%\"><h2 class=\"wp-block-heading has-large-font-size\" style=\"font-style:normal;font-weight:400;text-transform:uppercase\" id=\"stacaravan-ohara-1060-3bed-2bad\">Stacaravan O&#8217;HARA 1060 3bed 2bad<\/h2>\n\n\n<div class=\"wp-block-columns is-layout-flex wp-container-core-columns-is-layout-23 wp-block-columns-is-layout-flex\">\n<div class=\"wp-block-column is-layout-flow wp-block-column-is-layout-flow\">\n<div class=\"wp-block-group has-small-font-size has-global-padding is-layout-constrained wp-container-core-group-is-layout-38 wp-block-group-is-layout-constrained\">\n<p><strong>Referentie : O&#8217;hara 1060 3ch<\/strong><\/p>\n\n\n\n<p><strong>Jaar: 2019<\/strong><\/p>\n\n\n\n<p><strong>Zitplaatsen : 6<\/strong><\/p>\n\n\n\n<p><strong>Afmetingen :<\/strong> <strong>10,60x4m <\/strong> <\/p>\n<\/div>\n<\/div>\n\n\n\n<div class=\"wp-block-column is-layout-flow wp-block-column-is-layout-flow\">\n<div class=\"wp-block-group has-small-font-size has-global-padding is-layout-constrained wp-container-core-group-is-layout-39 wp-block-group-is-layout-constrained\">\n<p>Stacaravan met 3 slaapkamers<\/p>\n\n\n\n<p><br\/>Beschikbaarheid : Onmiddellijk Algemene staat : Goede staat<\/p>\n<\/div>\n<\/div>\n\n\n\n<div class=\"wp-block-column is-layout-flow wp-block-column-is-layout-flow\">\n<p class=\"has-text-align-center has-accent-color has-text-color has-link-color has-sogo-font-family has-large-font-size wp-elements-2b9d7798be0bb8b14b5d43b177c6dd6b\" style=\"font-style:normal;font-weight:400\">51.000 INCL. BTW<\/p>\n\n\n\n<div class=\"wp-block-buttons is-content-justification-center is-layout-flex wp-container-core-buttons-is-layout-12 wp-block-buttons-is-layout-flex\">\n<div class=\"wp-block-button has-custom-width wp-block-button__width-100 has-custom-font-size is-style-gt-contour-large has-medium-font-size\"><a class=\"wp-block-button__link has-accent-color has-text-color has-link-color wp-element-button\" href=\"https:\/\/camping-del-mar.com\/annonce\/mobil-home-ohara-1060-3ch-2sdb\/\" target=\"_blank\" rel=\"noreferrer noopener\">Meer info<\/a><\/div>\n<\/div>\n<\/div>\n<\/div>\n<\/div>\n<\/div>\n<\/div>\n\n\n\n<div class=\"wp-block-group alignfull gt-reveal has-accent-2-background-color has-background is-layout-flow wp-block-group-is-layout-flow\" style=\"padding-top:var(--wp--preset--spacing--40);padding-right:var(--wp--preset--spacing--40);padding-bottom:var(--wp--preset--spacing--40);padding-left:var(--wp--preset--spacing--40)\">\n<div class=\"wp-block-columns is-layout-flex wp-container-core-columns-is-layout-26 wp-block-columns-is-layout-flex\">\n<div class=\"wp-block-column is-layout-flow wp-block-column-is-layout-flow\" style=\"flex-basis:15rem\">\n<figure data-wp-context=\"{&quot;imageId&quot;:&quot;69f0b81bf0ace&quot;}\" data-wp-interactive=\"core\/image\" class=\"wp-block-image size-full has-custom-border is-style-default wp-lightbox-container\"><img data-dominant-color=\"827d70\" data-has-transparency=\"false\" decoding=\"async\" width=\"2100\" height=\"1575\" data-wp-class--hide=\"state.isContentHidden\" data-wp-class--show=\"state.isContentVisible\" data-wp-init=\"callbacks.setButtonStyles\" data-wp-on-async--click=\"actions.showLightbox\" data-wp-on-async--load=\"callbacks.setButtonStyles\" data-wp-on-async-window--resize=\"callbacks.setButtonStyles\" src=\"https:\/\/camping-del-mar.com\/wp-content\/uploads\/sites\/2\/2025\/01\/image00001-4-scaled.jpeg\" alt=\"Foto van de buitenkavel\" class=\"wp-image-7634 not-transparent\" style=\"--dominant-color: #827d70; border-radius:100%;aspect-ratio:1;object-fit:cover\" srcset=\"https:\/\/camping-del-mar.com\/wp-content\/uploads\/sites\/2\/2025\/01\/image00001-4-scaled.jpeg 2100w, https:\/\/camping-del-mar.com\/wp-content\/uploads\/sites\/2\/2025\/01\/image00001-4-300x225.jpeg 300w, https:\/\/camping-del-mar.com\/wp-content\/uploads\/sites\/2\/2025\/01\/image00001-4-1024x768.jpeg 1024w, https:\/\/camping-del-mar.com\/wp-content\/uploads\/sites\/2\/2025\/01\/image00001-4-768x576.jpeg 768w, https:\/\/camping-del-mar.com\/wp-content\/uploads\/sites\/2\/2025\/01\/image00001-4-1536x1152.jpeg 1536w, https:\/\/camping-del-mar.com\/wp-content\/uploads\/sites\/2\/2025\/01\/image00001-4-2048x1536.jpeg 2048w\" sizes=\"(max-width: 2100px) 100vw, 2100px\" \/><button\n\t\t\tclass=\"lightbox-trigger\"\n\t\t\ttype=\"button\"\n\t\t\taria-haspopup=\"dialog\"\n\t\t\taria-label=\"Vergroot afbeelding: Foto van de buitenkavel\"\n\t\t\tdata-wp-init=\"callbacks.initTriggerButton\"\n\t\t\tdata-wp-on-async--click=\"actions.showLightbox\"\n\t\t\tdata-wp-style--right=\"state.imageButtonRight\"\n\t\t\tdata-wp-style--top=\"state.imageButtonTop\"\n\t\t>\n\t\t\t<svg xmlns=\"http:\/\/www.w3.org\/2000\/svg\" width=\"12\" height=\"12\" fill=\"none\" viewBox=\"0 0 12 12\">\n\t\t\t\t<path fill=\"#fff\" d=\"M2 0a2 2 0 0 0-2 2v2h1.5V2a.5.5 0 0 1 .5-.5h2V0H2Zm2 10.5H2a.5.5 0 0 1-.5-.5V8H0v2a2 2 0 0 0 2 2h2v-1.5ZM8 12v-1.5h2a.5.5 0 0 0 .5-.5V8H12v2a2 2 0 0 1-2 2H8Zm2-12a2 2 0 0 1 2 2v2h-1.5V2a.5.5 0 0 0-.5-.5H8V0h2Z\" \/>\n\t\t\t<\/svg>\n\t\t<\/button><\/figure>\n<\/div>\n\n\n\n<div class=\"wp-block-column is-layout-flow wp-block-column-is-layout-flow\" style=\"flex-basis:100%\"><h2 class=\"wp-block-heading has-large-font-size\" style=\"font-style:normal;font-weight:400;text-transform:uppercase\" id=\"stacaravan-irm-azalee-2023\">Stacaravan IRM azal\u00e9e 2023<\/h2>\n\n\n<div class=\"wp-block-columns is-layout-flex wp-container-core-columns-is-layout-25 wp-block-columns-is-layout-flex\">\n<div class=\"wp-block-column is-layout-flow wp-block-column-is-layout-flow\">\n<div class=\"wp-block-group has-small-font-size has-global-padding is-layout-constrained wp-container-core-group-is-layout-41 wp-block-group-is-layout-constrained\">\n<p><strong>Referentie : IRM Azal\u00e9e 2ch<\/strong><\/p>\n\n\n\n<p><strong>Jaar: 2023<\/strong><\/p>\n\n\n\n<p><strong>Zitcapaciteit: 4\/6<\/strong><\/p>\n\n\n\n<p><strong>Afmetingen :<\/strong> <strong>7,90x4m <\/strong> <\/p>\n<\/div>\n<\/div>\n\n\n\n<div class=\"wp-block-column is-layout-flow wp-block-column-is-layout-flow\">\n<div class=\"wp-block-group has-small-font-size has-global-padding is-layout-constrained wp-container-core-group-is-layout-42 wp-block-group-is-layout-constrained\">\n<p>Stacaravan met 2 slaapkamers<\/p>\n\n\n\n<p><br\/>Beschikbaarheid: Onmiddellijk Algemene staat: Als nieuw<\/p>\n<\/div>\n<\/div>\n\n\n\n<div class=\"wp-block-column is-layout-flow wp-block-column-is-layout-flow\">\n<p class=\"has-text-align-center has-accent-color has-text-color has-link-color has-sogo-font-family has-large-font-size wp-elements-7d051b4383cfa40552c2b31704388247\" style=\"font-style:normal;font-weight:400\">48.000 INCL. BTW<\/p>\n\n\n\n<div class=\"wp-block-buttons is-content-justification-center is-layout-flex wp-container-core-buttons-is-layout-13 wp-block-buttons-is-layout-flex\">\n<div class=\"wp-block-button has-custom-width wp-block-button__width-100 has-custom-font-size is-style-gt-contour-large has-medium-font-size\"><a class=\"wp-block-button__link has-accent-color has-text-color has-link-color wp-element-button\" href=\"https:\/\/camping-del-mar.com\/nl\/annonce\/stacaravan-irm-azalee-2-slaapkamers-2023\/\" target=\"_blank\" rel=\"noreferrer noopener\">Meer info<\/a><\/div>\n<\/div>\n<\/div>\n<\/div>\n<\/div>\n<\/div>\n<\/div>\n\n\n\n<div class=\"wp-block-group alignfull gt-reveal has-accent-2-background-color has-background is-layout-flow wp-block-group-is-layout-flow\" style=\"padding-top:var(--wp--preset--spacing--40);padding-right:var(--wp--preset--spacing--40);padding-bottom:var(--wp--preset--spacing--40);padding-left:var(--wp--preset--spacing--40)\">\n<div class=\"wp-block-columns is-layout-flex wp-container-core-columns-is-layout-28 wp-block-columns-is-layout-flex\">\n<div class=\"wp-block-column is-layout-flow wp-block-column-is-layout-flow\" style=\"flex-basis:15rem\">\n<figure data-wp-context=\"{&quot;imageId&quot;:&quot;69f0b81bf1b74&quot;}\" data-wp-interactive=\"core\/image\" class=\"wp-block-image size-full has-custom-border is-style-default wp-lightbox-container\"><img data-dominant-color=\"777b67\" data-has-transparency=\"false\" decoding=\"async\" width=\"865\" height=\"865\" data-wp-class--hide=\"state.isContentHidden\" data-wp-class--show=\"state.isContentVisible\" data-wp-init=\"callbacks.setButtonStyles\" data-wp-on-async--click=\"actions.showLightbox\" data-wp-on-async--load=\"callbacks.setButtonStyles\" data-wp-on-async-window--resize=\"callbacks.setButtonStyles\" src=\"https:\/\/camping-del-mar.com\/wp-content\/uploads\/sites\/2\/2024\/10\/devenir-proprietaire-argeles-sur-mer-mobil-home-ohara-2-chambre-annee-2022-844-residentiel.webp\" alt=\"eigenaar worden argeles sur mer stacaravan ohara 2 slaapkamer jaar 2022 844 residentieel\" class=\"wp-image-3829 not-transparent\" style=\"--dominant-color: #777b67; border-radius:100%;aspect-ratio:1;object-fit:cover\" srcset=\"https:\/\/camping-del-mar.com\/wp-content\/uploads\/sites\/2\/2024\/10\/devenir-proprietaire-argeles-sur-mer-mobil-home-ohara-2-chambre-annee-2022-844-residentiel.webp 865w, https:\/\/camping-del-mar.com\/wp-content\/uploads\/sites\/2\/2024\/10\/devenir-proprietaire-argeles-sur-mer-mobil-home-ohara-2-chambre-annee-2022-844-residentiel-300x300.webp 300w, https:\/\/camping-del-mar.com\/wp-content\/uploads\/sites\/2\/2024\/10\/devenir-proprietaire-argeles-sur-mer-mobil-home-ohara-2-chambre-annee-2022-844-residentiel-150x150.webp 150w, https:\/\/camping-del-mar.com\/wp-content\/uploads\/sites\/2\/2024\/10\/devenir-proprietaire-argeles-sur-mer-mobil-home-ohara-2-chambre-annee-2022-844-residentiel-768x768.webp 768w, https:\/\/camping-del-mar.com\/wp-content\/uploads\/sites\/2\/2024\/10\/devenir-proprietaire-argeles-sur-mer-mobil-home-ohara-2-chambre-annee-2022-844-residentiel-400x400.webp 400w, https:\/\/camping-del-mar.com\/wp-content\/uploads\/sites\/2\/2024\/10\/devenir-proprietaire-argeles-sur-mer-mobil-home-ohara-2-chambre-annee-2022-844-residentiel-600x600.webp 600w\" sizes=\"(max-width: 865px) 100vw, 865px\" \/><button\n\t\t\tclass=\"lightbox-trigger\"\n\t\t\ttype=\"button\"\n\t\t\taria-haspopup=\"dialog\"\n\t\t\taria-label=\"Vergroot afbeelding: eigenaar worden argeles sur mer stacaravan ohara 2 slaapkamer jaar 2022 844 residentieel\"\n\t\t\tdata-wp-init=\"callbacks.initTriggerButton\"\n\t\t\tdata-wp-on-async--click=\"actions.showLightbox\"\n\t\t\tdata-wp-style--right=\"state.imageButtonRight\"\n\t\t\tdata-wp-style--top=\"state.imageButtonTop\"\n\t\t>\n\t\t\t<svg xmlns=\"http:\/\/www.w3.org\/2000\/svg\" width=\"12\" height=\"12\" fill=\"none\" viewBox=\"0 0 12 12\">\n\t\t\t\t<path fill=\"#fff\" d=\"M2 0a2 2 0 0 0-2 2v2h1.5V2a.5.5 0 0 1 .5-.5h2V0H2Zm2 10.5H2a.5.5 0 0 1-.5-.5V8H0v2a2 2 0 0 0 2 2h2v-1.5ZM8 12v-1.5h2a.5.5 0 0 0 .5-.5V8H12v2a2 2 0 0 1-2 2H8Zm2-12a2 2 0 0 1 2 2v2h-1.5V2a.5.5 0 0 0-.5-.5H8V0h2Z\" \/>\n\t\t\t<\/svg>\n\t\t<\/button><\/figure>\n<\/div>\n\n\n\n<div class=\"wp-block-column is-layout-flow wp-block-column-is-layout-flow\" style=\"flex-basis:100%\"><h2 class=\"wp-block-heading has-large-font-size\" style=\"font-style:normal;font-weight:400;text-transform:uppercase\" id=\"stacaravan-ohara-2-slaapkamers-bouwjaar-2022\">Stacaravan O&#8217;hara 2 slaapkamers &#8211; Bouwjaar 2022<\/h2>\n\n\n<div class=\"wp-block-columns is-layout-flex wp-container-core-columns-is-layout-27 wp-block-columns-is-layout-flex\">\n<div class=\"wp-block-column is-layout-flow wp-block-column-is-layout-flow\">\n<div class=\"wp-block-group has-small-font-size has-global-padding is-layout-constrained wp-container-core-group-is-layout-44 wp-block-group-is-layout-constrained\">\n<p><strong>Referentie : <strong>O&#8217;hara 844 r\u00e9sidentiel 2 CH<\/strong><\/strong><\/p>\n\n\n\n<p><strong>Jaar: 2022<\/strong><\/p>\n\n\n\n<p><strong>Zitplaatsen : 6<\/strong><\/p>\n\n\n\n<p><strong>Afmetingen :<\/strong> <strong>8,60x4m <\/strong> <\/p>\n<\/div>\n<\/div>\n\n\n\n<div class=\"wp-block-column is-layout-flow wp-block-column-is-layout-flow\">\n<div class=\"wp-block-group has-small-font-size has-global-padding is-layout-constrained wp-container-core-group-is-layout-45 wp-block-group-is-layout-constrained\">\n<p>Stacaravan met 2 slaapkamers<\/p>\n\n\n\n<p><br\/>Beschikbaarheid: Onmiddellijk Algemene staat: Als nieuw<\/p>\n\n\n\n<p>Airconditioning + overdekt terras + inventaris kit + gas plancha + ligstoelen<\/p>\n<\/div>\n<\/div>\n\n\n\n<div class=\"wp-block-column is-layout-flow wp-block-column-is-layout-flow\">\n<p class=\"has-text-align-center has-accent-color has-text-color has-link-color has-sogo-font-family has-large-font-size wp-elements-48a6b18606d63418991cf41dcbbbf13f\" style=\"font-style:normal;font-weight:400\">45.500 INCL. BTW<\/p>\n\n\n\n<div class=\"wp-block-buttons is-content-justification-center is-layout-flex wp-container-core-buttons-is-layout-14 wp-block-buttons-is-layout-flex\">\n<div class=\"wp-block-button has-custom-width wp-block-button__width-100 has-custom-font-size is-style-gt-contour-large has-medium-font-size\"><a class=\"wp-block-button__link has-accent-color has-text-color has-link-color wp-element-button\" href=\"https:\/\/camping-del-mar.com\/annonce\/mobil-home-ohara-2chambres\/\" target=\"_blank\" rel=\"noreferrer noopener\">Meer info<\/a><\/div>\n<\/div>\n<\/div>\n<\/div>\n<\/div>\n<\/div>\n<\/div>\n\n\n\n<div class=\"wp-block-group alignfull gt-reveal has-accent-2-background-color has-background is-layout-flow wp-block-group-is-layout-flow\" style=\"padding-top:var(--wp--preset--spacing--40);padding-right:var(--wp--preset--spacing--40);padding-bottom:var(--wp--preset--spacing--40);padding-left:var(--wp--preset--spacing--40)\">\n<div class=\"wp-block-columns is-layout-flex wp-container-core-columns-is-layout-30 wp-block-columns-is-layout-flex\">\n<div class=\"wp-block-column is-layout-flow wp-block-column-is-layout-flow\" style=\"flex-basis:15rem\">\n<figure data-wp-context=\"{&quot;imageId&quot;:&quot;69f0b81bf2bdd&quot;}\" data-wp-interactive=\"core\/image\" class=\"wp-block-image size-full has-custom-border is-style-default wp-lightbox-container\"><img data-dominant-color=\"63746f\" data-has-transparency=\"false\" decoding=\"async\" width=\"865\" height=\"865\" data-wp-class--hide=\"state.isContentHidden\" data-wp-class--show=\"state.isContentVisible\" data-wp-init=\"callbacks.setButtonStyles\" data-wp-on-async--click=\"actions.showLightbox\" data-wp-on-async--load=\"callbacks.setButtonStyles\" data-wp-on-async-window--resize=\"callbacks.setButtonStyles\" src=\"https:\/\/camping-del-mar.com\/wp-content\/uploads\/sites\/2\/2024\/10\/devenir-proprietaire-argeles-sur-mer-mobil-home-ohara-2-chambre-annee-2022-804.webp\" alt=\"eigenaar worden argeles sur mer stacaravan ohara 2 slaapkamer jaar 2022 804\" class=\"wp-image-3826 not-transparent\" style=\"--dominant-color: #63746f; border-radius:100%;aspect-ratio:1;object-fit:cover\" srcset=\"https:\/\/camping-del-mar.com\/wp-content\/uploads\/sites\/2\/2024\/10\/devenir-proprietaire-argeles-sur-mer-mobil-home-ohara-2-chambre-annee-2022-804.webp 865w, https:\/\/camping-del-mar.com\/wp-content\/uploads\/sites\/2\/2024\/10\/devenir-proprietaire-argeles-sur-mer-mobil-home-ohara-2-chambre-annee-2022-804-300x300.webp 300w, https:\/\/camping-del-mar.com\/wp-content\/uploads\/sites\/2\/2024\/10\/devenir-proprietaire-argeles-sur-mer-mobil-home-ohara-2-chambre-annee-2022-804-150x150.webp 150w, https:\/\/camping-del-mar.com\/wp-content\/uploads\/sites\/2\/2024\/10\/devenir-proprietaire-argeles-sur-mer-mobil-home-ohara-2-chambre-annee-2022-804-768x768.webp 768w, https:\/\/camping-del-mar.com\/wp-content\/uploads\/sites\/2\/2024\/10\/devenir-proprietaire-argeles-sur-mer-mobil-home-ohara-2-chambre-annee-2022-804-400x400.webp 400w, https:\/\/camping-del-mar.com\/wp-content\/uploads\/sites\/2\/2024\/10\/devenir-proprietaire-argeles-sur-mer-mobil-home-ohara-2-chambre-annee-2022-804-600x600.webp 600w\" sizes=\"(max-width: 865px) 100vw, 865px\" \/><button\n\t\t\tclass=\"lightbox-trigger\"\n\t\t\ttype=\"button\"\n\t\t\taria-haspopup=\"dialog\"\n\t\t\taria-label=\"Vergroot afbeelding: eigenaar worden argeles sur mer stacaravan ohara 2 slaapkamer jaar 2022 804\"\n\t\t\tdata-wp-init=\"callbacks.initTriggerButton\"\n\t\t\tdata-wp-on-async--click=\"actions.showLightbox\"\n\t\t\tdata-wp-style--right=\"state.imageButtonRight\"\n\t\t\tdata-wp-style--top=\"state.imageButtonTop\"\n\t\t>\n\t\t\t<svg xmlns=\"http:\/\/www.w3.org\/2000\/svg\" width=\"12\" height=\"12\" fill=\"none\" viewBox=\"0 0 12 12\">\n\t\t\t\t<path fill=\"#fff\" d=\"M2 0a2 2 0 0 0-2 2v2h1.5V2a.5.5 0 0 1 .5-.5h2V0H2Zm2 10.5H2a.5.5 0 0 1-.5-.5V8H0v2a2 2 0 0 0 2 2h2v-1.5ZM8 12v-1.5h2a.5.5 0 0 0 .5-.5V8H12v2a2 2 0 0 1-2 2H8Zm2-12a2 2 0 0 1 2 2v2h-1.5V2a.5.5 0 0 0-.5-.5H8V0h2Z\" \/>\n\t\t\t<\/svg>\n\t\t<\/button><\/figure>\n<\/div>\n\n\n\n<div class=\"wp-block-column is-layout-flow wp-block-column-is-layout-flow\" style=\"flex-basis:100%\"><h2 class=\"wp-block-heading has-large-font-size\" style=\"font-style:normal;font-weight:400;text-transform:uppercase\" id=\"stacaravan-ohara-2-slaapkamers\">Stacaravan O&#8217;hara 2 slaapkamers<\/h2>\n\n\n<div class=\"wp-block-columns is-layout-flex wp-container-core-columns-is-layout-29 wp-block-columns-is-layout-flex\">\n<div class=\"wp-block-column is-layout-flow wp-block-column-is-layout-flow\">\n<div class=\"wp-block-group has-small-font-size has-global-padding is-layout-constrained wp-container-core-group-is-layout-47 wp-block-group-is-layout-constrained\">\n<p><strong>Referentie : O&#8217;hara 804<\/strong><\/p>\n\n\n\n<p><strong>Jaar: 2022<\/strong><\/p>\n\n\n\n<p><strong>Zitcapaciteit: 4\/6<\/strong><\/p>\n\n\n\n<p><strong>Afmetingen :<\/strong> <strong>8,00x4m <\/strong> <\/p>\n<\/div>\n<\/div>\n\n\n\n<div class=\"wp-block-column is-layout-flow wp-block-column-is-layout-flow\">\n<div class=\"wp-block-group has-small-font-size has-global-padding is-layout-constrained wp-container-core-group-is-layout-48 wp-block-group-is-layout-constrained\">\n<p>Stacaravan met 2 slaapkamers<\/p>\n\n\n\n<p><br\/>Beschikbaarheid: Onmiddellijk Algemene staat: Als nieuw<\/p>\n\n\n\n<p>Airconditioning en overdekt terras<\/p>\n<\/div>\n<\/div>\n\n\n\n<div class=\"wp-block-column is-layout-flow wp-block-column-is-layout-flow\">\n<p class=\"has-text-align-center has-accent-color has-text-color has-link-color has-sogo-font-family has-large-font-size wp-elements-0b550676ab5a4a1a74a2ee9adbf6b3e1\" style=\"font-style:normal;font-weight:400\">44.500 INCL. BTW<\/p>\n\n\n\n<div class=\"wp-block-buttons is-content-justification-center is-layout-flex wp-container-core-buttons-is-layout-15 wp-block-buttons-is-layout-flex\">\n<div class=\"wp-block-button has-custom-width wp-block-button__width-100 has-custom-font-size is-style-gt-contour-large has-medium-font-size\"><a class=\"wp-block-button__link has-accent-color has-text-color has-link-color wp-element-button\" href=\"https:\/\/camping-del-mar.com\/annonce\/mobil-home-ohara-2-chambres\/\" target=\"_blank\" rel=\"noreferrer noopener\">Meer info<\/a><\/div>\n<\/div>\n<\/div>\n<\/div>\n<\/div>\n<\/div>\n<\/div>\n\n\n\n<div class=\"wp-block-group alignfull gt-reveal has-accent-2-background-color has-background is-layout-flow wp-block-group-is-layout-flow\" style=\"padding-top:var(--wp--preset--spacing--40);padding-right:var(--wp--preset--spacing--40);padding-bottom:var(--wp--preset--spacing--40);padding-left:var(--wp--preset--spacing--40)\">\n<div class=\"wp-block-columns is-layout-flex wp-container-core-columns-is-layout-32 wp-block-columns-is-layout-flex\">\n<div class=\"wp-block-column is-layout-flow wp-block-column-is-layout-flow\" style=\"flex-basis:15rem\">\n<figure data-wp-context=\"{&quot;imageId&quot;:&quot;69f0b81bf3bfc&quot;}\" data-wp-interactive=\"core\/image\" class=\"wp-block-image size-full has-custom-border is-style-default wp-lightbox-container\"><img data-dominant-color=\"717981\" data-has-transparency=\"false\" decoding=\"async\" width=\"2100\" height=\"1575\" data-wp-class--hide=\"state.isContentHidden\" data-wp-class--show=\"state.isContentVisible\" data-wp-init=\"callbacks.setButtonStyles\" data-wp-on-async--click=\"actions.showLightbox\" data-wp-on-async--load=\"callbacks.setButtonStyles\" data-wp-on-async-window--resize=\"callbacks.setButtonStyles\" src=\"https:\/\/camping-del-mar.com\/wp-content\/uploads\/sites\/2\/2024\/12\/exterieur-scaled.jpeg\" alt=\"Foto van de buitenkavel\" class=\"wp-image-6489 not-transparent\" style=\"--dominant-color: #717981; border-radius:100%;aspect-ratio:1;object-fit:cover\" srcset=\"https:\/\/camping-del-mar.com\/wp-content\/uploads\/sites\/2\/2024\/12\/exterieur-scaled.jpeg 2100w, https:\/\/camping-del-mar.com\/wp-content\/uploads\/sites\/2\/2024\/12\/exterieur-300x225.jpeg 300w, https:\/\/camping-del-mar.com\/wp-content\/uploads\/sites\/2\/2024\/12\/exterieur-1024x768.jpeg 1024w, https:\/\/camping-del-mar.com\/wp-content\/uploads\/sites\/2\/2024\/12\/exterieur-768x576.jpeg 768w, https:\/\/camping-del-mar.com\/wp-content\/uploads\/sites\/2\/2024\/12\/exterieur-1536x1152.jpeg 1536w, https:\/\/camping-del-mar.com\/wp-content\/uploads\/sites\/2\/2024\/12\/exterieur-2048x1536.jpeg 2048w\" sizes=\"(max-width: 2100px) 100vw, 2100px\" \/><button\n\t\t\tclass=\"lightbox-trigger\"\n\t\t\ttype=\"button\"\n\t\t\taria-haspopup=\"dialog\"\n\t\t\taria-label=\"Vergroot afbeelding: Foto van de buitenkavel\"\n\t\t\tdata-wp-init=\"callbacks.initTriggerButton\"\n\t\t\tdata-wp-on-async--click=\"actions.showLightbox\"\n\t\t\tdata-wp-style--right=\"state.imageButtonRight\"\n\t\t\tdata-wp-style--top=\"state.imageButtonTop\"\n\t\t>\n\t\t\t<svg xmlns=\"http:\/\/www.w3.org\/2000\/svg\" width=\"12\" height=\"12\" fill=\"none\" viewBox=\"0 0 12 12\">\n\t\t\t\t<path fill=\"#fff\" d=\"M2 0a2 2 0 0 0-2 2v2h1.5V2a.5.5 0 0 1 .5-.5h2V0H2Zm2 10.5H2a.5.5 0 0 1-.5-.5V8H0v2a2 2 0 0 0 2 2h2v-1.5ZM8 12v-1.5h2a.5.5 0 0 0 .5-.5V8H12v2a2 2 0 0 1-2 2H8Zm2-12a2 2 0 0 1 2 2v2h-1.5V2a.5.5 0 0 0-.5-.5H8V0h2Z\" \/>\n\t\t\t<\/svg>\n\t\t<\/button><\/figure>\n<\/div>\n\n\n\n<div class=\"wp-block-column is-layout-flow wp-block-column-is-layout-flow\" style=\"flex-basis:100%\"><h2 class=\"wp-block-heading has-large-font-size\" style=\"font-style:normal;font-weight:400;text-transform:uppercase\" id=\"stacaravan-ohara-914-2-slaapkamers\">Stacaravan O&#8217;hara 914 2 SLAAPKAMERS<\/h2>\n\n\n<div class=\"wp-block-columns is-layout-flex wp-container-core-columns-is-layout-31 wp-block-columns-is-layout-flex\">\n<div class=\"wp-block-column is-layout-flow wp-block-column-is-layout-flow\">\n<div class=\"wp-block-group has-small-font-size has-global-padding is-layout-constrained wp-container-core-group-is-layout-50 wp-block-group-is-layout-constrained\">\n<p><strong>Referentie : O&#8217;hara 914<\/strong><\/p>\n\n\n\n<p><strong>Jaar: 2019<\/strong><\/p>\n\n\n\n<p><strong>Zitcapaciteit: 4\/6<\/strong><\/p>\n\n\n\n<p><strong>Afmetingen :<\/strong> <strong>9,10x4m <\/strong> <\/p>\n<\/div>\n<\/div>\n\n\n\n<div class=\"wp-block-column is-layout-flow wp-block-column-is-layout-flow\">\n<div class=\"wp-block-group has-small-font-size has-global-padding is-layout-constrained wp-container-core-group-is-layout-51 wp-block-group-is-layout-constrained\">\n<p>Stacaravan met 2 slaapkamers<\/p>\n\n\n\n<p><br\/>Beschikbaarheid: Onmiddellijk Algemene staat: Zeer goed<\/p>\n\n\n\n<p>Airconditioning en overdekt terras<\/p>\n<\/div>\n<\/div>\n\n\n\n<div class=\"wp-block-column is-layout-flow wp-block-column-is-layout-flow\">\n<p class=\"has-text-align-center has-accent-color has-text-color has-link-color has-sogo-font-family has-large-font-size wp-elements-6f242e54e2504eb8a0a0ac2e479b57c5\" style=\"font-style:normal;font-weight:400\">40.000 INCL. BTW<\/p>\n\n\n\n<div class=\"wp-block-buttons is-content-justification-center is-layout-flex wp-container-core-buttons-is-layout-16 wp-block-buttons-is-layout-flex\">\n<div class=\"wp-block-button has-custom-width wp-block-button__width-100 has-custom-font-size is-style-gt-contour-large has-medium-font-size\"><a class=\"wp-block-button__link has-accent-color has-text-color has-link-color wp-element-button\" href=\"https:\/\/camping-del-mar.com\/annonce\/mobil-home-ohara-914-2-chambres\/\" target=\"_blank\" rel=\"noreferrer noopener\">Meer info<\/a><\/div>\n<\/div>\n<\/div>\n<\/div>\n<\/div>\n<\/div>\n<\/div>\n\n\n\n<div class=\"wp-block-group alignfull gt-reveal has-accent-2-background-color has-background is-layout-flow wp-block-group-is-layout-flow\" style=\"padding-top:var(--wp--preset--spacing--40);padding-right:var(--wp--preset--spacing--40);padding-bottom:var(--wp--preset--spacing--40);padding-left:var(--wp--preset--spacing--40)\">\n<div class=\"wp-block-columns is-layout-flex wp-container-core-columns-is-layout-34 wp-block-columns-is-layout-flex\">\n<div class=\"wp-block-column is-layout-flow wp-block-column-is-layout-flow\" style=\"flex-basis:15rem\">\n<figure data-wp-context=\"{&quot;imageId&quot;:&quot;69f0b81c00a3f&quot;}\" data-wp-interactive=\"core\/image\" class=\"wp-block-image size-full has-custom-border is-style-default wp-lightbox-container\"><img data-dominant-color=\"8f9880\" data-has-transparency=\"false\" decoding=\"async\" width=\"865\" height=\"865\" data-wp-class--hide=\"state.isContentHidden\" data-wp-class--show=\"state.isContentVisible\" data-wp-init=\"callbacks.setButtonStyles\" data-wp-on-async--click=\"actions.showLightbox\" data-wp-on-async--load=\"callbacks.setButtonStyles\" data-wp-on-async-window--resize=\"callbacks.setButtonStyles\" src=\"https:\/\/camping-del-mar.com\/wp-content\/uploads\/sites\/2\/2024\/10\/devenir-proprietaire-argeles-sur-mer-mobil-home-ohara-2-chambres-804.webp\" alt=\"eigenaar worden argeles sur mer stacaravan ohara 2 slaapkamers 804\" class=\"wp-image-3824 not-transparent\" style=\"--dominant-color: #8f9880; border-radius:100%;aspect-ratio:1;object-fit:cover\" srcset=\"https:\/\/camping-del-mar.com\/wp-content\/uploads\/sites\/2\/2024\/10\/devenir-proprietaire-argeles-sur-mer-mobil-home-ohara-2-chambres-804.webp 865w, https:\/\/camping-del-mar.com\/wp-content\/uploads\/sites\/2\/2024\/10\/devenir-proprietaire-argeles-sur-mer-mobil-home-ohara-2-chambres-804-300x300.webp 300w, https:\/\/camping-del-mar.com\/wp-content\/uploads\/sites\/2\/2024\/10\/devenir-proprietaire-argeles-sur-mer-mobil-home-ohara-2-chambres-804-150x150.webp 150w, https:\/\/camping-del-mar.com\/wp-content\/uploads\/sites\/2\/2024\/10\/devenir-proprietaire-argeles-sur-mer-mobil-home-ohara-2-chambres-804-768x768.webp 768w, https:\/\/camping-del-mar.com\/wp-content\/uploads\/sites\/2\/2024\/10\/devenir-proprietaire-argeles-sur-mer-mobil-home-ohara-2-chambres-804-400x400.webp 400w, https:\/\/camping-del-mar.com\/wp-content\/uploads\/sites\/2\/2024\/10\/devenir-proprietaire-argeles-sur-mer-mobil-home-ohara-2-chambres-804-600x600.webp 600w\" sizes=\"(max-width: 865px) 100vw, 865px\" \/><button\n\t\t\tclass=\"lightbox-trigger\"\n\t\t\ttype=\"button\"\n\t\t\taria-haspopup=\"dialog\"\n\t\t\taria-label=\"Vergroot afbeelding: eigenaar worden argeles sur mer stacaravan ohara 2 slaapkamers 804\"\n\t\t\tdata-wp-init=\"callbacks.initTriggerButton\"\n\t\t\tdata-wp-on-async--click=\"actions.showLightbox\"\n\t\t\tdata-wp-style--right=\"state.imageButtonRight\"\n\t\t\tdata-wp-style--top=\"state.imageButtonTop\"\n\t\t>\n\t\t\t<svg xmlns=\"http:\/\/www.w3.org\/2000\/svg\" width=\"12\" height=\"12\" fill=\"none\" viewBox=\"0 0 12 12\">\n\t\t\t\t<path fill=\"#fff\" d=\"M2 0a2 2 0 0 0-2 2v2h1.5V2a.5.5 0 0 1 .5-.5h2V0H2Zm2 10.5H2a.5.5 0 0 1-.5-.5V8H0v2a2 2 0 0 0 2 2h2v-1.5ZM8 12v-1.5h2a.5.5 0 0 0 .5-.5V8H12v2a2 2 0 0 1-2 2H8Zm2-12a2 2 0 0 1 2 2v2h-1.5V2a.5.5 0 0 0-.5-.5H8V0h2Z\" \/>\n\t\t\t<\/svg>\n\t\t<\/button><\/figure>\n<\/div>\n\n\n\n<div class=\"wp-block-column is-layout-flow wp-block-column-is-layout-flow\" style=\"flex-basis:100%\"><h2 class=\"wp-block-heading has-large-font-size\" style=\"font-style:normal;font-weight:400;text-transform:uppercase\" id=\"stacaravan-ohara-2-slaapkamers\">Stacaravan O&#8217;hara 2 slaapkamers<\/h2>\n\n\n<div class=\"wp-block-columns is-layout-flex wp-container-core-columns-is-layout-33 wp-block-columns-is-layout-flex\">\n<div class=\"wp-block-column is-layout-flow wp-block-column-is-layout-flow\">\n<div class=\"wp-block-group has-small-font-size has-global-padding is-layout-constrained wp-container-core-group-is-layout-53 wp-block-group-is-layout-constrained\">\n<p><strong>Referentie : O&#8217;hara 804<\/strong><\/p>\n\n\n\n<p><strong>Jaar: 2019<\/strong><\/p>\n\n\n\n<p><strong>Zitcapaciteit: 4\/6<\/strong><\/p>\n\n\n\n<p><strong>Afmetingen :<\/strong> <strong>8,00x4m<\/strong><\/p>\n<\/div>\n<\/div>\n\n\n\n<div class=\"wp-block-column is-layout-flow wp-block-column-is-layout-flow\">\n<div class=\"wp-block-group has-small-font-size has-global-padding is-layout-constrained wp-container-core-group-is-layout-54 wp-block-group-is-layout-constrained\">\n<p>Stacaravan met 2 slaapkamers<\/p>\n\n\n\n<p><br\/>Beschikbaarheid: Onmiddellijk Algemene staat: Zeer goed<\/p>\n\n\n\n<p class=\"has-text-color has-link-color wp-elements-4451189da7912052f9af96a92fe526ad\" style=\"color:#ff0000\"><strong>Prijsverlagingen<\/strong><\/p>\n<\/div>\n<\/div>\n\n\n\n<div class=\"wp-block-column is-layout-flow wp-block-column-is-layout-flow\">\n<p class=\"has-text-align-center has-accent-color has-text-color has-link-color has-sogo-font-family has-large-font-size wp-elements-6f4079c8a7ab6643c4cae3565a36a104\" style=\"font-style:normal;font-weight:400\">36.000 INCL. BTW<\/p>\n\n\n\n<div class=\"wp-block-buttons is-content-justification-center is-layout-flex wp-container-core-buttons-is-layout-17 wp-block-buttons-is-layout-flex\">\n<div class=\"wp-block-button has-custom-width wp-block-button__width-100 has-custom-font-size is-style-gt-contour-large has-medium-font-size\"><a class=\"wp-block-button__link has-accent-color has-text-color has-link-color wp-element-button\" href=\"https:\/\/camping-del-mar.com\/annonce\/mobil-home-ohara-4-6-personnes\/\" target=\"_blank\" rel=\"noreferrer noopener\">Meer info<\/a><\/div>\n<\/div>\n<\/div>\n<\/div>\n<\/div>\n<\/div>\n<\/div>\n\n\n\n<div class=\"wp-block-group alignfull gt-reveal has-accent-2-background-color has-background is-layout-flow wp-block-group-is-layout-flow\" style=\"padding-top:var(--wp--preset--spacing--40);padding-right:var(--wp--preset--spacing--40);padding-bottom:var(--wp--preset--spacing--40);padding-left:var(--wp--preset--spacing--40)\">\n<div class=\"wp-block-columns is-layout-flex wp-container-core-columns-is-layout-36 wp-block-columns-is-layout-flex\">\n<div class=\"wp-block-column is-layout-flow wp-block-column-is-layout-flow\" style=\"flex-basis:15rem\">\n<figure data-wp-context=\"{&quot;imageId&quot;:&quot;69f0b81c01b5a&quot;}\" data-wp-interactive=\"core\/image\" class=\"wp-block-image size-full has-custom-border is-style-default wp-lightbox-container\"><img data-dominant-color=\"a09b8b\" data-has-transparency=\"false\" decoding=\"async\" width=\"2100\" height=\"1575\" data-wp-class--hide=\"state.isContentHidden\" data-wp-class--show=\"state.isContentVisible\" data-wp-init=\"callbacks.setButtonStyles\" data-wp-on-async--click=\"actions.showLightbox\" data-wp-on-async--load=\"callbacks.setButtonStyles\" data-wp-on-async-window--resize=\"callbacks.setButtonStyles\" src=\"https:\/\/camping-del-mar.com\/wp-content\/uploads\/sites\/2\/2025\/01\/image00002-scaled.jpeg\" alt=\"Foto van het buitenterras\" class=\"wp-image-7425 not-transparent\" style=\"--dominant-color: #a09b8b; border-radius:100%;aspect-ratio:1;object-fit:cover\" srcset=\"https:\/\/camping-del-mar.com\/wp-content\/uploads\/sites\/2\/2025\/01\/image00002-scaled.jpeg 2100w, https:\/\/camping-del-mar.com\/wp-content\/uploads\/sites\/2\/2025\/01\/image00002-300x225.jpeg 300w, https:\/\/camping-del-mar.com\/wp-content\/uploads\/sites\/2\/2025\/01\/image00002-1024x768.jpeg 1024w, https:\/\/camping-del-mar.com\/wp-content\/uploads\/sites\/2\/2025\/01\/image00002-768x576.jpeg 768w, https:\/\/camping-del-mar.com\/wp-content\/uploads\/sites\/2\/2025\/01\/image00002-1536x1152.jpeg 1536w, https:\/\/camping-del-mar.com\/wp-content\/uploads\/sites\/2\/2025\/01\/image00002-2048x1536.jpeg 2048w\" sizes=\"(max-width: 2100px) 100vw, 2100px\" \/><button\n\t\t\tclass=\"lightbox-trigger\"\n\t\t\ttype=\"button\"\n\t\t\taria-haspopup=\"dialog\"\n\t\t\taria-label=\"Vergroot afbeelding: Foto van het buitenterras\"\n\t\t\tdata-wp-init=\"callbacks.initTriggerButton\"\n\t\t\tdata-wp-on-async--click=\"actions.showLightbox\"\n\t\t\tdata-wp-style--right=\"state.imageButtonRight\"\n\t\t\tdata-wp-style--top=\"state.imageButtonTop\"\n\t\t>\n\t\t\t<svg xmlns=\"http:\/\/www.w3.org\/2000\/svg\" width=\"12\" height=\"12\" fill=\"none\" viewBox=\"0 0 12 12\">\n\t\t\t\t<path fill=\"#fff\" d=\"M2 0a2 2 0 0 0-2 2v2h1.5V2a.5.5 0 0 1 .5-.5h2V0H2Zm2 10.5H2a.5.5 0 0 1-.5-.5V8H0v2a2 2 0 0 0 2 2h2v-1.5ZM8 12v-1.5h2a.5.5 0 0 0 .5-.5V8H12v2a2 2 0 0 1-2 2H8Zm2-12a2 2 0 0 1 2 2v2h-1.5V2a.5.5 0 0 0-.5-.5H8V0h2Z\" \/>\n\t\t\t<\/svg>\n\t\t<\/button><\/figure>\n<\/div>\n\n\n\n<div class=\"wp-block-column is-layout-flow wp-block-column-is-layout-flow\" style=\"flex-basis:100%\"><h2 class=\"wp-block-heading has-large-font-size\" style=\"font-style:normal;font-weight:400;text-transform:uppercase\" id=\"stacaravan-ohara-984-2-slaapkamers\">Stacaravan O&#8217;hara 984 2 slaapkamers<\/h2>\n\n\n<div class=\"wp-block-columns is-layout-flex wp-container-core-columns-is-layout-35 wp-block-columns-is-layout-flex\">\n<div class=\"wp-block-column is-layout-flow wp-block-column-is-layout-flow\">\n<div class=\"wp-block-group has-small-font-size has-global-padding is-layout-constrained wp-container-core-group-is-layout-56 wp-block-group-is-layout-constrained\">\n<p><strong>Referentie : O&#8217;hara 984<\/strong><\/p>\n\n\n\n<p><strong>Jaar: 2014<\/strong><\/p>\n\n\n\n<p><strong>Zitcapaciteit: 4\/6<\/strong><\/p>\n\n\n\n<p><strong>Afmetingen :<\/strong> <strong>9,80x4m<\/strong><\/p>\n<\/div>\n<\/div>\n\n\n\n<div class=\"wp-block-column is-layout-flow wp-block-column-is-layout-flow\">\n<div class=\"wp-block-group has-small-font-size has-global-padding is-layout-constrained wp-container-core-group-is-layout-57 wp-block-group-is-layout-constrained\">\n<p>Stacaravan met 2 slaapkamers<\/p>\n\n\n\n<p><br\/>Beschikbaarheid: Onmiddellijk Algemene staat: Zeer goed<\/p>\n\n\n\n<p class=\"has-text-color has-link-color wp-elements-393a99556362d1b30d3856e1af0161d7\" style=\"color:#ff0000\"><\/p>\n<\/div>\n<\/div>\n\n\n\n<div class=\"wp-block-column is-layout-flow wp-block-column-is-layout-flow\">\n<p class=\"has-text-align-center has-accent-color has-text-color has-link-color has-sogo-font-family has-large-font-size wp-elements-eac0bf67f106abc44beef2e3fb1bcbd4\" style=\"font-style:normal;font-weight:400\">33.000 INCL. BTW<\/p>\n\n\n\n<div class=\"wp-block-buttons is-content-justification-center is-layout-flex wp-container-core-buttons-is-layout-18 wp-block-buttons-is-layout-flex\">\n<div class=\"wp-block-button has-custom-width wp-block-button__width-100 has-custom-font-size is-style-gt-contour-large has-medium-font-size\"><a class=\"wp-block-button__link has-accent-color has-text-color has-link-color wp-element-button\" href=\"https:\/\/camping-del-mar.com\/annonce\/mobil-home-ohara-984-2-chambres\/\" target=\"_blank\" rel=\"noreferrer noopener\">Meer info<\/a><\/div>\n<\/div>\n<\/div>\n<\/div>\n<\/div>\n<\/div>\n<\/div>\n\n\n\n<div class=\"wp-block-group alignfull gt-reveal has-accent-2-background-color has-background is-layout-flow wp-block-group-is-layout-flow\" style=\"padding-top:var(--wp--preset--spacing--40);padding-right:var(--wp--preset--spacing--40);padding-bottom:var(--wp--preset--spacing--40);padding-left:var(--wp--preset--spacing--40)\">\n<div class=\"wp-block-columns is-layout-flex wp-container-core-columns-is-layout-38 wp-block-columns-is-layout-flex\">\n<div class=\"wp-block-column is-layout-flow wp-block-column-is-layout-flow\" style=\"flex-basis:15rem\">\n<figure data-wp-context=\"{&quot;imageId&quot;:&quot;69f0b81c02c6c&quot;}\" data-wp-interactive=\"core\/image\" class=\"wp-block-image size-full has-custom-border is-style-default wp-lightbox-container\"><img data-dominant-color=\"8d7c5d\" data-has-transparency=\"false\" decoding=\"async\" width=\"865\" height=\"865\" data-wp-class--hide=\"state.isContentHidden\" data-wp-class--show=\"state.isContentVisible\" data-wp-init=\"callbacks.setButtonStyles\" data-wp-on-async--click=\"actions.showLightbox\" data-wp-on-async--load=\"callbacks.setButtonStyles\" data-wp-on-async-window--resize=\"callbacks.setButtonStyles\" src=\"https:\/\/camping-del-mar.com\/wp-content\/uploads\/sites\/2\/2024\/10\/devenir-proprietaire-argeles-sur-mer-mobil-home-o-hara-4-6-personnes-864.webp\" alt=\"eigenaar worden argeles sur mer mobil home o hara 4 6 personen 864\" class=\"wp-image-3822 not-transparent\" style=\"--dominant-color: #8d7c5d; border-radius:100%;aspect-ratio:1;object-fit:cover\" srcset=\"https:\/\/camping-del-mar.com\/wp-content\/uploads\/sites\/2\/2024\/10\/devenir-proprietaire-argeles-sur-mer-mobil-home-o-hara-4-6-personnes-864.webp 865w, https:\/\/camping-del-mar.com\/wp-content\/uploads\/sites\/2\/2024\/10\/devenir-proprietaire-argeles-sur-mer-mobil-home-o-hara-4-6-personnes-864-300x300.webp 300w, https:\/\/camping-del-mar.com\/wp-content\/uploads\/sites\/2\/2024\/10\/devenir-proprietaire-argeles-sur-mer-mobil-home-o-hara-4-6-personnes-864-150x150.webp 150w, https:\/\/camping-del-mar.com\/wp-content\/uploads\/sites\/2\/2024\/10\/devenir-proprietaire-argeles-sur-mer-mobil-home-o-hara-4-6-personnes-864-768x768.webp 768w, https:\/\/camping-del-mar.com\/wp-content\/uploads\/sites\/2\/2024\/10\/devenir-proprietaire-argeles-sur-mer-mobil-home-o-hara-4-6-personnes-864-400x400.webp 400w, https:\/\/camping-del-mar.com\/wp-content\/uploads\/sites\/2\/2024\/10\/devenir-proprietaire-argeles-sur-mer-mobil-home-o-hara-4-6-personnes-864-600x600.webp 600w\" sizes=\"(max-width: 865px) 100vw, 865px\" \/><button\n\t\t\tclass=\"lightbox-trigger\"\n\t\t\ttype=\"button\"\n\t\t\taria-haspopup=\"dialog\"\n\t\t\taria-label=\"Vergroot afbeelding: eigenaar worden argeles sur mer mobil home o hara 4 6 personen 864\"\n\t\t\tdata-wp-init=\"callbacks.initTriggerButton\"\n\t\t\tdata-wp-on-async--click=\"actions.showLightbox\"\n\t\t\tdata-wp-style--right=\"state.imageButtonRight\"\n\t\t\tdata-wp-style--top=\"state.imageButtonTop\"\n\t\t>\n\t\t\t<svg xmlns=\"http:\/\/www.w3.org\/2000\/svg\" width=\"12\" height=\"12\" fill=\"none\" viewBox=\"0 0 12 12\">\n\t\t\t\t<path fill=\"#fff\" d=\"M2 0a2 2 0 0 0-2 2v2h1.5V2a.5.5 0 0 1 .5-.5h2V0H2Zm2 10.5H2a.5.5 0 0 1-.5-.5V8H0v2a2 2 0 0 0 2 2h2v-1.5ZM8 12v-1.5h2a.5.5 0 0 0 .5-.5V8H12v2a2 2 0 0 1-2 2H8Zm2-12a2 2 0 0 1 2 2v2h-1.5V2a.5.5 0 0 0-.5-.5H8V0h2Z\" \/>\n\t\t\t<\/svg>\n\t\t<\/button><\/figure>\n<\/div>\n\n\n\n<div class=\"wp-block-column is-layout-flow wp-block-column-is-layout-flow\" style=\"flex-basis:100%\"><h2 class=\"wp-block-heading has-large-font-size\" style=\"font-style:normal;font-weight:400;text-transform:uppercase\" id=\"stacaravan-ohara-6-personen\">Stacaravan O&#8217;hara 6 personen<\/h2>\n\n\n<div class=\"wp-block-columns is-layout-flex wp-container-core-columns-is-layout-37 wp-block-columns-is-layout-flex\">\n<div class=\"wp-block-column is-layout-flow wp-block-column-is-layout-flow\">\n<div class=\"wp-block-group has-small-font-size has-global-padding is-layout-constrained wp-container-core-group-is-layout-59 wp-block-group-is-layout-constrained\">\n<p><strong>Referentie : <strong>O&#8217;hara 864<\/strong><\/strong><\/p>\n\n\n\n<p><strong>Jaar: 2014<\/strong><\/p>\n\n\n\n<p><strong>Zitplaatsen : 6<\/strong><\/p>\n\n\n\n<p><strong>Afmetingen :<\/strong> <strong>8,60x4m<\/strong><\/p>\n<\/div>\n<\/div>\n\n\n\n<div class=\"wp-block-column is-layout-flow wp-block-column-is-layout-flow\">\n<div class=\"wp-block-group has-small-font-size has-global-padding is-layout-constrained wp-container-core-group-is-layout-60 wp-block-group-is-layout-constrained\">\n<p>Stacaravan met 3 slaapkamers<\/p>\n\n\n\n<p><br\/>Beschikbaarheid: Onmiddellijk Algemene staat: Goed<\/p>\n<\/div>\n<\/div>\n\n\n\n<div class=\"wp-block-column is-layout-flow wp-block-column-is-layout-flow\">\n<p class=\"has-text-align-center has-accent-color has-text-color has-link-color has-sogo-font-family has-large-font-size wp-elements-b00f233de4ea510b08267f5219633a48\" style=\"font-style:normal;font-weight:400\">30.000 INCL. BTW<\/p>\n\n\n\n<div class=\"wp-block-buttons is-content-justification-center is-layout-flex wp-container-core-buttons-is-layout-19 wp-block-buttons-is-layout-flex\">\n<div class=\"wp-block-button has-custom-width wp-block-button__width-100 has-custom-font-size is-style-gt-contour-large has-medium-font-size\"><a class=\"wp-block-button__link has-accent-color has-text-color has-link-color wp-element-button\" href=\"https:\/\/camping-del-mar.com\/annonce\/ohara-864-3ch\/\" target=\"_blank\" rel=\"noreferrer noopener\">Meer info<\/a><\/div>\n<\/div>\n<\/div>\n<\/div>\n<\/div>\n<\/div>\n<\/div>\n\n\n\n<div class=\"wp-block-group alignfull gt-reveal has-accent-2-background-color has-background is-layout-flow wp-block-group-is-layout-flow\" style=\"padding-top:var(--wp--preset--spacing--40);padding-right:var(--wp--preset--spacing--40);padding-bottom:var(--wp--preset--spacing--40);padding-left:var(--wp--preset--spacing--40)\">\n<div class=\"wp-block-columns is-layout-flex wp-container-core-columns-is-layout-40 wp-block-columns-is-layout-flex\">\n<div class=\"wp-block-column is-layout-flow wp-block-column-is-layout-flow\" style=\"flex-basis:15rem\">\n<figure data-wp-context=\"{&quot;imageId&quot;:&quot;69f0b81c03b89&quot;}\" data-wp-interactive=\"core\/image\" class=\"wp-block-image size-full has-custom-border is-style-default wp-lightbox-container\"><img data-dominant-color=\"768581\" data-has-transparency=\"false\" decoding=\"async\" width=\"2100\" height=\"1575\" data-wp-class--hide=\"state.isContentHidden\" data-wp-class--show=\"state.isContentVisible\" data-wp-init=\"callbacks.setButtonStyles\" data-wp-on-async--click=\"actions.showLightbox\" data-wp-on-async--load=\"callbacks.setButtonStyles\" data-wp-on-async-window--resize=\"callbacks.setButtonStyles\" src=\"https:\/\/camping-del-mar.com\/wp-content\/uploads\/sites\/2\/2024\/12\/image00001-3-scaled.jpeg\" alt=\"Foto van het perceel van stacaravan 864\" class=\"wp-image-6413 not-transparent\" style=\"--dominant-color: #768581; border-radius:100%;aspect-ratio:1;object-fit:cover\" srcset=\"https:\/\/camping-del-mar.com\/wp-content\/uploads\/sites\/2\/2024\/12\/image00001-3-scaled.jpeg 2100w, https:\/\/camping-del-mar.com\/wp-content\/uploads\/sites\/2\/2024\/12\/image00001-3-300x225.jpeg 300w, https:\/\/camping-del-mar.com\/wp-content\/uploads\/sites\/2\/2024\/12\/image00001-3-1024x768.jpeg 1024w, https:\/\/camping-del-mar.com\/wp-content\/uploads\/sites\/2\/2024\/12\/image00001-3-768x576.jpeg 768w, https:\/\/camping-del-mar.com\/wp-content\/uploads\/sites\/2\/2024\/12\/image00001-3-1536x1152.jpeg 1536w, https:\/\/camping-del-mar.com\/wp-content\/uploads\/sites\/2\/2024\/12\/image00001-3-2048x1536.jpeg 2048w\" sizes=\"(max-width: 2100px) 100vw, 2100px\" \/><button\n\t\t\tclass=\"lightbox-trigger\"\n\t\t\ttype=\"button\"\n\t\t\taria-haspopup=\"dialog\"\n\t\t\taria-label=\"Vergroot afbeelding: Foto van het perceel van stacaravan 864\"\n\t\t\tdata-wp-init=\"callbacks.initTriggerButton\"\n\t\t\tdata-wp-on-async--click=\"actions.showLightbox\"\n\t\t\tdata-wp-style--right=\"state.imageButtonRight\"\n\t\t\tdata-wp-style--top=\"state.imageButtonTop\"\n\t\t>\n\t\t\t<svg xmlns=\"http:\/\/www.w3.org\/2000\/svg\" width=\"12\" height=\"12\" fill=\"none\" viewBox=\"0 0 12 12\">\n\t\t\t\t<path fill=\"#fff\" d=\"M2 0a2 2 0 0 0-2 2v2h1.5V2a.5.5 0 0 1 .5-.5h2V0H2Zm2 10.5H2a.5.5 0 0 1-.5-.5V8H0v2a2 2 0 0 0 2 2h2v-1.5ZM8 12v-1.5h2a.5.5 0 0 0 .5-.5V8H12v2a2 2 0 0 1-2 2H8Zm2-12a2 2 0 0 1 2 2v2h-1.5V2a.5.5 0 0 0-.5-.5H8V0h2Z\" \/>\n\t\t\t<\/svg>\n\t\t<\/button><\/figure>\n<\/div>\n\n\n\n<div class=\"wp-block-column is-layout-flow wp-block-column-is-layout-flow\" style=\"flex-basis:100%\"><h2 class=\"wp-block-heading has-large-font-size\" style=\"font-style:normal;font-weight:400;text-transform:uppercase\" id=\"stacaravan-ohara-864-6-personen\">Stacaravan O&#8217;hara 864 6 personen<\/h2>\n\n\n<div class=\"wp-block-columns is-layout-flex wp-container-core-columns-is-layout-39 wp-block-columns-is-layout-flex\">\n<div class=\"wp-block-column is-layout-flow wp-block-column-is-layout-flow\">\n<div class=\"wp-block-group has-small-font-size has-global-padding is-layout-constrained wp-container-core-group-is-layout-62 wp-block-group-is-layout-constrained\">\n<p><strong>Referentie : <strong>O&#8217;hara 864<\/strong><\/strong><\/p>\n\n\n\n<p><strong>Jaar: 2014<\/strong><\/p>\n\n\n\n<p><strong>Zitplaatsen : 6<\/strong><\/p>\n\n\n\n<p><strong>Afmetingen :<\/strong> <strong>8,60x4m<\/strong><\/p>\n<\/div>\n<\/div>\n\n\n\n<div class=\"wp-block-column is-layout-flow wp-block-column-is-layout-flow\">\n<div class=\"wp-block-group has-small-font-size has-global-padding is-layout-constrained wp-container-core-group-is-layout-63 wp-block-group-is-layout-constrained\">\n<p>Stacaravan met 3 slaapkamers<\/p>\n\n\n\n<p><br\/>Beschikbaarheid: Onmiddellijk Algemene staat: Goed<\/p>\n<\/div>\n<\/div>\n\n\n\n<div class=\"wp-block-column is-layout-flow wp-block-column-is-layout-flow\">\n<p class=\"has-text-align-center has-accent-color has-text-color has-link-color has-sogo-font-family has-large-font-size wp-elements-b00f233de4ea510b08267f5219633a48\" style=\"font-style:normal;font-weight:400\">30.000 INCL. BTW<\/p>\n\n\n\n<div class=\"wp-block-buttons is-content-justification-center is-layout-flex wp-container-core-buttons-is-layout-20 wp-block-buttons-is-layout-flex\">\n<div class=\"wp-block-button has-custom-width wp-block-button__width-100 has-custom-font-size is-style-gt-contour-large has-medium-font-size\"><a class=\"wp-block-button__link has-accent-color has-text-color has-link-color wp-element-button\" href=\"https:\/\/camping-del-mar.com\/annonce\/mobil-home-ohara-864-3-chambres\/\" target=\"_blank\" rel=\"noreferrer noopener\">Meer info<\/a><\/div>\n<\/div>\n<\/div>\n<\/div>\n<\/div>\n<\/div>\n<\/div>\n\n\n\n<div class=\"wp-block-group alignfull gt-reveal has-accent-2-background-color has-background is-layout-flow wp-block-group-is-layout-flow\" style=\"padding-top:var(--wp--preset--spacing--40);padding-right:var(--wp--preset--spacing--40);padding-bottom:var(--wp--preset--spacing--40);padding-left:var(--wp--preset--spacing--40)\">\n<div class=\"wp-block-columns is-layout-flex wp-container-core-columns-is-layout-42 wp-block-columns-is-layout-flex\">\n<div class=\"wp-block-column is-layout-flow wp-block-column-is-layout-flow\" style=\"flex-basis:15rem\">\n<figure data-wp-context=\"{&quot;imageId&quot;:&quot;69f0b81c04ab5&quot;}\" data-wp-interactive=\"core\/image\" class=\"wp-block-image size-full has-custom-border is-style-default wp-lightbox-container\"><img data-dominant-color=\"9f9d92\" data-has-transparency=\"false\" decoding=\"async\" width=\"2100\" height=\"1575\" data-wp-class--hide=\"state.isContentHidden\" data-wp-class--show=\"state.isContentVisible\" data-wp-init=\"callbacks.setButtonStyles\" data-wp-on-async--click=\"actions.showLightbox\" data-wp-on-async--load=\"callbacks.setButtonStyles\" data-wp-on-async-window--resize=\"callbacks.setButtonStyles\" src=\"https:\/\/camping-del-mar.com\/wp-content\/uploads\/sites\/2\/2025\/01\/image00001-1-scaled.jpeg\" alt=\"Foto van het perceel\" class=\"wp-image-7478 not-transparent\" style=\"--dominant-color: #9f9d92; border-radius:100%;aspect-ratio:1;object-fit:cover\" srcset=\"https:\/\/camping-del-mar.com\/wp-content\/uploads\/sites\/2\/2025\/01\/image00001-1-scaled.jpeg 2100w, https:\/\/camping-del-mar.com\/wp-content\/uploads\/sites\/2\/2025\/01\/image00001-1-300x225.jpeg 300w, https:\/\/camping-del-mar.com\/wp-content\/uploads\/sites\/2\/2025\/01\/image00001-1-1024x768.jpeg 1024w, https:\/\/camping-del-mar.com\/wp-content\/uploads\/sites\/2\/2025\/01\/image00001-1-768x576.jpeg 768w, https:\/\/camping-del-mar.com\/wp-content\/uploads\/sites\/2\/2025\/01\/image00001-1-1536x1152.jpeg 1536w, https:\/\/camping-del-mar.com\/wp-content\/uploads\/sites\/2\/2025\/01\/image00001-1-2048x1536.jpeg 2048w\" sizes=\"(max-width: 2100px) 100vw, 2100px\" \/><button\n\t\t\tclass=\"lightbox-trigger\"\n\t\t\ttype=\"button\"\n\t\t\taria-haspopup=\"dialog\"\n\t\t\taria-label=\"Vergroot afbeelding: Foto van het perceel\"\n\t\t\tdata-wp-init=\"callbacks.initTriggerButton\"\n\t\t\tdata-wp-on-async--click=\"actions.showLightbox\"\n\t\t\tdata-wp-style--right=\"state.imageButtonRight\"\n\t\t\tdata-wp-style--top=\"state.imageButtonTop\"\n\t\t>\n\t\t\t<svg xmlns=\"http:\/\/www.w3.org\/2000\/svg\" width=\"12\" height=\"12\" fill=\"none\" viewBox=\"0 0 12 12\">\n\t\t\t\t<path fill=\"#fff\" d=\"M2 0a2 2 0 0 0-2 2v2h1.5V2a.5.5 0 0 1 .5-.5h2V0H2Zm2 10.5H2a.5.5 0 0 1-.5-.5V8H0v2a2 2 0 0 0 2 2h2v-1.5ZM8 12v-1.5h2a.5.5 0 0 0 .5-.5V8H12v2a2 2 0 0 1-2 2H8Zm2-12a2 2 0 0 1 2 2v2h-1.5V2a.5.5 0 0 0-.5-.5H8V0h2Z\" \/>\n\t\t\t<\/svg>\n\t\t<\/button><\/figure>\n<\/div>\n\n\n\n<div class=\"wp-block-column is-layout-flow wp-block-column-is-layout-flow\" style=\"flex-basis:100%\"><h2 class=\"wp-block-heading has-large-font-size\" style=\"font-style:normal;font-weight:400;text-transform:uppercase\" id=\"stacaravan-ohara-1060-6-personen\">Stacaravan O&#8217;hara 1060 6 personen<\/h2>\n\n\n<div class=\"wp-block-columns is-layout-flex wp-container-core-columns-is-layout-41 wp-block-columns-is-layout-flex\">\n<div class=\"wp-block-column is-layout-flow wp-block-column-is-layout-flow\">\n<div class=\"wp-block-group has-small-font-size has-global-padding is-layout-constrained wp-container-core-group-is-layout-65 wp-block-group-is-layout-constrained\">\n<p><strong>Referentie : <strong>O&#8217;hara <\/strong><\/strong>1060<\/p>\n\n\n\n<p><strong>Jaar: 2012<\/strong><\/p>\n\n\n\n<p><strong>Zitplaatsen : 6<\/strong><\/p>\n\n\n\n<p><strong>Afmetingen :<\/strong> <strong>10,60x4m<\/strong><\/p>\n<\/div>\n<\/div>\n\n\n\n<div class=\"wp-block-column is-layout-flow wp-block-column-is-layout-flow\">\n<div class=\"wp-block-group has-small-font-size has-global-padding is-layout-constrained wp-container-core-group-is-layout-66 wp-block-group-is-layout-constrained\">\n<p>Stacaravan met 3 slaapkamers<\/p>\n\n\n\n<p><br\/>Beschikbaarheid: Onmiddellijk Algemene staat: Goed<\/p>\n<\/div>\n<\/div>\n\n\n\n<div class=\"wp-block-column is-layout-flow wp-block-column-is-layout-flow\">\n<p class=\"has-text-align-center has-accent-color has-text-color has-link-color has-sogo-font-family has-large-font-size wp-elements-d21bb0bc41e824574c3f3095a0560b20\" style=\"font-style:normal;font-weight:400\">29.500 INCL. BTW<\/p>\n\n\n\n<div class=\"wp-block-buttons is-content-justification-center is-layout-flex wp-container-core-buttons-is-layout-21 wp-block-buttons-is-layout-flex\">\n<div class=\"wp-block-button has-custom-width wp-block-button__width-100 has-custom-font-size is-style-gt-contour-large has-medium-font-size\"><a class=\"wp-block-button__link has-accent-color has-text-color has-link-color wp-element-button\" href=\"https:\/\/camping-del-mar.com\/annonce\/mobil-home-ohara-1060-3-chambres\/\" target=\"_blank\" rel=\"noreferrer noopener\">Meer info<\/a><\/div>\n<\/div>\n<\/div>\n<\/div>\n<\/div>\n<\/div>\n<\/div>\n\n\n\n<div class=\"wp-block-group alignfull gt-reveal has-accent-2-background-color has-background is-layout-flow wp-block-group-is-layout-flow\" style=\"padding-top:var(--wp--preset--spacing--40);padding-right:var(--wp--preset--spacing--40);padding-bottom:var(--wp--preset--spacing--40);padding-left:var(--wp--preset--spacing--40)\">\n<div class=\"wp-block-columns is-layout-flex wp-container-core-columns-is-layout-44 wp-block-columns-is-layout-flex\">\n<div class=\"wp-block-column is-layout-flow wp-block-column-is-layout-flow\" style=\"flex-basis:15rem\">\n<figure data-wp-context=\"{&quot;imageId&quot;:&quot;69f0b81c05b28&quot;}\" data-wp-interactive=\"core\/image\" class=\"wp-block-image size-full has-custom-border is-style-default wp-lightbox-container\"><img data-dominant-color=\"8b7c67\" data-has-transparency=\"false\" decoding=\"async\" width=\"2100\" height=\"1575\" data-wp-class--hide=\"state.isContentHidden\" data-wp-class--show=\"state.isContentVisible\" data-wp-init=\"callbacks.setButtonStyles\" data-wp-on-async--click=\"actions.showLightbox\" data-wp-on-async--load=\"callbacks.setButtonStyles\" data-wp-on-async-window--resize=\"callbacks.setButtonStyles\" src=\"https:\/\/camping-del-mar.com\/wp-content\/uploads\/sites\/2\/2025\/01\/piece-a-vivre-1-scaled.jpeg\" alt=\"Foto van de woonkamer\" class=\"wp-image-7570 not-transparent\" style=\"--dominant-color: #8b7c67; border-radius:100%;aspect-ratio:1;object-fit:cover\" srcset=\"https:\/\/camping-del-mar.com\/wp-content\/uploads\/sites\/2\/2025\/01\/piece-a-vivre-1-scaled.jpeg 2100w, https:\/\/camping-del-mar.com\/wp-content\/uploads\/sites\/2\/2025\/01\/piece-a-vivre-1-300x225.jpeg 300w, https:\/\/camping-del-mar.com\/wp-content\/uploads\/sites\/2\/2025\/01\/piece-a-vivre-1-1024x768.jpeg 1024w, https:\/\/camping-del-mar.com\/wp-content\/uploads\/sites\/2\/2025\/01\/piece-a-vivre-1-768x576.jpeg 768w, https:\/\/camping-del-mar.com\/wp-content\/uploads\/sites\/2\/2025\/01\/piece-a-vivre-1-1536x1152.jpeg 1536w, https:\/\/camping-del-mar.com\/wp-content\/uploads\/sites\/2\/2025\/01\/piece-a-vivre-1-2048x1536.jpeg 2048w\" sizes=\"(max-width: 2100px) 100vw, 2100px\" \/><button\n\t\t\tclass=\"lightbox-trigger\"\n\t\t\ttype=\"button\"\n\t\t\taria-haspopup=\"dialog\"\n\t\t\taria-label=\"Vergroot afbeelding: Foto van de woonkamer\"\n\t\t\tdata-wp-init=\"callbacks.initTriggerButton\"\n\t\t\tdata-wp-on-async--click=\"actions.showLightbox\"\n\t\t\tdata-wp-style--right=\"state.imageButtonRight\"\n\t\t\tdata-wp-style--top=\"state.imageButtonTop\"\n\t\t>\n\t\t\t<svg xmlns=\"http:\/\/www.w3.org\/2000\/svg\" width=\"12\" height=\"12\" fill=\"none\" viewBox=\"0 0 12 12\">\n\t\t\t\t<path fill=\"#fff\" d=\"M2 0a2 2 0 0 0-2 2v2h1.5V2a.5.5 0 0 1 .5-.5h2V0H2Zm2 10.5H2a.5.5 0 0 1-.5-.5V8H0v2a2 2 0 0 0 2 2h2v-1.5ZM8 12v-1.5h2a.5.5 0 0 0 .5-.5V8H12v2a2 2 0 0 1-2 2H8Zm2-12a2 2 0 0 1 2 2v2h-1.5V2a.5.5 0 0 0-.5-.5H8V0h2Z\" \/>\n\t\t\t<\/svg>\n\t\t<\/button><\/figure>\n<\/div>\n\n\n\n<div class=\"wp-block-column is-layout-flow wp-block-column-is-layout-flow\" style=\"flex-basis:100%\"><h2 class=\"wp-block-heading has-large-font-size\" style=\"font-style:normal;font-weight:400;text-transform:uppercase\" id=\"stacaravan-irm-3-slaapkamers-2-badkamers\">Stacaravan IRM 3 slaapkamers 2 badkamers<\/h2>\n\n\n<div class=\"wp-block-columns is-layout-flex wp-container-core-columns-is-layout-43 wp-block-columns-is-layout-flex\">\n<div class=\"wp-block-column is-layout-flow wp-block-column-is-layout-flow\">\n<div class=\"wp-block-group has-small-font-size has-global-padding is-layout-constrained wp-container-core-group-is-layout-68 wp-block-group-is-layout-constrained\">\n<p><strong>Referentie : IRM 3 kamers 2 sdb<\/strong><\/p>\n\n\n\n<p><strong>Jaar : 2010<\/strong><\/p>\n\n\n\n<p><strong>Zitplaatsen : 6<\/strong><\/p>\n\n\n\n<p><strong>Afmetingen :<\/strong> <strong>10,00x4m<\/strong><\/p>\n<\/div>\n<\/div>\n\n\n\n<div class=\"wp-block-column is-layout-flow wp-block-column-is-layout-flow\">\n<div class=\"wp-block-group has-small-font-size has-global-padding is-layout-constrained wp-container-core-group-is-layout-69 wp-block-group-is-layout-constrained\">\n<p>Stacaravan met 3 slaapkamers<\/p>\n\n\n\n<p><br\/>Beschikbaarheid: Onmiddellijk Algemene staat: Goed<\/p>\n<\/div>\n<\/div>\n\n\n\n<div class=\"wp-block-column is-layout-flow wp-block-column-is-layout-flow\">\n<p class=\"has-text-align-center has-accent-color has-text-color has-link-color has-sogo-font-family has-large-font-size wp-elements-0c9ff8ae2c860c5e9b2c6960c8b151c0\" style=\"font-style:normal;font-weight:400\">23.000 INCL. BTW<\/p>\n\n\n\n<div class=\"wp-block-buttons is-content-justification-center is-layout-flex wp-container-core-buttons-is-layout-22 wp-block-buttons-is-layout-flex\">\n<div class=\"wp-block-button has-custom-width wp-block-button__width-100 has-custom-font-size is-style-gt-contour-large has-medium-font-size\"><a class=\"wp-block-button__link has-accent-color has-text-color has-link-color wp-element-button\" href=\"https:\/\/camping-del-mar.com\/nl\/annonce\/stacaravan-irm-3-slaapkamers-2-badkamers-2010\/\" target=\"_blank\" rel=\"noreferrer noopener\">Meer info<\/a><\/div>\n<\/div>\n<\/div>\n<\/div>\n<\/div>\n<\/div>\n<\/div>\n\n\n\n<div class=\"wp-block-group alignfull gt-reveal has-accent-2-background-color has-background is-layout-flow wp-block-group-is-layout-flow\" style=\"padding-top:var(--wp--preset--spacing--40);padding-right:var(--wp--preset--spacing--40);padding-bottom:var(--wp--preset--spacing--40);padding-left:var(--wp--preset--spacing--40)\">\n<div class=\"wp-block-columns is-layout-flex wp-container-core-columns-is-layout-46 wp-block-columns-is-layout-flex\">\n<div class=\"wp-block-column is-layout-flow wp-block-column-is-layout-flow\" style=\"flex-basis:15rem\">\n<figure data-wp-context=\"{&quot;imageId&quot;:&quot;69f0b81c06b10&quot;}\" data-wp-interactive=\"core\/image\" class=\"wp-block-image size-full has-custom-border is-style-default wp-lightbox-container\"><img data-dominant-color=\"798065\" data-has-transparency=\"false\" decoding=\"async\" width=\"2100\" height=\"1575\" data-wp-class--hide=\"state.isContentHidden\" data-wp-class--show=\"state.isContentVisible\" data-wp-init=\"callbacks.setButtonStyles\" data-wp-on-async--click=\"actions.showLightbox\" data-wp-on-async--load=\"callbacks.setButtonStyles\" data-wp-on-async-window--resize=\"callbacks.setButtonStyles\" src=\"https:\/\/camping-del-mar.com\/wp-content\/uploads\/sites\/2\/2024\/12\/image00009-2-scaled.jpeg\" alt=\"Foto van de buitenkavel\" class=\"wp-image-6452 not-transparent\" style=\"--dominant-color: #798065; border-radius:100%;aspect-ratio:1;object-fit:cover\" srcset=\"https:\/\/camping-del-mar.com\/wp-content\/uploads\/sites\/2\/2024\/12\/image00009-2-scaled.jpeg 2100w, https:\/\/camping-del-mar.com\/wp-content\/uploads\/sites\/2\/2024\/12\/image00009-2-300x225.jpeg 300w, https:\/\/camping-del-mar.com\/wp-content\/uploads\/sites\/2\/2024\/12\/image00009-2-1024x768.jpeg 1024w, https:\/\/camping-del-mar.com\/wp-content\/uploads\/sites\/2\/2024\/12\/image00009-2-768x576.jpeg 768w, https:\/\/camping-del-mar.com\/wp-content\/uploads\/sites\/2\/2024\/12\/image00009-2-1536x1152.jpeg 1536w, https:\/\/camping-del-mar.com\/wp-content\/uploads\/sites\/2\/2024\/12\/image00009-2-2048x1536.jpeg 2048w\" sizes=\"(max-width: 2100px) 100vw, 2100px\" \/><button\n\t\t\tclass=\"lightbox-trigger\"\n\t\t\ttype=\"button\"\n\t\t\taria-haspopup=\"dialog\"\n\t\t\taria-label=\"Vergroot afbeelding: Foto van de buitenkavel\"\n\t\t\tdata-wp-init=\"callbacks.initTriggerButton\"\n\t\t\tdata-wp-on-async--click=\"actions.showLightbox\"\n\t\t\tdata-wp-style--right=\"state.imageButtonRight\"\n\t\t\tdata-wp-style--top=\"state.imageButtonTop\"\n\t\t>\n\t\t\t<svg xmlns=\"http:\/\/www.w3.org\/2000\/svg\" width=\"12\" height=\"12\" fill=\"none\" viewBox=\"0 0 12 12\">\n\t\t\t\t<path fill=\"#fff\" d=\"M2 0a2 2 0 0 0-2 2v2h1.5V2a.5.5 0 0 1 .5-.5h2V0H2Zm2 10.5H2a.5.5 0 0 1-.5-.5V8H0v2a2 2 0 0 0 2 2h2v-1.5ZM8 12v-1.5h2a.5.5 0 0 0 .5-.5V8H12v2a2 2 0 0 1-2 2H8Zm2-12a2 2 0 0 1 2 2v2h-1.5V2a.5.5 0 0 0-.5-.5H8V0h2Z\" \/>\n\t\t\t<\/svg>\n\t\t<\/button><\/figure>\n<\/div>\n\n\n\n<div class=\"wp-block-column is-layout-flow wp-block-column-is-layout-flow\" style=\"flex-basis:100%\"><h2 class=\"wp-block-heading has-large-font-size\" style=\"font-style:normal;font-weight:400;text-transform:uppercase\" id=\"stacaravan-ohara-834-3-slaapkamers\">Stacaravan O&#8217;hara 834 3 Slaapkamers<\/h2>\n\n\n<div class=\"wp-block-columns is-layout-flex wp-container-core-columns-is-layout-45 wp-block-columns-is-layout-flex\">\n<div class=\"wp-block-column is-layout-flow wp-block-column-is-layout-flow\">\n<div class=\"wp-block-group has-small-font-size has-global-padding is-layout-constrained wp-container-core-group-is-layout-71 wp-block-group-is-layout-constrained\">\n<p><strong>Referentie : <strong>O&#8217;hara 834<\/strong><\/strong><\/p>\n\n\n\n<p><strong>Jaar : 2010<\/strong><\/p>\n\n\n\n<p><strong>Zitplaatsen : 6<\/strong><\/p>\n\n\n\n<p><strong>Afmetingen :<\/strong> <strong>8,30x4m<\/strong><\/p>\n<\/div>\n<\/div>\n\n\n\n<div class=\"wp-block-column is-layout-flow wp-block-column-is-layout-flow\">\n<div class=\"wp-block-group has-small-font-size has-global-padding is-layout-constrained wp-container-core-group-is-layout-72 wp-block-group-is-layout-constrained\">\n<p>Stacaravan met 3 slaapkamers<\/p>\n\n\n\n<p><br\/>Beschikbaarheid: Onmiddellijk Algemene staat: Goed<\/p>\n<\/div>\n<\/div>\n\n\n\n<div class=\"wp-block-column is-layout-flow wp-block-column-is-layout-flow\">\n<p class=\"has-text-align-center has-accent-color has-text-color has-link-color has-sogo-font-family has-large-font-size wp-elements-77ef3522b6c7196d4a042bd68c4a80fe\" style=\"font-style:normal;font-weight:400\">17.000 INCL. BTW<\/p>\n\n\n\n<div class=\"wp-block-buttons is-content-justification-center is-layout-flex wp-container-core-buttons-is-layout-23 wp-block-buttons-is-layout-flex\">\n<div class=\"wp-block-button has-custom-width wp-block-button__width-100 has-custom-font-size is-style-gt-contour-large has-medium-font-size\"><a class=\"wp-block-button__link has-accent-color has-text-color has-link-color wp-element-button\" href=\"https:\/\/camping-del-mar.com\/annonce\/mobil-home-ohara-834-3-chambres\/\" target=\"_blank\" rel=\"noreferrer noopener\">Meer info<\/a><\/div>\n<\/div>\n<\/div>\n<\/div>\n<\/div>\n<\/div>\n<\/div>\n\n\n\n<div class=\"wp-block-group alignfull gt-reveal has-accent-2-background-color has-background is-layout-flow wp-block-group-is-layout-flow\" style=\"padding-top:var(--wp--preset--spacing--40);padding-right:var(--wp--preset--spacing--40);padding-bottom:var(--wp--preset--spacing--40);padding-left:var(--wp--preset--spacing--40)\">\n<div class=\"wp-block-columns is-layout-flex wp-container-core-columns-is-layout-48 wp-block-columns-is-layout-flex\">\n<div class=\"wp-block-column is-layout-flow wp-block-column-is-layout-flow\" style=\"flex-basis:15rem\">\n<figure data-wp-context=\"{&quot;imageId&quot;:&quot;69f0b81c07b4b&quot;}\" data-wp-interactive=\"core\/image\" class=\"wp-block-image size-full has-custom-border is-style-default wp-lightbox-container\"><img data-dominant-color=\"8d9797\" data-has-transparency=\"false\" decoding=\"async\" width=\"2100\" height=\"1575\" data-wp-class--hide=\"state.isContentHidden\" data-wp-class--show=\"state.isContentVisible\" data-wp-init=\"callbacks.setButtonStyles\" data-wp-on-async--click=\"actions.showLightbox\" data-wp-on-async--load=\"callbacks.setButtonStyles\" data-wp-on-async-window--resize=\"callbacks.setButtonStyles\" src=\"https:\/\/camping-del-mar.com\/wp-content\/uploads\/sites\/2\/2024\/12\/image00001-6-scaled.jpeg\" alt=\"Foto van de buitenkavel\" class=\"wp-image-6483 not-transparent\" style=\"--dominant-color: #8d9797; border-radius:100%;aspect-ratio:1;object-fit:cover\" srcset=\"https:\/\/camping-del-mar.com\/wp-content\/uploads\/sites\/2\/2024\/12\/image00001-6-scaled.jpeg 2100w, https:\/\/camping-del-mar.com\/wp-content\/uploads\/sites\/2\/2024\/12\/image00001-6-300x225.jpeg 300w, https:\/\/camping-del-mar.com\/wp-content\/uploads\/sites\/2\/2024\/12\/image00001-6-1024x768.jpeg 1024w, https:\/\/camping-del-mar.com\/wp-content\/uploads\/sites\/2\/2024\/12\/image00001-6-768x576.jpeg 768w, https:\/\/camping-del-mar.com\/wp-content\/uploads\/sites\/2\/2024\/12\/image00001-6-1536x1152.jpeg 1536w, https:\/\/camping-del-mar.com\/wp-content\/uploads\/sites\/2\/2024\/12\/image00001-6-2048x1536.jpeg 2048w\" sizes=\"(max-width: 2100px) 100vw, 2100px\" \/><button\n\t\t\tclass=\"lightbox-trigger\"\n\t\t\ttype=\"button\"\n\t\t\taria-haspopup=\"dialog\"\n\t\t\taria-label=\"Vergroot afbeelding: Foto van de buitenkavel\"\n\t\t\tdata-wp-init=\"callbacks.initTriggerButton\"\n\t\t\tdata-wp-on-async--click=\"actions.showLightbox\"\n\t\t\tdata-wp-style--right=\"state.imageButtonRight\"\n\t\t\tdata-wp-style--top=\"state.imageButtonTop\"\n\t\t>\n\t\t\t<svg xmlns=\"http:\/\/www.w3.org\/2000\/svg\" width=\"12\" height=\"12\" fill=\"none\" viewBox=\"0 0 12 12\">\n\t\t\t\t<path fill=\"#fff\" d=\"M2 0a2 2 0 0 0-2 2v2h1.5V2a.5.5 0 0 1 .5-.5h2V0H2Zm2 10.5H2a.5.5 0 0 1-.5-.5V8H0v2a2 2 0 0 0 2 2h2v-1.5ZM8 12v-1.5h2a.5.5 0 0 0 .5-.5V8H12v2a2 2 0 0 1-2 2H8Zm2-12a2 2 0 0 1 2 2v2h-1.5V2a.5.5 0 0 0-.5-.5H8V0h2Z\" \/>\n\t\t\t<\/svg>\n\t\t<\/button><\/figure>\n<\/div>\n\n\n\n<div class=\"wp-block-column is-layout-flow wp-block-column-is-layout-flow\" style=\"flex-basis:100%\"><h2 class=\"wp-block-heading has-large-font-size\" style=\"font-style:normal;font-weight:400;text-transform:uppercase\" id=\"stacaravan-ohara-834-2-slaapkamers\">Stacaravan O&#8217;hara 834 2 Slaapkamers<\/h2>\n\n\n<div class=\"wp-block-columns is-layout-flex wp-container-core-columns-is-layout-47 wp-block-columns-is-layout-flex\">\n<div class=\"wp-block-column is-layout-flow wp-block-column-is-layout-flow\">\n<div class=\"wp-block-group has-small-font-size has-global-padding is-layout-constrained wp-container-core-group-is-layout-74 wp-block-group-is-layout-constrained\">\n<p><strong>Referentie : <strong>O&#8217;hara 834<\/strong><\/strong><\/p>\n\n\n\n<p><strong>Jaar : 2010<\/strong><\/p>\n\n\n\n<p><strong>Zitcapaciteit: 4\/6<\/strong><\/p>\n\n\n\n<p><strong>Afmetingen :<\/strong> <strong>8,30x4m<\/strong><\/p>\n<\/div>\n<\/div>\n\n\n\n<div class=\"wp-block-column is-layout-flow wp-block-column-is-layout-flow\">\n<div class=\"wp-block-group has-small-font-size has-global-padding is-layout-constrained wp-container-core-group-is-layout-75 wp-block-group-is-layout-constrained\">\n<p>Stacaravan met 2 slaapkamers<\/p>\n\n\n\n<p><br\/>Beschikbaarheid: Onmiddellijk Algemene staat: Goed<\/p>\n<\/div>\n<\/div>\n\n\n\n<div class=\"wp-block-column is-layout-flow wp-block-column-is-layout-flow\">\n<p class=\"has-text-align-center has-accent-color has-text-color has-link-color has-sogo-font-family has-large-font-size wp-elements-549f2fbd16fc87e776c7c8e1bd19eb0b\" style=\"font-style:normal;font-weight:400\">15.000 INCL. BTW<\/p>\n\n\n\n<div class=\"wp-block-buttons is-content-justification-center is-layout-flex wp-container-core-buttons-is-layout-24 wp-block-buttons-is-layout-flex\">\n<div class=\"wp-block-button has-custom-width wp-block-button__width-100 has-custom-font-size is-style-gt-contour-large has-medium-font-size\"><a class=\"wp-block-button__link has-accent-color has-text-color has-link-color wp-element-button\" href=\"https:\/\/camping-del-mar.com\/annonce\/mobil-home-ohara-834-4-6-personnes\/\" target=\"_blank\" rel=\"noreferrer noopener\">Meer info<\/a><\/div>\n<\/div>\n<\/div>\n<\/div>\n<\/div>\n<\/div>\n<\/div>\n\n\n\n<div class=\"wp-block-group alignfull gt-reveal has-accent-2-background-color has-background is-layout-flow wp-block-group-is-layout-flow\" style=\"padding-top:var(--wp--preset--spacing--40);padding-right:var(--wp--preset--spacing--40);padding-bottom:var(--wp--preset--spacing--40);padding-left:var(--wp--preset--spacing--40)\">\n<div class=\"wp-block-columns is-layout-flex wp-container-core-columns-is-layout-50 wp-block-columns-is-layout-flex\">\n<div class=\"wp-block-column is-layout-flow wp-block-column-is-layout-flow\" style=\"flex-basis:15rem\">\n<figure data-wp-context=\"{&quot;imageId&quot;:&quot;69f0b81c089cc&quot;}\" data-wp-interactive=\"core\/image\" class=\"wp-block-image size-full has-custom-border is-style-default wp-lightbox-container\"><img data-dominant-color=\"828175\" data-has-transparency=\"false\" decoding=\"async\" width=\"2100\" height=\"1575\" data-wp-class--hide=\"state.isContentHidden\" data-wp-class--show=\"state.isContentVisible\" data-wp-init=\"callbacks.setButtonStyles\" data-wp-on-async--click=\"actions.showLightbox\" data-wp-on-async--load=\"callbacks.setButtonStyles\" data-wp-on-async-window--resize=\"callbacks.setButtonStyles\" src=\"https:\/\/camping-del-mar.com\/wp-content\/uploads\/sites\/2\/2025\/01\/image00001-scaled.jpeg\" alt=\"Foto van het buitenterras\" class=\"wp-image-7458 not-transparent\" style=\"--dominant-color: #828175; border-radius:100%;aspect-ratio:1;object-fit:cover\" srcset=\"https:\/\/camping-del-mar.com\/wp-content\/uploads\/sites\/2\/2025\/01\/image00001-scaled.jpeg 2100w, https:\/\/camping-del-mar.com\/wp-content\/uploads\/sites\/2\/2025\/01\/image00001-300x225.jpeg 300w, https:\/\/camping-del-mar.com\/wp-content\/uploads\/sites\/2\/2025\/01\/image00001-1024x768.jpeg 1024w, https:\/\/camping-del-mar.com\/wp-content\/uploads\/sites\/2\/2025\/01\/image00001-768x576.jpeg 768w, https:\/\/camping-del-mar.com\/wp-content\/uploads\/sites\/2\/2025\/01\/image00001-1536x1152.jpeg 1536w, https:\/\/camping-del-mar.com\/wp-content\/uploads\/sites\/2\/2025\/01\/image00001-2048x1536.jpeg 2048w\" sizes=\"(max-width: 2100px) 100vw, 2100px\" \/><button\n\t\t\tclass=\"lightbox-trigger\"\n\t\t\ttype=\"button\"\n\t\t\taria-haspopup=\"dialog\"\n\t\t\taria-label=\"Vergroot afbeelding: Foto van het buitenterras\"\n\t\t\tdata-wp-init=\"callbacks.initTriggerButton\"\n\t\t\tdata-wp-on-async--click=\"actions.showLightbox\"\n\t\t\tdata-wp-style--right=\"state.imageButtonRight\"\n\t\t\tdata-wp-style--top=\"state.imageButtonTop\"\n\t\t>\n\t\t\t<svg xmlns=\"http:\/\/www.w3.org\/2000\/svg\" width=\"12\" height=\"12\" fill=\"none\" viewBox=\"0 0 12 12\">\n\t\t\t\t<path fill=\"#fff\" d=\"M2 0a2 2 0 0 0-2 2v2h1.5V2a.5.5 0 0 1 .5-.5h2V0H2Zm2 10.5H2a.5.5 0 0 1-.5-.5V8H0v2a2 2 0 0 0 2 2h2v-1.5ZM8 12v-1.5h2a.5.5 0 0 0 .5-.5V8H12v2a2 2 0 0 1-2 2H8Zm2-12a2 2 0 0 1 2 2v2h-1.5V2a.5.5 0 0 0-.5-.5H8V0h2Z\" \/>\n\t\t\t<\/svg>\n\t\t<\/button><\/figure>\n<\/div>\n\n\n\n<div class=\"wp-block-column is-layout-flow wp-block-column-is-layout-flow\" style=\"flex-basis:100%\"><h2 class=\"wp-block-heading has-large-font-size\" style=\"font-style:normal;font-weight:400;text-transform:uppercase\" id=\"stacaravan-ohara-834-3-slaapkamers\">Stacaravan O&#8217;hara 834 3 Slaapkamers<\/h2>\n\n\n<div class=\"wp-block-columns is-layout-flex wp-container-core-columns-is-layout-49 wp-block-columns-is-layout-flex\">\n<div class=\"wp-block-column is-layout-flow wp-block-column-is-layout-flow\">\n<div class=\"wp-block-group has-small-font-size has-global-padding is-layout-constrained wp-container-core-group-is-layout-77 wp-block-group-is-layout-constrained\">\n<p><strong>Referentie : <strong>O&#8217;hara 834<\/strong><\/strong><\/p>\n\n\n\n<p><strong>Jaar : 2010<\/strong><\/p>\n\n\n\n<p><strong>Zitplaatsen : 6<\/strong><\/p>\n\n\n\n<p><strong>Afmetingen :<\/strong> <strong>8,30x4m<\/strong><\/p>\n<\/div>\n<\/div>\n\n\n\n<div class=\"wp-block-column is-layout-flow wp-block-column-is-layout-flow\">\n<div class=\"wp-block-group has-small-font-size has-global-padding is-layout-constrained wp-container-core-group-is-layout-78 wp-block-group-is-layout-constrained\">\n<p>Stacaravan met 3 slaapkamers<\/p>\n\n\n\n<p><br\/>Beschikbaarheid: Onmiddellijk Algemene staat: Goed<\/p>\n<\/div>\n<\/div>\n\n\n\n<div class=\"wp-block-column is-layout-flow wp-block-column-is-layout-flow\">\n<p class=\"has-text-align-center has-accent-color has-text-color has-link-color has-sogo-font-family has-large-font-size wp-elements-549f2fbd16fc87e776c7c8e1bd19eb0b\" style=\"font-style:normal;font-weight:400\">15.000 INCL. BTW<\/p>\n\n\n\n<div class=\"wp-block-buttons is-content-justification-center is-layout-flex wp-container-core-buttons-is-layout-25 wp-block-buttons-is-layout-flex\">\n<div class=\"wp-block-button has-custom-width wp-block-button__width-100 has-custom-font-size is-style-gt-contour-large has-medium-font-size\"><a class=\"wp-block-button__link has-accent-color has-text-color has-link-color wp-element-button\" href=\"https:\/\/camping-del-mar.com\/annonce\/mobil-home-ohara-834-3-chambres-2\/\" target=\"_blank\" rel=\"noreferrer noopener\">Meer info<\/a><\/div>\n<\/div>\n<\/div>\n<\/div>\n<\/div>\n<\/div>\n<\/div>\n\n\n\n<div class=\"wp-block-group alignfull gt-reveal has-accent-2-background-color has-background is-layout-flow wp-block-group-is-layout-flow\" style=\"padding-top:var(--wp--preset--spacing--40);padding-right:var(--wp--preset--spacing--40);padding-bottom:var(--wp--preset--spacing--40);padding-left:var(--wp--preset--spacing--40)\">\n<div class=\"wp-block-columns is-layout-flex wp-container-core-columns-is-layout-52 wp-block-columns-is-layout-flex\">\n<div class=\"wp-block-column is-layout-flow wp-block-column-is-layout-flow\" style=\"flex-basis:15rem\">\n<figure data-wp-context=\"{&quot;imageId&quot;:&quot;69f0b81c09870&quot;}\" data-wp-interactive=\"core\/image\" class=\"wp-block-image size-full has-custom-border is-style-default wp-lightbox-container\"><img data-dominant-color=\"9a9b96\" data-has-transparency=\"false\" decoding=\"async\" width=\"2100\" height=\"1575\" data-wp-class--hide=\"state.isContentHidden\" data-wp-class--show=\"state.isContentVisible\" data-wp-init=\"callbacks.setButtonStyles\" data-wp-on-async--click=\"actions.showLightbox\" data-wp-on-async--load=\"callbacks.setButtonStyles\" data-wp-on-async-window--resize=\"callbacks.setButtonStyles\" src=\"https:\/\/camping-del-mar.com\/wp-content\/uploads\/sites\/2\/2025\/01\/image00001-2-scaled.jpeg\" alt=\"Foto van het perceel\" class=\"wp-image-7501 not-transparent\" style=\"--dominant-color: #9a9b96; border-radius:100%;aspect-ratio:1;object-fit:cover\" srcset=\"https:\/\/camping-del-mar.com\/wp-content\/uploads\/sites\/2\/2025\/01\/image00001-2-scaled.jpeg 2100w, https:\/\/camping-del-mar.com\/wp-content\/uploads\/sites\/2\/2025\/01\/image00001-2-300x225.jpeg 300w, https:\/\/camping-del-mar.com\/wp-content\/uploads\/sites\/2\/2025\/01\/image00001-2-1024x768.jpeg 1024w, https:\/\/camping-del-mar.com\/wp-content\/uploads\/sites\/2\/2025\/01\/image00001-2-768x576.jpeg 768w, https:\/\/camping-del-mar.com\/wp-content\/uploads\/sites\/2\/2025\/01\/image00001-2-1536x1152.jpeg 1536w, https:\/\/camping-del-mar.com\/wp-content\/uploads\/sites\/2\/2025\/01\/image00001-2-2048x1536.jpeg 2048w\" sizes=\"(max-width: 2100px) 100vw, 2100px\" \/><button\n\t\t\tclass=\"lightbox-trigger\"\n\t\t\ttype=\"button\"\n\t\t\taria-haspopup=\"dialog\"\n\t\t\taria-label=\"Vergroot afbeelding: Foto van het perceel\"\n\t\t\tdata-wp-init=\"callbacks.initTriggerButton\"\n\t\t\tdata-wp-on-async--click=\"actions.showLightbox\"\n\t\t\tdata-wp-style--right=\"state.imageButtonRight\"\n\t\t\tdata-wp-style--top=\"state.imageButtonTop\"\n\t\t>\n\t\t\t<svg xmlns=\"http:\/\/www.w3.org\/2000\/svg\" width=\"12\" height=\"12\" fill=\"none\" viewBox=\"0 0 12 12\">\n\t\t\t\t<path fill=\"#fff\" d=\"M2 0a2 2 0 0 0-2 2v2h1.5V2a.5.5 0 0 1 .5-.5h2V0H2Zm2 10.5H2a.5.5 0 0 1-.5-.5V8H0v2a2 2 0 0 0 2 2h2v-1.5ZM8 12v-1.5h2a.5.5 0 0 0 .5-.5V8H12v2a2 2 0 0 1-2 2H8Zm2-12a2 2 0 0 1 2 2v2h-1.5V2a.5.5 0 0 0-.5-.5H8V0h2Z\" \/>\n\t\t\t<\/svg>\n\t\t<\/button><\/figure>\n<\/div>\n\n\n\n<div class=\"wp-block-column is-layout-flow wp-block-column-is-layout-flow\" style=\"flex-basis:100%\"><h2 class=\"wp-block-heading has-large-font-size\" style=\"font-style:normal;font-weight:400;text-transform:uppercase\" id=\"stacaravan-ohara-834-6-personen\">Stacaravan O&#8217;hara 834 6 personen<\/h2>\n\n\n<div class=\"wp-block-columns is-layout-flex wp-container-core-columns-is-layout-51 wp-block-columns-is-layout-flex\">\n<div class=\"wp-block-column is-layout-flow wp-block-column-is-layout-flow\">\n<div class=\"wp-block-group has-small-font-size has-global-padding is-layout-constrained wp-container-core-group-is-layout-80 wp-block-group-is-layout-constrained\">\n<p><strong>Referentie : <strong>O&#8217;hara 834<\/strong><\/strong><\/p>\n\n\n\n<p><strong>Jaar : 2009<\/strong><\/p>\n\n\n\n<p><strong>Zitplaatsen : 6<\/strong><\/p>\n\n\n\n<p><strong>Afmetingen :<\/strong> <strong>8,30x4m<\/strong><\/p>\n<\/div>\n<\/div>\n\n\n\n<div class=\"wp-block-column is-layout-flow wp-block-column-is-layout-flow\">\n<div class=\"wp-block-group has-small-font-size has-global-padding is-layout-constrained wp-container-core-group-is-layout-81 wp-block-group-is-layout-constrained\">\n<p>Stacaravan met 3 slaapkamers<\/p>\n\n\n\n<p><br\/>Beschikbaarheid: Onmiddellijk Algemene staat: Goed<\/p>\n<\/div>\n<\/div>\n\n\n\n<div class=\"wp-block-column is-layout-flow wp-block-column-is-layout-flow\">\n<p class=\"has-text-align-center has-accent-color has-text-color has-link-color has-sogo-font-family has-large-font-size wp-elements-4295d85bdfc8c339a7fc562d9fdb7515\" style=\"font-style:normal;font-weight:400\">13.000 INCL. BTW<\/p>\n\n\n\n<div class=\"wp-block-buttons is-content-justification-center is-layout-flex wp-container-core-buttons-is-layout-26 wp-block-buttons-is-layout-flex\">\n<div class=\"wp-block-button has-custom-width wp-block-button__width-100 has-custom-font-size is-style-gt-contour-large has-medium-font-size\"><a class=\"wp-block-button__link has-accent-color has-text-color has-link-color wp-element-button\" href=\"https:\/\/camping-del-mar.com\/annonce\/mobil-home-ohara-834-3-chambres-6-personnes\/\" target=\"_blank\" rel=\"noreferrer noopener\">Meer info<\/a><\/div>\n<\/div>\n<\/div>\n<\/div>\n<\/div>\n<\/div>\n<\/div>\n\n\n\n<div class=\"wp-block-group alignfull gt-reveal has-accent-2-background-color has-background is-layout-flow wp-block-group-is-layout-flow\" style=\"padding-top:var(--wp--preset--spacing--40);padding-right:var(--wp--preset--spacing--40);padding-bottom:var(--wp--preset--spacing--40);padding-left:var(--wp--preset--spacing--40)\">\n<div class=\"wp-block-columns is-layout-flex wp-container-core-columns-is-layout-54 wp-block-columns-is-layout-flex\">\n<div class=\"wp-block-column is-layout-flow wp-block-column-is-layout-flow\" style=\"flex-basis:15rem\">\n<figure data-wp-context=\"{&quot;imageId&quot;:&quot;69f0b81c0a6a7&quot;}\" data-wp-interactive=\"core\/image\" class=\"wp-block-image size-full has-custom-border is-style-default wp-lightbox-container\"><img data-dominant-color=\"747663\" data-has-transparency=\"false\" decoding=\"async\" width=\"865\" height=\"865\" data-wp-class--hide=\"state.isContentHidden\" data-wp-class--show=\"state.isContentVisible\" data-wp-init=\"callbacks.setButtonStyles\" data-wp-on-async--click=\"actions.showLightbox\" data-wp-on-async--load=\"callbacks.setButtonStyles\" data-wp-on-async-window--resize=\"callbacks.setButtonStyles\" src=\"https:\/\/camping-del-mar.com\/wp-content\/uploads\/sites\/2\/2024\/10\/devenir-proprietaire-mobil-home-irm-lilas.webp\" alt=\"eigenaar worden van een stacaravan irm lilas\" class=\"wp-image-4724 not-transparent\" style=\"--dominant-color: #747663; border-radius:100%;aspect-ratio:1;object-fit:cover\" srcset=\"https:\/\/camping-del-mar.com\/wp-content\/uploads\/sites\/2\/2024\/10\/devenir-proprietaire-mobil-home-irm-lilas.webp 865w, https:\/\/camping-del-mar.com\/wp-content\/uploads\/sites\/2\/2024\/10\/devenir-proprietaire-mobil-home-irm-lilas-300x300.webp 300w, https:\/\/camping-del-mar.com\/wp-content\/uploads\/sites\/2\/2024\/10\/devenir-proprietaire-mobil-home-irm-lilas-150x150.webp 150w, https:\/\/camping-del-mar.com\/wp-content\/uploads\/sites\/2\/2024\/10\/devenir-proprietaire-mobil-home-irm-lilas-768x768.webp 768w, https:\/\/camping-del-mar.com\/wp-content\/uploads\/sites\/2\/2024\/10\/devenir-proprietaire-mobil-home-irm-lilas-400x400.webp 400w, https:\/\/camping-del-mar.com\/wp-content\/uploads\/sites\/2\/2024\/10\/devenir-proprietaire-mobil-home-irm-lilas-600x600.webp 600w\" sizes=\"(max-width: 865px) 100vw, 865px\" \/><button\n\t\t\tclass=\"lightbox-trigger\"\n\t\t\ttype=\"button\"\n\t\t\taria-haspopup=\"dialog\"\n\t\t\taria-label=\"Vergroot afbeelding: eigenaar worden van een stacaravan irm lilas\"\n\t\t\tdata-wp-init=\"callbacks.initTriggerButton\"\n\t\t\tdata-wp-on-async--click=\"actions.showLightbox\"\n\t\t\tdata-wp-style--right=\"state.imageButtonRight\"\n\t\t\tdata-wp-style--top=\"state.imageButtonTop\"\n\t\t>\n\t\t\t<svg xmlns=\"http:\/\/www.w3.org\/2000\/svg\" width=\"12\" height=\"12\" fill=\"none\" viewBox=\"0 0 12 12\">\n\t\t\t\t<path fill=\"#fff\" d=\"M2 0a2 2 0 0 0-2 2v2h1.5V2a.5.5 0 0 1 .5-.5h2V0H2Zm2 10.5H2a.5.5 0 0 1-.5-.5V8H0v2a2 2 0 0 0 2 2h2v-1.5ZM8 12v-1.5h2a.5.5 0 0 0 .5-.5V8H12v2a2 2 0 0 1-2 2H8Zm2-12a2 2 0 0 1 2 2v2h-1.5V2a.5.5 0 0 0-.5-.5H8V0h2Z\" \/>\n\t\t\t<\/svg>\n\t\t<\/button><\/figure>\n<\/div>\n\n\n\n<div class=\"wp-block-column is-layout-flow wp-block-column-is-layout-flow\" style=\"flex-basis:100%\"><h2 class=\"wp-block-heading has-large-font-size\" style=\"font-style:normal;font-weight:400;text-transform:uppercase\" id=\"stacaravan-irm-lilas\">Stacaravan IRM LILAS<\/h2>\n\n\n<div class=\"wp-block-columns is-layout-flex wp-container-core-columns-is-layout-53 wp-block-columns-is-layout-flex\">\n<div class=\"wp-block-column is-layout-flow wp-block-column-is-layout-flow\">\n<div class=\"wp-block-group has-small-font-size has-global-padding is-layout-constrained wp-container-core-group-is-layout-83 wp-block-group-is-layout-constrained\">\n<p><strong>Referentie : <strong>Irm <strong>Lilas<\/strong><\/strong><\/strong><\/p>\n\n\n\n<p><strong>Jaar: 2024<\/strong><\/p>\n\n\n\n<p><strong>Zitplaatsen : 6<\/strong><\/p>\n\n\n\n<p><strong>Afmetingen :<\/strong> <strong>10,60x4m <\/strong> <\/p>\n<\/div>\n<\/div>\n\n\n\n<div class=\"wp-block-column is-layout-flow wp-block-column-is-layout-flow\">\n<div class=\"wp-block-group has-small-font-size has-global-padding is-layout-constrained wp-container-core-group-is-layout-84 wp-block-group-is-layout-constrained\">\n<p class=\"has-text-color has-link-color has-large-font-size wp-elements-7a67c19d417a1a43385646cc189a88c4\" style=\"color:#ff0000\"><strong>VERKOCHT<\/strong><\/p>\n<\/div>\n<\/div>\n\n\n\n<div class=\"wp-block-column is-layout-flow wp-block-column-is-layout-flow\"><\/div>\n<\/div>\n<\/div>\n<\/div>\n<\/div>\n\n\n\n<div class=\"wp-block-group alignfull gt-reveal has-accent-2-background-color has-background is-layout-flow wp-block-group-is-layout-flow\" style=\"padding-top:var(--wp--preset--spacing--40);padding-right:var(--wp--preset--spacing--40);padding-bottom:var(--wp--preset--spacing--40);padding-left:var(--wp--preset--spacing--40)\">\n<div class=\"wp-block-columns is-layout-flex wp-container-core-columns-is-layout-56 wp-block-columns-is-layout-flex\">\n<div class=\"wp-block-column is-layout-flow wp-block-column-is-layout-flow\" style=\"flex-basis:15rem\">\n<figure data-wp-context=\"{&quot;imageId&quot;:&quot;69f0b81c0b1e4&quot;}\" data-wp-interactive=\"core\/image\" class=\"wp-block-image size-full has-custom-border is-style-default wp-lightbox-container\"><img data-dominant-color=\"898968\" data-has-transparency=\"false\" decoding=\"async\" width=\"865\" height=\"865\" data-wp-class--hide=\"state.isContentHidden\" data-wp-class--show=\"state.isContentVisible\" data-wp-init=\"callbacks.setButtonStyles\" data-wp-on-async--click=\"actions.showLightbox\" data-wp-on-async--load=\"callbacks.setButtonStyles\" data-wp-on-async-window--resize=\"callbacks.setButtonStyles\" src=\"https:\/\/camping-del-mar.com\/wp-content\/uploads\/sites\/2\/2024\/10\/devenir-proprietaire-argeles-sur-mer-mobil-home-irm-violette.webp\" alt=\"eigenaar worden argeles sur mer stacaravan irm violette\" class=\"wp-image-3833 not-transparent\" style=\"--dominant-color: #898968; border-radius:100%;aspect-ratio:1;object-fit:cover\" srcset=\"https:\/\/camping-del-mar.com\/wp-content\/uploads\/sites\/2\/2024\/10\/devenir-proprietaire-argeles-sur-mer-mobil-home-irm-violette.webp 865w, https:\/\/camping-del-mar.com\/wp-content\/uploads\/sites\/2\/2024\/10\/devenir-proprietaire-argeles-sur-mer-mobil-home-irm-violette-300x300.webp 300w, https:\/\/camping-del-mar.com\/wp-content\/uploads\/sites\/2\/2024\/10\/devenir-proprietaire-argeles-sur-mer-mobil-home-irm-violette-150x150.webp 150w, https:\/\/camping-del-mar.com\/wp-content\/uploads\/sites\/2\/2024\/10\/devenir-proprietaire-argeles-sur-mer-mobil-home-irm-violette-768x768.webp 768w, https:\/\/camping-del-mar.com\/wp-content\/uploads\/sites\/2\/2024\/10\/devenir-proprietaire-argeles-sur-mer-mobil-home-irm-violette-400x400.webp 400w, https:\/\/camping-del-mar.com\/wp-content\/uploads\/sites\/2\/2024\/10\/devenir-proprietaire-argeles-sur-mer-mobil-home-irm-violette-600x600.webp 600w\" sizes=\"(max-width: 865px) 100vw, 865px\" \/><button\n\t\t\tclass=\"lightbox-trigger\"\n\t\t\ttype=\"button\"\n\t\t\taria-haspopup=\"dialog\"\n\t\t\taria-label=\"Vergroot afbeelding: eigenaar worden argeles sur mer stacaravan irm violette\"\n\t\t\tdata-wp-init=\"callbacks.initTriggerButton\"\n\t\t\tdata-wp-on-async--click=\"actions.showLightbox\"\n\t\t\tdata-wp-style--right=\"state.imageButtonRight\"\n\t\t\tdata-wp-style--top=\"state.imageButtonTop\"\n\t\t>\n\t\t\t<svg xmlns=\"http:\/\/www.w3.org\/2000\/svg\" width=\"12\" height=\"12\" fill=\"none\" viewBox=\"0 0 12 12\">\n\t\t\t\t<path fill=\"#fff\" d=\"M2 0a2 2 0 0 0-2 2v2h1.5V2a.5.5 0 0 1 .5-.5h2V0H2Zm2 10.5H2a.5.5 0 0 1-.5-.5V8H0v2a2 2 0 0 0 2 2h2v-1.5ZM8 12v-1.5h2a.5.5 0 0 0 .5-.5V8H12v2a2 2 0 0 1-2 2H8Zm2-12a2 2 0 0 1 2 2v2h-1.5V2a.5.5 0 0 0-.5-.5H8V0h2Z\" \/>\n\t\t\t<\/svg>\n\t\t<\/button><\/figure>\n<\/div>\n\n\n\n<div class=\"wp-block-column is-layout-flow wp-block-column-is-layout-flow\" style=\"flex-basis:100%\"><h2 class=\"wp-block-heading has-large-font-size\" style=\"font-style:normal;font-weight:400;text-transform:uppercase\" id=\"mobil-home-irm-violet\">Mobil Home IRM violet<\/h2>\n\n\n<div class=\"wp-block-columns is-layout-flex wp-container-core-columns-is-layout-55 wp-block-columns-is-layout-flex\">\n<div class=\"wp-block-column is-layout-flow wp-block-column-is-layout-flow\">\n<div class=\"wp-block-group has-small-font-size has-global-padding is-layout-constrained wp-container-core-group-is-layout-86 wp-block-group-is-layout-constrained\">\n<p><strong>Referentie : Irm Violette<\/strong><\/p>\n\n\n\n<p><strong>Jaar: 2022<\/strong><\/p>\n\n\n\n<p><strong>Zitplaatsen : 6<\/strong><\/p>\n\n\n\n<p><strong>Afmetingen :<\/strong> <strong>10,60x4m<\/strong><\/p>\n<\/div>\n<\/div>\n\n\n\n<div class=\"wp-block-column is-layout-flow wp-block-column-is-layout-flow\">\n<div class=\"wp-block-group has-small-font-size has-global-padding is-layout-constrained wp-container-core-group-is-layout-87 wp-block-group-is-layout-constrained\">\n<p class=\"has-text-color has-link-color has-large-font-size wp-elements-7a67c19d417a1a43385646cc189a88c4\" style=\"color:#ff0000\"><strong>VERKOCHT<\/strong><\/p>\n<\/div>\n<\/div>\n\n\n\n<div class=\"wp-block-column is-layout-flow wp-block-column-is-layout-flow\"><\/div>\n<\/div>\n<\/div>\n<\/div>\n<\/div>\n\n\n\n<div class=\"wp-block-group alignfull gt-reveal has-accent-2-background-color has-background is-layout-flow wp-block-group-is-layout-flow\" style=\"padding-top:var(--wp--preset--spacing--40);padding-right:var(--wp--preset--spacing--40);padding-bottom:var(--wp--preset--spacing--40);padding-left:var(--wp--preset--spacing--40)\">\n<div class=\"wp-block-columns is-layout-flex wp-container-core-columns-is-layout-59 wp-block-columns-is-layout-flex\">\n<div class=\"wp-block-column is-layout-flow wp-block-column-is-layout-flow\" style=\"flex-basis:15rem\">\n<figure data-wp-context=\"{&quot;imageId&quot;:&quot;69f0b81c0bcbb&quot;}\" data-wp-interactive=\"core\/image\" class=\"wp-block-image size-full has-custom-border is-style-default wp-lightbox-container\"><img data-dominant-color=\"6c6e6c\" data-has-transparency=\"false\" decoding=\"async\" width=\"2100\" height=\"1575\" data-wp-class--hide=\"state.isContentHidden\" data-wp-class--show=\"state.isContentVisible\" data-wp-init=\"callbacks.setButtonStyles\" data-wp-on-async--click=\"actions.showLightbox\" data-wp-on-async--load=\"callbacks.setButtonStyles\" data-wp-on-async-window--resize=\"callbacks.setButtonStyles\" src=\"https:\/\/camping-del-mar.com\/wp-content\/uploads\/sites\/2\/2024\/12\/image00001-4-scaled.jpeg\" alt=\"Foto van het perceel met stacaravans\" class=\"wp-image-6433 not-transparent\" style=\"--dominant-color: #6c6e6c; border-radius:100%;aspect-ratio:1;object-fit:cover\" srcset=\"https:\/\/camping-del-mar.com\/wp-content\/uploads\/sites\/2\/2024\/12\/image00001-4-scaled.jpeg 2100w, https:\/\/camping-del-mar.com\/wp-content\/uploads\/sites\/2\/2024\/12\/image00001-4-300x225.jpeg 300w, https:\/\/camping-del-mar.com\/wp-content\/uploads\/sites\/2\/2024\/12\/image00001-4-1024x768.jpeg 1024w, https:\/\/camping-del-mar.com\/wp-content\/uploads\/sites\/2\/2024\/12\/image00001-4-768x576.jpeg 768w, https:\/\/camping-del-mar.com\/wp-content\/uploads\/sites\/2\/2024\/12\/image00001-4-1536x1152.jpeg 1536w, https:\/\/camping-del-mar.com\/wp-content\/uploads\/sites\/2\/2024\/12\/image00001-4-2048x1536.jpeg 2048w\" sizes=\"(max-width: 2100px) 100vw, 2100px\" \/><button\n\t\t\tclass=\"lightbox-trigger\"\n\t\t\ttype=\"button\"\n\t\t\taria-haspopup=\"dialog\"\n\t\t\taria-label=\"Vergroot afbeelding: Foto van het perceel met stacaravans\"\n\t\t\tdata-wp-init=\"callbacks.initTriggerButton\"\n\t\t\tdata-wp-on-async--click=\"actions.showLightbox\"\n\t\t\tdata-wp-style--right=\"state.imageButtonRight\"\n\t\t\tdata-wp-style--top=\"state.imageButtonTop\"\n\t\t>\n\t\t\t<svg xmlns=\"http:\/\/www.w3.org\/2000\/svg\" width=\"12\" height=\"12\" fill=\"none\" viewBox=\"0 0 12 12\">\n\t\t\t\t<path fill=\"#fff\" d=\"M2 0a2 2 0 0 0-2 2v2h1.5V2a.5.5 0 0 1 .5-.5h2V0H2Zm2 10.5H2a.5.5 0 0 1-.5-.5V8H0v2a2 2 0 0 0 2 2h2v-1.5ZM8 12v-1.5h2a.5.5 0 0 0 .5-.5V8H12v2a2 2 0 0 1-2 2H8Zm2-12a2 2 0 0 1 2 2v2h-1.5V2a.5.5 0 0 0-.5-.5H8V0h2Z\" \/>\n\t\t\t<\/svg>\n\t\t<\/button><\/figure>\n<\/div>\n\n\n\n<div class=\"wp-block-column is-layout-flow wp-block-column-is-layout-flow\" style=\"flex-basis:100%\"><h2 class=\"wp-block-heading has-large-font-size\" style=\"font-style:normal;font-weight:400;text-transform:uppercase\" id=\"stacaravan-ohara-834-2-slaapkamers\">Stacaravan O&#8217;hara 834 2 Slaapkamers<\/h2>\n\n\n<div class=\"wp-block-columns is-layout-flex wp-container-core-columns-is-layout-57 wp-block-columns-is-layout-flex\">\n<div class=\"wp-block-column is-layout-flow wp-block-column-is-layout-flow\">\n<div class=\"wp-block-group has-small-font-size has-global-padding is-layout-constrained wp-container-core-group-is-layout-89 wp-block-group-is-layout-constrained\">\n<p><strong>Referentie : O&#8217;hara 834<\/strong><\/p>\n\n\n\n<p><strong>Jaar: 2012<\/strong><\/p>\n\n\n\n<p><strong>Zitcapaciteit: 4\/6<\/strong><\/p>\n\n\n\n<p><strong>Afmetingen :<\/strong> <strong>8,30x4m<\/strong><\/p>\n<\/div>\n<\/div>\n\n\n\n<div class=\"wp-block-column is-layout-flow wp-block-column-is-layout-flow\">\n<div class=\"wp-block-group has-small-font-size has-global-padding is-layout-constrained wp-container-core-group-is-layout-90 wp-block-group-is-layout-constrained\">\n<p class=\"has-text-color has-link-color has-large-font-size wp-elements-7a67c19d417a1a43385646cc189a88c4\" style=\"color:#ff0000\"><strong>VERKOCHT<\/strong><\/p>\n<\/div>\n<\/div>\n\n\n\n<div class=\"wp-block-column is-layout-flow wp-block-column-is-layout-flow\"><\/div>\n<\/div>\n\n\n\n<div class=\"wp-block-columns is-layout-flex wp-container-core-columns-is-layout-58 wp-block-columns-is-layout-flex\">\n<div class=\"wp-block-column is-layout-flow wp-block-column-is-layout-flow\"><\/div>\n<\/div>\n<\/div>\n<\/div>\n<\/div>\n\n\n\n<div class=\"wp-block-group alignfull gt-reveal has-accent-2-background-color has-background is-layout-flow wp-block-group-is-layout-flow\" style=\"padding-top:var(--wp--preset--spacing--40);padding-right:var(--wp--preset--spacing--40);padding-bottom:var(--wp--preset--spacing--40);padding-left:var(--wp--preset--spacing--40)\">\n<div class=\"wp-block-columns is-layout-flex wp-container-core-columns-is-layout-61 wp-block-columns-is-layout-flex\">\n<div class=\"wp-block-column is-layout-flow wp-block-column-is-layout-flow\" style=\"flex-basis:15rem\">\n<figure data-wp-context=\"{&quot;imageId&quot;:&quot;69f0b81c0c902&quot;}\" data-wp-interactive=\"core\/image\" class=\"wp-block-image size-full has-custom-border is-style-default wp-lightbox-container\"><img data-dominant-color=\"4076aa\" data-has-transparency=\"false\" decoding=\"async\" width=\"865\" height=\"865\" data-wp-class--hide=\"state.isContentHidden\" data-wp-class--show=\"state.isContentVisible\" data-wp-init=\"callbacks.setButtonStyles\" data-wp-on-async--click=\"actions.showLightbox\" data-wp-on-async--load=\"callbacks.setButtonStyles\" data-wp-on-async-window--resize=\"callbacks.setButtonStyles\" src=\"https:\/\/camping-del-mar.com\/wp-content\/uploads\/sites\/2\/2024\/10\/devenir-proprietaire-argeles-sur-mer-mobil-home-o-hara-3-chambres-2008-834.webp\" alt=\"eigenaar worden argeles sur mer stacaravan o hara 3 slaapkamers 2008 834\" class=\"wp-image-3837 not-transparent\" style=\"--dominant-color: #4076aa; border-radius:100%;aspect-ratio:1;object-fit:cover\" srcset=\"https:\/\/camping-del-mar.com\/wp-content\/uploads\/sites\/2\/2024\/10\/devenir-proprietaire-argeles-sur-mer-mobil-home-o-hara-3-chambres-2008-834.webp 865w, https:\/\/camping-del-mar.com\/wp-content\/uploads\/sites\/2\/2024\/10\/devenir-proprietaire-argeles-sur-mer-mobil-home-o-hara-3-chambres-2008-834-300x300.webp 300w, https:\/\/camping-del-mar.com\/wp-content\/uploads\/sites\/2\/2024\/10\/devenir-proprietaire-argeles-sur-mer-mobil-home-o-hara-3-chambres-2008-834-150x150.webp 150w, https:\/\/camping-del-mar.com\/wp-content\/uploads\/sites\/2\/2024\/10\/devenir-proprietaire-argeles-sur-mer-mobil-home-o-hara-3-chambres-2008-834-768x768.webp 768w, https:\/\/camping-del-mar.com\/wp-content\/uploads\/sites\/2\/2024\/10\/devenir-proprietaire-argeles-sur-mer-mobil-home-o-hara-3-chambres-2008-834-400x400.webp 400w, https:\/\/camping-del-mar.com\/wp-content\/uploads\/sites\/2\/2024\/10\/devenir-proprietaire-argeles-sur-mer-mobil-home-o-hara-3-chambres-2008-834-600x600.webp 600w\" sizes=\"(max-width: 865px) 100vw, 865px\" \/><button\n\t\t\tclass=\"lightbox-trigger\"\n\t\t\ttype=\"button\"\n\t\t\taria-haspopup=\"dialog\"\n\t\t\taria-label=\"Vergroot afbeelding: eigenaar worden argeles sur mer stacaravan o hara 3 slaapkamers 2008 834\"\n\t\t\tdata-wp-init=\"callbacks.initTriggerButton\"\n\t\t\tdata-wp-on-async--click=\"actions.showLightbox\"\n\t\t\tdata-wp-style--right=\"state.imageButtonRight\"\n\t\t\tdata-wp-style--top=\"state.imageButtonTop\"\n\t\t>\n\t\t\t<svg xmlns=\"http:\/\/www.w3.org\/2000\/svg\" width=\"12\" height=\"12\" fill=\"none\" viewBox=\"0 0 12 12\">\n\t\t\t\t<path fill=\"#fff\" d=\"M2 0a2 2 0 0 0-2 2v2h1.5V2a.5.5 0 0 1 .5-.5h2V0H2Zm2 10.5H2a.5.5 0 0 1-.5-.5V8H0v2a2 2 0 0 0 2 2h2v-1.5ZM8 12v-1.5h2a.5.5 0 0 0 .5-.5V8H12v2a2 2 0 0 1-2 2H8Zm2-12a2 2 0 0 1 2 2v2h-1.5V2a.5.5 0 0 0-.5-.5H8V0h2Z\" \/>\n\t\t\t<\/svg>\n\t\t<\/button><\/figure>\n<\/div>\n\n\n\n<div class=\"wp-block-column is-layout-flow wp-block-column-is-layout-flow\" style=\"flex-basis:100%\"><h2 class=\"wp-block-heading has-large-font-size\" style=\"font-style:normal;font-weight:400;text-transform:uppercase\" id=\"stacaravan-ohara-3-slaapkamers-2008-834\">Stacaravan O&#8217;hara 3 slaapkamers 2008 &#8211; 834<\/h2>\n\n\n<div class=\"wp-block-columns is-layout-flex wp-container-core-columns-is-layout-60 wp-block-columns-is-layout-flex\">\n<div class=\"wp-block-column is-layout-flow wp-block-column-is-layout-flow\">\n<div class=\"wp-block-group has-small-font-size has-global-padding is-layout-constrained wp-container-core-group-is-layout-92 wp-block-group-is-layout-constrained\">\n<p><strong>Referentie : <strong>830 DEL MAR<\/strong><\/strong><\/p>\n\n\n\n<p><strong>Jaar : 2008<\/strong><\/p>\n\n\n\n<p><strong>Zitplaatsen : 6<\/strong><\/p>\n\n\n\n<p><strong>Afmetingen :<\/strong> <strong>8,30x4m<\/strong><\/p>\n<\/div>\n<\/div>\n\n\n\n<div class=\"wp-block-column is-layout-flow wp-block-column-is-layout-flow\">\n<div class=\"wp-block-group has-small-font-size has-global-padding is-layout-constrained wp-container-core-group-is-layout-93 wp-block-group-is-layout-constrained\">\n<p class=\"has-text-color has-link-color has-large-font-size wp-elements-7a67c19d417a1a43385646cc189a88c4\" style=\"color:#ff0000\"><strong>VERKOCHT<\/strong><\/p>\n<\/div>\n<\/div>\n\n\n\n<div class=\"wp-block-column is-layout-flow wp-block-column-is-layout-flow\"><\/div>\n<\/div>\n<\/div>\n<\/div>\n<\/div>\n<\/div>\n\n<div style=\"height:4rem\" aria-hidden=\"true\" class=\"wp-block-spacer gt-hide-mobile\"><\/div>\n\n<div class=\"wp-block-group alignfull has-global-padding is-layout-constrained wp-block-group-is-layout-constrained\">\n<div style=\"height:6rem\" aria-hidden=\"true\" class=\"wp-block-spacer gt-hide-mobile\"><\/div>\n<\/div>\n\n<div class=\"wp-block-group alignfull is-layout-flow wp-block-group-is-layout-flow\" style=\"padding-bottom:0\">\n<div class=\"wp-block-group alignwide animated fadeIn slower is-layout-flow wp-block-group-is-layout-flow\" style=\"margin-top:0;margin-bottom:-33px;padding-right:0;padding-left:0\">\n<p class=\"gt-sliding-text has-contrast-3-color has-text-color has-link-color has-sogo-font-family wp-elements-0424d45594c3032313355a4c14d99a00\" style=\"margin-top:0;margin-right:0;margin-bottom:0;margin-left:0;font-size:7vw;font-style:normal;font-weight:300;line-height:1;text-transform:uppercase\">DE CAMPING<\/p>\n<\/div>\n\n\n\n<div class=\"wp-block-group gt-break-mobile is-layout-grid wp-container-core-group-is-layout-101 wp-block-group-is-layout-grid\" style=\"border-radius:2rem\">\n<div\n\tstyle=\"border-radius:0rem;\" class=\"gt-maillage-2 wp-block-gt-gt-fse-maillage\"\tdata-wp-interactive=\"gt\/maillage\"\n\tdata-wp-on--click=\"actions.ctaLoad\"\n\tdata-wp-context='{\"radius\":\"0rem\",\"hover_bg_color\":\"#132f44\",\"hover_text_color\":\"#ffffff\",\"hover_image_opacity\":0.5}'>\t\n\n\t\n\t\t\t\t\t\t\t\t\t<div \n\t\t\t\tclass=\"gt-fse-maillage-link gt-fse-maillage-image-zoom gt-fse-maillage-hover-background-color gt-fse-maillage-hover-text-color\"\n\t\t\t\tstyle=\"border-radius: 0rem\"\n\t\t\t\tdata-wp-on-async--mouseover=\"actions.mouseover\"\n\t\t\t>\n\t\t\t\t\t\t\t\t\t\t\t\n<div class=\"wp-block-group is-layout-flow wp-block-group-is-layout-flow\">\n<div style=\"aspect-ratio:16\/9;min-height:unset;\" class=\"wp-block-cover is-light has-custom-content-position is-position-bottom-right has-aspect-ratio\"><span aria-hidden=\"true\" class=\"wp-block-cover__background has-black-background-color has-background-dim\"><\/span><img decoding=\"async\" width=\"1920\" height=\"434\" src=\"https:\/\/camping-del-mar.com\/wp-content\/uploads\/sites\/2\/2024\/10\/camping-familial-argeles-sur-mer-del-mar.webp\" class=\"wp-block-cover__image-background not-transparent wp-post-image\" alt=\"familiecamping argeles-sur-mer del mar\" data-object-fit=\"cover\" srcset=\"https:\/\/camping-del-mar.com\/wp-content\/uploads\/sites\/2\/2024\/10\/camping-familial-argeles-sur-mer-del-mar.webp 1920w, https:\/\/camping-del-mar.com\/wp-content\/uploads\/sites\/2\/2024\/10\/camping-familial-argeles-sur-mer-del-mar-300x68.webp 300w, https:\/\/camping-del-mar.com\/wp-content\/uploads\/sites\/2\/2024\/10\/camping-familial-argeles-sur-mer-del-mar-1024x231.webp 1024w, https:\/\/camping-del-mar.com\/wp-content\/uploads\/sites\/2\/2024\/10\/camping-familial-argeles-sur-mer-del-mar-768x174.webp 768w, https:\/\/camping-del-mar.com\/wp-content\/uploads\/sites\/2\/2024\/10\/camping-familial-argeles-sur-mer-del-mar-1536x347.webp 1536w\" sizes=\"(max-width: 1920px) 100vw, 1920px\" data-has-transparency=\"false\" data-dominant-color=\"b3a285\" style=\"--dominant-color: #b3a285;\" \/><div class=\"wp-block-cover__inner-container has-global-padding is-layout-constrained wp-block-cover-is-layout-constrained\">\n\n\n\n<p style=\"font-weight:700;text-transform:uppercase;\" class=\"wp-elements-1d85624d063a7cb35988b7ee9856f738 wp-block-gt-gt-fse-maillage-titre has-text-color has-base-color has-large-font-size has-sogo-font-family\">\n    Geniet van 4-sterrenservice op onze gezinscamping in Argel\u00e8s-sur-Mer<\/p>\n\n<\/div><\/div>\n<\/div>\n\t\t\t\t\t\t\t<\/div>\n\t\t\t\t\t\t\t\t\t\t\t<div \n\t\t\t\tclass=\"gt-fse-maillage-link gt-fse-maillage-image-zoom gt-fse-maillage-hover-background-color gt-fse-maillage-hover-text-color\"\n\t\t\t\tstyle=\"border-radius: 0rem\"\n\t\t\t\tdata-wp-on-async--mouseover=\"actions.mouseover\"\n\t\t\t>\n\t\t\t\t\t\t\t\t\t\t\t\n<div class=\"wp-block-group is-layout-flow wp-block-group-is-layout-flow\">\n<div style=\"aspect-ratio:16\/9;min-height:unset;\" class=\"wp-block-cover is-light has-custom-content-position is-position-bottom-right has-aspect-ratio\"><span aria-hidden=\"true\" class=\"wp-block-cover__background has-black-background-color has-background-dim\"><\/span><img decoding=\"async\" width=\"1920\" height=\"434\" src=\"https:\/\/camping-del-mar.com\/wp-content\/uploads\/sites\/2\/2024\/10\/camping-histoire-argeles-sur-mer-del-mar.webp\" class=\"wp-block-cover__image-background not-transparent wp-post-image\" alt=\"camping geschiedenis argeles-sur-mer del mar\" data-object-fit=\"cover\" srcset=\"https:\/\/camping-del-mar.com\/wp-content\/uploads\/sites\/2\/2024\/10\/camping-histoire-argeles-sur-mer-del-mar.webp 1920w, https:\/\/camping-del-mar.com\/wp-content\/uploads\/sites\/2\/2024\/10\/camping-histoire-argeles-sur-mer-del-mar-300x68.webp 300w, https:\/\/camping-del-mar.com\/wp-content\/uploads\/sites\/2\/2024\/10\/camping-histoire-argeles-sur-mer-del-mar-1024x231.webp 1024w, https:\/\/camping-del-mar.com\/wp-content\/uploads\/sites\/2\/2024\/10\/camping-histoire-argeles-sur-mer-del-mar-768x174.webp 768w, https:\/\/camping-del-mar.com\/wp-content\/uploads\/sites\/2\/2024\/10\/camping-histoire-argeles-sur-mer-del-mar-1536x347.webp 1536w\" sizes=\"(max-width: 1920px) 100vw, 1920px\" data-has-transparency=\"false\" data-dominant-color=\"8b8d90\" style=\"--dominant-color: #8b8d90;\" \/><div class=\"wp-block-cover__inner-container has-global-padding is-layout-constrained wp-block-cover-is-layout-constrained\">\n\n\n\n<p style=\"font-weight:700;text-transform:uppercase;\" class=\"wp-elements-1d85624d063a7cb35988b7ee9856f738 wp-block-gt-gt-fse-maillage-titre has-text-color has-base-color has-large-font-size has-sogo-font-family\">\n    Een camping met diepe wortels sinds 1970<\/p>\n\n<\/div><\/div>\n<\/div>\n\t\t\t\t\t\t\t<\/div>\n\t\t\t\t\t\t\t\t\t\t\t<div \n\t\t\t\tclass=\"gt-fse-maillage-link gt-fse-maillage-image-zoom gt-fse-maillage-hover-background-color gt-fse-maillage-hover-text-color\"\n\t\t\t\tstyle=\"border-radius: 0rem\"\n\t\t\t\tdata-wp-on-async--mouseover=\"actions.mouseover\"\n\t\t\t>\n\t\t\t\t\t\t\t\t\t\t\t\n<div class=\"wp-block-group is-layout-flow wp-block-group-is-layout-flow\">\n<div style=\"aspect-ratio:16\/9;min-height:unset;\" class=\"wp-block-cover is-light has-custom-content-position is-position-bottom-right has-aspect-ratio\"><span aria-hidden=\"true\" class=\"wp-block-cover__background has-black-background-color has-background-dim\"><\/span><img decoding=\"async\" width=\"1920\" height=\"434\" src=\"https:\/\/camping-del-mar.com\/wp-content\/uploads\/sites\/2\/2024\/10\/camping-espace-aquatique-argeles-sur-mer-del-mar.webp\" class=\"wp-block-cover__image-background not-transparent wp-post-image\" alt=\"camping watergebied\" data-object-fit=\"cover\" srcset=\"https:\/\/camping-del-mar.com\/wp-content\/uploads\/sites\/2\/2024\/10\/camping-espace-aquatique-argeles-sur-mer-del-mar.webp 1920w, https:\/\/camping-del-mar.com\/wp-content\/uploads\/sites\/2\/2024\/10\/camping-espace-aquatique-argeles-sur-mer-del-mar-300x68.webp 300w, https:\/\/camping-del-mar.com\/wp-content\/uploads\/sites\/2\/2024\/10\/camping-espace-aquatique-argeles-sur-mer-del-mar-1024x231.webp 1024w, https:\/\/camping-del-mar.com\/wp-content\/uploads\/sites\/2\/2024\/10\/camping-espace-aquatique-argeles-sur-mer-del-mar-768x174.webp 768w, https:\/\/camping-del-mar.com\/wp-content\/uploads\/sites\/2\/2024\/10\/camping-espace-aquatique-argeles-sur-mer-del-mar-1536x347.webp 1536w\" sizes=\"(max-width: 1920px) 100vw, 1920px\" data-has-transparency=\"false\" data-dominant-color=\"556c5e\" style=\"--dominant-color: #556c5e;\" \/><div class=\"wp-block-cover__inner-container has-global-padding is-layout-constrained wp-block-cover-is-layout-constrained\">\n\n\n\n<p style=\"font-weight:700;text-transform:uppercase;\" class=\"wp-elements-1d85624d063a7cb35988b7ee9856f738 wp-block-gt-gt-fse-maillage-titre has-text-color has-base-color has-large-font-size has-sogo-font-family\">\n    Een camping met zwemparadijs voor een onvergetelijke vakantie in Argel\u00e8s-sur-Mer<\/p>\n\n<\/div><\/div>\n<\/div>\n\t\t\t\t\t\t\t<\/div>\n\t\t\t\t\t\t\t\t<\/div><\/div>\n\n\n\n<div style=\"height:6rem\" aria-hidden=\"true\" class=\"wp-block-spacer\"><\/div>\n<\/div>\n","protected":false},"excerpt":{"rendered":"<p>Je tweede huis in Argel\u00e8s-sur-Mer Camping Del Mar in de Pyr\u00e9n\u00e9es-Orientales wordt al 50 jaar door dezelfde familie gerund, sinds de camping in 1970 werd opgericht door Ghislaine en Alain Quillevere. Tegenwoordig wordt de camping gerund door hun kleinkinderen Benjamin en Nicolas. Wij zijn al meer dan 20 jaar gespecialiseerd in de verkoop van stacaravans. [&hellip;]<\/p>\n","protected":false},"author":1,"featured_media":6891,"parent":0,"menu_order":0,"comment_status":"closed","ping_status":"closed","template":"","meta":{"_acf_changed":false,"_seopress_robots_primary_cat":"","_seopress_titles_title":"Stacaravans te koop om huiseigenaar te worden in Argel\u00e8s-sur-Mer","_seopress_titles_desc":"Word eigenaar van een tweede huis in Argel\u00e8s-sur-Mer: ontdek onze stacaravans te koop om het hele jaar door van te genieten in de Pyr\u00e9n\u00e9es-Orientales","_seopress_robots_index":"","_gt_ctv_global_id":"","_gt_ctv_id_group":false,"inline_featured_image":false,"gt_fse_maillage_image":"https:\/\/camping-del-mar.com\/wp-content\/uploads\/sites\/2\/2024\/10\/devenir-proprietaire-camping-del-mar.webp","gt_fse_maillage_titre":"Word eigenaar van een stacaravan in de Pyr\u00e9n\u00e9es-Orientales","gt_fse_maillage_resume":"","_gt_maillage_image":0,"_gt_maillage_video":0,"_gt_maillage_title":"","footnotes":""},"categories":[],"tags":[],"class_list":["post-6889","page","type-page","status-publish","has-post-thumbnail","hentry"],"acf":[],"_links":{"self":[{"href":"https:\/\/camping-del-mar.com\/nl\/wp-json\/wp\/v2\/pages\/6889","targetHints":{"allow":["GET"]}}],"collection":[{"href":"https:\/\/camping-del-mar.com\/nl\/wp-json\/wp\/v2\/pages"}],"about":[{"href":"https:\/\/camping-del-mar.com\/nl\/wp-json\/wp\/v2\/types\/page"}],"author":[{"embeddable":true,"href":"https:\/\/camping-del-mar.com\/nl\/wp-json\/wp\/v2\/users\/1"}],"replies":[{"embeddable":true,"href":"https:\/\/camping-del-mar.com\/nl\/wp-json\/wp\/v2\/comments?post=6889"}],"version-history":[{"count":21,"href":"https:\/\/camping-del-mar.com\/nl\/wp-json\/wp\/v2\/pages\/6889\/revisions"}],"predecessor-version":[{"id":7752,"href":"https:\/\/camping-del-mar.com\/nl\/wp-json\/wp\/v2\/pages\/6889\/revisions\/7752"}],"wp:featuredmedia":[{"embeddable":true,"href":"https:\/\/camping-del-mar.com\/nl\/wp-json\/wp\/v2\/media\/6891"}],"wp:attachment":[{"href":"https:\/\/camping-del-mar.com\/nl\/wp-json\/wp\/v2\/media?parent=6889"}],"wp:term":[{"taxonomy":"category","embeddable":true,"href":"https:\/\/camping-del-mar.com\/nl\/wp-json\/wp\/v2\/categories?post=6889"},{"taxonomy":"post_tag","embeddable":true,"href":"https:\/\/camping-del-mar.com\/nl\/wp-json\/wp\/v2\/tags?post=6889"}],"curies":[{"name":"wp","href":"https:\/\/api.w.org\/{rel}","templated":true}]}}