{"id":6862,"date":"2024-09-27T09:36:49","date_gmt":"2024-09-27T07:36:49","guid":{"rendered":"https:\/\/camping-del-mar.com\/bar-restaurant-argeles-sur-mer\/"},"modified":"2025-01-13T14:46:35","modified_gmt":"2025-01-13T13:46:35","slug":"cafe-restaurant-argeles-sur-mer","status":"publish","type":"page","link":"https:\/\/camping-del-mar.com\/nl\/cafe-restaurant-argeles-sur-mer\/","title":{"rendered":"Geniet van je vakantie in restaurant Bistrot Del Mar in de Pyrenee\u00ebn-Orientales"},"content":{"rendered":"\n<div class=\"wp-block-group alignfull gt-reveal has-global-padding is-layout-constrained wp-container-core-group-is-layout-5 wp-block-group-is-layout-constrained\">\n<div style=\"height:6rem\" aria-hidden=\"true\" class=\"wp-block-spacer\"><\/div>\n\n\n\n<div class=\"wp-block-group alignwide gt-break-mobile gt-reverse-mobile is-nowrap is-layout-flex wp-container-core-group-is-layout-4 wp-block-group-is-layout-flex\">\n<div class=\"wp-block-group has-global-padding is-layout-constrained wp-block-group-is-layout-constrained\">\n<div class=\"wp-block-group is-layout-flow wp-block-group-is-layout-flow\" style=\"padding-right:var(--wp--preset--spacing--30);padding-left:var(--wp--preset--spacing--30)\">\n<div style=\"height:10rem\" aria-hidden=\"true\" class=\"wp-block-spacer gt-hide-mobile\"><\/div>\n\n\n\n<figure class=\"wp-block-image aligncenter size-full gt-reveal-down wp-duotone-132f44-132f44-1\"><img data-dominant-color=\"b15526\" data-has-transparency=\"true\" style=\"--dominant-color: #b15526;\" decoding=\"async\" width=\"43\" height=\"21\" src=\"https:\/\/campingclosduthym.com\/wp-content\/uploads\/sites\/5\/2024\/08\/separator.png\" alt=\"scheider\" class=\"wp-image-150 has-transparency\"\/><\/figure>\n\n\n<h2 class=\"wp-block-heading has-text-align-center gt-reveal-down has-accent-color has-text-color has-link-color wp-elements-311a406a02aaa77b0b4560401140702b\" id=\"een-restaurant-met-een-terras-dat-voor-iedereen-toegankelijk-is-in-argeles-sur-mer\">Een restaurant met een terras dat voor iedereen toegankelijk is in Argel\u00e8s-sur-Mer<\/h2>\n\n\n<p class=\"has-text-align-center gt-reveal-down has-medium-font-size\">Het <strong>restaurant &#8220;Bistrot Del Mar&#8221; op <\/strong><a href=\"https:\/\/camping-del-mar.com\/nl\/\">camping Del Mar in Argel\u00e8s-sur-Mer<\/a> belooft een gastronomische vakantie omringd door eeuwenoude olijfbomen en palmbomen.<\/p>\n\n\n\n<p class=\"has-text-align-center gt-reveal-down has-medium-font-size\">Bistrot del Mar is een <strong>culinair pareltje<\/strong> genesteld in het hart van een pittoreske camping. Dit restaurant verwent de smaakpapillen met zijn <strong>authentieke mediterrane keuken<\/strong>, met <strong>zonovergoten smaken<\/strong> en <strong>verse ingredi\u00ebnten<\/strong>. De <strong>warme, gezellige sfeer<\/strong> van de plek cre\u00ebert een gastvrije ambiance die gasten uitnodigt om elke hap te proeven in volledige ontspanning, onder de fonkelende sterren van de camping. Met familie of vrienden, de &#8220;Bistrot del Mar&#8221; biedt een <strong>gezellige ervaring<\/strong> in een <strong>rustgevende natuurlijke omgeving<\/strong>.   <\/p>\n\n\n\n<p class=\"has-text-align-center gt-reveal-down has-medium-font-size\">Buiten het seizoen kun je genieten van het <strong>gezellige interieur<\/strong> met <strong>uitzicht op de tuin<\/strong> van de Antin\u00e9a residentie.<\/p>\n\n\n\n<p class=\"has-text-align-center gt-reveal-down has-medium-font-size\">Ons restaurant is <strong>voor iedereen geopend van april tot eind september<\/strong>.<\/p>\n<\/div>\n<\/div>\n\n\n\n<div class=\"wp-block-group wp-container-content-1 is-layout-flow wp-block-group-is-layout-flow\">\n<figure class=\"wp-block-image size-full gt-reveal\"><img data-dominant-color=\"848b7c\" data-has-transparency=\"false\" style=\"--dominant-color: #848b7c;\" decoding=\"async\" width=\"640\" height=\"961\" src=\"https:\/\/camping-del-mar.com\/wp-content\/uploads\/sites\/2\/2024\/11\/restaurant-avec-terrasse-les-pieds-dans-l-eau.webp\" alt=\"restaurant aan het water met terras\" class=\"wp-image-5521 not-transparent\" srcset=\"https:\/\/camping-del-mar.com\/wp-content\/uploads\/sites\/2\/2024\/11\/restaurant-avec-terrasse-les-pieds-dans-l-eau.webp 640w, https:\/\/camping-del-mar.com\/wp-content\/uploads\/sites\/2\/2024\/11\/restaurant-avec-terrasse-les-pieds-dans-l-eau-200x300.webp 200w\" sizes=\"(max-width: 640px) 100vw, 640px\" \/><\/figure>\n<\/div>\n<\/div>\n<\/div>\n\n<div class=\"wp-block-group alignfull gt-reveal has-global-padding is-layout-constrained wp-container-core-group-is-layout-10 wp-block-group-is-layout-constrained\">\n<div style=\"height:6rem\" aria-hidden=\"true\" class=\"wp-block-spacer\"><\/div>\n\n\n\n<div class=\"wp-block-group alignwide gt-break-mobile is-nowrap is-layout-flex wp-container-core-group-is-layout-9 wp-block-group-is-layout-flex\">\n<div class=\"wp-block-group wp-container-content-2 is-layout-flow wp-block-group-is-layout-flow\">\n<figure class=\"wp-block-image size-full gt-reveal\"><img data-dominant-color=\"828774\" data-has-transparency=\"false\" style=\"--dominant-color: #828774;\" decoding=\"async\" width=\"640\" height=\"960\" src=\"https:\/\/camping-del-mar.com\/wp-content\/uploads\/sites\/2\/2024\/11\/table-mediterraneenne-avec-produits-de-terroir.webp\" alt=\"Mediterrane tafel met lokale producten\" class=\"wp-image-5523 not-transparent\" srcset=\"https:\/\/camping-del-mar.com\/wp-content\/uploads\/sites\/2\/2024\/11\/table-mediterraneenne-avec-produits-de-terroir.webp 640w, https:\/\/camping-del-mar.com\/wp-content\/uploads\/sites\/2\/2024\/11\/table-mediterraneenne-avec-produits-de-terroir-200x300.webp 200w\" sizes=\"(max-width: 640px) 100vw, 640px\" \/><\/figure>\n<\/div>\n\n\n\n<div class=\"wp-block-group has-global-padding is-layout-constrained wp-block-group-is-layout-constrained\">\n<div class=\"wp-block-group is-layout-flow wp-block-group-is-layout-flow\" style=\"padding-right:var(--wp--preset--spacing--30);padding-left:var(--wp--preset--spacing--30)\">\n<div style=\"height:10rem\" aria-hidden=\"true\" class=\"wp-block-spacer gt-hide-mobile\"><\/div>\n\n\n\n<figure class=\"wp-block-image aligncenter size-full gt-reveal-down wp-duotone-132f44-132f44-2\"><img data-dominant-color=\"b15526\" data-has-transparency=\"true\" style=\"--dominant-color: #b15526;\" decoding=\"async\" width=\"43\" height=\"21\" src=\"https:\/\/campingclosduthym.com\/wp-content\/uploads\/sites\/5\/2024\/08\/separator.png\" alt=\"scheider\" class=\"wp-image-150 has-transparency\"\/><\/figure>\n\n\n<h2 class=\"wp-block-heading has-text-align-center gt-reveal-down has-accent-color has-text-color has-link-color wp-elements-550faafa9f0f219c762ef17acf8ef5f9\" id=\"een-gezellige-mediterrane-tafel\">Een gezellige mediterrane tafel<\/h2>\n\n\n<p class=\"has-text-align-center gt-reveal-down has-medium-font-size\">Ons menu is <strong>aangepast aan het tempo van de dag<\/strong>.<\/p>\n\n\n\n<p class=\"has-text-align-center gt-reveal-down has-medium-font-size\">Onze chef en zijn team verwelkomen je het hele seizoen door.<\/p>\n\n\n\n<p class=\"has-text-align-center gt-reveal-down has-medium-font-size\">We willen je graag verwelkomen in een <strong>familiaire sfeer<\/strong>.<\/p>\n\n\n\n<p class=\"has-text-align-center gt-reveal-down has-medium-font-size\">Geniet van een <strong>uitzonderlijke omgeving<\/strong>.<\/p>\n\n\n\n<div style=\"height:2rem\" aria-hidden=\"true\" class=\"wp-block-spacer is-style-gt-hide-mobile\"><\/div>\n<\/div>\n<\/div>\n<\/div>\n<\/div>\n\n<div class=\"wp-block-group alignfull gt-reveal is-nowrap is-layout-flex wp-container-core-group-is-layout-13 wp-block-group-is-layout-flex\" id=\"snack\">\n<div class=\"wp-block-cover is-light gt-hide-mobile wp-container-content-3\" style=\"min-height:100vh;aspect-ratio:unset;\"><span aria-hidden=\"true\" class=\"wp-block-cover__background has-background-dim-20 has-background-dim\"><\/span><img data-dominant-color=\"a0938c\" data-has-transparency=\"false\" style=\"--dominant-color: #a0938c;\" decoding=\"async\" width=\"381\" height=\"781\" class=\"wp-block-cover__image-background wp-image-5525 not-transparent\" alt=\"snacks\" src=\"https:\/\/camping-del-mar.com\/wp-content\/uploads\/sites\/2\/2024\/11\/snacks.webp\" data-object-fit=\"cover\" srcset=\"https:\/\/camping-del-mar.com\/wp-content\/uploads\/sites\/2\/2024\/11\/snacks.webp 381w, https:\/\/camping-del-mar.com\/wp-content\/uploads\/sites\/2\/2024\/11\/snacks-146x300.webp 146w\" sizes=\"(max-width: 381px) 100vw, 381px\" \/><div class=\"wp-block-cover__inner-container has-global-padding is-layout-constrained wp-block-cover-is-layout-constrained\">\n<p class=\"has-text-align-center has-large-font-size\"><\/p>\n<\/div><\/div>\n\n\n\n<div class=\"wp-block-cover has-custom-content-position is-position-top-center wp-container-content-4\" style=\"padding-top:0;padding-bottom:0;min-height:100vh;aspect-ratio:unset;\"><span aria-hidden=\"true\" class=\"wp-block-cover__background has-background-dim-20 has-background-dim\"><\/span><img data-dominant-color=\"998a79\" data-has-transparency=\"false\" decoding=\"async\" width=\"1514\" height=\"781\" class=\"wp-block-cover__image-background wp-image-5527 not-transparent\" alt=\"service snacking pour se regaler\" src=\"https:\/\/camping-del-mar.com\/wp-content\/uploads\/sites\/2\/2024\/11\/service-snacking-pour-se-regaler.webp\" style=\"--dominant-color: #998a79; object-position:50% 50%\" data-object-fit=\"cover\" data-object-position=\"50% 50%\" srcset=\"https:\/\/camping-del-mar.com\/wp-content\/uploads\/sites\/2\/2024\/11\/service-snacking-pour-se-regaler.webp 1514w, https:\/\/camping-del-mar.com\/wp-content\/uploads\/sites\/2\/2024\/11\/service-snacking-pour-se-regaler-300x155.webp 300w, https:\/\/camping-del-mar.com\/wp-content\/uploads\/sites\/2\/2024\/11\/service-snacking-pour-se-regaler-1024x528.webp 1024w, https:\/\/camping-del-mar.com\/wp-content\/uploads\/sites\/2\/2024\/11\/service-snacking-pour-se-regaler-768x396.webp 768w\" sizes=\"(max-width: 1514px) 100vw, 1514px\" \/><div class=\"wp-block-cover__inner-container has-global-padding is-layout-constrained wp-block-cover-is-layout-constrained\">\n<div class=\"wp-block-group gt-reveal-down has-global-padding is-layout-constrained wp-container-core-group-is-layout-12 wp-block-group-is-layout-constrained\">\n<div class=\"wp-block-group has-contrast-3-background-color has-background is-layout-flow wp-block-group-is-layout-flow\" style=\"min-height:12rem\"><\/div>\n<\/div>\n\n\n\n<figure class=\"wp-block-image aligncenter size-full gt-reveal-down wp-duotone-e5e0ce-ffffff-3\"><img data-dominant-color=\"b15526\" data-has-transparency=\"true\" style=\"--dominant-color: #b15526;\" decoding=\"async\" width=\"43\" height=\"21\" src=\"https:\/\/campingclosduthym.com\/wp-content\/uploads\/sites\/5\/2024\/08\/separator.png\" alt=\"scheider\" class=\"wp-image-150 has-transparency\"\/><\/figure>\n\n\n\n<div style=\"height:1rem\" aria-hidden=\"true\" class=\"wp-block-spacer\"><\/div>\n\n\n<h2 class=\"wp-block-heading has-text-align-center has-base-color has-text-color has-link-color has-large-font-size wp-elements-c39ba17abce2675c7eea050ea11edf38\" id=\"een-snackpauze-met-uitzicht-op-het-zwembad\">Een snackpauze met uitzicht op het zwembad<\/h2>\n\n\n<p class=\"has-text-align-center has-base-color has-text-color has-link-color has-medium-font-size wp-elements-5834a157ea34c63ef0ff05a686273e94\"><strong>Honger<\/strong> na het zwemmen?<\/p>\n\n\n\n<p class=\"has-text-align-center has-base-color has-text-color has-link-color has-medium-font-size wp-elements-5548dc80a79b34240aa9bee099cfd833\">Je kunt genieten van cr\u00eapes, panini&#8217;s en impulsijsjes op ons mooie terras met uitzicht op het zwembad. Versheid en lichtheid zijn aan de orde van de dag. <\/p>\n\n\n\n<div style=\"height:var(--wp--preset--spacing--40)\" aria-hidden=\"true\" class=\"wp-block-spacer\"><\/div>\n<\/div><\/div>\n<\/div>\n\n<div class=\"wp-block-group alignfull gt-break-mobile is-content-justification-right is-nowrap is-layout-flex wp-container-core-group-is-layout-19 wp-block-group-is-layout-flex\">\n<div class=\"wp-block-group alignwide gt-absolute-text gt-hide-mobile wp-container-content-5 is-horizontal is-content-justification-right is-nowrap is-layout-flex wp-container-core-group-is-layout-14 wp-block-group-is-layout-flex\" style=\"margin-top:0;padding-right:0;padding-left:0\">\n<p class=\"gt-sliding-text-y has-contrast-3-color has-text-color has-link-color has-sogo-font-family wp-elements-2703502242c3474ab33a5ee55c1af0b0\" style=\"margin-top:0;margin-right:0;margin-bottom:0;margin-left:0;font-size:7vw;font-style:normal;font-weight:300;line-height:1;text-transform:uppercase\">Onze kamer<\/p>\n<\/div>\n\n\n\n<div class=\"wp-block-group has-accent-2-background-color has-background wp-container-content-6 has-global-padding is-content-justification-center is-layout-constrained wp-block-group-is-layout-constrained\">\n<div class=\"wp-block-group alignwide is-layout-flow wp-block-group-is-layout-flow\" style=\"padding-top:0;padding-right:var(--wp--preset--spacing--60);padding-bottom:var(--wp--preset--spacing--30);padding-left:var(--wp--preset--spacing--60)\">\n<div class=\"wp-block-group gt-reveal-down has-global-padding is-layout-constrained wp-container-core-group-is-layout-16 wp-block-group-is-layout-constrained\" style=\"margin-top:-3rem\">\n<div class=\"wp-block-group has-contrast-3-background-color has-background is-layout-flow wp-block-group-is-layout-flow\" style=\"min-height:6rem\"><\/div>\n<\/div>\n\n\n\n<figure class=\"wp-block-image aligncenter size-full gt-reveal-down wp-duotone-132f44-132f44-4\"><img data-dominant-color=\"b15526\" data-has-transparency=\"true\" style=\"--dominant-color: #b15526;\" decoding=\"async\" width=\"43\" height=\"21\" src=\"https:\/\/campingclosduthym.com\/wp-content\/uploads\/sites\/5\/2024\/08\/separator.png\" alt=\"scheider\" class=\"wp-image-150 has-transparency\"\/><\/figure>\n\n\n<h2 class=\"wp-block-heading alignwide has-text-align-center gt-reveal-down has-accent-color has-text-color has-link-color wp-elements-72ce7ec94dd67a78d78b4a32bfb5277d\" id=\"een-afhaalservice-zodat-je-kunt-eten-waar-je-maar-wilt\">Een afhaalservice zodat je kunt eten waar je maar wilt<\/h2>\n\n\n<p class=\"has-text-align-center gt-reveal-down has-medium-font-size\">Met onze <strong>afhaalservice<\/strong> kun je genieten van onze heerlijke gerechten, heet van de grill, klaar om verslonden te worden. Geniet van een verscheidenheid aan gerechten, van knapperige <strong>zelfgemaakte pizza&#8217;s <\/strong>tot <strong>gouden frietjes<\/strong> en sappige <strong>gebraden kip<\/strong>. <\/p>\n\n\n\n<p class=\"has-text-align-center gt-reveal-down has-medium-font-size\">We staan voor je klaar <strong>van half juni tot half september<\/strong>, zodat je tijdens het hele hoogseizoen van deze services kunt profiteren.<\/p>\n\n\n\n<p class=\"has-text-align-center gt-reveal-down has-medium-font-size\">In Del Mar Village maken we van elk moment een gastronomische en praktische ervaring. Ontdek de <strong>smaken van Cataloni\u00eb<\/strong> tijdens je verblijf in de Pyr\u00e9n\u00e9es-Orientales. <\/p>\n<\/div>\n\n\n\n<div style=\"height:6rem;width:0px\" aria-hidden=\"true\" class=\"wp-block-spacer\"><\/div>\n<\/div>\n<\/div>\n\n<div class=\"wp-block-group alignfull has-global-padding is-layout-constrained wp-block-group-is-layout-constrained\">\n<div style=\"height:6rem\" aria-hidden=\"true\" class=\"wp-block-spacer\"><\/div>\n\n\n\n<div class=\"wp-block-group alignfull gt-reveal gt-break-mobile gt-reverse-mobile is-content-justification-center is-nowrap is-layout-flex wp-container-core-group-is-layout-26 wp-block-group-is-layout-flex\">\n<div class=\"wp-block-group is-nowrap is-layout-flex wp-container-core-group-is-layout-24 wp-block-group-is-layout-flex\" style=\"padding-right:var(--wp--preset--spacing--20);padding-left:var(--wp--preset--spacing--20)\">\n<div class=\"wp-block-group has-global-padding is-layout-constrained wp-block-group-is-layout-constrained\">\n<div class=\"wp-block-group animated fadeInDown slow gt-reveal-down has-global-padding is-layout-constrained wp-container-core-group-is-layout-21 wp-block-group-is-layout-constrained\">\n<div class=\"wp-block-group gt-reveal-down has-contrast-3-background-color has-background is-layout-flow wp-block-group-is-layout-flow\" style=\"min-height:30rem\"><\/div>\n<\/div>\n\n\n\n<figure class=\"wp-block-image aligncenter size-full gt-reveal-down wp-duotone-e5e0ce-ffffff-5\"><img data-dominant-color=\"b15526\" data-has-transparency=\"true\" style=\"--dominant-color: #b15526;\" decoding=\"async\" width=\"43\" height=\"21\" src=\"https:\/\/campingclosduthym.com\/wp-content\/uploads\/sites\/5\/2024\/08\/separator.png\" alt=\"scheider\" class=\"wp-image-150 has-transparency\"\/><\/figure>\n<\/div>\n\n\n\n<div class=\"wp-block-group has-global-padding is-layout-constrained wp-block-group-is-layout-constrained\"><h2 class=\"wp-block-heading has-accent-color has-text-color has-link-color wp-elements-02a3d54d5b860499be6cf4218c4158d8\" id=\"profiteer-van-onze-overdekte-hal-om-wat-quality-time-met-ons-door-te-brengen\">Profiteer van onze overdekte hal om wat quality time met ons door te brengen<\/h2>\n\n\n<p class=\"has-medium-font-size\">Onze overdekte eetzaal, met zorg en elegantie ingericht, nodigt je uit om te genieten van onvergetelijke momenten met familie en vrienden. Ontworpen om een warme, vriendelijke omgeving te bieden, combineert het een eigentijdse stijl met mediterrane accenten, waardoor een unieke sfeer ontstaat die bevorderlijk is voor ontspanning. <\/p>\n\n\n\n<p class=\"has-medium-font-size\">In een omgeving waar elk detail telt, kunt u genieten van onze specialiteiten in een comfortabele en gastvrije omgeving, of het nu gaat om een eenvoudige lunch of een intiemer diner. Ons attente team staat tot uw beschikking om van uw bezoek aan de Bistrot del Mar een smakelijke en gezellige ervaring te maken, waar plezier en delen op de eerste plaats komen. <\/p>\n\n\n    <div id=\"gt-fse-lire-plus-69f0b7747b855\" class=\"gt-fse-lire-plus\" data-min-height=\"130\" style=\"background-color: #fff;\">\n        <input id=\"gt-fse-lire-plus-69f0b7747b855-toggle\" type=\"checkbox\" class=\"gt-fse-lire-plus__toggle\" \/>\n        <label for=\"gt-fse-lire-plus-69f0b7747b855-toggle\" class=\"gt-fse-lire-plus__toggle-label\">\n            <span>Meer lezen<\/span>\n            <span>Minder lezen<\/span>\n        <\/label>\n        <div class=\"gt-fse-lire-plus__content\" style=\"height: 130px;\">\n            \n\n<p class=\"m-b-0 has-medium-font-size\"><strong>Een gezellige omgeving voor je lunch<\/strong><br\/>Ons restaurant verwelkomt je in een warme en vriendelijke omgeving, perfect voor een moment van ontspanning met familie of vrienden, of voor een zakelijke bijeenkomst. Onze overdekte eetzaal biedt een rustige, aangename plek om van je <strong>lunch<\/strong> te genieten. <\/p>\n\n\n\n<p class=\"has-medium-font-size\"><strong><strong>Lunch voor alle smaken<\/strong><\/strong> <br\/>Of je nu van een <strong>lichte lunch<\/strong> houdt of liever een <strong>stevige maaltijd<\/strong> eet om de middag goed te beginnen, ons menu heeft voor elk wat wils. Onze opties omvatten ook vegetarische en glutenvrije alternatieven, zodat iedereen kan genieten volgens zijn eigen voorkeuren en dieetwensen. <\/p>\n\n\n\n<p class=\"has-medium-font-size\"><strong><strong>Reserveer je lunch vandaag<\/strong><\/strong> <br\/>Als je bij ons je <strong>lunch<\/strong> boekt, gun je jezelf een pauze die plezier en gezelligheid combineert.<\/p>\n\n\n\n<p class=\"has-medium-font-size\">Wacht niet langer, kom ons restaurant ontdekken en laat je verleiden door <strong>lokale producten <\/strong>in een gastvrije sfeer. Reserveer nu om zeker te zijn van een tafel! <\/p>\n\n            <div class=\"gt-fse-lire-plus__gradient\" style=\"background: linear-gradient(to bottom,rgba(255,255,255,0) 0%,rgba(255,255,255,1) 100%);\"><\/div>\n        <\/div>\n    <\/div>\n    <\/div>\n<\/div>\n\n\n\n<div class=\"wp-block-group is-vertical is-layout-flex wp-container-core-group-is-layout-25 wp-block-group-is-layout-flex\">\n<div style=\"height:6rem;width:0px\" aria-hidden=\"true\" class=\"wp-block-spacer wp-container-content-7\"><\/div>\n\n\n\n<figure class=\"wp-block-image size-full\"><img data-dominant-color=\"785922\" data-has-transparency=\"false\" style=\"--dominant-color: #785922;\" decoding=\"async\" width=\"1032\" height=\"500\" src=\"https:\/\/camping-del-mar.com\/wp-content\/uploads\/sites\/2\/2024\/11\/profitez-de-notre-salle-interieure-pour-passer-d-agreables-moments.webp\" alt=\"maak gebruik van onze overdekte hal om aangename momenten door te brengen\" class=\"wp-image-5254 not-transparent\" srcset=\"https:\/\/camping-del-mar.com\/wp-content\/uploads\/sites\/2\/2024\/11\/profitez-de-notre-salle-interieure-pour-passer-d-agreables-moments.webp 1032w, https:\/\/camping-del-mar.com\/wp-content\/uploads\/sites\/2\/2024\/11\/profitez-de-notre-salle-interieure-pour-passer-d-agreables-moments-300x145.webp 300w, https:\/\/camping-del-mar.com\/wp-content\/uploads\/sites\/2\/2024\/11\/profitez-de-notre-salle-interieure-pour-passer-d-agreables-moments-1024x496.webp 1024w, https:\/\/camping-del-mar.com\/wp-content\/uploads\/sites\/2\/2024\/11\/profitez-de-notre-salle-interieure-pour-passer-d-agreables-moments-768x372.webp 768w\" sizes=\"(max-width: 1032px) 100vw, 1032px\" \/><\/figure>\n\n\n\n<figure class=\"wp-block-image size-full\"><img data-dominant-color=\"8a7f63\" data-has-transparency=\"false\" style=\"--dominant-color: #8a7f63;\" decoding=\"async\" width=\"1032\" height=\"500\" src=\"https:\/\/camping-del-mar.com\/wp-content\/uploads\/sites\/2\/2024\/11\/notre-salle-interieure.webp\" alt=\"onze binnenkamer\" class=\"wp-image-5257 not-transparent\" srcset=\"https:\/\/camping-del-mar.com\/wp-content\/uploads\/sites\/2\/2024\/11\/notre-salle-interieure.webp 1032w, https:\/\/camping-del-mar.com\/wp-content\/uploads\/sites\/2\/2024\/11\/notre-salle-interieure-300x145.webp 300w, https:\/\/camping-del-mar.com\/wp-content\/uploads\/sites\/2\/2024\/11\/notre-salle-interieure-1024x496.webp 1024w, https:\/\/camping-del-mar.com\/wp-content\/uploads\/sites\/2\/2024\/11\/notre-salle-interieure-768x372.webp 768w\" sizes=\"(max-width: 1032px) 100vw, 1032px\" \/><\/figure>\n<\/div>\n<\/div>\n\n\n\n<div style=\"height:6rem\" aria-hidden=\"true\" class=\"wp-block-spacer\"><\/div>\n<\/div>\n\n<div class=\"wp-block-group alignfull has-global-padding is-layout-constrained wp-block-group-is-layout-constrained\" id=\"bar\">\n<div class=\"wp-block-group alignfull gt-reveal gt-break-mobile is-content-justification-center is-nowrap is-layout-flex wp-container-core-group-is-layout-30 wp-block-group-is-layout-flex\">\n<figure class=\"wp-block-image size-full\"><img data-dominant-color=\"c5aa8c\" data-has-transparency=\"false\" style=\"--dominant-color: #c5aa8c;\" decoding=\"async\" width=\"662\" height=\"531\" src=\"https:\/\/camping-del-mar.com\/wp-content\/uploads\/sites\/2\/2024\/11\/boisson-rafraichissante-au-bar-1.webp\" alt=\"een verfrissend drankje aan de bar\" class=\"wp-image-5530 not-transparent\" srcset=\"https:\/\/camping-del-mar.com\/wp-content\/uploads\/sites\/2\/2024\/11\/boisson-rafraichissante-au-bar-1.webp 662w, https:\/\/camping-del-mar.com\/wp-content\/uploads\/sites\/2\/2024\/11\/boisson-rafraichissante-au-bar-1-300x241.webp 300w\" sizes=\"(max-width: 662px) 100vw, 662px\" \/><\/figure>\n\n\n\n<div class=\"wp-block-group is-nowrap is-layout-flex wp-container-core-group-is-layout-29 wp-block-group-is-layout-flex\" style=\"padding-right:var(--wp--preset--spacing--20);padding-left:var(--wp--preset--spacing--20)\">\n<div class=\"wp-block-group has-global-padding is-layout-constrained wp-block-group-is-layout-constrained\"><h2 class=\"wp-block-heading has-accent-color has-text-color has-link-color wp-elements-fc5585f7baa459db9c28a8eed9c5d489\" id=\"drink-een-verfrissend-drankje-aan-de-bar-bij-het-zwembad\">Drink een verfrissend drankje aan de bar bij het zwembad<\/h2>\n\n\n<p class=\"has-medium-font-size\">In de bar Bistrot Del Mar heb je een <strong>prachtig uitzicht op het zwembad van<\/strong> camping Del Mar. Laat je wiegen door de <strong>loungesfeer<\/strong> in onze bar, met een <strong>verfrissend drankje<\/strong> of een <strong>gastronomische pauze<\/strong>: cr\u00eapes, granita, ijs&#8230; <\/p>\n\n\n\n<p class=\"has-medium-font-size\">Geniet van <strong>heerlijke cocktails<\/strong> op onze comfortabele banken. Je kunt ook de hele dag door genieten van een <strong>snackmenu<\/strong>. <\/p>\n\n\n\n<p class=\"has-medium-font-size\">Laat je &#8217;s avonds leiden door de muzikanten tijdens een <a href=\"https:\/\/camping-del-mar.com\/nl\/camping-activiteiten-animaties-argeles-sur-mer\/#soirees-animees\">concert of dans<\/a>.<\/p>\n\n\n\n<p class=\"has-medium-font-size\">Om <strong>18.00 uur<\/strong> is de bar &#8220;Le bistrot Del Mar&#8221; de place to be voor een aperitief in Argel\u00e8s-sur-Mer!<\/p>\n<\/div>\n<\/div>\n<\/div>\n\n\n\n<div class=\"wp-block-group alignfull gt-reveal gt-break-mobile gt-reverse-mobile is-content-justification-center is-nowrap is-layout-flex wp-container-core-group-is-layout-33 wp-block-group-is-layout-flex\">\n<div class=\"wp-block-group is-nowrap is-layout-flex wp-container-core-group-is-layout-32 wp-block-group-is-layout-flex\" style=\"padding-right:var(--wp--preset--spacing--20);padding-left:var(--wp--preset--spacing--20)\">\n<div class=\"wp-block-group has-global-padding is-layout-constrained wp-block-group-is-layout-constrained\">\n<p class=\"has-medium-font-size\">We bieden elke dag een <strong>&#8216;Happy Hour&#8217; van 11 tot 12 uur &#8217;s ochtends en van 18 tot 20 uur &#8217;s avonds!<\/strong> In <strong>juli en augustus<\/strong> gaat er niets boven de vakantie om je te vermaken met een <strong>aperitiefspel <\/strong>georganiseerd door onze gastheer.<\/p>\n\n\n\n<p class=\"has-medium-font-size\">De Del Mar bistro is de ideale plek om een <strong>gezellig moment<\/strong> door te brengen!<\/p>\n\n\n\n<p class=\"has-medium-font-size\"><a href=\"https:\/\/camping-del-mar.com\/nl\/camping-activiteiten-animaties-argeles-sur-mer\/#animations\">De bar kijkt uit op de animatieruimte<\/a> en <strong>heeft uitzicht op het zwembad en het waterpark<\/strong> van de camping. We bieden een breed scala aan <strong>drankjes en cocktails<\/strong>! <\/p>\n\n\n\n<p class=\"has-medium-font-size\">Het is een <strong>loungebar<\/strong> waar je <strong>in de zomer kunt ontspannen<\/strong> met vrienden of familie. Kom en ontdek deze plek waar <strong>gezelligheid, afwisseling en plezier<\/strong> hand in hand gaan. Het hele barteam verwelkomt je graag. Je kunt een drankje drinken op het terras met uitzicht op het zwembad in <strong>een exotische, zonnige sfeer<\/strong>.   <\/p>\n\n\n\n<p class=\"has-medium-font-size\">Neem voor meer informatie of om een tafel te reserveren <strong>contact op met ons team<\/strong> op <strong>04 68 81 10 38<\/strong> of <strong>07 56 42 98 55<\/strong>.<\/p>\n<\/div>\n<\/div>\n\n\n\n<figure class=\"wp-block-image size-full\"><img data-dominant-color=\"8a8080\" data-has-transparency=\"false\" style=\"--dominant-color: #8a8080;\" decoding=\"async\" width=\"662\" height=\"531\" src=\"https:\/\/camping-del-mar.com\/wp-content\/uploads\/sites\/2\/2024\/11\/boissons-et-cocktails.webp\" alt=\"dranken en cocktails\" class=\"wp-image-5532 not-transparent\" srcset=\"https:\/\/camping-del-mar.com\/wp-content\/uploads\/sites\/2\/2024\/11\/boissons-et-cocktails.webp 662w, https:\/\/camping-del-mar.com\/wp-content\/uploads\/sites\/2\/2024\/11\/boissons-et-cocktails-300x241.webp 300w\" sizes=\"(max-width: 662px) 100vw, 662px\" \/><\/figure>\n<\/div>\n\n\n\n<div style=\"height:6rem\" aria-hidden=\"true\" class=\"wp-block-spacer\"><\/div>\n<\/div>\n\n<div class=\"wp-block-group alignfull is-layout-flow wp-block-group-is-layout-flow\" style=\"padding-bottom:0\">\n<div class=\"wp-block-group alignwide animated fadeIn slower is-layout-flow wp-block-group-is-layout-flow\" style=\"margin-top:0;margin-bottom:-33px;padding-right:0;padding-left:0\">\n<p class=\"gt-sliding-text has-contrast-3-color has-text-color has-link-color has-sogo-font-family wp-elements-fde9d04fb08de718c566a3a1b7e42b1b\" style=\"margin-top:0;margin-right:0;margin-bottom:0;margin-left:0;font-size:7vw;font-style:normal;font-weight:300;line-height:1;text-transform:uppercase\">VOORDEEL NEMEN<\/p>\n<\/div>\n\n\n\n<div class=\"wp-block-group gt-break-mobile is-layout-grid wp-container-core-group-is-layout-39 wp-block-group-is-layout-grid\" style=\"border-radius:2rem\">\n<div\n\tstyle=\"border-radius:0rem;\" class=\"gt-maillage-6 wp-block-gt-gt-fse-maillage\"\tdata-wp-interactive=\"gt\/maillage\"\n\tdata-wp-on--click=\"actions.ctaLoad\"\n\tdata-wp-context='{\"radius\":\"0rem\",\"hover_bg_color\":\"#132f44\",\"hover_text_color\":\"#ffffff\",\"hover_image_opacity\":0.5}'>\t\n\n\t\n\t\t\t\t\t\t\t\t\t<div \n\t\t\t\tclass=\"gt-fse-maillage-link gt-fse-maillage-image-zoom gt-fse-maillage-hover-background-color gt-fse-maillage-hover-text-color\"\n\t\t\t\tstyle=\"border-radius: 0rem\"\n\t\t\t\tdata-wp-on-async--mouseover=\"actions.mouseover\"\n\t\t\t>\n\t\t\t\t\t\t\t\t\t\t\t\n<div class=\"wp-block-group is-layout-flow wp-block-group-is-layout-flow\">\n<div style=\"aspect-ratio:16\/9;min-height:unset;\" class=\"wp-block-cover is-light has-custom-content-position is-position-bottom-right has-aspect-ratio\"><span aria-hidden=\"true\" class=\"wp-block-cover__background has-black-background-color has-background-dim\"><\/span><img decoding=\"async\" width=\"1920\" height=\"434\" src=\"https:\/\/camping-del-mar.com\/wp-content\/uploads\/sites\/2\/2024\/12\/bien-etre-argeles-sur-mer.webp\" class=\"wp-block-cover__image-background not-transparent wp-post-image\" alt=\"wellness argeles-sur-mer\" data-object-fit=\"cover\" srcset=\"https:\/\/camping-del-mar.com\/wp-content\/uploads\/sites\/2\/2024\/12\/bien-etre-argeles-sur-mer.webp 1920w, https:\/\/camping-del-mar.com\/wp-content\/uploads\/sites\/2\/2024\/12\/bien-etre-argeles-sur-mer-300x68.webp 300w, https:\/\/camping-del-mar.com\/wp-content\/uploads\/sites\/2\/2024\/12\/bien-etre-argeles-sur-mer-1024x231.webp 1024w, https:\/\/camping-del-mar.com\/wp-content\/uploads\/sites\/2\/2024\/12\/bien-etre-argeles-sur-mer-768x174.webp 768w, https:\/\/camping-del-mar.com\/wp-content\/uploads\/sites\/2\/2024\/12\/bien-etre-argeles-sur-mer-1536x347.webp 1536w\" sizes=\"(max-width: 1920px) 100vw, 1920px\" data-has-transparency=\"false\" data-dominant-color=\"a0ad7f\" style=\"--dominant-color: #a0ad7f;\" \/><div class=\"wp-block-cover__inner-container has-global-padding is-layout-constrained wp-block-cover-is-layout-constrained\">\n\n\n\n<p style=\"font-weight:700;text-transform:uppercase;\" class=\"wp-elements-1d85624d063a7cb35988b7ee9856f738 wp-block-gt-gt-fse-maillage-titre has-text-color has-base-color has-large-font-size has-sogo-font-family\">\n    De wellness chalet, uw ontspanningsruimte op een camping in de Pyrenee\u00ebn-Orientales<\/p>\n\n<\/div><\/div>\n<\/div>\n\t\t\t\t\t\t\t<\/div>\n\t\t\t\t\t\t\t\t\t\t\t<div \n\t\t\t\tclass=\"gt-fse-maillage-link gt-fse-maillage-image-zoom gt-fse-maillage-hover-background-color gt-fse-maillage-hover-text-color\"\n\t\t\t\tstyle=\"border-radius: 0rem\"\n\t\t\t\tdata-wp-on-async--mouseover=\"actions.mouseover\"\n\t\t\t>\n\t\t\t\t\t\t\t\t\t\t\t\n<div class=\"wp-block-group is-layout-flow wp-block-group-is-layout-flow\">\n<div style=\"aspect-ratio:16\/9;min-height:unset;\" class=\"wp-block-cover is-light has-custom-content-position is-position-bottom-right has-aspect-ratio\"><span aria-hidden=\"true\" class=\"wp-block-cover__background has-black-background-color has-background-dim\"><\/span><img decoding=\"async\" width=\"1920\" height=\"434\" src=\"https:\/\/camping-del-mar.com\/wp-content\/uploads\/sites\/2\/2024\/10\/camping-del-mar-activites-animations-argeles-sur-mer.webp\" class=\"wp-block-cover__image-background not-transparent wp-post-image\" alt=\"camping del mar activiteiten animatie argeles-sur-mer\" data-object-fit=\"cover\" srcset=\"https:\/\/camping-del-mar.com\/wp-content\/uploads\/sites\/2\/2024\/10\/camping-del-mar-activites-animations-argeles-sur-mer.webp 1920w, https:\/\/camping-del-mar.com\/wp-content\/uploads\/sites\/2\/2024\/10\/camping-del-mar-activites-animations-argeles-sur-mer-300x68.webp 300w, https:\/\/camping-del-mar.com\/wp-content\/uploads\/sites\/2\/2024\/10\/camping-del-mar-activites-animations-argeles-sur-mer-1024x231.webp 1024w, https:\/\/camping-del-mar.com\/wp-content\/uploads\/sites\/2\/2024\/10\/camping-del-mar-activites-animations-argeles-sur-mer-768x174.webp 768w, https:\/\/camping-del-mar.com\/wp-content\/uploads\/sites\/2\/2024\/10\/camping-del-mar-activites-animations-argeles-sur-mer-1536x347.webp 1536w\" sizes=\"(max-width: 1920px) 100vw, 1920px\" data-has-transparency=\"false\" data-dominant-color=\"4e8463\" style=\"--dominant-color: #4e8463;\" \/><div class=\"wp-block-cover__inner-container has-global-padding is-layout-constrained wp-block-cover-is-layout-constrained\">\n\n\n\n<p style=\"font-weight:700;text-transform:uppercase;\" class=\"wp-elements-1d85624d063a7cb35988b7ee9856f738 wp-block-gt-gt-fse-maillage-titre has-text-color has-base-color has-large-font-size has-sogo-font-family\">\n    Activiteiten en animaties op onze camping in de Pyr\u00e9n\u00e9es-Orientales<\/p>\n\n<\/div><\/div>\n<\/div>\n\t\t\t\t\t\t\t<\/div>\n\t\t\t\t\t\t\t\t\t\t\t<div \n\t\t\t\tclass=\"gt-fse-maillage-link gt-fse-maillage-image-zoom gt-fse-maillage-hover-background-color gt-fse-maillage-hover-text-color\"\n\t\t\t\tstyle=\"border-radius: 0rem\"\n\t\t\t\tdata-wp-on-async--mouseover=\"actions.mouseover\"\n\t\t\t>\n\t\t\t\t\t\t\t\t\t\t\t\n<div class=\"wp-block-group is-layout-flow wp-block-group-is-layout-flow\">\n<div style=\"aspect-ratio:16\/9;min-height:unset;\" class=\"wp-block-cover is-light has-custom-content-position is-position-bottom-right has-aspect-ratio\"><span aria-hidden=\"true\" class=\"wp-block-cover__background has-black-background-color has-background-dim\"><\/span><img decoding=\"async\" width=\"1920\" height=\"434\" src=\"https:\/\/camping-del-mar.com\/wp-content\/uploads\/sites\/2\/2024\/10\/camping-espace-aquatique-argeles-sur-mer-del-mar.webp\" class=\"wp-block-cover__image-background not-transparent wp-post-image\" alt=\"camping watergebied\" data-object-fit=\"cover\" srcset=\"https:\/\/camping-del-mar.com\/wp-content\/uploads\/sites\/2\/2024\/10\/camping-espace-aquatique-argeles-sur-mer-del-mar.webp 1920w, https:\/\/camping-del-mar.com\/wp-content\/uploads\/sites\/2\/2024\/10\/camping-espace-aquatique-argeles-sur-mer-del-mar-300x68.webp 300w, https:\/\/camping-del-mar.com\/wp-content\/uploads\/sites\/2\/2024\/10\/camping-espace-aquatique-argeles-sur-mer-del-mar-1024x231.webp 1024w, https:\/\/camping-del-mar.com\/wp-content\/uploads\/sites\/2\/2024\/10\/camping-espace-aquatique-argeles-sur-mer-del-mar-768x174.webp 768w, https:\/\/camping-del-mar.com\/wp-content\/uploads\/sites\/2\/2024\/10\/camping-espace-aquatique-argeles-sur-mer-del-mar-1536x347.webp 1536w\" sizes=\"(max-width: 1920px) 100vw, 1920px\" data-has-transparency=\"false\" data-dominant-color=\"556c5e\" style=\"--dominant-color: #556c5e;\" \/><div class=\"wp-block-cover__inner-container has-global-padding is-layout-constrained wp-block-cover-is-layout-constrained\">\n\n\n\n<p style=\"font-weight:700;text-transform:uppercase;\" class=\"wp-elements-1d85624d063a7cb35988b7ee9856f738 wp-block-gt-gt-fse-maillage-titre has-text-color has-base-color has-large-font-size has-sogo-font-family\">\n    Een camping met zwemparadijs voor een onvergetelijke vakantie in Argel\u00e8s-sur-Mer<\/p>\n\n<\/div><\/div>\n<\/div>\n\t\t\t\t\t\t\t<\/div>\n\t\t\t\t\t\t\t\t<\/div><\/div>\n\n\n\n<div style=\"height:6rem\" aria-hidden=\"true\" class=\"wp-block-spacer\"><\/div>\n<\/div>\n","protected":false},"excerpt":{"rendered":"<p>Een restaurant met een terras dat voor iedereen toegankelijk is in Argel\u00e8s-sur-Mer Het restaurant &#8220;Bistrot Del Mar&#8221; op camping Del Mar in Argel\u00e8s-sur-Mer belooft een gastronomische vakantie omringd door eeuwenoude olijfbomen en palmbomen. Bistrot del Mar is een culinair pareltje genesteld in het hart van een pittoreske camping. Dit restaurant verwent de smaakpapillen met zijn [&hellip;]<\/p>\n","protected":false},"author":1,"featured_media":6875,"parent":0,"menu_order":0,"comment_status":"closed","ping_status":"closed","template":"","meta":{"_acf_changed":false,"_seopress_robots_primary_cat":"","_seopress_titles_title":"Restaurant in Argel\u00e8s-sur-Mer | Bar in de Pyr\u00e9n\u00e9es-Orientales","_seopress_titles_desc":"Restaurant en bistro bar in Argel\u00e8s-sur-Mer: geniet van de Pyrenees-Orientales met onze mediterrane recepten; snacks bij het zwembad en meeneemgerechten","_seopress_robots_index":"","_gt_ctv_global_id":"","_gt_ctv_id_group":false,"inline_featured_image":false,"gt_fse_maillage_image":"https:\/\/camping-del-mar.com\/wp-content\/uploads\/sites\/2\/2024\/11\/bar-et-restaurant-argeles-sur-mer-camping-del-mar.webp","gt_fse_maillage_titre":"Geniet van je vakantie in restaurant Bistrot Del Mar in de Pyrenee\u00ebn-Orientales","gt_fse_maillage_resume":"","_gt_maillage_image":0,"_gt_maillage_video":0,"_gt_maillage_title":"","footnotes":""},"categories":[],"tags":[],"class_list":["post-6862","page","type-page","status-publish","has-post-thumbnail","hentry"],"acf":[],"_links":{"self":[{"href":"https:\/\/camping-del-mar.com\/nl\/wp-json\/wp\/v2\/pages\/6862","targetHints":{"allow":["GET"]}}],"collection":[{"href":"https:\/\/camping-del-mar.com\/nl\/wp-json\/wp\/v2\/pages"}],"about":[{"href":"https:\/\/camping-del-mar.com\/nl\/wp-json\/wp\/v2\/types\/page"}],"author":[{"embeddable":true,"href":"https:\/\/camping-del-mar.com\/nl\/wp-json\/wp\/v2\/users\/1"}],"replies":[{"embeddable":true,"href":"https:\/\/camping-del-mar.com\/nl\/wp-json\/wp\/v2\/comments?post=6862"}],"version-history":[{"count":6,"href":"https:\/\/camping-del-mar.com\/nl\/wp-json\/wp\/v2\/pages\/6862\/revisions"}],"predecessor-version":[{"id":7368,"href":"https:\/\/camping-del-mar.com\/nl\/wp-json\/wp\/v2\/pages\/6862\/revisions\/7368"}],"wp:featuredmedia":[{"embeddable":true,"href":"https:\/\/camping-del-mar.com\/nl\/wp-json\/wp\/v2\/media\/6875"}],"wp:attachment":[{"href":"https:\/\/camping-del-mar.com\/nl\/wp-json\/wp\/v2\/media?parent=6862"}],"wp:term":[{"taxonomy":"category","embeddable":true,"href":"https:\/\/camping-del-mar.com\/nl\/wp-json\/wp\/v2\/categories?post=6862"},{"taxonomy":"post_tag","embeddable":true,"href":"https:\/\/camping-del-mar.com\/nl\/wp-json\/wp\/v2\/tags?post=6862"}],"curies":[{"name":"wp","href":"https:\/\/api.w.org\/{rel}","templated":true}]}}