{"id":6799,"date":"2024-09-27T09:32:50","date_gmt":"2024-09-27T07:32:50","guid":{"rendered":"https:\/\/camping-del-mar.com\/camping-bien-etre-argeles-sur-mer\/"},"modified":"2025-01-13T14:53:08","modified_gmt":"2025-01-13T13:53:08","slug":"camping-welzijn-argeles-sur-mer","status":"publish","type":"page","link":"https:\/\/camping-del-mar.com\/nl\/camping-welzijn-argeles-sur-mer\/","title":{"rendered":"De wellness chalet, uw ontspanningsruimte op een camping in de Pyrenee\u00ebn-Orientales"},"content":{"rendered":"\n<div class=\"wp-block-group alignfull gt-reveal has-global-padding is-layout-constrained wp-container-core-group-is-layout-5 wp-block-group-is-layout-constrained\">\n<div style=\"height:6rem\" aria-hidden=\"true\" class=\"wp-block-spacer\"><\/div>\n\n\n\n<div class=\"wp-block-group alignwide gt-break-mobile gt-reverse-mobile is-nowrap is-layout-flex wp-container-core-group-is-layout-4 wp-block-group-is-layout-flex\">\n<div class=\"wp-block-group has-global-padding is-layout-constrained wp-block-group-is-layout-constrained\">\n<div class=\"wp-block-group is-layout-flow wp-block-group-is-layout-flow\" style=\"padding-right:var(--wp--preset--spacing--30);padding-left:var(--wp--preset--spacing--30)\">\n<div style=\"height:10rem\" aria-hidden=\"true\" class=\"wp-block-spacer gt-hide-mobile\"><\/div>\n\n\n\n<figure class=\"wp-block-image aligncenter size-full gt-reveal-down wp-duotone-132f44-132f44-1\"><img data-dominant-color=\"b15526\" data-has-transparency=\"true\" style=\"--dominant-color: #b15526;\" decoding=\"async\" width=\"43\" height=\"21\" src=\"https:\/\/campingclosduthym.com\/wp-content\/uploads\/sites\/5\/2024\/08\/separator.png\" alt=\"scheider\" class=\"wp-image-150 has-transparency\"\/><\/figure>\n\n\n\n<p class=\"has-text-align-center gt-reveal-down has-medium-font-size\">Op <a href=\"https:\/\/camping-del-mar.com\/nl\/\">Camping Del Mar in Argel\u00e8s-sur-Mer<\/a> geloven we dat een geslaagde vakantie niet alleen plezier in de zon omvat, maar ook <strong>ontspanning<\/strong> en welzijn. Daarom opent onze wellnessruimte,<strong> &#8220;Le Chalet Bien-\u00catre&#8221;,<\/strong> <strong>van half juni tot half september<\/strong> haar deuren voor jou voor de ultieme ontspanningservaring. <\/p>\n\n\n\n<div style=\"height:32px\" aria-hidden=\"true\" class=\"wp-block-spacer is-style-gt-hide-mobile\"><\/div>\n\n\n<h2 class=\"wp-block-heading has-text-align-center gt-reveal-down has-accent-color has-text-color has-link-color wp-elements-222f0d75b6fa94de4de801b5b645523e\" id=\"uw-bubbel-van-welzijn-wacht-op-u-op-onze-camping-in-argeles-sur-mer\">Uw bubbel van welzijn wacht op u op onze camping in Argel\u00e8s-sur-Mer<\/h2>\n\n\n<p class=\"has-text-align-center gt-reveal-down has-medium-font-size\">Vakantie en welzijn gaan hand in hand, en ons wellness chalet is ontworpen om je een <strong>ontspannend intermezzo<\/strong> te bieden. Geniet van <strong>rustgevende massages<\/strong> en <strong>elegante verzorging<\/strong>. Om je plaats te garanderen, kun je nu reserveren bij onze behandelaars (tegen extra kosten).  <\/p>\n<\/div>\n<\/div>\n\n\n\n<div class=\"wp-block-group wp-container-content-1 is-layout-flow wp-block-group-is-layout-flow\">\n<figure class=\"wp-block-image size-full gt-reveal\"><img data-dominant-color=\"b5a59a\" data-has-transparency=\"false\" style=\"--dominant-color: #b5a59a;\" decoding=\"async\" width=\"640\" height=\"961\" src=\"https:\/\/camping-del-mar.com\/wp-content\/uploads\/sites\/2\/2024\/11\/bulle-de-bien-etre.webp\" alt=\"wellness-bubbel\" class=\"wp-image-5489 not-transparent\" srcset=\"https:\/\/camping-del-mar.com\/wp-content\/uploads\/sites\/2\/2024\/11\/bulle-de-bien-etre.webp 640w, https:\/\/camping-del-mar.com\/wp-content\/uploads\/sites\/2\/2024\/11\/bulle-de-bien-etre-200x300.webp 200w\" sizes=\"(max-width: 640px) 100vw, 640px\" \/><\/figure>\n<\/div>\n<\/div>\n<\/div>\n\n<div class=\"wp-block-group alignfull gt-reveal has-global-padding is-layout-constrained wp-container-core-group-is-layout-11 wp-block-group-is-layout-constrained\">\n<div style=\"height:6rem\" aria-hidden=\"true\" class=\"wp-block-spacer\"><\/div>\n\n\n\n<div class=\"wp-block-group alignwide animated fadeIn slower gt-hide-mobile is-layout-flow wp-block-group-is-layout-flow\" style=\"margin-top:0;margin-bottom:-33px;padding-right:0;padding-left:0\">\n<p class=\"gt-sliding-text has-contrast-3-color has-text-color has-link-color has-sogo-font-family wp-elements-5912587917249d3b1ffa64526fecb625\" style=\"margin-top:0;margin-right:0;margin-bottom:0;margin-left:0;font-size:7vw;font-style:normal;font-weight:300;line-height:1;text-transform:uppercase\">ABSOLUTE ONTSPANNING<\/p>\n<\/div>\n\n\n\n<div class=\"wp-block-group alignwide gt-break-mobile is-nowrap is-layout-flex wp-container-core-group-is-layout-10 wp-block-group-is-layout-flex\">\n<div class=\"wp-block-group wp-container-content-2 is-layout-flow wp-block-group-is-layout-flow\">\n<figure class=\"wp-block-image size-full gt-reveal\"><img data-dominant-color=\"d7b88a\" data-has-transparency=\"false\" style=\"--dominant-color: #d7b88a;\" decoding=\"async\" width=\"640\" height=\"960\" src=\"https:\/\/camping-del-mar.com\/wp-content\/uploads\/sites\/2\/2024\/11\/massages-pour-une-detente-absolue.webp\" alt=\"massages voor totale ontspanning\" class=\"wp-image-5492 not-transparent\" srcset=\"https:\/\/camping-del-mar.com\/wp-content\/uploads\/sites\/2\/2024\/11\/massages-pour-une-detente-absolue.webp 640w, https:\/\/camping-del-mar.com\/wp-content\/uploads\/sites\/2\/2024\/11\/massages-pour-une-detente-absolue-200x300.webp 200w\" sizes=\"(max-width: 640px) 100vw, 640px\" \/><\/figure>\n<\/div>\n\n\n\n<div class=\"wp-block-group has-global-padding is-layout-constrained wp-block-group-is-layout-constrained\">\n<div class=\"wp-block-group is-layout-flow wp-block-group-is-layout-flow\" style=\"padding-right:var(--wp--preset--spacing--30);padding-left:var(--wp--preset--spacing--30)\">\n<div style=\"height:10rem\" aria-hidden=\"true\" class=\"wp-block-spacer gt-hide-mobile\"><\/div>\n\n\n\n<figure class=\"wp-block-image aligncenter size-full gt-reveal-down wp-duotone-132f44-132f44-2\"><img data-dominant-color=\"b15526\" data-has-transparency=\"true\" style=\"--dominant-color: #b15526;\" decoding=\"async\" width=\"43\" height=\"21\" src=\"https:\/\/campingclosduthym.com\/wp-content\/uploads\/sites\/5\/2024\/08\/separator.png\" alt=\"scheider\" class=\"wp-image-150 has-transparency\"\/><\/figure>\n\n\n<h2 class=\"wp-block-heading has-text-align-center gt-reveal-down has-accent-color has-text-color has-link-color wp-elements-1fe65d5b407bc16790e7eb981a1862f2\" id=\"onze-rituelen-en-massages-voor-absolute-ontspanning\">Onze rituelen en massages voor absolute ontspanning<\/h2>\n\n\n<p class=\"has-text-align-center gt-reveal-down has-medium-font-size\">De wellnesschalet geeft al zijn schoonheidsgeheimen prijs zodat je na elke massage nieuwe <strong>energie<\/strong> opdoet en uitgerust de deur uitgaat. Onze chalet is smaakvol ingericht en zal je het hele seizoen onderdompelen in een verfijnde sfeer. <\/p>\n\n\n\n<p class=\"has-text-align-center gt-reveal-down has-medium-font-size\">Onze masseuse staat voor je klaar om je te helpen <strong>ontspannen<\/strong>, met <strong>rituelen en massages<\/strong> voor uitzonderlijke ontspanningsmomenten: ayurvedisch, Balinees, abhyangha met jasmijnolie, enz., en niet te vergeten de ontspannende rugmassage, het Japanse ritueel, de voetmassage met de Kansu-kom, de massage voor moeders-tot-be &#8230;.<\/p>\n\n\n\n<div style=\"height:2rem\" aria-hidden=\"true\" class=\"wp-block-spacer is-style-gt-hide-mobile\"><\/div>\n<\/div>\n<\/div>\n<\/div>\n<\/div>\n\n<div class=\"wp-block-group alignfull has-global-padding is-layout-constrained wp-block-group-is-layout-constrained\">\n<div style=\"height:6rem\" aria-hidden=\"true\" class=\"wp-block-spacer\"><\/div>\n\n\n\n<div class=\"wp-block-group alignfull gt-reveal gt-break-mobile gt-reverse-mobile is-content-justification-center is-nowrap is-layout-flex wp-container-core-group-is-layout-14 wp-block-group-is-layout-flex\">\n<div class=\"wp-block-group is-nowrap is-layout-flex wp-container-core-group-is-layout-13 wp-block-group-is-layout-flex\" style=\"padding-right:var(--wp--preset--spacing--20);padding-left:var(--wp--preset--spacing--20)\">\n<div class=\"wp-block-group has-global-padding is-layout-constrained wp-block-group-is-layout-constrained\"><h2 class=\"wp-block-heading has-accent-color has-text-color has-link-color wp-elements-af6c75e0e7a0c2e4f75373ebfbb4c568\" id=\"de-mobiele-kapsalon-op-de-camping-in-de-pyrenees-orientales\">De mobiele kapsalon op de camping in de Pyr\u00e9n\u00e9es-Orientales<\/h2>\n\n\n<p class=\"has-medium-font-size\">Je kapper zorgt voor <strong>je kapsel terwijl je op vakantie bent<\/strong>, in je stacaravan of appartement.<\/p>\n\n\n\n<p class=\"has-medium-font-size\">Profiteer van het uitgebreide dienstenaanbod van onze <strong>mobiele kapsalon<\/strong>: knippen, behandelen, kleuren, stylen&#8230; voor vrouwen, mannen en kinderen.<\/p>\n<\/div>\n<\/div>\n\n\n\n<figure class=\"wp-block-image size-full\"><img data-dominant-color=\"b7b1ac\" data-has-transparency=\"false\" style=\"--dominant-color: #b7b1ac;\" decoding=\"async\" width=\"662\" height=\"531\" src=\"https:\/\/camping-del-mar.com\/wp-content\/uploads\/sites\/2\/2024\/11\/salon-de-coiffure-mobile.webp\" alt=\"mobiele kapsalon\" class=\"wp-image-5494 not-transparent\" srcset=\"https:\/\/camping-del-mar.com\/wp-content\/uploads\/sites\/2\/2024\/11\/salon-de-coiffure-mobile.webp 662w, https:\/\/camping-del-mar.com\/wp-content\/uploads\/sites\/2\/2024\/11\/salon-de-coiffure-mobile-300x241.webp 300w\" sizes=\"(max-width: 662px) 100vw, 662px\" \/><\/figure>\n<\/div>\n\n\n\n<div style=\"height:6rem\" aria-hidden=\"true\" class=\"wp-block-spacer\"><\/div>\n<\/div>\n\n<div class=\"wp-block-group alignfull is-layout-flow wp-block-group-is-layout-flow\" style=\"padding-bottom:0\">\n<div class=\"wp-block-group alignwide animated fadeIn slower is-layout-flow wp-block-group-is-layout-flow\" style=\"margin-top:0;margin-bottom:-33px;padding-right:0;padding-left:0\">\n<p class=\"gt-sliding-text has-contrast-3-color has-text-color has-link-color has-sogo-font-family wp-elements-fde9d04fb08de718c566a3a1b7e42b1b\" style=\"margin-top:0;margin-right:0;margin-bottom:0;margin-left:0;font-size:7vw;font-style:normal;font-weight:300;line-height:1;text-transform:uppercase\">VOORDEEL NEMEN<\/p>\n<\/div>\n\n\n\n<div class=\"wp-block-group gt-break-mobile is-layout-grid wp-container-core-group-is-layout-20 wp-block-group-is-layout-grid\" style=\"border-radius:2rem\">\n<div\n\tstyle=\"border-radius:0rem;\" class=\"gt-maillage-3 wp-block-gt-gt-fse-maillage\"\tdata-wp-interactive=\"gt\/maillage\"\n\tdata-wp-on--click=\"actions.ctaLoad\"\n\tdata-wp-context='{\"radius\":\"0rem\",\"hover_bg_color\":\"#132f44\",\"hover_text_color\":\"#ffffff\",\"hover_image_opacity\":0.5}'>\t\n\n\t\n\t\t\t\t\t\t\t\t\t<div \n\t\t\t\tclass=\"gt-fse-maillage-link gt-fse-maillage-image-zoom gt-fse-maillage-hover-background-color gt-fse-maillage-hover-text-color\"\n\t\t\t\tstyle=\"border-radius: 0rem\"\n\t\t\t\tdata-wp-on-async--mouseover=\"actions.mouseover\"\n\t\t\t>\n\t\t\t\t\t\t\t\t\t\t\t\n<div class=\"wp-block-group is-layout-flow wp-block-group-is-layout-flow\">\n<div style=\"aspect-ratio:16\/9;min-height:unset;\" class=\"wp-block-cover is-light has-custom-content-position is-position-bottom-right has-aspect-ratio\"><span aria-hidden=\"true\" class=\"wp-block-cover__background has-black-background-color has-background-dim\"><\/span><img decoding=\"async\" width=\"1920\" height=\"434\" src=\"https:\/\/camping-del-mar.com\/wp-content\/uploads\/sites\/2\/2024\/10\/camping-pas-cher-del-mar-argeles-sur-mer.webp\" class=\"wp-block-cover__image-background not-transparent wp-post-image\" alt=\"goedkoop kamperen\" data-object-fit=\"cover\" srcset=\"https:\/\/camping-del-mar.com\/wp-content\/uploads\/sites\/2\/2024\/10\/camping-pas-cher-del-mar-argeles-sur-mer.webp 1920w, https:\/\/camping-del-mar.com\/wp-content\/uploads\/sites\/2\/2024\/10\/camping-pas-cher-del-mar-argeles-sur-mer-300x68.webp 300w, https:\/\/camping-del-mar.com\/wp-content\/uploads\/sites\/2\/2024\/10\/camping-pas-cher-del-mar-argeles-sur-mer-1024x231.webp 1024w, https:\/\/camping-del-mar.com\/wp-content\/uploads\/sites\/2\/2024\/10\/camping-pas-cher-del-mar-argeles-sur-mer-768x174.webp 768w, https:\/\/camping-del-mar.com\/wp-content\/uploads\/sites\/2\/2024\/10\/camping-pas-cher-del-mar-argeles-sur-mer-1536x347.webp 1536w\" sizes=\"(max-width: 1920px) 100vw, 1920px\" data-has-transparency=\"false\" data-dominant-color=\"886e49\" style=\"--dominant-color: #886e49;\" \/><div class=\"wp-block-cover__inner-container has-global-padding is-layout-constrained wp-block-cover-is-layout-constrained\">\n\n\n\n<p style=\"font-weight:700;text-transform:uppercase;\" class=\"wp-elements-1d85624d063a7cb35988b7ee9856f738 wp-block-gt-gt-fse-maillage-titre has-text-color has-base-color has-large-font-size has-sogo-font-family\">\n    Een ideaal verblijf op een camping met een uitstekende prijs-kwaliteitverhouding in Argel\u00e8s-sur-Mer<\/p>\n\n<\/div><\/div>\n<\/div>\n\t\t\t\t\t\t\t<\/div>\n\t\t\t\t\t\t\t\t\t\t\t<div \n\t\t\t\tclass=\"gt-fse-maillage-link gt-fse-maillage-image-zoom gt-fse-maillage-hover-background-color gt-fse-maillage-hover-text-color\"\n\t\t\t\tstyle=\"border-radius: 0rem\"\n\t\t\t\tdata-wp-on-async--mouseover=\"actions.mouseover\"\n\t\t\t>\n\t\t\t\t\t\t\t\t\t\t\t\n<div class=\"wp-block-group is-layout-flow wp-block-group-is-layout-flow\">\n<div style=\"aspect-ratio:16\/9;min-height:unset;\" class=\"wp-block-cover is-light has-custom-content-position is-position-bottom-right has-aspect-ratio\"><span aria-hidden=\"true\" class=\"wp-block-cover__background has-black-background-color has-background-dim\"><\/span><img decoding=\"async\" width=\"1920\" height=\"434\" src=\"https:\/\/camping-del-mar.com\/wp-content\/uploads\/sites\/2\/2024\/11\/bar-et-restaurant-argeles-sur-mer-camping-del-mar.webp\" class=\"wp-block-cover__image-background not-transparent wp-post-image\" alt=\"bar en restaurant argeles-sur-mer camping del mar\" data-object-fit=\"cover\" srcset=\"https:\/\/camping-del-mar.com\/wp-content\/uploads\/sites\/2\/2024\/11\/bar-et-restaurant-argeles-sur-mer-camping-del-mar.webp 1920w, https:\/\/camping-del-mar.com\/wp-content\/uploads\/sites\/2\/2024\/11\/bar-et-restaurant-argeles-sur-mer-camping-del-mar-300x68.webp 300w, https:\/\/camping-del-mar.com\/wp-content\/uploads\/sites\/2\/2024\/11\/bar-et-restaurant-argeles-sur-mer-camping-del-mar-1024x231.webp 1024w, https:\/\/camping-del-mar.com\/wp-content\/uploads\/sites\/2\/2024\/11\/bar-et-restaurant-argeles-sur-mer-camping-del-mar-768x174.webp 768w, https:\/\/camping-del-mar.com\/wp-content\/uploads\/sites\/2\/2024\/11\/bar-et-restaurant-argeles-sur-mer-camping-del-mar-1536x347.webp 1536w\" sizes=\"(max-width: 1920px) 100vw, 1920px\" data-has-transparency=\"false\" data-dominant-color=\"7b775c\" style=\"--dominant-color: #7b775c;\" \/><div class=\"wp-block-cover__inner-container has-global-padding is-layout-constrained wp-block-cover-is-layout-constrained\">\n\n\n\n<p style=\"font-weight:700;text-transform:uppercase;\" class=\"wp-elements-1d85624d063a7cb35988b7ee9856f738 wp-block-gt-gt-fse-maillage-titre has-text-color has-base-color has-large-font-size has-sogo-font-family\">\n    Geniet van je vakantie in restaurant Bistrot Del Mar in de Pyrenee\u00ebn-Orientales<\/p>\n\n<\/div><\/div>\n<\/div>\n\t\t\t\t\t\t\t<\/div>\n\t\t\t\t\t\t\t\t\t\t\t<div \n\t\t\t\tclass=\"gt-fse-maillage-link gt-fse-maillage-image-zoom gt-fse-maillage-hover-background-color gt-fse-maillage-hover-text-color\"\n\t\t\t\tstyle=\"border-radius: 0rem\"\n\t\t\t\tdata-wp-on-async--mouseover=\"actions.mouseover\"\n\t\t\t>\n\t\t\t\t\t\t\t\t\t\t\t\n<div class=\"wp-block-group is-layout-flow wp-block-group-is-layout-flow\">\n<div style=\"aspect-ratio:16\/9;min-height:unset;\" class=\"wp-block-cover is-light has-custom-content-position is-position-bottom-right has-aspect-ratio\"><span aria-hidden=\"true\" class=\"wp-block-cover__background has-black-background-color has-background-dim\"><\/span><img decoding=\"async\" width=\"1920\" height=\"434\" src=\"https:\/\/camping-del-mar.com\/wp-content\/uploads\/sites\/2\/2024\/10\/camping-espace-aquatique-argeles-sur-mer-del-mar.webp\" class=\"wp-block-cover__image-background not-transparent wp-post-image\" alt=\"camping watergebied\" data-object-fit=\"cover\" srcset=\"https:\/\/camping-del-mar.com\/wp-content\/uploads\/sites\/2\/2024\/10\/camping-espace-aquatique-argeles-sur-mer-del-mar.webp 1920w, https:\/\/camping-del-mar.com\/wp-content\/uploads\/sites\/2\/2024\/10\/camping-espace-aquatique-argeles-sur-mer-del-mar-300x68.webp 300w, https:\/\/camping-del-mar.com\/wp-content\/uploads\/sites\/2\/2024\/10\/camping-espace-aquatique-argeles-sur-mer-del-mar-1024x231.webp 1024w, https:\/\/camping-del-mar.com\/wp-content\/uploads\/sites\/2\/2024\/10\/camping-espace-aquatique-argeles-sur-mer-del-mar-768x174.webp 768w, https:\/\/camping-del-mar.com\/wp-content\/uploads\/sites\/2\/2024\/10\/camping-espace-aquatique-argeles-sur-mer-del-mar-1536x347.webp 1536w\" sizes=\"(max-width: 1920px) 100vw, 1920px\" data-has-transparency=\"false\" data-dominant-color=\"556c5e\" style=\"--dominant-color: #556c5e;\" \/><div class=\"wp-block-cover__inner-container has-global-padding is-layout-constrained wp-block-cover-is-layout-constrained\">\n\n\n\n<p style=\"font-weight:700;text-transform:uppercase;\" class=\"wp-elements-1d85624d063a7cb35988b7ee9856f738 wp-block-gt-gt-fse-maillage-titre has-text-color has-base-color has-large-font-size has-sogo-font-family\">\n    Een camping met zwemparadijs voor een onvergetelijke vakantie in Argel\u00e8s-sur-Mer<\/p>\n\n<\/div><\/div>\n<\/div>\n\t\t\t\t\t\t\t<\/div>\n\t\t\t\t\t\t\t\t<\/div><\/div>\n\n\n\n<div style=\"height:6rem\" aria-hidden=\"true\" class=\"wp-block-spacer\"><\/div>\n<\/div>\n","protected":false},"excerpt":{"rendered":"<p>Op Camping Del Mar in Argel\u00e8s-sur-Mer geloven we dat een geslaagde vakantie niet alleen plezier in de zon omvat, maar ook ontspanning en welzijn. Daarom opent onze wellnessruimte, &#8220;Le Chalet Bien-\u00catre&#8221;, van half juni tot half september haar deuren voor jou voor de ultieme ontspanningservaring. Uw bubbel van welzijn wacht op u op onze camping [&hellip;]<\/p>\n","protected":false},"author":1,"featured_media":6225,"parent":0,"menu_order":0,"comment_status":"closed","ping_status":"closed","template":"","meta":{"_acf_changed":false,"_seopress_robots_primary_cat":"","_seopress_titles_title":"Camping welzijn in Argel\u00e8s-sur-Mer, Pyr\u00e9n\u00e9es-Orientales","_seopress_titles_desc":"Geniet van een ontspannen verblijf op de camping van Argel\u00e8s-sur-Mer. Op het programma: massages, schoonheidsbehandelingen voor lichaam en gezicht en kappersbehandelingen in het wellness chalet! ","_seopress_robots_index":"","_gt_ctv_global_id":"","_gt_ctv_id_group":false,"inline_featured_image":false,"gt_fse_maillage_image":"https:\/\/camping-del-mar.com\/wp-content\/uploads\/sites\/2\/2024\/12\/bien-etre-argeles-sur-mer.webp","gt_fse_maillage_titre":"De wellness chalet, uw ontspanningsruimte op een camping in de Pyrenee\u00ebn-Orientales","gt_fse_maillage_resume":"","_gt_maillage_image":0,"_gt_maillage_video":0,"_gt_maillage_title":"","footnotes":""},"categories":[],"tags":[],"class_list":["post-6799","page","type-page","status-publish","has-post-thumbnail","hentry"],"acf":[],"_links":{"self":[{"href":"https:\/\/camping-del-mar.com\/nl\/wp-json\/wp\/v2\/pages\/6799","targetHints":{"allow":["GET"]}}],"collection":[{"href":"https:\/\/camping-del-mar.com\/nl\/wp-json\/wp\/v2\/pages"}],"about":[{"href":"https:\/\/camping-del-mar.com\/nl\/wp-json\/wp\/v2\/types\/page"}],"author":[{"embeddable":true,"href":"https:\/\/camping-del-mar.com\/nl\/wp-json\/wp\/v2\/users\/1"}],"replies":[{"embeddable":true,"href":"https:\/\/camping-del-mar.com\/nl\/wp-json\/wp\/v2\/comments?post=6799"}],"version-history":[{"count":6,"href":"https:\/\/camping-del-mar.com\/nl\/wp-json\/wp\/v2\/pages\/6799\/revisions"}],"predecessor-version":[{"id":7403,"href":"https:\/\/camping-del-mar.com\/nl\/wp-json\/wp\/v2\/pages\/6799\/revisions\/7403"}],"wp:featuredmedia":[{"embeddable":true,"href":"https:\/\/camping-del-mar.com\/nl\/wp-json\/wp\/v2\/media\/6225"}],"wp:attachment":[{"href":"https:\/\/camping-del-mar.com\/nl\/wp-json\/wp\/v2\/media?parent=6799"}],"wp:term":[{"taxonomy":"category","embeddable":true,"href":"https:\/\/camping-del-mar.com\/nl\/wp-json\/wp\/v2\/categories?post=6799"},{"taxonomy":"post_tag","embeddable":true,"href":"https:\/\/camping-del-mar.com\/nl\/wp-json\/wp\/v2\/tags?post=6799"}],"curies":[{"name":"wp","href":"https:\/\/api.w.org\/{rel}","templated":true}]}}