{"id":6785,"date":"2024-09-27T09:29:51","date_gmt":"2024-09-27T07:29:51","guid":{"rendered":"https:\/\/camping-del-mar.com\/camping-familial-argeles-sur-mer\/"},"modified":"2025-01-13T14:48:35","modified_gmt":"2025-01-13T13:48:35","slug":"familie-camping-argeles-sur-mer","status":"publish","type":"page","link":"https:\/\/camping-del-mar.com\/nl\/familie-camping-argeles-sur-mer\/","title":{"rendered":"Geniet van 4-sterrenservice op onze gezinscamping in Argel\u00e8s-sur-Mer"},"content":{"rendered":"\n<div class=\"wp-block-group alignfull gt-reveal has-global-padding is-layout-constrained wp-container-core-group-is-layout-5 wp-block-group-is-layout-constrained\">\n<div style=\"height:6rem\" aria-hidden=\"true\" class=\"wp-block-spacer\"><\/div>\n\n\n\n<div class=\"wp-block-group alignwide gt-break-mobile gt-reverse-mobile is-nowrap is-layout-flex wp-container-core-group-is-layout-4 wp-block-group-is-layout-flex\">\n<div class=\"wp-block-group has-global-padding is-layout-constrained wp-block-group-is-layout-constrained\">\n<div class=\"wp-block-group is-layout-flow wp-block-group-is-layout-flow\" style=\"padding-right:var(--wp--preset--spacing--30);padding-left:var(--wp--preset--spacing--30)\">\n<div style=\"height:10rem\" aria-hidden=\"true\" class=\"wp-block-spacer gt-hide-mobile\"><\/div>\n\n\n\n<figure class=\"wp-block-image aligncenter size-full gt-reveal-down wp-duotone-132f44-132f44-1\"><img data-dominant-color=\"b15526\" data-has-transparency=\"true\" style=\"--dominant-color: #b15526;\" decoding=\"async\" width=\"43\" height=\"21\" src=\"https:\/\/campingclosduthym.com\/wp-content\/uploads\/sites\/5\/2024\/08\/separator.png\" alt=\"scheider\" class=\"wp-image-150 has-transparency\"\/><\/figure>\n\n\n<h2 class=\"wp-block-heading has-text-align-center gt-reveal-down has-accent-color has-text-color has-link-color wp-elements-ad367474e4ac64845f95c8c8acc6b834\" id=\"een-warmwelkom-bij-de-receptie\">Een warm<br>welkom bij de receptie<\/h2>\n\n\n<p class=\"has-text-align-center gt-reveal-down has-medium-font-size\">Welkom bij de receptie van <a href=\"https:\/\/camping-del-mar.com\/nl\/\">Camping Del Mar, in de Pyr\u00e9n\u00e9es-Orientales<\/a>, je eerste halte op weg naar een uitzonderlijke vakantie in onze prachtige Catalaanse regio.<\/p>\n\n\n\n<p class=\"has-text-align-center gt-reveal-down has-medium-font-size\">Onze toewijding betekent een <strong>warm welkom<\/strong>, <strong>persoonlijke service<\/strong> en <strong>toeristische informatie van topkwaliteit<\/strong> om je te helpen <a href=\"https:\/\/camping-del-mar.com\/nl\/ontdek-de-pyrenees-orientales\/\">alle schatten van onze regio te ontdekken<\/a>.<\/p>\n\n\n\n<p class=\"has-text-align-center gt-reveal-down m-b-0 has-medium-font-size\">Receptie<\/p>\n\n\n    <div id=\"gt-fse-lire-plus-69f0b81c02580\" class=\"gt-fse-lire-plus\" data-min-height=\"130\" style=\"background-color: #fff;\">\n        <input id=\"gt-fse-lire-plus-69f0b81c02580-toggle\" type=\"checkbox\" class=\"gt-fse-lire-plus__toggle\" \/>\n        <label for=\"gt-fse-lire-plus-69f0b81c02580-toggle\" class=\"gt-fse-lire-plus__toggle-label\">\n            <span>Meer lezen<\/span>\n            <span>Minder lezen<\/span>\n        <\/label>\n        <div class=\"gt-fse-lire-plus__content\" style=\"height: 130px;\">\n            \n\n<ul class=\"wp-block-list gt-reveal-down m-t-0\">\n<li><strong>Een vriendelijk welkom:<\/strong> ons toegewijde team staat klaar om je een warm welkom te heten en al je vragen te beantwoorden.<\/li>\n\n\n\n<li><strong>Toeristische informatie:<\/strong> zoek kwaliteitsinformatie om Cataloni\u00eb te verkennen. We zijn er om je te begeleiden naar de beste ervaringen. <\/li>\n\n\n\n<li><strong>Post en pakketten ontvangen:<\/strong> geniet van het gemak om je post en pakketten direct bij de receptie te ontvangen.<\/li>\n\n\n\n<li><strong>Inschrijven voor activiteiten:<\/strong> schrijf je in voor de verschillende activiteiten die worden aangeboden om te genieten van unieke momenten tijdens je verblijf.<\/li>\n\n\n\n<li><strong>Apparatuur lenen:<\/strong> heb je een strijkijzer of stofzuiger nodig? We lenen ze je gratis uit, met alleen een borgsom. <\/li>\n\n\n\n<li><strong>Gedeelde bibliotheek:<\/strong> ontdek onze gedeelde bibliotheek bij de receptie, waar iedereen een boek kan afgeven of lenen.<\/li>\n\n\n\n<li><strong>Service bij late aankomst<\/strong><\/li>\n<\/ul>\n\n\n\n<p class=\"has-text-align-center gt-reveal-down has-medium-font-size\"><strong>Juli-augustus<\/strong>: dagelijks van <strong>9u tot 14u<\/strong> en van <strong>15u tot 20u<\/strong> en <strong>zaterdag van 8u tot 21u<\/strong><strong>Juni-september<\/strong>: zondag tot vrijdag van <strong>9u tot 12u30<\/strong> en van<strong>15u tot 19u<\/strong><br\/><strong>Zaterdag<\/strong> van <strong>9u tot 12u30<\/strong> en van <strong>14u tot 19u<\/strong><\/p>\n\n\n\n<p class=\"has-text-align-center gt-reveal-down has-medium-font-size\">Buiten deze periodes, <strong>van maandag tot vrijdag van 10.00 tot 12.00 uur en van 15.00 tot 18.00 uur<\/strong> (gesloten op zaterdag en zondag).<\/p>\n\n            <div class=\"gt-fse-lire-plus__gradient\" style=\"background: linear-gradient(to bottom,rgba(255,255,255,0) 0%,rgba(255,255,255,1) 100%);\"><\/div>\n        <\/div>\n    <\/div>\n    <\/div>\n<\/div>\n\n\n\n<div class=\"wp-block-group wp-container-content-1 is-layout-flow wp-block-group-is-layout-flow\">\n<figure class=\"wp-block-image size-full gt-reveal\"><img data-dominant-color=\"a37f6d\" data-has-transparency=\"false\" style=\"--dominant-color: #a37f6d;\" decoding=\"async\" width=\"640\" height=\"961\" src=\"https:\/\/camping-del-mar.com\/wp-content\/uploads\/sites\/2\/2024\/10\/un-accueil-aux-petits-oignons-a-la-reception.webp\" alt=\"een warm welkom bij de receptie\" class=\"wp-image-4324 not-transparent\" srcset=\"https:\/\/camping-del-mar.com\/wp-content\/uploads\/sites\/2\/2024\/10\/un-accueil-aux-petits-oignons-a-la-reception.webp 640w, https:\/\/camping-del-mar.com\/wp-content\/uploads\/sites\/2\/2024\/10\/un-accueil-aux-petits-oignons-a-la-reception-200x300.webp 200w\" sizes=\"(max-width: 640px) 100vw, 640px\" \/><\/figure>\n<\/div>\n<\/div>\n<\/div>\n\n<div class=\"wp-block-group alignfull gt-reveal has-global-padding is-layout-constrained wp-container-core-group-is-layout-11 wp-block-group-is-layout-constrained\">\n<div style=\"height:6rem\" aria-hidden=\"true\" class=\"wp-block-spacer\"><\/div>\n\n\n\n<div class=\"wp-block-group alignwide animated fadeIn slower gt-hide-mobile is-layout-flow wp-block-group-is-layout-flow\" style=\"margin-top:0;margin-bottom:-33px;padding-right:0;padding-left:0\">\n<p class=\"gt-sliding-text has-contrast-3-color has-text-color has-link-color has-sogo-font-family wp-elements-0a57157b85e0a66400e78c92d70789ab\" style=\"margin-top:0;margin-right:0;margin-bottom:0;margin-left:0;font-size:7vw;font-style:normal;font-weight:300;line-height:1;text-transform:uppercase\">ONZE DIENSTEN<\/p>\n<\/div>\n\n\n\n<div class=\"wp-block-group alignwide gt-break-mobile is-nowrap is-layout-flex wp-container-core-group-is-layout-10 wp-block-group-is-layout-flex\">\n<div class=\"wp-block-group wp-container-content-2 is-layout-flow wp-block-group-is-layout-flow\">\n<figure class=\"wp-block-image size-full gt-reveal\"><img data-dominant-color=\"798145\" data-has-transparency=\"false\" style=\"--dominant-color: #798145;\" decoding=\"async\" width=\"640\" height=\"960\" src=\"https:\/\/camping-del-mar.com\/wp-content\/uploads\/sites\/2\/2024\/11\/wifi-gratuit-1.webp\" alt=\"gratis wifi\" class=\"wp-image-5640 not-transparent\" srcset=\"https:\/\/camping-del-mar.com\/wp-content\/uploads\/sites\/2\/2024\/11\/wifi-gratuit-1.webp 640w, https:\/\/camping-del-mar.com\/wp-content\/uploads\/sites\/2\/2024\/11\/wifi-gratuit-1-200x300.webp 200w\" sizes=\"(max-width: 640px) 100vw, 640px\" \/><\/figure>\n<\/div>\n\n\n\n<div class=\"wp-block-group has-global-padding is-layout-constrained wp-block-group-is-layout-constrained\">\n<div class=\"wp-block-group is-layout-flow wp-block-group-is-layout-flow\" style=\"padding-right:var(--wp--preset--spacing--30);padding-left:var(--wp--preset--spacing--30)\">\n<div style=\"height:10rem\" aria-hidden=\"true\" class=\"wp-block-spacer gt-hide-mobile\"><\/div>\n\n\n\n<figure class=\"wp-block-image aligncenter size-full gt-reveal-down wp-duotone-132f44-132f44-2\"><img data-dominant-color=\"b15526\" data-has-transparency=\"true\" style=\"--dominant-color: #b15526;\" decoding=\"async\" width=\"43\" height=\"21\" src=\"https:\/\/campingclosduthym.com\/wp-content\/uploads\/sites\/5\/2024\/08\/separator.png\" alt=\"scheider\" class=\"wp-image-150 has-transparency\"\/><\/figure>\n\n\n<h2 class=\"wp-block-heading has-text-align-center gt-reveal-down has-accent-color has-text-color has-link-color wp-elements-d0e15d70f91e6d4375fa2aae3708384b\" id=\"blijf-verbonden-met-gratis-wifi\">Blijf verbonden met gratis wifi<\/h2>\n\n\n<p class=\"has-text-align-center gt-reveal-down has-medium-font-size\"><strong>Gratis wifi:<\/strong> geniet van een gratis wifi-verbinding.<\/p>\n\n\n<h2 class=\"wp-block-heading has-text-align-center gt-reveal-down has-accent-color has-text-color has-link-color wp-elements-0911c36a1591255d2fe4ac36a1ef7d2e\" id=\"een-volledig-uitgeruste-wasserette-voor-licht-reizen\">Een volledig uitgeruste wasserette voor licht reizen<\/h2>\n\n\n<p class=\"has-text-align-center gt-reveal-down has-medium-font-size\"><strong>Wasserij:<\/strong> maak gebruik van onze wasfaciliteiten, uitgerust met <strong>wasmachines<\/strong> en <strong>drogers op muntjes<\/strong>, om je verblijf zo gemakkelijk mogelijk te maken.<\/p>\n\n\n\n<div style=\"height:2rem\" aria-hidden=\"true\" class=\"wp-block-spacer is-style-gt-hide-mobile\"><\/div>\n<\/div>\n<\/div>\n<\/div>\n<\/div>\n\n<div class=\"wp-block-group alignfull gt-reveal is-nowrap is-layout-flex wp-container-core-group-is-layout-14 wp-block-group-is-layout-flex\">\n<div class=\"wp-block-cover gt-hide-mobile wp-container-content-3\" style=\"min-height:100vh;aspect-ratio:unset;\"><span aria-hidden=\"true\" class=\"wp-block-cover__background has-background-dim-20 has-background-dim\"><\/span><img data-dominant-color=\"ad9a7a\" data-has-transparency=\"false\" style=\"--dominant-color: #ad9a7a;\" decoding=\"async\" width=\"381\" height=\"1069\" class=\"wp-block-cover__image-background wp-image-5103 not-transparent\" alt=\"location de kits bebes\" src=\"https:\/\/camping-del-mar.com\/wp-content\/uploads\/sites\/2\/2024\/11\/location-de-kits-bebes.webp\" data-object-fit=\"cover\" srcset=\"https:\/\/camping-del-mar.com\/wp-content\/uploads\/sites\/2\/2024\/11\/location-de-kits-bebes.webp 381w, https:\/\/camping-del-mar.com\/wp-content\/uploads\/sites\/2\/2024\/11\/location-de-kits-bebes-107x300.webp 107w, https:\/\/camping-del-mar.com\/wp-content\/uploads\/sites\/2\/2024\/11\/location-de-kits-bebes-365x1024.webp 365w\" sizes=\"(max-width: 381px) 100vw, 381px\" \/><div class=\"wp-block-cover__inner-container has-global-padding is-layout-constrained wp-block-cover-is-layout-constrained\">\n<p class=\"has-text-align-center has-large-font-size\"><\/p>\n<\/div><\/div>\n\n\n\n<div class=\"wp-block-cover is-light has-custom-content-position is-position-top-center wp-container-content-4\" style=\"padding-top:0;padding-bottom:0;min-height:100vh;aspect-ratio:unset;\"><span aria-hidden=\"true\" class=\"wp-block-cover__background has-background-dim-30 has-background-dim\"><\/span><img data-dominant-color=\"beb2a3\" data-has-transparency=\"false\" style=\"--dominant-color: #beb2a3;\" decoding=\"async\" width=\"1514\" height=\"1069\" class=\"wp-block-cover__image-background wp-image-5106 not-transparent\" alt=\"locations en supplement pour toujours plus de confort\" src=\"https:\/\/camping-del-mar.com\/wp-content\/uploads\/sites\/2\/2024\/11\/locations-en-supplement-pour-toujours-plus-de-confort.webp\" data-object-fit=\"cover\" srcset=\"https:\/\/camping-del-mar.com\/wp-content\/uploads\/sites\/2\/2024\/11\/locations-en-supplement-pour-toujours-plus-de-confort.webp 1514w, https:\/\/camping-del-mar.com\/wp-content\/uploads\/sites\/2\/2024\/11\/locations-en-supplement-pour-toujours-plus-de-confort-300x212.webp 300w, https:\/\/camping-del-mar.com\/wp-content\/uploads\/sites\/2\/2024\/11\/locations-en-supplement-pour-toujours-plus-de-confort-1024x723.webp 1024w, https:\/\/camping-del-mar.com\/wp-content\/uploads\/sites\/2\/2024\/11\/locations-en-supplement-pour-toujours-plus-de-confort-768x542.webp 768w\" sizes=\"(max-width: 1514px) 100vw, 1514px\" \/><div class=\"wp-block-cover__inner-container has-global-padding is-layout-constrained wp-block-cover-is-layout-constrained\">\n<div class=\"wp-block-group gt-reveal-down has-global-padding is-layout-constrained wp-container-core-group-is-layout-13 wp-block-group-is-layout-constrained\">\n<div class=\"wp-block-group has-contrast-3-background-color has-background is-layout-flow wp-block-group-is-layout-flow\" style=\"min-height:12rem\"><\/div>\n<\/div>\n\n\n\n<figure class=\"wp-block-image aligncenter size-full gt-reveal-down wp-duotone-e5e0ce-ffffff-3\"><img data-dominant-color=\"b15526\" data-has-transparency=\"true\" style=\"--dominant-color: #b15526;\" decoding=\"async\" width=\"43\" height=\"21\" src=\"https:\/\/campingclosduthym.com\/wp-content\/uploads\/sites\/5\/2024\/08\/separator.png\" alt=\"scheider\" class=\"wp-image-150 has-transparency\"\/><\/figure>\n\n\n\n<div style=\"height:1rem\" aria-hidden=\"true\" class=\"wp-block-spacer\"><\/div>\n\n\n<h2 class=\"wp-block-heading has-text-align-center has-base-color has-text-color has-link-color has-large-font-size wp-elements-9856c8874c605efd71fdf17fd56c58a1\" id=\"optionele-extras-voornog-meer-comfort\">Optionele extra&#8217;s voor<br>nog meer comfort<\/h2>\n\n\n<p class=\"has-text-align-center has-base-color has-text-color has-link-color has-medium-font-size wp-elements-3525721b845bf3586131008a275cd4bd\">Wil je je verblijf nog aangenamer maken? Ontdek onze <strong>extra huuropties<\/strong> die zijn ontworpen voor <strong>jouw comfort<\/strong> en dat van je hele gezin. <\/p>\n\n\n\n<p class=\"has-text-align-center has-base-color has-text-color has-link-color has-medium-font-size wp-elements-f5c95132669de89f903195d09647f2ce\"><strong>Verhuur van lakens voor eenmalig gebruik<\/strong><br\/>Voor een onberispelijke hygi\u00ebne en optimaal comfort kies je voor onze <strong>verhuur van lakens voor eenmalig gebruik<\/strong>. Geniet van frisse, schone lakens zonder dat je je zorgen hoeft te maken over het wassen aan het einde van je verblijf. <\/p>\n\n\n\n<p class=\"has-text-align-center has-base-color has-text-color has-link-color has-medium-font-size wp-elements-e80b62c7fcd11bd917fc2512775f43ac\"><strong><strong>Optie voor schoonmaak aan het einde van het verblijf<\/strong><\/strong> <br\/>Bespaar tijd en gemoedsrust met onze <strong>schoonmaakoptie aan het einde van je verblijf<\/strong>. Onze professionals zorgen voor alles, zodat je <strong>met een opgeruimd hoofd kunt vertrekken<\/strong> en optimaal kunt genieten van je laatste vakantiemomenten. <\/p>\n\n\n\n<p class=\"has-text-align-center has-base-color has-text-color has-link-color has-medium-font-size wp-elements-182fe2dc0bb24285d56b289a7be0eaf4\"><strong><strong><strong>Babykit huren<\/strong><\/strong><\/strong> <br\/>Reizen met kinderen is nog nooit zo eenvoudig geweest dankzij onze <strong>huurkits voor baby&#8217;s<\/strong>. Onze kits bevatten alles wat je nodig hebt voor het comfort van je baby: een <strong>badje<\/strong>, een <strong>kinderstoel<\/strong> en een <strong>kinderbedje<\/strong> zonder matras. Zorg ervoor dat je kleintje zich helemaal thuis voelt.  <\/p>\n\n\n\n<div style=\"height:var(--wp--preset--spacing--40)\" aria-hidden=\"true\" class=\"wp-block-spacer\"><\/div>\n<\/div><\/div>\n<\/div>\n\n<div class=\"wp-block-group alignfull gt-break-mobile is-content-justification-right is-nowrap is-layout-flex wp-container-core-group-is-layout-20 wp-block-group-is-layout-flex\">\n<div class=\"wp-block-group alignwide gt-absolute-text gt-hide-mobile wp-container-content-5 is-horizontal is-content-justification-right is-nowrap is-layout-flex wp-container-core-group-is-layout-15 wp-block-group-is-layout-flex\" style=\"margin-top:0;padding-right:0;padding-left:0\">\n<p class=\"gt-sliding-text-y has-contrast-3-color has-text-color has-link-color has-sogo-font-family wp-elements-e9e64af20a007e29fca120b6c32bb2c2\" style=\"margin-top:0;margin-right:0;margin-bottom:0;margin-left:0;font-size:7vw;font-style:normal;font-weight:300;line-height:1;text-transform:uppercase\">Vers brood<\/p>\n<\/div>\n\n\n\n<div class=\"wp-block-group has-accent-2-background-color has-background wp-container-content-6 has-global-padding is-content-justification-center is-layout-constrained wp-block-group-is-layout-constrained\">\n<div class=\"wp-block-group alignwide is-layout-flow wp-block-group-is-layout-flow\" style=\"padding-top:0;padding-right:var(--wp--preset--spacing--60);padding-bottom:var(--wp--preset--spacing--30);padding-left:var(--wp--preset--spacing--60)\">\n<div class=\"wp-block-group gt-reveal-down has-global-padding is-layout-constrained wp-container-core-group-is-layout-17 wp-block-group-is-layout-constrained\" style=\"margin-top:-3rem\">\n<div class=\"wp-block-group has-contrast-3-background-color has-background is-layout-flow wp-block-group-is-layout-flow\" style=\"min-height:6rem\"><\/div>\n<\/div>\n\n\n\n<figure class=\"wp-block-image aligncenter size-full gt-reveal-down wp-duotone-132f44-132f44-4\"><img data-dominant-color=\"b15526\" data-has-transparency=\"true\" style=\"--dominant-color: #b15526;\" decoding=\"async\" width=\"43\" height=\"21\" src=\"https:\/\/campingclosduthym.com\/wp-content\/uploads\/sites\/5\/2024\/08\/separator.png\" alt=\"scheider\" class=\"wp-image-150 has-transparency\"\/><\/figure>\n\n\n\n<p class=\"has-text-align-center gt-reveal-down m-b-0 has-medium-font-size\"><strong>Waarom kiezen voor onze extra verhuurdiensten?<\/strong><\/p>\n\n\n\n<ol class=\"wp-block-list gt-reveal-down m-t-0\">\n<li><strong>Extra comfort<\/strong>: verhoog de kwaliteit van je verblijf met praktische diensten <strong>op maat<\/strong>.<\/li>\n\n\n\n<li><strong>Flexibiliteit<\/strong>: kies de opties die het beste <strong>bij je passen<\/strong> om je verblijf te personaliseren. (Housekeeping optie moet ten minste 48 uur voor vertrek geboekt worden). <\/li>\n\n\n\n<li><strong>Gemoedsrust<\/strong>: laat ons voor de details zorgen zodat je <strong>van elk moment kunt genieten<\/strong>.<\/li>\n<\/ol>\n\n\n\n<p class=\"has-text-align-center gt-reveal-down has-medium-font-size\">Boek nu je <strong>extra huurvakantie<\/strong> en geniet van een stressvrije vakantie met al het comfort dat je verdient.<\/p>\n<\/div>\n\n\n\n<div style=\"height:6rem;width:0px\" aria-hidden=\"true\" class=\"wp-block-spacer\"><\/div>\n<\/div>\n<\/div>\n\n<div class=\"wp-block-group alignfull has-global-padding is-layout-constrained wp-block-group-is-layout-constrained\">\n<div style=\"height:6rem\" aria-hidden=\"true\" class=\"wp-block-spacer\"><\/div>\n\n\n\n<div class=\"wp-block-group alignfull gt-reveal gt-break-mobile gt-reverse-mobile is-content-justification-center is-nowrap is-layout-flex wp-container-core-group-is-layout-26 wp-block-group-is-layout-flex\">\n<div class=\"wp-block-group is-nowrap is-layout-flex wp-container-core-group-is-layout-25 wp-block-group-is-layout-flex\" style=\"padding-right:var(--wp--preset--spacing--20);padding-left:var(--wp--preset--spacing--20)\">\n<div class=\"wp-block-group has-global-padding is-layout-constrained wp-block-group-is-layout-constrained\">\n<div class=\"wp-block-group animated fadeInDown slow gt-reveal-down has-global-padding is-layout-constrained wp-container-core-group-is-layout-22 wp-block-group-is-layout-constrained\">\n<div class=\"wp-block-group gt-reveal-down has-contrast-3-background-color has-background is-layout-flow wp-block-group-is-layout-flow\" style=\"min-height:30rem\"><\/div>\n<\/div>\n\n\n\n<figure class=\"wp-block-image aligncenter size-full gt-reveal-down wp-duotone-e5e0ce-ffffff-5\"><img data-dominant-color=\"b15526\" data-has-transparency=\"true\" style=\"--dominant-color: #b15526;\" decoding=\"async\" width=\"43\" height=\"21\" src=\"https:\/\/campingclosduthym.com\/wp-content\/uploads\/sites\/5\/2024\/08\/separator.png\" alt=\"scheider\" class=\"wp-image-150 has-transparency\"\/><\/figure>\n<\/div>\n\n\n\n<div class=\"wp-block-group has-global-padding is-layout-constrained wp-block-group-is-layout-constrained\"><h2 class=\"wp-block-heading has-accent-color has-text-color has-link-color wp-elements-a786ca087461a897d380761445b871f2\" id=\"brood-en-gebak-om-de-dag-goed-te-beginnen\">Brood en gebak om de dag goed te beginnen<\/h2>\n\n\n<p class=\"has-medium-font-size\">Elke dag bieden we <strong>vers gebakken brood<\/strong> en heerlijk <strong>gebak<\/strong> om <strong>je smaakpapillen te prikkelen vanaf het ontbijt.<\/strong><\/p>\n<\/div>\n<\/div>\n\n\n\n<figure class=\"wp-block-image size-full\"><img data-dominant-color=\"866143\" data-has-transparency=\"false\" style=\"--dominant-color: #866143;\" decoding=\"async\" width=\"1108\" height=\"738\" src=\"https:\/\/camping-del-mar.com\/wp-content\/uploads\/sites\/2\/2024\/10\/depot-de-pain-et-viennoiseries-pour-attaquer-la-journee-du-bon-pied.webp\" alt=\"brood en gebak voor een goed begin van de dag\" class=\"wp-image-4332 not-transparent\" srcset=\"https:\/\/camping-del-mar.com\/wp-content\/uploads\/sites\/2\/2024\/10\/depot-de-pain-et-viennoiseries-pour-attaquer-la-journee-du-bon-pied.webp 1108w, https:\/\/camping-del-mar.com\/wp-content\/uploads\/sites\/2\/2024\/10\/depot-de-pain-et-viennoiseries-pour-attaquer-la-journee-du-bon-pied-300x200.webp 300w, https:\/\/camping-del-mar.com\/wp-content\/uploads\/sites\/2\/2024\/10\/depot-de-pain-et-viennoiseries-pour-attaquer-la-journee-du-bon-pied-1024x682.webp 1024w, https:\/\/camping-del-mar.com\/wp-content\/uploads\/sites\/2\/2024\/10\/depot-de-pain-et-viennoiseries-pour-attaquer-la-journee-du-bon-pied-768x512.webp 768w\" sizes=\"(max-width: 1108px) 100vw, 1108px\" \/><\/figure>\n<\/div>\n\n\n\n<div style=\"height:6rem\" aria-hidden=\"true\" class=\"wp-block-spacer\"><\/div>\n<\/div>\n\n<div class=\"wp-block-group alignfull has-global-padding is-layout-constrained wp-block-group-is-layout-constrained\">\n<div class=\"wp-block-group alignfull gt-reveal gt-break-mobile is-content-justification-center is-nowrap is-layout-flex wp-container-core-group-is-layout-30 wp-block-group-is-layout-flex\">\n<figure class=\"wp-block-image size-full\"><img data-dominant-color=\"8e7e62\" data-has-transparency=\"false\" style=\"--dominant-color: #8e7e62;\" decoding=\"async\" width=\"662\" height=\"531\" src=\"https:\/\/camping-del-mar.com\/wp-content\/uploads\/sites\/2\/2024\/10\/l-epicerie-de-depannage-avec-produits-locaux.webp\" alt=\"gemakswinkel met lokale producten\" class=\"wp-image-4335 not-transparent\" srcset=\"https:\/\/camping-del-mar.com\/wp-content\/uploads\/sites\/2\/2024\/10\/l-epicerie-de-depannage-avec-produits-locaux.webp 662w, https:\/\/camping-del-mar.com\/wp-content\/uploads\/sites\/2\/2024\/10\/l-epicerie-de-depannage-avec-produits-locaux-300x241.webp 300w\" sizes=\"(max-width: 662px) 100vw, 662px\" \/><\/figure>\n\n\n\n<div class=\"wp-block-group is-nowrap is-layout-flex wp-container-core-group-is-layout-29 wp-block-group-is-layout-flex\" style=\"padding-right:var(--wp--preset--spacing--20);padding-left:var(--wp--preset--spacing--20)\">\n<div class=\"wp-block-group has-global-padding is-layout-constrained wp-block-group-is-layout-constrained\"><h2 class=\"wp-block-heading has-accent-color has-text-color has-link-color wp-elements-5e5916c69a6d3d8f2e386a551484253f\" id=\"buurtwinkel-met-lokale-producten\">Buurtwinkel met lokale producten<\/h2>\n\n\n<p class=\"has-medium-font-size\">Onze gemakswinkel biedt je een compleet assortiment producten die de <strong>geneugten van het Catalaanse terroir<\/strong> laten zien. Ontdek <strong>de regionale specialiteiten<\/strong>, <strong>wijnen uit de oostelijke Pyrenee\u00ebn<\/strong> en de <strong>dagbladen<\/strong>. We zijn er trots op dat we je de gastronomische hoogstandjes van onze streek kunnen aanbieden, midden op camping Del Mar.  <\/p>\n<\/div>\n<\/div>\n<\/div>\n\n\n\n<div class=\"wp-block-group alignfull gt-reveal gt-break-mobile gt-reverse-mobile is-content-justification-center is-nowrap is-layout-flex wp-container-core-group-is-layout-33 wp-block-group-is-layout-flex\">\n<div class=\"wp-block-group is-nowrap is-layout-flex wp-container-core-group-is-layout-32 wp-block-group-is-layout-flex\" style=\"padding-right:var(--wp--preset--spacing--20);padding-left:var(--wp--preset--spacing--20)\">\n<div class=\"wp-block-group has-global-padding is-layout-constrained wp-block-group-is-layout-constrained\"><h2 class=\"wp-block-heading has-accent-color has-text-color has-link-color wp-elements-1b98d1ed1fae02a67855cf300aade59e\" id=\"de-souvenirwinkel-om-het-zuiden-mee-terug-te-nemen-in-je-koffers\">De souvenirwinkel om het zuiden mee terug te nemen in je koffers<\/h2>\n\n\n<p class=\"has-medium-font-size\">Ontdek onze <strong>souvenirwinkel<\/strong>, waar de kleuren van Zuid-Frankrijk tot uiting komen in een grote verscheidenheid aan <strong>decoratieve voorwerpen<\/strong>, <strong>cadeaus<\/strong> en <strong>modeaccessoires<\/strong>. Verzameling strandtassen, pareo&#8217;s, fouta&#8217;s en nog veel meer, om een authentiek souvenir van je verblijf mee naar huis te nemen. <\/p>\n<\/div>\n<\/div>\n\n\n\n<figure class=\"wp-block-image size-full\"><img data-dominant-color=\"b6925f\" data-has-transparency=\"false\" style=\"--dominant-color: #b6925f;\" decoding=\"async\" width=\"662\" height=\"531\" src=\"https:\/\/camping-del-mar.com\/wp-content\/uploads\/sites\/2\/2024\/10\/la-boutique-de-souvenirs-pour-ramener-le-sud-dans-vos-valises.webp\" alt=\"de souvenirwinkel om het zuiden mee terug te nemen in je koffers\" class=\"wp-image-4337 not-transparent\" srcset=\"https:\/\/camping-del-mar.com\/wp-content\/uploads\/sites\/2\/2024\/10\/la-boutique-de-souvenirs-pour-ramener-le-sud-dans-vos-valises.webp 662w, https:\/\/camping-del-mar.com\/wp-content\/uploads\/sites\/2\/2024\/10\/la-boutique-de-souvenirs-pour-ramener-le-sud-dans-vos-valises-300x241.webp 300w\" sizes=\"(max-width: 662px) 100vw, 662px\" \/><\/figure>\n<\/div>\n\n\n\n<div style=\"height:6rem\" aria-hidden=\"true\" class=\"wp-block-spacer\"><\/div>\n<\/div>\n\n<div class=\"wp-block-group alignfull is-layout-flow wp-block-group-is-layout-flow\" style=\"padding-bottom:0\">\n<div class=\"wp-block-group alignwide animated fadeIn slower is-layout-flow wp-block-group-is-layout-flow\" style=\"margin-top:0;margin-bottom:-33px;padding-right:0;padding-left:0\">\n<p class=\"gt-sliding-text has-contrast-3-color has-text-color has-link-color has-sogo-font-family wp-elements-3b0a62d677c316857b2750de3a2edf02\" style=\"margin-top:0;margin-right:0;margin-bottom:0;margin-left:0;font-size:7vw;font-style:normal;font-weight:300;line-height:1;text-transform:uppercase\">ONTDEK<\/p>\n<\/div>\n\n\n\n<div class=\"wp-block-group gt-break-mobile is-layout-grid wp-container-core-group-is-layout-39 wp-block-group-is-layout-grid\" style=\"border-radius:2rem\">\n<div\n\tstyle=\"border-radius:0rem;\" class=\"gt-maillage-6 wp-block-gt-gt-fse-maillage\"\tdata-wp-interactive=\"gt\/maillage\"\n\tdata-wp-on--click=\"actions.ctaLoad\"\n\tdata-wp-context='{\"radius\":\"0rem\",\"hover_bg_color\":\"#132f44\",\"hover_text_color\":\"#ffffff\",\"hover_image_opacity\":0.5}'>\t\n\n\t\n\t\t\t\t\t\t\t\t\t<div \n\t\t\t\tclass=\"gt-fse-maillage-link gt-fse-maillage-image-zoom gt-fse-maillage-hover-background-color gt-fse-maillage-hover-text-color\"\n\t\t\t\tstyle=\"border-radius: 0rem\"\n\t\t\t\tdata-wp-on-async--mouseover=\"actions.mouseover\"\n\t\t\t>\n\t\t\t\t\t\t\t\t\t\t\t\n<div class=\"wp-block-group is-layout-flow wp-block-group-is-layout-flow\">\n<div style=\"aspect-ratio:16\/9;min-height:unset;\" class=\"wp-block-cover is-light has-custom-content-position is-position-bottom-right has-aspect-ratio\"><span aria-hidden=\"true\" class=\"wp-block-cover__background has-black-background-color has-background-dim\"><\/span><img decoding=\"async\" width=\"1920\" height=\"434\" src=\"https:\/\/camping-del-mar.com\/wp-content\/uploads\/sites\/2\/2024\/11\/del-mar-camping-demarche-qualite-labels-argeles-sur-mer.webp\" class=\"wp-block-cover__image-background not-transparent wp-post-image\" alt=\"del mar camping kwaliteitslabels argeles-sur-mer\" data-object-fit=\"cover\" srcset=\"https:\/\/camping-del-mar.com\/wp-content\/uploads\/sites\/2\/2024\/11\/del-mar-camping-demarche-qualite-labels-argeles-sur-mer.webp 1920w, https:\/\/camping-del-mar.com\/wp-content\/uploads\/sites\/2\/2024\/11\/del-mar-camping-demarche-qualite-labels-argeles-sur-mer-300x68.webp 300w, https:\/\/camping-del-mar.com\/wp-content\/uploads\/sites\/2\/2024\/11\/del-mar-camping-demarche-qualite-labels-argeles-sur-mer-1024x231.webp 1024w, https:\/\/camping-del-mar.com\/wp-content\/uploads\/sites\/2\/2024\/11\/del-mar-camping-demarche-qualite-labels-argeles-sur-mer-768x174.webp 768w, https:\/\/camping-del-mar.com\/wp-content\/uploads\/sites\/2\/2024\/11\/del-mar-camping-demarche-qualite-labels-argeles-sur-mer-1536x347.webp 1536w\" sizes=\"(max-width: 1920px) 100vw, 1920px\" data-has-transparency=\"false\" data-dominant-color=\"959b89\" style=\"--dominant-color: #959b89;\" \/><div class=\"wp-block-cover__inner-container has-global-padding is-layout-constrained wp-block-cover-is-layout-constrained\">\n\n\n\n<p style=\"font-weight:700;text-transform:uppercase;\" class=\"wp-elements-1d85624d063a7cb35988b7ee9856f738 wp-block-gt-gt-fse-maillage-titre has-text-color has-base-color has-large-font-size has-sogo-font-family\">\n    Ontdek de kwaliteitslabels en de aanpak van onze camping in de Pyr\u00e9n\u00e9es-Orientales<\/p>\n\n<\/div><\/div>\n<\/div>\n\t\t\t\t\t\t\t<\/div>\n\t\t\t\t\t\t\t\t\t\t\t<div \n\t\t\t\tclass=\"gt-fse-maillage-link gt-fse-maillage-image-zoom gt-fse-maillage-hover-background-color gt-fse-maillage-hover-text-color\"\n\t\t\t\tstyle=\"border-radius: 0rem\"\n\t\t\t\tdata-wp-on-async--mouseover=\"actions.mouseover\"\n\t\t\t>\n\t\t\t\t\t\t\t\t\t\t\t\n<div class=\"wp-block-group is-layout-flow wp-block-group-is-layout-flow\">\n<div style=\"aspect-ratio:16\/9;min-height:unset;\" class=\"wp-block-cover is-light has-custom-content-position is-position-bottom-right has-aspect-ratio\"><span aria-hidden=\"true\" class=\"wp-block-cover__background has-black-background-color has-background-dim\"><\/span><img decoding=\"async\" width=\"1920\" height=\"434\" src=\"https:\/\/camping-del-mar.com\/wp-content\/uploads\/sites\/2\/2024\/10\/camping-del-mar-activites-animations-argeles-sur-mer.webp\" class=\"wp-block-cover__image-background not-transparent wp-post-image\" alt=\"camping del mar activiteiten animatie argeles-sur-mer\" data-object-fit=\"cover\" srcset=\"https:\/\/camping-del-mar.com\/wp-content\/uploads\/sites\/2\/2024\/10\/camping-del-mar-activites-animations-argeles-sur-mer.webp 1920w, https:\/\/camping-del-mar.com\/wp-content\/uploads\/sites\/2\/2024\/10\/camping-del-mar-activites-animations-argeles-sur-mer-300x68.webp 300w, https:\/\/camping-del-mar.com\/wp-content\/uploads\/sites\/2\/2024\/10\/camping-del-mar-activites-animations-argeles-sur-mer-1024x231.webp 1024w, https:\/\/camping-del-mar.com\/wp-content\/uploads\/sites\/2\/2024\/10\/camping-del-mar-activites-animations-argeles-sur-mer-768x174.webp 768w, https:\/\/camping-del-mar.com\/wp-content\/uploads\/sites\/2\/2024\/10\/camping-del-mar-activites-animations-argeles-sur-mer-1536x347.webp 1536w\" sizes=\"(max-width: 1920px) 100vw, 1920px\" data-has-transparency=\"false\" data-dominant-color=\"4e8463\" style=\"--dominant-color: #4e8463;\" \/><div class=\"wp-block-cover__inner-container has-global-padding is-layout-constrained wp-block-cover-is-layout-constrained\">\n\n\n\n<p style=\"font-weight:700;text-transform:uppercase;\" class=\"wp-elements-1d85624d063a7cb35988b7ee9856f738 wp-block-gt-gt-fse-maillage-titre has-text-color has-base-color has-large-font-size has-sogo-font-family\">\n    Activiteiten en animaties op onze camping in de Pyr\u00e9n\u00e9es-Orientales<\/p>\n\n<\/div><\/div>\n<\/div>\n\t\t\t\t\t\t\t<\/div>\n\t\t\t\t\t\t\t\t\t\t\t<div \n\t\t\t\tclass=\"gt-fse-maillage-link gt-fse-maillage-image-zoom gt-fse-maillage-hover-background-color gt-fse-maillage-hover-text-color\"\n\t\t\t\tstyle=\"border-radius: 0rem\"\n\t\t\t\tdata-wp-on-async--mouseover=\"actions.mouseover\"\n\t\t\t>\n\t\t\t\t\t\t\t\t\t\t\t\n<div class=\"wp-block-group is-layout-flow wp-block-group-is-layout-flow\">\n<div style=\"aspect-ratio:16\/9;min-height:unset;\" class=\"wp-block-cover is-light has-custom-content-position is-position-bottom-right has-aspect-ratio\"><span aria-hidden=\"true\" class=\"wp-block-cover__background has-black-background-color has-background-dim\"><\/span><img decoding=\"async\" width=\"1920\" height=\"434\" src=\"https:\/\/camping-del-mar.com\/wp-content\/uploads\/sites\/2\/2024\/10\/camping-espace-aquatique-argeles-sur-mer-del-mar.webp\" class=\"wp-block-cover__image-background not-transparent wp-post-image\" alt=\"camping watergebied\" data-object-fit=\"cover\" srcset=\"https:\/\/camping-del-mar.com\/wp-content\/uploads\/sites\/2\/2024\/10\/camping-espace-aquatique-argeles-sur-mer-del-mar.webp 1920w, https:\/\/camping-del-mar.com\/wp-content\/uploads\/sites\/2\/2024\/10\/camping-espace-aquatique-argeles-sur-mer-del-mar-300x68.webp 300w, https:\/\/camping-del-mar.com\/wp-content\/uploads\/sites\/2\/2024\/10\/camping-espace-aquatique-argeles-sur-mer-del-mar-1024x231.webp 1024w, https:\/\/camping-del-mar.com\/wp-content\/uploads\/sites\/2\/2024\/10\/camping-espace-aquatique-argeles-sur-mer-del-mar-768x174.webp 768w, https:\/\/camping-del-mar.com\/wp-content\/uploads\/sites\/2\/2024\/10\/camping-espace-aquatique-argeles-sur-mer-del-mar-1536x347.webp 1536w\" sizes=\"(max-width: 1920px) 100vw, 1920px\" data-has-transparency=\"false\" data-dominant-color=\"556c5e\" style=\"--dominant-color: #556c5e;\" \/><div class=\"wp-block-cover__inner-container has-global-padding is-layout-constrained wp-block-cover-is-layout-constrained\">\n\n\n\n<p style=\"font-weight:700;text-transform:uppercase;\" class=\"wp-elements-1d85624d063a7cb35988b7ee9856f738 wp-block-gt-gt-fse-maillage-titre has-text-color has-base-color has-large-font-size has-sogo-font-family\">\n    Een camping met zwemparadijs voor een onvergetelijke vakantie in Argel\u00e8s-sur-Mer<\/p>\n\n<\/div><\/div>\n<\/div>\n\t\t\t\t\t\t\t<\/div>\n\t\t\t\t\t\t\t\t<\/div><\/div>\n\n\n\n<div style=\"height:6rem\" aria-hidden=\"true\" class=\"wp-block-spacer\"><\/div>\n<\/div>\n","protected":false},"excerpt":{"rendered":"<p>Een warmwelkom bij de receptie Welkom bij de receptie van Camping Del Mar, in de Pyr\u00e9n\u00e9es-Orientales, je eerste halte op weg naar een uitzonderlijke vakantie in onze prachtige Catalaanse regio. Onze toewijding betekent een warm welkom, persoonlijke service en toeristische informatie van topkwaliteit om je te helpen alle schatten van onze regio te ontdekken. Receptie [&hellip;]<\/p>\n","protected":false},"author":1,"featured_media":6786,"parent":0,"menu_order":0,"comment_status":"closed","ping_status":"closed","template":"","meta":{"_acf_changed":false,"_seopress_robots_primary_cat":"","_seopress_titles_title":"Diensten op een gezinscamping in Argel\u00e8s-sur-Mer","_seopress_titles_desc":"Profiteer van de 4-sterrenservice op een familiecamping in Argel\u00e8s-sur-Mer: wasserette, kruidenier... en een souvenirwinkel om de Pyrenee\u00ebn-Orientales mee terug te nemen!","_seopress_robots_index":"","_gt_ctv_global_id":"","_gt_ctv_id_group":false,"inline_featured_image":false,"gt_fse_maillage_image":"https:\/\/camping-del-mar.com\/wp-content\/uploads\/sites\/2\/2024\/10\/camping-familial-argeles-sur-mer-del-mar.webp","gt_fse_maillage_titre":"Geniet van 4-sterrenservice op onze gezinscamping in Argel\u00e8s-sur-Mer","gt_fse_maillage_resume":"","_gt_maillage_image":0,"_gt_maillage_video":0,"_gt_maillage_title":"","footnotes":""},"categories":[],"tags":[],"class_list":["post-6785","page","type-page","status-publish","has-post-thumbnail","hentry"],"acf":[],"_links":{"self":[{"href":"https:\/\/camping-del-mar.com\/nl\/wp-json\/wp\/v2\/pages\/6785","targetHints":{"allow":["GET"]}}],"collection":[{"href":"https:\/\/camping-del-mar.com\/nl\/wp-json\/wp\/v2\/pages"}],"about":[{"href":"https:\/\/camping-del-mar.com\/nl\/wp-json\/wp\/v2\/types\/page"}],"author":[{"embeddable":true,"href":"https:\/\/camping-del-mar.com\/nl\/wp-json\/wp\/v2\/users\/1"}],"replies":[{"embeddable":true,"href":"https:\/\/camping-del-mar.com\/nl\/wp-json\/wp\/v2\/comments?post=6785"}],"version-history":[{"count":7,"href":"https:\/\/camping-del-mar.com\/nl\/wp-json\/wp\/v2\/pages\/6785\/revisions"}],"predecessor-version":[{"id":7686,"href":"https:\/\/camping-del-mar.com\/nl\/wp-json\/wp\/v2\/pages\/6785\/revisions\/7686"}],"wp:featuredmedia":[{"embeddable":true,"href":"https:\/\/camping-del-mar.com\/nl\/wp-json\/wp\/v2\/media\/6786"}],"wp:attachment":[{"href":"https:\/\/camping-del-mar.com\/nl\/wp-json\/wp\/v2\/media?parent=6785"}],"wp:term":[{"taxonomy":"category","embeddable":true,"href":"https:\/\/camping-del-mar.com\/nl\/wp-json\/wp\/v2\/categories?post=6785"},{"taxonomy":"post_tag","embeddable":true,"href":"https:\/\/camping-del-mar.com\/nl\/wp-json\/wp\/v2\/tags?post=6785"}],"curies":[{"name":"wp","href":"https:\/\/api.w.org\/{rel}","templated":true}]}}