{"id":6765,"date":"2024-09-27T09:26:49","date_gmt":"2024-09-27T07:26:49","guid":{"rendered":"https:\/\/camping-del-mar.com\/camping-histoire-argeles-sur-mer\/"},"modified":"2025-01-13T14:44:50","modified_gmt":"2025-01-13T13:44:50","slug":"camping-geschiedenis-argeles-sur-mer","status":"publish","type":"page","link":"https:\/\/camping-del-mar.com\/nl\/camping-geschiedenis-argeles-sur-mer\/","title":{"rendered":"Een camping met diepe wortels sinds 1970"},"content":{"rendered":"\n<div class=\"wp-block-group alignfull gt-reveal has-global-padding is-layout-constrained wp-container-core-group-is-layout-5 wp-block-group-is-layout-constrained\">\n<div style=\"height:6rem\" aria-hidden=\"true\" class=\"wp-block-spacer\"><\/div>\n\n\n\n<div class=\"wp-block-group alignwide gt-break-mobile gt-reverse-mobile is-nowrap is-layout-flex wp-container-core-group-is-layout-4 wp-block-group-is-layout-flex\">\n<div class=\"wp-block-group has-global-padding is-layout-constrained wp-block-group-is-layout-constrained\">\n<div class=\"wp-block-group is-layout-flow wp-block-group-is-layout-flow\" style=\"padding-right:var(--wp--preset--spacing--30);padding-left:var(--wp--preset--spacing--30)\">\n<div style=\"height:10rem\" aria-hidden=\"true\" class=\"wp-block-spacer gt-hide-mobile\"><\/div>\n\n\n\n<figure class=\"wp-block-image aligncenter size-full gt-reveal-down wp-duotone-132f44-132f44-1\"><img data-dominant-color=\"b15526\" data-has-transparency=\"true\" style=\"--dominant-color: #b15526;\" decoding=\"async\" width=\"43\" height=\"21\" src=\"https:\/\/campingclosduthym.com\/wp-content\/uploads\/sites\/5\/2024\/08\/separator.png\" alt=\"scheider\" class=\"wp-image-150 has-transparency\"\/><\/figure>\n\n\n\n<p class=\"has-text-align-center gt-reveal-down has-medium-font-size\">Welkom op <a href=\"https:\/\/camping-del-mar.com\/nl\/\">Camping Del Mar in Argeles-sur-Mer<\/a>, genesteld <a href=\"https:\/\/camping-del-mar.com\/nl\/ontdek-de-pyrenees-orientales\/\">aan de voet van de majestueuze Pyrenee\u00ebn<\/a> sinds 1970. Op slechts <strong>500 meter van een fijn zandstrand<\/strong> vindt u op ons landgoed <strong>van 8 hectare<\/strong> <strong>273 stacaravans<\/strong>, in een <strong>bevoorrechte omgeving<\/strong> waar mediterrane en exotische vegetatie elkaar ontmoeten. <\/p>\n\n\n\n<p class=\"has-text-align-center gt-reveal-down has-medium-font-size\"><strong>Ontdek onze Oasis Verdoyante en <\/strong>dompel jezelf onder in een <strong>oase van groen<\/strong>, waar mediterrane natuur en exotische soorten elkaar ontmoeten. De 8 hectare van ons landgoed cre\u00ebren een <strong>oase van rust<\/strong>, een uitnodiging om te ontspannen in het hart van een ongerept landschap. <\/p>\n\n\n\n<p class=\"has-text-align-center gt-reveal-down has-medium-font-size\"><strong>Boek nu voor een onvergetelijke vakantie <\/strong>Op Camping Del Mar nodigen we je uit voor een vakantie die in je geheugen gegrift zal blijven. Boek nu om te genieten van onze <strong>uitzonderlijke omgeving<\/strong>, onze <strong>vriendelijke sfeer<\/strong> en onze unieke nabijheid van het strand. <\/p>\n\n\n\n<p class=\"has-text-align-center gt-reveal-down has-medium-font-size\">Ontspan, verken en cre\u00eber blijvende herinneringen in het hart van Frans Cataloni\u00eb.<\/p>\n<\/div>\n<\/div>\n\n\n\n<div class=\"wp-block-group wp-container-content-1 is-layout-flow wp-block-group-is-layout-flow\">\n<figure class=\"wp-block-image size-full gt-reveal\"><img data-dominant-color=\"8d9068\" data-has-transparency=\"false\" style=\"--dominant-color: #8d9068;\" decoding=\"async\" width=\"640\" height=\"961\" src=\"https:\/\/camping-del-mar.com\/wp-content\/uploads\/sites\/2\/2024\/11\/camping-aux-racines-bien-ancrees.webp\" alt=\"kamperen met diepe wortels\" class=\"wp-image-5430 not-transparent\" srcset=\"https:\/\/camping-del-mar.com\/wp-content\/uploads\/sites\/2\/2024\/11\/camping-aux-racines-bien-ancrees.webp 640w, https:\/\/camping-del-mar.com\/wp-content\/uploads\/sites\/2\/2024\/11\/camping-aux-racines-bien-ancrees-200x300.webp 200w\" sizes=\"(max-width: 640px) 100vw, 640px\" \/><\/figure>\n<\/div>\n<\/div>\n<\/div>\n\n<div class=\"wp-block-group alignfull gt-reveal has-global-padding is-layout-constrained wp-container-core-group-is-layout-11 wp-block-group-is-layout-constrained\">\n<div style=\"height:6rem\" aria-hidden=\"true\" class=\"wp-block-spacer\"><\/div>\n\n\n\n<div class=\"wp-block-group alignwide animated fadeIn slower gt-hide-mobile is-layout-flow wp-block-group-is-layout-flow\" style=\"margin-top:0;margin-bottom:-33px;padding-right:0;padding-left:0\">\n<p class=\"gt-sliding-text has-contrast-3-color has-text-color has-link-color has-sogo-font-family wp-elements-0d09186f60beca24019dcfaafa6ee56a\" style=\"margin-top:0;margin-right:0;margin-bottom:0;margin-left:0;font-size:7vw;font-style:normal;font-weight:300;line-height:1;text-transform:uppercase\">FAMILIE SAGA<\/p>\n<\/div>\n\n\n\n<div class=\"wp-block-group alignwide gt-break-mobile is-nowrap is-layout-flex wp-container-core-group-is-layout-10 wp-block-group-is-layout-flex\">\n<div class=\"wp-block-group wp-container-content-2 is-layout-flow wp-block-group-is-layout-flow\">\n<figure class=\"wp-block-image size-full gt-reveal\"><img data-dominant-color=\"757163\" data-has-transparency=\"false\" style=\"--dominant-color: #757163;\" decoding=\"async\" width=\"640\" height=\"444\" src=\"https:\/\/camping-del-mar.com\/wp-content\/uploads\/sites\/2\/2024\/11\/saga-familiale.webp\" alt=\"familiesaga\" class=\"wp-image-5087 not-transparent\" srcset=\"https:\/\/camping-del-mar.com\/wp-content\/uploads\/sites\/2\/2024\/11\/saga-familiale.webp 640w, https:\/\/camping-del-mar.com\/wp-content\/uploads\/sites\/2\/2024\/11\/saga-familiale-300x208.webp 300w\" sizes=\"(max-width: 640px) 100vw, 640px\" \/><\/figure>\n<\/div>\n\n\n\n<div class=\"wp-block-group has-global-padding is-layout-constrained wp-block-group-is-layout-constrained\">\n<div class=\"wp-block-group is-layout-flow wp-block-group-is-layout-flow\" style=\"padding-right:var(--wp--preset--spacing--30);padding-left:var(--wp--preset--spacing--30)\">\n<div style=\"height:10rem\" aria-hidden=\"true\" class=\"wp-block-spacer gt-hide-mobile\"><\/div>\n\n\n\n<figure class=\"wp-block-image aligncenter size-full gt-reveal-down wp-duotone-132f44-132f44-2\"><img data-dominant-color=\"b15526\" data-has-transparency=\"true\" style=\"--dominant-color: #b15526;\" decoding=\"async\" width=\"43\" height=\"21\" src=\"https:\/\/campingclosduthym.com\/wp-content\/uploads\/sites\/5\/2024\/08\/separator.png\" alt=\"scheider\" class=\"wp-image-150 has-transparency\"\/><\/figure>\n\n\n<h2 class=\"wp-block-heading has-text-align-center gt-reveal-down has-accent-color has-text-color has-link-color wp-elements-54fc054d0e75983ac655a3d25d9844ec\" id=\"ze-hadden-een-droom-camping-del-mar-het-verhaal-van-een-familiesaga\">Ze hadden een droom: camping Del Mar, het verhaal van een familiesaga<\/h2>\n\n    <div id=\"gt-fse-lire-plus-69f0b9ddb82a4\" class=\"gt-fse-lire-plus\" data-min-height=\"130\" style=\"background-color: #fff;\">\n        <input id=\"gt-fse-lire-plus-69f0b9ddb82a4-toggle\" type=\"checkbox\" class=\"gt-fse-lire-plus__toggle\" \/>\n        <label for=\"gt-fse-lire-plus-69f0b9ddb82a4-toggle\" class=\"gt-fse-lire-plus__toggle-label\">\n            <span>Meer lezen<\/span>\n            <span>Minder lezen<\/span>\n        <\/label>\n        <div class=\"gt-fse-lire-plus__content\" style=\"height: 130px;\">\n            \n\n<p class=\"has-text-align-center gt-reveal-down has-medium-font-size\"><strong>In 1967<\/strong> besloten Alain en Ghislaine QUILLEVERE de camping Al Sol op te richten, die ze twee jaar later verkochten.<\/p>\n\n\n\n<p class=\"has-text-align-center gt-reveal-down has-medium-font-size\"><strong>In 1970<\/strong> besloten ze hun droom waar te maken door Del Mar op te richten. Een <strong>familiecamping op een steenworp afstand van de zee.<\/strong> <\/p>\n\n\n\n<p class=\"has-text-align-center gt-reveal-down has-medium-font-size\">Ze kochten eerst een perceel van 9.000 m\u00b2 en bleven van jaar tot jaar bijkopen. Het land was in die tijd alleen landbouwgrond. <\/p>\n\n\n\n<p class=\"has-text-align-center gt-reveal-down has-medium-font-size\">Overigens <strong>zijn alle bomen op de camping geplant door Alain en zijn zoon Yannick<\/strong> alleen.<\/p>\n\n\n\n<p class=\"has-text-align-center gt-reveal-down has-medium-font-size\">Het zij verre van hen om zo&#8217;n grote camping te hebben.<\/p>\n\n\n\n<p class=\"has-text-align-center gt-reveal-down has-medium-font-size\">Del Mar bestond uit verschillende lanen met plaatsen die niet echt afgebakend waren en alleen plaats boden aan tenten en een paar caravans.<\/p>\n\n\n\n<p class=\"has-text-align-center gt-reveal-down has-medium-font-size\">De<strong>familiaire sfeer<\/strong> in Del Mar heeft geholpen om vanaf de eerste jaren <strong>een trouwe klantenkring op te bouwen<\/strong>.<\/p>\n\n\n\n<p class=\"has-text-align-center gt-reveal-down has-medium-font-size\"><strong>In 1970<\/strong>, het eerste jaar, runde Ghislaine QUILLEVERE de &#8220;kleine kruidenierswinkel&#8221;, die alleen brood, boter, croissants en melk verkocht.<\/p>\n\n\n\n<p class=\"has-text-align-center gt-reveal-down has-medium-font-size\">In datzelfde jaar werden de eerste sanitaire voorzieningen gebouwd.<\/p>\n\n\n\n<p class=\"has-text-align-center gt-reveal-down has-medium-font-size\">Drie jaar later, <strong>in 1973<\/strong>, werd er een houten kruidenierswinkel gebouwd met een groter assortiment producten.<\/p>\n\n\n\n<p class=\"has-text-align-center gt-reveal-down has-medium-font-size\">Destijds was er geen receptie als zodanig, die werd gehouden in het huis van de eigenaren.<\/p>\n\n            <div class=\"gt-fse-lire-plus__gradient\" style=\"background: linear-gradient(to bottom,rgba(255,255,255,0) 0%,rgba(255,255,255,1) 100%);\"><\/div>\n        <\/div>\n    <\/div>\n    \n\n\n<div style=\"height:2rem\" aria-hidden=\"true\" class=\"wp-block-spacer is-style-gt-hide-mobile\"><\/div>\n<\/div>\n<\/div>\n<\/div>\n<\/div>\n\n<div class=\"wp-block-group alignfull has-global-padding is-layout-constrained wp-block-group-is-layout-constrained\">\n<div style=\"height:6rem\" aria-hidden=\"true\" class=\"wp-block-spacer\"><\/div>\n\n\n\n<div class=\"wp-block-group alignfull gt-reveal gt-break-mobile gt-reverse-mobile is-content-justification-center is-nowrap is-layout-flex wp-container-core-group-is-layout-14 wp-block-group-is-layout-flex\">\n<div class=\"wp-block-group is-nowrap is-layout-flex wp-container-core-group-is-layout-13 wp-block-group-is-layout-flex\" style=\"padding-right:var(--wp--preset--spacing--20);padding-left:var(--wp--preset--spacing--20)\">\n<div class=\"wp-block-group has-global-padding is-layout-constrained wp-block-group-is-layout-constrained\"><h2 class=\"wp-block-heading has-accent-color has-text-color has-link-color wp-elements-38f721711501462f9a87c7676c7cd026\" id=\"de-camping-moderniseren\">De camping moderniseren<\/h2>\n\n\n<p class=\"has-medium-font-size\">De <strong>modernisering van<\/strong> Del Mar is het resultaat van twee belangrijke ontwikkelingen.<\/p>\n\n\n\n<p class=\"has-medium-font-size\">De eerste kwam <strong>in 1984<\/strong> met de <strong>bouw van het zwembad<\/strong>. De tweede kwam in <strong>1992<\/strong> met de installatie van 25 &#8220;bengalies&#8221;, de <strong>eerste houten chalets<\/strong> en <strong>stacaravans<\/strong>. <\/p>\n\n\n\n<p class=\"has-medium-font-size\">Een <strong>belangrijk keerpunt<\/strong> in de <strong>modernisering van de camping<\/strong> was de komst van Yannick en Agn\u00e8s QUILLEVERE in 1984.<\/p>\n\n\n\n<p class=\"has-medium-font-size\">Begin <strong>jaren 90<\/strong> kwam Jo\u00eblle QUILLEVERE bij het Del Mar team.<\/p>\n\n\n\n<p class=\"has-medium-font-size\">Vier jaar later,<strong> in 1996<\/strong>, werd<strong>Hotel Antin\u00e9a ***<\/strong> geopend. Het hotel werd vervolgens omgebouwd tot studio&#8217;s en appartementen(<a href=\"https:\/\/residence-argeles-sur-mer.com\/\" target=\"_blank\" rel=\"noreferrer noopener\">R\u00e9sidence Antin\u00e9a NC<\/a>). <\/p>\n\n\n\n<p class=\"has-medium-font-size\">In <strong>2005<\/strong> kwam er nog een familielid bij: Nicolas Quill\u00e9v\u00e9r\u00e9. Als computerenthousiasteling hielp hij Village Del Mar <strong>te moderniseren<\/strong> door het systeem te automatiseren. <\/p>\n<\/div>\n<\/div>\n\n\n\n<figure class=\"wp-block-image size-full\"><img data-dominant-color=\"96916d\" data-has-transparency=\"false\" style=\"--dominant-color: #96916d;\" decoding=\"async\" width=\"662\" height=\"531\" src=\"https:\/\/camping-del-mar.com\/wp-content\/uploads\/sites\/2\/2024\/11\/del-mar-hotel-antinea.webp\" alt=\"del mar hotel antinea\" class=\"wp-image-5432 not-transparent\" srcset=\"https:\/\/camping-del-mar.com\/wp-content\/uploads\/sites\/2\/2024\/11\/del-mar-hotel-antinea.webp 662w, https:\/\/camping-del-mar.com\/wp-content\/uploads\/sites\/2\/2024\/11\/del-mar-hotel-antinea-300x241.webp 300w\" sizes=\"(max-width: 662px) 100vw, 662px\" \/><\/figure>\n<\/div>\n\n\n\n<div class=\"wp-block-group alignfull gt-reveal gt-break-mobile is-content-justification-center is-nowrap is-layout-flex wp-container-core-group-is-layout-17 wp-block-group-is-layout-flex\">\n<figure class=\"wp-block-image size-full\"><img data-dominant-color=\"848772\" data-has-transparency=\"false\" style=\"--dominant-color: #848772;\" decoding=\"async\" width=\"662\" height=\"531\" src=\"https:\/\/camping-del-mar.com\/wp-content\/uploads\/sites\/2\/2024\/11\/del-mar-clos-du-thym.webp\" alt=\"del mar clos du thym\" class=\"wp-image-5434 not-transparent\" srcset=\"https:\/\/camping-del-mar.com\/wp-content\/uploads\/sites\/2\/2024\/11\/del-mar-clos-du-thym.webp 662w, https:\/\/camping-del-mar.com\/wp-content\/uploads\/sites\/2\/2024\/11\/del-mar-clos-du-thym-300x241.webp 300w\" sizes=\"(max-width: 662px) 100vw, 662px\" \/><\/figure>\n\n\n\n<div class=\"wp-block-group is-nowrap is-layout-flex wp-container-core-group-is-layout-16 wp-block-group-is-layout-flex\" style=\"padding-right:var(--wp--preset--spacing--20);padding-left:var(--wp--preset--spacing--20)\">\n<div class=\"wp-block-group has-global-padding is-layout-constrained wp-block-group-is-layout-constrained\">\n<p class=\"has-medium-font-size\">Daarvoor, op 14-jarige leeftijd, maakte Nicolas pizza&#8217;s op de camping.<\/p>\n\n\n\n<p class=\"has-medium-font-size\">Benjamin Quill\u00e9v\u00e9r\u00e9, zijn broer, voegde zich een paar jaar later bij hen. Als plantenliefhebber <strong>heeft hij een onge\u00ebvenaard landschap ontwikkeld<\/strong>. Bloei en groen zijn <strong>de sterke punten van Del Mar.<\/strong>  <\/p>\n\n\n\n<p class=\"has-medium-font-size\"><strong>In 2006<\/strong> werd camping Juncarole gekocht en omgedoopt tot &#8220;<a href=\"https:\/\/campingclosduthym.com\/\" target=\"_blank\" rel=\"noreferrer noopener\">Clos Du Thym<\/a> &#8220;. Hij wordt beheerd door Nicolas en Benjamin. <\/p>\n\n\n\n<p class=\"has-medium-font-size\">Aangezien onze core business de verkoop van stacaravans is, is Le Clos du Thym een zeer residenti\u00eble camping, het hele jaar geopend.<\/p>\n\n\n    <div id=\"gt-fse-lire-plus-69f0b9ddbaa76\" class=\"gt-fse-lire-plus\" data-min-height=\"130\" style=\"background-color: #fff;\">\n        <input id=\"gt-fse-lire-plus-69f0b9ddbaa76-toggle\" type=\"checkbox\" class=\"gt-fse-lire-plus__toggle\" \/>\n        <label for=\"gt-fse-lire-plus-69f0b9ddbaa76-toggle\" class=\"gt-fse-lire-plus__toggle-label\">\n            <span>Meer lezen<\/span>\n            <span>Minder lezen<\/span>\n        <\/label>\n        <div class=\"gt-fse-lire-plus__content\" style=\"height: 130px;\">\n            \n\n<p class=\"has-medium-font-size\"><strong>Sinds 2011<\/strong> heeft Marine Quill\u00e9v\u00e9r\u00e9, de vrouw van Nicolas, besloten om bij te dragen aan het leven van de camping. Marine van haar kant heeft <strong>kwaliteit<\/strong> hoog in het vaandel staan. Sinds haar komst heeft ze de leiding over R\u00e9sidence Antin\u00e9a en zorgt ze elk jaar weer voor <strong>het welzijn van haar gasten<\/strong>.  <\/p>\n\n\n\n<p class=\"has-medium-font-size\">2012  <br\/><strong>In 2012<\/strong> sloeg de camping een nieuwe weg in en werd het een <strong>4-sterrencamping<\/strong> met een <strong>nieuw zwembadgedeelte<\/strong> met 3 banen. Del Mar is ook bekroond met het <strong>label Sud<\/strong> <strong>de France<\/strong> en het <strong>label voor kwaliteitstoerisme<\/strong>. <\/p>\n\n\n\n<p class=\"has-medium-font-size\">2015  <br\/><strong>In 2015 <\/strong>kreeg het het label <strong>Famille Plus<\/strong>. We <strong>besteden veel zorg aan de kwaliteit van onze diensten<\/strong>, zodat u in de best mogelijke omstandigheden van uw vakantie kunt genieten. <\/p>\n\n\n\n<p class=\"has-medium-font-size\">2018<br\/><strong>Sinds 2018<\/strong>: staat in de <strong>top 10 van campings in Argel\u00e8s-sur-Mer<\/strong> (TripAdvisor reizigers ranking).<\/p>\n\n\n\n<p class=\"has-medium-font-size\"><strong>In 2023<\/strong> wordt het familie-erfgoed voortgezet met de komst van een ander familielid, Emma Quill\u00e9v\u00e9r\u00e9, die blijk geeft van een bijzondere toewijding aan onze familiewaarden en die <a href=\"https:\/\/groupedelmar.fr\/\" target=\"_blank\" rel=\"noreferrer noopener\">de Del Mar Village Group<\/a> samen met de andere familieleden vooruit zal blijven stuwen.<\/p>\n\n            <div class=\"gt-fse-lire-plus__gradient\" style=\"background: linear-gradient(to bottom,rgba(255,255,255,0) 0%,rgba(255,255,255,1) 100%);\"><\/div>\n        <\/div>\n    <\/div>\n    <\/div>\n<\/div>\n<\/div>\n\n\n\n<div style=\"height:6rem\" aria-hidden=\"true\" class=\"wp-block-spacer\"><\/div>\n<\/div>\n\n<div class=\"wp-block-group alignfull is-layout-flow wp-block-group-is-layout-flow\" style=\"padding-bottom:0\">\n<div class=\"wp-block-group alignwide animated fadeIn slower is-layout-flow wp-block-group-is-layout-flow\" style=\"margin-top:0;margin-bottom:-33px;padding-right:0;padding-left:0\">\n<p class=\"gt-sliding-text has-contrast-3-color has-text-color has-link-color has-sogo-font-family wp-elements-3b0a62d677c316857b2750de3a2edf02\" style=\"margin-top:0;margin-right:0;margin-bottom:0;margin-left:0;font-size:7vw;font-style:normal;font-weight:300;line-height:1;text-transform:uppercase\">ONTDEK<\/p>\n<\/div>\n\n\n\n<div class=\"wp-block-group gt-break-mobile is-layout-grid wp-container-core-group-is-layout-23 wp-block-group-is-layout-grid\" style=\"border-radius:2rem\">\n<div\n\tstyle=\"border-radius:0rem;\" class=\"gt-maillage-3 wp-block-gt-gt-fse-maillage\"\tdata-wp-interactive=\"gt\/maillage\"\n\tdata-wp-on--click=\"actions.ctaLoad\"\n\tdata-wp-context='{\"radius\":\"0rem\",\"hover_bg_color\":\"#132f44\",\"hover_text_color\":\"#ffffff\",\"hover_image_opacity\":0.5}'>\t\n\n\t\n\t\t\t\t\t\t\t\t\t<div \n\t\t\t\tclass=\"gt-fse-maillage-link gt-fse-maillage-image-zoom gt-fse-maillage-hover-background-color gt-fse-maillage-hover-text-color\"\n\t\t\t\tstyle=\"border-radius: 0rem\"\n\t\t\t\tdata-wp-on-async--mouseover=\"actions.mouseover\"\n\t\t\t>\n\t\t\t\t\t\t\t\t\t\t\t\n<div class=\"wp-block-group is-layout-flow wp-block-group-is-layout-flow\">\n<div style=\"aspect-ratio:16\/9;min-height:unset;\" class=\"wp-block-cover is-light has-custom-content-position is-position-bottom-right has-aspect-ratio\"><span aria-hidden=\"true\" class=\"wp-block-cover__background has-black-background-color has-background-dim\"><\/span><img decoding=\"async\" width=\"1920\" height=\"434\" src=\"https:\/\/camping-del-mar.com\/wp-content\/uploads\/sites\/2\/2024\/10\/camping-pas-cher-del-mar-argeles-sur-mer.webp\" class=\"wp-block-cover__image-background not-transparent wp-post-image\" alt=\"goedkoop kamperen\" data-object-fit=\"cover\" srcset=\"https:\/\/camping-del-mar.com\/wp-content\/uploads\/sites\/2\/2024\/10\/camping-pas-cher-del-mar-argeles-sur-mer.webp 1920w, https:\/\/camping-del-mar.com\/wp-content\/uploads\/sites\/2\/2024\/10\/camping-pas-cher-del-mar-argeles-sur-mer-300x68.webp 300w, https:\/\/camping-del-mar.com\/wp-content\/uploads\/sites\/2\/2024\/10\/camping-pas-cher-del-mar-argeles-sur-mer-1024x231.webp 1024w, https:\/\/camping-del-mar.com\/wp-content\/uploads\/sites\/2\/2024\/10\/camping-pas-cher-del-mar-argeles-sur-mer-768x174.webp 768w, https:\/\/camping-del-mar.com\/wp-content\/uploads\/sites\/2\/2024\/10\/camping-pas-cher-del-mar-argeles-sur-mer-1536x347.webp 1536w\" sizes=\"(max-width: 1920px) 100vw, 1920px\" data-has-transparency=\"false\" data-dominant-color=\"886e49\" style=\"--dominant-color: #886e49;\" \/><div class=\"wp-block-cover__inner-container has-global-padding is-layout-constrained wp-block-cover-is-layout-constrained\">\n\n\n\n<p style=\"font-weight:700;text-transform:uppercase;\" class=\"wp-elements-1d85624d063a7cb35988b7ee9856f738 wp-block-gt-gt-fse-maillage-titre has-text-color has-base-color has-large-font-size has-sogo-font-family\">\n    Een ideaal verblijf op een camping met een uitstekende prijs-kwaliteitverhouding in Argel\u00e8s-sur-Mer<\/p>\n\n<\/div><\/div>\n<\/div>\n\t\t\t\t\t\t\t<\/div>\n\t\t\t\t\t\t\t\t\t\t\t<div \n\t\t\t\tclass=\"gt-fse-maillage-link gt-fse-maillage-image-zoom gt-fse-maillage-hover-background-color gt-fse-maillage-hover-text-color\"\n\t\t\t\tstyle=\"border-radius: 0rem\"\n\t\t\t\tdata-wp-on-async--mouseover=\"actions.mouseover\"\n\t\t\t>\n\t\t\t\t\t\t\t\t\t\t\t\n<div class=\"wp-block-group is-layout-flow wp-block-group-is-layout-flow\">\n<div style=\"aspect-ratio:16\/9;min-height:unset;\" class=\"wp-block-cover is-light has-custom-content-position is-position-bottom-right has-aspect-ratio\"><span aria-hidden=\"true\" class=\"wp-block-cover__background has-black-background-color has-background-dim\"><\/span><img decoding=\"async\" width=\"1920\" height=\"434\" src=\"https:\/\/camping-del-mar.com\/wp-content\/uploads\/sites\/2\/2024\/11\/del-mar-camping-demarche-qualite-labels-argeles-sur-mer.webp\" class=\"wp-block-cover__image-background not-transparent wp-post-image\" alt=\"del mar camping kwaliteitslabels argeles-sur-mer\" data-object-fit=\"cover\" srcset=\"https:\/\/camping-del-mar.com\/wp-content\/uploads\/sites\/2\/2024\/11\/del-mar-camping-demarche-qualite-labels-argeles-sur-mer.webp 1920w, https:\/\/camping-del-mar.com\/wp-content\/uploads\/sites\/2\/2024\/11\/del-mar-camping-demarche-qualite-labels-argeles-sur-mer-300x68.webp 300w, https:\/\/camping-del-mar.com\/wp-content\/uploads\/sites\/2\/2024\/11\/del-mar-camping-demarche-qualite-labels-argeles-sur-mer-1024x231.webp 1024w, https:\/\/camping-del-mar.com\/wp-content\/uploads\/sites\/2\/2024\/11\/del-mar-camping-demarche-qualite-labels-argeles-sur-mer-768x174.webp 768w, https:\/\/camping-del-mar.com\/wp-content\/uploads\/sites\/2\/2024\/11\/del-mar-camping-demarche-qualite-labels-argeles-sur-mer-1536x347.webp 1536w\" sizes=\"(max-width: 1920px) 100vw, 1920px\" data-has-transparency=\"false\" data-dominant-color=\"959b89\" style=\"--dominant-color: #959b89;\" \/><div class=\"wp-block-cover__inner-container has-global-padding is-layout-constrained wp-block-cover-is-layout-constrained\">\n\n\n\n<p style=\"font-weight:700;text-transform:uppercase;\" class=\"wp-elements-1d85624d063a7cb35988b7ee9856f738 wp-block-gt-gt-fse-maillage-titre has-text-color has-base-color has-large-font-size has-sogo-font-family\">\n    Ontdek de kwaliteitslabels en de aanpak van onze camping in de Pyr\u00e9n\u00e9es-Orientales<\/p>\n\n<\/div><\/div>\n<\/div>\n\t\t\t\t\t\t\t<\/div>\n\t\t\t\t\t\t\t\t\t\t\t<div \n\t\t\t\tclass=\"gt-fse-maillage-link gt-fse-maillage-image-zoom gt-fse-maillage-hover-background-color gt-fse-maillage-hover-text-color\"\n\t\t\t\tstyle=\"border-radius: 0rem\"\n\t\t\t\tdata-wp-on-async--mouseover=\"actions.mouseover\"\n\t\t\t>\n\t\t\t\t\t\t\t\t\t\t\t\n<div class=\"wp-block-group is-layout-flow wp-block-group-is-layout-flow\">\n<div style=\"aspect-ratio:16\/9;min-height:unset;\" class=\"wp-block-cover is-light has-custom-content-position is-position-bottom-right has-aspect-ratio\"><span aria-hidden=\"true\" class=\"wp-block-cover__background has-black-background-color has-background-dim\"><\/span><img decoding=\"async\" width=\"1920\" height=\"434\" src=\"https:\/\/camping-del-mar.com\/wp-content\/uploads\/sites\/2\/2024\/10\/devenir-proprietaire-camping-del-mar.webp\" class=\"wp-block-cover__image-background not-transparent wp-post-image\" alt=\"eigenaar worden camping del mar\" data-object-fit=\"cover\" srcset=\"https:\/\/camping-del-mar.com\/wp-content\/uploads\/sites\/2\/2024\/10\/devenir-proprietaire-camping-del-mar.webp 1920w, https:\/\/camping-del-mar.com\/wp-content\/uploads\/sites\/2\/2024\/10\/devenir-proprietaire-camping-del-mar-300x68.webp 300w, https:\/\/camping-del-mar.com\/wp-content\/uploads\/sites\/2\/2024\/10\/devenir-proprietaire-camping-del-mar-1024x231.webp 1024w, https:\/\/camping-del-mar.com\/wp-content\/uploads\/sites\/2\/2024\/10\/devenir-proprietaire-camping-del-mar-768x174.webp 768w, https:\/\/camping-del-mar.com\/wp-content\/uploads\/sites\/2\/2024\/10\/devenir-proprietaire-camping-del-mar-1536x347.webp 1536w\" sizes=\"(max-width: 1920px) 100vw, 1920px\" data-has-transparency=\"false\" data-dominant-color=\"998654\" style=\"--dominant-color: #998654;\" \/><div class=\"wp-block-cover__inner-container has-global-padding is-layout-constrained wp-block-cover-is-layout-constrained\">\n\n\n\n<p style=\"font-weight:700;text-transform:uppercase;\" class=\"wp-elements-1d85624d063a7cb35988b7ee9856f738 wp-block-gt-gt-fse-maillage-titre has-text-color has-base-color has-large-font-size has-sogo-font-family\">\n    Word eigenaar van een stacaravan in de Pyr\u00e9n\u00e9es-Orientales<\/p>\n\n<\/div><\/div>\n<\/div>\n\t\t\t\t\t\t\t<\/div>\n\t\t\t\t\t\t\t\t<\/div><\/div>\n\n\n\n<div style=\"height:6rem\" aria-hidden=\"true\" class=\"wp-block-spacer\"><\/div>\n<\/div>\n","protected":false},"excerpt":{"rendered":"<p>Welkom op Camping Del Mar in Argeles-sur-Mer, genesteld aan de voet van de majestueuze Pyrenee\u00ebn sinds 1970. Op slechts 500 meter van een fijn zandstrand vindt u op ons landgoed van 8 hectare 273 stacaravans, in een bevoorrechte omgeving waar mediterrane en exotische vegetatie elkaar ontmoeten. Ontdek onze Oasis Verdoyante en dompel jezelf onder in [&hellip;]<\/p>\n","protected":false},"author":1,"featured_media":6766,"parent":0,"menu_order":0,"comment_status":"closed","ping_status":"closed","template":"","meta":{"_acf_changed":false,"_seopress_robots_primary_cat":"","_seopress_titles_title":"Geschiedenis van kamperen in Argel\u00e8s-sur-Mer, Pyr\u00e9n\u00e9es-Orientales","_seopress_titles_desc":"Ontdek de geschiedenis van een camping in Argel\u00e8s-sur-Mer sinds 1970! Een echte familiesaga voor een unieke vakantie in de Pyr\u00e9n\u00e9es-Orientales ","_seopress_robots_index":"","_gt_ctv_global_id":"","_gt_ctv_id_group":false,"inline_featured_image":false,"gt_fse_maillage_image":"https:\/\/camping-del-mar.com\/wp-content\/uploads\/sites\/2\/2024\/10\/camping-histoire-argeles-sur-mer-del-mar.webp","gt_fse_maillage_titre":"Een camping met diepe wortels sinds 1970","gt_fse_maillage_resume":"","_gt_maillage_image":0,"_gt_maillage_video":0,"_gt_maillage_title":"","footnotes":""},"categories":[],"tags":[],"class_list":["post-6765","page","type-page","status-publish","has-post-thumbnail","hentry"],"acf":[],"_links":{"self":[{"href":"https:\/\/camping-del-mar.com\/nl\/wp-json\/wp\/v2\/pages\/6765","targetHints":{"allow":["GET"]}}],"collection":[{"href":"https:\/\/camping-del-mar.com\/nl\/wp-json\/wp\/v2\/pages"}],"about":[{"href":"https:\/\/camping-del-mar.com\/nl\/wp-json\/wp\/v2\/types\/page"}],"author":[{"embeddable":true,"href":"https:\/\/camping-del-mar.com\/nl\/wp-json\/wp\/v2\/users\/1"}],"replies":[{"embeddable":true,"href":"https:\/\/camping-del-mar.com\/nl\/wp-json\/wp\/v2\/comments?post=6765"}],"version-history":[{"count":8,"href":"https:\/\/camping-del-mar.com\/nl\/wp-json\/wp\/v2\/pages\/6765\/revisions"}],"predecessor-version":[{"id":7683,"href":"https:\/\/camping-del-mar.com\/nl\/wp-json\/wp\/v2\/pages\/6765\/revisions\/7683"}],"wp:featuredmedia":[{"embeddable":true,"href":"https:\/\/camping-del-mar.com\/nl\/wp-json\/wp\/v2\/media\/6766"}],"wp:attachment":[{"href":"https:\/\/camping-del-mar.com\/nl\/wp-json\/wp\/v2\/media?parent=6765"}],"wp:term":[{"taxonomy":"category","embeddable":true,"href":"https:\/\/camping-del-mar.com\/nl\/wp-json\/wp\/v2\/categories?post=6765"},{"taxonomy":"post_tag","embeddable":true,"href":"https:\/\/camping-del-mar.com\/nl\/wp-json\/wp\/v2\/tags?post=6765"}],"curies":[{"name":"wp","href":"https:\/\/api.w.org\/{rel}","templated":true}]}}