{"id":7008,"date":"2024-09-27T09:34:11","date_gmt":"2024-09-27T07:34:11","guid":{"rendered":"https:\/\/camping-del-mar.com\/camping-velo-argeles-sur-mer\/"},"modified":"2025-01-13T14:51:15","modified_gmt":"2025-01-13T13:51:15","slug":"bike-campsite-argeles-sur-mer","status":"publish","type":"page","link":"https:\/\/camping-del-mar.com\/en\/bike-campsite-argeles-sur-mer\/","title":{"rendered":"Rent a bike and explore the area around the campsite in Argel\u00e8s-sur-Mer"},"content":{"rendered":"\n<div class=\"wp-block-group alignfull gt-reveal has-global-padding is-layout-constrained wp-container-core-group-is-layout-5 wp-block-group-is-layout-constrained\">\n<div style=\"height:6rem\" aria-hidden=\"true\" class=\"wp-block-spacer\"><\/div>\n\n\n\n<div class=\"wp-block-group alignwide gt-break-mobile gt-reverse-mobile is-nowrap is-layout-flex wp-container-core-group-is-layout-4 wp-block-group-is-layout-flex\">\n<div class=\"wp-block-group has-global-padding is-layout-constrained wp-block-group-is-layout-constrained\">\n<div class=\"wp-block-group is-layout-flow wp-block-group-is-layout-flow\" style=\"padding-right:var(--wp--preset--spacing--30);padding-left:var(--wp--preset--spacing--30)\">\n<div style=\"height:10rem\" aria-hidden=\"true\" class=\"wp-block-spacer gt-hide-mobile\"><\/div>\n\n\n\n<figure class=\"wp-block-image aligncenter size-full gt-reveal-down wp-duotone-132f44-132f44-1\"><img data-dominant-color=\"b15526\" data-has-transparency=\"true\" style=\"--dominant-color: #b15526;\" decoding=\"async\" width=\"43\" height=\"21\" src=\"https:\/\/campingclosduthym.com\/wp-content\/uploads\/sites\/5\/2024\/08\/separator.png\" alt=\"separator\" class=\"wp-image-150 has-transparency\"\/><\/figure>\n\n\n<h2 class=\"wp-block-heading has-text-align-center gt-reveal-down has-accent-color has-text-color has-link-color wp-elements-b23708db3efeb69b2731ed302bf4b525\" id=\"the-pyrenees-orientales-a-great-place-for-hiking-and-biking\">The Pyr\u00e9n\u00e9es-Orientales, a great place for hiking and biking<\/h2>\n\n\n<p class=\"has-text-align-center gt-reveal-down has-medium-font-size\"><strong>Discover the best bike rides and hikes in the Pyr\u00e9n\u00e9es-Orientales<\/strong> <br\/>Whether you&#8217;re looking for a relaxed ride <strong>along the beach<\/strong>, an exploration of the <strong>coastal paths<\/strong> or an adventure in the <strong>hinterland<\/strong>, <strong>renting a bike<\/strong> with Guidon Fut\u00e9 offers unparalleled freedom to discover the region&#8217;s treasures.<\/p>\n\n\n\n<p class=\"has-text-align-center gt-reveal-down has-medium-font-size\">The <strong>Pyr\u00e9n\u00e9es-Orientales<\/strong> offers an exceptional playground for <strong>cycling<\/strong> and <strong>touring<\/strong> enthusiasts. With its diverse landscapes, from the <strong>Mediterranean Sea<\/strong> to the <strong>Pyrenees<\/strong> mountains, picturesque villages and verdant valleys, this region is ideal for a cycling adventure suited to all levels. <\/p>\n\n\n    <div id=\"gt-fse-lire-plus-69f0b77b759ce\" class=\"gt-fse-lire-plus\" data-min-height=\"130\" style=\"background-color: #fff;\">\n        <input id=\"gt-fse-lire-plus-69f0b77b759ce-toggle\" type=\"checkbox\" class=\"gt-fse-lire-plus__toggle\" \/>\n        <label for=\"gt-fse-lire-plus-69f0b77b759ce-toggle\" class=\"gt-fse-lire-plus__toggle-label\">\n            <span>Read more<\/span>\n            <span>Read less<\/span>\n        <\/label>\n        <div class=\"gt-fse-lire-plus__content\" style=\"height: 130px;\">\n            \n\n<p class=\"has-text-align-center gt-reveal-down m-b-0 has-medium-font-size\"><strong>Explore an exceptional natural environment by bike<\/strong> <br\/>Whether you&#8217;re a beginner or a seasoned cyclist, the Pyr\u00e9n\u00e9es-Orientales offers a multitude of routes to discover. <strong>Cycling routes<\/strong> take you through natural parks, vineyards and remarkable historic sites. Here are just a few of the not-to-be-missed routes:  <\/p>\n\n\n\n<ul class=\"wp-block-list gt-reveal-down m-t-0\">\n<li><strong>The Voie Verte de l&#8217;Agly<\/strong>: an accessible, family-friendly walk linking the Roussillon plain to the Agly valley, with its wine-growing landscapes and views of the Alb\u00e8res massif.<\/li>\n\n\n\n<li><strong>The Corbi\u00e8res catalanes circuit<\/strong>: for more experienced cyclists, this route takes in winding roads and picturesque passes, with exceptional panoramic views of the mountains and the Mediterranean.<\/li>\n\n\n\n<li><strong>Les boucles cyclotouristiques du Conflent<\/strong>: a series of loops around <strong>Prades<\/strong>, perfect for admiring the <strong>Canigou<\/strong>, sacred mountain of the Catalans, while enjoying little-traveled roads and unspoiled nature.<\/li>\n<\/ul>\n\n            <div class=\"gt-fse-lire-plus__gradient\" style=\"background: linear-gradient(to bottom,rgba(255,255,255,0) 0%,rgba(255,255,255,1) 100%);\"><\/div>\n        <\/div>\n    <\/div>\n    <\/div>\n<\/div>\n\n\n\n<div class=\"wp-block-group wp-container-content-1 is-layout-flow wp-block-group-is-layout-flow\">\n<figure class=\"wp-block-image size-full gt-reveal\"><img data-dominant-color=\"92917a\" data-has-transparency=\"false\" style=\"--dominant-color: #92917a;\" decoding=\"async\" width=\"640\" height=\"961\" src=\"https:\/\/camping-del-mar.com\/wp-content\/uploads\/sites\/2\/2024\/11\/louez-un-velo-et-explorez-les-alentours.webp\" alt=\"rent a bike and explore the surrounding area\" class=\"wp-image-5499 not-transparent\" srcset=\"https:\/\/camping-del-mar.com\/wp-content\/uploads\/sites\/2\/2024\/11\/louez-un-velo-et-explorez-les-alentours.webp 640w, https:\/\/camping-del-mar.com\/wp-content\/uploads\/sites\/2\/2024\/11\/louez-un-velo-et-explorez-les-alentours-200x300.webp 200w\" sizes=\"(max-width: 640px) 100vw, 640px\" \/><\/figure>\n<\/div>\n<\/div>\n<\/div>\n\n<div class=\"wp-block-group alignfull gt-reveal has-global-padding is-layout-constrained wp-container-core-group-is-layout-11 wp-block-group-is-layout-constrained\">\n<div style=\"height:6rem\" aria-hidden=\"true\" class=\"wp-block-spacer\"><\/div>\n\n\n\n<div class=\"wp-block-group alignwide animated fadeIn slower gt-hide-mobile is-layout-flow wp-block-group-is-layout-flow\" style=\"margin-top:0;margin-bottom:-33px;padding-right:0;padding-left:0\">\n<p class=\"gt-sliding-text has-contrast-3-color has-text-color has-link-color has-sogo-font-family wp-elements-3b1dadd20b46bcc9481310793f625247\" style=\"margin-top:0;margin-right:0;margin-bottom:0;margin-left:0;font-size:7vw;font-style:normal;font-weight:300;line-height:1;text-transform:uppercase\">FAVOURABLE TERRITORY<\/p>\n<\/div>\n\n\n\n<div class=\"wp-block-group alignwide gt-break-mobile is-nowrap is-layout-flex wp-container-core-group-is-layout-10 wp-block-group-is-layout-flex\">\n<div class=\"wp-block-group wp-container-content-2 is-layout-flow wp-block-group-is-layout-flow\">\n<figure class=\"wp-block-image size-full gt-reveal\"><img data-dominant-color=\"9ba097\" data-has-transparency=\"false\" style=\"--dominant-color: #9ba097;\" decoding=\"async\" width=\"640\" height=\"960\" src=\"https:\/\/camping-del-mar.com\/wp-content\/uploads\/sites\/2\/2024\/11\/une-balade-a-velo.webp\" alt=\"a bike ride\" class=\"wp-image-5501 not-transparent\" srcset=\"https:\/\/camping-del-mar.com\/wp-content\/uploads\/sites\/2\/2024\/11\/une-balade-a-velo.webp 640w, https:\/\/camping-del-mar.com\/wp-content\/uploads\/sites\/2\/2024\/11\/une-balade-a-velo-200x300.webp 200w\" sizes=\"(max-width: 640px) 100vw, 640px\" \/><\/figure>\n<\/div>\n\n\n\n<div class=\"wp-block-group has-global-padding is-layout-constrained wp-block-group-is-layout-constrained\">\n<div class=\"wp-block-group is-layout-flow wp-block-group-is-layout-flow\" style=\"padding-right:var(--wp--preset--spacing--30);padding-left:var(--wp--preset--spacing--30)\">\n<div style=\"height:10rem\" aria-hidden=\"true\" class=\"wp-block-spacer gt-hide-mobile\"><\/div>\n\n\n\n<figure class=\"wp-block-image aligncenter size-full gt-reveal-down wp-duotone-132f44-132f44-2\"><img data-dominant-color=\"b15526\" data-has-transparency=\"true\" style=\"--dominant-color: #b15526;\" decoding=\"async\" width=\"43\" height=\"21\" src=\"https:\/\/campingclosduthym.com\/wp-content\/uploads\/sites\/5\/2024\/08\/separator.png\" alt=\"separator\" class=\"wp-image-150 has-transparency\"\/><\/figure>\n\n\n\n<p class=\"has-text-align-center gt-reveal-down has-medium-font-size\"><strong>Routes to suit all levels<\/strong> <br\/>Whether you&#8217;re looking for a <strong>leisurely bike ride<\/strong> or a <strong>sporty bike tour<\/strong>, the Pyr\u00e9n\u00e9es-Orientales offers a wide range of routes to suit all tastes. Enjoy safe cycle paths on the plains, or take on the challenge of the mythical Pyrenean passes for demanding and rewarding climbs. <br\/><strong>Cycling<\/strong> in the Pyr\u00e9n\u00e9es-Orientales is also a unique opportunity to discover cultural sites, such as the famous <strong>Palais des Rois de Majorque<\/strong> in Perpignan, the Vauban fortifications in <strong>Villefranche-de-Conflent<\/strong>, or the charming coastal villages of the C\u00f4te Vermeille such as <strong>Collioure<\/strong> and <strong>Banyuls-sur-Mer<\/strong>. <\/p>\n\n\n    <div id=\"gt-fse-lire-plus-69f0b77b770d3\" class=\"gt-fse-lire-plus\" data-min-height=\"130\" style=\"background-color: #fff;\">\n        <input id=\"gt-fse-lire-plus-69f0b77b770d3-toggle\" type=\"checkbox\" class=\"gt-fse-lire-plus__toggle\" \/>\n        <label for=\"gt-fse-lire-plus-69f0b77b770d3-toggle\" class=\"gt-fse-lire-plus__toggle-label\">\n            <span>Read more<\/span>\n            <span>Read less<\/span>\n        <\/label>\n        <div class=\"gt-fse-lire-plus__content\" style=\"height: 130px;\">\n            \n\n<p class=\"has-text-align-center gt-reveal-down has-medium-font-size\"><strong>Plan your next bike tour<\/strong> <br\/>Before you set off, it&#8217;s essential to prepare your <strong>bike tour<\/strong> properly. With our guide to the best itineraries in the Pyr\u00e9n\u00e9es-Orientales, you can choose routes adapted to your level and your desires. Don&#8217;t forget to check the weather forecast and equip yourself accordingly. For the more adventurous, several local agencies offer rental services for electric or classic bikes to help you discover the region. <br\/>Whatever the season, the <strong>Pyr\u00e9n\u00e9es-Orientales by bike<\/strong> promises unforgettable moments in the heart of exceptional nature, between sea and mountains.   <\/p>\n\n\n\n<p class=\"has-text-align-center gt-reveal-down has-medium-font-size\"><strong>The benefits of cycle touring in the Pyr\u00e9n\u00e9es-Orientales<\/strong> <br\/>As well as being an environmentally-friendly outdoor activity, cycle touring offers an immersive experience in contact with nature and the local heritage. With its generous sunshine and diversity of landscapes, the region is a veritable paradise for nature lovers and sports enthusiasts alike. <\/p>\n\n\n\n<p class=\"has-text-align-center gt-reveal-down has-medium-font-size\">Discover our suggestions for <strong>bike rides and hikes<\/strong> in the Pyr\u00e9n\u00e9es-Orientales and get ready to pedal your way through one of France&#8217;s most beautiful regions.<\/p>\n\n\n\n<p class=\"has-text-align-center gt-reveal-down has-medium-font-size\">Book now and get ready to pedal your way to new discoveries with Guidon Fut\u00e9 at Del Mar Village!<\/p>\n\n            <div class=\"gt-fse-lire-plus__gradient\" style=\"background: linear-gradient(to bottom,rgba(255,255,255,0) 0%,rgba(255,255,255,1) 100%);\"><\/div>\n        <\/div>\n    <\/div>\n    \n\n\n<div style=\"height:2rem\" aria-hidden=\"true\" class=\"wp-block-spacer is-style-gt-hide-mobile\"><\/div>\n<\/div>\n<\/div>\n<\/div>\n<\/div>\n\n<div class=\"wp-block-group alignfull gt-reveal is-nowrap is-layout-flex wp-container-core-group-is-layout-14 wp-block-group-is-layout-flex\" id=\"sud-catalogne\">\n<div class=\"wp-block-cover is-light gt-hide-mobile wp-container-content-3\" style=\"min-height:100vh;aspect-ratio:unset;\"><span aria-hidden=\"true\" class=\"wp-block-cover__background has-background-dim-20 has-background-dim\"><\/span><img data-dominant-color=\"9faba2\" data-has-transparency=\"false\" style=\"--dominant-color: #9faba2;\" decoding=\"async\" width=\"381\" height=\"811\" class=\"wp-block-cover__image-background wp-image-4110 not-transparent\" alt=\"bonnes raisons de faire du velo a argeles sur mer\" src=\"https:\/\/camping-del-mar.com\/wp-content\/uploads\/sites\/2\/2024\/10\/bonnes-raisons-de-faire-du-velo-a-argeles-sur-mer.webp\" data-object-fit=\"cover\" srcset=\"https:\/\/camping-del-mar.com\/wp-content\/uploads\/sites\/2\/2024\/10\/bonnes-raisons-de-faire-du-velo-a-argeles-sur-mer.webp 381w, https:\/\/camping-del-mar.com\/wp-content\/uploads\/sites\/2\/2024\/10\/bonnes-raisons-de-faire-du-velo-a-argeles-sur-mer-141x300.webp 141w\" sizes=\"(max-width: 381px) 100vw, 381px\" \/><div class=\"wp-block-cover__inner-container has-global-padding is-layout-constrained wp-block-cover-is-layout-constrained\">\n<p class=\"has-text-align-center has-large-font-size\"><\/p>\n<\/div><\/div>\n\n\n\n<div class=\"wp-block-cover has-custom-content-position is-position-top-center wp-container-content-4\" style=\"padding-top:0;padding-bottom:0;min-height:100vh;aspect-ratio:unset;\"><span aria-hidden=\"true\" class=\"wp-block-cover__background has-background-dim-20 has-background-dim\"><\/span><img data-dominant-color=\"707855\" data-has-transparency=\"false\" style=\"--dominant-color: #707855;\" decoding=\"async\" width=\"1514\" height=\"811\" class=\"wp-block-cover__image-background wp-image-4112 not-transparent\" alt=\"dcouverte des tresors naturels et culturels\" src=\"https:\/\/camping-del-mar.com\/wp-content\/uploads\/sites\/2\/2024\/10\/dcouverte-des-tresors-naturels-et-culturels.webp\" data-object-fit=\"cover\" srcset=\"https:\/\/camping-del-mar.com\/wp-content\/uploads\/sites\/2\/2024\/10\/dcouverte-des-tresors-naturels-et-culturels.webp 1514w, https:\/\/camping-del-mar.com\/wp-content\/uploads\/sites\/2\/2024\/10\/dcouverte-des-tresors-naturels-et-culturels-300x161.webp 300w, https:\/\/camping-del-mar.com\/wp-content\/uploads\/sites\/2\/2024\/10\/dcouverte-des-tresors-naturels-et-culturels-1024x549.webp 1024w, https:\/\/camping-del-mar.com\/wp-content\/uploads\/sites\/2\/2024\/10\/dcouverte-des-tresors-naturels-et-culturels-768x411.webp 768w\" sizes=\"(max-width: 1514px) 100vw, 1514px\" \/><div class=\"wp-block-cover__inner-container has-global-padding is-layout-constrained wp-block-cover-is-layout-constrained\">\n<div class=\"wp-block-group gt-reveal-down has-global-padding is-layout-constrained wp-container-core-group-is-layout-13 wp-block-group-is-layout-constrained\">\n<div class=\"wp-block-group has-contrast-3-background-color has-background is-layout-flow wp-block-group-is-layout-flow\" style=\"min-height:12rem\"><\/div>\n<\/div>\n\n\n\n<figure class=\"wp-block-image aligncenter size-full gt-reveal-down wp-duotone-e5e0ce-ffffff-3\"><img data-dominant-color=\"b15526\" data-has-transparency=\"true\" style=\"--dominant-color: #b15526;\" decoding=\"async\" width=\"43\" height=\"21\" src=\"https:\/\/campingclosduthym.com\/wp-content\/uploads\/sites\/5\/2024\/08\/separator.png\" alt=\"separator\" class=\"wp-image-150 has-transparency\"\/><\/figure>\n\n\n\n<div style=\"height:1rem\" aria-hidden=\"true\" class=\"wp-block-spacer\"><\/div>\n\n\n<h2 class=\"wp-block-heading has-text-align-center has-base-color has-text-color has-link-color has-large-font-size wp-elements-9883c3d9657566bacf74f0a7f38eeb57\" id=\"4-good-reasons-to-cycle-in-argeles-sur-mer\">4 good reasons to cycle in Argel\u00e8s-sur-Mer<\/h2>\n\n\n<p class=\"has-text-align-center has-base-color has-text-color has-link-color has-medium-font-size wp-elements-118261a58583d294d09659a8a02f34ab\">Argel\u00e8s-sur-Mer, with its varied landscapes between sea and mountains, offers an <strong>ideal setting for cycling outings<\/strong>, whether you&#8217;re an amateur or an experienced cyclist. Here are 4 reasons to get started! <\/p>\n\n\n<h3 class=\"wp-block-heading has-text-align-center has-base-color has-text-color has-link-color has-large-font-size wp-elements-50aac130371785f581f955bd652935e0\" id=\"discover-natural-and-cultural-treasures\">Discover natural and cultural treasures<\/h3>\n\n\n<p class=\"has-text-align-center has-base-color has-text-color has-link-color has-medium-font-size wp-elements-3121e6542decefda0c336143eea0a87e\">Get on your bike and <strong>discover the emblematic sites of Argel\u00e8s-sur-Mer<\/strong> ! Whether you&#8217;re admiring the panorama from the Ch\u00e2teau de Valmy, exploring the hidden coves near Collioure, or following the Voie Verte Pyr\u00e9n\u00e9es-M\u00e9diterran\u00e9e, cycling is a great way to explore the region&#8217;s cultural and natural riches.<\/p>\n\n\n\n<div style=\"height:var(--wp--preset--spacing--40)\" aria-hidden=\"true\" class=\"wp-block-spacer\"><\/div>\n<\/div><\/div>\n<\/div>\n\n<div class=\"wp-block-group alignfull gt-break-mobile is-content-justification-right is-nowrap is-layout-flex wp-container-core-group-is-layout-20 wp-block-group-is-layout-flex\">\n<div class=\"wp-block-group alignwide gt-absolute-text gt-hide-mobile wp-container-content-5 is-horizontal is-content-justification-right is-nowrap is-layout-flex wp-container-core-group-is-layout-15 wp-block-group-is-layout-flex\" style=\"margin-top:0;padding-right:0;padding-left:0\">\n<p class=\"gt-sliding-text-y has-contrast-3-color has-text-color has-link-color has-sogo-font-family wp-elements-2a6e14c6274349a3d416b6b2b3a0d2b6\" style=\"margin-top:0;margin-right:0;margin-bottom:0;margin-left:0;font-size:7vw;font-style:normal;font-weight:300;line-height:1;text-transform:uppercase\">Smart handlebars<\/p>\n<\/div>\n\n\n\n<div class=\"wp-block-group has-accent-2-background-color has-background wp-container-content-6 has-global-padding is-content-justification-center is-layout-constrained wp-block-group-is-layout-constrained\">\n<div class=\"wp-block-group alignwide is-layout-flow wp-block-group-is-layout-flow\" style=\"padding-top:0;padding-right:var(--wp--preset--spacing--60);padding-bottom:var(--wp--preset--spacing--30);padding-left:var(--wp--preset--spacing--60)\">\n<div class=\"wp-block-group gt-reveal-down has-global-padding is-layout-constrained wp-container-core-group-is-layout-17 wp-block-group-is-layout-constrained\" style=\"margin-top:-3rem\">\n<div class=\"wp-block-group has-contrast-3-background-color has-background is-layout-flow wp-block-group-is-layout-flow\" style=\"min-height:6rem\"><\/div>\n<\/div>\n\n\n\n<figure class=\"wp-block-image aligncenter size-full gt-reveal-down wp-duotone-132f44-132f44-4\"><img data-dominant-color=\"b15526\" data-has-transparency=\"true\" style=\"--dominant-color: #b15526;\" decoding=\"async\" width=\"43\" height=\"21\" src=\"https:\/\/campingclosduthym.com\/wp-content\/uploads\/sites\/5\/2024\/08\/separator.png\" alt=\"separator\" class=\"wp-image-150 has-transparency\"\/><\/figure>\n\n\n<h3 class=\"wp-block-heading has-text-align-center gt-reveal-down has-large-font-size\" id=\"an-iodized-stroll-along-the-mediterranean-coast\">An iodized stroll along the Mediterranean coast<\/h3>\n\n\n<p class=\"has-text-align-center gt-reveal-down has-medium-font-size\">There&#8217;s nothing like a bike ride along the coast to enjoy the sea breeze and seaside scenery. The Argel\u00e8s-sur-Mer coastline offers breathtaking views of the Mediterranean, with cycle paths ideal for relaxing with family and friends. <\/p>\n\n\n<h3 class=\"wp-block-heading has-text-align-center gt-reveal-down has-large-font-size\" id=\"sports-challenges-in-the-pyrenees\">Sports challenges in the Pyrenees<\/h3>\n\n\n<p class=\"has-text-align-center gt-reveal-down has-medium-font-size\">For thrill-seekers, the mountain bike trails of the Alb\u00e8res massif are the perfect playground! With steep climbs and vertiginous descents, these trails offer challenges to be met while admiring breathtaking panoramas. Starting from the Valmy ski area, you&#8217;ll have quick access to these demanding trails.  <\/p>\n\n\n<h3 class=\"wp-block-heading has-text-align-center gt-reveal-down has-large-font-size\" id=\"an-activity-for-all-seasons\">An activity for all seasons<\/h3>\n\n\n<p class=\"has-text-align-center gt-reveal-down has-medium-font-size\">Thanks to its Mediterranean climate, Argel\u00e8s-sur-Mer is <strong>ideal for cycling all year round<\/strong>. In summer, enjoy the refreshing sea breezes, and in winter, pedal under a mild, sunny sky. Whether you&#8217;re riding along the beaches or climbing the mountains, each season offers different charms for cyclists.  <\/p>\n\n\n\n<p class=\"has-text-align-center gt-reveal-down has-medium-font-size\"><strong>Tip:<\/strong><strong> Domaine de Valmy<\/strong> is the ideal starting point for the Voie Verte, which links Argel\u00e8s-sur-Mer to Le Boulou. Between Vallespir panoramas and Mediterranean beaches, this tour guarantees an unforgettable experience. <\/p>\n<\/div>\n\n\n\n<div style=\"height:6rem;width:0px\" aria-hidden=\"true\" class=\"wp-block-spacer\"><\/div>\n<\/div>\n<\/div>\n\n<div class=\"wp-block-group alignfull has-global-padding is-layout-constrained wp-block-group-is-layout-constrained\">\n<div style=\"height:6rem\" aria-hidden=\"true\" class=\"wp-block-spacer\"><\/div>\n\n\n\n<div class=\"wp-block-group alignfull gt-reveal gt-break-mobile gt-reverse-mobile is-content-justification-center is-nowrap is-layout-flex wp-container-core-group-is-layout-26 wp-block-group-is-layout-flex\">\n<div class=\"wp-block-group is-nowrap is-layout-flex wp-container-core-group-is-layout-25 wp-block-group-is-layout-flex\" style=\"padding-right:var(--wp--preset--spacing--20);padding-left:var(--wp--preset--spacing--20)\">\n<div class=\"wp-block-group has-global-padding is-layout-constrained wp-block-group-is-layout-constrained\">\n<div class=\"wp-block-group animated fadeInDown slow gt-reveal-down has-global-padding is-layout-constrained wp-container-core-group-is-layout-22 wp-block-group-is-layout-constrained\">\n<div class=\"wp-block-group gt-reveal-down has-contrast-3-background-color has-background is-layout-flow wp-block-group-is-layout-flow\" style=\"min-height:30rem\"><\/div>\n<\/div>\n\n\n\n<figure class=\"wp-block-image aligncenter size-full gt-reveal-down wp-duotone-e5e0ce-ffffff-5\"><img data-dominant-color=\"b15526\" data-has-transparency=\"true\" style=\"--dominant-color: #b15526;\" decoding=\"async\" width=\"43\" height=\"21\" src=\"https:\/\/campingclosduthym.com\/wp-content\/uploads\/sites\/5\/2024\/08\/separator.png\" alt=\"separator\" class=\"wp-image-150 has-transparency\"\/><\/figure>\n<\/div>\n\n\n\n<div class=\"wp-block-group has-global-padding is-layout-constrained wp-block-group-is-layout-constrained\"><h2 class=\"wp-block-heading has-accent-color has-text-color has-link-color wp-elements-b0de974bf1821bf79b37641b7affd202\" id=\"rent-a-bike-from-our-partner-guidon-fute\">Rent a bike from our partner Guidon fut\u00e9<\/h2>\n\n\n<ul class=\"wp-block-list\">\n<li><strong>Quality fleet:<\/strong> Guidon Fut\u00e9 offers a fleet of quality bikes, suitable for <strong>all levels<\/strong> and all adventures.<\/li>\n\n\n\n<li><strong>Easy booking:<\/strong> <a href=\"https:\/\/www.guidon-fute.com\/fr\/\" target=\"_blank\" rel=\"noreferrer noopener\">book easily online on the Guidon Fut\u00e9 website<\/a>, in just a few clicks, to guarantee the availability of your bikes.<\/li>\n\n\n\n<li><strong>Free delivery at <a href=\"https:\/\/camping-del-mar.com\/en\/\" target=\"_blank\" rel=\"noreferrer noopener\">Del Mar Village in Argeles-sur-Mer<\/a>:<\/strong> enjoy <strong>free delivery of your bikes<\/strong> directly to Del Mar Village, making your stay even more convenient.<\/li>\n\n\n\n<li><strong>Flexible rental duration:<\/strong> whether you&#8217;re looking for a day trip or an extended exploration, Guidon Fut\u00e9 offers <strong>flexible rental options<\/strong>.<\/li>\n\n\n\n<li><strong>Assistance and advice:<\/strong> the Guidon Fut\u00e9 team is there to provide <strong>expert advice<\/strong> and <strong>assistance<\/strong> whenever you need it.<\/li>\n<\/ul>\n<\/div>\n<\/div>\n\n\n\n<figure class=\"wp-block-image size-full\"><img data-dominant-color=\"677958\" data-has-transparency=\"false\" style=\"--dominant-color: #677958;\" decoding=\"async\" width=\"1108\" height=\"738\" src=\"https:\/\/camping-del-mar.com\/wp-content\/uploads\/sites\/2\/2024\/11\/louez-un-velo-aupres-de-notre-partenaire.webp\" alt=\"rent a bike from our partner\" class=\"wp-image-5503 not-transparent\" srcset=\"https:\/\/camping-del-mar.com\/wp-content\/uploads\/sites\/2\/2024\/11\/louez-un-velo-aupres-de-notre-partenaire.webp 1108w, https:\/\/camping-del-mar.com\/wp-content\/uploads\/sites\/2\/2024\/11\/louez-un-velo-aupres-de-notre-partenaire-300x200.webp 300w, https:\/\/camping-del-mar.com\/wp-content\/uploads\/sites\/2\/2024\/11\/louez-un-velo-aupres-de-notre-partenaire-1024x682.webp 1024w, https:\/\/camping-del-mar.com\/wp-content\/uploads\/sites\/2\/2024\/11\/louez-un-velo-aupres-de-notre-partenaire-768x512.webp 768w\" sizes=\"(max-width: 1108px) 100vw, 1108px\" \/><\/figure>\n<\/div>\n\n\n\n<div style=\"height:6rem\" aria-hidden=\"true\" class=\"wp-block-spacer\"><\/div>\n<\/div>\n\n<div class=\"wp-block-group alignfull has-global-padding is-layout-constrained wp-block-group-is-layout-constrained\">\n<div class=\"wp-block-group alignfull gt-reveal gt-break-mobile is-content-justification-center is-nowrap is-layout-flex wp-container-core-group-is-layout-30 wp-block-group-is-layout-flex\">\n<figure class=\"wp-block-image size-full\"><img data-dominant-color=\"8d8771\" data-has-transparency=\"false\" style=\"--dominant-color: #8d8771;\" decoding=\"async\" width=\"662\" height=\"531\" src=\"https:\/\/camping-del-mar.com\/wp-content\/uploads\/sites\/2\/2024\/11\/velo-livre-directement-au-camping.webp\" alt=\"velo delivered directly to the campsite\" class=\"wp-image-5506 not-transparent\" srcset=\"https:\/\/camping-del-mar.com\/wp-content\/uploads\/sites\/2\/2024\/11\/velo-livre-directement-au-camping.webp 662w, https:\/\/camping-del-mar.com\/wp-content\/uploads\/sites\/2\/2024\/11\/velo-livre-directement-au-camping-300x241.webp 300w\" sizes=\"(max-width: 662px) 100vw, 662px\" \/><\/figure>\n\n\n\n<div class=\"wp-block-group is-nowrap is-layout-flex wp-container-core-group-is-layout-29 wp-block-group-is-layout-flex\" style=\"padding-right:var(--wp--preset--spacing--20);padding-left:var(--wp--preset--spacing--20)\">\n<div class=\"wp-block-group has-global-padding is-layout-constrained wp-block-group-is-layout-constrained\"><h2 class=\"wp-block-heading has-accent-color has-text-color has-link-color wp-elements-01df7c289142d2b122a86302437375c2\" id=\"your-bike-delivered-directly-to-your-argeles-sur-mer-campsite\">Your bike delivered directly to your Argel\u00e8s-sur-Mer campsite<\/h2>\n\n\n<ul class=\"wp-block-list\">\n<li>Visit the <strong>Guidon Fut\u00e9 website<\/strong> or call 04 68 81 56 55.<\/li>\n\n\n\n<li>Select the <strong>bikes of your choice<\/strong> and the <strong>rental period<\/strong>.<\/li>\n\n\n\n<li>Indicate when booking that you are staying at Del Mar Village to <strong>benefit from free delivery<\/strong> (for rentals of one week or more).<\/li>\n\n\n\n<li>It&#8217;s easy to finalize your reservation.<\/li>\n<\/ul>\n\n\n\n<div class=\"wp-block-buttons is-content-justification-center is-layout-flex wp-container-core-buttons-is-layout-1 wp-block-buttons-is-layout-flex\">\n<div class=\"wp-block-button has-custom-font-size is-style-gt-contour-small has-sogo-font-family has-large-font-size\" style=\"font-style:normal;font-weight:300\"><a class=\"wp-block-button__link has-accent-color has-text-color has-link-color wp-element-button\" href=\"https:\/\/www.guidon-fute.com\/fr\/\" target=\"_blank\" rel=\"noreferrer noopener\">Smart handlebars<\/a><\/div>\n<\/div>\n<\/div>\n<\/div>\n<\/div>\n\n\n\n<div style=\"height:6rem\" aria-hidden=\"true\" class=\"wp-block-spacer\"><\/div>\n<\/div>\n\n<div class=\"wp-block-group alignfull is-layout-flow wp-block-group-is-layout-flow\" style=\"padding-bottom:0\">\n<div class=\"wp-block-group alignwide animated fadeIn slower is-layout-flow wp-block-group-is-layout-flow\" style=\"margin-top:0;margin-bottom:-33px;padding-right:0;padding-left:0\">\n<p class=\"gt-sliding-text has-contrast-3-color has-text-color has-link-color has-sogo-font-family wp-elements-055dedaa180c6391e3df9be02b178382\" style=\"margin-top:0;margin-right:0;margin-bottom:0;margin-left:0;font-size:7vw;font-style:normal;font-weight:300;line-height:1;text-transform:uppercase\">DISCOVER<\/p>\n<\/div>\n\n\n\n<div class=\"wp-block-group gt-break-mobile is-layout-grid wp-container-core-group-is-layout-36 wp-block-group-is-layout-grid\" style=\"border-radius:2rem\">\n<div\n\tstyle=\"border-radius:0rem;\" class=\"gt-maillage-6 wp-block-gt-gt-fse-maillage\"\tdata-wp-interactive=\"gt\/maillage\"\n\tdata-wp-on--click=\"actions.ctaLoad\"\n\tdata-wp-context='{\"radius\":\"0rem\",\"hover_bg_color\":\"#132f44\",\"hover_text_color\":\"#ffffff\",\"hover_image_opacity\":0.5}'>\t\n\n\t\n\t\t\t\t\t\t\t\t\t<div \n\t\t\t\tclass=\"gt-fse-maillage-link gt-fse-maillage-image-zoom gt-fse-maillage-hover-background-color gt-fse-maillage-hover-text-color\"\n\t\t\t\tstyle=\"border-radius: 0rem\"\n\t\t\t\tdata-wp-on-async--mouseover=\"actions.mouseover\"\n\t\t\t>\n\t\t\t\t\t\t\t\t\t\t\t\n<div class=\"wp-block-group is-layout-flow wp-block-group-is-layout-flow\">\n<div style=\"aspect-ratio:16\/9;min-height:unset;\" class=\"wp-block-cover is-light has-custom-content-position is-position-bottom-right has-aspect-ratio\"><span aria-hidden=\"true\" class=\"wp-block-cover__background has-black-background-color has-background-dim\"><\/span><img decoding=\"async\" width=\"1920\" height=\"434\" src=\"https:\/\/camping-del-mar.com\/wp-content\/uploads\/sites\/2\/2024\/10\/tourisme-pyrenees-orientales-argeles-sur-mer.webp\" class=\"wp-block-cover__image-background wp-post-image\" alt=\"tourism pyrenees orientales argeles-sur-mer\" data-object-fit=\"cover\" srcset=\"https:\/\/camping-del-mar.com\/wp-content\/uploads\/sites\/2\/2024\/10\/tourisme-pyrenees-orientales-argeles-sur-mer.webp 1920w, https:\/\/camping-del-mar.com\/wp-content\/uploads\/sites\/2\/2024\/10\/tourisme-pyrenees-orientales-argeles-sur-mer-300x68.webp 300w, https:\/\/camping-del-mar.com\/wp-content\/uploads\/sites\/2\/2024\/10\/tourisme-pyrenees-orientales-argeles-sur-mer-1024x231.webp 1024w, https:\/\/camping-del-mar.com\/wp-content\/uploads\/sites\/2\/2024\/10\/tourisme-pyrenees-orientales-argeles-sur-mer-768x174.webp 768w, https:\/\/camping-del-mar.com\/wp-content\/uploads\/sites\/2\/2024\/10\/tourisme-pyrenees-orientales-argeles-sur-mer-1536x347.webp 1536w\" sizes=\"(max-width: 1920px) 100vw, 1920px\" \/><div class=\"wp-block-cover__inner-container has-global-padding is-layout-constrained wp-block-cover-is-layout-constrained\">\n\n\n\n<p style=\"font-weight:700;text-transform:uppercase;\" class=\"wp-elements-1d85624d063a7cb35988b7ee9856f738 wp-block-gt-gt-fse-maillage-titre has-text-color has-base-color has-large-font-size has-sogo-font-family\">\n    Your holiday in the Pyr\u00e9n\u00e9es-Orientales<\/p>\n\n<\/div><\/div>\n<\/div>\n\t\t\t\t\t\t\t<\/div>\n\t\t\t\t\t\t\t\t\t\t\t<div \n\t\t\t\tclass=\"gt-fse-maillage-link gt-fse-maillage-image-zoom gt-fse-maillage-hover-background-color gt-fse-maillage-hover-text-color\"\n\t\t\t\tstyle=\"border-radius: 0rem\"\n\t\t\t\tdata-wp-on-async--mouseover=\"actions.mouseover\"\n\t\t\t>\n\t\t\t\t\t\t\t\t\t\t\t\n<div class=\"wp-block-group is-layout-flow wp-block-group-is-layout-flow\">\n<div style=\"aspect-ratio:16\/9;min-height:unset;\" class=\"wp-block-cover is-light has-custom-content-position is-position-bottom-right has-aspect-ratio\"><span aria-hidden=\"true\" class=\"wp-block-cover__background has-black-background-color has-background-dim\"><\/span><img decoding=\"async\" width=\"1920\" height=\"434\" src=\"https:\/\/camping-del-mar.com\/wp-content\/uploads\/sites\/2\/2024\/10\/camping-pas-cher-del-mar-argeles-sur-mer.webp\" class=\"wp-block-cover__image-background wp-post-image\" alt=\"low-cost camping del mar argeles-sur-mer\" data-object-fit=\"cover\" srcset=\"https:\/\/camping-del-mar.com\/wp-content\/uploads\/sites\/2\/2024\/10\/camping-pas-cher-del-mar-argeles-sur-mer.webp 1920w, https:\/\/camping-del-mar.com\/wp-content\/uploads\/sites\/2\/2024\/10\/camping-pas-cher-del-mar-argeles-sur-mer-300x68.webp 300w, https:\/\/camping-del-mar.com\/wp-content\/uploads\/sites\/2\/2024\/10\/camping-pas-cher-del-mar-argeles-sur-mer-1024x231.webp 1024w, https:\/\/camping-del-mar.com\/wp-content\/uploads\/sites\/2\/2024\/10\/camping-pas-cher-del-mar-argeles-sur-mer-768x174.webp 768w, https:\/\/camping-del-mar.com\/wp-content\/uploads\/sites\/2\/2024\/10\/camping-pas-cher-del-mar-argeles-sur-mer-1536x347.webp 1536w\" sizes=\"(max-width: 1920px) 100vw, 1920px\" \/><div class=\"wp-block-cover__inner-container has-global-padding is-layout-constrained wp-block-cover-is-layout-constrained\">\n\n\n\n<p style=\"font-weight:700;text-transform:uppercase;\" class=\"wp-elements-1d85624d063a7cb35988b7ee9856f738 wp-block-gt-gt-fse-maillage-titre has-text-color has-base-color has-large-font-size has-sogo-font-family\">\n    An ideal stay at a value-for-money campsite in Argel\u00e8s-sur-Mer<\/p>\n\n<\/div><\/div>\n<\/div>\n\t\t\t\t\t\t\t<\/div>\n\t\t\t\t\t\t\t\t\t\t\t<div \n\t\t\t\tclass=\"gt-fse-maillage-link gt-fse-maillage-image-zoom gt-fse-maillage-hover-background-color gt-fse-maillage-hover-text-color\"\n\t\t\t\tstyle=\"border-radius: 0rem\"\n\t\t\t\tdata-wp-on-async--mouseover=\"actions.mouseover\"\n\t\t\t>\n\t\t\t\t\t\t\t\t\t\t\t\n<div class=\"wp-block-group is-layout-flow wp-block-group-is-layout-flow\">\n<div style=\"aspect-ratio:16\/9;min-height:unset;\" class=\"wp-block-cover is-light has-custom-content-position is-position-bottom-right has-aspect-ratio\"><span aria-hidden=\"true\" class=\"wp-block-cover__background has-black-background-color has-background-dim\"><\/span><img decoding=\"async\" width=\"1920\" height=\"434\" src=\"https:\/\/camping-del-mar.com\/wp-content\/uploads\/sites\/2\/2024\/10\/camping-del-mar-activites-animations-argeles-sur-mer.webp\" class=\"wp-block-cover__image-background wp-post-image\" alt=\"campsite del mar activities entertainment argeles-sur-mer\" data-object-fit=\"cover\" srcset=\"https:\/\/camping-del-mar.com\/wp-content\/uploads\/sites\/2\/2024\/10\/camping-del-mar-activites-animations-argeles-sur-mer.webp 1920w, https:\/\/camping-del-mar.com\/wp-content\/uploads\/sites\/2\/2024\/10\/camping-del-mar-activites-animations-argeles-sur-mer-300x68.webp 300w, https:\/\/camping-del-mar.com\/wp-content\/uploads\/sites\/2\/2024\/10\/camping-del-mar-activites-animations-argeles-sur-mer-1024x231.webp 1024w, https:\/\/camping-del-mar.com\/wp-content\/uploads\/sites\/2\/2024\/10\/camping-del-mar-activites-animations-argeles-sur-mer-768x174.webp 768w, https:\/\/camping-del-mar.com\/wp-content\/uploads\/sites\/2\/2024\/10\/camping-del-mar-activites-animations-argeles-sur-mer-1536x347.webp 1536w\" sizes=\"(max-width: 1920px) 100vw, 1920px\" \/><div class=\"wp-block-cover__inner-container has-global-padding is-layout-constrained wp-block-cover-is-layout-constrained\">\n\n\n\n<p style=\"font-weight:700;text-transform:uppercase;\" class=\"wp-elements-1d85624d063a7cb35988b7ee9856f738 wp-block-gt-gt-fse-maillage-titre has-text-color has-base-color has-large-font-size has-sogo-font-family\">\n    Activities and entertainment at our campsite in the Pyr\u00e9n\u00e9es-Orientales<\/p>\n\n<\/div><\/div>\n<\/div>\n\t\t\t\t\t\t\t<\/div>\n\t\t\t\t\t\t\t\t<\/div><\/div>\n\n\n\n<div style=\"height:6rem\" aria-hidden=\"true\" class=\"wp-block-spacer\"><\/div>\n<\/div>\n","protected":false},"excerpt":{"rendered":"<p>The Pyr\u00e9n\u00e9es-Orientales, a great place for hiking and biking Discover the best bike rides and hikes in the Pyr\u00e9n\u00e9es-Orientales Whether you&#8217;re looking for a relaxed ride along the beach, an exploration of the coastal paths or an adventure in the hinterland, renting a bike with Guidon Fut\u00e9 offers unparalleled freedom to discover the region&#8217;s treasures. [&hellip;]<\/p>\n","protected":false},"author":1,"featured_media":4523,"parent":0,"menu_order":0,"comment_status":"closed","ping_status":"closed","template":"","meta":{"_acf_changed":false,"_seopress_robots_primary_cat":"","_seopress_titles_title":"Bike rental campsite in Argel\u00e8s-sur-Mer, Pyr\u00e9n\u00e9es-Orientales","_seopress_titles_desc":"Rent a bike and have it delivered free of charge to your campsite in Argel\u00e8s-sur-Mer! Cycle tourism, the ideal way to discover the Pyr\u00e9n\u00e9es-Orientales ","_seopress_robots_index":"","_gt_ctv_global_id":"","_gt_ctv_id_group":false,"inline_featured_image":false,"gt_fse_maillage_image":"https:\/\/camping-del-mar.com\/wp-content\/uploads\/sites\/2\/2024\/10\/location-velo-argeles-sur-mer-camping-del-mar.webp","gt_fse_maillage_titre":"Rent a bike and explore the area around the campsite in Argel\u00e8s-sur-Mer","gt_fse_maillage_resume":"","_gt_maillage_image":0,"_gt_maillage_video":0,"_gt_maillage_title":"","footnotes":""},"categories":[],"tags":[],"class_list":["post-7008","page","type-page","status-publish","has-post-thumbnail","hentry"],"acf":[],"_links":{"self":[{"href":"https:\/\/camping-del-mar.com\/en\/wp-json\/wp\/v2\/pages\/7008","targetHints":{"allow":["GET"]}}],"collection":[{"href":"https:\/\/camping-del-mar.com\/en\/wp-json\/wp\/v2\/pages"}],"about":[{"href":"https:\/\/camping-del-mar.com\/en\/wp-json\/wp\/v2\/types\/page"}],"author":[{"embeddable":true,"href":"https:\/\/camping-del-mar.com\/en\/wp-json\/wp\/v2\/users\/1"}],"replies":[{"embeddable":true,"href":"https:\/\/camping-del-mar.com\/en\/wp-json\/wp\/v2\/comments?post=7008"}],"version-history":[{"count":6,"href":"https:\/\/camping-del-mar.com\/en\/wp-json\/wp\/v2\/pages\/7008\/revisions"}],"predecessor-version":[{"id":7410,"href":"https:\/\/camping-del-mar.com\/en\/wp-json\/wp\/v2\/pages\/7008\/revisions\/7410"}],"wp:featuredmedia":[{"embeddable":true,"href":"https:\/\/camping-del-mar.com\/en\/wp-json\/wp\/v2\/media\/4523"}],"wp:attachment":[{"href":"https:\/\/camping-del-mar.com\/en\/wp-json\/wp\/v2\/media?parent=7008"}],"wp:term":[{"taxonomy":"category","embeddable":true,"href":"https:\/\/camping-del-mar.com\/en\/wp-json\/wp\/v2\/categories?post=7008"},{"taxonomy":"post_tag","embeddable":true,"href":"https:\/\/camping-del-mar.com\/en\/wp-json\/wp\/v2\/tags?post=7008"}],"curies":[{"name":"wp","href":"https:\/\/api.w.org\/{rel}","templated":true}]}}