{"id":6781,"date":"2024-09-27T09:29:51","date_gmt":"2024-09-27T07:29:51","guid":{"rendered":"https:\/\/camping-del-mar.com\/camping-familial-argeles-sur-mer\/"},"modified":"2025-01-13T14:48:35","modified_gmt":"2025-01-13T13:48:35","slug":"family-campsite-argeles-sur-mer","status":"publish","type":"page","link":"https:\/\/camping-del-mar.com\/en\/family-campsite-argeles-sur-mer\/","title":{"rendered":"Enjoy 4-star services at our family campsite in Argel\u00e8s-sur-Mer"},"content":{"rendered":"\n<div class=\"wp-block-group alignfull gt-reveal has-global-padding is-layout-constrained wp-container-core-group-is-layout-5 wp-block-group-is-layout-constrained\">\n<div style=\"height:6rem\" aria-hidden=\"true\" class=\"wp-block-spacer\"><\/div>\n\n\n\n<div class=\"wp-block-group alignwide gt-break-mobile gt-reverse-mobile is-nowrap is-layout-flex wp-container-core-group-is-layout-4 wp-block-group-is-layout-flex\">\n<div class=\"wp-block-group has-global-padding is-layout-constrained wp-block-group-is-layout-constrained\">\n<div class=\"wp-block-group is-layout-flow wp-block-group-is-layout-flow\" style=\"padding-right:var(--wp--preset--spacing--30);padding-left:var(--wp--preset--spacing--30)\">\n<div style=\"height:10rem\" aria-hidden=\"true\" class=\"wp-block-spacer gt-hide-mobile\"><\/div>\n\n\n\n<figure class=\"wp-block-image aligncenter size-full gt-reveal-down wp-duotone-132f44-132f44-1\"><img data-dominant-color=\"b15526\" data-has-transparency=\"true\" style=\"--dominant-color: #b15526;\" decoding=\"async\" width=\"43\" height=\"21\" src=\"https:\/\/campingclosduthym.com\/wp-content\/uploads\/sites\/5\/2024\/08\/separator.png\" alt=\"separator\" class=\"wp-image-150 has-transparency\"\/><\/figure>\n\n\n<h2 class=\"wp-block-heading has-text-align-center gt-reveal-down has-accent-color has-text-color has-link-color wp-elements-fcb1c2df586f479c45fa6896afaabc7f\" id=\"a-warm-welcomeat-reception\">A warm welcome<br>at reception<\/h2>\n\n\n<p class=\"has-text-align-center gt-reveal-down has-medium-font-size\">Welcome to the reception of <a href=\"https:\/\/camping-del-mar.com\/en\/\">Camping Del Mar, in the Pyr\u00e9n\u00e9es-Orientales<\/a>, your first stop on the way to an exceptional vacation in our beautiful Catalan countryside.<\/p>\n\n\n\n<p class=\"has-text-align-center gt-reveal-down has-medium-font-size\">Our commitment means a <strong>warm welcome<\/strong>, <strong>personalized service<\/strong> and <strong>top-quality tourist information<\/strong>, enabling you to <a href=\"https:\/\/camping-del-mar.com\/en\/tourism-pyrenees-orientales\/\">discover all the treasures of our region<\/a>.<\/p>\n\n\n\n<p class=\"has-text-align-center gt-reveal-down m-b-0 has-medium-font-size\">Reception<\/p>\n\n\n    <div id=\"gt-fse-lire-plus-69f0b783187fb\" class=\"gt-fse-lire-plus\" data-min-height=\"130\" style=\"background-color: #fff;\">\n        <input id=\"gt-fse-lire-plus-69f0b783187fb-toggle\" type=\"checkbox\" class=\"gt-fse-lire-plus__toggle\" \/>\n        <label for=\"gt-fse-lire-plus-69f0b783187fb-toggle\" class=\"gt-fse-lire-plus__toggle-label\">\n            <span>Read more<\/span>\n            <span>Read less<\/span>\n        <\/label>\n        <div class=\"gt-fse-lire-plus__content\" style=\"height: 130px;\">\n            \n\n<ul class=\"wp-block-list gt-reveal-down m-t-0\">\n<li><strong>Friendly welcome:<\/strong> our dedicated team is on hand to welcome you and answer any questions you may have.<\/li>\n\n\n\n<li><strong>Tourist information:<\/strong> get quality information for exploring Catalonia. We&#8217;re here to guide you to the best experiences. <\/li>\n\n\n\n<li><strong>Mail and parcel delivery:<\/strong> enjoy the convenience of receiving your mail and parcels directly at the reception desk.<\/li>\n\n\n\n<li><strong>Activity registration:<\/strong> sign up for the various activities on offer to experience unique moments during your stay.<\/li>\n\n\n\n<li><strong>Equipment loans:<\/strong> Need an iron or vacuum cleaner? We&#8217;ll lend them to you free of charge, with a simple deposit. <\/li>\n\n\n\n<li><strong>Shared library:<\/strong> discover our shared library at reception, where anyone can drop off or borrow a book.<\/li>\n\n\n\n<li><strong>Late arrival service<\/strong><\/li>\n<\/ul>\n\n\n\n<p class=\"has-text-align-center gt-reveal-down has-medium-font-size\"><strong>July-August<\/strong>: daily <strong>9 a.m. to 2 p.m.<\/strong> and <strong>3 p.m. to 8 p.m.<\/strong> and <strong>Saturday 8 a.m. to 9 p.m.<\/strong> <br\/><strong>June-September<\/strong>: Sunday to Friday <strong>9 a.m. to 12:30 p.m.<\/strong> and <br\/><strong>3 p.m. to 7 p.m.<\/strong> <br\/><strong>Saturday<\/strong> <strong>9 a.m. to 12:30 p.m.<\/strong> and <strong>2 p.m. to 7 p.m.<\/strong><\/p>\n\n\n\n<p class=\"has-text-align-center gt-reveal-down has-medium-font-size\"><strong>Monday to Friday, 10 a.m. to 12 p.m. and 3 p.m. to 6 p.m.<\/strong> (closed Saturday and Sunday).<\/p>\n\n            <div class=\"gt-fse-lire-plus__gradient\" style=\"background: linear-gradient(to bottom,rgba(255,255,255,0) 0%,rgba(255,255,255,1) 100%);\"><\/div>\n        <\/div>\n    <\/div>\n    <\/div>\n<\/div>\n\n\n\n<div class=\"wp-block-group wp-container-content-1 is-layout-flow wp-block-group-is-layout-flow\">\n<figure class=\"wp-block-image size-full gt-reveal\"><img data-dominant-color=\"a37f6d\" data-has-transparency=\"false\" style=\"--dominant-color: #a37f6d;\" decoding=\"async\" width=\"640\" height=\"961\" src=\"https:\/\/camping-del-mar.com\/wp-content\/uploads\/sites\/2\/2024\/10\/un-accueil-aux-petits-oignons-a-la-reception.webp\" alt=\"a warm welcome at reception\" class=\"wp-image-4324 not-transparent\" srcset=\"https:\/\/camping-del-mar.com\/wp-content\/uploads\/sites\/2\/2024\/10\/un-accueil-aux-petits-oignons-a-la-reception.webp 640w, https:\/\/camping-del-mar.com\/wp-content\/uploads\/sites\/2\/2024\/10\/un-accueil-aux-petits-oignons-a-la-reception-200x300.webp 200w\" sizes=\"(max-width: 640px) 100vw, 640px\" \/><\/figure>\n<\/div>\n<\/div>\n<\/div>\n\n<div class=\"wp-block-group alignfull gt-reveal has-global-padding is-layout-constrained wp-container-core-group-is-layout-11 wp-block-group-is-layout-constrained\">\n<div style=\"height:6rem\" aria-hidden=\"true\" class=\"wp-block-spacer\"><\/div>\n\n\n\n<div class=\"wp-block-group alignwide animated fadeIn slower gt-hide-mobile is-layout-flow wp-block-group-is-layout-flow\" style=\"margin-top:0;margin-bottom:-33px;padding-right:0;padding-left:0\">\n<p class=\"gt-sliding-text has-contrast-3-color has-text-color has-link-color has-sogo-font-family wp-elements-addcbd26f9e0b56d53e511e133212ce2\" style=\"margin-top:0;margin-right:0;margin-bottom:0;margin-left:0;font-size:7vw;font-style:normal;font-weight:300;line-height:1;text-transform:uppercase\">OUR SERVICES<\/p>\n<\/div>\n\n\n\n<div class=\"wp-block-group alignwide gt-break-mobile is-nowrap is-layout-flex wp-container-core-group-is-layout-10 wp-block-group-is-layout-flex\">\n<div class=\"wp-block-group wp-container-content-2 is-layout-flow wp-block-group-is-layout-flow\">\n<figure class=\"wp-block-image size-full gt-reveal\"><img data-dominant-color=\"798145\" data-has-transparency=\"false\" style=\"--dominant-color: #798145;\" decoding=\"async\" width=\"640\" height=\"960\" src=\"https:\/\/camping-del-mar.com\/wp-content\/uploads\/sites\/2\/2024\/11\/wifi-gratuit-1.webp\" alt=\"free wifi\" class=\"wp-image-5640 not-transparent\" srcset=\"https:\/\/camping-del-mar.com\/wp-content\/uploads\/sites\/2\/2024\/11\/wifi-gratuit-1.webp 640w, https:\/\/camping-del-mar.com\/wp-content\/uploads\/sites\/2\/2024\/11\/wifi-gratuit-1-200x300.webp 200w\" sizes=\"(max-width: 640px) 100vw, 640px\" \/><\/figure>\n<\/div>\n\n\n\n<div class=\"wp-block-group has-global-padding is-layout-constrained wp-block-group-is-layout-constrained\">\n<div class=\"wp-block-group is-layout-flow wp-block-group-is-layout-flow\" style=\"padding-right:var(--wp--preset--spacing--30);padding-left:var(--wp--preset--spacing--30)\">\n<div style=\"height:10rem\" aria-hidden=\"true\" class=\"wp-block-spacer gt-hide-mobile\"><\/div>\n\n\n\n<figure class=\"wp-block-image aligncenter size-full gt-reveal-down wp-duotone-132f44-132f44-2\"><img data-dominant-color=\"b15526\" data-has-transparency=\"true\" style=\"--dominant-color: #b15526;\" decoding=\"async\" width=\"43\" height=\"21\" src=\"https:\/\/campingclosduthym.com\/wp-content\/uploads\/sites\/5\/2024\/08\/separator.png\" alt=\"separator\" class=\"wp-image-150 has-transparency\"\/><\/figure>\n\n\n<h2 class=\"wp-block-heading has-text-align-center gt-reveal-down has-accent-color has-text-color has-link-color wp-elements-3c23bde3b25f91af29116b1934df95b0\" id=\"stay-connected-with-free-wifi\">Stay connected with free wifi<\/h2>\n\n\n<p class=\"has-text-align-center gt-reveal-down has-medium-font-size\"><strong>Free wifi:<\/strong> enjoy a free wifi connection.<\/p>\n\n\n<h2 class=\"wp-block-heading has-text-align-center gt-reveal-down has-accent-color has-text-color has-link-color wp-elements-0830e6cf1e2aa6695db43c5e3432c3b3\" id=\"the-fully-equipped-laundromat-for-light-travel\">The fully-equipped laundromat for light travel<\/h2>\n\n\n<p class=\"has-text-align-center gt-reveal-down has-medium-font-size\"><strong>Laundry:<\/strong> take advantage of our laundry facilities with coin-operated <strong>washing machines<\/strong> and <strong>dryers<\/strong> to make your stay as easy as possible.<\/p>\n\n\n\n<div style=\"height:2rem\" aria-hidden=\"true\" class=\"wp-block-spacer is-style-gt-hide-mobile\"><\/div>\n<\/div>\n<\/div>\n<\/div>\n<\/div>\n\n<div class=\"wp-block-group alignfull gt-reveal is-nowrap is-layout-flex wp-container-core-group-is-layout-14 wp-block-group-is-layout-flex\">\n<div class=\"wp-block-cover gt-hide-mobile wp-container-content-3\" style=\"min-height:100vh;aspect-ratio:unset;\"><span aria-hidden=\"true\" class=\"wp-block-cover__background has-background-dim-20 has-background-dim\"><\/span><img data-dominant-color=\"ad9a7a\" data-has-transparency=\"false\" style=\"--dominant-color: #ad9a7a;\" decoding=\"async\" width=\"381\" height=\"1069\" class=\"wp-block-cover__image-background wp-image-5103 not-transparent\" alt=\"location de kits bebes\" src=\"https:\/\/camping-del-mar.com\/wp-content\/uploads\/sites\/2\/2024\/11\/location-de-kits-bebes.webp\" data-object-fit=\"cover\" srcset=\"https:\/\/camping-del-mar.com\/wp-content\/uploads\/sites\/2\/2024\/11\/location-de-kits-bebes.webp 381w, https:\/\/camping-del-mar.com\/wp-content\/uploads\/sites\/2\/2024\/11\/location-de-kits-bebes-107x300.webp 107w, https:\/\/camping-del-mar.com\/wp-content\/uploads\/sites\/2\/2024\/11\/location-de-kits-bebes-365x1024.webp 365w\" sizes=\"(max-width: 381px) 100vw, 381px\" \/><div class=\"wp-block-cover__inner-container has-global-padding is-layout-constrained wp-block-cover-is-layout-constrained\">\n<p class=\"has-text-align-center has-large-font-size\"><\/p>\n<\/div><\/div>\n\n\n\n<div class=\"wp-block-cover is-light has-custom-content-position is-position-top-center wp-container-content-4\" style=\"padding-top:0;padding-bottom:0;min-height:100vh;aspect-ratio:unset;\"><span aria-hidden=\"true\" class=\"wp-block-cover__background has-background-dim-30 has-background-dim\"><\/span><img data-dominant-color=\"beb2a3\" data-has-transparency=\"false\" style=\"--dominant-color: #beb2a3;\" decoding=\"async\" width=\"1514\" height=\"1069\" class=\"wp-block-cover__image-background wp-image-5106 not-transparent\" alt=\"locations en supplement pour toujours plus de confort\" src=\"https:\/\/camping-del-mar.com\/wp-content\/uploads\/sites\/2\/2024\/11\/locations-en-supplement-pour-toujours-plus-de-confort.webp\" data-object-fit=\"cover\" srcset=\"https:\/\/camping-del-mar.com\/wp-content\/uploads\/sites\/2\/2024\/11\/locations-en-supplement-pour-toujours-plus-de-confort.webp 1514w, https:\/\/camping-del-mar.com\/wp-content\/uploads\/sites\/2\/2024\/11\/locations-en-supplement-pour-toujours-plus-de-confort-300x212.webp 300w, https:\/\/camping-del-mar.com\/wp-content\/uploads\/sites\/2\/2024\/11\/locations-en-supplement-pour-toujours-plus-de-confort-1024x723.webp 1024w, https:\/\/camping-del-mar.com\/wp-content\/uploads\/sites\/2\/2024\/11\/locations-en-supplement-pour-toujours-plus-de-confort-768x542.webp 768w\" sizes=\"(max-width: 1514px) 100vw, 1514px\" \/><div class=\"wp-block-cover__inner-container has-global-padding is-layout-constrained wp-block-cover-is-layout-constrained\">\n<div class=\"wp-block-group gt-reveal-down has-global-padding is-layout-constrained wp-container-core-group-is-layout-13 wp-block-group-is-layout-constrained\">\n<div class=\"wp-block-group has-contrast-3-background-color has-background is-layout-flow wp-block-group-is-layout-flow\" style=\"min-height:12rem\"><\/div>\n<\/div>\n\n\n\n<figure class=\"wp-block-image aligncenter size-full gt-reveal-down wp-duotone-e5e0ce-ffffff-3\"><img data-dominant-color=\"b15526\" data-has-transparency=\"true\" style=\"--dominant-color: #b15526;\" decoding=\"async\" width=\"43\" height=\"21\" src=\"https:\/\/campingclosduthym.com\/wp-content\/uploads\/sites\/5\/2024\/08\/separator.png\" alt=\"separator\" class=\"wp-image-150 has-transparency\"\/><\/figure>\n\n\n\n<div style=\"height:1rem\" aria-hidden=\"true\" class=\"wp-block-spacer\"><\/div>\n\n\n<h2 class=\"wp-block-heading has-text-align-center has-base-color has-text-color has-link-color has-large-font-size wp-elements-a3da3cc739b5991446b9c3988bbdeb34\" id=\"optional-extras-for-even-greater-comfort\">Optional extras <br>for even greater comfort<\/h2>\n\n\n<p class=\"has-text-align-center has-base-color has-text-color has-link-color has-medium-font-size wp-elements-dc40eadc2e6c5c02bebaf42726fba4cf\">Looking to make your stay even more enjoyable? Discover our <strong>extra rental<\/strong> options designed for the <strong>comfort of you<\/strong> and your family. <\/p>\n\n\n\n<p class=\"has-text-align-center has-base-color has-text-color has-link-color has-medium-font-size wp-elements-5fe7ba621b89b083714751ebdc333a59\"><strong>Single-use sheet rentals<\/strong> <br\/>For impeccable hygiene and optimum comfort, opt for our <strong>single-use sheet rentals<\/strong>. Enjoy fresh, clean sheets without having to worry about laundering at the end of your stay. <\/p>\n\n\n\n<p class=\"has-text-align-center has-base-color has-text-color has-link-color has-medium-font-size wp-elements-91b8f7da3b60278e4dffc66d4975958b\"><strong><strong>End-of-stay cleaning option<\/strong><\/strong> <br\/>Save time and peace of mind with our <strong>end-of-stay cleaning option<\/strong>. Our professionals will take care of everything so that you can <strong>leave with a clear mind<\/strong> and enjoy your last moments of vacation to the full. <\/p>\n\n\n\n<p class=\"has-text-align-center has-base-color has-text-color has-link-color has-medium-font-size wp-elements-439e1f57c69f554bb0cef9ed03366ab2\"><strong><strong><strong>Baby kit rental<\/strong><\/strong><\/strong> <br\/>Travelling with children has never been easier, thanks to our <strong>baby kit rentals<\/strong>. Our kits include everything you need for your baby&#8217;s comfort: a <strong>bathtub<\/strong>, a <strong>high chair<\/strong> and a <strong>cot<\/strong> without mattress. Make sure your little one feels right at home.  <\/p>\n\n\n\n<div style=\"height:var(--wp--preset--spacing--40)\" aria-hidden=\"true\" class=\"wp-block-spacer\"><\/div>\n<\/div><\/div>\n<\/div>\n\n<div class=\"wp-block-group alignfull gt-break-mobile is-content-justification-right is-nowrap is-layout-flex wp-container-core-group-is-layout-20 wp-block-group-is-layout-flex\">\n<div class=\"wp-block-group alignwide gt-absolute-text gt-hide-mobile wp-container-content-5 is-horizontal is-content-justification-right is-nowrap is-layout-flex wp-container-core-group-is-layout-15 wp-block-group-is-layout-flex\" style=\"margin-top:0;padding-right:0;padding-left:0\">\n<p class=\"gt-sliding-text-y has-contrast-3-color has-text-color has-link-color has-sogo-font-family wp-elements-45f66f68c3298172f2f29d245eb8b378\" style=\"margin-top:0;margin-right:0;margin-bottom:0;margin-left:0;font-size:7vw;font-style:normal;font-weight:300;line-height:1;text-transform:uppercase\">Fresh bread<\/p>\n<\/div>\n\n\n\n<div class=\"wp-block-group has-accent-2-background-color has-background wp-container-content-6 has-global-padding is-content-justification-center is-layout-constrained wp-block-group-is-layout-constrained\">\n<div class=\"wp-block-group alignwide is-layout-flow wp-block-group-is-layout-flow\" style=\"padding-top:0;padding-right:var(--wp--preset--spacing--60);padding-bottom:var(--wp--preset--spacing--30);padding-left:var(--wp--preset--spacing--60)\">\n<div class=\"wp-block-group gt-reveal-down has-global-padding is-layout-constrained wp-container-core-group-is-layout-17 wp-block-group-is-layout-constrained\" style=\"margin-top:-3rem\">\n<div class=\"wp-block-group has-contrast-3-background-color has-background is-layout-flow wp-block-group-is-layout-flow\" style=\"min-height:6rem\"><\/div>\n<\/div>\n\n\n\n<figure class=\"wp-block-image aligncenter size-full gt-reveal-down wp-duotone-132f44-132f44-4\"><img data-dominant-color=\"b15526\" data-has-transparency=\"true\" style=\"--dominant-color: #b15526;\" decoding=\"async\" width=\"43\" height=\"21\" src=\"https:\/\/campingclosduthym.com\/wp-content\/uploads\/sites\/5\/2024\/08\/separator.png\" alt=\"separator\" class=\"wp-image-150 has-transparency\"\/><\/figure>\n\n\n\n<p class=\"has-text-align-center gt-reveal-down m-b-0 has-medium-font-size\"><strong>Why choose our additional rental services?<\/strong><\/p>\n\n\n\n<ol class=\"wp-block-list gt-reveal-down m-t-0\">\n<li><strong>Extra comfort<\/strong>: enhance the quality of your stay with practical services <strong>tailored to your needs<\/strong>.<\/li>\n\n\n\n<li><strong>Flexibility<\/strong>: choose the <strong>options that suit you<\/strong> best to personalize your stay. (Housekeeping option must be booked at least 48 hours before departure). <\/li>\n\n\n\n<li><strong>Peace of mind<\/strong>: let us take care of the details so you can <strong>enjoy every moment<\/strong>.<\/li>\n<\/ol>\n\n\n\n<p class=\"has-text-align-center gt-reveal-down has-medium-font-size\">Book your <strong>extra rentals<\/strong> now and enjoy a worry-free vacation experience, with all the comforts you deserve.<\/p>\n<\/div>\n\n\n\n<div style=\"height:6rem;width:0px\" aria-hidden=\"true\" class=\"wp-block-spacer\"><\/div>\n<\/div>\n<\/div>\n\n<div class=\"wp-block-group alignfull has-global-padding is-layout-constrained wp-block-group-is-layout-constrained\">\n<div style=\"height:6rem\" aria-hidden=\"true\" class=\"wp-block-spacer\"><\/div>\n\n\n\n<div class=\"wp-block-group alignfull gt-reveal gt-break-mobile gt-reverse-mobile is-content-justification-center is-nowrap is-layout-flex wp-container-core-group-is-layout-26 wp-block-group-is-layout-flex\">\n<div class=\"wp-block-group is-nowrap is-layout-flex wp-container-core-group-is-layout-25 wp-block-group-is-layout-flex\" style=\"padding-right:var(--wp--preset--spacing--20);padding-left:var(--wp--preset--spacing--20)\">\n<div class=\"wp-block-group has-global-padding is-layout-constrained wp-block-group-is-layout-constrained\">\n<div class=\"wp-block-group animated fadeInDown slow gt-reveal-down has-global-padding is-layout-constrained wp-container-core-group-is-layout-22 wp-block-group-is-layout-constrained\">\n<div class=\"wp-block-group gt-reveal-down has-contrast-3-background-color has-background is-layout-flow wp-block-group-is-layout-flow\" style=\"min-height:30rem\"><\/div>\n<\/div>\n\n\n\n<figure class=\"wp-block-image aligncenter size-full gt-reveal-down wp-duotone-e5e0ce-ffffff-5\"><img data-dominant-color=\"b15526\" data-has-transparency=\"true\" style=\"--dominant-color: #b15526;\" decoding=\"async\" width=\"43\" height=\"21\" src=\"https:\/\/campingclosduthym.com\/wp-content\/uploads\/sites\/5\/2024\/08\/separator.png\" alt=\"separator\" class=\"wp-image-150 has-transparency\"\/><\/figure>\n<\/div>\n\n\n\n<div class=\"wp-block-group has-global-padding is-layout-constrained wp-block-group-is-layout-constrained\"><h2 class=\"wp-block-heading has-accent-color has-text-color has-link-color wp-elements-9352b5734d9cc43739b114ca82fc1367\" id=\"bread-and-pastries-to-start-the-day-on-the-right-foot\">Bread and pastries to start the day on the right foot<\/h2>\n\n\n<p class=\"has-medium-font-size\">Every day, we offer <strong>freshly baked bread<\/strong> and delicious <strong>pastries<\/strong> to <strong>tantalize your taste buds right from breakfast.<\/strong><\/p>\n<\/div>\n<\/div>\n\n\n\n<figure class=\"wp-block-image size-full\"><img data-dominant-color=\"866143\" data-has-transparency=\"false\" style=\"--dominant-color: #866143;\" decoding=\"async\" width=\"1108\" height=\"738\" src=\"https:\/\/camping-del-mar.com\/wp-content\/uploads\/sites\/2\/2024\/10\/depot-de-pain-et-viennoiseries-pour-attaquer-la-journee-du-bon-pied.webp\" alt=\"bread and pastries to start the day on the right foot\" class=\"wp-image-4332 not-transparent\" srcset=\"https:\/\/camping-del-mar.com\/wp-content\/uploads\/sites\/2\/2024\/10\/depot-de-pain-et-viennoiseries-pour-attaquer-la-journee-du-bon-pied.webp 1108w, https:\/\/camping-del-mar.com\/wp-content\/uploads\/sites\/2\/2024\/10\/depot-de-pain-et-viennoiseries-pour-attaquer-la-journee-du-bon-pied-300x200.webp 300w, https:\/\/camping-del-mar.com\/wp-content\/uploads\/sites\/2\/2024\/10\/depot-de-pain-et-viennoiseries-pour-attaquer-la-journee-du-bon-pied-1024x682.webp 1024w, https:\/\/camping-del-mar.com\/wp-content\/uploads\/sites\/2\/2024\/10\/depot-de-pain-et-viennoiseries-pour-attaquer-la-journee-du-bon-pied-768x512.webp 768w\" sizes=\"(max-width: 1108px) 100vw, 1108px\" \/><\/figure>\n<\/div>\n\n\n\n<div style=\"height:6rem\" aria-hidden=\"true\" class=\"wp-block-spacer\"><\/div>\n<\/div>\n\n<div class=\"wp-block-group alignfull has-global-padding is-layout-constrained wp-block-group-is-layout-constrained\">\n<div class=\"wp-block-group alignfull gt-reveal gt-break-mobile is-content-justification-center is-nowrap is-layout-flex wp-container-core-group-is-layout-30 wp-block-group-is-layout-flex\">\n<figure class=\"wp-block-image size-full\"><img data-dominant-color=\"8e7e62\" data-has-transparency=\"false\" style=\"--dominant-color: #8e7e62;\" decoding=\"async\" width=\"662\" height=\"531\" src=\"https:\/\/camping-del-mar.com\/wp-content\/uploads\/sites\/2\/2024\/10\/l-epicerie-de-depannage-avec-produits-locaux.webp\" alt=\"convenience store with local products\" class=\"wp-image-4335 not-transparent\" srcset=\"https:\/\/camping-del-mar.com\/wp-content\/uploads\/sites\/2\/2024\/10\/l-epicerie-de-depannage-avec-produits-locaux.webp 662w, https:\/\/camping-del-mar.com\/wp-content\/uploads\/sites\/2\/2024\/10\/l-epicerie-de-depannage-avec-produits-locaux-300x241.webp 300w\" sizes=\"(max-width: 662px) 100vw, 662px\" \/><\/figure>\n\n\n\n<div class=\"wp-block-group is-nowrap is-layout-flex wp-container-core-group-is-layout-29 wp-block-group-is-layout-flex\" style=\"padding-right:var(--wp--preset--spacing--20);padding-left:var(--wp--preset--spacing--20)\">\n<div class=\"wp-block-group has-global-padding is-layout-constrained wp-block-group-is-layout-constrained\"><h2 class=\"wp-block-heading has-accent-color has-text-color has-link-color wp-elements-76cbbc95385f51b50a20eed32cfb8051\" id=\"convenience-store-with-local-products\">Convenience store with local products<\/h2>\n\n\n<p class=\"has-medium-font-size\">Our convenience store offers a full range of products, highlighting the<strong> delights of the Catalan terroir<\/strong>. Discover <strong>regional specialities<\/strong>, <strong>wines from the Eastern Pyrenees<\/strong> and the <strong>daily press<\/strong>. We&#8217;re proud to introduce you to the gastronomic riches of our region, right in the heart of the Del Mar campsite.  <\/p>\n<\/div>\n<\/div>\n<\/div>\n\n\n\n<div class=\"wp-block-group alignfull gt-reveal gt-break-mobile gt-reverse-mobile is-content-justification-center is-nowrap is-layout-flex wp-container-core-group-is-layout-33 wp-block-group-is-layout-flex\">\n<div class=\"wp-block-group is-nowrap is-layout-flex wp-container-core-group-is-layout-32 wp-block-group-is-layout-flex\" style=\"padding-right:var(--wp--preset--spacing--20);padding-left:var(--wp--preset--spacing--20)\">\n<div class=\"wp-block-group has-global-padding is-layout-constrained wp-block-group-is-layout-constrained\"><h2 class=\"wp-block-heading has-accent-color has-text-color has-link-color wp-elements-22e2f252df544a9dc373c581dc29510d\" id=\"the-souvenir-store-to-bring-back-the-south-in-your-suitcases\">The souvenir store to bring back the South in your suitcases<\/h2>\n\n\n<p class=\"has-medium-font-size\">Explore our <strong>souvenir store<\/strong>, where the colors of the South of France are expressed through a wide variety of <strong>decorative objects<\/strong>, <strong>gifts<\/strong> and <strong>fashion accessories<\/strong>. Collection of beach bags, pareos, foutas and much more, to bring home an authentic souvenir of your stay. <\/p>\n<\/div>\n<\/div>\n\n\n\n<figure class=\"wp-block-image size-full\"><img data-dominant-color=\"b6925f\" data-has-transparency=\"false\" style=\"--dominant-color: #b6925f;\" decoding=\"async\" width=\"662\" height=\"531\" src=\"https:\/\/camping-del-mar.com\/wp-content\/uploads\/sites\/2\/2024\/10\/la-boutique-de-souvenirs-pour-ramener-le-sud-dans-vos-valises.webp\" alt=\"the souvenir store to bring back the south in your suitcases\" class=\"wp-image-4337 not-transparent\" srcset=\"https:\/\/camping-del-mar.com\/wp-content\/uploads\/sites\/2\/2024\/10\/la-boutique-de-souvenirs-pour-ramener-le-sud-dans-vos-valises.webp 662w, https:\/\/camping-del-mar.com\/wp-content\/uploads\/sites\/2\/2024\/10\/la-boutique-de-souvenirs-pour-ramener-le-sud-dans-vos-valises-300x241.webp 300w\" sizes=\"(max-width: 662px) 100vw, 662px\" \/><\/figure>\n<\/div>\n\n\n\n<div style=\"height:6rem\" aria-hidden=\"true\" class=\"wp-block-spacer\"><\/div>\n<\/div>\n\n<div class=\"wp-block-group alignfull is-layout-flow wp-block-group-is-layout-flow\" style=\"padding-bottom:0\">\n<div class=\"wp-block-group alignwide animated fadeIn slower is-layout-flow wp-block-group-is-layout-flow\" style=\"margin-top:0;margin-bottom:-33px;padding-right:0;padding-left:0\">\n<p class=\"gt-sliding-text has-contrast-3-color has-text-color has-link-color has-sogo-font-family wp-elements-055dedaa180c6391e3df9be02b178382\" style=\"margin-top:0;margin-right:0;margin-bottom:0;margin-left:0;font-size:7vw;font-style:normal;font-weight:300;line-height:1;text-transform:uppercase\">DISCOVER<\/p>\n<\/div>\n\n\n\n<div class=\"wp-block-group gt-break-mobile is-layout-grid wp-container-core-group-is-layout-39 wp-block-group-is-layout-grid\" style=\"border-radius:2rem\">\n<div\n\tstyle=\"border-radius:0rem;\" class=\"gt-maillage-6 wp-block-gt-gt-fse-maillage\"\tdata-wp-interactive=\"gt\/maillage\"\n\tdata-wp-on--click=\"actions.ctaLoad\"\n\tdata-wp-context='{\"radius\":\"0rem\",\"hover_bg_color\":\"#132f44\",\"hover_text_color\":\"#ffffff\",\"hover_image_opacity\":0.5}'>\t\n\n\t\n\t\t\t\t\t\t\t\t\t<div \n\t\t\t\tclass=\"gt-fse-maillage-link gt-fse-maillage-image-zoom gt-fse-maillage-hover-background-color gt-fse-maillage-hover-text-color\"\n\t\t\t\tstyle=\"border-radius: 0rem\"\n\t\t\t\tdata-wp-on-async--mouseover=\"actions.mouseover\"\n\t\t\t>\n\t\t\t\t\t\t\t\t\t\t\t\n<div class=\"wp-block-group is-layout-flow wp-block-group-is-layout-flow\">\n<div style=\"aspect-ratio:16\/9;min-height:unset;\" class=\"wp-block-cover is-light has-custom-content-position is-position-bottom-right has-aspect-ratio\"><span aria-hidden=\"true\" class=\"wp-block-cover__background has-black-background-color has-background-dim\"><\/span><img decoding=\"async\" width=\"1920\" height=\"434\" src=\"https:\/\/camping-del-mar.com\/wp-content\/uploads\/sites\/2\/2024\/11\/del-mar-camping-demarche-qualite-labels-argeles-sur-mer.webp\" class=\"wp-block-cover__image-background not-transparent wp-post-image\" alt=\"del mar campsite quality labels argeles-sur-mer\" data-object-fit=\"cover\" srcset=\"https:\/\/camping-del-mar.com\/wp-content\/uploads\/sites\/2\/2024\/11\/del-mar-camping-demarche-qualite-labels-argeles-sur-mer.webp 1920w, https:\/\/camping-del-mar.com\/wp-content\/uploads\/sites\/2\/2024\/11\/del-mar-camping-demarche-qualite-labels-argeles-sur-mer-300x68.webp 300w, https:\/\/camping-del-mar.com\/wp-content\/uploads\/sites\/2\/2024\/11\/del-mar-camping-demarche-qualite-labels-argeles-sur-mer-1024x231.webp 1024w, https:\/\/camping-del-mar.com\/wp-content\/uploads\/sites\/2\/2024\/11\/del-mar-camping-demarche-qualite-labels-argeles-sur-mer-768x174.webp 768w, https:\/\/camping-del-mar.com\/wp-content\/uploads\/sites\/2\/2024\/11\/del-mar-camping-demarche-qualite-labels-argeles-sur-mer-1536x347.webp 1536w\" sizes=\"(max-width: 1920px) 100vw, 1920px\" data-has-transparency=\"false\" data-dominant-color=\"959b89\" style=\"--dominant-color: #959b89;\" \/><div class=\"wp-block-cover__inner-container has-global-padding is-layout-constrained wp-block-cover-is-layout-constrained\">\n\n\n\n<p style=\"font-weight:700;text-transform:uppercase;\" class=\"wp-elements-1d85624d063a7cb35988b7ee9856f738 wp-block-gt-gt-fse-maillage-titre has-text-color has-base-color has-large-font-size has-sogo-font-family\">\n    Discover the labels and quality approach of our campsite in Pyr\u00e9n\u00e9es-Orientales<\/p>\n\n<\/div><\/div>\n<\/div>\n\t\t\t\t\t\t\t<\/div>\n\t\t\t\t\t\t\t\t\t\t\t<div \n\t\t\t\tclass=\"gt-fse-maillage-link gt-fse-maillage-image-zoom gt-fse-maillage-hover-background-color gt-fse-maillage-hover-text-color\"\n\t\t\t\tstyle=\"border-radius: 0rem\"\n\t\t\t\tdata-wp-on-async--mouseover=\"actions.mouseover\"\n\t\t\t>\n\t\t\t\t\t\t\t\t\t\t\t\n<div class=\"wp-block-group is-layout-flow wp-block-group-is-layout-flow\">\n<div style=\"aspect-ratio:16\/9;min-height:unset;\" class=\"wp-block-cover is-light has-custom-content-position is-position-bottom-right has-aspect-ratio\"><span aria-hidden=\"true\" class=\"wp-block-cover__background has-black-background-color has-background-dim\"><\/span><img decoding=\"async\" width=\"1920\" height=\"434\" src=\"https:\/\/camping-del-mar.com\/wp-content\/uploads\/sites\/2\/2024\/10\/camping-del-mar-activites-animations-argeles-sur-mer.webp\" class=\"wp-block-cover__image-background wp-post-image\" alt=\"campsite del mar activities entertainment argeles-sur-mer\" data-object-fit=\"cover\" srcset=\"https:\/\/camping-del-mar.com\/wp-content\/uploads\/sites\/2\/2024\/10\/camping-del-mar-activites-animations-argeles-sur-mer.webp 1920w, https:\/\/camping-del-mar.com\/wp-content\/uploads\/sites\/2\/2024\/10\/camping-del-mar-activites-animations-argeles-sur-mer-300x68.webp 300w, https:\/\/camping-del-mar.com\/wp-content\/uploads\/sites\/2\/2024\/10\/camping-del-mar-activites-animations-argeles-sur-mer-1024x231.webp 1024w, https:\/\/camping-del-mar.com\/wp-content\/uploads\/sites\/2\/2024\/10\/camping-del-mar-activites-animations-argeles-sur-mer-768x174.webp 768w, https:\/\/camping-del-mar.com\/wp-content\/uploads\/sites\/2\/2024\/10\/camping-del-mar-activites-animations-argeles-sur-mer-1536x347.webp 1536w\" sizes=\"(max-width: 1920px) 100vw, 1920px\" \/><div class=\"wp-block-cover__inner-container has-global-padding is-layout-constrained wp-block-cover-is-layout-constrained\">\n\n\n\n<p style=\"font-weight:700;text-transform:uppercase;\" class=\"wp-elements-1d85624d063a7cb35988b7ee9856f738 wp-block-gt-gt-fse-maillage-titre has-text-color has-base-color has-large-font-size has-sogo-font-family\">\n    Activities and entertainment at our campsite in the Pyr\u00e9n\u00e9es-Orientales<\/p>\n\n<\/div><\/div>\n<\/div>\n\t\t\t\t\t\t\t<\/div>\n\t\t\t\t\t\t\t\t\t\t\t<div \n\t\t\t\tclass=\"gt-fse-maillage-link gt-fse-maillage-image-zoom gt-fse-maillage-hover-background-color gt-fse-maillage-hover-text-color\"\n\t\t\t\tstyle=\"border-radius: 0rem\"\n\t\t\t\tdata-wp-on-async--mouseover=\"actions.mouseover\"\n\t\t\t>\n\t\t\t\t\t\t\t\t\t\t\t\n<div class=\"wp-block-group is-layout-flow wp-block-group-is-layout-flow\">\n<div style=\"aspect-ratio:16\/9;min-height:unset;\" class=\"wp-block-cover is-light has-custom-content-position is-position-bottom-right has-aspect-ratio\"><span aria-hidden=\"true\" class=\"wp-block-cover__background has-black-background-color has-background-dim\"><\/span><img decoding=\"async\" width=\"1920\" height=\"434\" src=\"https:\/\/camping-del-mar.com\/wp-content\/uploads\/sites\/2\/2024\/10\/camping-espace-aquatique-argeles-sur-mer-del-mar.webp\" class=\"wp-block-cover__image-background wp-post-image\" alt=\"campsite aquatic area argeles-sur-mer-del-mar\" data-object-fit=\"cover\" srcset=\"https:\/\/camping-del-mar.com\/wp-content\/uploads\/sites\/2\/2024\/10\/camping-espace-aquatique-argeles-sur-mer-del-mar.webp 1920w, https:\/\/camping-del-mar.com\/wp-content\/uploads\/sites\/2\/2024\/10\/camping-espace-aquatique-argeles-sur-mer-del-mar-300x68.webp 300w, https:\/\/camping-del-mar.com\/wp-content\/uploads\/sites\/2\/2024\/10\/camping-espace-aquatique-argeles-sur-mer-del-mar-1024x231.webp 1024w, https:\/\/camping-del-mar.com\/wp-content\/uploads\/sites\/2\/2024\/10\/camping-espace-aquatique-argeles-sur-mer-del-mar-768x174.webp 768w, https:\/\/camping-del-mar.com\/wp-content\/uploads\/sites\/2\/2024\/10\/camping-espace-aquatique-argeles-sur-mer-del-mar-1536x347.webp 1536w\" sizes=\"(max-width: 1920px) 100vw, 1920px\" \/><div class=\"wp-block-cover__inner-container has-global-padding is-layout-constrained wp-block-cover-is-layout-constrained\">\n\n\n\n<p style=\"font-weight:700;text-transform:uppercase;\" class=\"wp-elements-1d85624d063a7cb35988b7ee9856f738 wp-block-gt-gt-fse-maillage-titre has-text-color has-base-color has-large-font-size has-sogo-font-family\">\n    A campsite with a water park for an unforgettable vacation in Argel\u00e8s-sur-Mer<\/p>\n\n<\/div><\/div>\n<\/div>\n\t\t\t\t\t\t\t<\/div>\n\t\t\t\t\t\t\t\t<\/div><\/div>\n\n\n\n<div style=\"height:6rem\" aria-hidden=\"true\" class=\"wp-block-spacer\"><\/div>\n<\/div>\n","protected":false},"excerpt":{"rendered":"<p>A warm welcomeat reception Welcome to the reception of Camping Del Mar, in the Pyr\u00e9n\u00e9es-Orientales, your first stop on the way to an exceptional vacation in our beautiful Catalan countryside. Our commitment means a warm welcome, personalized service and top-quality tourist information, enabling you to discover all the treasures of our region. Reception OUR SERVICES [&hellip;]<\/p>\n","protected":false},"author":1,"featured_media":3770,"parent":0,"menu_order":0,"comment_status":"closed","ping_status":"closed","template":"","meta":{"_acf_changed":false,"_seopress_robots_primary_cat":"","_seopress_titles_title":"Services at a family campsite in Argel\u00e8s-sur-Mer","_seopress_titles_desc":"Enjoy 4-star services at a family campsite in Argel\u00e8s-sur-Mer: laundry, grocery store... and a souvenir store to bring back the Pyr\u00e9n\u00e9es-Orientales with you!","_seopress_robots_index":"","_gt_ctv_global_id":"","_gt_ctv_id_group":false,"inline_featured_image":false,"gt_fse_maillage_image":"https:\/\/camping-del-mar.com\/wp-content\/uploads\/sites\/2\/2024\/10\/camping-familial-argeles-sur-mer-del-mar.webp","gt_fse_maillage_titre":"Enjoy 4-star services at our family campsite in Argel\u00e8s-sur-Mer","gt_fse_maillage_resume":"","_gt_maillage_image":0,"_gt_maillage_video":0,"_gt_maillage_title":"","footnotes":""},"categories":[],"tags":[],"class_list":["post-6781","page","type-page","status-publish","has-post-thumbnail","hentry"],"acf":[],"_links":{"self":[{"href":"https:\/\/camping-del-mar.com\/en\/wp-json\/wp\/v2\/pages\/6781","targetHints":{"allow":["GET"]}}],"collection":[{"href":"https:\/\/camping-del-mar.com\/en\/wp-json\/wp\/v2\/pages"}],"about":[{"href":"https:\/\/camping-del-mar.com\/en\/wp-json\/wp\/v2\/types\/page"}],"author":[{"embeddable":true,"href":"https:\/\/camping-del-mar.com\/en\/wp-json\/wp\/v2\/users\/1"}],"replies":[{"embeddable":true,"href":"https:\/\/camping-del-mar.com\/en\/wp-json\/wp\/v2\/comments?post=6781"}],"version-history":[{"count":5,"href":"https:\/\/camping-del-mar.com\/en\/wp-json\/wp\/v2\/pages\/6781\/revisions"}],"predecessor-version":[{"id":7400,"href":"https:\/\/camping-del-mar.com\/en\/wp-json\/wp\/v2\/pages\/6781\/revisions\/7400"}],"wp:featuredmedia":[{"embeddable":true,"href":"https:\/\/camping-del-mar.com\/en\/wp-json\/wp\/v2\/media\/3770"}],"wp:attachment":[{"href":"https:\/\/camping-del-mar.com\/en\/wp-json\/wp\/v2\/media?parent=6781"}],"wp:term":[{"taxonomy":"category","embeddable":true,"href":"https:\/\/camping-del-mar.com\/en\/wp-json\/wp\/v2\/categories?post=6781"},{"taxonomy":"post_tag","embeddable":true,"href":"https:\/\/camping-del-mar.com\/en\/wp-json\/wp\/v2\/tags?post=6781"}],"curies":[{"name":"wp","href":"https:\/\/api.w.org\/{rel}","templated":true}]}}