{"id":6722,"date":"2024-09-27T09:26:49","date_gmt":"2024-09-27T07:26:49","guid":{"rendered":"https:\/\/camping-del-mar.com\/camping-histoire-argeles-sur-mer\/"},"modified":"2025-01-13T14:44:50","modified_gmt":"2025-01-13T13:44:50","slug":"campsite-history-argeles-sur-mer","status":"publish","type":"page","link":"https:\/\/camping-del-mar.com\/en\/campsite-history-argeles-sur-mer\/","title":{"rendered":"A campsite with deep roots since 1970"},"content":{"rendered":"\n<div class=\"wp-block-group alignfull gt-reveal has-global-padding is-layout-constrained wp-container-core-group-is-layout-5 wp-block-group-is-layout-constrained\">\n<div style=\"height:6rem\" aria-hidden=\"true\" class=\"wp-block-spacer\"><\/div>\n\n\n\n<div class=\"wp-block-group alignwide gt-break-mobile gt-reverse-mobile is-nowrap is-layout-flex wp-container-core-group-is-layout-4 wp-block-group-is-layout-flex\">\n<div class=\"wp-block-group has-global-padding is-layout-constrained wp-block-group-is-layout-constrained\">\n<div class=\"wp-block-group is-layout-flow wp-block-group-is-layout-flow\" style=\"padding-right:var(--wp--preset--spacing--30);padding-left:var(--wp--preset--spacing--30)\">\n<div style=\"height:10rem\" aria-hidden=\"true\" class=\"wp-block-spacer gt-hide-mobile\"><\/div>\n\n\n\n<figure class=\"wp-block-image aligncenter size-full gt-reveal-down wp-duotone-132f44-132f44-1\"><img data-dominant-color=\"b15526\" data-has-transparency=\"true\" style=\"--dominant-color: #b15526;\" decoding=\"async\" width=\"43\" height=\"21\" src=\"https:\/\/campingclosduthym.com\/wp-content\/uploads\/sites\/5\/2024\/08\/separator.png\" alt=\"separator\" class=\"wp-image-150 has-transparency\"\/><\/figure>\n\n\n\n<p class=\"has-text-align-center gt-reveal-down has-medium-font-size\">Welcome to <a href=\"https:\/\/camping-del-mar.com\/en\/\">Camping Del Mar in Argeles-sur-Mer<\/a>, nestled <a href=\"https:\/\/camping-del-mar.com\/en\/tourism-pyrenees-orientales\/\">at the foot of the majestic Pyrenees<\/a> since 1970. Just <strong>500 meters from a sandy beach<\/strong>, our <strong>8-hectare<\/strong> estate boasts <strong>273 mobile homes<\/strong>, offering a <strong>privileged setting<\/strong> where Mediterranean and exotic vegetation mingle. <\/p>\n\n\n\n<p class=\"has-text-align-center gt-reveal-down has-medium-font-size\"><strong>Discover our Oasis Verdoyante and<\/strong> immerse yourself in an <strong>oasis of greenery<\/strong>, where Mediterranean nature meets exotic species. The 8 hectares of our estate create a <strong>haven of tranquility<\/strong>, an invitation to relax in the heart of a preserved landscape. <\/p>\n\n\n\n<p class=\"has-text-align-center gt-reveal-down has-medium-font-size\"><strong>Book now for an unforgettable vacation.<\/strong> At Camping Del Mar, we invite you to experience a vacation that will remain etched in your memories. Book now to enjoy our <strong>exceptional setting<\/strong>, <strong>warm atmosphere<\/strong> and unique proximity to the beach. <\/p>\n\n\n\n<p class=\"has-text-align-center gt-reveal-down has-medium-font-size\">Relax, explore and create lasting memories in the heart of French Catalonia.<\/p>\n<\/div>\n<\/div>\n\n\n\n<div class=\"wp-block-group wp-container-content-1 is-layout-flow wp-block-group-is-layout-flow\">\n<figure class=\"wp-block-image size-full gt-reveal\"><img data-dominant-color=\"8d9068\" data-has-transparency=\"false\" style=\"--dominant-color: #8d9068;\" decoding=\"async\" width=\"640\" height=\"961\" src=\"https:\/\/camping-del-mar.com\/wp-content\/uploads\/sites\/2\/2024\/11\/camping-aux-racines-bien-ancrees.webp\" alt=\"camping with deep roots\" class=\"wp-image-5430 not-transparent\" srcset=\"https:\/\/camping-del-mar.com\/wp-content\/uploads\/sites\/2\/2024\/11\/camping-aux-racines-bien-ancrees.webp 640w, https:\/\/camping-del-mar.com\/wp-content\/uploads\/sites\/2\/2024\/11\/camping-aux-racines-bien-ancrees-200x300.webp 200w\" sizes=\"(max-width: 640px) 100vw, 640px\" \/><\/figure>\n<\/div>\n<\/div>\n<\/div>\n\n<div class=\"wp-block-group alignfull gt-reveal has-global-padding is-layout-constrained wp-container-core-group-is-layout-11 wp-block-group-is-layout-constrained\">\n<div style=\"height:6rem\" aria-hidden=\"true\" class=\"wp-block-spacer\"><\/div>\n\n\n\n<div class=\"wp-block-group alignwide animated fadeIn slower gt-hide-mobile is-layout-flow wp-block-group-is-layout-flow\" style=\"margin-top:0;margin-bottom:-33px;padding-right:0;padding-left:0\">\n<p class=\"gt-sliding-text has-contrast-3-color has-text-color has-link-color has-sogo-font-family wp-elements-137e34824d64915913f0d18ebcd33f09\" style=\"margin-top:0;margin-right:0;margin-bottom:0;margin-left:0;font-size:7vw;font-style:normal;font-weight:300;line-height:1;text-transform:uppercase\">FAMILY SAGA<\/p>\n<\/div>\n\n\n\n<div class=\"wp-block-group alignwide gt-break-mobile is-nowrap is-layout-flex wp-container-core-group-is-layout-10 wp-block-group-is-layout-flex\">\n<div class=\"wp-block-group wp-container-content-2 is-layout-flow wp-block-group-is-layout-flow\">\n<figure class=\"wp-block-image size-full gt-reveal\"><img data-dominant-color=\"757163\" data-has-transparency=\"false\" style=\"--dominant-color: #757163;\" decoding=\"async\" width=\"640\" height=\"444\" src=\"https:\/\/camping-del-mar.com\/wp-content\/uploads\/sites\/2\/2024\/11\/saga-familiale.webp\" alt=\"family saga\" class=\"wp-image-5087 not-transparent\" srcset=\"https:\/\/camping-del-mar.com\/wp-content\/uploads\/sites\/2\/2024\/11\/saga-familiale.webp 640w, https:\/\/camping-del-mar.com\/wp-content\/uploads\/sites\/2\/2024\/11\/saga-familiale-300x208.webp 300w\" sizes=\"(max-width: 640px) 100vw, 640px\" \/><\/figure>\n<\/div>\n\n\n\n<div class=\"wp-block-group has-global-padding is-layout-constrained wp-block-group-is-layout-constrained\">\n<div class=\"wp-block-group is-layout-flow wp-block-group-is-layout-flow\" style=\"padding-right:var(--wp--preset--spacing--30);padding-left:var(--wp--preset--spacing--30)\">\n<div style=\"height:10rem\" aria-hidden=\"true\" class=\"wp-block-spacer gt-hide-mobile\"><\/div>\n\n\n\n<figure class=\"wp-block-image aligncenter size-full gt-reveal-down wp-duotone-132f44-132f44-2\"><img data-dominant-color=\"b15526\" data-has-transparency=\"true\" style=\"--dominant-color: #b15526;\" decoding=\"async\" width=\"43\" height=\"21\" src=\"https:\/\/campingclosduthym.com\/wp-content\/uploads\/sites\/5\/2024\/08\/separator.png\" alt=\"separator\" class=\"wp-image-150 has-transparency\"\/><\/figure>\n\n\n<h2 class=\"wp-block-heading has-text-align-center gt-reveal-down has-accent-color has-text-color has-link-color wp-elements-a9a60c27edd5b829f101b9230b7a0b1b\" id=\"they-had-a-dream-camping-del-mar-the-story-of-a-family-saga\">They had a dream: camping Del Mar, the story of a family saga<\/h2>\n\n    <div id=\"gt-fse-lire-plus-69f0b82132bed\" class=\"gt-fse-lire-plus\" data-min-height=\"130\" style=\"background-color: #fff;\">\n        <input id=\"gt-fse-lire-plus-69f0b82132bed-toggle\" type=\"checkbox\" class=\"gt-fse-lire-plus__toggle\" \/>\n        <label for=\"gt-fse-lire-plus-69f0b82132bed-toggle\" class=\"gt-fse-lire-plus__toggle-label\">\n            <span>Read more<\/span>\n            <span>Read less<\/span>\n        <\/label>\n        <div class=\"gt-fse-lire-plus__content\" style=\"height: 130px;\">\n            \n\n<p class=\"has-text-align-center gt-reveal-down has-medium-font-size\"><strong>In 1967<\/strong>, Alain and Ghislaine QUILLEVERE decided to create the Al Sol campsite, which they sold two years later.<\/p>\n\n\n\n<p class=\"has-text-align-center gt-reveal-down has-medium-font-size\"><strong>In 1970,<\/strong> they decided to make their dream come true by creating Del Mar. A <strong>family campsite just a stone&#8217;s throw from the sea.<\/strong> <\/p>\n\n\n\n<p class=\"has-text-align-center gt-reveal-down has-medium-font-size\">They first bought a 9,000 m\u00b2 plot and continued to buy year after year. The land was farmland only at the time. <\/p>\n\n\n\n<p class=\"has-text-align-center gt-reveal-down has-medium-font-size\">It should be added that <strong>all the trees on the campsite were planted by Alain and his son Yannick<\/strong>, on their own.<\/p>\n\n\n\n<p class=\"has-text-align-center gt-reveal-down has-medium-font-size\">Far be it from them to have such a large campsite.<\/p>\n\n\n\n<p class=\"has-text-align-center gt-reveal-down has-medium-font-size\">Del Mar was made up of several lanes with pitches that weren&#8217;t really demarcated and only accommodated tents and a few caravans.<\/p>\n\n\n\n<p class=\"has-text-align-center gt-reveal-down has-medium-font-size\">Del Mar&#8217;s <strong>family atmosphere<\/strong> has helped <strong>build customer loyalty<\/strong> from the outset.<\/p>\n\n\n\n<p class=\"has-text-align-center gt-reveal-down has-medium-font-size\"><strong>In 1970<\/strong>, in her first year, Ghislaine QUILLEVERE ran the &#8220;little grocery store&#8221;, selling only bread, butter, croissants and milk.<\/p>\n\n\n\n<p class=\"has-text-align-center gt-reveal-down has-medium-font-size\">That same year, the first sanitary facilities were installed.<\/p>\n\n\n\n<p class=\"has-text-align-center gt-reveal-down has-medium-font-size\">Three years later, <strong>in 1973,<\/strong> a wooden grocery store was built, offering a wider range of products.<\/p>\n\n\n\n<p class=\"has-text-align-center gt-reveal-down has-medium-font-size\">In those days, there was no reception as such; it was held in the owners&#8217; home.<\/p>\n\n            <div class=\"gt-fse-lire-plus__gradient\" style=\"background: linear-gradient(to bottom,rgba(255,255,255,0) 0%,rgba(255,255,255,1) 100%);\"><\/div>\n        <\/div>\n    <\/div>\n    \n\n\n<div style=\"height:2rem\" aria-hidden=\"true\" class=\"wp-block-spacer is-style-gt-hide-mobile\"><\/div>\n<\/div>\n<\/div>\n<\/div>\n<\/div>\n\n<div class=\"wp-block-group alignfull has-global-padding is-layout-constrained wp-block-group-is-layout-constrained\">\n<div style=\"height:6rem\" aria-hidden=\"true\" class=\"wp-block-spacer\"><\/div>\n\n\n\n<div class=\"wp-block-group alignfull gt-reveal gt-break-mobile gt-reverse-mobile is-content-justification-center is-nowrap is-layout-flex wp-container-core-group-is-layout-14 wp-block-group-is-layout-flex\">\n<div class=\"wp-block-group is-nowrap is-layout-flex wp-container-core-group-is-layout-13 wp-block-group-is-layout-flex\" style=\"padding-right:var(--wp--preset--spacing--20);padding-left:var(--wp--preset--spacing--20)\">\n<div class=\"wp-block-group has-global-padding is-layout-constrained wp-block-group-is-layout-constrained\"><h2 class=\"wp-block-heading has-accent-color has-text-color has-link-color wp-elements-16619ce888304f6877332882f1251a49\" id=\"modernizing-the-campsite\">Modernizing the campsite<\/h2>\n\n\n<p class=\"has-medium-font-size\">The <strong>modernization of<\/strong> Del Mar is the result of two major advances.<\/p>\n\n\n\n<p class=\"has-medium-font-size\">The first came in <strong>1984<\/strong> with the <strong>construction of the swimming pool<\/strong>. The second came in <strong>1992<\/strong> with the installation of 25 &#8220;bengalies&#8221;, the <strong>first wooden chalets<\/strong> and <strong>mobile homes<\/strong>. <\/p>\n\n\n\n<p class=\"has-medium-font-size\">A <strong>major turning point<\/strong> in the <strong>modernization of the campsite<\/strong> came when Yannick and Agn\u00e8s QUILLEVERE joined the company in 1984.<\/p>\n\n\n\n<p class=\"has-medium-font-size\">In the early<strong> 90s<\/strong>, Jo\u00eblle QUILLEVERE joined the Del Mar team.<\/p>\n\n\n\n<p class=\"has-medium-font-size\">Four years later,<strong> in 1996<\/strong>, the<strong>Hotel Antin\u00e9a ***<\/strong> was opened. The hotel was subsequently converted into studios and apartments(<a href=\"https:\/\/residence-argeles-sur-mer.com\/\" target=\"_blank\" rel=\"noreferrer noopener\">R\u00e9sidence Antin\u00e9a NC<\/a>). <\/p>\n\n\n\n<p class=\"has-medium-font-size\">They would see another family member join them: Nicolas Quill\u00e9v\u00e9r\u00e9 <strong>in 2005<\/strong>. A computer enthusiast, he helped <strong>modernize<\/strong> Village Del Mar by computerizing the system. <\/p>\n<\/div>\n<\/div>\n\n\n\n<figure class=\"wp-block-image size-full\"><img data-dominant-color=\"96916d\" data-has-transparency=\"false\" style=\"--dominant-color: #96916d;\" decoding=\"async\" width=\"662\" height=\"531\" src=\"https:\/\/camping-del-mar.com\/wp-content\/uploads\/sites\/2\/2024\/11\/del-mar-hotel-antinea.webp\" alt=\"del mar hotel antinea\" class=\"wp-image-5432 not-transparent\" srcset=\"https:\/\/camping-del-mar.com\/wp-content\/uploads\/sites\/2\/2024\/11\/del-mar-hotel-antinea.webp 662w, https:\/\/camping-del-mar.com\/wp-content\/uploads\/sites\/2\/2024\/11\/del-mar-hotel-antinea-300x241.webp 300w\" sizes=\"(max-width: 662px) 100vw, 662px\" \/><\/figure>\n<\/div>\n\n\n\n<div class=\"wp-block-group alignfull gt-reveal gt-break-mobile is-content-justification-center is-nowrap is-layout-flex wp-container-core-group-is-layout-17 wp-block-group-is-layout-flex\">\n<figure class=\"wp-block-image size-full\"><img data-dominant-color=\"848772\" data-has-transparency=\"false\" style=\"--dominant-color: #848772;\" decoding=\"async\" width=\"662\" height=\"531\" src=\"https:\/\/camping-del-mar.com\/wp-content\/uploads\/sites\/2\/2024\/11\/del-mar-clos-du-thym.webp\" alt=\"del mar clos du thym\" class=\"wp-image-5434 not-transparent\" srcset=\"https:\/\/camping-del-mar.com\/wp-content\/uploads\/sites\/2\/2024\/11\/del-mar-clos-du-thym.webp 662w, https:\/\/camping-del-mar.com\/wp-content\/uploads\/sites\/2\/2024\/11\/del-mar-clos-du-thym-300x241.webp 300w\" sizes=\"(max-width: 662px) 100vw, 662px\" \/><\/figure>\n\n\n\n<div class=\"wp-block-group is-nowrap is-layout-flex wp-container-core-group-is-layout-16 wp-block-group-is-layout-flex\" style=\"padding-right:var(--wp--preset--spacing--20);padding-left:var(--wp--preset--spacing--20)\">\n<div class=\"wp-block-group has-global-padding is-layout-constrained wp-block-group-is-layout-constrained\">\n<p class=\"has-medium-font-size\">Before that, at the age of 14, Nicolas was making pizzas at the campsite.<\/p>\n\n\n\n<p class=\"has-medium-font-size\">Benjamin Quill\u00e9v\u00e9r\u00e9, his brother, joined them a few years later. A plant enthusiast, <strong>he has developed an unrivalled landscaped area<\/strong>. Flowering and greenery are <strong>Del Mar&#8217;s strong points.<\/strong>  <\/p>\n\n\n\n<p class=\"has-medium-font-size\"><strong>In 2006,<\/strong> the La Juncarole campsite was bought out and named &#8221; <a href=\"https:\/\/campingclosduthym.com\/\" target=\"_blank\" rel=\"noreferrer noopener\">Clos Du Thym<\/a> &#8220;. It is managed by Nicolas and Benjamin. <\/p>\n\n\n\n<p class=\"has-medium-font-size\">As our core business is the sale of mobile homes, Le Clos du Thym is a very residential campsite, open all year round.<\/p>\n\n\n    <div id=\"gt-fse-lire-plus-69f0b82133d67\" class=\"gt-fse-lire-plus\" data-min-height=\"130\" style=\"background-color: #fff;\">\n        <input id=\"gt-fse-lire-plus-69f0b82133d67-toggle\" type=\"checkbox\" class=\"gt-fse-lire-plus__toggle\" \/>\n        <label for=\"gt-fse-lire-plus-69f0b82133d67-toggle\" class=\"gt-fse-lire-plus__toggle-label\">\n            <span>Read more<\/span>\n            <span>Read less<\/span>\n        <\/label>\n        <div class=\"gt-fse-lire-plus__content\" style=\"height: 130px;\">\n            \n\n<p class=\"has-medium-font-size\"><strong>Since 2011,<\/strong> Marine Quill\u00e9v\u00e9r\u00e9, Nicolas&#8217; wife, has decided to contribute to the life of the campsite. As for Marine, she places <strong>quality<\/strong> at the heart of her concerns. Since her arrival, she has been in charge of the R\u00e9sidence Antin\u00e9a, ensuring <strong>the well-being of her guests<\/strong> every year.  <\/p>\n\n\n\n<p class=\"has-medium-font-size\">2012  <br\/><strong>In 2012,<\/strong> the campsite took a new turn by becoming a <strong>4-star campsite<\/strong>, with the arrival of a <strong>new 3-lane aquatic area<\/strong>. Del Mar has also been <strong>awarded the Sud<\/strong> de <strong>France label<\/strong> and the <strong>quality tourism label<\/strong>. <\/p>\n\n\n\n<p class=\"has-medium-font-size\">2015  <br\/><strong>In 2015, <\/strong>it was awarded the <strong>Famille Plus<\/strong> label. We are <strong>committed to the quality of our services<\/strong>, so that you can enjoy your vacation in the best possible conditions. <\/p>\n\n\n\n<p class=\"has-medium-font-size\">2018 <br\/><strong>Since 2018<\/strong>: ranked among the<strong> top 10 campsites in Argel\u00e8s-sur-Mer<\/strong> (TripAdvisor traveler ranking).<\/p>\n\n\n\n<p class=\"has-medium-font-size\"><strong>In 2023<\/strong>, the family legacy continues with the arrival of another family member, Emma Quill\u00e9v\u00e9r\u00e9, who shows a particular commitment to our family values, and who will continue to drive <a href=\"https:\/\/groupedelmar.fr\/\" target=\"_blank\" rel=\"noreferrer noopener\">the Del Mar Village group<\/a> forward alongside the other family members.<\/p>\n\n            <div class=\"gt-fse-lire-plus__gradient\" style=\"background: linear-gradient(to bottom,rgba(255,255,255,0) 0%,rgba(255,255,255,1) 100%);\"><\/div>\n        <\/div>\n    <\/div>\n    <\/div>\n<\/div>\n<\/div>\n\n\n\n<div style=\"height:6rem\" aria-hidden=\"true\" class=\"wp-block-spacer\"><\/div>\n<\/div>\n\n<div class=\"wp-block-group alignfull is-layout-flow wp-block-group-is-layout-flow\" style=\"padding-bottom:0\">\n<div class=\"wp-block-group alignwide animated fadeIn slower is-layout-flow wp-block-group-is-layout-flow\" style=\"margin-top:0;margin-bottom:-33px;padding-right:0;padding-left:0\">\n<p class=\"gt-sliding-text has-contrast-3-color has-text-color has-link-color has-sogo-font-family wp-elements-055dedaa180c6391e3df9be02b178382\" style=\"margin-top:0;margin-right:0;margin-bottom:0;margin-left:0;font-size:7vw;font-style:normal;font-weight:300;line-height:1;text-transform:uppercase\">DISCOVER<\/p>\n<\/div>\n\n\n\n<div class=\"wp-block-group gt-break-mobile is-layout-grid wp-container-core-group-is-layout-23 wp-block-group-is-layout-grid\" style=\"border-radius:2rem\">\n<div\n\tstyle=\"border-radius:0rem;\" class=\"gt-maillage-3 wp-block-gt-gt-fse-maillage\"\tdata-wp-interactive=\"gt\/maillage\"\n\tdata-wp-on--click=\"actions.ctaLoad\"\n\tdata-wp-context='{\"radius\":\"0rem\",\"hover_bg_color\":\"#132f44\",\"hover_text_color\":\"#ffffff\",\"hover_image_opacity\":0.5}'>\t\n\n\t\n\t\t\t\t\t\t\t\t\t<div \n\t\t\t\tclass=\"gt-fse-maillage-link gt-fse-maillage-image-zoom gt-fse-maillage-hover-background-color gt-fse-maillage-hover-text-color\"\n\t\t\t\tstyle=\"border-radius: 0rem\"\n\t\t\t\tdata-wp-on-async--mouseover=\"actions.mouseover\"\n\t\t\t>\n\t\t\t\t\t\t\t\t\t\t\t\n<div class=\"wp-block-group is-layout-flow wp-block-group-is-layout-flow\">\n<div style=\"aspect-ratio:16\/9;min-height:unset;\" class=\"wp-block-cover is-light has-custom-content-position is-position-bottom-right has-aspect-ratio\"><span aria-hidden=\"true\" class=\"wp-block-cover__background has-black-background-color has-background-dim\"><\/span><img decoding=\"async\" width=\"1920\" height=\"434\" src=\"https:\/\/camping-del-mar.com\/wp-content\/uploads\/sites\/2\/2024\/10\/camping-pas-cher-del-mar-argeles-sur-mer.webp\" class=\"wp-block-cover__image-background wp-post-image\" alt=\"low-cost camping del mar argeles-sur-mer\" data-object-fit=\"cover\" srcset=\"https:\/\/camping-del-mar.com\/wp-content\/uploads\/sites\/2\/2024\/10\/camping-pas-cher-del-mar-argeles-sur-mer.webp 1920w, https:\/\/camping-del-mar.com\/wp-content\/uploads\/sites\/2\/2024\/10\/camping-pas-cher-del-mar-argeles-sur-mer-300x68.webp 300w, https:\/\/camping-del-mar.com\/wp-content\/uploads\/sites\/2\/2024\/10\/camping-pas-cher-del-mar-argeles-sur-mer-1024x231.webp 1024w, https:\/\/camping-del-mar.com\/wp-content\/uploads\/sites\/2\/2024\/10\/camping-pas-cher-del-mar-argeles-sur-mer-768x174.webp 768w, https:\/\/camping-del-mar.com\/wp-content\/uploads\/sites\/2\/2024\/10\/camping-pas-cher-del-mar-argeles-sur-mer-1536x347.webp 1536w\" sizes=\"(max-width: 1920px) 100vw, 1920px\" \/><div class=\"wp-block-cover__inner-container has-global-padding is-layout-constrained wp-block-cover-is-layout-constrained\">\n\n\n\n<p style=\"font-weight:700;text-transform:uppercase;\" class=\"wp-elements-1d85624d063a7cb35988b7ee9856f738 wp-block-gt-gt-fse-maillage-titre has-text-color has-base-color has-large-font-size has-sogo-font-family\">\n    An ideal stay at a value-for-money campsite in Argel\u00e8s-sur-Mer<\/p>\n\n<\/div><\/div>\n<\/div>\n\t\t\t\t\t\t\t<\/div>\n\t\t\t\t\t\t\t\t\t\t\t<div \n\t\t\t\tclass=\"gt-fse-maillage-link gt-fse-maillage-image-zoom gt-fse-maillage-hover-background-color gt-fse-maillage-hover-text-color\"\n\t\t\t\tstyle=\"border-radius: 0rem\"\n\t\t\t\tdata-wp-on-async--mouseover=\"actions.mouseover\"\n\t\t\t>\n\t\t\t\t\t\t\t\t\t\t\t\n<div class=\"wp-block-group is-layout-flow wp-block-group-is-layout-flow\">\n<div style=\"aspect-ratio:16\/9;min-height:unset;\" class=\"wp-block-cover is-light has-custom-content-position is-position-bottom-right has-aspect-ratio\"><span aria-hidden=\"true\" class=\"wp-block-cover__background has-black-background-color has-background-dim\"><\/span><img decoding=\"async\" width=\"1920\" height=\"434\" src=\"https:\/\/camping-del-mar.com\/wp-content\/uploads\/sites\/2\/2024\/11\/del-mar-camping-demarche-qualite-labels-argeles-sur-mer.webp\" class=\"wp-block-cover__image-background not-transparent wp-post-image\" alt=\"del mar campsite quality labels argeles-sur-mer\" data-object-fit=\"cover\" srcset=\"https:\/\/camping-del-mar.com\/wp-content\/uploads\/sites\/2\/2024\/11\/del-mar-camping-demarche-qualite-labels-argeles-sur-mer.webp 1920w, https:\/\/camping-del-mar.com\/wp-content\/uploads\/sites\/2\/2024\/11\/del-mar-camping-demarche-qualite-labels-argeles-sur-mer-300x68.webp 300w, https:\/\/camping-del-mar.com\/wp-content\/uploads\/sites\/2\/2024\/11\/del-mar-camping-demarche-qualite-labels-argeles-sur-mer-1024x231.webp 1024w, https:\/\/camping-del-mar.com\/wp-content\/uploads\/sites\/2\/2024\/11\/del-mar-camping-demarche-qualite-labels-argeles-sur-mer-768x174.webp 768w, https:\/\/camping-del-mar.com\/wp-content\/uploads\/sites\/2\/2024\/11\/del-mar-camping-demarche-qualite-labels-argeles-sur-mer-1536x347.webp 1536w\" sizes=\"(max-width: 1920px) 100vw, 1920px\" data-has-transparency=\"false\" data-dominant-color=\"959b89\" style=\"--dominant-color: #959b89;\" \/><div class=\"wp-block-cover__inner-container has-global-padding is-layout-constrained wp-block-cover-is-layout-constrained\">\n\n\n\n<p style=\"font-weight:700;text-transform:uppercase;\" class=\"wp-elements-1d85624d063a7cb35988b7ee9856f738 wp-block-gt-gt-fse-maillage-titre has-text-color has-base-color has-large-font-size has-sogo-font-family\">\n    Discover the labels and quality approach of our campsite in Pyr\u00e9n\u00e9es-Orientales<\/p>\n\n<\/div><\/div>\n<\/div>\n\t\t\t\t\t\t\t<\/div>\n\t\t\t\t\t\t\t\t\t\t\t<div \n\t\t\t\tclass=\"gt-fse-maillage-link gt-fse-maillage-image-zoom gt-fse-maillage-hover-background-color gt-fse-maillage-hover-text-color\"\n\t\t\t\tstyle=\"border-radius: 0rem\"\n\t\t\t\tdata-wp-on-async--mouseover=\"actions.mouseover\"\n\t\t\t>\n\t\t\t\t\t\t\t\t\t\t\t\n<div class=\"wp-block-group is-layout-flow wp-block-group-is-layout-flow\">\n<div style=\"aspect-ratio:16\/9;min-height:unset;\" class=\"wp-block-cover is-light has-custom-content-position is-position-bottom-right has-aspect-ratio\"><span aria-hidden=\"true\" class=\"wp-block-cover__background has-black-background-color has-background-dim\"><\/span><img decoding=\"async\" width=\"1920\" height=\"434\" src=\"https:\/\/camping-del-mar.com\/wp-content\/uploads\/sites\/2\/2024\/10\/devenir-proprietaire-camping-del-mar.webp\" class=\"wp-block-cover__image-background wp-post-image\" alt=\"become an owner campsite del mar\" data-object-fit=\"cover\" srcset=\"https:\/\/camping-del-mar.com\/wp-content\/uploads\/sites\/2\/2024\/10\/devenir-proprietaire-camping-del-mar.webp 1920w, https:\/\/camping-del-mar.com\/wp-content\/uploads\/sites\/2\/2024\/10\/devenir-proprietaire-camping-del-mar-300x68.webp 300w, https:\/\/camping-del-mar.com\/wp-content\/uploads\/sites\/2\/2024\/10\/devenir-proprietaire-camping-del-mar-1024x231.webp 1024w, https:\/\/camping-del-mar.com\/wp-content\/uploads\/sites\/2\/2024\/10\/devenir-proprietaire-camping-del-mar-768x174.webp 768w, https:\/\/camping-del-mar.com\/wp-content\/uploads\/sites\/2\/2024\/10\/devenir-proprietaire-camping-del-mar-1536x347.webp 1536w\" sizes=\"(max-width: 1920px) 100vw, 1920px\" \/><div class=\"wp-block-cover__inner-container has-global-padding is-layout-constrained wp-block-cover-is-layout-constrained\">\n\n\n\n<p style=\"font-weight:700;text-transform:uppercase;\" class=\"wp-elements-1d85624d063a7cb35988b7ee9856f738 wp-block-gt-gt-fse-maillage-titre has-text-color has-base-color has-large-font-size has-sogo-font-family\">\n    Become the owner of a mobile home in the Pyr\u00e9n\u00e9es-Orientales<\/p>\n\n<\/div><\/div>\n<\/div>\n\t\t\t\t\t\t\t<\/div>\n\t\t\t\t\t\t\t\t<\/div><\/div>\n\n\n\n<div style=\"height:6rem\" aria-hidden=\"true\" class=\"wp-block-spacer\"><\/div>\n<\/div>\n","protected":false},"excerpt":{"rendered":"<p>Welcome to Camping Del Mar in Argeles-sur-Mer, nestled at the foot of the majestic Pyrenees since 1970. Just 500 meters from a sandy beach, our 8-hectare estate boasts 273 mobile homes, offering a privileged setting where Mediterranean and exotic vegetation mingle. Discover our Oasis Verdoyante and immerse yourself in an oasis of greenery, where Mediterranean [&hellip;]<\/p>\n","protected":false},"author":1,"featured_media":3772,"parent":0,"menu_order":0,"comment_status":"closed","ping_status":"closed","template":"","meta":{"_acf_changed":false,"_seopress_robots_primary_cat":"","_seopress_titles_title":"History of camping in Argel\u00e8s-sur-Mer, Pyr\u00e9n\u00e9es-Orientales","_seopress_titles_desc":"Discover the history of a campsite established in Argel\u00e8s-sur-Mer since 1970! A true family saga for a unique stay in the Pyr\u00e9n\u00e9es-Orientales ","_seopress_robots_index":"","_gt_ctv_global_id":"","_gt_ctv_id_group":false,"inline_featured_image":false,"gt_fse_maillage_image":"https:\/\/camping-del-mar.com\/wp-content\/uploads\/sites\/2\/2024\/10\/camping-histoire-argeles-sur-mer-del-mar.webp","gt_fse_maillage_titre":"A campsite with deep roots since 1970","gt_fse_maillage_resume":"","_gt_maillage_image":0,"_gt_maillage_video":0,"_gt_maillage_title":"","footnotes":""},"categories":[],"tags":[],"class_list":["post-6722","page","type-page","status-publish","has-post-thumbnail","hentry"],"acf":[],"_links":{"self":[{"href":"https:\/\/camping-del-mar.com\/en\/wp-json\/wp\/v2\/pages\/6722","targetHints":{"allow":["GET"]}}],"collection":[{"href":"https:\/\/camping-del-mar.com\/en\/wp-json\/wp\/v2\/pages"}],"about":[{"href":"https:\/\/camping-del-mar.com\/en\/wp-json\/wp\/v2\/types\/page"}],"author":[{"embeddable":true,"href":"https:\/\/camping-del-mar.com\/en\/wp-json\/wp\/v2\/users\/1"}],"replies":[{"embeddable":true,"href":"https:\/\/camping-del-mar.com\/en\/wp-json\/wp\/v2\/comments?post=6722"}],"version-history":[{"count":8,"href":"https:\/\/camping-del-mar.com\/en\/wp-json\/wp\/v2\/pages\/6722\/revisions"}],"predecessor-version":[{"id":7682,"href":"https:\/\/camping-del-mar.com\/en\/wp-json\/wp\/v2\/pages\/6722\/revisions\/7682"}],"wp:featuredmedia":[{"embeddable":true,"href":"https:\/\/camping-del-mar.com\/en\/wp-json\/wp\/v2\/media\/3772"}],"wp:attachment":[{"href":"https:\/\/camping-del-mar.com\/en\/wp-json\/wp\/v2\/media?parent=6722"}],"wp:term":[{"taxonomy":"category","embeddable":true,"href":"https:\/\/camping-del-mar.com\/en\/wp-json\/wp\/v2\/categories?post=6722"},{"taxonomy":"post_tag","embeddable":true,"href":"https:\/\/camping-del-mar.com\/en\/wp-json\/wp\/v2\/tags?post=6722"}],"curies":[{"name":"wp","href":"https:\/\/api.w.org\/{rel}","templated":true}]}}