{"id":6658,"date":"2024-09-27T09:43:49","date_gmt":"2024-09-27T07:43:49","guid":{"rendered":"https:\/\/camping-del-mar.com\/tourism-pyrenees-orientales\/"},"modified":"2025-01-13T14:42:56","modified_gmt":"2025-01-13T13:42:56","slug":"tourism-pyrenees-orientales","status":"publish","type":"page","link":"https:\/\/camping-del-mar.com\/en\/tourism-pyrenees-orientales\/","title":{"rendered":"Your holiday in the Pyr\u00e9n\u00e9es-Orientales"},"content":{"rendered":"\n<div class=\"wp-block-group alignfull gt-reveal has-global-padding is-layout-constrained wp-container-core-group-is-layout-5 wp-block-group-is-layout-constrained\">\n<div style=\"height:6rem\" aria-hidden=\"true\" class=\"wp-block-spacer\"><\/div>\n\n\n\n<div class=\"wp-block-group alignwide gt-break-mobile gt-reverse-mobile is-nowrap is-layout-flex wp-container-core-group-is-layout-4 wp-block-group-is-layout-flex\">\n<div class=\"wp-block-group has-global-padding is-layout-constrained wp-block-group-is-layout-constrained\">\n<div class=\"wp-block-group is-layout-flow wp-block-group-is-layout-flow\" style=\"padding-right:var(--wp--preset--spacing--30);padding-left:var(--wp--preset--spacing--30)\">\n<div style=\"height:10rem\" aria-hidden=\"true\" class=\"wp-block-spacer gt-hide-mobile\"><\/div>\n\n\n\n<figure class=\"wp-block-image aligncenter size-full gt-reveal-down wp-duotone-132f44-132f44-1\"><img data-dominant-color=\"b15526\" data-has-transparency=\"true\" style=\"--dominant-color: #b15526;\" decoding=\"async\" width=\"43\" height=\"21\" src=\"https:\/\/campingclosduthym.com\/wp-content\/uploads\/sites\/5\/2024\/08\/separator.png\" alt=\"separator\" class=\"wp-image-150 has-transparency\"\/><\/figure>\n\n\n<h2 class=\"wp-block-heading has-text-align-center gt-reveal-down has-accent-color has-text-color has-link-color wp-elements-bfc806bd64f152be7961184df6319eb0\" id=\"discovering-argeles-sur-mer-and-le-racou\">Discovering Argel\u00e8s-sur-Mer and Le Racou<\/h2>\n\n\n<p class=\"has-text-align-center gt-reveal-down has-medium-font-size\">Argel\u00e8s-sur-Mer, the <strong>Mediterranean<\/strong> caressed by a <strong>sun-kissed<\/strong> sky, an immense <strong>sandy beach<\/strong> stretching all the way to our beautiful <strong>C\u00f4te Rocheuse<\/strong>. The Blue Flag for clean beaches, harbors, <strong>handiplage<\/strong> and <strong>kids&#8217; resorts<\/strong> are just some of the European labels that Argel\u00e8s-sur-Mer has held since its creation&#8230; <\/p>\n\n\n\n<p class=\"has-text-align-center gt-reveal-down has-medium-font-size\"><a href=\"https:\/\/www.argeles-sur-mer.com\/cap-nature\/les-activites-en-pleine-nature\/sentier-littoral\/\" target=\"_blank\" rel=\"noreferrer noopener\">The coastal pathway<\/a> showcases this <strong>natural and historical heritage<\/strong>. The section <strong>from Le Racou to Plage de l&#8217;Ouille<\/strong> runs along the shale cliffs, through the Portells pebble <strong>coves<\/strong> &#8211; with staircases carved into the rock for easy discovery &#8211; and on to Plage de l&#8217;Ouille. Beyond Argel\u00e8s, the coastal path continues on to Collioure and Port-Vendres.  <\/p>\n\n\n\n<p class=\"has-text-align-center gt-reveal-down has-medium-font-size\"><a href=\"https:\/\/www.argeles-sur-mer.com\/cap-mediteranee\/le-racou\/\" target=\"_blank\" rel=\"noreferrer noopener\"><strong>Le Racou<\/strong><\/a>. This site has been classified by the commune and the <strong>Conservatoire du Littoral<\/strong> to preserve its picturesque character. <\/p>\n\n\n\n<p class=\"has-text-align-center gt-reveal-down has-medium-font-size\"><a href=\"https:\/\/www.argeles-sur-mer.com\/cap-montagne\/tour-de-la-massane\/\" target=\"_blank\" rel=\"noreferrer noopener\"><strong>Tour de la Massane<\/strong><\/a> classified as a <strong>nature reserve<\/strong> (794 m). In just a few hours, you&#8217;ll cross the maquis of the foothills, full of the floral scent and humus of the undergrowth. <\/p>\n<\/div>\n<\/div>\n\n\n\n<div class=\"wp-block-group wp-container-content-1 is-layout-flow wp-block-group-is-layout-flow\">\n<figure class=\"wp-block-image size-full gt-reveal\"><img data-dominant-color=\"4992a7\" data-has-transparency=\"false\" style=\"--dominant-color: #4992a7;\" decoding=\"async\" width=\"640\" height=\"961\" src=\"https:\/\/camping-del-mar.com\/wp-content\/uploads\/sites\/2\/2024\/11\/la-decouverte-d-argeles-sur-mer-et-du-racou.webp\" alt=\"discovering argeles sur mer and racou\" class=\"wp-image-5207 not-transparent\" srcset=\"https:\/\/camping-del-mar.com\/wp-content\/uploads\/sites\/2\/2024\/11\/la-decouverte-d-argeles-sur-mer-et-du-racou.webp 640w, https:\/\/camping-del-mar.com\/wp-content\/uploads\/sites\/2\/2024\/11\/la-decouverte-d-argeles-sur-mer-et-du-racou-200x300.webp 200w\" sizes=\"(max-width: 640px) 100vw, 640px\" \/><\/figure>\n<\/div>\n<\/div>\n<\/div>\n\n<div class=\"wp-block-group alignfull gt-reveal has-global-padding is-layout-constrained wp-container-core-group-is-layout-11 wp-block-group-is-layout-constrained\">\n<div style=\"height:6rem\" aria-hidden=\"true\" class=\"wp-block-spacer\"><\/div>\n\n\n\n<div class=\"wp-block-group alignwide animated fadeIn slower gt-hide-mobile is-layout-flow wp-block-group-is-layout-flow\" style=\"margin-top:0;margin-bottom:-33px;padding-right:0;padding-left:0\">\n<p class=\"gt-sliding-text has-contrast-3-color has-text-color has-link-color has-sogo-font-family wp-elements-2e5db18dc68c07fd827df6dea7756a7a\" style=\"margin-top:0;margin-right:0;margin-bottom:0;margin-left:0;font-size:7vw;font-style:normal;font-weight:300;line-height:1;text-transform:uppercase\">THE PYRENEES<\/p>\n<\/div>\n\n\n\n<div class=\"wp-block-group alignwide gt-break-mobile is-nowrap is-layout-flex wp-container-core-group-is-layout-10 wp-block-group-is-layout-flex\">\n<div class=\"wp-block-group wp-container-content-2 is-layout-flow wp-block-group-is-layout-flow\">\n<figure class=\"wp-block-image size-full gt-reveal\"><img data-dominant-color=\"3f889c\" data-has-transparency=\"false\" style=\"--dominant-color: #3f889c;\" decoding=\"async\" width=\"640\" height=\"960\" src=\"https:\/\/camping-del-mar.com\/wp-content\/uploads\/sites\/2\/2024\/10\/pyrenees-orientales-un-territoire-au-patrimoine-naturel-exceptionnel.webp\" alt=\"pyrenees orientales an area of exceptional natural heritage\" class=\"wp-image-3906 not-transparent\" srcset=\"https:\/\/camping-del-mar.com\/wp-content\/uploads\/sites\/2\/2024\/10\/pyrenees-orientales-un-territoire-au-patrimoine-naturel-exceptionnel.webp 640w, https:\/\/camping-del-mar.com\/wp-content\/uploads\/sites\/2\/2024\/10\/pyrenees-orientales-un-territoire-au-patrimoine-naturel-exceptionnel-200x300.webp 200w\" sizes=\"(max-width: 640px) 100vw, 640px\" \/><\/figure>\n<\/div>\n\n\n\n<div class=\"wp-block-group has-global-padding is-layout-constrained wp-block-group-is-layout-constrained\">\n<div class=\"wp-block-group is-layout-flow wp-block-group-is-layout-flow\" style=\"padding-right:var(--wp--preset--spacing--30);padding-left:var(--wp--preset--spacing--30)\">\n<div style=\"height:10rem\" aria-hidden=\"true\" class=\"wp-block-spacer gt-hide-mobile\"><\/div>\n\n\n\n<figure class=\"wp-block-image aligncenter size-full gt-reveal-down wp-duotone-132f44-132f44-2\"><img data-dominant-color=\"b15526\" data-has-transparency=\"true\" style=\"--dominant-color: #b15526;\" decoding=\"async\" width=\"43\" height=\"21\" src=\"https:\/\/campingclosduthym.com\/wp-content\/uploads\/sites\/5\/2024\/08\/separator.png\" alt=\"separator\" class=\"wp-image-150 has-transparency\"\/><\/figure>\n\n\n<h2 class=\"wp-block-heading has-text-align-center gt-reveal-down has-accent-color has-text-color has-link-color wp-elements-f1d9840abfb91e2f3afae7802b9b1e33\" id=\"the-pyrenees-orientales-a-region-with-an-exceptional-natural-heritage\">The Pyr\u00e9n\u00e9es-Orientales, a region with an exceptional natural heritage<\/h2>\n\n\n<p class=\"has-text-align-center gt-reveal-down has-medium-font-size\"><a href=\"https:\/\/camping-del-mar.com\/en\/\">Camping Del Mar in Argel\u00e8s-sur-Mer<\/a> <strong>\u00a0<\/strong> is an ideal base for discovering our superb French and Spanish Catalan region!<\/p>\n\n\n\n<p class=\"has-text-align-center gt-reveal-down has-medium-font-size\">Our Catalan country, a vast plain bordered to the south by the Pyrenees and to the east by the Mediterranean, and dominated by our majestic <strong>Canigou,<\/strong> offers an <strong>exceptional variety of landscapes<\/strong>: beaches, coves, vineyards, orchards, mountains, numerous typical villages (Collioure, C\u00e9ret, Villefranche&#8230;) with their architecture rich in history&#8230;<\/p>\n\n\n    <div id=\"gt-fse-lire-plus-69f0b6943a863\" class=\"gt-fse-lire-plus\" data-min-height=\"130\" style=\"background-color: #fff;\">\n        <input id=\"gt-fse-lire-plus-69f0b6943a863-toggle\" type=\"checkbox\" class=\"gt-fse-lire-plus__toggle\" \/>\n        <label for=\"gt-fse-lire-plus-69f0b6943a863-toggle\" class=\"gt-fse-lire-plus__toggle-label\">\n            <span>Read more<\/span>\n            <span>Read less<\/span>\n        <\/label>\n        <div class=\"gt-fse-lire-plus__content\" style=\"height: 130px;\">\n            \n\n<p class=\"has-text-align-center gt-reveal-down has-medium-font-size\">We recommend starting <strong>from our campsite<\/strong> to <strong>visit our coastline<\/strong>, then <a href=\"https:\/\/camping-del-mar.com\/en\/tourism-perpignan\/\">Perpignan<\/a>, via <a href=\"https:\/\/camping-del-mar.com\/en\/tourism-collioure\/\">Collioure, a fishing village renowned for its anchovies and painters<\/a> (Picasso, Derain, Georges Braque, Othon Friesz, Matisse).<\/p>\n\n\n\n<p class=\"has-text-align-center gt-reveal-down has-medium-font-size\">We then invite you to continue with : <br\/><a href=\"https:\/\/www.banyuls-sur-mer.com\/\" target=\"_blank\" rel=\"noreferrer noopener\">Banyuls-sur-mer<\/a> and its <strong>marine reserve<\/strong>, not forgetting <strong>Roussillon wines<\/strong> to be drunk in moderation&#8230; <br\/><a href=\"https:\/\/www.pyrenees-cerdagne.com\/activites-pleine-nature\/la-randonnee-dans-les-pyrenees\/le-lac-des-bouillouses\" target=\"_blank\" rel=\"noreferrer noopener\">Lac des Bouillouses<\/a> and its surroundings have been a <strong>listed natural site<\/strong> since June 24, 1976. The site is now accessible by shuttle bus, chairlifts and marked footpaths.  <br\/><strong>Tautavel<\/strong> is world-famous for having on its territory <a href=\"https:\/\/450000ans.com\/la-grotte-les-fouilles-tautavel\" target=\"_blank\" rel=\"noreferrer noopener\">the Caune de l&#8217;Arago<\/a>, a <strong>prehistoric cave<\/strong> that was home to the oldest known European (the oldest remains of Homo erectus in France), <strong>450,000 years<\/strong> ago. Nearby, enjoy the <strong>Gorges de Galamus.<\/strong> <br\/>Visit <a href=\"https:\/\/www.musee-ceret.com\/\" target=\"_blank\" rel=\"noreferrer noopener\">C\u00e9ret&#8217;s Museum of Modern Art<\/a>, galleries and painters, Catalan culture, bullfighting, music and more. It&#8217;s the <strong>capital of the cherry<\/strong>.   <br\/><a href=\"https:\/\/camping-del-mar.com\/en\/tourism-villefranche-de-conflent\/\">Villefranche de conflent, located at the foot of the Pic du Canigou<\/a>, is one of the 14 <strong>Vauban<\/strong> sites to be classified by UNESCO as one of France&#8217;s most beautiful villages.<\/p>\n\n\n\n<p class=\"has-text-align-center gt-reveal-down has-medium-font-size\">For all <strong>excursions organized by touring coach<\/strong>, please consult <s> the<\/s> <a href=\"https:\/\/www.argeles-tourisme.com\/\" target=\"_blank\" rel=\"noreferrer noopener\">Argel\u00e8s Tourisme Voyage website<\/a> (fee payable) for departures from Argel\u00e8s-sur-Mer.<\/p>\n\n\n\n<p class=\"has-text-align-center gt-reveal-down has-medium-font-size\">Our Catalan land is characterized by <strong>natural sites with exceptional panoramic<\/strong> views, it&#8217;s an <strong>authentic land<\/strong>.<\/p>\n\n\n\n<p class=\"has-text-align-center gt-reveal-down has-medium-font-size\">Would you like to discover our department? Don&#8217;t hesitate to ask for <strong>our top 10 places to visit in the Pyr\u00e9n\u00e9es Orientales<\/strong>! <\/p>\n\n            <div class=\"gt-fse-lire-plus__gradient\" style=\"background: linear-gradient(to bottom,rgba(255,255,255,0) 0%,rgba(255,255,255,1) 100%);\"><\/div>\n        <\/div>\n    <\/div>\n    \n\n\n<div style=\"height:2rem\" aria-hidden=\"true\" class=\"wp-block-spacer is-style-gt-hide-mobile\"><\/div>\n<\/div>\n<\/div>\n<\/div>\n<\/div>\n\n<div class=\"wp-block-group alignfull gt-reveal is-nowrap is-layout-flex wp-container-core-group-is-layout-14 wp-block-group-is-layout-flex\" id=\"sud-catalogne\">\n<div class=\"wp-block-cover is-light gt-hide-mobile wp-container-content-3\" style=\"min-height:100vh;aspect-ratio:unset;\"><span aria-hidden=\"true\" class=\"wp-block-cover__background has-background-dim-10 has-background-dim\"><\/span><img data-dominant-color=\"c1a88e\" data-has-transparency=\"false\" style=\"--dominant-color: #c1a88e;\" decoding=\"async\" width=\"381\" height=\"1022\" class=\"wp-block-cover__image-background wp-image-3908 not-transparent\" alt=\"des belles plages dans le sud de la catalogne\" src=\"https:\/\/camping-del-mar.com\/wp-content\/uploads\/sites\/2\/2024\/10\/des-belles-plages-dans-le-sud-de-la-catalogne.webp\" data-object-fit=\"cover\" srcset=\"https:\/\/camping-del-mar.com\/wp-content\/uploads\/sites\/2\/2024\/10\/des-belles-plages-dans-le-sud-de-la-catalogne.webp 381w, https:\/\/camping-del-mar.com\/wp-content\/uploads\/sites\/2\/2024\/10\/des-belles-plages-dans-le-sud-de-la-catalogne-112x300.webp 112w\" sizes=\"(max-width: 381px) 100vw, 381px\" \/><div class=\"wp-block-cover__inner-container has-global-padding is-layout-constrained wp-block-cover-is-layout-constrained\">\n<p class=\"has-text-align-center has-large-font-size\"><\/p>\n<\/div><\/div>\n\n\n\n<div class=\"wp-block-cover has-custom-content-position is-position-top-center wp-container-content-4\" style=\"padding-top:0;padding-bottom:0;min-height:100vh;aspect-ratio:unset;\"><span aria-hidden=\"true\" class=\"wp-block-cover__background has-background-dim-30 has-background-dim\"><\/span><img data-dominant-color=\"847b5c\" data-has-transparency=\"false\" style=\"--dominant-color: #847b5c;\" decoding=\"async\" width=\"1514\" height=\"1022\" class=\"wp-block-cover__image-background wp-image-3911 not-transparent\" alt=\"littoral rocheux sud de la catalogne\" src=\"https:\/\/camping-del-mar.com\/wp-content\/uploads\/sites\/2\/2024\/10\/littoral-rocheux-sud-de-la-catalogne.webp\" data-object-fit=\"cover\" srcset=\"https:\/\/camping-del-mar.com\/wp-content\/uploads\/sites\/2\/2024\/10\/littoral-rocheux-sud-de-la-catalogne.webp 1514w, https:\/\/camping-del-mar.com\/wp-content\/uploads\/sites\/2\/2024\/10\/littoral-rocheux-sud-de-la-catalogne-300x203.webp 300w, https:\/\/camping-del-mar.com\/wp-content\/uploads\/sites\/2\/2024\/10\/littoral-rocheux-sud-de-la-catalogne-1024x691.webp 1024w, https:\/\/camping-del-mar.com\/wp-content\/uploads\/sites\/2\/2024\/10\/littoral-rocheux-sud-de-la-catalogne-768x518.webp 768w\" sizes=\"(max-width: 1514px) 100vw, 1514px\" \/><div class=\"wp-block-cover__inner-container has-global-padding is-layout-constrained wp-block-cover-is-layout-constrained\">\n<div class=\"wp-block-group gt-reveal-down has-global-padding is-layout-constrained wp-container-core-group-is-layout-13 wp-block-group-is-layout-constrained\">\n<div class=\"wp-block-group has-contrast-3-background-color has-background is-layout-flow wp-block-group-is-layout-flow\" style=\"min-height:12rem\"><\/div>\n<\/div>\n\n\n\n<figure class=\"wp-block-image aligncenter size-full gt-reveal-down wp-duotone-e5e0ce-ffffff-3\"><img data-dominant-color=\"b15526\" data-has-transparency=\"true\" style=\"--dominant-color: #b15526;\" decoding=\"async\" width=\"43\" height=\"21\" src=\"https:\/\/campingclosduthym.com\/wp-content\/uploads\/sites\/5\/2024\/08\/separator.png\" alt=\"separator\" class=\"wp-image-150 has-transparency\"\/><\/figure>\n\n\n\n<div style=\"height:1rem\" aria-hidden=\"true\" class=\"wp-block-spacer\"><\/div>\n\n\n<h2 class=\"wp-block-heading has-text-align-center has-base-color has-text-color has-link-color has-large-font-size wp-elements-f16b6ef3cd76b25f1870b464d3a5d255\" id=\"visiting-southern-catalonia\">Visiting southern Catalonia<\/h2>\n\n\n<p class=\"has-text-align-center has-base-color has-text-color has-link-color has-medium-font-size wp-elements-7480013eb2284a880c1ec21a56b1db6d\">Located on the Cap de Creus peninsula, <a href=\"https:\/\/camping-del-mar.com\/en\/tourism-cadaques\/\">Cadaqu\u00e9s is one of the most famous towns on the Costa Brava in the Girona region<\/a>. Its <strong>rocky coastline,<\/strong> dotted with <strong>beautiful beaches<\/strong> and <strong>secluded coves<\/strong>, is one of its main attractions, not to mention the splendid landscape of the <a href=\"https:\/\/costabrava.org\/fr\/que-faire\/nature\/parcs-naturels\/parc-natural-cap-de-creus\/\" target=\"_blank\" rel=\"noreferrer noopener\">Cap de Creus Natural Park<\/a>. You can also visit the <a href=\"https:\/\/www.salvador-dali.org\/fr\/musees\/maison-salvador-dali-a-portlligat\/\" target=\"_blank\" rel=\"noreferrer noopener\">house-museum of the artist Salvador Dali<\/a>.  <\/p>\n\n\n\n<p class=\"has-text-align-center has-base-color has-text-color has-link-color has-medium-font-size wp-elements-2fce91681193729acf78366e9e5830c9\"><em>&#8221; <\/em><a href=\"https:\/\/fr.visitfigueres.cat\/information-utile\/office-de-tourisme\/office-de-tourisme-figueres\/\" target=\"_blank\" rel=\"noreferrer noopener\"><em>Figueras <\/em><\/a><em>with the Salvador Dali theatre-museum and its traditional market every Thursday&#8221;.<\/em> <br\/><em><em>&#8220;You can also discover <\/em><strong><em>Rosas<\/em><\/strong><em> and <\/em><strong><em>Canyelles Petites<\/em><\/strong><em> &#8220;<\/em><\/em><\/p>\n\n\n\n<p class=\"has-text-align-center has-base-color has-text-color has-link-color has-medium-font-size wp-elements-9b0c283fff135691ecd62ff3add6fd85\"><em><em>The <strong>volcanic area<\/strong> of La <strong>Garrotxa.<\/strong> To the north, the territory is bounded by the Catalan Pyrenees. The province is home to the three most representative museums of the work of surrealist painter Salvador Dal\u00ed: the Portlligat house-museum, the <a href=\"https:\/\/www.salvador-dali.org\/fr\/musees\/chateau-gala-dali-a-pubol\/\" target=\"_blank\" rel=\"noreferrer noopener\">P\u00fabol castle<\/a> and the <a href=\"https:\/\/www.salvador-dali.org\/fr\/musees\/theatre-musee-dali-a-figueres\/\" target=\"_blank\" rel=\"noreferrer noopener\">Dal\u00ed theater-museum in <strong>Figueres<\/strong><\/a><strong>.<\/strong><\/em><\/em><\/p>\n\n\n\n<div style=\"height:var(--wp--preset--spacing--40)\" aria-hidden=\"true\" class=\"wp-block-spacer\"><\/div>\n<\/div><\/div>\n<\/div>\n\n<div class=\"wp-block-group alignfull gt-break-mobile is-content-justification-right is-nowrap is-layout-flex wp-container-core-group-is-layout-20 wp-block-group-is-layout-flex\">\n<div class=\"wp-block-group alignwide gt-absolute-text gt-hide-mobile wp-container-content-5 is-horizontal is-content-justification-right is-nowrap is-layout-flex wp-container-core-group-is-layout-15 wp-block-group-is-layout-flex\" style=\"margin-top:0;padding-right:0;padding-left:0\">\n<p class=\"gt-sliding-text-y has-contrast-3-color has-text-color has-link-color has-sogo-font-family wp-elements-cdc26f65380eb3b10a7fec607c664d67\" style=\"margin-top:0;margin-right:0;margin-bottom:0;margin-left:0;font-size:7vw;font-style:normal;font-weight:300;line-height:1;text-transform:uppercase\">Catalonia<\/p>\n<\/div>\n\n\n\n<div class=\"wp-block-group has-accent-2-background-color has-background wp-container-content-6 has-global-padding is-content-justification-center is-layout-constrained wp-block-group-is-layout-constrained\">\n<div class=\"wp-block-group alignwide is-layout-flow wp-block-group-is-layout-flow\" style=\"padding-top:0;padding-right:var(--wp--preset--spacing--60);padding-bottom:var(--wp--preset--spacing--30);padding-left:var(--wp--preset--spacing--60)\">\n<div class=\"wp-block-group gt-reveal-down has-global-padding is-layout-constrained wp-container-core-group-is-layout-17 wp-block-group-is-layout-constrained\" style=\"margin-top:-3rem\">\n<div class=\"wp-block-group has-contrast-3-background-color has-background is-layout-flow wp-block-group-is-layout-flow\" style=\"min-height:6rem\"><\/div>\n<\/div>\n\n\n\n<figure class=\"wp-block-image aligncenter size-full gt-reveal-down wp-duotone-132f44-132f44-4\"><img data-dominant-color=\"b15526\" data-has-transparency=\"true\" style=\"--dominant-color: #b15526;\" decoding=\"async\" width=\"43\" height=\"21\" src=\"https:\/\/campingclosduthym.com\/wp-content\/uploads\/sites\/5\/2024\/08\/separator.png\" alt=\"separator\" class=\"wp-image-150 has-transparency\"\/><\/figure>\n\n\n\n<p class=\"has-text-align-center gt-reveal-down has-medium-font-size\"><em><em>The historic center of its capital, <strong>Girona<\/strong>, is also worthy of mention, and in the gastronomic field, we would highlight the <strong>products of the huerta<\/strong> of the L&#8217;<strong>Empord\u00e1<\/strong> region and <strong>seafood <\/strong>such as shrimp from <strong>Palam\u00f3s<\/strong>. Some of its <strong>restaurants<\/strong> have earned <strong>international renown<\/strong>, such as <strong>El Celler de Can Roca<\/strong> and <a href=\"https:\/\/elbullifoundation.com\/fr\/tickets\/\" target=\"_blank\" rel=\"noreferrer noopener\">El bulli,<\/a> voted the <strong>world&#8217;s best restaurant<\/strong> in 2013. <\/em><\/em><\/p>\n\n\n\n<p class=\"has-text-align-center gt-reveal-down has-medium-font-size\"><em><em>For the most well-traveled among you, we suggest a visit to <strong>Barcelona,<\/strong> Spain&#8217;s Catalan capital, with its monuments and must-see sites such as the <a href=\"https:\/\/sagradafamilia.org\/en\/\" target=\"_blank\" rel=\"noreferrer noopener\">Sagrada Familila<\/a>, <a href=\"https:\/\/parkguell.barcelona\/fr\" target=\"_blank\" rel=\"noreferrer noopener\">Parc G\u00fcell<\/a>, the Gothic Quarter, New Camp, the Ramblas, etc., not forgetting a <a href=\"https:\/\/visitandorra.com\/fr\/\" target=\"_blank\" rel=\"noreferrer noopener\">visit to Andorra<\/a>, the <strong>tax-free shopping<\/strong>&#8220;capital&#8221;&#8230;<\/em><\/em><\/p>\n\n\n\n<p class=\"has-text-align-center gt-reveal-down has-medium-font-size\"><em><em>For all excursions organized by touring coach, visit the <a href=\"https:\/\/www.argeles-tourisme.com\/\" target=\"_blank\" rel=\"noreferrer noopener\">Argel\u00e8s Tourisme Voyage website<\/a> (fee payable) from Argel\u00e8s-sur-Mer.<\/em><\/em><\/p>\n<\/div>\n\n\n\n<div style=\"height:6rem;width:0px\" aria-hidden=\"true\" class=\"wp-block-spacer\"><\/div>\n<\/div>\n<\/div>\n\n<div class=\"wp-block-group alignfull has-global-padding is-layout-constrained wp-block-group-is-layout-constrained\">\n<div style=\"height:6rem\" aria-hidden=\"true\" class=\"wp-block-spacer\"><\/div>\n\n\n\n<div class=\"wp-block-group alignfull gt-reveal gt-break-mobile gt-reverse-mobile is-content-justification-center is-nowrap is-layout-flex wp-container-core-group-is-layout-26 wp-block-group-is-layout-flex\">\n<div class=\"wp-block-group is-nowrap is-layout-flex wp-container-core-group-is-layout-25 wp-block-group-is-layout-flex\" style=\"padding-right:var(--wp--preset--spacing--20);padding-left:var(--wp--preset--spacing--20)\">\n<div class=\"wp-block-group has-global-padding is-layout-constrained wp-block-group-is-layout-constrained\">\n<div class=\"wp-block-group animated fadeInDown slow gt-reveal-down has-global-padding is-layout-constrained wp-container-core-group-is-layout-22 wp-block-group-is-layout-constrained\">\n<div class=\"wp-block-group gt-reveal-down has-contrast-3-background-color has-background is-layout-flow wp-block-group-is-layout-flow\" style=\"min-height:30rem\"><\/div>\n<\/div>\n\n\n\n<figure class=\"wp-block-image aligncenter size-full gt-reveal-down wp-duotone-e5e0ce-ffffff-5\"><img data-dominant-color=\"b15526\" data-has-transparency=\"true\" style=\"--dominant-color: #b15526;\" decoding=\"async\" width=\"43\" height=\"21\" src=\"https:\/\/campingclosduthym.com\/wp-content\/uploads\/sites\/5\/2024\/08\/separator.png\" alt=\"separator\" class=\"wp-image-150 has-transparency\"\/><\/figure>\n<\/div>\n\n\n\n<div class=\"wp-block-group has-global-padding is-layout-constrained wp-block-group-is-layout-constrained\"><h2 class=\"wp-block-heading has-accent-color has-text-color has-link-color wp-elements-c42c63866f0bc258855c27fc7b8ae591\" id=\"catalan-gastronomy-authentic-cuisine-from-land-to-sea\">Catalan gastronomy: authentic cuisine from land to sea<\/h2>\n\n\n<p class=\"has-medium-font-size\">Whether you&#8217;re a <strong>wine<\/strong>, <strong>farm produce <\/strong>or <strong>gastronomy<\/strong> enthusiast, a wine connoisseur or a budding gourmet, interested in <strong>culture <\/strong>and <strong>history<\/strong>, our department is sure to please!<\/p>\n\n\n\n<p class=\"has-medium-font-size\">Catalan cuisine is often associated with <strong>land <\/strong>and <strong>sea<\/strong>, like the traditional <strong>&#8220;chicken with prawns&#8221;.<\/strong> We often refer to our cuisine as <strong><em>mar i munt<\/em><\/strong> which means &#8221; <strong>sea and mountain<\/strong> &#8220;. <\/p>\n\n\n    <div id=\"gt-fse-lire-plus-69f0b6943d62e\" class=\"gt-fse-lire-plus\" data-min-height=\"130\" style=\"background-color: #fff;\">\n        <input id=\"gt-fse-lire-plus-69f0b6943d62e-toggle\" type=\"checkbox\" class=\"gt-fse-lire-plus__toggle\" \/>\n        <label for=\"gt-fse-lire-plus-69f0b6943d62e-toggle\" class=\"gt-fse-lire-plus__toggle-label\">\n            <span>Read more<\/span>\n            <span>Read less<\/span>\n        <\/label>\n        <div class=\"gt-fse-lire-plus__content\" style=\"height: 130px;\">\n            \n\n<p class=\"has-medium-font-size\">Traditional dishes such as &#8220;Cargolada&#8221; are complemented by &#8221; <strong>Boles de Picoulat<\/strong> &#8221; or &#8220;L&#8217;Ollada&#8221;, and Catalan charcuterie of the highest <strong>gastronomic level<\/strong>. These include &#8220;Botifarres&#8221;, small black or white sausages to be eaten raw or grilled, large &#8220;Bisbe&#8221; and &#8220;Dios&#8221; sausages with their delicate flesh, air-dried fillet sausages and &#8220;fuets&#8221;, a fine, fresh, dry sausage that&#8217;s an absolute must when grilling outdoors. <\/p>\n\n\n\n<p class=\"has-medium-font-size\"><em>&#8220;Douceurs Catalanes, a few simple pleasures &#8230;.&#8221;<\/em><\/p>\n\n\n\n<p class=\"has-medium-font-size\"><em>Pa d&#8217;ous, bra\u00e7 de gitano, mel i mat\u00f3, <strong>bunyetes<\/strong>, pastissets, crema catalana,<strong> rousquilles<\/strong>&#8230; These are the poetic names of <strong>traditional Catalan<\/strong> desserts. You&#8217;ll probably know how to taste them before you know how to pronounce them, but the accent will come to you after a few tastings!<\/em><\/p>\n\n\n\n<p class=\"has-medium-font-size\"><em>Our <strong>Roussillon vineyards<\/strong> and wines<\/em><\/p>\n\n\n\n<p class=\"has-medium-font-size\"><em><strong>Terroir<\/strong> is the symbiosis of soil, nature, exposure, climate, environment and the work of man. It gives the wine a <strong>unique specificity<\/strong> that cannot be reproduced elsewhere. <\/em>.<\/p>\n\n\n\n<p class=\"has-medium-font-size\"><strong>AOC dry wines<\/strong>: C\u00f4tes du Roussillon, C\u00f4tes du Roussillon Les Aspres, C\u00f4tes du Roussillon Villages, C\u00f4tes du Roussillon Villages Caramany, C\u00f4tes du Roussillon Villages Tautavel and Collioure and many others&#8230;<\/p>\n\n\n\n<p class=\"has-medium-font-size\"><strong>Natural sweet wines<\/strong>: Rivesaltes, Muscat de Rivesaltes, Banyuls and Banyuls Grand Cru, Maury.<\/p>\n\n\n\n<p class=\"has-medium-font-size\">We recommend a free Ch\u00e2teau VALMY wine tasting (Argel\u00e8s-sur-Mer) combined with a superb view of the sea: <a href=\"https:\/\/www.chateau-valmy.com\/\" target=\"_blank\" rel=\"noreferrer noopener\">www.chateau-valmy.com<br\/><\/a>You can ask at reception for our <strong>address card of the restaurants <\/strong>we recommend!<\/p>\n\n            <div class=\"gt-fse-lire-plus__gradient\" style=\"background: linear-gradient(to bottom,rgba(255,255,255,0) 0%,rgba(255,255,255,1) 100%);\"><\/div>\n        <\/div>\n    <\/div>\n    <\/div>\n<\/div>\n\n\n\n<figure class=\"wp-block-image size-full\"><img data-dominant-color=\"684f37\" data-has-transparency=\"false\" style=\"--dominant-color: #684f37;\" decoding=\"async\" width=\"1108\" height=\"738\" src=\"https:\/\/camping-del-mar.com\/wp-content\/uploads\/sites\/2\/2024\/10\/gastronomie-catalane-une-cuisine-authentique-entre-terre-et-mer.webp\" alt=\"catalan gastronomy authentic cuisine between land and sea\" class=\"wp-image-3913 not-transparent\" srcset=\"https:\/\/camping-del-mar.com\/wp-content\/uploads\/sites\/2\/2024\/10\/gastronomie-catalane-une-cuisine-authentique-entre-terre-et-mer.webp 1108w, https:\/\/camping-del-mar.com\/wp-content\/uploads\/sites\/2\/2024\/10\/gastronomie-catalane-une-cuisine-authentique-entre-terre-et-mer-300x200.webp 300w, https:\/\/camping-del-mar.com\/wp-content\/uploads\/sites\/2\/2024\/10\/gastronomie-catalane-une-cuisine-authentique-entre-terre-et-mer-1024x682.webp 1024w, https:\/\/camping-del-mar.com\/wp-content\/uploads\/sites\/2\/2024\/10\/gastronomie-catalane-une-cuisine-authentique-entre-terre-et-mer-768x512.webp 768w\" sizes=\"(max-width: 1108px) 100vw, 1108px\" \/><\/figure>\n<\/div>\n\n\n\n<div style=\"height:6rem\" aria-hidden=\"true\" class=\"wp-block-spacer\"><\/div>\n<\/div>\n\n<div class=\"wp-block-group alignfull has-global-padding is-layout-constrained wp-block-group-is-layout-constrained\">\n<div class=\"wp-block-group alignfull gt-reveal gt-break-mobile is-content-justification-center is-nowrap is-layout-flex wp-container-core-group-is-layout-30 wp-block-group-is-layout-flex\">\n<figure class=\"wp-block-image size-full\"><img data-dominant-color=\"9c99a0\" data-has-transparency=\"false\" style=\"--dominant-color: #9c99a0;\" decoding=\"async\" width=\"662\" height=\"531\" src=\"https:\/\/camping-del-mar.com\/wp-content\/uploads\/sites\/2\/2024\/10\/parachute-ascensionnel.webp\" alt=\"parasailing\" class=\"wp-image-3915 not-transparent\" srcset=\"https:\/\/camping-del-mar.com\/wp-content\/uploads\/sites\/2\/2024\/10\/parachute-ascensionnel.webp 662w, https:\/\/camping-del-mar.com\/wp-content\/uploads\/sites\/2\/2024\/10\/parachute-ascensionnel-300x241.webp 300w\" sizes=\"(max-width: 662px) 100vw, 662px\" \/><\/figure>\n\n\n\n<div class=\"wp-block-group is-nowrap is-layout-flex wp-container-core-group-is-layout-29 wp-block-group-is-layout-flex\" style=\"padding-right:var(--wp--preset--spacing--20);padding-left:var(--wp--preset--spacing--20)\">\n<div class=\"wp-block-group has-global-padding is-layout-constrained wp-block-group-is-layout-constrained\"><h2 class=\"wp-block-heading has-accent-color has-text-color has-link-color wp-elements-f50f66b7dd287f773c8202f89be67f63\" id=\"leisure-and-activities-enjoy-exclusive-discounts-with-our-partners\">Leisure and activities: enjoy exclusive discounts with our partners<\/h2>\n\n\n<p class=\"has-medium-font-size\">Make the most of your vacation at camping Del Mar village in the Pyr\u00e9n\u00e9es-Orientales to discover new activities. We&#8217;ve selected the <strong>best leisure partners in Argel\u00e8s-sur-Mer and the surrounding area<\/strong>. <br\/>Discounts and <strong>preferential rates<\/strong> will be reserved for you with our local <strong>partners<\/strong>: specialists in leisure, sport, culture, gastronomy&#8230; <\/p>\n\n\n\n<p class=\"has-medium-font-size\"><strong>Sea excursions<\/strong> <br\/>Come and admire the <strong>C\u00f4te Vermeille<\/strong> from the sea. Our various walks will delight young and old alike along the coast, from harbor to harbor and <strong>in bays accessible only by boat.<\/strong> As the waves roll in, you&#8217;ll appreciate the different landscapes of our coast&#8230; <\/p>\n<\/div>\n<\/div>\n<\/div>\n\n\n\n<div class=\"wp-block-group alignfull gt-reveal gt-break-mobile gt-reverse-mobile is-content-justification-center is-nowrap is-layout-flex wp-container-core-group-is-layout-33 wp-block-group-is-layout-flex\">\n<div class=\"wp-block-group is-nowrap is-layout-flex wp-container-core-group-is-layout-32 wp-block-group-is-layout-flex\" style=\"padding-right:var(--wp--preset--spacing--20);padding-left:var(--wp--preset--spacing--20)\">\n<div class=\"wp-block-group has-global-padding is-layout-constrained wp-block-group-is-layout-constrained\">\n<p class=\"has-medium-font-size\"><strong>Parachute ascension<\/strong> <br\/><a href=\"https:\/\/www.waterfly66.com\/\" target=\"_blank\" rel=\"noreferrer noopener\">Waterfly 66<\/a>, the thrill of a lifetime! Located in Argel\u00e8s-sur-mer  <br\/><strong>Jet ski rental<\/strong> <br\/><a href=\"https:\/\/jetaventure.com\/\" target=\"_blank\" rel=\"noreferrer noopener\">Jet passion 66<\/a> Argel\u00e8s-sur-Mer <br\/><strong>Motorboat hire<\/strong> <br\/>From \u20ac1,500 per day (maximum 15 people, \u20ac100 per person) <br\/>Argel\u00e8s aventure &#8211; <a href=\"https:\/\/www.paradise-aventures.com\/fr\/\" target=\"_blank\" rel=\"noreferrer noopener\">Canyoning park &#8211; Accrobranche<\/a> &#8211; Tour de l&#8217;extr\u00eame<\/p>\n\n\n\n<p class=\"has-medium-font-size\">Discover the pleasure and sensations of a unique activity in an exceptional setting that&#8217;s completely safe for you! Discover a <strong>unique<\/strong> activity combining leisure, sport, discovery and thrills near you in <strong>Argel\u00e8s-sur-Mer<\/strong> la naturelle. <\/p>\n\n\n\n<p class=\"has-medium-font-size\"><a href=\"https:\/\/www.cheval-argeles.com\/fr\/\" target=\"_blank\" rel=\"noreferrer noopener\"><strong>Horseback riding<\/strong><\/a> <br\/><strong>Kentucky Ranch (Argel\u00e8s-sur-Mer). <\/strong>Nestled in a wooded environment, the <strong>Kentucky Ranch riding center<\/strong> in Argel\u00e8s-sur-Mer welcomes you all year round for <strong>horseback rides close to the beaches<\/strong> in the <strong>Pyr\u00e9n\u00e9es-Orientales<\/strong>. <br\/><em>*On presentation of your leisure bracelet<\/em><\/p>\n<\/div>\n<\/div>\n\n\n\n<figure class=\"wp-block-image size-full\"><img data-dominant-color=\"3890bb\" data-has-transparency=\"false\" style=\"--dominant-color: #3890bb;\" decoding=\"async\" width=\"662\" height=\"531\" src=\"https:\/\/camping-del-mar.com\/wp-content\/uploads\/sites\/2\/2024\/10\/location-de-jet-ski.webp\" alt=\"jet ski rental\" class=\"wp-image-3917 not-transparent\" srcset=\"https:\/\/camping-del-mar.com\/wp-content\/uploads\/sites\/2\/2024\/10\/location-de-jet-ski.webp 662w, https:\/\/camping-del-mar.com\/wp-content\/uploads\/sites\/2\/2024\/10\/location-de-jet-ski-300x241.webp 300w\" sizes=\"(max-width: 662px) 100vw, 662px\" \/><\/figure>\n<\/div>\n\n\n\n<div style=\"height:6rem\" aria-hidden=\"true\" class=\"wp-block-spacer\"><\/div>\n<\/div>\n\n<div class=\"wp-block-group alignfull is-layout-flow wp-block-group-is-layout-flow\" style=\"padding-bottom:0\">\n<div class=\"wp-block-group alignwide animated fadeIn slower is-layout-flow wp-block-group-is-layout-flow\" style=\"margin-top:0;margin-bottom:-33px;padding-right:0;padding-left:0\">\n<p class=\"gt-sliding-text has-contrast-3-color has-text-color has-link-color has-sogo-font-family wp-elements-055dedaa180c6391e3df9be02b178382\" style=\"margin-top:0;margin-right:0;margin-bottom:0;margin-left:0;font-size:7vw;font-style:normal;font-weight:300;line-height:1;text-transform:uppercase\">DISCOVER<\/p>\n<\/div>\n\n\n\n<div class=\"wp-block-group gt-break-mobile is-layout-grid wp-container-core-group-is-layout-40 wp-block-group-is-layout-grid\" style=\"border-radius:2rem\">\n<div\n\tstyle=\"border-radius:0rem;\" class=\"gt-maillage-6 wp-block-gt-gt-fse-maillage\"\tdata-wp-interactive=\"gt\/maillage\"\n\tdata-wp-on--click=\"actions.ctaLoad\"\n\tdata-wp-context='{\"radius\":\"0rem\",\"hover_bg_color\":\"#132f44\",\"hover_text_color\":\"#ffffff\",\"hover_image_opacity\":0.5}'>\t\n\n\t\n\t\t\t\t\t\t\t\t\t<div \n\t\t\t\tclass=\"gt-fse-maillage-link gt-fse-maillage-image-zoom gt-fse-maillage-hover-background-color gt-fse-maillage-hover-text-color\"\n\t\t\t\tstyle=\"border-radius: 0rem\"\n\t\t\t\tdata-wp-on-async--mouseover=\"actions.mouseover\"\n\t\t\t>\n\t\t\t\t\t\t\t\t\t\t\t\n<div class=\"wp-block-group is-layout-flow wp-block-group-is-layout-flow\">\n<div style=\"aspect-ratio:16\/9;min-height:unset;\" class=\"wp-block-cover is-light has-custom-content-position is-position-bottom-right has-aspect-ratio\"><span aria-hidden=\"true\" class=\"wp-block-cover__background has-black-background-color has-background-dim\"><\/span><img decoding=\"async\" width=\"1920\" height=\"434\" src=\"https:\/\/camping-del-mar.com\/wp-content\/uploads\/sites\/2\/2024\/10\/tourisme-cadaques-pyrenees-orientales-.webp\" class=\"wp-block-cover__image-background wp-post-image\" alt=\"tourism cadaques pyrenees orientales\" data-object-fit=\"cover\" srcset=\"https:\/\/camping-del-mar.com\/wp-content\/uploads\/sites\/2\/2024\/10\/tourisme-cadaques-pyrenees-orientales-.webp 1920w, https:\/\/camping-del-mar.com\/wp-content\/uploads\/sites\/2\/2024\/10\/tourisme-cadaques-pyrenees-orientales--300x68.webp 300w, https:\/\/camping-del-mar.com\/wp-content\/uploads\/sites\/2\/2024\/10\/tourisme-cadaques-pyrenees-orientales--1024x231.webp 1024w, https:\/\/camping-del-mar.com\/wp-content\/uploads\/sites\/2\/2024\/10\/tourisme-cadaques-pyrenees-orientales--768x174.webp 768w, https:\/\/camping-del-mar.com\/wp-content\/uploads\/sites\/2\/2024\/10\/tourisme-cadaques-pyrenees-orientales--1536x347.webp 1536w\" sizes=\"(max-width: 1920px) 100vw, 1920px\" \/><div class=\"wp-block-cover__inner-container has-global-padding is-layout-constrained wp-block-cover-is-layout-constrained\">\n\n\n\n<p style=\"font-weight:700;text-transform:uppercase;\" class=\"wp-elements-1d85624d063a7cb35988b7ee9856f738 wp-block-gt-gt-fse-maillage-titre has-text-color has-base-color has-large-font-size has-sogo-font-family\">\n    Explore Cadaqu\u00e9s, a white village between nature and culture<\/p>\n\n<\/div><\/div>\n<\/div>\n\t\t\t\t\t\t\t<\/div>\n\t\t\t\t\t\t\t\t\t\t\t<div \n\t\t\t\tclass=\"gt-fse-maillage-link gt-fse-maillage-image-zoom gt-fse-maillage-hover-background-color gt-fse-maillage-hover-text-color\"\n\t\t\t\tstyle=\"border-radius: 0rem\"\n\t\t\t\tdata-wp-on-async--mouseover=\"actions.mouseover\"\n\t\t\t>\n\t\t\t\t\t\t\t\t\t\t\t\n<div class=\"wp-block-group is-layout-flow wp-block-group-is-layout-flow\">\n<div style=\"aspect-ratio:16\/9;min-height:unset;\" class=\"wp-block-cover is-light has-custom-content-position is-position-bottom-right has-aspect-ratio\"><span aria-hidden=\"true\" class=\"wp-block-cover__background has-black-background-color has-background-dim\"><\/span><img decoding=\"async\" width=\"1920\" height=\"434\" src=\"https:\/\/camping-del-mar.com\/wp-content\/uploads\/sites\/2\/2024\/10\/journee-en-famille-a-villefranche-de-conflent.webp\" class=\"wp-block-cover__image-background wp-post-image\" alt=\"family day out in villefranche-de-conflent\" data-object-fit=\"cover\" srcset=\"https:\/\/camping-del-mar.com\/wp-content\/uploads\/sites\/2\/2024\/10\/journee-en-famille-a-villefranche-de-conflent.webp 1920w, https:\/\/camping-del-mar.com\/wp-content\/uploads\/sites\/2\/2024\/10\/journee-en-famille-a-villefranche-de-conflent-300x68.webp 300w, https:\/\/camping-del-mar.com\/wp-content\/uploads\/sites\/2\/2024\/10\/journee-en-famille-a-villefranche-de-conflent-1024x231.webp 1024w, https:\/\/camping-del-mar.com\/wp-content\/uploads\/sites\/2\/2024\/10\/journee-en-famille-a-villefranche-de-conflent-768x174.webp 768w, https:\/\/camping-del-mar.com\/wp-content\/uploads\/sites\/2\/2024\/10\/journee-en-famille-a-villefranche-de-conflent-1536x347.webp 1536w\" sizes=\"(max-width: 1920px) 100vw, 1920px\" \/><div class=\"wp-block-cover__inner-container has-global-padding is-layout-constrained wp-block-cover-is-layout-constrained\">\n\n\n\n<p style=\"font-weight:700;text-transform:uppercase;\" class=\"wp-elements-1d85624d063a7cb35988b7ee9856f738 wp-block-gt-gt-fse-maillage-titre has-text-color has-base-color has-large-font-size has-sogo-font-family\">\n    A family day out in Villefranche-de-Conflent<\/p>\n\n<\/div><\/div>\n<\/div>\n\t\t\t\t\t\t\t<\/div>\n\t\t\t\t\t\t\t\t\t\t\t<div \n\t\t\t\tclass=\"gt-fse-maillage-link gt-fse-maillage-image-zoom gt-fse-maillage-hover-background-color gt-fse-maillage-hover-text-color\"\n\t\t\t\tstyle=\"border-radius: 0rem\"\n\t\t\t\tdata-wp-on-async--mouseover=\"actions.mouseover\"\n\t\t\t>\n\t\t\t\t\t\t\t\t\t\t\t\n<div class=\"wp-block-group is-layout-flow wp-block-group-is-layout-flow\">\n<div style=\"aspect-ratio:16\/9;min-height:unset;\" class=\"wp-block-cover is-light has-custom-content-position is-position-bottom-right has-aspect-ratio\"><span aria-hidden=\"true\" class=\"wp-block-cover__background has-black-background-color has-background-dim\"><\/span><img decoding=\"async\" width=\"1920\" height=\"434\" src=\"https:\/\/camping-del-mar.com\/wp-content\/uploads\/sites\/2\/2024\/10\/tourisme-perpignan-pyrenees-orientales.webp\" class=\"wp-block-cover__image-background wp-post-image\" alt=\"tourism perpignan pyrenees orientales\" data-object-fit=\"cover\" srcset=\"https:\/\/camping-del-mar.com\/wp-content\/uploads\/sites\/2\/2024\/10\/tourisme-perpignan-pyrenees-orientales.webp 1920w, https:\/\/camping-del-mar.com\/wp-content\/uploads\/sites\/2\/2024\/10\/tourisme-perpignan-pyrenees-orientales-300x68.webp 300w, https:\/\/camping-del-mar.com\/wp-content\/uploads\/sites\/2\/2024\/10\/tourisme-perpignan-pyrenees-orientales-1024x231.webp 1024w, https:\/\/camping-del-mar.com\/wp-content\/uploads\/sites\/2\/2024\/10\/tourisme-perpignan-pyrenees-orientales-768x174.webp 768w, https:\/\/camping-del-mar.com\/wp-content\/uploads\/sites\/2\/2024\/10\/tourisme-perpignan-pyrenees-orientales-1536x347.webp 1536w\" sizes=\"(max-width: 1920px) 100vw, 1920px\" \/><div class=\"wp-block-cover__inner-container has-global-padding is-layout-constrained wp-block-cover-is-layout-constrained\">\n\n\n\n<p style=\"font-weight:700;text-transform:uppercase;\" class=\"wp-elements-1d85624d063a7cb35988b7ee9856f738 wp-block-gt-gt-fse-maillage-titre has-text-color has-base-color has-large-font-size has-sogo-font-family\">\n    Discover radiant Perpignan, a stone&#8217;s throw from the campsite<\/p>\n\n<\/div><\/div>\n<\/div>\n\t\t\t\t\t\t\t<\/div>\n\t\t\t\t\t\t\t\t\t\t\t<div \n\t\t\t\tclass=\"gt-fse-maillage-link gt-fse-maillage-image-zoom gt-fse-maillage-hover-background-color gt-fse-maillage-hover-text-color\"\n\t\t\t\tstyle=\"border-radius: 0rem\"\n\t\t\t\tdata-wp-on-async--mouseover=\"actions.mouseover\"\n\t\t\t>\n\t\t\t\t\t\t\t\t\t\t\t\n<div class=\"wp-block-group is-layout-flow wp-block-group-is-layout-flow\">\n<div style=\"aspect-ratio:16\/9;min-height:unset;\" class=\"wp-block-cover is-light has-custom-content-position is-position-bottom-right has-aspect-ratio\"><span aria-hidden=\"true\" class=\"wp-block-cover__background has-black-background-color has-background-dim\"><\/span><img decoding=\"async\" width=\"1920\" height=\"434\" src=\"https:\/\/camping-del-mar.com\/wp-content\/uploads\/sites\/2\/2024\/10\/tourisme-collioure-pyrenees-orientales.webp\" class=\"wp-block-cover__image-background wp-post-image\" alt=\"tourism collioure pyrenees orientale\" data-object-fit=\"cover\" srcset=\"https:\/\/camping-del-mar.com\/wp-content\/uploads\/sites\/2\/2024\/10\/tourisme-collioure-pyrenees-orientales.webp 1920w, https:\/\/camping-del-mar.com\/wp-content\/uploads\/sites\/2\/2024\/10\/tourisme-collioure-pyrenees-orientales-300x68.webp 300w, https:\/\/camping-del-mar.com\/wp-content\/uploads\/sites\/2\/2024\/10\/tourisme-collioure-pyrenees-orientales-1024x231.webp 1024w, https:\/\/camping-del-mar.com\/wp-content\/uploads\/sites\/2\/2024\/10\/tourisme-collioure-pyrenees-orientales-768x174.webp 768w, https:\/\/camping-del-mar.com\/wp-content\/uploads\/sites\/2\/2024\/10\/tourisme-collioure-pyrenees-orientales-1536x347.webp 1536w\" sizes=\"(max-width: 1920px) 100vw, 1920px\" \/><div class=\"wp-block-cover__inner-container has-global-padding is-layout-constrained wp-block-cover-is-layout-constrained\">\n\n\n\n<p style=\"font-weight:700;text-transform:uppercase;\" class=\"wp-elements-1d85624d063a7cb35988b7ee9856f738 wp-block-gt-gt-fse-maillage-titre has-text-color has-base-color has-large-font-size has-sogo-font-family\">\n    A beautiful visit to Collioure on the C\u00f4te Vermeille<\/p>\n\n<\/div><\/div>\n<\/div>\n\t\t\t\t\t\t\t<\/div>\n\t\t\t\t\t\t\t\t<\/div><\/div>\n\n\n\n<div style=\"height:6rem\" aria-hidden=\"true\" class=\"wp-block-spacer\"><\/div>\n<\/div>\n","protected":false},"excerpt":{"rendered":"<p>Discovering Argel\u00e8s-sur-Mer and Le Racou Argel\u00e8s-sur-Mer, the Mediterranean caressed by a sun-kissed sky, an immense sandy beach stretching all the way to our beautiful C\u00f4te Rocheuse. The Blue Flag for clean beaches, harbors, handiplage and kids&#8217; resorts are just some of the European labels that Argel\u00e8s-sur-Mer has held since its creation&#8230; The coastal pathway showcases [&hellip;]<\/p>\n","protected":false},"author":1,"featured_media":3730,"parent":0,"menu_order":0,"comment_status":"closed","ping_status":"closed","template":"","meta":{"_acf_changed":false,"_seopress_robots_primary_cat":"","_seopress_titles_title":"Discover the Pyr\u00e9n\u00e9es-Orientales: from Argel\u00e8s to Catalonia","_seopress_titles_desc":"Explore the Pyr\u00e9n\u00e9es-Orientales during your camping holiday in Argel\u00e8s-sur-mer: a selection of exceptional sites in Catalan country, from Racou to Barcelona","_seopress_robots_index":"","_gt_ctv_global_id":"","_gt_ctv_id_group":false,"inline_featured_image":false,"gt_fse_maillage_image":"https:\/\/camping-del-mar.com\/wp-content\/uploads\/sites\/2\/2024\/10\/tourisme-pyrenees-orientales-argeles-sur-mer.webp","gt_fse_maillage_titre":"Your holiday in the Pyr\u00e9n\u00e9es-Orientales","gt_fse_maillage_resume":"","_gt_maillage_image":0,"_gt_maillage_video":0,"_gt_maillage_title":"","footnotes":""},"categories":[],"tags":[],"class_list":["post-6658","page","type-page","status-publish","has-post-thumbnail","hentry"],"acf":[],"_links":{"self":[{"href":"https:\/\/camping-del-mar.com\/en\/wp-json\/wp\/v2\/pages\/6658","targetHints":{"allow":["GET"]}}],"collection":[{"href":"https:\/\/camping-del-mar.com\/en\/wp-json\/wp\/v2\/pages"}],"about":[{"href":"https:\/\/camping-del-mar.com\/en\/wp-json\/wp\/v2\/types\/page"}],"author":[{"embeddable":true,"href":"https:\/\/camping-del-mar.com\/en\/wp-json\/wp\/v2\/users\/1"}],"replies":[{"embeddable":true,"href":"https:\/\/camping-del-mar.com\/en\/wp-json\/wp\/v2\/comments?post=6658"}],"version-history":[{"count":7,"href":"https:\/\/camping-del-mar.com\/en\/wp-json\/wp\/v2\/pages\/6658\/revisions"}],"predecessor-version":[{"id":7370,"href":"https:\/\/camping-del-mar.com\/en\/wp-json\/wp\/v2\/pages\/6658\/revisions\/7370"}],"wp:featuredmedia":[{"embeddable":true,"href":"https:\/\/camping-del-mar.com\/en\/wp-json\/wp\/v2\/media\/3730"}],"wp:attachment":[{"href":"https:\/\/camping-del-mar.com\/en\/wp-json\/wp\/v2\/media?parent=6658"}],"wp:term":[{"taxonomy":"category","embeddable":true,"href":"https:\/\/camping-del-mar.com\/en\/wp-json\/wp\/v2\/categories?post=6658"},{"taxonomy":"post_tag","embeddable":true,"href":"https:\/\/camping-del-mar.com\/en\/wp-json\/wp\/v2\/tags?post=6658"}],"curies":[{"name":"wp","href":"https:\/\/api.w.org\/{rel}","templated":true}]}}